{"id":3907,"date":"2025-11-11T21:10:58","date_gmt":"2025-11-11T21:10:58","guid":{"rendered":"https:\/\/www.ahmadiyya-islam.org\/se\/?page_id=3907"},"modified":"2025-11-11T21:41:20","modified_gmt":"2025-11-11T21:41:20","slug":"vad-ar-jihad","status":"publish","type":"page","link":"https:\/\/www.ahmadiyya-islam.org\/se\/medlem\/vanliga-fragor\/vad-ar-jihad\/","title":{"rendered":"Vad \u00e4r Jihad?"},"content":{"rendered":"<p>I islamiska l\u00e4ror syftar termen <em>jihad<\/em> fr\u00e4mst p\u00e5 kampen individen f\u00f6r inom sig sj\u00e4lv f\u00f6r att f\u00f6rb\u00e4ttra sig och f\u00f6r att hj\u00e4lpa andra och att bygga ett r\u00e4ttvist och medk\u00e4nnande samh\u00e4lle.<\/p>\n<p>Termen <em>jihad<\/em> f\u00f6rknippas ofta med v\u00e4pnad konflikt eller v\u00e5ld. Detta \u00e4r inte den prim\u00e4ra inneb\u00f6rden av termen i islamisk l\u00e4ra. Snarare betonar Koranen vikten av fredligt motst\u00e5nd och anv\u00e4ndningen av dialog och argumentation f\u00f6r att fr\u00e4mja islams principer.<\/p>\n<p><em>\u201dOch kalla med vishet och goda f\u00f6rmaningsord till din Herres v\u00e4g och resonera med dem p\u00e5 det s\u00e4tt som \u00e4r b\u00e4st.\u201d (<\/em>16:126)<\/p>\n<p>Samtidigt erk\u00e4nner islam r\u00e4tten till sj\u00e4lvf\u00f6rsvar och behovet av att skydda sig sj\u00e4lv och sin gemenskap fr\u00e5n aggression och f\u00f6rtryck. I fall d\u00e4r fredliga medel har utt\u00f6mts och det inte finns n\u00e5got annat alternativ, kan v\u00e4pnad konflikt till\u00e5tas som ett medel f\u00f6r sj\u00e4lvf\u00f6rsvar.<\/p>\n<p><em>&#8221;Och strid p\u00e5 Allahs v\u00e4g mot dem som strider emot er, men \u00f6vertr\u00e4d icke. Allah \u00e4lskar sannerligen icke \u00f6vertr\u00e4darna.&#8221; (2:191) <\/em><\/p>\n<p>Men \u00e4ven i s\u00e5dana fall tillhandah\u00e5lls strikta riktlinjer f\u00f6r att s\u00e4kerst\u00e4lla att krigsf\u00f6ringen \u00e4r etisk och r\u00e4ttvis.<\/p>\n","protected":false},"excerpt":{"rendered":"<p>I islamiska l\u00e4ror syftar termen jihad fr\u00e4mst p\u00e5 kampen individen f\u00f6r inom sig sj\u00e4lv f\u00f6r att f\u00f6rb\u00e4ttra sig och f\u00f6r att hj\u00e4lpa andra och att bygga ett r\u00e4ttvist och medk\u00e4nnande samh\u00e4lle. Termen jihad f\u00f6rknippas ofta med v\u00e4pnad konflikt eller v\u00e5ld. Detta \u00e4r inte den prim\u00e4ra inneb\u00f6rden av termen i islamisk l\u00e4ra. Snarare betonar Koranen vikten<\/p>\n","protected":false},"author":13,"featured_media":0,"parent":3863,"menu_order":19,"comment_status":"closed","ping_status":"closed","template":"","meta":{"_acf_changed":false,"footnotes":""},"class_list":["post-3907","page","type-page","status-publish","hentry"],"acf":[],"yoast_head":"<!-- This site is optimized with the Yoast SEO Premium plugin v21.1 (Yoast SEO v27.4) - https:\/\/yoast.com\/product\/yoast-seo-premium-wordpress\/ -->\n<title>Vad \u00e4r Jihad? - Islams Ahmadiyya F\u00f6rsamling<\/title>\n<meta name=\"robots\" content=\"index, follow, max-snippet:-1, max-image-preview:large, max-video-preview:-1\" \/>\n<link rel=\"canonical\" href=\"https:\/\/www.ahmadiyya-islam.org\/se\/medlem\/vanliga-fragor\/vad-ar-jihad\/\" \/>\n<meta property=\"og:locale\" content=\"sv_SE\" \/>\n<meta property=\"og:type\" content=\"article\" \/>\n<meta property=\"og:title\" content=\"Vad \u00e4r Jihad?\" \/>\n<meta property=\"og:description\" content=\"I islamiska l\u00e4ror syftar termen jihad fr\u00e4mst p\u00e5 kampen individen f\u00f6r inom sig sj\u00e4lv f\u00f6r att f\u00f6rb\u00e4ttra sig och f\u00f6r att hj\u00e4lpa andra och att bygga ett r\u00e4ttvist och medk\u00e4nnande samh\u00e4lle. Termen jihad f\u00f6rknippas ofta med v\u00e4pnad konflikt eller v\u00e5ld. Detta \u00e4r inte den prim\u00e4ra inneb\u00f6rden av termen i islamisk l\u00e4ra. Snarare betonar Koranen vikten\" \/>\n<meta property=\"og:url\" content=\"https:\/\/www.ahmadiyya-islam.org\/se\/medlem\/vanliga-fragor\/vad-ar-jihad\/\" \/>\n<meta property=\"og:site_name\" content=\"Islams Ahmadiyya F\u00f6rsamling\" \/>\n<meta property=\"article:modified_time\" content=\"2025-11-11T21:41:20+00:00\" \/>\n<meta name=\"twitter:card\" content=\"summary_large_image\" \/>\n<meta name=\"twitter:label1\" content=\"Ber\u00e4knad l\u00e4stid\" \/>\n\t<meta name=\"twitter:data1\" content=\"1 minut\" \/>\n<script type=\"application\/ld+json\" class=\"yoast-schema-graph\">{\"@context\":\"https:\\\/\\\/schema.org\",\"@graph\":[{\"@type\":\"WebPage\",\"@id\":\"https:\\\/\\\/www.ahmadiyya-islam.org\\\/se\\\/medlem\\\/vanliga-fragor\\\/vad-ar-jihad\\\/\",\"url\":\"https:\\\/\\\/www.ahmadiyya-islam.org\\\/se\\\/medlem\\\/vanliga-fragor\\\/vad-ar-jihad\\\/\",\"name\":\"Vad \u00e4r Jihad? - Islams Ahmadiyya F\u00f6rsamling\",\"isPartOf\":{\"@id\":\"https:\\\/\\\/www.ahmadiyya-islam.org\\\/se\\\/#website\"},\"datePublished\":\"2025-11-11T21:10:58+00:00\",\"dateModified\":\"2025-11-11T21:41:20+00:00\",\"breadcrumb\":{\"@id\":\"https:\\\/\\\/www.ahmadiyya-islam.org\\\/se\\\/medlem\\\/vanliga-fragor\\\/vad-ar-jihad\\\/#breadcrumb\"},\"inLanguage\":\"sv-SE\",\"potentialAction\":[{\"@type\":\"ReadAction\",\"target\":[\"https:\\\/\\\/www.ahmadiyya-islam.org\\\/se\\\/medlem\\\/vanliga-fragor\\\/vad-ar-jihad\\\/\"]}]},{\"@type\":\"BreadcrumbList\",\"@id\":\"https:\\\/\\\/www.ahmadiyya-islam.org\\\/se\\\/medlem\\\/vanliga-fragor\\\/vad-ar-jihad\\\/#breadcrumb\",\"itemListElement\":[{\"@type\":\"ListItem\",\"position\":1,\"name\":\"Home\",\"item\":\"https:\\\/\\\/www.ahmadiyya-islam.org\\\/se\\\/\"},{\"@type\":\"ListItem\",\"position\":2,\"name\":\"Medlem\",\"item\":\"https:\\\/\\\/www.ahmadiyya-islam.org\\\/se\\\/medlem\\\/\"},{\"@type\":\"ListItem\",\"position\":3,\"name\":\"Vanliga fr\u00e5gor\",\"item\":\"https:\\\/\\\/www.ahmadiyya-islam.org\\\/se\\\/medlem\\\/vanliga-fragor\\\/\"},{\"@type\":\"ListItem\",\"position\":4,\"name\":\"Vad \u00e4r Jihad?\"}]},{\"@type\":\"WebSite\",\"@id\":\"https:\\\/\\\/www.ahmadiyya-islam.org\\\/se\\\/#website\",\"url\":\"https:\\\/\\\/www.ahmadiyya-islam.org\\\/se\\\/\",\"name\":\"Islams Ahmadiyya F\u00f6rsamling\",\"description\":\"Sverige\",\"potentialAction\":[{\"@type\":\"SearchAction\",\"target\":{\"@type\":\"EntryPoint\",\"urlTemplate\":\"https:\\\/\\\/www.ahmadiyya-islam.org\\\/se\\\/?s={search_term_string}\"},\"query-input\":{\"@type\":\"PropertyValueSpecification\",\"valueRequired\":true,\"valueName\":\"search_term_string\"}}],\"inLanguage\":\"sv-SE\"}]}<\/script>\n<!-- \/ Yoast SEO Premium plugin. -->","yoast_head_json":{"title":"Vad \u00e4r Jihad? - Islams Ahmadiyya F\u00f6rsamling","robots":{"index":"index","follow":"follow","max-snippet":"max-snippet:-1","max-image-preview":"max-image-preview:large","max-video-preview":"max-video-preview:-1"},"canonical":"https:\/\/www.ahmadiyya-islam.org\/se\/medlem\/vanliga-fragor\/vad-ar-jihad\/","og_locale":"sv_SE","og_type":"article","og_title":"Vad \u00e4r Jihad?","og_description":"I islamiska l\u00e4ror syftar termen jihad fr\u00e4mst p\u00e5 kampen individen f\u00f6r inom sig sj\u00e4lv f\u00f6r att f\u00f6rb\u00e4ttra sig och f\u00f6r att hj\u00e4lpa andra och att bygga ett r\u00e4ttvist och medk\u00e4nnande samh\u00e4lle. Termen jihad f\u00f6rknippas ofta med v\u00e4pnad konflikt eller v\u00e5ld. Detta \u00e4r inte den prim\u00e4ra inneb\u00f6rden av termen i islamisk l\u00e4ra. Snarare betonar Koranen vikten","og_url":"https:\/\/www.ahmadiyya-islam.org\/se\/medlem\/vanliga-fragor\/vad-ar-jihad\/","og_site_name":"Islams Ahmadiyya F\u00f6rsamling","article_modified_time":"2025-11-11T21:41:20+00:00","twitter_card":"summary_large_image","twitter_misc":{"Ber\u00e4knad l\u00e4stid":"1 minut"},"schema":{"@context":"https:\/\/schema.org","@graph":[{"@type":"WebPage","@id":"https:\/\/www.ahmadiyya-islam.org\/se\/medlem\/vanliga-fragor\/vad-ar-jihad\/","url":"https:\/\/www.ahmadiyya-islam.org\/se\/medlem\/vanliga-fragor\/vad-ar-jihad\/","name":"Vad \u00e4r Jihad? - Islams Ahmadiyya F\u00f6rsamling","isPartOf":{"@id":"https:\/\/www.ahmadiyya-islam.org\/se\/#website"},"datePublished":"2025-11-11T21:10:58+00:00","dateModified":"2025-11-11T21:41:20+00:00","breadcrumb":{"@id":"https:\/\/www.ahmadiyya-islam.org\/se\/medlem\/vanliga-fragor\/vad-ar-jihad\/#breadcrumb"},"inLanguage":"sv-SE","potentialAction":[{"@type":"ReadAction","target":["https:\/\/www.ahmadiyya-islam.org\/se\/medlem\/vanliga-fragor\/vad-ar-jihad\/"]}]},{"@type":"BreadcrumbList","@id":"https:\/\/www.ahmadiyya-islam.org\/se\/medlem\/vanliga-fragor\/vad-ar-jihad\/#breadcrumb","itemListElement":[{"@type":"ListItem","position":1,"name":"Home","item":"https:\/\/www.ahmadiyya-islam.org\/se\/"},{"@type":"ListItem","position":2,"name":"Medlem","item":"https:\/\/www.ahmadiyya-islam.org\/se\/medlem\/"},{"@type":"ListItem","position":3,"name":"Vanliga fr\u00e5gor","item":"https:\/\/www.ahmadiyya-islam.org\/se\/medlem\/vanliga-fragor\/"},{"@type":"ListItem","position":4,"name":"Vad \u00e4r Jihad?"}]},{"@type":"WebSite","@id":"https:\/\/www.ahmadiyya-islam.org\/se\/#website","url":"https:\/\/www.ahmadiyya-islam.org\/se\/","name":"Islams Ahmadiyya F\u00f6rsamling","description":"Sverige","potentialAction":[{"@type":"SearchAction","target":{"@type":"EntryPoint","urlTemplate":"https:\/\/www.ahmadiyya-islam.org\/se\/?s={search_term_string}"},"query-input":{"@type":"PropertyValueSpecification","valueRequired":true,"valueName":"search_term_string"}}],"inLanguage":"sv-SE"}]}},"_links":{"self":[{"href":"https:\/\/www.ahmadiyya-islam.org\/se\/wp-json\/wp\/v2\/pages\/3907","targetHints":{"allow":["GET"]}}],"collection":[{"href":"https:\/\/www.ahmadiyya-islam.org\/se\/wp-json\/wp\/v2\/pages"}],"about":[{"href":"https:\/\/www.ahmadiyya-islam.org\/se\/wp-json\/wp\/v2\/types\/page"}],"author":[{"embeddable":true,"href":"https:\/\/www.ahmadiyya-islam.org\/se\/wp-json\/wp\/v2\/users\/13"}],"replies":[{"embeddable":true,"href":"https:\/\/www.ahmadiyya-islam.org\/se\/wp-json\/wp\/v2\/comments?post=3907"}],"version-history":[{"count":1,"href":"https:\/\/www.ahmadiyya-islam.org\/se\/wp-json\/wp\/v2\/pages\/3907\/revisions"}],"predecessor-version":[{"id":3908,"href":"https:\/\/www.ahmadiyya-islam.org\/se\/wp-json\/wp\/v2\/pages\/3907\/revisions\/3908"}],"up":[{"embeddable":true,"href":"https:\/\/www.ahmadiyya-islam.org\/se\/wp-json\/wp\/v2\/pages\/3863"}],"wp:attachment":[{"href":"https:\/\/www.ahmadiyya-islam.org\/se\/wp-json\/wp\/v2\/media?parent=3907"}],"curies":[{"name":"wp","href":"https:\/\/api.w.org\/{rel}","templated":true}]}}