{"id":401,"date":"2021-03-11T14:44:22","date_gmt":"2021-03-11T13:44:22","guid":{"rendered":"https:\/\/www.ahmadiyya-islam.org\/pl\/?post_type=books&#038;p=401"},"modified":"2021-04-15T12:19:08","modified_gmt":"2021-04-15T10:19:08","slug":"czy-islam-stanowi-zagrozenie-dla-polski","status":"publish","type":"books","link":"https:\/\/www.ahmadiyya-islam.org\/pl\/ksiazki\/czy-islam-stanowi-zagrozenie-dla-polski\/","title":{"rendered":"Czy Islam stanowi zagro\u017cenie dla Polski?"},"content":{"rendered":"<p>Czy <a href=\"https:\/\/www.ahmadiyya-islam.org\/pl\/artykul\/dlaczego-wierze-w-islam\/\">Islam<\/a> stanowi zagro\u017cenie dla Polski?<\/p>\n<p>Autor: Ataul Mujeeb Rashed<\/p>\n<p>Liczba stron: 15,<\/p>\n<p>Format: A5<\/p>\n<p>Data i\u00a0miejsce wydania: 2010 Warszawa<\/p>\n<p>Wyk\u0142ad wyg\u0142oszony w\u00a0roku 2010 na Wydziale Orientalistyki Uniwersytetu Warszawskiego oraz\u00a0Europejskiego Uniwersytetu Tischnera w\u00a0Krakowie.<\/p>\n<p>ISBN: 978-83-931648-3-7<\/p>\n<p><em>W imi\u0119 Boga Mi\u0142osiernego, Lito\u015bciwego <\/em><\/p>\n<p>Szanowni Pa\u0144stwo! Przy tej okazji chcia\u0142bym wyrazi\u0107 szczer\u0105 wdzi\u0119czno\u015b\u0107\u00a0 Bogu Wszechmog\u0105cego, za umo\u017cliwienie mi bycia tutaj w Polsce odbywaj\u0105c moj\u0105 pierwsz\u0105 wizyt\u0119 w tym wielkim kraju. Dzi\u0119kuj\u0119 r\u00f3wnie\u017c wam wszystkim, za po\u015bwi\u0119cenie czasu i udzia\u0142 w tym seminarium zorganizowanym przez spo\u0142eczno\u015b\u0107 muzu\u0142ma\u0144sk\u0105 Ahmadiyya w Polsce. Szanowna publiczno\u015bci! Zosta\u0142 mi przedstawiony ciekawy temat do wyg\u0142oszenia:<\/p>\n<p><strong>\u00a0\u00a0\u00a0\u00a0\u00a0\u00a0\u00a0\u00a0\u00a0\u00a0\u00a0 &#8222;Czy islam stanowi zagro\u017cenie dla Polski?&#8221;<\/strong><\/p>\n<p>Ten temat wydaje si\u0119 zawiera\u0107 dwa r\u00f3\u017cne uczucia. Jednym z nich jest uczucie mi\u0142o\u015bci i przywi\u0105zania Polak\u00f3w do ich ukochanego kraju. Oczywi\u015bcie \u017caden obywatel Polski nie chcia\u0142by by jego kraj napotka\u0142 jakiekolwiek zagro\u017cenia dla jego pokoju i stabilno\u015bci. Po drugie, zawiera element strachu w tym, \u017ce islam oraz wzrost jego wp\u0142ywu \u00a0na \u015bwiecie mo\u017ce stwarza\u0107 zagro\u017cenie dla ich cenionego kraju. Podczas gdy w pe\u0142ni doceniam ich poczucie patriotyzmu, chcia\u0142bym kr\u00f3tko wypowiedzie\u0107 si\u0119 r\u00f3wnie\u017c na temat ich obaw wobec islamu.<\/p>\n<p>Zanim przejdziemy do dok\u0142adnej odpowiedzi na to pytanie. Chcia\u0142bym powiedzie\u0107, \u017ce istniej\u0105 dwa r\u00f3\u017cne pogl\u0105dy na temat islamu. Jeden z nich jest prawdziwy, przedstawiaj\u0105cy realne oblicze Islamu. O tym b\u0119dzie mowa nieco p\u00f3\u017aniej. Inny obraz jest ten, kt\u00f3ry jest obecnie przekazywany przez media. Najprawdopodobniej omawiany temat jest zwi\u0105zany z tym w\u0142a\u015bnie postrzeganiem islamu. Je\u015bli moje za\u0142o\u017cenie jest s\u0142uszne, to chcia\u0142bym powiedzie\u0107, \u017ce:<\/p>\n<ul>\n<li>Je\u015bli si\u0119 boisz islamu, kt\u00f3ry jest odpowiedzialny za terroryzm i rozlew krwi niewinnych ludzi spowodowan\u0105 eksplozjami i samob\u00f3jczych zamach\u00f3w bombowych<\/li>\n<li>Je\u015bli obawiasz si\u0119 islamu, kt\u00f3ry promuje nienawi\u015b\u0107 i wrogo\u015b\u0107 mi\u0119dzy wyznawcami r\u00f3\u017cnych religii i chce szerzy\u0107 przes\u0142anie poprzez przemoc.<\/li>\n<li>Je\u015bli jeste\u015b przera\u017cony z powodu fanatycznych pogl\u0105d\u00f3w i dzia\u0142a\u0144 ekstremistycznych niekt\u00f3rych element\u00f3w, kt\u00f3rzy pope\u0142niaj\u0105 zbrodnie w imi\u0119 islamu.<\/li>\n<li>Je\u015bli si\u0119 boisz islamu, kt\u00f3ry wierzy w egzekwowaniu prawa Szar\u0142atu (Prawa Islamskiego) na nie-muzu\u0142manach \u017cyj\u0105cych w krajach muzu\u0142ma\u0144skich.<\/li>\n<li>Je\u015bli jeste\u015b przera\u017cony\/a islamem, kt\u00f3ry odrzuca podstawowe prawa cz\u0142owieka i traktuje panie oraz nie-muzu\u0142man\u00f3w poddaj\u0105c ich ha\u0144bie i torturom.<\/li>\n<\/ul>\n","protected":false},"excerpt":{"rendered":"<p>Czy Islam stanowi zagro\u017cenie dla Polski? Wyk\u0142ad na Wydziale Orient. Uniwersytetu Warszawskiego oraz\u00a0Europejskiego Uniwersytetu Tischnera<\/p>\n","protected":false},"featured_media":402,"parent":0,"template":"","tags":[89],"book-types":[20],"topics":[3],"authors":[88],"content_source":[],"class_list":["post-401","books","type-books","status-publish","has-post-thumbnail","hentry","tag-polska","book-types-zeszyty-i-broszury","topics-islam","authors-ataul-mujeeb-rashed"],"acf":[],"yoast_head":"<!-- This site is optimized with the Yoast SEO Premium plugin v21.1 (Yoast SEO v27.4) - https:\/\/yoast.com\/product\/yoast-seo-premium-wordpress\/ -->\n<title>Czy Islam stanowi zagro\u017cenie dla Polski? - Wyk\u0142ad na Wydziale Orient<\/title>\n<meta name=\"description\" content=\"Czy Islam stanowi zagro\u017cenie dla Polski? Wyk\u0142ad na Wydziale Orient. Uniwersytetu Warszawskiego oraz\u00a0Europejskiego Uniwersytetu Tischnera\" \/>\n<meta name=\"robots\" content=\"index, follow, max-snippet:-1, max-image-preview:large, max-video-preview:-1\" \/>\n<link rel=\"canonical\" href=\"https:\/\/www.ahmadiyya-islam.org\/pl\/ksiazki\/czy-islam-stanowi-zagrozenie-dla-polski\/\" \/>\n<meta property=\"og:locale\" content=\"pl_PL\" \/>\n<meta property=\"og:type\" content=\"article\" \/>\n<meta property=\"og:title\" content=\"Czy Islam stanowi zagro\u017cenie dla Polski?\" \/>\n<meta property=\"og:description\" content=\"Czy Islam stanowi zagro\u017cenie dla Polski? Wyk\u0142ad na Wydziale Orient. Uniwersytetu Warszawskiego oraz\u00a0Europejskiego Uniwersytetu Tischnera\" \/>\n<meta property=\"og:url\" content=\"https:\/\/www.ahmadiyya-islam.org\/pl\/ksiazki\/czy-islam-stanowi-zagrozenie-dla-polski\/\" \/>\n<meta property=\"og:site_name\" content=\"Stowarzyszenie Muzu\u0142ma\u0144skie Ahmadiyya\" \/>\n<meta property=\"article:modified_time\" content=\"2021-04-15T10:19:08+00:00\" \/>\n<meta property=\"og:image\" content=\"https:\/\/www.ahmadiyya-islam.org\/pl\/wp-content\/uploads\/sites\/25\/2021\/03\/islam-zagrozenie.jpg\" \/>\n\t<meta property=\"og:image:width\" content=\"567\" \/>\n\t<meta property=\"og:image:height\" content=\"800\" \/>\n\t<meta property=\"og:image:type\" content=\"image\/jpeg\" \/>\n<meta name=\"twitter:card\" content=\"summary_large_image\" \/>\n<meta name=\"twitter:label1\" content=\"Szacowany czas czytania\" \/>\n\t<meta name=\"twitter:data1\" content=\"2 minuty\" \/>\n<script type=\"application\/ld+json\" class=\"yoast-schema-graph\">{\"@context\":\"https:\\\/\\\/schema.org\",\"@graph\":[{\"@type\":\"WebPage\",\"@id\":\"https:\\\/\\\/www.ahmadiyya-islam.org\\\/pl\\\/ksiazki\\\/czy-islam-stanowi-zagrozenie-dla-polski\\\/\",\"url\":\"https:\\\/\\\/www.ahmadiyya-islam.org\\\/pl\\\/ksiazki\\\/czy-islam-stanowi-zagrozenie-dla-polski\\\/\",\"name\":\"Czy Islam stanowi zagro\u017cenie dla Polski? - Wyk\u0142ad na Wydziale Orient\",\"isPartOf\":{\"@id\":\"https:\\\/\\\/www.ahmadiyya-islam.org\\\/pl\\\/#website\"},\"primaryImageOfPage\":{\"@id\":\"https:\\\/\\\/www.ahmadiyya-islam.org\\\/pl\\\/ksiazki\\\/czy-islam-stanowi-zagrozenie-dla-polski\\\/#primaryimage\"},\"image\":{\"@id\":\"https:\\\/\\\/www.ahmadiyya-islam.org\\\/pl\\\/ksiazki\\\/czy-islam-stanowi-zagrozenie-dla-polski\\\/#primaryimage\"},\"thumbnailUrl\":\"https:\\\/\\\/www.ahmadiyya-islam.org\\\/pl\\\/wp-content\\\/uploads\\\/sites\\\/25\\\/2021\\\/03\\\/islam-zagrozenie.jpg\",\"datePublished\":\"2021-03-11T13:44:22+00:00\",\"dateModified\":\"2021-04-15T10:19:08+00:00\",\"description\":\"Czy Islam stanowi zagro\u017cenie dla Polski? Wyk\u0142ad na Wydziale Orient. Uniwersytetu Warszawskiego oraz\u00a0Europejskiego Uniwersytetu Tischnera\",\"breadcrumb\":{\"@id\":\"https:\\\/\\\/www.ahmadiyya-islam.org\\\/pl\\\/ksiazki\\\/czy-islam-stanowi-zagrozenie-dla-polski\\\/#breadcrumb\"},\"inLanguage\":\"pl-PL\",\"potentialAction\":[{\"@type\":\"ReadAction\",\"target\":[\"https:\\\/\\\/www.ahmadiyya-islam.org\\\/pl\\\/ksiazki\\\/czy-islam-stanowi-zagrozenie-dla-polski\\\/\"]}]},{\"@type\":\"ImageObject\",\"inLanguage\":\"pl-PL\",\"@id\":\"https:\\\/\\\/www.ahmadiyya-islam.org\\\/pl\\\/ksiazki\\\/czy-islam-stanowi-zagrozenie-dla-polski\\\/#primaryimage\",\"url\":\"https:\\\/\\\/www.ahmadiyya-islam.org\\\/pl\\\/wp-content\\\/uploads\\\/sites\\\/25\\\/2021\\\/03\\\/islam-zagrozenie.jpg\",\"contentUrl\":\"https:\\\/\\\/www.ahmadiyya-islam.org\\\/pl\\\/wp-content\\\/uploads\\\/sites\\\/25\\\/2021\\\/03\\\/islam-zagrozenie.jpg\",\"width\":567,\"height\":800,\"caption\":\"Czy Islam stanowi zagro\u017cenie dla Polski?\"},{\"@type\":\"BreadcrumbList\",\"@id\":\"https:\\\/\\\/www.ahmadiyya-islam.org\\\/pl\\\/ksiazki\\\/czy-islam-stanowi-zagrozenie-dla-polski\\\/#breadcrumb\",\"itemListElement\":[{\"@type\":\"ListItem\",\"position\":1,\"name\":\"Home\",\"item\":\"https:\\\/\\\/www.ahmadiyya-islam.org\\\/pl\\\/\"},{\"@type\":\"ListItem\",\"position\":2,\"name\":\"Ksi\u0105\u017cki\",\"item\":\"https:\\\/\\\/www.ahmadiyya-islam.org\\\/pl\\\/ksiazki\\\/\"},{\"@type\":\"ListItem\",\"position\":3,\"name\":\"Czy Islam stanowi zagro\u017cenie dla Polski?\"}]},{\"@type\":\"WebSite\",\"@id\":\"https:\\\/\\\/www.ahmadiyya-islam.org\\\/pl\\\/#website\",\"url\":\"https:\\\/\\\/www.ahmadiyya-islam.org\\\/pl\\\/\",\"name\":\"Stowarzyszenie Muzu\u0142ma\u0144skie Ahmadiyya\",\"description\":\"Polska\",\"potentialAction\":[{\"@type\":\"SearchAction\",\"target\":{\"@type\":\"EntryPoint\",\"urlTemplate\":\"https:\\\/\\\/www.ahmadiyya-islam.org\\\/pl\\\/?s={search_term_string}\"},\"query-input\":{\"@type\":\"PropertyValueSpecification\",\"valueRequired\":true,\"valueName\":\"search_term_string\"}}],\"inLanguage\":\"pl-PL\"}]}<\/script>\n<!-- \/ Yoast SEO Premium plugin. -->","yoast_head_json":{"title":"Czy Islam stanowi zagro\u017cenie dla Polski? - Wyk\u0142ad na Wydziale Orient","description":"Czy Islam stanowi zagro\u017cenie dla Polski? Wyk\u0142ad na Wydziale Orient. Uniwersytetu Warszawskiego oraz\u00a0Europejskiego Uniwersytetu Tischnera","robots":{"index":"index","follow":"follow","max-snippet":"max-snippet:-1","max-image-preview":"max-image-preview:large","max-video-preview":"max-video-preview:-1"},"canonical":"https:\/\/www.ahmadiyya-islam.org\/pl\/ksiazki\/czy-islam-stanowi-zagrozenie-dla-polski\/","og_locale":"pl_PL","og_type":"article","og_title":"Czy Islam stanowi zagro\u017cenie dla Polski?","og_description":"Czy Islam stanowi zagro\u017cenie dla Polski? Wyk\u0142ad na Wydziale Orient. Uniwersytetu Warszawskiego oraz\u00a0Europejskiego Uniwersytetu Tischnera","og_url":"https:\/\/www.ahmadiyya-islam.org\/pl\/ksiazki\/czy-islam-stanowi-zagrozenie-dla-polski\/","og_site_name":"Stowarzyszenie Muzu\u0142ma\u0144skie Ahmadiyya","article_modified_time":"2021-04-15T10:19:08+00:00","og_image":[{"width":567,"height":800,"url":"https:\/\/www.ahmadiyya-islam.org\/pl\/wp-content\/uploads\/sites\/25\/2021\/03\/islam-zagrozenie.jpg","type":"image\/jpeg"}],"twitter_card":"summary_large_image","twitter_misc":{"Szacowany czas czytania":"2 minuty"},"schema":{"@context":"https:\/\/schema.org","@graph":[{"@type":"WebPage","@id":"https:\/\/www.ahmadiyya-islam.org\/pl\/ksiazki\/czy-islam-stanowi-zagrozenie-dla-polski\/","url":"https:\/\/www.ahmadiyya-islam.org\/pl\/ksiazki\/czy-islam-stanowi-zagrozenie-dla-polski\/","name":"Czy Islam stanowi zagro\u017cenie dla Polski? - Wyk\u0142ad na Wydziale Orient","isPartOf":{"@id":"https:\/\/www.ahmadiyya-islam.org\/pl\/#website"},"primaryImageOfPage":{"@id":"https:\/\/www.ahmadiyya-islam.org\/pl\/ksiazki\/czy-islam-stanowi-zagrozenie-dla-polski\/#primaryimage"},"image":{"@id":"https:\/\/www.ahmadiyya-islam.org\/pl\/ksiazki\/czy-islam-stanowi-zagrozenie-dla-polski\/#primaryimage"},"thumbnailUrl":"https:\/\/www.ahmadiyya-islam.org\/pl\/wp-content\/uploads\/sites\/25\/2021\/03\/islam-zagrozenie.jpg","datePublished":"2021-03-11T13:44:22+00:00","dateModified":"2021-04-15T10:19:08+00:00","description":"Czy Islam stanowi zagro\u017cenie dla Polski? Wyk\u0142ad na Wydziale Orient. Uniwersytetu Warszawskiego oraz\u00a0Europejskiego Uniwersytetu Tischnera","breadcrumb":{"@id":"https:\/\/www.ahmadiyya-islam.org\/pl\/ksiazki\/czy-islam-stanowi-zagrozenie-dla-polski\/#breadcrumb"},"inLanguage":"pl-PL","potentialAction":[{"@type":"ReadAction","target":["https:\/\/www.ahmadiyya-islam.org\/pl\/ksiazki\/czy-islam-stanowi-zagrozenie-dla-polski\/"]}]},{"@type":"ImageObject","inLanguage":"pl-PL","@id":"https:\/\/www.ahmadiyya-islam.org\/pl\/ksiazki\/czy-islam-stanowi-zagrozenie-dla-polski\/#primaryimage","url":"https:\/\/www.ahmadiyya-islam.org\/pl\/wp-content\/uploads\/sites\/25\/2021\/03\/islam-zagrozenie.jpg","contentUrl":"https:\/\/www.ahmadiyya-islam.org\/pl\/wp-content\/uploads\/sites\/25\/2021\/03\/islam-zagrozenie.jpg","width":567,"height":800,"caption":"Czy Islam stanowi zagro\u017cenie dla Polski?"},{"@type":"BreadcrumbList","@id":"https:\/\/www.ahmadiyya-islam.org\/pl\/ksiazki\/czy-islam-stanowi-zagrozenie-dla-polski\/#breadcrumb","itemListElement":[{"@type":"ListItem","position":1,"name":"Home","item":"https:\/\/www.ahmadiyya-islam.org\/pl\/"},{"@type":"ListItem","position":2,"name":"Ksi\u0105\u017cki","item":"https:\/\/www.ahmadiyya-islam.org\/pl\/ksiazki\/"},{"@type":"ListItem","position":3,"name":"Czy Islam stanowi zagro\u017cenie dla Polski?"}]},{"@type":"WebSite","@id":"https:\/\/www.ahmadiyya-islam.org\/pl\/#website","url":"https:\/\/www.ahmadiyya-islam.org\/pl\/","name":"Stowarzyszenie Muzu\u0142ma\u0144skie Ahmadiyya","description":"Polska","potentialAction":[{"@type":"SearchAction","target":{"@type":"EntryPoint","urlTemplate":"https:\/\/www.ahmadiyya-islam.org\/pl\/?s={search_term_string}"},"query-input":{"@type":"PropertyValueSpecification","valueRequired":true,"valueName":"search_term_string"}}],"inLanguage":"pl-PL"}]}},"_links":{"self":[{"href":"https:\/\/www.ahmadiyya-islam.org\/pl\/wp-json\/wp\/v2\/books\/401","targetHints":{"allow":["GET"]}}],"collection":[{"href":"https:\/\/www.ahmadiyya-islam.org\/pl\/wp-json\/wp\/v2\/books"}],"about":[{"href":"https:\/\/www.ahmadiyya-islam.org\/pl\/wp-json\/wp\/v2\/types\/books"}],"version-history":[{"count":0,"href":"https:\/\/www.ahmadiyya-islam.org\/pl\/wp-json\/wp\/v2\/books\/401\/revisions"}],"wp:featuredmedia":[{"embeddable":true,"href":"https:\/\/www.ahmadiyya-islam.org\/pl\/wp-json\/wp\/v2\/media\/402"}],"wp:attachment":[{"href":"https:\/\/www.ahmadiyya-islam.org\/pl\/wp-json\/wp\/v2\/media?parent=401"}],"wp:term":[{"taxonomy":"post_tag","embeddable":true,"href":"https:\/\/www.ahmadiyya-islam.org\/pl\/wp-json\/wp\/v2\/tags?post=401"},{"taxonomy":"book-types","embeddable":true,"href":"https:\/\/www.ahmadiyya-islam.org\/pl\/wp-json\/wp\/v2\/book-types?post=401"},{"taxonomy":"topics","embeddable":true,"href":"https:\/\/www.ahmadiyya-islam.org\/pl\/wp-json\/wp\/v2\/topics?post=401"},{"taxonomy":"authors","embeddable":true,"href":"https:\/\/www.ahmadiyya-islam.org\/pl\/wp-json\/wp\/v2\/authors?post=401"},{"taxonomy":"content_source","embeddable":true,"href":"https:\/\/www.ahmadiyya-islam.org\/pl\/wp-json\/wp\/v2\/content_source?post=401"}],"curies":[{"name":"wp","href":"https:\/\/api.w.org\/{rel}","templated":true}]}}