{"id":1951,"date":"2021-04-27T13:41:11","date_gmt":"2021-04-27T13:41:11","guid":{"rendered":"https:\/\/www.ahmadiyya-islam.org\/hr\/?post_type=prayers&#038;p=1951"},"modified":"2021-04-27T13:41:11","modified_gmt":"2021-04-27T13:41:11","slug":"molitva-za-post-u-ramazanu-dova-sehura-i-iftara","status":"publish","type":"prayers","link":"https:\/\/www.ahmadiyya-islam.org\/hr\/molitve\/molitva-za-post-u-ramazanu-dova-sehura-i-iftara\/","title":{"rendered":"Molitva za post u Ramazanu &#8211; dova sehura i iftara"},"content":{"rendered":"<h2>Dova u vrijeme s<em>ehura <\/em>(tradicionalni islamski obrok koji se uzima prije po\u010detka posta):<\/h2>\n<p><img loading=\"lazy\" decoding=\"async\" class=\"aligncenter size-full wp-image-1952\" src=\"http:\/\/www.ahmadiyya-islam.org\/hr\/wp-content\/uploads\/sites\/22\/2021\/04\/Ramazan-Sehur.jpg\" alt=\"Ramazan Molitva Dova Sehur\" width=\"900\" height=\"306\" srcset=\"https:\/\/www.ahmadiyya-islam.org\/hr\/wp-content\/uploads\/sites\/22\/2021\/04\/Ramazan-Sehur.jpg 900w, https:\/\/www.ahmadiyya-islam.org\/hr\/wp-content\/uploads\/sites\/22\/2021\/04\/Ramazan-Sehur-300x102.jpg 300w, https:\/\/www.ahmadiyya-islam.org\/hr\/wp-content\/uploads\/sites\/22\/2021\/04\/Ramazan-Sehur-768x261.jpg 768w\" sizes=\"auto, (max-width: 900px) 100vw, 900px\" \/><\/p>\n<p style=\"text-align: center\"><em>VA BI SAUMI GADINAVEJTU MIN \u0160AHRI RAMAZANA<\/em><\/p>\n<p style=\"text-align: center\"><strong>Prijevod: <\/strong>&#8220;Ja nijetim da postim naredni dan Ramazana&#8221;<\/p>\n<p><span style=\"color: #ffffff\">&#8211;<\/span><\/p>\n<p><span style=\"color: #ffffff\">&#8211;<\/span><\/p>\n<h2>\u00a0 Dova u vrijeme <em>iftara<\/em> (tradicionalni islamski obrok koji se uzima nakon otvaranja posta):<\/h2>\n<p><img loading=\"lazy\" decoding=\"async\" class=\"aligncenter size-full wp-image-1953\" src=\"http:\/\/www.ahmadiyya-islam.org\/hr\/wp-content\/uploads\/sites\/22\/2021\/04\/Ramazan-Iftar.jpg\" alt=\"Ramazan Dova Molitva Iftar\" width=\"900\" height=\"306\" srcset=\"https:\/\/www.ahmadiyya-islam.org\/hr\/wp-content\/uploads\/sites\/22\/2021\/04\/Ramazan-Iftar.jpg 900w, https:\/\/www.ahmadiyya-islam.org\/hr\/wp-content\/uploads\/sites\/22\/2021\/04\/Ramazan-Iftar-300x102.jpg 300w, https:\/\/www.ahmadiyya-islam.org\/hr\/wp-content\/uploads\/sites\/22\/2021\/04\/Ramazan-Iftar-768x261.jpg 768w\" sizes=\"auto, (max-width: 900px) 100vw, 900px\" \/><\/p>\n<p style=\"text-align: center\"><em>ALLA HUMA INI LAKA SUMTU VA BIKA AMANTU VA ALA RIZKIKA AFTARTU<\/em><\/p>\n<p style=\"text-align: center\"><strong>Prijevod: <\/strong>&#8220;O, moj Gospodaru, ja sam postio za Tebe, ja vjerujem u Tebe i ja se iftarim nafakom od Tebe&#8221;<\/p>\n","protected":false},"excerpt":{"rendered":"<p>Dova u vrijeme sehura (tradicionalni islamski obrok koji se uzima prije po\u010detka posta): VA BI SAUMI GADINAVEJTU MIN \u0160AHRI RAMAZANA Prijevod: &#8220;Ja nijetim da postim naredni dan Ramazana&#8221; &#8211; &#8211; \u00a0 Dova u vrijeme iftara (tradicionalni islamski obrok koji se uzima nakon otvaranja posta): ALLA HUMA INI LAKA SUMTU VA BIKA AMANTU VA ALA RIZKIKA<\/p>\n","protected":false},"featured_media":1954,"parent":0,"menu_order":0,"template":"","meta":{"_acf_changed":false},"tags":[308,66,304,303],"prayer-cat":[],"topics":[302],"authors":[],"content_source":[],"class_list":["post-1951","prayers","type-prayers","status-publish","has-post-thumbnail","hentry","tag-dova","tag-molitva","tag-post","tag-ramazan","topics-ramazan"],"acf":[],"yoast_head":"<!-- This site is optimized with the Yoast SEO Premium plugin v21.1 (Yoast SEO v27.4) - https:\/\/yoast.com\/product\/yoast-seo-premium-wordpress\/ -->\n<title>Molitva za post u Ramazanu - dova sehura i iftara<\/title>\n<meta name=\"description\" content=\"Muslimani svoj post zapo\u010dinju molitvom, a zavr\u0161avaju molitvom. Dova sehura i dova iftara su va\u017ean dio posta.\" \/>\n<meta name=\"robots\" content=\"index, follow, max-snippet:-1, max-image-preview:large, max-video-preview:-1\" \/>\n<link rel=\"canonical\" href=\"https:\/\/www.ahmadiyya-islam.org\/hr\/molitve\/molitva-za-post-u-ramazanu-dova-sehura-i-iftara\/\" \/>\n<meta property=\"og:locale\" content=\"hr_HR\" \/>\n<meta property=\"og:type\" content=\"article\" \/>\n<meta property=\"og:title\" content=\"Molitva za post u Ramazanu - dova sehura i iftara\" \/>\n<meta property=\"og:description\" content=\"Muslimani svoj post zapo\u010dinju molitvom, a zavr\u0161avaju molitvom. Dova sehura i dova iftara su va\u017ean dio posta.\" \/>\n<meta property=\"og:url\" content=\"https:\/\/www.ahmadiyya-islam.org\/hr\/molitve\/molitva-za-post-u-ramazanu-dova-sehura-i-iftara\/\" \/>\n<meta property=\"og:site_name\" content=\"Ahmadija muslimanski d\u017eamat\" \/>\n<meta property=\"og:image\" content=\"https:\/\/www.ahmadiyya-islam.org\/hr\/wp-content\/uploads\/sites\/22\/2021\/04\/Ramazan-Iftar-i-Sehur-.jpg\" \/>\n\t<meta property=\"og:image:width\" content=\"1650\" \/>\n\t<meta property=\"og:image:height\" content=\"750\" \/>\n\t<meta property=\"og:image:type\" content=\"image\/jpeg\" \/>\n<meta name=\"twitter:card\" content=\"summary_large_image\" \/>\n<meta name=\"twitter:label1\" content=\"Procijenjeno vrijeme \u010ditanja\" \/>\n\t<meta name=\"twitter:data1\" content=\"1 minuta\" \/>\n<script type=\"application\/ld+json\" class=\"yoast-schema-graph\">{\"@context\":\"https:\\\/\\\/schema.org\",\"@graph\":[{\"@type\":\"WebPage\",\"@id\":\"https:\\\/\\\/www.ahmadiyya-islam.org\\\/hr\\\/molitve\\\/molitva-za-post-u-ramazanu-dova-sehura-i-iftara\\\/\",\"url\":\"https:\\\/\\\/www.ahmadiyya-islam.org\\\/hr\\\/molitve\\\/molitva-za-post-u-ramazanu-dova-sehura-i-iftara\\\/\",\"name\":\"Molitva za post u Ramazanu - dova sehura i iftara\",\"isPartOf\":{\"@id\":\"https:\\\/\\\/www.ahmadiyya-islam.org\\\/hr\\\/#website\"},\"primaryImageOfPage\":{\"@id\":\"https:\\\/\\\/www.ahmadiyya-islam.org\\\/hr\\\/molitve\\\/molitva-za-post-u-ramazanu-dova-sehura-i-iftara\\\/#primaryimage\"},\"image\":{\"@id\":\"https:\\\/\\\/www.ahmadiyya-islam.org\\\/hr\\\/molitve\\\/molitva-za-post-u-ramazanu-dova-sehura-i-iftara\\\/#primaryimage\"},\"thumbnailUrl\":\"https:\\\/\\\/www.ahmadiyya-islam.org\\\/hr\\\/wp-content\\\/uploads\\\/sites\\\/22\\\/2021\\\/04\\\/Ramazan-Iftar-i-Sehur-.jpg\",\"datePublished\":\"2021-04-27T13:41:11+00:00\",\"description\":\"Muslimani svoj post zapo\u010dinju molitvom, a zavr\u0161avaju molitvom. Dova sehura i dova iftara su va\u017ean dio posta.\",\"breadcrumb\":{\"@id\":\"https:\\\/\\\/www.ahmadiyya-islam.org\\\/hr\\\/molitve\\\/molitva-za-post-u-ramazanu-dova-sehura-i-iftara\\\/#breadcrumb\"},\"inLanguage\":\"hr\",\"potentialAction\":[{\"@type\":\"ReadAction\",\"target\":[\"https:\\\/\\\/www.ahmadiyya-islam.org\\\/hr\\\/molitve\\\/molitva-za-post-u-ramazanu-dova-sehura-i-iftara\\\/\"]}]},{\"@type\":\"ImageObject\",\"inLanguage\":\"hr\",\"@id\":\"https:\\\/\\\/www.ahmadiyya-islam.org\\\/hr\\\/molitve\\\/molitva-za-post-u-ramazanu-dova-sehura-i-iftara\\\/#primaryimage\",\"url\":\"https:\\\/\\\/www.ahmadiyya-islam.org\\\/hr\\\/wp-content\\\/uploads\\\/sites\\\/22\\\/2021\\\/04\\\/Ramazan-Iftar-i-Sehur-.jpg\",\"contentUrl\":\"https:\\\/\\\/www.ahmadiyya-islam.org\\\/hr\\\/wp-content\\\/uploads\\\/sites\\\/22\\\/2021\\\/04\\\/Ramazan-Iftar-i-Sehur-.jpg\",\"width\":1650,\"height\":750,\"caption\":\"https:\\\/\\\/www.freepik.com\\\/photos\\\/background Background photo created by freepik - www.freepik.com\"},{\"@type\":\"BreadcrumbList\",\"@id\":\"https:\\\/\\\/www.ahmadiyya-islam.org\\\/hr\\\/molitve\\\/molitva-za-post-u-ramazanu-dova-sehura-i-iftara\\\/#breadcrumb\",\"itemListElement\":[{\"@type\":\"ListItem\",\"position\":1,\"name\":\"Home\",\"item\":\"https:\\\/\\\/www.ahmadiyya-islam.org\\\/hr\\\/\"},{\"@type\":\"ListItem\",\"position\":2,\"name\":\"Molitve\",\"item\":\"https:\\\/\\\/www.ahmadiyya-islam.org\\\/hr\\\/molitve\\\/\"},{\"@type\":\"ListItem\",\"position\":3,\"name\":\"Molitva za post u Ramazanu &#8211; dova sehura i iftara\"}]},{\"@type\":\"WebSite\",\"@id\":\"https:\\\/\\\/www.ahmadiyya-islam.org\\\/hr\\\/#website\",\"url\":\"https:\\\/\\\/www.ahmadiyya-islam.org\\\/hr\\\/\",\"name\":\"Ahmadija muslimanski d\u017eamat\",\"description\":\"Hrvatska\",\"potentialAction\":[{\"@type\":\"SearchAction\",\"target\":{\"@type\":\"EntryPoint\",\"urlTemplate\":\"https:\\\/\\\/www.ahmadiyya-islam.org\\\/hr\\\/?s={search_term_string}\"},\"query-input\":{\"@type\":\"PropertyValueSpecification\",\"valueRequired\":true,\"valueName\":\"search_term_string\"}}],\"inLanguage\":\"hr\"}]}<\/script>\n<!-- \/ Yoast SEO Premium plugin. -->","yoast_head_json":{"title":"Molitva za post u Ramazanu - dova sehura i iftara","description":"Muslimani svoj post zapo\u010dinju molitvom, a zavr\u0161avaju molitvom. Dova sehura i dova iftara su va\u017ean dio posta.","robots":{"index":"index","follow":"follow","max-snippet":"max-snippet:-1","max-image-preview":"max-image-preview:large","max-video-preview":"max-video-preview:-1"},"canonical":"https:\/\/www.ahmadiyya-islam.org\/hr\/molitve\/molitva-za-post-u-ramazanu-dova-sehura-i-iftara\/","og_locale":"hr_HR","og_type":"article","og_title":"Molitva za post u Ramazanu - dova sehura i iftara","og_description":"Muslimani svoj post zapo\u010dinju molitvom, a zavr\u0161avaju molitvom. Dova sehura i dova iftara su va\u017ean dio posta.","og_url":"https:\/\/www.ahmadiyya-islam.org\/hr\/molitve\/molitva-za-post-u-ramazanu-dova-sehura-i-iftara\/","og_site_name":"Ahmadija muslimanski d\u017eamat","og_image":[{"width":1650,"height":750,"url":"https:\/\/www.ahmadiyya-islam.org\/hr\/wp-content\/uploads\/sites\/22\/2021\/04\/Ramazan-Iftar-i-Sehur-.jpg","type":"image\/jpeg"}],"twitter_card":"summary_large_image","twitter_misc":{"Procijenjeno vrijeme \u010ditanja":"1 minuta"},"schema":{"@context":"https:\/\/schema.org","@graph":[{"@type":"WebPage","@id":"https:\/\/www.ahmadiyya-islam.org\/hr\/molitve\/molitva-za-post-u-ramazanu-dova-sehura-i-iftara\/","url":"https:\/\/www.ahmadiyya-islam.org\/hr\/molitve\/molitva-za-post-u-ramazanu-dova-sehura-i-iftara\/","name":"Molitva za post u Ramazanu - dova sehura i iftara","isPartOf":{"@id":"https:\/\/www.ahmadiyya-islam.org\/hr\/#website"},"primaryImageOfPage":{"@id":"https:\/\/www.ahmadiyya-islam.org\/hr\/molitve\/molitva-za-post-u-ramazanu-dova-sehura-i-iftara\/#primaryimage"},"image":{"@id":"https:\/\/www.ahmadiyya-islam.org\/hr\/molitve\/molitva-za-post-u-ramazanu-dova-sehura-i-iftara\/#primaryimage"},"thumbnailUrl":"https:\/\/www.ahmadiyya-islam.org\/hr\/wp-content\/uploads\/sites\/22\/2021\/04\/Ramazan-Iftar-i-Sehur-.jpg","datePublished":"2021-04-27T13:41:11+00:00","description":"Muslimani svoj post zapo\u010dinju molitvom, a zavr\u0161avaju molitvom. Dova sehura i dova iftara su va\u017ean dio posta.","breadcrumb":{"@id":"https:\/\/www.ahmadiyya-islam.org\/hr\/molitve\/molitva-za-post-u-ramazanu-dova-sehura-i-iftara\/#breadcrumb"},"inLanguage":"hr","potentialAction":[{"@type":"ReadAction","target":["https:\/\/www.ahmadiyya-islam.org\/hr\/molitve\/molitva-za-post-u-ramazanu-dova-sehura-i-iftara\/"]}]},{"@type":"ImageObject","inLanguage":"hr","@id":"https:\/\/www.ahmadiyya-islam.org\/hr\/molitve\/molitva-za-post-u-ramazanu-dova-sehura-i-iftara\/#primaryimage","url":"https:\/\/www.ahmadiyya-islam.org\/hr\/wp-content\/uploads\/sites\/22\/2021\/04\/Ramazan-Iftar-i-Sehur-.jpg","contentUrl":"https:\/\/www.ahmadiyya-islam.org\/hr\/wp-content\/uploads\/sites\/22\/2021\/04\/Ramazan-Iftar-i-Sehur-.jpg","width":1650,"height":750,"caption":"https:\/\/www.freepik.com\/photos\/background Background photo created by freepik - www.freepik.com"},{"@type":"BreadcrumbList","@id":"https:\/\/www.ahmadiyya-islam.org\/hr\/molitve\/molitva-za-post-u-ramazanu-dova-sehura-i-iftara\/#breadcrumb","itemListElement":[{"@type":"ListItem","position":1,"name":"Home","item":"https:\/\/www.ahmadiyya-islam.org\/hr\/"},{"@type":"ListItem","position":2,"name":"Molitve","item":"https:\/\/www.ahmadiyya-islam.org\/hr\/molitve\/"},{"@type":"ListItem","position":3,"name":"Molitva za post u Ramazanu &#8211; dova sehura i iftara"}]},{"@type":"WebSite","@id":"https:\/\/www.ahmadiyya-islam.org\/hr\/#website","url":"https:\/\/www.ahmadiyya-islam.org\/hr\/","name":"Ahmadija muslimanski d\u017eamat","description":"Hrvatska","potentialAction":[{"@type":"SearchAction","target":{"@type":"EntryPoint","urlTemplate":"https:\/\/www.ahmadiyya-islam.org\/hr\/?s={search_term_string}"},"query-input":{"@type":"PropertyValueSpecification","valueRequired":true,"valueName":"search_term_string"}}],"inLanguage":"hr"}]}},"_links":{"self":[{"href":"https:\/\/www.ahmadiyya-islam.org\/hr\/wp-json\/wp\/v2\/prayers\/1951","targetHints":{"allow":["GET"]}}],"collection":[{"href":"https:\/\/www.ahmadiyya-islam.org\/hr\/wp-json\/wp\/v2\/prayers"}],"about":[{"href":"https:\/\/www.ahmadiyya-islam.org\/hr\/wp-json\/wp\/v2\/types\/prayers"}],"wp:featuredmedia":[{"embeddable":true,"href":"https:\/\/www.ahmadiyya-islam.org\/hr\/wp-json\/wp\/v2\/media\/1954"}],"wp:attachment":[{"href":"https:\/\/www.ahmadiyya-islam.org\/hr\/wp-json\/wp\/v2\/media?parent=1951"}],"wp:term":[{"taxonomy":"post_tag","embeddable":true,"href":"https:\/\/www.ahmadiyya-islam.org\/hr\/wp-json\/wp\/v2\/tags?post=1951"},{"taxonomy":"prayer-cat","embeddable":true,"href":"https:\/\/www.ahmadiyya-islam.org\/hr\/wp-json\/wp\/v2\/prayer-cat?post=1951"},{"taxonomy":"topics","embeddable":true,"href":"https:\/\/www.ahmadiyya-islam.org\/hr\/wp-json\/wp\/v2\/topics?post=1951"},{"taxonomy":"authors","embeddable":true,"href":"https:\/\/www.ahmadiyya-islam.org\/hr\/wp-json\/wp\/v2\/authors?post=1951"},{"taxonomy":"content_source","embeddable":true,"href":"https:\/\/www.ahmadiyya-islam.org\/hr\/wp-json\/wp\/v2\/content_source?post=1951"}],"curies":[{"name":"wp","href":"https:\/\/api.w.org\/{rel}","templated":true}]}}