{"id":158,"date":"2020-03-19T14:54:20","date_gmt":"2020-03-19T14:54:20","guid":{"rendered":"https:\/\/www.ahmadiyya-islam.org\/hr\/?post_type=books&#038;p=158"},"modified":"2020-04-01T14:38:15","modified_gmt":"2020-04-01T14:38:15","slug":"tracak-nade","status":"publish","type":"books","link":"https:\/\/www.ahmadiyya-islam.org\/hr\/knjiznica\/tracak-nade\/","title":{"rendered":"Tra\u010dak nade"},"content":{"rendered":"<p>12. mirovna simpozija 2015. godine u Velikoj Britaniji<\/p>\n<p>\u017divimo u svijetu u kojem prijetnja od napetosti kipi s opasno\u0161\u0107u da potpuno preraste u rat. Mladi mu\u0161karci i \u017eene u cijelome svijetu svakoga dana postaju radikalni i napu\u0161taju svoje domove kako bi se pridru\u017eili ekstremnim grupama. ISIS nastavlja sa svojim barbarskim prikazima okrutnosti \u0161ire\u0107i svoju mre\u017eu utjecaja. \u010cak i ljudi iz udaljene nam Kine napu\u0161taju svoje domove kako bi se pridru\u017eili teroristi\u010dkim grupama. ISIS nije jedini koji vrbuje mlade radikale, ve\u0107 ekstremne grupe svuda ja\u010daju, a primjer toga su Boko Haram i Al Shabab u Africi. Ako se ovi ekstremisti vrate svojim mati\u010dnim zemljama, prijetnja nacionalnoj sigurnosti je stvarna i opsana. Financijska propast i dalje strmoglavljuje zemlje u te\u0161ke neprilike. Sukobi izme\u0111u Ukrajine i Rusije te Palestine i Izraela opasno se pogor\u0161avaju sve se vi\u0161e pribli\u017eavaju\u0107i ratu. Svjetski vo\u0111e nisu uspjeli zaustaviti plimu ekstremizma niti ostvariti u\u010dinkovito primirje izme\u0111u sukobljenih nacija.<\/p>\n<p>U ovoj crnoj i sumornoj situaciji u kojoj su zemlje vi\u0161e zainteresirane za svoje prikrivene interese nego za uspostavu mira govor glasa iz Londona pru\u017ea nam nadu: \u201e\u010cini se da postoji jedan mali tra\u010dak svjetla koje treperi u daljini i daje nam notu opreznog optimizma.\u201c Bile su to rije\u010di govora Kalifa Obe\u0107anog Mesije Hazrata Mirze Masroora Ahmada, poglavara Ahmadija muslimanske zajednice koji je odr\u017eao na godi\u0161njem Mirovnom simpoziju. Pozivamo \u010ditatelje da na sljede\u0107im stranicama rije\u010di Kalifa razmotre kao stvarno rje\u0161enje za svjetsku krizu.<\/p>\n","protected":false},"excerpt":{"rendered":"<p>12. mirovna simpozija 2015. godine u Velikoj Britaniji \u017divimo u svijetu u kojem prijetnja od napetosti kipi s opasno\u0161\u0107u da potpuno preraste u rat. Mladi mu\u0161karci i \u017eene u cijelome svijetu svakoga dana postaju radikalni i napu\u0161taju svoje domove kako bi se pridru\u017eili ekstremnim grupama. ISIS nastavlja sa svojim barbarskim prikazima okrutnosti \u0161ire\u0107i svoju mre\u017eu<\/p>\n","protected":false},"featured_media":0,"parent":0,"template":"","tags":[],"book-types":[11],"topics":[],"authors":[7],"content_source":[],"class_list":["post-158","books","type-books","status-publish","hentry","book-types-brosura","authors-hazrat-mirza-masroor-ahmad"],"acf":[],"yoast_head":"<!-- This site is optimized with the Yoast SEO Premium plugin v21.1 (Yoast SEO v27.4) - https:\/\/yoast.com\/product\/yoast-seo-premium-wordpress\/ -->\n<title>Tra\u010dak nade - Ahmadija muslimanski d\u017eamat<\/title>\n<meta name=\"robots\" content=\"index, follow, max-snippet:-1, max-image-preview:large, max-video-preview:-1\" \/>\n<link rel=\"canonical\" href=\"https:\/\/www.ahmadiyya-islam.org\/hr\/knjiznica\/tracak-nade\/\" \/>\n<meta property=\"og:locale\" content=\"hr_HR\" \/>\n<meta property=\"og:type\" content=\"article\" \/>\n<meta property=\"og:title\" content=\"Tra\u010dak nade\" \/>\n<meta property=\"og:description\" content=\"12. mirovna simpozija 2015. godine u Velikoj Britaniji \u017divimo u svijetu u kojem prijetnja od napetosti kipi s opasno\u0161\u0107u da potpuno preraste u rat. Mladi mu\u0161karci i \u017eene u cijelome svijetu svakoga dana postaju radikalni i napu\u0161taju svoje domove kako bi se pridru\u017eili ekstremnim grupama. ISIS nastavlja sa svojim barbarskim prikazima okrutnosti \u0161ire\u0107i svoju mre\u017eu\" \/>\n<meta property=\"og:url\" content=\"https:\/\/www.ahmadiyya-islam.org\/hr\/knjiznica\/tracak-nade\/\" \/>\n<meta property=\"og:site_name\" content=\"Ahmadija muslimanski d\u017eamat\" \/>\n<meta property=\"article:modified_time\" content=\"2020-04-01T14:38:15+00:00\" \/>\n<meta name=\"twitter:card\" content=\"summary_large_image\" \/>\n<meta name=\"twitter:label1\" content=\"Procijenjeno vrijeme \u010ditanja\" \/>\n\t<meta name=\"twitter:data1\" content=\"1 minuta\" \/>\n<script type=\"application\/ld+json\" class=\"yoast-schema-graph\">{\"@context\":\"https:\\\/\\\/schema.org\",\"@graph\":[{\"@type\":\"WebPage\",\"@id\":\"https:\\\/\\\/www.ahmadiyya-islam.org\\\/hr\\\/knjiznica\\\/tracak-nade\\\/\",\"url\":\"https:\\\/\\\/www.ahmadiyya-islam.org\\\/hr\\\/knjiznica\\\/tracak-nade\\\/\",\"name\":\"Tra\u010dak nade - Ahmadija muslimanski d\u017eamat\",\"isPartOf\":{\"@id\":\"https:\\\/\\\/www.ahmadiyya-islam.org\\\/hr\\\/#website\"},\"datePublished\":\"2020-03-19T14:54:20+00:00\",\"dateModified\":\"2020-04-01T14:38:15+00:00\",\"breadcrumb\":{\"@id\":\"https:\\\/\\\/www.ahmadiyya-islam.org\\\/hr\\\/knjiznica\\\/tracak-nade\\\/#breadcrumb\"},\"inLanguage\":\"hr\",\"potentialAction\":[{\"@type\":\"ReadAction\",\"target\":[\"https:\\\/\\\/www.ahmadiyya-islam.org\\\/hr\\\/knjiznica\\\/tracak-nade\\\/\"]}]},{\"@type\":\"BreadcrumbList\",\"@id\":\"https:\\\/\\\/www.ahmadiyya-islam.org\\\/hr\\\/knjiznica\\\/tracak-nade\\\/#breadcrumb\",\"itemListElement\":[{\"@type\":\"ListItem\",\"position\":1,\"name\":\"Home\",\"item\":\"https:\\\/\\\/www.ahmadiyya-islam.org\\\/hr\\\/\"},{\"@type\":\"ListItem\",\"position\":2,\"name\":\"Knjige\",\"item\":\"https:\\\/\\\/www.ahmadiyya-islam.org\\\/hr\\\/knjiznica\\\/\"},{\"@type\":\"ListItem\",\"position\":3,\"name\":\"Tra\u010dak nade\"}]},{\"@type\":\"WebSite\",\"@id\":\"https:\\\/\\\/www.ahmadiyya-islam.org\\\/hr\\\/#website\",\"url\":\"https:\\\/\\\/www.ahmadiyya-islam.org\\\/hr\\\/\",\"name\":\"Ahmadija muslimanski d\u017eamat\",\"description\":\"Hrvatska\",\"potentialAction\":[{\"@type\":\"SearchAction\",\"target\":{\"@type\":\"EntryPoint\",\"urlTemplate\":\"https:\\\/\\\/www.ahmadiyya-islam.org\\\/hr\\\/?s={search_term_string}\"},\"query-input\":{\"@type\":\"PropertyValueSpecification\",\"valueRequired\":true,\"valueName\":\"search_term_string\"}}],\"inLanguage\":\"hr\"}]}<\/script>\n<!-- \/ Yoast SEO Premium plugin. -->","yoast_head_json":{"title":"Tra\u010dak nade - Ahmadija muslimanski d\u017eamat","robots":{"index":"index","follow":"follow","max-snippet":"max-snippet:-1","max-image-preview":"max-image-preview:large","max-video-preview":"max-video-preview:-1"},"canonical":"https:\/\/www.ahmadiyya-islam.org\/hr\/knjiznica\/tracak-nade\/","og_locale":"hr_HR","og_type":"article","og_title":"Tra\u010dak nade","og_description":"12. mirovna simpozija 2015. godine u Velikoj Britaniji \u017divimo u svijetu u kojem prijetnja od napetosti kipi s opasno\u0161\u0107u da potpuno preraste u rat. Mladi mu\u0161karci i \u017eene u cijelome svijetu svakoga dana postaju radikalni i napu\u0161taju svoje domove kako bi se pridru\u017eili ekstremnim grupama. ISIS nastavlja sa svojim barbarskim prikazima okrutnosti \u0161ire\u0107i svoju mre\u017eu","og_url":"https:\/\/www.ahmadiyya-islam.org\/hr\/knjiznica\/tracak-nade\/","og_site_name":"Ahmadija muslimanski d\u017eamat","article_modified_time":"2020-04-01T14:38:15+00:00","twitter_card":"summary_large_image","twitter_misc":{"Procijenjeno vrijeme \u010ditanja":"1 minuta"},"schema":{"@context":"https:\/\/schema.org","@graph":[{"@type":"WebPage","@id":"https:\/\/www.ahmadiyya-islam.org\/hr\/knjiznica\/tracak-nade\/","url":"https:\/\/www.ahmadiyya-islam.org\/hr\/knjiznica\/tracak-nade\/","name":"Tra\u010dak nade - Ahmadija muslimanski d\u017eamat","isPartOf":{"@id":"https:\/\/www.ahmadiyya-islam.org\/hr\/#website"},"datePublished":"2020-03-19T14:54:20+00:00","dateModified":"2020-04-01T14:38:15+00:00","breadcrumb":{"@id":"https:\/\/www.ahmadiyya-islam.org\/hr\/knjiznica\/tracak-nade\/#breadcrumb"},"inLanguage":"hr","potentialAction":[{"@type":"ReadAction","target":["https:\/\/www.ahmadiyya-islam.org\/hr\/knjiznica\/tracak-nade\/"]}]},{"@type":"BreadcrumbList","@id":"https:\/\/www.ahmadiyya-islam.org\/hr\/knjiznica\/tracak-nade\/#breadcrumb","itemListElement":[{"@type":"ListItem","position":1,"name":"Home","item":"https:\/\/www.ahmadiyya-islam.org\/hr\/"},{"@type":"ListItem","position":2,"name":"Knjige","item":"https:\/\/www.ahmadiyya-islam.org\/hr\/knjiznica\/"},{"@type":"ListItem","position":3,"name":"Tra\u010dak nade"}]},{"@type":"WebSite","@id":"https:\/\/www.ahmadiyya-islam.org\/hr\/#website","url":"https:\/\/www.ahmadiyya-islam.org\/hr\/","name":"Ahmadija muslimanski d\u017eamat","description":"Hrvatska","potentialAction":[{"@type":"SearchAction","target":{"@type":"EntryPoint","urlTemplate":"https:\/\/www.ahmadiyya-islam.org\/hr\/?s={search_term_string}"},"query-input":{"@type":"PropertyValueSpecification","valueRequired":true,"valueName":"search_term_string"}}],"inLanguage":"hr"}]}},"_links":{"self":[{"href":"https:\/\/www.ahmadiyya-islam.org\/hr\/wp-json\/wp\/v2\/books\/158","targetHints":{"allow":["GET"]}}],"collection":[{"href":"https:\/\/www.ahmadiyya-islam.org\/hr\/wp-json\/wp\/v2\/books"}],"about":[{"href":"https:\/\/www.ahmadiyya-islam.org\/hr\/wp-json\/wp\/v2\/types\/books"}],"version-history":[{"count":0,"href":"https:\/\/www.ahmadiyya-islam.org\/hr\/wp-json\/wp\/v2\/books\/158\/revisions"}],"wp:attachment":[{"href":"https:\/\/www.ahmadiyya-islam.org\/hr\/wp-json\/wp\/v2\/media?parent=158"}],"wp:term":[{"taxonomy":"post_tag","embeddable":true,"href":"https:\/\/www.ahmadiyya-islam.org\/hr\/wp-json\/wp\/v2\/tags?post=158"},{"taxonomy":"book-types","embeddable":true,"href":"https:\/\/www.ahmadiyya-islam.org\/hr\/wp-json\/wp\/v2\/book-types?post=158"},{"taxonomy":"topics","embeddable":true,"href":"https:\/\/www.ahmadiyya-islam.org\/hr\/wp-json\/wp\/v2\/topics?post=158"},{"taxonomy":"authors","embeddable":true,"href":"https:\/\/www.ahmadiyya-islam.org\/hr\/wp-json\/wp\/v2\/authors?post=158"},{"taxonomy":"content_source","embeddable":true,"href":"https:\/\/www.ahmadiyya-islam.org\/hr\/wp-json\/wp\/v2\/content_source?post=158"}],"curies":[{"name":"wp","href":"https:\/\/api.w.org\/{rel}","templated":true}]}}