{"id":156,"date":"2020-03-19T14:52:05","date_gmt":"2020-03-19T14:52:05","guid":{"rendered":"https:\/\/www.ahmadiyya-islam.org\/hr\/?post_type=books&#038;p=156"},"modified":"2020-03-31T20:19:09","modified_gmt":"2020-03-31T20:19:09","slug":"shvatite-prije-nego-sto-postane-prekasno","status":"publish","type":"books","link":"https:\/\/www.ahmadiyya-islam.org\/hr\/knjiznica\/shvatite-prije-nego-sto-postane-prekasno\/","title":{"rendered":"Shvatite &#8211; prije nego \u0161to postane prekasno"},"content":{"rendered":"<p>23. studenoga 2015. g. svjetski \u010delnik Ahmadija muslimanske zajednice, Peti Khalif, Njegova Svetost Hazreti Mirza Masroor Ahmada (a.b.a.) odr\u017eaoje klju\u010dni govor na posebnom prijemu napravljenom njemu u \u010dast u hotelu Hiltonu Odaibi u Tokiju. Vi\u0161e od 60 gostiju prisustvovalo je prijemu tijekom kojegse Njegova Svetost osvrnula na nuklearne napade na Hiro\u0161imu i Nagasaki prije70 godina. Ranije tijekom ve\u010deri dva su se gosta govornika tako\u0111er obratilapublici, dr. Mike Sata Yasuhiko PhD, predsjedatelj industrijske grupacije Tokiboi gdin. Endo Shinichi iz Tohokua, regije najvi\u0161e pogo\u0111ene potresom i tsunamijimaiz 2011. g.<\/p>\n","protected":false},"excerpt":{"rendered":"<p>23. studenoga 2015. g. svjetski \u010delnik Ahmadija muslimanske zajednice, Peti Khalif, Njegova Svetost Hazreti Mirza Masroor Ahmada (a.b.a.) odr\u017eaoje klju\u010dni govor na posebnom prijemu napravljenom njemu u \u010dast u hotelu Hiltonu Odaibi u Tokiju. Vi\u0161e od 60 gostiju prisustvovalo je prijemu tijekom kojegse Njegova Svetost osvrnula na nuklearne napade na Hiro\u0161imu i Nagasaki prije70 godina.<\/p>\n","protected":false},"featured_media":0,"parent":0,"template":"","tags":[],"book-types":[11],"topics":[],"authors":[7],"content_source":[],"class_list":["post-156","books","type-books","status-publish","hentry","book-types-brosura","authors-hazrat-mirza-masroor-ahmad"],"acf":[],"yoast_head":"<!-- This site is optimized with the Yoast SEO Premium plugin v21.1 (Yoast SEO v27.4) - https:\/\/yoast.com\/product\/yoast-seo-premium-wordpress\/ -->\n<title>Shvatite - prije nego \u0161to postane prekasno - Ahmadija muslimanski d\u017eamat<\/title>\n<meta name=\"robots\" content=\"index, follow, max-snippet:-1, max-image-preview:large, max-video-preview:-1\" \/>\n<link rel=\"canonical\" href=\"https:\/\/www.ahmadiyya-islam.org\/hr\/knjiznica\/shvatite-prije-nego-sto-postane-prekasno\/\" \/>\n<meta property=\"og:locale\" content=\"hr_HR\" \/>\n<meta property=\"og:type\" content=\"article\" \/>\n<meta property=\"og:title\" content=\"Shvatite - prije nego \u0161to postane prekasno\" \/>\n<meta property=\"og:description\" content=\"23. studenoga 2015. g. svjetski \u010delnik Ahmadija muslimanske zajednice, Peti Khalif, Njegova Svetost Hazreti Mirza Masroor Ahmada (a.b.a.) odr\u017eaoje klju\u010dni govor na posebnom prijemu napravljenom njemu u \u010dast u hotelu Hiltonu Odaibi u Tokiju. Vi\u0161e od 60 gostiju prisustvovalo je prijemu tijekom kojegse Njegova Svetost osvrnula na nuklearne napade na Hiro\u0161imu i Nagasaki prije70 godina.\" \/>\n<meta property=\"og:url\" content=\"https:\/\/www.ahmadiyya-islam.org\/hr\/knjiznica\/shvatite-prije-nego-sto-postane-prekasno\/\" \/>\n<meta property=\"og:site_name\" content=\"Ahmadija muslimanski d\u017eamat\" \/>\n<meta property=\"article:modified_time\" content=\"2020-03-31T20:19:09+00:00\" \/>\n<meta name=\"twitter:card\" content=\"summary_large_image\" \/>\n<script type=\"application\/ld+json\" class=\"yoast-schema-graph\">{\"@context\":\"https:\\\/\\\/schema.org\",\"@graph\":[{\"@type\":\"WebPage\",\"@id\":\"https:\\\/\\\/www.ahmadiyya-islam.org\\\/hr\\\/knjiznica\\\/shvatite-prije-nego-sto-postane-prekasno\\\/\",\"url\":\"https:\\\/\\\/www.ahmadiyya-islam.org\\\/hr\\\/knjiznica\\\/shvatite-prije-nego-sto-postane-prekasno\\\/\",\"name\":\"Shvatite - prije nego \u0161to postane prekasno - Ahmadija muslimanski d\u017eamat\",\"isPartOf\":{\"@id\":\"https:\\\/\\\/www.ahmadiyya-islam.org\\\/hr\\\/#website\"},\"datePublished\":\"2020-03-19T14:52:05+00:00\",\"dateModified\":\"2020-03-31T20:19:09+00:00\",\"breadcrumb\":{\"@id\":\"https:\\\/\\\/www.ahmadiyya-islam.org\\\/hr\\\/knjiznica\\\/shvatite-prije-nego-sto-postane-prekasno\\\/#breadcrumb\"},\"inLanguage\":\"hr\",\"potentialAction\":[{\"@type\":\"ReadAction\",\"target\":[\"https:\\\/\\\/www.ahmadiyya-islam.org\\\/hr\\\/knjiznica\\\/shvatite-prije-nego-sto-postane-prekasno\\\/\"]}]},{\"@type\":\"BreadcrumbList\",\"@id\":\"https:\\\/\\\/www.ahmadiyya-islam.org\\\/hr\\\/knjiznica\\\/shvatite-prije-nego-sto-postane-prekasno\\\/#breadcrumb\",\"itemListElement\":[{\"@type\":\"ListItem\",\"position\":1,\"name\":\"Home\",\"item\":\"https:\\\/\\\/www.ahmadiyya-islam.org\\\/hr\\\/\"},{\"@type\":\"ListItem\",\"position\":2,\"name\":\"Knjige\",\"item\":\"https:\\\/\\\/www.ahmadiyya-islam.org\\\/hr\\\/knjiznica\\\/\"},{\"@type\":\"ListItem\",\"position\":3,\"name\":\"Shvatite &#8211; prije nego \u0161to postane prekasno\"}]},{\"@type\":\"WebSite\",\"@id\":\"https:\\\/\\\/www.ahmadiyya-islam.org\\\/hr\\\/#website\",\"url\":\"https:\\\/\\\/www.ahmadiyya-islam.org\\\/hr\\\/\",\"name\":\"Ahmadija muslimanski d\u017eamat\",\"description\":\"Hrvatska\",\"potentialAction\":[{\"@type\":\"SearchAction\",\"target\":{\"@type\":\"EntryPoint\",\"urlTemplate\":\"https:\\\/\\\/www.ahmadiyya-islam.org\\\/hr\\\/?s={search_term_string}\"},\"query-input\":{\"@type\":\"PropertyValueSpecification\",\"valueRequired\":true,\"valueName\":\"search_term_string\"}}],\"inLanguage\":\"hr\"}]}<\/script>\n<!-- \/ Yoast SEO Premium plugin. -->","yoast_head_json":{"title":"Shvatite - prije nego \u0161to postane prekasno - Ahmadija muslimanski d\u017eamat","robots":{"index":"index","follow":"follow","max-snippet":"max-snippet:-1","max-image-preview":"max-image-preview:large","max-video-preview":"max-video-preview:-1"},"canonical":"https:\/\/www.ahmadiyya-islam.org\/hr\/knjiznica\/shvatite-prije-nego-sto-postane-prekasno\/","og_locale":"hr_HR","og_type":"article","og_title":"Shvatite - prije nego \u0161to postane prekasno","og_description":"23. studenoga 2015. g. svjetski \u010delnik Ahmadija muslimanske zajednice, Peti Khalif, Njegova Svetost Hazreti Mirza Masroor Ahmada (a.b.a.) odr\u017eaoje klju\u010dni govor na posebnom prijemu napravljenom njemu u \u010dast u hotelu Hiltonu Odaibi u Tokiju. Vi\u0161e od 60 gostiju prisustvovalo je prijemu tijekom kojegse Njegova Svetost osvrnula na nuklearne napade na Hiro\u0161imu i Nagasaki prije70 godina.","og_url":"https:\/\/www.ahmadiyya-islam.org\/hr\/knjiznica\/shvatite-prije-nego-sto-postane-prekasno\/","og_site_name":"Ahmadija muslimanski d\u017eamat","article_modified_time":"2020-03-31T20:19:09+00:00","twitter_card":"summary_large_image","schema":{"@context":"https:\/\/schema.org","@graph":[{"@type":"WebPage","@id":"https:\/\/www.ahmadiyya-islam.org\/hr\/knjiznica\/shvatite-prije-nego-sto-postane-prekasno\/","url":"https:\/\/www.ahmadiyya-islam.org\/hr\/knjiznica\/shvatite-prije-nego-sto-postane-prekasno\/","name":"Shvatite - prije nego \u0161to postane prekasno - Ahmadija muslimanski d\u017eamat","isPartOf":{"@id":"https:\/\/www.ahmadiyya-islam.org\/hr\/#website"},"datePublished":"2020-03-19T14:52:05+00:00","dateModified":"2020-03-31T20:19:09+00:00","breadcrumb":{"@id":"https:\/\/www.ahmadiyya-islam.org\/hr\/knjiznica\/shvatite-prije-nego-sto-postane-prekasno\/#breadcrumb"},"inLanguage":"hr","potentialAction":[{"@type":"ReadAction","target":["https:\/\/www.ahmadiyya-islam.org\/hr\/knjiznica\/shvatite-prije-nego-sto-postane-prekasno\/"]}]},{"@type":"BreadcrumbList","@id":"https:\/\/www.ahmadiyya-islam.org\/hr\/knjiznica\/shvatite-prije-nego-sto-postane-prekasno\/#breadcrumb","itemListElement":[{"@type":"ListItem","position":1,"name":"Home","item":"https:\/\/www.ahmadiyya-islam.org\/hr\/"},{"@type":"ListItem","position":2,"name":"Knjige","item":"https:\/\/www.ahmadiyya-islam.org\/hr\/knjiznica\/"},{"@type":"ListItem","position":3,"name":"Shvatite &#8211; prije nego \u0161to postane prekasno"}]},{"@type":"WebSite","@id":"https:\/\/www.ahmadiyya-islam.org\/hr\/#website","url":"https:\/\/www.ahmadiyya-islam.org\/hr\/","name":"Ahmadija muslimanski d\u017eamat","description":"Hrvatska","potentialAction":[{"@type":"SearchAction","target":{"@type":"EntryPoint","urlTemplate":"https:\/\/www.ahmadiyya-islam.org\/hr\/?s={search_term_string}"},"query-input":{"@type":"PropertyValueSpecification","valueRequired":true,"valueName":"search_term_string"}}],"inLanguage":"hr"}]}},"_links":{"self":[{"href":"https:\/\/www.ahmadiyya-islam.org\/hr\/wp-json\/wp\/v2\/books\/156","targetHints":{"allow":["GET"]}}],"collection":[{"href":"https:\/\/www.ahmadiyya-islam.org\/hr\/wp-json\/wp\/v2\/books"}],"about":[{"href":"https:\/\/www.ahmadiyya-islam.org\/hr\/wp-json\/wp\/v2\/types\/books"}],"version-history":[{"count":0,"href":"https:\/\/www.ahmadiyya-islam.org\/hr\/wp-json\/wp\/v2\/books\/156\/revisions"}],"wp:attachment":[{"href":"https:\/\/www.ahmadiyya-islam.org\/hr\/wp-json\/wp\/v2\/media?parent=156"}],"wp:term":[{"taxonomy":"post_tag","embeddable":true,"href":"https:\/\/www.ahmadiyya-islam.org\/hr\/wp-json\/wp\/v2\/tags?post=156"},{"taxonomy":"book-types","embeddable":true,"href":"https:\/\/www.ahmadiyya-islam.org\/hr\/wp-json\/wp\/v2\/book-types?post=156"},{"taxonomy":"topics","embeddable":true,"href":"https:\/\/www.ahmadiyya-islam.org\/hr\/wp-json\/wp\/v2\/topics?post=156"},{"taxonomy":"authors","embeddable":true,"href":"https:\/\/www.ahmadiyya-islam.org\/hr\/wp-json\/wp\/v2\/authors?post=156"},{"taxonomy":"content_source","embeddable":true,"href":"https:\/\/www.ahmadiyya-islam.org\/hr\/wp-json\/wp\/v2\/content_source?post=156"}],"curies":[{"name":"wp","href":"https:\/\/api.w.org\/{rel}","templated":true}]}}