{"id":146,"date":"2020-03-19T14:44:15","date_gmt":"2020-03-19T14:44:15","guid":{"rendered":"https:\/\/www.ahmadiyya-islam.org\/hr\/?post_type=books&#038;p=146"},"modified":"2020-04-04T14:13:38","modified_gmt":"2020-04-04T14:13:38","slug":"globalni-konflikti-i-potreba-za-pravdom","status":"publish","type":"books","link":"https:\/\/www.ahmadiyya-islam.org\/hr\/knjiznica\/globalni-konflikti-i-potreba-za-pravdom\/","title":{"rendered":"Globalni konflikti i potreba za pravdom"},"content":{"rendered":"<p>25. o\u017eujka 2017., svjetski poglavar muslimanske zajednice Ahmadije, Peti Kalif, Njegova Svetost, Hazreti Mirza Masroor Ahmad (a.b.a.) odr\u017eaoje glavni govor na \u010detrnaestom nacionalnom mirovnom simpozijuu (Peace Symposium) organizaciji ahmadijske muslimanske zajednice u UK. Doga\u0111aj jeodr\u017ean u d\u017eamiji Baitul Futuh u Londonu pred publikom od vi\u0161e od 1000 ljudi iz vi\u0161e od 30 zemalja, uklju\u010duju\u0107i vi\u0161e od 600 ne-Ahmadigostiju me\u0111u kojima su bili i britanski ministri, dr\u017eavni ambasadori, \u010dlanovi obiju domova Parlamenta te ostalih dostojanstvenika i gostiju.<\/p>\n<p>Tijekom doga\u0111aja Njegova Svetost predstavio je g\u0111u Setusko Thurlow, mirovnu aktivisticu koja je pre\u017eivjela napad na Hiroshimu, a dodijeljenajoj je Ahmadi muslimanska nagrada u kategoriji Promicanja mira kaopriznanje za njene izvanredne na.pore u kampanjama za nuklearnorazoru\u017eanje. Nakon uvodne rije\u010di Rafiqa Hayata, dr\u017eavnog predstavnika ahmadijske muslimanske zajednice u UK i kratkog komentiranja Silvia Dania, izvr\u0161nog direktora za religiju i mir iz Italije, pro\u010ditana je poruka iz Vatikana u znak potpore Mirovnom Simpoziju od Oca Davida Standley-a, koji je do\u0161ao u ime nadbiskupa Southwarka. U tekstu ispod donosim oglavnu poruku iznesenu ovom prigodom od Njegove Svetosti Hazreti Mirze Masroora Ahmada (a.b.a.)<\/p>\n","protected":false},"excerpt":{"rendered":"<p>25. o\u017eujka 2017., svjetski poglavar muslimanske zajednice Ahmadije, Peti Kalif, Njegova Svetost, Hazreti Mirza Masroor Ahmad (a.b.a.) odr\u017eaoje glavni govor na \u010detrnaestom nacionalnom mirovnom simpozijuu (Peace Symposium) organizaciji ahmadijske muslimanske zajednice u UK. Doga\u0111aj jeodr\u017ean u d\u017eamiji Baitul Futuh u Londonu pred publikom od vi\u0161e od 1000 ljudi iz vi\u0161e od 30 zemalja, uklju\u010duju\u0107i vi\u0161e<\/p>\n","protected":false},"featured_media":0,"parent":0,"template":"","tags":[],"book-types":[11],"topics":[],"authors":[7],"content_source":[],"class_list":["post-146","books","type-books","status-publish","hentry","book-types-brosura","authors-hazrat-mirza-masroor-ahmad"],"acf":[],"yoast_head":"<!-- This site is optimized with the Yoast SEO Premium plugin v21.1 (Yoast SEO v27.4) - https:\/\/yoast.com\/product\/yoast-seo-premium-wordpress\/ -->\n<title>Globalni konflikti i potreba za pravdom - Ahmadija muslimanski d\u017eamat<\/title>\n<meta name=\"robots\" content=\"index, follow, max-snippet:-1, max-image-preview:large, max-video-preview:-1\" \/>\n<link rel=\"canonical\" href=\"https:\/\/www.ahmadiyya-islam.org\/hr\/knjiznica\/globalni-konflikti-i-potreba-za-pravdom\/\" \/>\n<meta property=\"og:locale\" content=\"hr_HR\" \/>\n<meta property=\"og:type\" content=\"article\" \/>\n<meta property=\"og:title\" content=\"Globalni konflikti i potreba za pravdom\" \/>\n<meta property=\"og:description\" content=\"25. o\u017eujka 2017., svjetski poglavar muslimanske zajednice Ahmadije, Peti Kalif, Njegova Svetost, Hazreti Mirza Masroor Ahmad (a.b.a.) odr\u017eaoje glavni govor na \u010detrnaestom nacionalnom mirovnom simpozijuu (Peace Symposium) organizaciji ahmadijske muslimanske zajednice u UK. Doga\u0111aj jeodr\u017ean u d\u017eamiji Baitul Futuh u Londonu pred publikom od vi\u0161e od 1000 ljudi iz vi\u0161e od 30 zemalja, uklju\u010duju\u0107i vi\u0161e\" \/>\n<meta property=\"og:url\" content=\"https:\/\/www.ahmadiyya-islam.org\/hr\/knjiznica\/globalni-konflikti-i-potreba-za-pravdom\/\" \/>\n<meta property=\"og:site_name\" content=\"Ahmadija muslimanski d\u017eamat\" \/>\n<meta property=\"article:modified_time\" content=\"2020-04-04T14:13:38+00:00\" \/>\n<meta name=\"twitter:card\" content=\"summary_large_image\" \/>\n<meta name=\"twitter:label1\" content=\"Procijenjeno vrijeme \u010ditanja\" \/>\n\t<meta name=\"twitter:data1\" content=\"1 minuta\" \/>\n<script type=\"application\/ld+json\" class=\"yoast-schema-graph\">{\"@context\":\"https:\\\/\\\/schema.org\",\"@graph\":[{\"@type\":\"WebPage\",\"@id\":\"https:\\\/\\\/www.ahmadiyya-islam.org\\\/hr\\\/knjiznica\\\/globalni-konflikti-i-potreba-za-pravdom\\\/\",\"url\":\"https:\\\/\\\/www.ahmadiyya-islam.org\\\/hr\\\/knjiznica\\\/globalni-konflikti-i-potreba-za-pravdom\\\/\",\"name\":\"Globalni konflikti i potreba za pravdom - Ahmadija muslimanski d\u017eamat\",\"isPartOf\":{\"@id\":\"https:\\\/\\\/www.ahmadiyya-islam.org\\\/hr\\\/#website\"},\"datePublished\":\"2020-03-19T14:44:15+00:00\",\"dateModified\":\"2020-04-04T14:13:38+00:00\",\"breadcrumb\":{\"@id\":\"https:\\\/\\\/www.ahmadiyya-islam.org\\\/hr\\\/knjiznica\\\/globalni-konflikti-i-potreba-za-pravdom\\\/#breadcrumb\"},\"inLanguage\":\"hr\",\"potentialAction\":[{\"@type\":\"ReadAction\",\"target\":[\"https:\\\/\\\/www.ahmadiyya-islam.org\\\/hr\\\/knjiznica\\\/globalni-konflikti-i-potreba-za-pravdom\\\/\"]}]},{\"@type\":\"BreadcrumbList\",\"@id\":\"https:\\\/\\\/www.ahmadiyya-islam.org\\\/hr\\\/knjiznica\\\/globalni-konflikti-i-potreba-za-pravdom\\\/#breadcrumb\",\"itemListElement\":[{\"@type\":\"ListItem\",\"position\":1,\"name\":\"Home\",\"item\":\"https:\\\/\\\/www.ahmadiyya-islam.org\\\/hr\\\/\"},{\"@type\":\"ListItem\",\"position\":2,\"name\":\"Knjige\",\"item\":\"https:\\\/\\\/www.ahmadiyya-islam.org\\\/hr\\\/knjiznica\\\/\"},{\"@type\":\"ListItem\",\"position\":3,\"name\":\"Globalni konflikti i potreba za pravdom\"}]},{\"@type\":\"WebSite\",\"@id\":\"https:\\\/\\\/www.ahmadiyya-islam.org\\\/hr\\\/#website\",\"url\":\"https:\\\/\\\/www.ahmadiyya-islam.org\\\/hr\\\/\",\"name\":\"Ahmadija muslimanski d\u017eamat\",\"description\":\"Hrvatska\",\"potentialAction\":[{\"@type\":\"SearchAction\",\"target\":{\"@type\":\"EntryPoint\",\"urlTemplate\":\"https:\\\/\\\/www.ahmadiyya-islam.org\\\/hr\\\/?s={search_term_string}\"},\"query-input\":{\"@type\":\"PropertyValueSpecification\",\"valueRequired\":true,\"valueName\":\"search_term_string\"}}],\"inLanguage\":\"hr\"}]}<\/script>\n<!-- \/ Yoast SEO Premium plugin. -->","yoast_head_json":{"title":"Globalni konflikti i potreba za pravdom - Ahmadija muslimanski d\u017eamat","robots":{"index":"index","follow":"follow","max-snippet":"max-snippet:-1","max-image-preview":"max-image-preview:large","max-video-preview":"max-video-preview:-1"},"canonical":"https:\/\/www.ahmadiyya-islam.org\/hr\/knjiznica\/globalni-konflikti-i-potreba-za-pravdom\/","og_locale":"hr_HR","og_type":"article","og_title":"Globalni konflikti i potreba za pravdom","og_description":"25. o\u017eujka 2017., svjetski poglavar muslimanske zajednice Ahmadije, Peti Kalif, Njegova Svetost, Hazreti Mirza Masroor Ahmad (a.b.a.) odr\u017eaoje glavni govor na \u010detrnaestom nacionalnom mirovnom simpozijuu (Peace Symposium) organizaciji ahmadijske muslimanske zajednice u UK. Doga\u0111aj jeodr\u017ean u d\u017eamiji Baitul Futuh u Londonu pred publikom od vi\u0161e od 1000 ljudi iz vi\u0161e od 30 zemalja, uklju\u010duju\u0107i vi\u0161e","og_url":"https:\/\/www.ahmadiyya-islam.org\/hr\/knjiznica\/globalni-konflikti-i-potreba-za-pravdom\/","og_site_name":"Ahmadija muslimanski d\u017eamat","article_modified_time":"2020-04-04T14:13:38+00:00","twitter_card":"summary_large_image","twitter_misc":{"Procijenjeno vrijeme \u010ditanja":"1 minuta"},"schema":{"@context":"https:\/\/schema.org","@graph":[{"@type":"WebPage","@id":"https:\/\/www.ahmadiyya-islam.org\/hr\/knjiznica\/globalni-konflikti-i-potreba-za-pravdom\/","url":"https:\/\/www.ahmadiyya-islam.org\/hr\/knjiznica\/globalni-konflikti-i-potreba-za-pravdom\/","name":"Globalni konflikti i potreba za pravdom - Ahmadija muslimanski d\u017eamat","isPartOf":{"@id":"https:\/\/www.ahmadiyya-islam.org\/hr\/#website"},"datePublished":"2020-03-19T14:44:15+00:00","dateModified":"2020-04-04T14:13:38+00:00","breadcrumb":{"@id":"https:\/\/www.ahmadiyya-islam.org\/hr\/knjiznica\/globalni-konflikti-i-potreba-za-pravdom\/#breadcrumb"},"inLanguage":"hr","potentialAction":[{"@type":"ReadAction","target":["https:\/\/www.ahmadiyya-islam.org\/hr\/knjiznica\/globalni-konflikti-i-potreba-za-pravdom\/"]}]},{"@type":"BreadcrumbList","@id":"https:\/\/www.ahmadiyya-islam.org\/hr\/knjiznica\/globalni-konflikti-i-potreba-za-pravdom\/#breadcrumb","itemListElement":[{"@type":"ListItem","position":1,"name":"Home","item":"https:\/\/www.ahmadiyya-islam.org\/hr\/"},{"@type":"ListItem","position":2,"name":"Knjige","item":"https:\/\/www.ahmadiyya-islam.org\/hr\/knjiznica\/"},{"@type":"ListItem","position":3,"name":"Globalni konflikti i potreba za pravdom"}]},{"@type":"WebSite","@id":"https:\/\/www.ahmadiyya-islam.org\/hr\/#website","url":"https:\/\/www.ahmadiyya-islam.org\/hr\/","name":"Ahmadija muslimanski d\u017eamat","description":"Hrvatska","potentialAction":[{"@type":"SearchAction","target":{"@type":"EntryPoint","urlTemplate":"https:\/\/www.ahmadiyya-islam.org\/hr\/?s={search_term_string}"},"query-input":{"@type":"PropertyValueSpecification","valueRequired":true,"valueName":"search_term_string"}}],"inLanguage":"hr"}]}},"_links":{"self":[{"href":"https:\/\/www.ahmadiyya-islam.org\/hr\/wp-json\/wp\/v2\/books\/146","targetHints":{"allow":["GET"]}}],"collection":[{"href":"https:\/\/www.ahmadiyya-islam.org\/hr\/wp-json\/wp\/v2\/books"}],"about":[{"href":"https:\/\/www.ahmadiyya-islam.org\/hr\/wp-json\/wp\/v2\/types\/books"}],"version-history":[{"count":0,"href":"https:\/\/www.ahmadiyya-islam.org\/hr\/wp-json\/wp\/v2\/books\/146\/revisions"}],"wp:attachment":[{"href":"https:\/\/www.ahmadiyya-islam.org\/hr\/wp-json\/wp\/v2\/media?parent=146"}],"wp:term":[{"taxonomy":"post_tag","embeddable":true,"href":"https:\/\/www.ahmadiyya-islam.org\/hr\/wp-json\/wp\/v2\/tags?post=146"},{"taxonomy":"book-types","embeddable":true,"href":"https:\/\/www.ahmadiyya-islam.org\/hr\/wp-json\/wp\/v2\/book-types?post=146"},{"taxonomy":"topics","embeddable":true,"href":"https:\/\/www.ahmadiyya-islam.org\/hr\/wp-json\/wp\/v2\/topics?post=146"},{"taxonomy":"authors","embeddable":true,"href":"https:\/\/www.ahmadiyya-islam.org\/hr\/wp-json\/wp\/v2\/authors?post=146"},{"taxonomy":"content_source","embeddable":true,"href":"https:\/\/www.ahmadiyya-islam.org\/hr\/wp-json\/wp\/v2\/content_source?post=146"}],"curies":[{"name":"wp","href":"https:\/\/api.w.org\/{rel}","templated":true}]}}