{"id":5255,"date":"2019-03-22T10:59:26","date_gmt":"2019-03-22T10:59:26","guid":{"rendered":"https:\/\/www.ahmadiyya-islam.org\/es\/?post_type=events&#038;p=5255"},"modified":"2019-04-17T09:48:51","modified_gmt":"2019-04-17T09:48:51","slug":"tertulia-cafe-islam","status":"publish","type":"events","link":"https:\/\/www.ahmadiyya-islam.org\/es\/eventos\/tertulia-cafe-islam\/","title":{"rendered":"Tertulia y caf\u00e9 con sabor a islam"},"content":{"rendered":"<p>Te invitamos a una charla amena para descubrir m\u00e1s sobre temas de controversia acerca de esta religi\u00f3n. Cuestiones como la yihad, la mujer en el islam, la evoluci\u00f3n de la religi\u00f3n, entre otros.<\/p>\n<p><strong>Lugar<\/strong>: Cafeter\u00eda Omundo de Alicia<\/p>\n<p>Plaza de la Trinidad, 4, 14003 C\u00f3rdoba, Espa\u00f1a<\/p>\n<p><strong>Fecha<\/strong>: Jueves, 25 de abril<\/p>\n<p><strong>Hora<\/strong>: 20.00-21.00<\/p>\n<p><img loading=\"lazy\" decoding=\"async\" class=\"size-large wp-image-5357 aligncenter\" src=\"https:\/\/www.ahmadiyya-islam.org\/es\/wp-content\/uploads\/sites\/10\/2019\/03\/WhatsApp-Image-2019-03-28-at-8.45.03-PM-1-1024x768.jpeg\" alt=\"\" width=\"900\" height=\"675\" srcset=\"https:\/\/www.ahmadiyya-islam.org\/es\/wp-content\/uploads\/sites\/10\/2019\/03\/WhatsApp-Image-2019-03-28-at-8.45.03-PM-1-1024x768.jpeg 1024w, https:\/\/www.ahmadiyya-islam.org\/es\/wp-content\/uploads\/sites\/10\/2019\/03\/WhatsApp-Image-2019-03-28-at-8.45.03-PM-1-300x225.jpeg 300w, https:\/\/www.ahmadiyya-islam.org\/es\/wp-content\/uploads\/sites\/10\/2019\/03\/WhatsApp-Image-2019-03-28-at-8.45.03-PM-1-768x576.jpeg 768w, https:\/\/www.ahmadiyya-islam.org\/es\/wp-content\/uploads\/sites\/10\/2019\/03\/WhatsApp-Image-2019-03-28-at-8.45.03-PM-1.jpeg 1600w\" sizes=\"auto, (max-width: 900px) 100vw, 900px\" \/> <img loading=\"lazy\" decoding=\"async\" class=\"size-large wp-image-5358 aligncenter\" src=\"https:\/\/www.ahmadiyya-islam.org\/es\/wp-content\/uploads\/sites\/10\/2019\/03\/WhatsApp-Image-2019-03-28-at-8.50.00-PM-1024x768.jpeg\" alt=\"\" width=\"900\" height=\"675\" srcset=\"https:\/\/www.ahmadiyya-islam.org\/es\/wp-content\/uploads\/sites\/10\/2019\/03\/WhatsApp-Image-2019-03-28-at-8.50.00-PM-1024x768.jpeg 1024w, https:\/\/www.ahmadiyya-islam.org\/es\/wp-content\/uploads\/sites\/10\/2019\/03\/WhatsApp-Image-2019-03-28-at-8.50.00-PM-300x225.jpeg 300w, https:\/\/www.ahmadiyya-islam.org\/es\/wp-content\/uploads\/sites\/10\/2019\/03\/WhatsApp-Image-2019-03-28-at-8.50.00-PM-768x576.jpeg 768w, https:\/\/www.ahmadiyya-islam.org\/es\/wp-content\/uploads\/sites\/10\/2019\/03\/WhatsApp-Image-2019-03-28-at-8.50.00-PM.jpeg 1600w\" sizes=\"auto, (max-width: 900px) 100vw, 900px\" \/> <img loading=\"lazy\" decoding=\"async\" class=\"size-large wp-image-5359 aligncenter\" src=\"https:\/\/www.ahmadiyya-islam.org\/es\/wp-content\/uploads\/sites\/10\/2019\/03\/WhatsApp-Image-2019-03-28-at-11.05.35-PM-1024x760.jpeg\" alt=\"\" width=\"900\" height=\"668\" srcset=\"https:\/\/www.ahmadiyya-islam.org\/es\/wp-content\/uploads\/sites\/10\/2019\/03\/WhatsApp-Image-2019-03-28-at-11.05.35-PM.jpeg 1024w, https:\/\/www.ahmadiyya-islam.org\/es\/wp-content\/uploads\/sites\/10\/2019\/03\/WhatsApp-Image-2019-03-28-at-11.05.35-PM-300x223.jpeg 300w, https:\/\/www.ahmadiyya-islam.org\/es\/wp-content\/uploads\/sites\/10\/2019\/03\/WhatsApp-Image-2019-03-28-at-11.05.35-PM-768x570.jpeg 768w\" sizes=\"auto, (max-width: 900px) 100vw, 900px\" \/><\/p>\n","protected":false},"excerpt":{"rendered":"<p>Te invitamos a una charla amena para descubrir m\u00e1s sobre temas de controversia acerca de esta religi\u00f3n. Cuestiones como la yihad, la mujer en el islam, la evoluci\u00f3n de la religi\u00f3n, entre otros.<\/p>\n","protected":false},"featured_media":5256,"parent":0,"template":"","tags":[],"class_list":["post-5255","events","type-events","status-publish","has-post-thumbnail","hentry","country-city-cordoba","country-city-espana","topics-islam","topics-libertad-de-expresion","topics-mujer","topics-paz","topics-yihad"],"acf":[],"yoast_head":"<!-- This site is optimized with the Yoast SEO Premium plugin v21.1 (Yoast SEO v27.4) - https:\/\/yoast.com\/product\/yoast-seo-premium-wordpress\/ -->\n<title>Tertulia y caf\u00e9 con sabor a islam<\/title>\n<meta name=\"description\" content=\"Te invitamos a una charla amena para descubrir m\u00e1s sobre temas de controversia acerca de esta religi\u00f3n. Cuestiones como la yihad, la mujer en el islam, la evoluci\u00f3n de la religi\u00f3n, entre otros.\" \/>\n<meta name=\"robots\" content=\"index, follow, max-snippet:-1, max-image-preview:large, max-video-preview:-1\" \/>\n<link rel=\"canonical\" href=\"https:\/\/www.ahmadiyya-islam.org\/es\/eventos\/tertulia-cafe-islam\/\" \/>\n<meta property=\"og:locale\" content=\"es_ES\" \/>\n<meta property=\"og:type\" content=\"article\" \/>\n<meta property=\"og:title\" content=\"Tertulia y caf\u00e9 con sabor a islam\" \/>\n<meta property=\"og:description\" content=\"Te invitamos a una charla amena para descubrir m\u00e1s sobre temas de controversia acerca de esta religi\u00f3n. Cuestiones como la yihad, la mujer en el islam, la evoluci\u00f3n de la religi\u00f3n, entre otros.\" \/>\n<meta property=\"og:url\" content=\"https:\/\/www.ahmadiyya-islam.org\/es\/eventos\/tertulia-cafe-islam\/\" \/>\n<meta property=\"og:site_name\" content=\"Comunidad Musulmana Ahmad\u00eda\" \/>\n<meta property=\"article:modified_time\" content=\"2019-04-17T09:48:51+00:00\" \/>\n<meta property=\"og:image\" content=\"https:\/\/www.ahmadiyya-islam.org\/es\/wp-content\/uploads\/sites\/10\/2019\/03\/imagen-tertulia-y-cafe-con-sabor-a-islam_web.jpg\" \/>\n\t<meta property=\"og:image:width\" content=\"4480\" \/>\n\t<meta property=\"og:image:height\" content=\"3104\" \/>\n\t<meta property=\"og:image:type\" content=\"image\/jpeg\" \/>\n<meta name=\"twitter:card\" content=\"summary_large_image\" \/>\n<script type=\"application\/ld+json\" class=\"yoast-schema-graph\">{\"@context\":\"https:\\\/\\\/schema.org\",\"@graph\":[{\"@type\":\"WebPage\",\"@id\":\"https:\\\/\\\/www.ahmadiyya-islam.org\\\/es\\\/eventos\\\/tertulia-cafe-islam\\\/\",\"url\":\"https:\\\/\\\/www.ahmadiyya-islam.org\\\/es\\\/eventos\\\/tertulia-cafe-islam\\\/\",\"name\":\"Tertulia y caf\u00e9 con sabor a islam\",\"isPartOf\":{\"@id\":\"https:\\\/\\\/www.ahmadiyya-islam.org\\\/es\\\/#website\"},\"primaryImageOfPage\":{\"@id\":\"https:\\\/\\\/www.ahmadiyya-islam.org\\\/es\\\/eventos\\\/tertulia-cafe-islam\\\/#primaryimage\"},\"image\":{\"@id\":\"https:\\\/\\\/www.ahmadiyya-islam.org\\\/es\\\/eventos\\\/tertulia-cafe-islam\\\/#primaryimage\"},\"thumbnailUrl\":\"https:\\\/\\\/www.ahmadiyya-islam.org\\\/es\\\/wp-content\\\/uploads\\\/sites\\\/10\\\/2019\\\/03\\\/imagen-tertulia-y-cafe-con-sabor-a-islam_web.jpg\",\"datePublished\":\"2019-03-22T10:59:26+00:00\",\"dateModified\":\"2019-04-17T09:48:51+00:00\",\"description\":\"Te invitamos a una charla amena para descubrir m\u00e1s sobre temas de controversia acerca de esta religi\u00f3n. Cuestiones como la yihad, la mujer en el islam, la evoluci\u00f3n de la religi\u00f3n, entre otros.\",\"breadcrumb\":{\"@id\":\"https:\\\/\\\/www.ahmadiyya-islam.org\\\/es\\\/eventos\\\/tertulia-cafe-islam\\\/#breadcrumb\"},\"inLanguage\":\"es-ES\",\"potentialAction\":[{\"@type\":\"ReadAction\",\"target\":[\"https:\\\/\\\/www.ahmadiyya-islam.org\\\/es\\\/eventos\\\/tertulia-cafe-islam\\\/\"]}]},{\"@type\":\"ImageObject\",\"inLanguage\":\"es-ES\",\"@id\":\"https:\\\/\\\/www.ahmadiyya-islam.org\\\/es\\\/eventos\\\/tertulia-cafe-islam\\\/#primaryimage\",\"url\":\"https:\\\/\\\/www.ahmadiyya-islam.org\\\/es\\\/wp-content\\\/uploads\\\/sites\\\/10\\\/2019\\\/03\\\/imagen-tertulia-y-cafe-con-sabor-a-islam_web.jpg\",\"contentUrl\":\"https:\\\/\\\/www.ahmadiyya-islam.org\\\/es\\\/wp-content\\\/uploads\\\/sites\\\/10\\\/2019\\\/03\\\/imagen-tertulia-y-cafe-con-sabor-a-islam_web.jpg\",\"width\":4480,\"height\":3104},{\"@type\":\"BreadcrumbList\",\"@id\":\"https:\\\/\\\/www.ahmadiyya-islam.org\\\/es\\\/eventos\\\/tertulia-cafe-islam\\\/#breadcrumb\",\"itemListElement\":[{\"@type\":\"ListItem\",\"position\":1,\"name\":\"Home\",\"item\":\"https:\\\/\\\/www.ahmadiyya-islam.org\\\/es\\\/\"},{\"@type\":\"ListItem\",\"position\":2,\"name\":\"Tertulia y caf\u00e9 con sabor a islam\"}]},{\"@type\":\"WebSite\",\"@id\":\"https:\\\/\\\/www.ahmadiyya-islam.org\\\/es\\\/#website\",\"url\":\"https:\\\/\\\/www.ahmadiyya-islam.org\\\/es\\\/\",\"name\":\"Comunidad Musulmana Ahmad\u00eda\",\"description\":\"Internacional\",\"publisher\":{\"@id\":\"https:\\\/\\\/www.ahmadiyya-islam.org\\\/es\\\/#organization\"},\"potentialAction\":[{\"@type\":\"SearchAction\",\"target\":{\"@type\":\"EntryPoint\",\"urlTemplate\":\"https:\\\/\\\/www.ahmadiyya-islam.org\\\/es\\\/?s={search_term_string}\"},\"query-input\":{\"@type\":\"PropertyValueSpecification\",\"valueRequired\":true,\"valueName\":\"search_term_string\"}}],\"inLanguage\":\"es-ES\"},{\"@type\":\"Organization\",\"@id\":\"https:\\\/\\\/www.ahmadiyya-islam.org\\\/es\\\/#organization\",\"name\":\"Comunidad Musulmana Ahmad\u00eda\",\"url\":\"https:\\\/\\\/www.ahmadiyya-islam.org\\\/es\\\/\",\"logo\":{\"@type\":\"ImageObject\",\"inLanguage\":\"es-ES\",\"@id\":\"https:\\\/\\\/www.ahmadiyya-islam.org\\\/es\\\/#\\\/schema\\\/logo\\\/image\\\/\",\"url\":\"https:\\\/\\\/www.ahmadiyya-islam.org\\\/es\\\/wp-content\\\/uploads\\\/sites\\\/10\\\/2015\\\/06\\\/alislam-logo.png\",\"contentUrl\":\"https:\\\/\\\/www.ahmadiyya-islam.org\\\/es\\\/wp-content\\\/uploads\\\/sites\\\/10\\\/2015\\\/06\\\/alislam-logo.png\",\"width\":1859,\"height\":1859,\"caption\":\"Comunidad Musulmana Ahmad\u00eda\"},\"image\":{\"@id\":\"https:\\\/\\\/www.ahmadiyya-islam.org\\\/es\\\/#\\\/schema\\\/logo\\\/image\\\/\"}}]}<\/script>\n<!-- \/ Yoast SEO Premium plugin. -->","yoast_head_json":{"title":"Tertulia y caf\u00e9 con sabor a islam","description":"Te invitamos a una charla amena para descubrir m\u00e1s sobre temas de controversia acerca de esta religi\u00f3n. Cuestiones como la yihad, la mujer en el islam, la evoluci\u00f3n de la religi\u00f3n, entre otros.","robots":{"index":"index","follow":"follow","max-snippet":"max-snippet:-1","max-image-preview":"max-image-preview:large","max-video-preview":"max-video-preview:-1"},"canonical":"https:\/\/www.ahmadiyya-islam.org\/es\/eventos\/tertulia-cafe-islam\/","og_locale":"es_ES","og_type":"article","og_title":"Tertulia y caf\u00e9 con sabor a islam","og_description":"Te invitamos a una charla amena para descubrir m\u00e1s sobre temas de controversia acerca de esta religi\u00f3n. Cuestiones como la yihad, la mujer en el islam, la evoluci\u00f3n de la religi\u00f3n, entre otros.","og_url":"https:\/\/www.ahmadiyya-islam.org\/es\/eventos\/tertulia-cafe-islam\/","og_site_name":"Comunidad Musulmana Ahmad\u00eda","article_modified_time":"2019-04-17T09:48:51+00:00","og_image":[{"width":4480,"height":3104,"url":"https:\/\/www.ahmadiyya-islam.org\/es\/wp-content\/uploads\/sites\/10\/2019\/03\/imagen-tertulia-y-cafe-con-sabor-a-islam_web.jpg","type":"image\/jpeg"}],"twitter_card":"summary_large_image","schema":{"@context":"https:\/\/schema.org","@graph":[{"@type":"WebPage","@id":"https:\/\/www.ahmadiyya-islam.org\/es\/eventos\/tertulia-cafe-islam\/","url":"https:\/\/www.ahmadiyya-islam.org\/es\/eventos\/tertulia-cafe-islam\/","name":"Tertulia y caf\u00e9 con sabor a islam","isPartOf":{"@id":"https:\/\/www.ahmadiyya-islam.org\/es\/#website"},"primaryImageOfPage":{"@id":"https:\/\/www.ahmadiyya-islam.org\/es\/eventos\/tertulia-cafe-islam\/#primaryimage"},"image":{"@id":"https:\/\/www.ahmadiyya-islam.org\/es\/eventos\/tertulia-cafe-islam\/#primaryimage"},"thumbnailUrl":"https:\/\/www.ahmadiyya-islam.org\/es\/wp-content\/uploads\/sites\/10\/2019\/03\/imagen-tertulia-y-cafe-con-sabor-a-islam_web.jpg","datePublished":"2019-03-22T10:59:26+00:00","dateModified":"2019-04-17T09:48:51+00:00","description":"Te invitamos a una charla amena para descubrir m\u00e1s sobre temas de controversia acerca de esta religi\u00f3n. Cuestiones como la yihad, la mujer en el islam, la evoluci\u00f3n de la religi\u00f3n, entre otros.","breadcrumb":{"@id":"https:\/\/www.ahmadiyya-islam.org\/es\/eventos\/tertulia-cafe-islam\/#breadcrumb"},"inLanguage":"es-ES","potentialAction":[{"@type":"ReadAction","target":["https:\/\/www.ahmadiyya-islam.org\/es\/eventos\/tertulia-cafe-islam\/"]}]},{"@type":"ImageObject","inLanguage":"es-ES","@id":"https:\/\/www.ahmadiyya-islam.org\/es\/eventos\/tertulia-cafe-islam\/#primaryimage","url":"https:\/\/www.ahmadiyya-islam.org\/es\/wp-content\/uploads\/sites\/10\/2019\/03\/imagen-tertulia-y-cafe-con-sabor-a-islam_web.jpg","contentUrl":"https:\/\/www.ahmadiyya-islam.org\/es\/wp-content\/uploads\/sites\/10\/2019\/03\/imagen-tertulia-y-cafe-con-sabor-a-islam_web.jpg","width":4480,"height":3104},{"@type":"BreadcrumbList","@id":"https:\/\/www.ahmadiyya-islam.org\/es\/eventos\/tertulia-cafe-islam\/#breadcrumb","itemListElement":[{"@type":"ListItem","position":1,"name":"Home","item":"https:\/\/www.ahmadiyya-islam.org\/es\/"},{"@type":"ListItem","position":2,"name":"Tertulia y caf\u00e9 con sabor a islam"}]},{"@type":"WebSite","@id":"https:\/\/www.ahmadiyya-islam.org\/es\/#website","url":"https:\/\/www.ahmadiyya-islam.org\/es\/","name":"Comunidad Musulmana Ahmad\u00eda","description":"Internacional","publisher":{"@id":"https:\/\/www.ahmadiyya-islam.org\/es\/#organization"},"potentialAction":[{"@type":"SearchAction","target":{"@type":"EntryPoint","urlTemplate":"https:\/\/www.ahmadiyya-islam.org\/es\/?s={search_term_string}"},"query-input":{"@type":"PropertyValueSpecification","valueRequired":true,"valueName":"search_term_string"}}],"inLanguage":"es-ES"},{"@type":"Organization","@id":"https:\/\/www.ahmadiyya-islam.org\/es\/#organization","name":"Comunidad Musulmana Ahmad\u00eda","url":"https:\/\/www.ahmadiyya-islam.org\/es\/","logo":{"@type":"ImageObject","inLanguage":"es-ES","@id":"https:\/\/www.ahmadiyya-islam.org\/es\/#\/schema\/logo\/image\/","url":"https:\/\/www.ahmadiyya-islam.org\/es\/wp-content\/uploads\/sites\/10\/2015\/06\/alislam-logo.png","contentUrl":"https:\/\/www.ahmadiyya-islam.org\/es\/wp-content\/uploads\/sites\/10\/2015\/06\/alislam-logo.png","width":1859,"height":1859,"caption":"Comunidad Musulmana Ahmad\u00eda"},"image":{"@id":"https:\/\/www.ahmadiyya-islam.org\/es\/#\/schema\/logo\/image\/"}}]}},"_links":{"self":[{"href":"https:\/\/www.ahmadiyya-islam.org\/es\/wp-json\/wp\/v2\/events\/5255","targetHints":{"allow":["GET"]}}],"collection":[{"href":"https:\/\/www.ahmadiyya-islam.org\/es\/wp-json\/wp\/v2\/events"}],"about":[{"href":"https:\/\/www.ahmadiyya-islam.org\/es\/wp-json\/wp\/v2\/types\/events"}],"version-history":[{"count":0,"href":"https:\/\/www.ahmadiyya-islam.org\/es\/wp-json\/wp\/v2\/events\/5255\/revisions"}],"wp:featuredmedia":[{"embeddable":true,"href":"https:\/\/www.ahmadiyya-islam.org\/es\/wp-json\/wp\/v2\/media\/5256"}],"wp:attachment":[{"href":"https:\/\/www.ahmadiyya-islam.org\/es\/wp-json\/wp\/v2\/media?parent=5255"}],"wp:term":[{"taxonomy":"post_tag","embeddable":true,"href":"https:\/\/www.ahmadiyya-islam.org\/es\/wp-json\/wp\/v2\/tags?post=5255"}],"curies":[{"name":"wp","href":"https:\/\/api.w.org\/{rel}","templated":true}]}}