{"id":2662,"date":"2020-03-30T20:36:38","date_gmt":"2020-03-30T20:36:38","guid":{"rendered":"https:\/\/www.ahmadiyya-islam.org\/ba\/?post_type=prayers&#038;p=2662"},"modified":"2020-03-30T20:37:07","modified_gmt":"2020-03-30T20:37:07","slug":"sta-se-uci-prilikom-serijetskog-vjencanja","status":"publish","type":"prayers","link":"https:\/\/www.ahmadiyya-islam.org\/ba\/dove\/sta-se-uci-prilikom-serijetskog-vjencanja\/","title":{"rendered":"Hudba prilikom vjen\u010danja"},"content":{"rendered":"<p><img loading=\"lazy\" decoding=\"async\" class=\"aligncenter size-full wp-image-2661\" src=\"http:\/\/www.ahmadiyya-islam.org\/ba\/wp-content\/uploads\/sites\/16\/2020\/03\/Screenshot_1-5.jpg\" alt=\"Vjen\u010danje\" width=\"399\" height=\"374\" srcset=\"https:\/\/www.ahmadiyya-islam.org\/ba\/wp-content\/uploads\/sites\/16\/2020\/03\/Screenshot_1-5.jpg 399w, https:\/\/www.ahmadiyya-islam.org\/ba\/wp-content\/uploads\/sites\/16\/2020\/03\/Screenshot_1-5-300x281.jpg 300w\" sizes=\"auto, (max-width: 399px) 100vw, 399px\" \/><\/p>\n<p style=\"text-align: center\"><strong>ELHAMDU LIL'LAHI NAHMEDUHU VE NESTAJINUHU VE NESTAGFERUHU VE NUMENU BIHE VE NETAVEK'KELU ELEJHE VE NEVUZU BIL'LAHE<\/strong><strong> MIN \u0160URURI ANFUSENE VE MIN SEJ'JIJATE EMALENE MAN JAHDIHI'LA'AHU FELA MUDIL'LELAHU VE MAN JUDLILHU FELA'A HADIJA LEHU E\u0160HEDU EN LA'A ILAHA IL'LAL LA'AHU\u00a0 VEHDEHU LA'A \u0160ERIKA LEHU VE E\u0160HEDU EN'NE MUHAM'MADEN EBDUHU VE RESULUHU<\/strong><\/p>\n<p><img loading=\"lazy\" decoding=\"async\" class=\"aligncenter size-full wp-image-2663\" src=\"http:\/\/www.ahmadiyya-islam.org\/ba\/wp-content\/uploads\/sites\/16\/2020\/03\/Nikah1.jpg\" alt=\"Vjen\u010danje\" width=\"398\" height=\"380\" srcset=\"https:\/\/www.ahmadiyya-islam.org\/ba\/wp-content\/uploads\/sites\/16\/2020\/03\/Nikah1.jpg 398w, https:\/\/www.ahmadiyya-islam.org\/ba\/wp-content\/uploads\/sites\/16\/2020\/03\/Nikah1-300x286.jpg 300w\" sizes=\"auto, (max-width: 398px) 100vw, 398px\" \/><\/p>\n<p style=\"text-align: center\"><strong>JA'A EJ'JUHAN NA'SU IT'TAKU RAB'BAKUMUL LEZI HELEKEKUM MIN NEFSIN VE'HEDETIN VE HELEKA MINHA ZEUD\u017dEHE VE BES'SA <\/strong><br \/>\n<strong>MINHUMA RED\u017dALAN KESIREN VE NISA'A VET TEKUL LA'AHEL LEZI TESAELUNA BEHE VEL ERHA'AME IN'NAL LA'AHA ELEJKUM REKIBA<\/strong><\/p>\n<p><img loading=\"lazy\" decoding=\"async\" class=\"aligncenter size-full wp-image-2664\" src=\"http:\/\/www.ahmadiyya-islam.org\/ba\/wp-content\/uploads\/sites\/16\/2020\/03\/Nikah2.jpg\" alt=\"\" width=\"384\" height=\"311\" srcset=\"https:\/\/www.ahmadiyya-islam.org\/ba\/wp-content\/uploads\/sites\/16\/2020\/03\/Nikah2.jpg 384w, https:\/\/www.ahmadiyya-islam.org\/ba\/wp-content\/uploads\/sites\/16\/2020\/03\/Nikah2-300x243.jpg 300w\" sizes=\"auto, (max-width: 384px) 100vw, 384px\" \/><\/p>\n<p style=\"text-align: center\"><strong>JA'A EJ'JUHEL LEZINA EMANUT TEKUL LA'HA VE KULU KEOLEN SEDIDE, JUSLEH LEKUM A'MALEKUM <\/strong><br \/>\n<strong>VE JEGFER LEKUM ZUNUBEKUM VE MAN JUTEJIL LA'HA VE RESULEHU FEKAD FA'ZA FEOZEN EZIME<\/strong><\/p>\n<p><img loading=\"lazy\" decoding=\"async\" class=\"aligncenter size-full wp-image-2665\" src=\"http:\/\/www.ahmadiyya-islam.org\/ba\/wp-content\/uploads\/sites\/16\/2020\/03\/Nikah3.jpg\" alt=\"VJen\u010danje\" width=\"396\" height=\"236\" srcset=\"https:\/\/www.ahmadiyya-islam.org\/ba\/wp-content\/uploads\/sites\/16\/2020\/03\/Nikah3.jpg 396w, https:\/\/www.ahmadiyya-islam.org\/ba\/wp-content\/uploads\/sites\/16\/2020\/03\/Nikah3-300x179.jpg 300w\" sizes=\"auto, (max-width: 396px) 100vw, 396px\" \/><\/p>\n<p style=\"text-align: center\"><strong>JA'A EJ'JUHEL LEZINA EMANUT TEKUL LA'HA VEL TENZUR NEFSUN MA KED'DEMET LEGED VE TEKUL LA'HA INNAL LAHA HEBIRUN BEME TEMELUN<\/strong><\/p>\n<p>Prevodi:<\/p>\n<blockquote><p><span style=\"color: #339966\">&#8221;Sva hvala pripada Allahu! Njega hvalimo i, od Njega pomo\u0107 i oprost tra\u017eimo. Njemu se povjeravamo. Samo u Njega vjerujemo i tra\u017eimo za\u0161titu kod Allaha od zla i pakosti nas samih, i od lo\u0161ih navika na\u0161ih djela. Koga Bog uputi na pravi put niko ga ne mo\u017ee s njega skrenuti; I, za koga On izjavi da je na stranputici niko ga ne mo\u017ee navesti na pravi put. Mi svjedo\u010dimo da niko nije vrijedan obo\u017eavanja osim Allaha. On je Jedan i nema Mu druga i mi svjedo\u010dimo da je Muhammed Njegov sluga i poslanik.&#8221;<\/span><\/p>\n<p><span style=\"color: #339966\">&#8221;O ljudi! Bojte se Gospodara svoga, koji vas je stvorio od jedne du\u0161e i od nje stvorio njenog partnera, i od to dvoje ra\u0161irio mnoge mu\u0161karce i \u017eene; i bojte se Allaha, u \u010dije ime tra\u017eite jedno od drugog, i pazite na rodbinske veze. Doista je Allah \u010duvar nad vama.&#8221;<strong>[1]<\/strong><\/span><\/p>\n<p><span style=\"color: #339966\">&#8221;O vi koji vjerujete! Bojte se Allaha, i govorite istinitim govorom.<\/span><br \/>\n<span style=\"color: #339966\">On \u0107e vam popraviti va\u0161a djela i oprostiti vam va\u0161e grijehe. A ko god se pokorava Allahu i Njegovom Poslaniku, on je, zaista, postigao veliki uspjeh.&#8221;<strong>[2]<\/strong><\/span><\/p>\n<p><span style=\"color: #339966\">&#8221;O vi koji vjerujete! Bojte se Allaha; i neka svaka du\u0161a gleda \u0161ta unaprijed \u0161alje za sutra. I bojte se Allaha; uistinu je Allah dobro obavije\u0161ten o onom \u0161to vi radite.&#8221;<strong>[3]<\/strong><\/span><\/p><\/blockquote>\n<hr \/>\n<p>[1] \u010casni Kur\u2019an 4:2<br \/>\n[2] \u010casni Kur'an 33:71-72<br \/>\n[3] \u010casni Kur'an 59:19<\/p>\n","protected":false},"excerpt":{"rendered":"<p>Ovo se u\u010di povodom ceremonije sklapanja muslimanskog braka.<\/p>\n","protected":false},"featured_media":2666,"parent":0,"template":"","tags":[921,2026],"prayer-cat":[1897,1898],"authors":[],"content_source":[],"class_list":["post-2662","prayers","type-prayers","status-publish","has-post-thumbnail","hentry","tag-dova","tag-vjencanje","topics-brak","topics-dova","prayer-cat-casni-kuran","prayer-cat-casni-poslanik-s-a-v-s"],"acf":[],"yoast_head":"<!-- This site is optimized with the Yoast SEO Premium plugin v21.1 (Yoast SEO v27.4) - https:\/\/yoast.com\/product\/yoast-seo-premium-wordpress\/ -->\n<title>\u0160ta se u\u010di prilikom \u0161erijetskog vjen\u010danja<\/title>\n<meta name=\"description\" content=\"Ovo se u\u010di povodom ceremonije sklapanja muslimanskog braka.\" \/>\n<meta name=\"robots\" content=\"index, follow, max-snippet:-1, max-image-preview:large, max-video-preview:-1\" \/>\n<link rel=\"canonical\" href=\"https:\/\/www.ahmadiyya-islam.org\/ba\/dove\/sta-se-uci-prilikom-serijetskog-vjencanja\/\" \/>\n<meta property=\"og:locale\" content=\"bs_BA\" \/>\n<meta property=\"og:type\" content=\"article\" \/>\n<meta property=\"og:title\" content=\"Hudba prilikom vjen\u010danja\" \/>\n<meta property=\"og:description\" content=\"Ovo se u\u010di povodom ceremonije sklapanja muslimanskog braka.\" \/>\n<meta property=\"og:url\" content=\"https:\/\/www.ahmadiyya-islam.org\/ba\/dove\/sta-se-uci-prilikom-serijetskog-vjencanja\/\" \/>\n<meta property=\"og:site_name\" content=\"Ahmadija muslimanski d\u017eemat\" \/>\n<meta property=\"article:modified_time\" content=\"2020-03-30T20:37:07+00:00\" \/>\n<meta property=\"og:image\" content=\"https:\/\/www.ahmadiyya-islam.org\/ba\/wp-content\/uploads\/sites\/16\/2020\/03\/martesa.jpg\" \/>\n\t<meta property=\"og:image:width\" content=\"1200\" \/>\n\t<meta property=\"og:image:height\" content=\"572\" \/>\n\t<meta property=\"og:image:type\" content=\"image\/jpeg\" \/>\n<meta name=\"twitter:card\" content=\"summary_large_image\" \/>\n<meta name=\"twitter:label1\" content=\"Est. reading time\" \/>\n\t<meta name=\"twitter:data1\" content=\"2 minute\" \/>\n<script type=\"application\/ld+json\" class=\"yoast-schema-graph\">{\"@context\":\"https:\\\/\\\/schema.org\",\"@graph\":[{\"@type\":\"WebPage\",\"@id\":\"https:\\\/\\\/www.ahmadiyya-islam.org\\\/ba\\\/dove\\\/sta-se-uci-prilikom-serijetskog-vjencanja\\\/\",\"url\":\"https:\\\/\\\/www.ahmadiyya-islam.org\\\/ba\\\/dove\\\/sta-se-uci-prilikom-serijetskog-vjencanja\\\/\",\"name\":\"\u0160ta se u\u010di prilikom \u0161erijetskog vjen\u010danja\",\"isPartOf\":{\"@id\":\"https:\\\/\\\/www.ahmadiyya-islam.org\\\/ba\\\/#website\"},\"primaryImageOfPage\":{\"@id\":\"https:\\\/\\\/www.ahmadiyya-islam.org\\\/ba\\\/dove\\\/sta-se-uci-prilikom-serijetskog-vjencanja\\\/#primaryimage\"},\"image\":{\"@id\":\"https:\\\/\\\/www.ahmadiyya-islam.org\\\/ba\\\/dove\\\/sta-se-uci-prilikom-serijetskog-vjencanja\\\/#primaryimage\"},\"thumbnailUrl\":\"https:\\\/\\\/www.ahmadiyya-islam.org\\\/ba\\\/wp-content\\\/uploads\\\/sites\\\/16\\\/2020\\\/03\\\/martesa.jpg\",\"datePublished\":\"2020-03-30T20:36:38+00:00\",\"dateModified\":\"2020-03-30T20:37:07+00:00\",\"description\":\"Ovo se u\u010di povodom ceremonije sklapanja muslimanskog braka.\",\"breadcrumb\":{\"@id\":\"https:\\\/\\\/www.ahmadiyya-islam.org\\\/ba\\\/dove\\\/sta-se-uci-prilikom-serijetskog-vjencanja\\\/#breadcrumb\"},\"inLanguage\":\"bs-BA\",\"potentialAction\":[{\"@type\":\"ReadAction\",\"target\":[\"https:\\\/\\\/www.ahmadiyya-islam.org\\\/ba\\\/dove\\\/sta-se-uci-prilikom-serijetskog-vjencanja\\\/\"]}]},{\"@type\":\"ImageObject\",\"inLanguage\":\"bs-BA\",\"@id\":\"https:\\\/\\\/www.ahmadiyya-islam.org\\\/ba\\\/dove\\\/sta-se-uci-prilikom-serijetskog-vjencanja\\\/#primaryimage\",\"url\":\"https:\\\/\\\/www.ahmadiyya-islam.org\\\/ba\\\/wp-content\\\/uploads\\\/sites\\\/16\\\/2020\\\/03\\\/martesa.jpg\",\"contentUrl\":\"https:\\\/\\\/www.ahmadiyya-islam.org\\\/ba\\\/wp-content\\\/uploads\\\/sites\\\/16\\\/2020\\\/03\\\/martesa.jpg\",\"width\":1200,\"height\":572,\"caption\":\"Vjen\u010danje,Brak\"},{\"@type\":\"BreadcrumbList\",\"@id\":\"https:\\\/\\\/www.ahmadiyya-islam.org\\\/ba\\\/dove\\\/sta-se-uci-prilikom-serijetskog-vjencanja\\\/#breadcrumb\",\"itemListElement\":[{\"@type\":\"ListItem\",\"position\":1,\"name\":\"Home\",\"item\":\"https:\\\/\\\/www.ahmadiyya-islam.org\\\/ba\\\/\"},{\"@type\":\"ListItem\",\"position\":2,\"name\":\"Dove\",\"item\":\"https:\\\/\\\/www.ahmadiyya-islam.org\\\/ba\\\/dove\\\/\"},{\"@type\":\"ListItem\",\"position\":3,\"name\":\"Hudba prilikom vjen\u010danja\"}]},{\"@type\":\"WebSite\",\"@id\":\"https:\\\/\\\/www.ahmadiyya-islam.org\\\/ba\\\/#website\",\"url\":\"https:\\\/\\\/www.ahmadiyya-islam.org\\\/ba\\\/\",\"name\":\"Ahmadija muslimanski d\u017eemat\",\"description\":\"BiH\",\"publisher\":{\"@id\":\"https:\\\/\\\/www.ahmadiyya-islam.org\\\/ba\\\/#organization\"},\"potentialAction\":[{\"@type\":\"SearchAction\",\"target\":{\"@type\":\"EntryPoint\",\"urlTemplate\":\"https:\\\/\\\/www.ahmadiyya-islam.org\\\/ba\\\/?s={search_term_string}\"},\"query-input\":{\"@type\":\"PropertyValueSpecification\",\"valueRequired\":true,\"valueName\":\"search_term_string\"}}],\"inLanguage\":\"bs-BA\"},{\"@type\":\"Organization\",\"@id\":\"https:\\\/\\\/www.ahmadiyya-islam.org\\\/ba\\\/#organization\",\"name\":\"Ahmadija muslimanski d\u017eemat\",\"url\":\"https:\\\/\\\/www.ahmadiyya-islam.org\\\/ba\\\/\",\"logo\":{\"@type\":\"ImageObject\",\"inLanguage\":\"bs-BA\",\"@id\":\"https:\\\/\\\/www.ahmadiyya-islam.org\\\/ba\\\/#\\\/schema\\\/logo\\\/image\\\/\",\"url\":\"https:\\\/\\\/www.ahmadiyya-islam.org\\\/ba\\\/wp-content\\\/uploads\\\/sites\\\/16\\\/2018\\\/03\\\/cropped-alislam-logo.jpg\",\"contentUrl\":\"https:\\\/\\\/www.ahmadiyya-islam.org\\\/ba\\\/wp-content\\\/uploads\\\/sites\\\/16\\\/2018\\\/03\\\/cropped-alislam-logo.jpg\",\"width\":512,\"height\":512,\"caption\":\"Ahmadija muslimanski d\u017eemat\"},\"image\":{\"@id\":\"https:\\\/\\\/www.ahmadiyya-islam.org\\\/ba\\\/#\\\/schema\\\/logo\\\/image\\\/\"}}]}<\/script>\n<!-- \/ Yoast SEO Premium plugin. -->","yoast_head_json":{"title":"\u0160ta se u\u010di prilikom \u0161erijetskog vjen\u010danja","description":"Ovo se u\u010di povodom ceremonije sklapanja muslimanskog braka.","robots":{"index":"index","follow":"follow","max-snippet":"max-snippet:-1","max-image-preview":"max-image-preview:large","max-video-preview":"max-video-preview:-1"},"canonical":"https:\/\/www.ahmadiyya-islam.org\/ba\/dove\/sta-se-uci-prilikom-serijetskog-vjencanja\/","og_locale":"bs_BA","og_type":"article","og_title":"Hudba prilikom vjen\u010danja","og_description":"Ovo se u\u010di povodom ceremonije sklapanja muslimanskog braka.","og_url":"https:\/\/www.ahmadiyya-islam.org\/ba\/dove\/sta-se-uci-prilikom-serijetskog-vjencanja\/","og_site_name":"Ahmadija muslimanski d\u017eemat","article_modified_time":"2020-03-30T20:37:07+00:00","og_image":[{"width":1200,"height":572,"url":"https:\/\/www.ahmadiyya-islam.org\/ba\/wp-content\/uploads\/sites\/16\/2020\/03\/martesa.jpg","type":"image\/jpeg"}],"twitter_card":"summary_large_image","twitter_misc":{"Est. reading time":"2 minute"},"schema":{"@context":"https:\/\/schema.org","@graph":[{"@type":"WebPage","@id":"https:\/\/www.ahmadiyya-islam.org\/ba\/dove\/sta-se-uci-prilikom-serijetskog-vjencanja\/","url":"https:\/\/www.ahmadiyya-islam.org\/ba\/dove\/sta-se-uci-prilikom-serijetskog-vjencanja\/","name":"\u0160ta se u\u010di prilikom \u0161erijetskog vjen\u010danja","isPartOf":{"@id":"https:\/\/www.ahmadiyya-islam.org\/ba\/#website"},"primaryImageOfPage":{"@id":"https:\/\/www.ahmadiyya-islam.org\/ba\/dove\/sta-se-uci-prilikom-serijetskog-vjencanja\/#primaryimage"},"image":{"@id":"https:\/\/www.ahmadiyya-islam.org\/ba\/dove\/sta-se-uci-prilikom-serijetskog-vjencanja\/#primaryimage"},"thumbnailUrl":"https:\/\/www.ahmadiyya-islam.org\/ba\/wp-content\/uploads\/sites\/16\/2020\/03\/martesa.jpg","datePublished":"2020-03-30T20:36:38+00:00","dateModified":"2020-03-30T20:37:07+00:00","description":"Ovo se u\u010di povodom ceremonije sklapanja muslimanskog braka.","breadcrumb":{"@id":"https:\/\/www.ahmadiyya-islam.org\/ba\/dove\/sta-se-uci-prilikom-serijetskog-vjencanja\/#breadcrumb"},"inLanguage":"bs-BA","potentialAction":[{"@type":"ReadAction","target":["https:\/\/www.ahmadiyya-islam.org\/ba\/dove\/sta-se-uci-prilikom-serijetskog-vjencanja\/"]}]},{"@type":"ImageObject","inLanguage":"bs-BA","@id":"https:\/\/www.ahmadiyya-islam.org\/ba\/dove\/sta-se-uci-prilikom-serijetskog-vjencanja\/#primaryimage","url":"https:\/\/www.ahmadiyya-islam.org\/ba\/wp-content\/uploads\/sites\/16\/2020\/03\/martesa.jpg","contentUrl":"https:\/\/www.ahmadiyya-islam.org\/ba\/wp-content\/uploads\/sites\/16\/2020\/03\/martesa.jpg","width":1200,"height":572,"caption":"Vjen\u010danje,Brak"},{"@type":"BreadcrumbList","@id":"https:\/\/www.ahmadiyya-islam.org\/ba\/dove\/sta-se-uci-prilikom-serijetskog-vjencanja\/#breadcrumb","itemListElement":[{"@type":"ListItem","position":1,"name":"Home","item":"https:\/\/www.ahmadiyya-islam.org\/ba\/"},{"@type":"ListItem","position":2,"name":"Dove","item":"https:\/\/www.ahmadiyya-islam.org\/ba\/dove\/"},{"@type":"ListItem","position":3,"name":"Hudba prilikom vjen\u010danja"}]},{"@type":"WebSite","@id":"https:\/\/www.ahmadiyya-islam.org\/ba\/#website","url":"https:\/\/www.ahmadiyya-islam.org\/ba\/","name":"Ahmadija muslimanski d\u017eemat","description":"BiH","publisher":{"@id":"https:\/\/www.ahmadiyya-islam.org\/ba\/#organization"},"potentialAction":[{"@type":"SearchAction","target":{"@type":"EntryPoint","urlTemplate":"https:\/\/www.ahmadiyya-islam.org\/ba\/?s={search_term_string}"},"query-input":{"@type":"PropertyValueSpecification","valueRequired":true,"valueName":"search_term_string"}}],"inLanguage":"bs-BA"},{"@type":"Organization","@id":"https:\/\/www.ahmadiyya-islam.org\/ba\/#organization","name":"Ahmadija muslimanski d\u017eemat","url":"https:\/\/www.ahmadiyya-islam.org\/ba\/","logo":{"@type":"ImageObject","inLanguage":"bs-BA","@id":"https:\/\/www.ahmadiyya-islam.org\/ba\/#\/schema\/logo\/image\/","url":"https:\/\/www.ahmadiyya-islam.org\/ba\/wp-content\/uploads\/sites\/16\/2018\/03\/cropped-alislam-logo.jpg","contentUrl":"https:\/\/www.ahmadiyya-islam.org\/ba\/wp-content\/uploads\/sites\/16\/2018\/03\/cropped-alislam-logo.jpg","width":512,"height":512,"caption":"Ahmadija muslimanski d\u017eemat"},"image":{"@id":"https:\/\/www.ahmadiyya-islam.org\/ba\/#\/schema\/logo\/image\/"}}]}},"_links":{"self":[{"href":"https:\/\/www.ahmadiyya-islam.org\/ba\/wp-json\/wp\/v2\/prayers\/2662","targetHints":{"allow":["GET"]}}],"collection":[{"href":"https:\/\/www.ahmadiyya-islam.org\/ba\/wp-json\/wp\/v2\/prayers"}],"about":[{"href":"https:\/\/www.ahmadiyya-islam.org\/ba\/wp-json\/wp\/v2\/types\/prayers"}],"version-history":[{"count":0,"href":"https:\/\/www.ahmadiyya-islam.org\/ba\/wp-json\/wp\/v2\/prayers\/2662\/revisions"}],"wp:featuredmedia":[{"embeddable":true,"href":"https:\/\/www.ahmadiyya-islam.org\/ba\/wp-json\/wp\/v2\/media\/2666"}],"wp:attachment":[{"href":"https:\/\/www.ahmadiyya-islam.org\/ba\/wp-json\/wp\/v2\/media?parent=2662"}],"wp:term":[{"taxonomy":"post_tag","embeddable":true,"href":"https:\/\/www.ahmadiyya-islam.org\/ba\/wp-json\/wp\/v2\/tags?post=2662"},{"taxonomy":"prayer-cat","embeddable":true,"href":"https:\/\/www.ahmadiyya-islam.org\/ba\/wp-json\/wp\/v2\/prayer-cat?post=2662"},{"taxonomy":"authors","embeddable":true,"href":"https:\/\/www.ahmadiyya-islam.org\/ba\/wp-json\/wp\/v2\/authors?post=2662"},{"taxonomy":"content_source","embeddable":true,"href":"https:\/\/www.ahmadiyya-islam.org\/ba\/wp-json\/wp\/v2\/content_source?post=2662"}],"curies":[{"name":"wp","href":"https:\/\/api.w.org\/{rel}","templated":true}]}}