{"id":10516,"date":"2022-04-17T13:45:23","date_gmt":"2022-04-17T13:45:23","guid":{"rendered":"https:\/\/www.ahmadiyya-islam.org\/ba\/?post_type=prayers&#038;p=10516"},"modified":"2022-04-17T15:30:52","modified_gmt":"2022-04-17T15:30:52","slug":"dove-za-prvu-trecinu-ramazana","status":"publish","type":"prayers","link":"https:\/\/www.ahmadiyya-islam.org\/ba\/dove\/dove-za-prvu-trecinu-ramazana\/","title":{"rendered":"Dove za prvu tre\u0107inu Ramazana"},"content":{"rendered":"<ul>\n<li>U ime Allaha, Milostivog, Darovaoca bez tra\u017eenja, Samilosnog.Sva hvala pripada Allahu, Gospodaru svih svjetova,Milostivom, Darovaocu bez tra\u017eenja, Samilosnom,Vladaru sudnjeg dana.Mi jedino Tebe obo\u017eavamo i jedino od Tebe pomo\u0107 tra\u017eimo.Uputi nas na Pravi put -na put onih kojima si dao blagodati, na koje se nije srd\u017eba izlila, I koji nisu zalutali. <a href=\"#_ftn1\" name=\"_ftnref1\">[1]<\/a><\/li>\n<li>Gospodaru na\u0161, u\u010dini nas dvojicu pokornim Tebi i od na\u0161ih potomaka ummet pokoran Tebi. I u\u010di nas kako da te obo\u017eavamo i \u017ertvujemo se, i okreni nam se s prihvatanjem pokajanja; zaista Ti mnogo prima\u0161 pokajanja (i) milostiv si.<a href=\"#_ftn2\" name=\"_ftnref2\">[2]<\/a><\/li>\n<li>Gospodaru na\u0161, ne stavljaj nam na odgovornost ako zaboravimo ili pogrije\u0161imo. O, Gospodaru na\u0161, nemoj na nas stavljati teret kao \u0161to si stavio na one prije nas (zbog njihovih grijeha). Gospodaru na\u0161, nemoj na nas stavljati teret koji je izvan na\u0161e mo\u0107i; i prije\u0111i preko na\u0161ih grijeha i oprosti nam, i smiluj nam se. Ti si na\u0161 Gospodar; zato nam pomozi protiv nevjerni\u010dkog naroda.<a href=\"#_ftn3\" name=\"_ftnref3\">[3]<\/a><\/li>\n<li>\u201cGospodaru na\u0161, ne daj da na\u0161a srca postanu iskrivljena nakon \u0161to si nas Ti uputio; i podaj nam milost Svoju; sigurno si Ti jedini veliki Darovatelj.<a href=\"#_ftn4\" name=\"_ftnref4\">[4]<\/a><\/li>\n<li>&#8221;Ako na\u0161 Gospodar ne bude imao milosti prema nama i ne oprosti nam, doista \u0107emo biti me\u0111u gubitnicima.\u201d<a href=\"#_ftn5\" name=\"_ftnref5\">[5]<\/a><\/li>\n<li>\u201cGospodaru moj, oprosti meni i bratu mome, i uvedi nas u Svoju milost, Ti si najmilostiviji od onih koji pokazuju milost.\u201d<a href=\"#_ftn6\" name=\"_ftnref6\">[6]<\/a><\/li>\n<li>Ti si na\u0161 pomaga\u010d, zato nam oprosti i smiluj nam se, jer Ti si najbolji od onih koji opra\u0161taju.<a href=\"#_ftn7\" name=\"_ftnref7\">[7]<\/a><\/li>\n<li>\u201cMoj Gospodaru, ja tra\u017eim uto\u010di\u0161te da Te ne pitam za onu stvar za koju nemam znanja. I ako mi Ti ne oprosti\u0161 i ne bude\u0161 imao milosti prema meni, bit \u0107u me\u0111u gubitnicima.\u201d<a href=\"#_ftn8\" name=\"_ftnref8\">[8]<\/a><\/li>\n<li>&#8221;Moj Gospodaru, smiluj im se oboma, kao \u0161to su njih oboje mene podizali dok sam bio dijete.\u2019 \u201c<a href=\"#_ftn9\" name=\"_ftnref9\">[9]<\/a><\/li>\n<li>\u201cGospodaru na\u0161, podari nam milost od Sebe, i uputi nas u na\u0161oj stvari.\u201d<a href=\"#_ftn10\" name=\"_ftnref10\">[10]<\/a><\/li>\n<li>&#8221;Velika patnja me zadesila, a Ti si najmilostiviji od svih milostivih.\u201c<a href=\"#_ftn11\" name=\"_ftnref11\">[11]<\/a><\/li>\n<li>&#8221;Na\u0161 Gospodaru, mi vjerujemo; oprosti nam zato, i smiluj nam se; jer Ti si Najbolji me\u0111u milostivim.\u2019<a href=\"#_ftn12\" name=\"_ftnref12\">[12]<\/a><\/li>\n<li>&#8221;Moj Gospodaru, oprosti i smiluj se, Ti si najmilostiviji.\u201c<a href=\"#_ftn13\" name=\"_ftnref13\">[13]<\/a><\/li>\n<li>\u201cMoj Gospodaru, u\u010dini me sposobnim da budem zahvalan za Tvoju blagodat koju si podario meni i roditeljima mojim, i da \u010dinim dobra djela koja \u0107e Tebe zadovoljiti, i uvedi me Svojom milo\u0161\u0107u me\u0111u Tvoje dobre robove.\u201d<a href=\"#_ftn14\" name=\"_ftnref14\">[14]<\/a><\/li>\n<li>&#8230;\u201cO, Gospodaru na\u0161, Ti sve stvari obuhvata\u0161 Svojom milo\u0161\u0107u i znanjem. Zato oprosti onima koji se kaju i slijede Tvoj put; i sa\u010duvaj ih kazne d\u017eehennemske. O, Gospodaru na\u0161, uvedi ih u ba\u0161\u010de vje\u010dnosti, koje si Ti obe\u0107ao njima, i tako\u0111er i o\u010deve njihove, i drugove, i njihovu djecu, one koji \u010dine dobra djela. Zaista si Ti mo\u0107an (i) mudar.I za\u0161titi ih od grijeha; a onaj koga Ti tog dana za\u0161titi\u0161 od (\u017e) grijeha \u2013 njemu si Ti zaista pokazao milost. A to je vrhunski uspjeh.\u201d<a href=\"#_ftn15\" name=\"_ftnref15\">[15]<\/a><\/li>\n<\/ul>\n<hr \/>\n<p><a href=\"#_ftnref1\" name=\"_ftn1\">[1]<\/a> El-F\u0101tiha:1-7<br \/>\n<a href=\"#_ftnref2\" name=\"_ftn2\">[2]<\/a> El-Bekare: 129<br \/>\n<a href=\"#_ftnref3\" name=\"_ftn3\">[3]<\/a> El-Bekare: 287<br \/>\n<a href=\"#_ftnref4\" name=\"_ftn4\">[4]<\/a> \u0100lu &#8216;Imr\u0101n:9<br \/>\n<a href=\"#_ftnref5\" name=\"_ftn5\">[5]<\/a> El-A'r\u0101f:150<br \/>\n<a href=\"#_ftnref6\" name=\"_ftn6\">[6]<\/a> El-A'r\u0101f:152<br \/>\n<a href=\"#_ftnref7\" name=\"_ftn7\">[7]<\/a> El-A'r\u0101f:156<br \/>\n<a href=\"#_ftnref8\" name=\"_ftn8\">[8]<\/a> H\u016bd:48<br \/>\n<a href=\"#_ftnref9\" name=\"_ftn9\">[9]<\/a> Beni Israil:25<br \/>\n<a href=\"#_ftnref10\" name=\"_ftn10\">[10]<\/a> El-Kehf:11<br \/>\n<a href=\"#_ftnref11\" name=\"_ftn11\">[11]<\/a> El-Enbij\u0101&#8217;:84<br \/>\n<a href=\"#_ftnref12\" name=\"_ftn12\">[12]<\/a> <a href=\"https:\/\/www.ahmadiyya-islam.org\/ba\/casni-kuran\/sura\/23\/\">El-Mu'min\u016bn<\/a>:110<br \/>\n<a href=\"#_ftnref13\" name=\"_ftn13\">[13]<\/a> <a href=\"https:\/\/www.ahmadiyya-islam.org\/ba\/casni-kuran\/sura\/23\/\">El-Mu'min\u016bn<\/a>:119<br \/>\n<a href=\"#_ftnref14\" name=\"_ftn14\">[14]<\/a> En-Neml:20<br \/>\n<a href=\"#_ftnref15\" name=\"_ftn15\">[15]<\/a> El-Mu'min:8-10<\/p>\n","protected":false},"excerpt":{"rendered":"<p>Izabrane dove \u010casnog Kur'ana uskladu sa prvom tre\u0107inom Ramazana, koje se odnose na tra\u017eenje Bo\u017eije milosti&#8230;<\/p>\n","protected":false},"featured_media":10500,"parent":0,"template":"","tags":[2277,2684],"prayer-cat":[1897],"authors":[2664],"content_source":[],"class_list":["post-10516","prayers","type-prayers","status-publish","has-post-thumbnail","hentry","tag-dove-casnog-kurana","tag-ramazanske-dove","topics-dova","topics-dove-casnog-kurana","prayer-cat-casni-kuran","authors-amjbih"],"acf":[],"yoast_head":"<!-- This site is optimized with the Yoast SEO Premium plugin v21.1 (Yoast SEO v27.4) - https:\/\/yoast.com\/product\/yoast-seo-premium-wordpress\/ -->\n<title>Prva tre\u0107ina Ramazana II Izabrane dove<\/title>\n<meta name=\"description\" content=\"Izabrane dove \u010casnog Kur&#039;ana uskladu sa prvom tre\u0107inom Ramazana, koje se odnose na tra\u017eenje Bo\u017eije milosti...\" \/>\n<meta name=\"robots\" content=\"index, follow, max-snippet:-1, max-image-preview:large, max-video-preview:-1\" \/>\n<link rel=\"canonical\" href=\"https:\/\/www.ahmadiyya-islam.org\/ba\/dove\/dove-za-prvu-trecinu-ramazana\/\" \/>\n<meta property=\"og:locale\" content=\"bs_BA\" \/>\n<meta property=\"og:type\" content=\"article\" \/>\n<meta property=\"og:title\" content=\"Dove za prvu tre\u0107inu Ramazana\" \/>\n<meta property=\"og:description\" content=\"Izabrane dove \u010casnog Kur&#039;ana uskladu sa prvom tre\u0107inom Ramazana, koje se odnose na tra\u017eenje Bo\u017eije milosti...\" \/>\n<meta property=\"og:url\" content=\"https:\/\/www.ahmadiyya-islam.org\/ba\/dove\/dove-za-prvu-trecinu-ramazana\/\" \/>\n<meta property=\"og:site_name\" content=\"Ahmadija muslimanski d\u017eemat\" \/>\n<meta property=\"article:modified_time\" content=\"2022-04-17T15:30:52+00:00\" \/>\n<meta property=\"og:image\" content=\"https:\/\/www.ahmadiyya-islam.org\/ba\/wp-content\/uploads\/sites\/16\/2022\/03\/Raamazan-sveti-mjesec-posta-.jpg\" \/>\n\t<meta property=\"og:image:width\" content=\"1600\" \/>\n\t<meta property=\"og:image:height\" content=\"750\" \/>\n\t<meta property=\"og:image:type\" content=\"image\/jpeg\" \/>\n<meta name=\"twitter:card\" content=\"summary_large_image\" \/>\n<meta name=\"twitter:label1\" content=\"Est. reading time\" \/>\n\t<meta name=\"twitter:data1\" content=\"3 minute\" \/>\n<script type=\"application\/ld+json\" class=\"yoast-schema-graph\">{\"@context\":\"https:\\\/\\\/schema.org\",\"@graph\":[{\"@type\":\"WebPage\",\"@id\":\"https:\\\/\\\/www.ahmadiyya-islam.org\\\/ba\\\/dove\\\/dove-za-prvu-trecinu-ramazana\\\/\",\"url\":\"https:\\\/\\\/www.ahmadiyya-islam.org\\\/ba\\\/dove\\\/dove-za-prvu-trecinu-ramazana\\\/\",\"name\":\"Prva tre\u0107ina Ramazana II Izabrane dove\",\"isPartOf\":{\"@id\":\"https:\\\/\\\/www.ahmadiyya-islam.org\\\/ba\\\/#website\"},\"primaryImageOfPage\":{\"@id\":\"https:\\\/\\\/www.ahmadiyya-islam.org\\\/ba\\\/dove\\\/dove-za-prvu-trecinu-ramazana\\\/#primaryimage\"},\"image\":{\"@id\":\"https:\\\/\\\/www.ahmadiyya-islam.org\\\/ba\\\/dove\\\/dove-za-prvu-trecinu-ramazana\\\/#primaryimage\"},\"thumbnailUrl\":\"https:\\\/\\\/www.ahmadiyya-islam.org\\\/ba\\\/wp-content\\\/uploads\\\/sites\\\/16\\\/2022\\\/03\\\/Raamazan-sveti-mjesec-posta-.jpg\",\"datePublished\":\"2022-04-17T13:45:23+00:00\",\"dateModified\":\"2022-04-17T15:30:52+00:00\",\"description\":\"Izabrane dove \u010casnog Kur'ana uskladu sa prvom tre\u0107inom Ramazana, koje se odnose na tra\u017eenje Bo\u017eije milosti...\",\"breadcrumb\":{\"@id\":\"https:\\\/\\\/www.ahmadiyya-islam.org\\\/ba\\\/dove\\\/dove-za-prvu-trecinu-ramazana\\\/#breadcrumb\"},\"inLanguage\":\"bs-BA\",\"potentialAction\":[{\"@type\":\"ReadAction\",\"target\":[\"https:\\\/\\\/www.ahmadiyya-islam.org\\\/ba\\\/dove\\\/dove-za-prvu-trecinu-ramazana\\\/\"]}]},{\"@type\":\"ImageObject\",\"inLanguage\":\"bs-BA\",\"@id\":\"https:\\\/\\\/www.ahmadiyya-islam.org\\\/ba\\\/dove\\\/dove-za-prvu-trecinu-ramazana\\\/#primaryimage\",\"url\":\"https:\\\/\\\/www.ahmadiyya-islam.org\\\/ba\\\/wp-content\\\/uploads\\\/sites\\\/16\\\/2022\\\/03\\\/Raamazan-sveti-mjesec-posta-.jpg\",\"contentUrl\":\"https:\\\/\\\/www.ahmadiyya-islam.org\\\/ba\\\/wp-content\\\/uploads\\\/sites\\\/16\\\/2022\\\/03\\\/Raamazan-sveti-mjesec-posta-.jpg\",\"width\":1600,\"height\":750,\"caption\":\"Ramazan\"},{\"@type\":\"BreadcrumbList\",\"@id\":\"https:\\\/\\\/www.ahmadiyya-islam.org\\\/ba\\\/dove\\\/dove-za-prvu-trecinu-ramazana\\\/#breadcrumb\",\"itemListElement\":[{\"@type\":\"ListItem\",\"position\":1,\"name\":\"Home\",\"item\":\"https:\\\/\\\/www.ahmadiyya-islam.org\\\/ba\\\/\"},{\"@type\":\"ListItem\",\"position\":2,\"name\":\"Dove\",\"item\":\"https:\\\/\\\/www.ahmadiyya-islam.org\\\/ba\\\/dove\\\/\"},{\"@type\":\"ListItem\",\"position\":3,\"name\":\"Dove za prvu tre\u0107inu Ramazana\"}]},{\"@type\":\"WebSite\",\"@id\":\"https:\\\/\\\/www.ahmadiyya-islam.org\\\/ba\\\/#website\",\"url\":\"https:\\\/\\\/www.ahmadiyya-islam.org\\\/ba\\\/\",\"name\":\"Ahmadija muslimanski d\u017eemat\",\"description\":\"BiH\",\"publisher\":{\"@id\":\"https:\\\/\\\/www.ahmadiyya-islam.org\\\/ba\\\/#organization\"},\"potentialAction\":[{\"@type\":\"SearchAction\",\"target\":{\"@type\":\"EntryPoint\",\"urlTemplate\":\"https:\\\/\\\/www.ahmadiyya-islam.org\\\/ba\\\/?s={search_term_string}\"},\"query-input\":{\"@type\":\"PropertyValueSpecification\",\"valueRequired\":true,\"valueName\":\"search_term_string\"}}],\"inLanguage\":\"bs-BA\"},{\"@type\":\"Organization\",\"@id\":\"https:\\\/\\\/www.ahmadiyya-islam.org\\\/ba\\\/#organization\",\"name\":\"Ahmadija muslimanski d\u017eemat\",\"url\":\"https:\\\/\\\/www.ahmadiyya-islam.org\\\/ba\\\/\",\"logo\":{\"@type\":\"ImageObject\",\"inLanguage\":\"bs-BA\",\"@id\":\"https:\\\/\\\/www.ahmadiyya-islam.org\\\/ba\\\/#\\\/schema\\\/logo\\\/image\\\/\",\"url\":\"https:\\\/\\\/www.ahmadiyya-islam.org\\\/ba\\\/wp-content\\\/uploads\\\/sites\\\/16\\\/2018\\\/03\\\/cropped-alislam-logo.jpg\",\"contentUrl\":\"https:\\\/\\\/www.ahmadiyya-islam.org\\\/ba\\\/wp-content\\\/uploads\\\/sites\\\/16\\\/2018\\\/03\\\/cropped-alislam-logo.jpg\",\"width\":512,\"height\":512,\"caption\":\"Ahmadija muslimanski d\u017eemat\"},\"image\":{\"@id\":\"https:\\\/\\\/www.ahmadiyya-islam.org\\\/ba\\\/#\\\/schema\\\/logo\\\/image\\\/\"}}]}<\/script>\n<!-- \/ Yoast SEO Premium plugin. -->","yoast_head_json":{"title":"Prva tre\u0107ina Ramazana II Izabrane dove","description":"Izabrane dove \u010casnog Kur'ana uskladu sa prvom tre\u0107inom Ramazana, koje se odnose na tra\u017eenje Bo\u017eije milosti...","robots":{"index":"index","follow":"follow","max-snippet":"max-snippet:-1","max-image-preview":"max-image-preview:large","max-video-preview":"max-video-preview:-1"},"canonical":"https:\/\/www.ahmadiyya-islam.org\/ba\/dove\/dove-za-prvu-trecinu-ramazana\/","og_locale":"bs_BA","og_type":"article","og_title":"Dove za prvu tre\u0107inu Ramazana","og_description":"Izabrane dove \u010casnog Kur'ana uskladu sa prvom tre\u0107inom Ramazana, koje se odnose na tra\u017eenje Bo\u017eije milosti...","og_url":"https:\/\/www.ahmadiyya-islam.org\/ba\/dove\/dove-za-prvu-trecinu-ramazana\/","og_site_name":"Ahmadija muslimanski d\u017eemat","article_modified_time":"2022-04-17T15:30:52+00:00","og_image":[{"width":1600,"height":750,"url":"https:\/\/www.ahmadiyya-islam.org\/ba\/wp-content\/uploads\/sites\/16\/2022\/03\/Raamazan-sveti-mjesec-posta-.jpg","type":"image\/jpeg"}],"twitter_card":"summary_large_image","twitter_misc":{"Est. reading time":"3 minute"},"schema":{"@context":"https:\/\/schema.org","@graph":[{"@type":"WebPage","@id":"https:\/\/www.ahmadiyya-islam.org\/ba\/dove\/dove-za-prvu-trecinu-ramazana\/","url":"https:\/\/www.ahmadiyya-islam.org\/ba\/dove\/dove-za-prvu-trecinu-ramazana\/","name":"Prva tre\u0107ina Ramazana II Izabrane dove","isPartOf":{"@id":"https:\/\/www.ahmadiyya-islam.org\/ba\/#website"},"primaryImageOfPage":{"@id":"https:\/\/www.ahmadiyya-islam.org\/ba\/dove\/dove-za-prvu-trecinu-ramazana\/#primaryimage"},"image":{"@id":"https:\/\/www.ahmadiyya-islam.org\/ba\/dove\/dove-za-prvu-trecinu-ramazana\/#primaryimage"},"thumbnailUrl":"https:\/\/www.ahmadiyya-islam.org\/ba\/wp-content\/uploads\/sites\/16\/2022\/03\/Raamazan-sveti-mjesec-posta-.jpg","datePublished":"2022-04-17T13:45:23+00:00","dateModified":"2022-04-17T15:30:52+00:00","description":"Izabrane dove \u010casnog Kur'ana uskladu sa prvom tre\u0107inom Ramazana, koje se odnose na tra\u017eenje Bo\u017eije milosti...","breadcrumb":{"@id":"https:\/\/www.ahmadiyya-islam.org\/ba\/dove\/dove-za-prvu-trecinu-ramazana\/#breadcrumb"},"inLanguage":"bs-BA","potentialAction":[{"@type":"ReadAction","target":["https:\/\/www.ahmadiyya-islam.org\/ba\/dove\/dove-za-prvu-trecinu-ramazana\/"]}]},{"@type":"ImageObject","inLanguage":"bs-BA","@id":"https:\/\/www.ahmadiyya-islam.org\/ba\/dove\/dove-za-prvu-trecinu-ramazana\/#primaryimage","url":"https:\/\/www.ahmadiyya-islam.org\/ba\/wp-content\/uploads\/sites\/16\/2022\/03\/Raamazan-sveti-mjesec-posta-.jpg","contentUrl":"https:\/\/www.ahmadiyya-islam.org\/ba\/wp-content\/uploads\/sites\/16\/2022\/03\/Raamazan-sveti-mjesec-posta-.jpg","width":1600,"height":750,"caption":"Ramazan"},{"@type":"BreadcrumbList","@id":"https:\/\/www.ahmadiyya-islam.org\/ba\/dove\/dove-za-prvu-trecinu-ramazana\/#breadcrumb","itemListElement":[{"@type":"ListItem","position":1,"name":"Home","item":"https:\/\/www.ahmadiyya-islam.org\/ba\/"},{"@type":"ListItem","position":2,"name":"Dove","item":"https:\/\/www.ahmadiyya-islam.org\/ba\/dove\/"},{"@type":"ListItem","position":3,"name":"Dove za prvu tre\u0107inu Ramazana"}]},{"@type":"WebSite","@id":"https:\/\/www.ahmadiyya-islam.org\/ba\/#website","url":"https:\/\/www.ahmadiyya-islam.org\/ba\/","name":"Ahmadija muslimanski d\u017eemat","description":"BiH","publisher":{"@id":"https:\/\/www.ahmadiyya-islam.org\/ba\/#organization"},"potentialAction":[{"@type":"SearchAction","target":{"@type":"EntryPoint","urlTemplate":"https:\/\/www.ahmadiyya-islam.org\/ba\/?s={search_term_string}"},"query-input":{"@type":"PropertyValueSpecification","valueRequired":true,"valueName":"search_term_string"}}],"inLanguage":"bs-BA"},{"@type":"Organization","@id":"https:\/\/www.ahmadiyya-islam.org\/ba\/#organization","name":"Ahmadija muslimanski d\u017eemat","url":"https:\/\/www.ahmadiyya-islam.org\/ba\/","logo":{"@type":"ImageObject","inLanguage":"bs-BA","@id":"https:\/\/www.ahmadiyya-islam.org\/ba\/#\/schema\/logo\/image\/","url":"https:\/\/www.ahmadiyya-islam.org\/ba\/wp-content\/uploads\/sites\/16\/2018\/03\/cropped-alislam-logo.jpg","contentUrl":"https:\/\/www.ahmadiyya-islam.org\/ba\/wp-content\/uploads\/sites\/16\/2018\/03\/cropped-alislam-logo.jpg","width":512,"height":512,"caption":"Ahmadija muslimanski d\u017eemat"},"image":{"@id":"https:\/\/www.ahmadiyya-islam.org\/ba\/#\/schema\/logo\/image\/"}}]}},"_links":{"self":[{"href":"https:\/\/www.ahmadiyya-islam.org\/ba\/wp-json\/wp\/v2\/prayers\/10516","targetHints":{"allow":["GET"]}}],"collection":[{"href":"https:\/\/www.ahmadiyya-islam.org\/ba\/wp-json\/wp\/v2\/prayers"}],"about":[{"href":"https:\/\/www.ahmadiyya-islam.org\/ba\/wp-json\/wp\/v2\/types\/prayers"}],"version-history":[{"count":1,"href":"https:\/\/www.ahmadiyya-islam.org\/ba\/wp-json\/wp\/v2\/prayers\/10516\/revisions"}],"predecessor-version":[{"id":10518,"href":"https:\/\/www.ahmadiyya-islam.org\/ba\/wp-json\/wp\/v2\/prayers\/10516\/revisions\/10518"}],"wp:featuredmedia":[{"embeddable":true,"href":"https:\/\/www.ahmadiyya-islam.org\/ba\/wp-json\/wp\/v2\/media\/10500"}],"wp:attachment":[{"href":"https:\/\/www.ahmadiyya-islam.org\/ba\/wp-json\/wp\/v2\/media?parent=10516"}],"wp:term":[{"taxonomy":"post_tag","embeddable":true,"href":"https:\/\/www.ahmadiyya-islam.org\/ba\/wp-json\/wp\/v2\/tags?post=10516"},{"taxonomy":"prayer-cat","embeddable":true,"href":"https:\/\/www.ahmadiyya-islam.org\/ba\/wp-json\/wp\/v2\/prayer-cat?post=10516"},{"taxonomy":"authors","embeddable":true,"href":"https:\/\/www.ahmadiyya-islam.org\/ba\/wp-json\/wp\/v2\/authors?post=10516"},{"taxonomy":"content_source","embeddable":true,"href":"https:\/\/www.ahmadiyya-islam.org\/ba\/wp-json\/wp\/v2\/content_source?post=10516"}],"curies":[{"name":"wp","href":"https:\/\/api.w.org\/{rel}","templated":true}]}}