{"id":2468,"date":"2020-03-25T18:39:59","date_gmt":"2020-03-25T18:39:59","guid":{"rendered":"https:\/\/www.ahmadiyya-islam.org\/ba\/?post_type=faqs&#038;p=2468"},"modified":"2020-03-25T18:39:59","modified_gmt":"2020-03-25T18:39:59","slug":"sta-je-razlika-izmedju-ahmedi-i-ne-ahmedi-muslimanima","status":"publish","type":"faqs","link":"https:\/\/www.ahmadiyya-islam.org\/ba\/pitanja\/sta-je-razlika-izmedju-ahmedi-i-ne-ahmedi-muslimanima\/","title":{"rendered":"\u0160ta je razlika izme\u0111u ahmedi i ne-ahmedi muslimanima"},"content":{"rendered":"<p><strong>Ispitiva\u010d:<\/strong> Razumio sam iz uvoda da je Ahmadija pokret nastao 1889., \u0161to je preko stotinu godina do sada. Tokom ovog perioda kada je iza\u0161la na vidjelo razlika izme\u0111u Ahmadija pokreta i glavnog islamskog pokreta i \u0161ta je bio uzrok razli\u010ditosti?<\/p>\n<p><strong>Hazreti Mirza Tahir Ahmad:<\/strong> Prije svega nema razlike izme\u0111u glavne islamske i Ahmadija zajednice. Pitanje je pogre\u0161no. Ukoliko postoji bilo kakva razlika izme\u0111u islama i Ahmadija zajednice, ja bih ostavio Ahmadija zajednicu jer je islam religija, islam je nepormjenjiva vjera i put koji je otkriven za dobrobit cijelog \u010dovje\u010danstva zauvijek, to je ono kako vjerujemo mi.<\/p>\n<p>Tako da je to pogre\u0161an na\u010din da se prika\u017eu razlike izme\u0111u ahmadija i ostalih. Pravo pitanje bi bilo: \u201eKada su razlike izme\u0111u razumijevanja islama od strane ahmadija i razumijevanje ostalih muslimana iza\u0161le na vidjelo?\u00a0 Je li toVa\u0161e pitanje?<\/p>\n<p><strong>Ispitiva\u010d:<\/strong> Da.<\/p>\n<p><strong>Hazreti Mirza Tahir Ahmad:<\/strong> U redu. Sa tim se sla\u017eem. Postoji razlika u razumijevanju islama izme\u0111u ahmadija i ne-ahmadija, \u0161to je iza\u0161lo na vidjelo veoma jako i mo\u0107no u odre\u0111enom stadiju na\u0161e historije. Sve je po\u010delo iznenada kada je hazreti Mirza Ghulam Ahmad iz Kadijana (\u010dasni osniva\u010d Ahmadija zajednice) izjavio da prema objavi koju je primio od Boga, Isa a.s. nije bio sin Bo\u017eiji, on je bio poslanik i prema ovoj objavi svi Bo\u017eiji poslanici su preselili. Niti jedan (od ranijih poslanika) ne \u017eivi fizi\u010dki danas na ovom svijetu.<\/p>\n<p>Oni su obavili svoju misiju, dali su razli\u010dite upute za \u017eivot ali na kraju svi su oni preselili kao ljudska bi\u0107a. Isa a.s. nije bio izuzetak. Izjavljuju\u0107i ovo, rekao je da \u0161to se ti\u010de predskazanja \u010casnog Poslanika s.a.v.s., \u010dasnog osniva\u010da islama, on je mislio da \u0107e Isa a.s. do\u0107i ponovno u kasnijim danima. Pa ako je Isa a.s. mrtav kako se tvrdi, onda \u0161ta to zna\u010di? Ko \u0107e do\u0107i? Ho\u0107e li Isa a.s. uskrsnuti iz mrtvih?<\/p>\n<p>U odgovoru na ovo pitanje on je rekao da mu je Bog tako\u0111er rekao da je on bio isti Isa \u010diji je dolazak predskazan u hadisima \u010casnogPoslanika s.a.v.s. ali to je bio samo doslovno. To nije bilo predskazanje koje je zna\u010dilo da \u0107e stari Isaa.s. biti o\u017eivljen svojim tijelom ili duhom u nekom ljudskom obliku kao \u0161to ljudi vjeruju da se de\u0161ava tokom reinkarnacije.<\/p>\n<p>On je objasnio da je zna\u010denje toga bilo da \u0107e neko sa karakterom i stilom Isa a.s. biti ro\u0111en u islamu. Dat \u0107e mu se naziv \u201eIsa\u201c da bi se nazna\u010dila njegova sli\u010dnost sa Isa a.s. On \u0107e raditi za islam ono \u0161to je Isa a.s. radio za judaizam u kontekstu Isa-judaizam odnosa.<\/p>\n<p>On nije to ostavio samo kao \u010distu tvrdnju, nego su napravljeni argumenti koji se odnose na tu tvrdnju i napravljeni su tako jasno i razumnjivo da je to postalo pitanje \u010distog razuma, i nije zahtijevalo druge jake argumente u korist ove tvrdnje.<\/p>\n<p>On je rekao da se uvijek de\u0161ava na ovakav na\u010din. Ni jedna osoba \u010diji je znak ponovno predskazan nikada nije ponovno do\u0161la. On je rekao pogledajte u historiju tvrdnji koje su na\u0111ene u skoro svim religijama da neko ko je ro\u0111en stotinama godina ranije, da \u0107e ponovno do\u0107i, kao Ilijas a.s. koji je trebao do\u0107i prije Isa a.s. On je rekao to, da ako zbog argumenata mi prihvatimo sve pri\u010de uzdignu\u0107a kao ispravne \u0161irom svijeta, onda kako prihvatiti jedini argument u historiji \u010dovje\u010danstva kada ista osoba koja je predskazana da \u0107e se ponovno pojaviti ustvari se pojavila u osobi ili \u010dak se tvrdi da se pojavila u osobi, ne tjelesno.<\/p>\n<p>Isa a.s. je tvrdio da je Ilijas do\u0161ao ponovno ali to nije bilo tjelesno. Bio je to Ivan Baptist (Jahja a.s.) onaj na koga je on mislio. Stoga njegov dolazak prema Isa a.s. je ustvari dolazak Iliasa a.s.<\/p>\n<p>Na isti na\u010din osniva\u010d Ahmadija zajednice tvrdi da je njegov dolazak ponovni dolazak Isa a.s., i on \u0107e raditi na isti na\u010din u istom stilu kao Isa a.s. \u0161to je radio u judaizmu. Sada kratki primjer, jer bi druga\u010dije odgovor na ovo pitanje mogao du\u017ee potrajati.<\/p>\n<p>Glavno pitanje je \u0161ta je Isa a.s. radio? On je promijenio stav te\u0161kog nemilosrdnog pona\u0161anja osvete u pona\u0161anje opra\u0161tanja kakav je duh kr\u0161\u0107anstva danas. Dakle ovo je ono \u0161to je on uradio u islamu. On je rekao da se islam nikada nije \u0161irio ma\u010dem ili na bilo koji na\u010din prisile na putu pozivanja ljudi da se pribli\u017ee Bogu.<\/p>\n<p>Uvijek je to bio odbrambeni rat koji je dozvoljen u islamu, ali nikada rat iscrpljivanja koji koristi silu da bi promijenio ideje svijeta. To se jedino mo\u017ee posti\u0107i kroz \u017ertvu, ustrajnost, kroz ljubav.<\/p>\n<p>Zna\u010di tako je Isa a.s.ponovno ro\u0111en, zar nije? I to je razlog za\u0161to je on ka\u017enjen i njegova zajednica i dalje se ka\u017enjava i vi \u010ditate toliko u arapskom svijetu u novinama i sli\u010dno, da Ahmadije ne vjeruju u d\u017eihad, sveti rat.<\/p>\n<p>Naravno mi vjerujemo u sveti rat ali ne u ne\u010dasni rat. Rat u ime svetosti u kojem se prolijeva krv ljudi,samo radi dobra prihvatanja islama je najne\u010dasniji rat koji se mo\u017ee voditi i najgluplja stvar koja se mo\u017ee desiti ljudima.<\/p>\n<p>To je bilo ono protiv \u010dega je bio osniva\u010d Ahmadija zajednice, Obe\u0107ani Mesija,protiv \u010dega je vodio rat isto kao i Isa a.s., zbog toga pre\u017eivljavaju\u0107i patnju. Dakle, ovo je samo jedan primjer, ali rekao sam ve\u0107 to je radi ograni\u010denosti vremena.<\/p>\n<p>Izvor: The Review of Religions-maj\/juni 1997.godine.<\/p>\n","protected":false},"excerpt":{"rendered":"<p>Razumio sam iz uvoda da je Ahmadija pokret nastao 1889., \u0161to je preko stotinu godina do sada. Tokom ovog perioda kada je iza\u0161la na vidjelo razlika izme\u0111u Ahmadija pokreta i glavnog islamskog pokreta i \u0161ta je bio uzrok razli\u010ditosti?<\/p>\n","protected":false},"featured_media":2131,"parent":0,"template":"","tags":[1954,236],"authors":[1364],"faq_cat":[1950],"class_list":["post-2468","faqs","type-faqs","status-publish","has-post-thumbnail","hentry","tag-dolazak-isa-a-s","tag-islam","topics-historija-religije","topics-islam","authors-hazreti-mirza-tahir-ahmad","faq_cat-mudrost-vjere"],"acf":[],"yoast_head":"<!-- This site is optimized with the Yoast SEO Premium plugin v21.1 (Yoast SEO v27.4) - https:\/\/yoast.com\/product\/yoast-seo-premium-wordpress\/ -->\n<title>\u0160ta je razlika izme\u0111u ahmedi i ne-ahmedi muslimanima<\/title>\n<meta name=\"description\" content=\"Razumio sam iz uvoda da je Ahmadija pokret nastao 1889., \u0161to je preko stotinu godina do sada. Tokom ovog perioda kada je iza\u0161la na vidjelo razlika izme\u0111u Ahmadija pokreta i glavnog islamskog pokreta i \u0161ta je bio uzrok razli\u010ditosti?\" \/>\n<meta name=\"robots\" content=\"index, follow, max-snippet:-1, max-image-preview:large, max-video-preview:-1\" \/>\n<link rel=\"canonical\" href=\"https:\/\/www.ahmadiyya-islam.org\/ba\/pitanja\/sta-je-razlika-izmedju-ahmedi-i-ne-ahmedi-muslimanima\/\" \/>\n<meta property=\"og:locale\" content=\"bs_BA\" \/>\n<meta property=\"og:type\" content=\"article\" \/>\n<meta property=\"og:title\" content=\"\u0160ta je razlika izme\u0111u ahmedi i ne-ahmedi muslimanima\" \/>\n<meta property=\"og:description\" content=\"Razumio sam iz uvoda da je Ahmadija pokret nastao 1889., \u0161to je preko stotinu godina do sada. Tokom ovog perioda kada je iza\u0161la na vidjelo razlika izme\u0111u Ahmadija pokreta i glavnog islamskog pokreta i \u0161ta je bio uzrok razli\u010ditosti?\" \/>\n<meta property=\"og:url\" content=\"https:\/\/www.ahmadiyya-islam.org\/ba\/pitanja\/sta-je-razlika-izmedju-ahmedi-i-ne-ahmedi-muslimanima\/\" \/>\n<meta property=\"og:site_name\" content=\"Ahmadija muslimanski d\u017eemat\" \/>\n<meta property=\"og:image\" content=\"https:\/\/www.ahmadiyya-islam.org\/ba\/wp-content\/uploads\/sites\/16\/2020\/03\/Darul-Masih.jpg\" \/>\n\t<meta property=\"og:image:width\" content=\"1200\" \/>\n\t<meta property=\"og:image:height\" content=\"571\" \/>\n\t<meta property=\"og:image:type\" content=\"image\/jpeg\" \/>\n<meta name=\"twitter:card\" content=\"summary_large_image\" \/>\n<meta name=\"twitter:label1\" content=\"Est. reading time\" \/>\n\t<meta name=\"twitter:data1\" content=\"5 minuta\" \/>\n<script type=\"application\/ld+json\" class=\"yoast-schema-graph\">{\"@context\":\"https:\\\/\\\/schema.org\",\"@graph\":[{\"@type\":\"WebPage\",\"@id\":\"https:\\\/\\\/www.ahmadiyya-islam.org\\\/ba\\\/pitanja\\\/sta-je-razlika-izmedju-ahmedi-i-ne-ahmedi-muslimanima\\\/\",\"url\":\"https:\\\/\\\/www.ahmadiyya-islam.org\\\/ba\\\/pitanja\\\/sta-je-razlika-izmedju-ahmedi-i-ne-ahmedi-muslimanima\\\/\",\"name\":\"\u0160ta je razlika izme\u0111u ahmedi i ne-ahmedi muslimanima\",\"isPartOf\":{\"@id\":\"https:\\\/\\\/www.ahmadiyya-islam.org\\\/ba\\\/#website\"},\"primaryImageOfPage\":{\"@id\":\"https:\\\/\\\/www.ahmadiyya-islam.org\\\/ba\\\/pitanja\\\/sta-je-razlika-izmedju-ahmedi-i-ne-ahmedi-muslimanima\\\/#primaryimage\"},\"image\":{\"@id\":\"https:\\\/\\\/www.ahmadiyya-islam.org\\\/ba\\\/pitanja\\\/sta-je-razlika-izmedju-ahmedi-i-ne-ahmedi-muslimanima\\\/#primaryimage\"},\"thumbnailUrl\":\"https:\\\/\\\/www.ahmadiyya-islam.org\\\/ba\\\/wp-content\\\/uploads\\\/sites\\\/16\\\/2020\\\/03\\\/Darul-Masih.jpg\",\"datePublished\":\"2020-03-25T18:39:59+00:00\",\"description\":\"Razumio sam iz uvoda da je Ahmadija pokret nastao 1889., \u0161to je preko stotinu godina do sada. Tokom ovog perioda kada je iza\u0161la na vidjelo razlika izme\u0111u Ahmadija pokreta i glavnog islamskog pokreta i \u0161ta je bio uzrok razli\u010ditosti?\",\"breadcrumb\":{\"@id\":\"https:\\\/\\\/www.ahmadiyya-islam.org\\\/ba\\\/pitanja\\\/sta-je-razlika-izmedju-ahmedi-i-ne-ahmedi-muslimanima\\\/#breadcrumb\"},\"inLanguage\":\"bs-BA\",\"potentialAction\":[{\"@type\":\"ReadAction\",\"target\":[\"https:\\\/\\\/www.ahmadiyya-islam.org\\\/ba\\\/pitanja\\\/sta-je-razlika-izmedju-ahmedi-i-ne-ahmedi-muslimanima\\\/\"]}]},{\"@type\":\"ImageObject\",\"inLanguage\":\"bs-BA\",\"@id\":\"https:\\\/\\\/www.ahmadiyya-islam.org\\\/ba\\\/pitanja\\\/sta-je-razlika-izmedju-ahmedi-i-ne-ahmedi-muslimanima\\\/#primaryimage\",\"url\":\"https:\\\/\\\/www.ahmadiyya-islam.org\\\/ba\\\/wp-content\\\/uploads\\\/sites\\\/16\\\/2020\\\/03\\\/Darul-Masih.jpg\",\"contentUrl\":\"https:\\\/\\\/www.ahmadiyya-islam.org\\\/ba\\\/wp-content\\\/uploads\\\/sites\\\/16\\\/2020\\\/03\\\/Darul-Masih.jpg\",\"width\":1200,\"height\":571,\"caption\":\"Ahmedija\"},{\"@type\":\"BreadcrumbList\",\"@id\":\"https:\\\/\\\/www.ahmadiyya-islam.org\\\/ba\\\/pitanja\\\/sta-je-razlika-izmedju-ahmedi-i-ne-ahmedi-muslimanima\\\/#breadcrumb\",\"itemListElement\":[{\"@type\":\"ListItem\",\"position\":1,\"name\":\"Home\",\"item\":\"https:\\\/\\\/www.ahmadiyya-islam.org\\\/ba\\\/\"},{\"@type\":\"ListItem\",\"position\":2,\"name\":\"Pitanja\",\"item\":\"https:\\\/\\\/www.ahmadiyya-islam.org\\\/ba\\\/pitanja\\\/\"},{\"@type\":\"ListItem\",\"position\":3,\"name\":\"\u0160ta je razlika izme\u0111u ahmedi i ne-ahmedi muslimanima\"}]},{\"@type\":\"WebSite\",\"@id\":\"https:\\\/\\\/www.ahmadiyya-islam.org\\\/ba\\\/#website\",\"url\":\"https:\\\/\\\/www.ahmadiyya-islam.org\\\/ba\\\/\",\"name\":\"Ahmadija muslimanski d\u017eemat\",\"description\":\"BiH\",\"publisher\":{\"@id\":\"https:\\\/\\\/www.ahmadiyya-islam.org\\\/ba\\\/#organization\"},\"potentialAction\":[{\"@type\":\"SearchAction\",\"target\":{\"@type\":\"EntryPoint\",\"urlTemplate\":\"https:\\\/\\\/www.ahmadiyya-islam.org\\\/ba\\\/?s={search_term_string}\"},\"query-input\":{\"@type\":\"PropertyValueSpecification\",\"valueRequired\":true,\"valueName\":\"search_term_string\"}}],\"inLanguage\":\"bs-BA\"},{\"@type\":\"Organization\",\"@id\":\"https:\\\/\\\/www.ahmadiyya-islam.org\\\/ba\\\/#organization\",\"name\":\"Ahmadija muslimanski d\u017eemat\",\"url\":\"https:\\\/\\\/www.ahmadiyya-islam.org\\\/ba\\\/\",\"logo\":{\"@type\":\"ImageObject\",\"inLanguage\":\"bs-BA\",\"@id\":\"https:\\\/\\\/www.ahmadiyya-islam.org\\\/ba\\\/#\\\/schema\\\/logo\\\/image\\\/\",\"url\":\"https:\\\/\\\/www.ahmadiyya-islam.org\\\/ba\\\/wp-content\\\/uploads\\\/sites\\\/16\\\/2018\\\/03\\\/cropped-alislam-logo.jpg\",\"contentUrl\":\"https:\\\/\\\/www.ahmadiyya-islam.org\\\/ba\\\/wp-content\\\/uploads\\\/sites\\\/16\\\/2018\\\/03\\\/cropped-alislam-logo.jpg\",\"width\":512,\"height\":512,\"caption\":\"Ahmadija muslimanski d\u017eemat\"},\"image\":{\"@id\":\"https:\\\/\\\/www.ahmadiyya-islam.org\\\/ba\\\/#\\\/schema\\\/logo\\\/image\\\/\"}}]}<\/script>\n<!-- \/ Yoast SEO Premium plugin. -->","yoast_head_json":{"title":"\u0160ta je razlika izme\u0111u ahmedi i ne-ahmedi muslimanima","description":"Razumio sam iz uvoda da je Ahmadija pokret nastao 1889., \u0161to je preko stotinu godina do sada. Tokom ovog perioda kada je iza\u0161la na vidjelo razlika izme\u0111u Ahmadija pokreta i glavnog islamskog pokreta i \u0161ta je bio uzrok razli\u010ditosti?","robots":{"index":"index","follow":"follow","max-snippet":"max-snippet:-1","max-image-preview":"max-image-preview:large","max-video-preview":"max-video-preview:-1"},"canonical":"https:\/\/www.ahmadiyya-islam.org\/ba\/pitanja\/sta-je-razlika-izmedju-ahmedi-i-ne-ahmedi-muslimanima\/","og_locale":"bs_BA","og_type":"article","og_title":"\u0160ta je razlika izme\u0111u ahmedi i ne-ahmedi muslimanima","og_description":"Razumio sam iz uvoda da je Ahmadija pokret nastao 1889., \u0161to je preko stotinu godina do sada. Tokom ovog perioda kada je iza\u0161la na vidjelo razlika izme\u0111u Ahmadija pokreta i glavnog islamskog pokreta i \u0161ta je bio uzrok razli\u010ditosti?","og_url":"https:\/\/www.ahmadiyya-islam.org\/ba\/pitanja\/sta-je-razlika-izmedju-ahmedi-i-ne-ahmedi-muslimanima\/","og_site_name":"Ahmadija muslimanski d\u017eemat","og_image":[{"width":1200,"height":571,"url":"https:\/\/www.ahmadiyya-islam.org\/ba\/wp-content\/uploads\/sites\/16\/2020\/03\/Darul-Masih.jpg","type":"image\/jpeg"}],"twitter_card":"summary_large_image","twitter_misc":{"Est. reading time":"5 minuta"},"schema":{"@context":"https:\/\/schema.org","@graph":[{"@type":"WebPage","@id":"https:\/\/www.ahmadiyya-islam.org\/ba\/pitanja\/sta-je-razlika-izmedju-ahmedi-i-ne-ahmedi-muslimanima\/","url":"https:\/\/www.ahmadiyya-islam.org\/ba\/pitanja\/sta-je-razlika-izmedju-ahmedi-i-ne-ahmedi-muslimanima\/","name":"\u0160ta je razlika izme\u0111u ahmedi i ne-ahmedi muslimanima","isPartOf":{"@id":"https:\/\/www.ahmadiyya-islam.org\/ba\/#website"},"primaryImageOfPage":{"@id":"https:\/\/www.ahmadiyya-islam.org\/ba\/pitanja\/sta-je-razlika-izmedju-ahmedi-i-ne-ahmedi-muslimanima\/#primaryimage"},"image":{"@id":"https:\/\/www.ahmadiyya-islam.org\/ba\/pitanja\/sta-je-razlika-izmedju-ahmedi-i-ne-ahmedi-muslimanima\/#primaryimage"},"thumbnailUrl":"https:\/\/www.ahmadiyya-islam.org\/ba\/wp-content\/uploads\/sites\/16\/2020\/03\/Darul-Masih.jpg","datePublished":"2020-03-25T18:39:59+00:00","description":"Razumio sam iz uvoda da je Ahmadija pokret nastao 1889., \u0161to je preko stotinu godina do sada. Tokom ovog perioda kada je iza\u0161la na vidjelo razlika izme\u0111u Ahmadija pokreta i glavnog islamskog pokreta i \u0161ta je bio uzrok razli\u010ditosti?","breadcrumb":{"@id":"https:\/\/www.ahmadiyya-islam.org\/ba\/pitanja\/sta-je-razlika-izmedju-ahmedi-i-ne-ahmedi-muslimanima\/#breadcrumb"},"inLanguage":"bs-BA","potentialAction":[{"@type":"ReadAction","target":["https:\/\/www.ahmadiyya-islam.org\/ba\/pitanja\/sta-je-razlika-izmedju-ahmedi-i-ne-ahmedi-muslimanima\/"]}]},{"@type":"ImageObject","inLanguage":"bs-BA","@id":"https:\/\/www.ahmadiyya-islam.org\/ba\/pitanja\/sta-je-razlika-izmedju-ahmedi-i-ne-ahmedi-muslimanima\/#primaryimage","url":"https:\/\/www.ahmadiyya-islam.org\/ba\/wp-content\/uploads\/sites\/16\/2020\/03\/Darul-Masih.jpg","contentUrl":"https:\/\/www.ahmadiyya-islam.org\/ba\/wp-content\/uploads\/sites\/16\/2020\/03\/Darul-Masih.jpg","width":1200,"height":571,"caption":"Ahmedija"},{"@type":"BreadcrumbList","@id":"https:\/\/www.ahmadiyya-islam.org\/ba\/pitanja\/sta-je-razlika-izmedju-ahmedi-i-ne-ahmedi-muslimanima\/#breadcrumb","itemListElement":[{"@type":"ListItem","position":1,"name":"Home","item":"https:\/\/www.ahmadiyya-islam.org\/ba\/"},{"@type":"ListItem","position":2,"name":"Pitanja","item":"https:\/\/www.ahmadiyya-islam.org\/ba\/pitanja\/"},{"@type":"ListItem","position":3,"name":"\u0160ta je razlika izme\u0111u ahmedi i ne-ahmedi muslimanima"}]},{"@type":"WebSite","@id":"https:\/\/www.ahmadiyya-islam.org\/ba\/#website","url":"https:\/\/www.ahmadiyya-islam.org\/ba\/","name":"Ahmadija muslimanski d\u017eemat","description":"BiH","publisher":{"@id":"https:\/\/www.ahmadiyya-islam.org\/ba\/#organization"},"potentialAction":[{"@type":"SearchAction","target":{"@type":"EntryPoint","urlTemplate":"https:\/\/www.ahmadiyya-islam.org\/ba\/?s={search_term_string}"},"query-input":{"@type":"PropertyValueSpecification","valueRequired":true,"valueName":"search_term_string"}}],"inLanguage":"bs-BA"},{"@type":"Organization","@id":"https:\/\/www.ahmadiyya-islam.org\/ba\/#organization","name":"Ahmadija muslimanski d\u017eemat","url":"https:\/\/www.ahmadiyya-islam.org\/ba\/","logo":{"@type":"ImageObject","inLanguage":"bs-BA","@id":"https:\/\/www.ahmadiyya-islam.org\/ba\/#\/schema\/logo\/image\/","url":"https:\/\/www.ahmadiyya-islam.org\/ba\/wp-content\/uploads\/sites\/16\/2018\/03\/cropped-alislam-logo.jpg","contentUrl":"https:\/\/www.ahmadiyya-islam.org\/ba\/wp-content\/uploads\/sites\/16\/2018\/03\/cropped-alislam-logo.jpg","width":512,"height":512,"caption":"Ahmadija muslimanski d\u017eemat"},"image":{"@id":"https:\/\/www.ahmadiyya-islam.org\/ba\/#\/schema\/logo\/image\/"}}]}},"_links":{"self":[{"href":"https:\/\/www.ahmadiyya-islam.org\/ba\/wp-json\/wp\/v2\/faqs\/2468","targetHints":{"allow":["GET"]}}],"collection":[{"href":"https:\/\/www.ahmadiyya-islam.org\/ba\/wp-json\/wp\/v2\/faqs"}],"about":[{"href":"https:\/\/www.ahmadiyya-islam.org\/ba\/wp-json\/wp\/v2\/types\/faqs"}],"wp:featuredmedia":[{"embeddable":true,"href":"https:\/\/www.ahmadiyya-islam.org\/ba\/wp-json\/wp\/v2\/media\/2131"}],"wp:attachment":[{"href":"https:\/\/www.ahmadiyya-islam.org\/ba\/wp-json\/wp\/v2\/media?parent=2468"}],"wp:term":[{"taxonomy":"post_tag","embeddable":true,"href":"https:\/\/www.ahmadiyya-islam.org\/ba\/wp-json\/wp\/v2\/tags?post=2468"},{"taxonomy":"authors","embeddable":true,"href":"https:\/\/www.ahmadiyya-islam.org\/ba\/wp-json\/wp\/v2\/authors?post=2468"},{"taxonomy":"faq_cat","embeddable":true,"href":"https:\/\/www.ahmadiyya-islam.org\/ba\/wp-json\/wp\/v2\/faq_cat?post=2468"}],"curies":[{"name":"wp","href":"https:\/\/api.w.org\/{rel}","templated":true}]}}