{"id":2138,"date":"2020-03-16T21:27:34","date_gmt":"2020-03-16T21:27:34","guid":{"rendered":"https:\/\/www.ahmadiyya-islam.org\/ba\/?post_type=faqs&#038;p=2138"},"modified":"2020-04-09T16:50:16","modified_gmt":"2020-04-09T16:50:16","slug":"ehli-bejt","status":"publish","type":"faqs","link":"https:\/\/www.ahmadiyya-islam.org\/ba\/pitanja\/ehli-bejt\/","title":{"rendered":"Da li je osniva\u010d Ahmedija d\u017eemata uvrijedio \u010dlanove porodice \u010casnog Poslanika s.a.v.s.?"},"content":{"rendered":"<p>Hazreti Mirza Ghulam Ahmad a.s. je duboko po\u0161tovao i cijenio \u017eene i ostale \u010dlanove porodice uzvi\u0161enog Allahovog Poslanika s.a.v.s. odaju\u0107i iskreno priznanje i svestranu pa\u017enju njihovoj pobo\u017enosti i uzvi\u0161enom duhovnom statusu. Bilo kakav znak nepo\u0161tivanja ikoga od\u00a0 njh, smatrao je grijehom dostojnog prezira. Slu\u0161ajte izricanje njegovog stava o ovome\u00a0\u00a0 u jednom od njegovih perzijskih stihova:<\/p>\n<blockquote><p>\u201cPredajem du\u0161u i cio svoj \u017eivot kao podanik veli\u010danstvenoj ljepoti i li\u010dnosti uzvi\u0161enog Poslanika. Doista \u010ditavo moje bi\u0107e \u017eudi da bude rastureno i \u017ertvovano u sokacima gdje je \u017eivjelo potomstvo uzvi\u0161enog Poslanika s.a.v.s.\u201d!\u00a0\u00a0 Ili: \u201cZbilja, cijelo moje bi\u0107e biva \u017ertvovano odanosti i slu\u017eenju potomstvu uzvi\u0161enog Poslanika s.a.v.s.\u201d!<\/p><\/blockquote>\n<p>Ponovo u jednoj od svojih knjiga na arapskom ka\u017ee:<\/p>\n<blockquote><p>\u201cJa o\u010duvavam blisku i dobru vezu sli\u010dnosti sa Hazreti Alijom i Hazreti Huseinom i ova pritajena \u010dinjenica najbolje je poznata mom Stvoritelju, Gospodaru Istoka i\u00a0 Zapada. Osje\u0107am veliku ljubav za hazreti Aliju i njegova oba sina i neprijatelj sam svakom ko je njima neprijatelj\u201d.<\/p><\/blockquote>\n<p>Mi ubje\u0111ujemo neprijateljski raspolo\u017eenu ulemu da se nebi trebali prepu\u0161tati podizanju tako okrutnih optu\u017ebi protiv Hazreti Mirze Ghulam Ahmada a.s. jer Allah ne voli one koji pogre\u0161no navode. Kada On odlu\u010di da kazni takva ne-djela niko ne\u0107e mo\u0107i posredovati\u00a0 u spa\u0161avanju takvih ljudi od Njegove kazne.<\/p>\n","protected":false},"excerpt":{"rendered":"<p>\u017delimo izlo\u017eiti da iako su optu\u017ebe protiv Ahmadija o\u010digledno utemeljene na izvodima iz njihove vlastite literature, a zbilja su navodi prestavljeni apsolutno van svog konteksta i u stilu koji ostavlja potpuno pogre\u0161an utisak na svijet non\u0161alantnog \u010ditaoca jer su pretenzirana ubje\u0111enja, ustvari ono \u0161to Ahmadije doista nisu. Onaj ko je te\u017eio istra\u017eivanju i otkrivanju istine trebao bi na\u0107i vremena da ih prou\u010dava i tako dostigne stepen vlastitog nezavisnog zaklju\u010divanja.<\/p>\n","protected":false},"featured_media":2052,"parent":0,"template":"","tags":[1770,1771],"authors":[1667],"faq_cat":[1762],"class_list":["post-2138","faqs","type-faqs","status-publish","has-post-thumbnail","hentry","tag-ehli-bejt","tag-porodica-poslanika","topics-ahmedija","topics-ahmedije","topics-ehli-bejt","authors-izdavac","faq_cat-odgovor-na-optuzbe"],"acf":[],"yoast_head":"<!-- This site is optimized with the Yoast SEO Premium plugin v21.1 (Yoast SEO v27.4) - https:\/\/yoast.com\/product\/yoast-seo-premium-wordpress\/ -->\n<title>Polo\u017eaj Elhi bejta kod ahmedije<\/title>\n<meta name=\"description\" content=\"\u017delimo izlo\u017eiti da iako su optu\u017ebe protiv Ahmadija o\u010digledno utemeljene na izvodima iz njihove vlastite literature, a zbilja su navodi prestavljeni apsolutno van svog konteksta i u stilu koji ostavlja potpuno pogre\u0161an utisak na svijet non\u0161alantnog \u010ditaoca jer su pretenzirana ubje\u0111enja, ustvari ono \u0161to Ahmadije doista nisu. Onaj ko je te\u017eio istra\u017eivanju i otkrivanju istine trebao bi na\u0107i vremena da ih prou\u010dava i tako dostigne stepen vlastitog nezavisnog zaklju\u010divanja.\" \/>\n<meta name=\"robots\" content=\"index, follow, max-snippet:-1, max-image-preview:large, max-video-preview:-1\" \/>\n<link rel=\"canonical\" href=\"https:\/\/www.ahmadiyya-islam.org\/ba\/pitanja\/ehli-bejt\/\" \/>\n<meta property=\"og:locale\" content=\"bs_BA\" \/>\n<meta property=\"og:type\" content=\"article\" \/>\n<meta property=\"og:title\" content=\"Da li je osniva\u010d Ahmedija d\u017eemata uvrijedio \u010dlanove porodice \u010casnog Poslanika s.a.v.s.?\" \/>\n<meta property=\"og:description\" content=\"\u017delimo izlo\u017eiti da iako su optu\u017ebe protiv Ahmadija o\u010digledno utemeljene na izvodima iz njihove vlastite literature, a zbilja su navodi prestavljeni apsolutno van svog konteksta i u stilu koji ostavlja potpuno pogre\u0161an utisak na svijet non\u0161alantnog \u010ditaoca jer su pretenzirana ubje\u0111enja, ustvari ono \u0161to Ahmadije doista nisu. Onaj ko je te\u017eio istra\u017eivanju i otkrivanju istine trebao bi na\u0107i vremena da ih prou\u010dava i tako dostigne stepen vlastitog nezavisnog zaklju\u010divanja.\" \/>\n<meta property=\"og:url\" content=\"https:\/\/www.ahmadiyya-islam.org\/ba\/pitanja\/ehli-bejt\/\" \/>\n<meta property=\"og:site_name\" content=\"Ahmadija muslimanski d\u017eemat\" \/>\n<meta property=\"article:modified_time\" content=\"2020-04-09T16:50:16+00:00\" \/>\n<meta property=\"og:image\" content=\"https:\/\/www.ahmadiyya-islam.org\/ba\/wp-content\/uploads\/sites\/16\/2020\/03\/Medina.jpg\" \/>\n\t<meta property=\"og:image:width\" content=\"1024\" \/>\n\t<meta property=\"og:image:height\" content=\"512\" \/>\n\t<meta property=\"og:image:type\" content=\"image\/jpeg\" \/>\n<meta name=\"twitter:card\" content=\"summary_large_image\" \/>\n<meta name=\"twitter:label1\" content=\"Est. reading time\" \/>\n\t<meta name=\"twitter:data1\" content=\"1 minuta\" \/>\n<script type=\"application\/ld+json\" class=\"yoast-schema-graph\">{\"@context\":\"https:\\\/\\\/schema.org\",\"@graph\":[{\"@type\":\"WebPage\",\"@id\":\"https:\\\/\\\/www.ahmadiyya-islam.org\\\/ba\\\/pitanja\\\/ehli-bejt\\\/\",\"url\":\"https:\\\/\\\/www.ahmadiyya-islam.org\\\/ba\\\/pitanja\\\/ehli-bejt\\\/\",\"name\":\"Polo\u017eaj Elhi bejta kod ahmedije\",\"isPartOf\":{\"@id\":\"https:\\\/\\\/www.ahmadiyya-islam.org\\\/ba\\\/#website\"},\"primaryImageOfPage\":{\"@id\":\"https:\\\/\\\/www.ahmadiyya-islam.org\\\/ba\\\/pitanja\\\/ehli-bejt\\\/#primaryimage\"},\"image\":{\"@id\":\"https:\\\/\\\/www.ahmadiyya-islam.org\\\/ba\\\/pitanja\\\/ehli-bejt\\\/#primaryimage\"},\"thumbnailUrl\":\"https:\\\/\\\/www.ahmadiyya-islam.org\\\/ba\\\/wp-content\\\/uploads\\\/sites\\\/16\\\/2020\\\/03\\\/Medina.jpg\",\"datePublished\":\"2020-03-16T21:27:34+00:00\",\"dateModified\":\"2020-04-09T16:50:16+00:00\",\"description\":\"\u017delimo izlo\u017eiti da iako su optu\u017ebe protiv Ahmadija o\u010digledno utemeljene na izvodima iz njihove vlastite literature, a zbilja su navodi prestavljeni apsolutno van svog konteksta i u stilu koji ostavlja potpuno pogre\u0161an utisak na svijet non\u0161alantnog \u010ditaoca jer su pretenzirana ubje\u0111enja, ustvari ono \u0161to Ahmadije doista nisu. Onaj ko je te\u017eio istra\u017eivanju i otkrivanju istine trebao bi na\u0107i vremena da ih prou\u010dava i tako dostigne stepen vlastitog nezavisnog zaklju\u010divanja.\",\"breadcrumb\":{\"@id\":\"https:\\\/\\\/www.ahmadiyya-islam.org\\\/ba\\\/pitanja\\\/ehli-bejt\\\/#breadcrumb\"},\"inLanguage\":\"bs-BA\",\"potentialAction\":[{\"@type\":\"ReadAction\",\"target\":[\"https:\\\/\\\/www.ahmadiyya-islam.org\\\/ba\\\/pitanja\\\/ehli-bejt\\\/\"]}]},{\"@type\":\"ImageObject\",\"inLanguage\":\"bs-BA\",\"@id\":\"https:\\\/\\\/www.ahmadiyya-islam.org\\\/ba\\\/pitanja\\\/ehli-bejt\\\/#primaryimage\",\"url\":\"https:\\\/\\\/www.ahmadiyya-islam.org\\\/ba\\\/wp-content\\\/uploads\\\/sites\\\/16\\\/2020\\\/03\\\/Medina.jpg\",\"contentUrl\":\"https:\\\/\\\/www.ahmadiyya-islam.org\\\/ba\\\/wp-content\\\/uploads\\\/sites\\\/16\\\/2020\\\/03\\\/Medina.jpg\",\"width\":1024,\"height\":512,\"caption\":\"Medina\"},{\"@type\":\"BreadcrumbList\",\"@id\":\"https:\\\/\\\/www.ahmadiyya-islam.org\\\/ba\\\/pitanja\\\/ehli-bejt\\\/#breadcrumb\",\"itemListElement\":[{\"@type\":\"ListItem\",\"position\":1,\"name\":\"Home\",\"item\":\"https:\\\/\\\/www.ahmadiyya-islam.org\\\/ba\\\/\"},{\"@type\":\"ListItem\",\"position\":2,\"name\":\"Pitanja\",\"item\":\"https:\\\/\\\/www.ahmadiyya-islam.org\\\/ba\\\/pitanja\\\/\"},{\"@type\":\"ListItem\",\"position\":3,\"name\":\"Da li je osniva\u010d Ahmedija d\u017eemata uvrijedio \u010dlanove porodice \u010casnog Poslanika s.a.v.s.?\"}]},{\"@type\":\"WebSite\",\"@id\":\"https:\\\/\\\/www.ahmadiyya-islam.org\\\/ba\\\/#website\",\"url\":\"https:\\\/\\\/www.ahmadiyya-islam.org\\\/ba\\\/\",\"name\":\"Ahmadija muslimanski d\u017eemat\",\"description\":\"BiH\",\"publisher\":{\"@id\":\"https:\\\/\\\/www.ahmadiyya-islam.org\\\/ba\\\/#organization\"},\"potentialAction\":[{\"@type\":\"SearchAction\",\"target\":{\"@type\":\"EntryPoint\",\"urlTemplate\":\"https:\\\/\\\/www.ahmadiyya-islam.org\\\/ba\\\/?s={search_term_string}\"},\"query-input\":{\"@type\":\"PropertyValueSpecification\",\"valueRequired\":true,\"valueName\":\"search_term_string\"}}],\"inLanguage\":\"bs-BA\"},{\"@type\":\"Organization\",\"@id\":\"https:\\\/\\\/www.ahmadiyya-islam.org\\\/ba\\\/#organization\",\"name\":\"Ahmadija muslimanski d\u017eemat\",\"url\":\"https:\\\/\\\/www.ahmadiyya-islam.org\\\/ba\\\/\",\"logo\":{\"@type\":\"ImageObject\",\"inLanguage\":\"bs-BA\",\"@id\":\"https:\\\/\\\/www.ahmadiyya-islam.org\\\/ba\\\/#\\\/schema\\\/logo\\\/image\\\/\",\"url\":\"https:\\\/\\\/www.ahmadiyya-islam.org\\\/ba\\\/wp-content\\\/uploads\\\/sites\\\/16\\\/2018\\\/03\\\/cropped-alislam-logo.jpg\",\"contentUrl\":\"https:\\\/\\\/www.ahmadiyya-islam.org\\\/ba\\\/wp-content\\\/uploads\\\/sites\\\/16\\\/2018\\\/03\\\/cropped-alislam-logo.jpg\",\"width\":512,\"height\":512,\"caption\":\"Ahmadija muslimanski d\u017eemat\"},\"image\":{\"@id\":\"https:\\\/\\\/www.ahmadiyya-islam.org\\\/ba\\\/#\\\/schema\\\/logo\\\/image\\\/\"}}]}<\/script>\n<!-- \/ Yoast SEO Premium plugin. -->","yoast_head_json":{"title":"Polo\u017eaj Elhi bejta kod ahmedije","description":"\u017delimo izlo\u017eiti da iako su optu\u017ebe protiv Ahmadija o\u010digledno utemeljene na izvodima iz njihove vlastite literature, a zbilja su navodi prestavljeni apsolutno van svog konteksta i u stilu koji ostavlja potpuno pogre\u0161an utisak na svijet non\u0161alantnog \u010ditaoca jer su pretenzirana ubje\u0111enja, ustvari ono \u0161to Ahmadije doista nisu. Onaj ko je te\u017eio istra\u017eivanju i otkrivanju istine trebao bi na\u0107i vremena da ih prou\u010dava i tako dostigne stepen vlastitog nezavisnog zaklju\u010divanja.","robots":{"index":"index","follow":"follow","max-snippet":"max-snippet:-1","max-image-preview":"max-image-preview:large","max-video-preview":"max-video-preview:-1"},"canonical":"https:\/\/www.ahmadiyya-islam.org\/ba\/pitanja\/ehli-bejt\/","og_locale":"bs_BA","og_type":"article","og_title":"Da li je osniva\u010d Ahmedija d\u017eemata uvrijedio \u010dlanove porodice \u010casnog Poslanika s.a.v.s.?","og_description":"\u017delimo izlo\u017eiti da iako su optu\u017ebe protiv Ahmadija o\u010digledno utemeljene na izvodima iz njihove vlastite literature, a zbilja su navodi prestavljeni apsolutno van svog konteksta i u stilu koji ostavlja potpuno pogre\u0161an utisak na svijet non\u0161alantnog \u010ditaoca jer su pretenzirana ubje\u0111enja, ustvari ono \u0161to Ahmadije doista nisu. Onaj ko je te\u017eio istra\u017eivanju i otkrivanju istine trebao bi na\u0107i vremena da ih prou\u010dava i tako dostigne stepen vlastitog nezavisnog zaklju\u010divanja.","og_url":"https:\/\/www.ahmadiyya-islam.org\/ba\/pitanja\/ehli-bejt\/","og_site_name":"Ahmadija muslimanski d\u017eemat","article_modified_time":"2020-04-09T16:50:16+00:00","og_image":[{"width":1024,"height":512,"url":"https:\/\/www.ahmadiyya-islam.org\/ba\/wp-content\/uploads\/sites\/16\/2020\/03\/Medina.jpg","type":"image\/jpeg"}],"twitter_card":"summary_large_image","twitter_misc":{"Est. reading time":"1 minuta"},"schema":{"@context":"https:\/\/schema.org","@graph":[{"@type":"WebPage","@id":"https:\/\/www.ahmadiyya-islam.org\/ba\/pitanja\/ehli-bejt\/","url":"https:\/\/www.ahmadiyya-islam.org\/ba\/pitanja\/ehli-bejt\/","name":"Polo\u017eaj Elhi bejta kod ahmedije","isPartOf":{"@id":"https:\/\/www.ahmadiyya-islam.org\/ba\/#website"},"primaryImageOfPage":{"@id":"https:\/\/www.ahmadiyya-islam.org\/ba\/pitanja\/ehli-bejt\/#primaryimage"},"image":{"@id":"https:\/\/www.ahmadiyya-islam.org\/ba\/pitanja\/ehli-bejt\/#primaryimage"},"thumbnailUrl":"https:\/\/www.ahmadiyya-islam.org\/ba\/wp-content\/uploads\/sites\/16\/2020\/03\/Medina.jpg","datePublished":"2020-03-16T21:27:34+00:00","dateModified":"2020-04-09T16:50:16+00:00","description":"\u017delimo izlo\u017eiti da iako su optu\u017ebe protiv Ahmadija o\u010digledno utemeljene na izvodima iz njihove vlastite literature, a zbilja su navodi prestavljeni apsolutno van svog konteksta i u stilu koji ostavlja potpuno pogre\u0161an utisak na svijet non\u0161alantnog \u010ditaoca jer su pretenzirana ubje\u0111enja, ustvari ono \u0161to Ahmadije doista nisu. Onaj ko je te\u017eio istra\u017eivanju i otkrivanju istine trebao bi na\u0107i vremena da ih prou\u010dava i tako dostigne stepen vlastitog nezavisnog zaklju\u010divanja.","breadcrumb":{"@id":"https:\/\/www.ahmadiyya-islam.org\/ba\/pitanja\/ehli-bejt\/#breadcrumb"},"inLanguage":"bs-BA","potentialAction":[{"@type":"ReadAction","target":["https:\/\/www.ahmadiyya-islam.org\/ba\/pitanja\/ehli-bejt\/"]}]},{"@type":"ImageObject","inLanguage":"bs-BA","@id":"https:\/\/www.ahmadiyya-islam.org\/ba\/pitanja\/ehli-bejt\/#primaryimage","url":"https:\/\/www.ahmadiyya-islam.org\/ba\/wp-content\/uploads\/sites\/16\/2020\/03\/Medina.jpg","contentUrl":"https:\/\/www.ahmadiyya-islam.org\/ba\/wp-content\/uploads\/sites\/16\/2020\/03\/Medina.jpg","width":1024,"height":512,"caption":"Medina"},{"@type":"BreadcrumbList","@id":"https:\/\/www.ahmadiyya-islam.org\/ba\/pitanja\/ehli-bejt\/#breadcrumb","itemListElement":[{"@type":"ListItem","position":1,"name":"Home","item":"https:\/\/www.ahmadiyya-islam.org\/ba\/"},{"@type":"ListItem","position":2,"name":"Pitanja","item":"https:\/\/www.ahmadiyya-islam.org\/ba\/pitanja\/"},{"@type":"ListItem","position":3,"name":"Da li je osniva\u010d Ahmedija d\u017eemata uvrijedio \u010dlanove porodice \u010casnog Poslanika s.a.v.s.?"}]},{"@type":"WebSite","@id":"https:\/\/www.ahmadiyya-islam.org\/ba\/#website","url":"https:\/\/www.ahmadiyya-islam.org\/ba\/","name":"Ahmadija muslimanski d\u017eemat","description":"BiH","publisher":{"@id":"https:\/\/www.ahmadiyya-islam.org\/ba\/#organization"},"potentialAction":[{"@type":"SearchAction","target":{"@type":"EntryPoint","urlTemplate":"https:\/\/www.ahmadiyya-islam.org\/ba\/?s={search_term_string}"},"query-input":{"@type":"PropertyValueSpecification","valueRequired":true,"valueName":"search_term_string"}}],"inLanguage":"bs-BA"},{"@type":"Organization","@id":"https:\/\/www.ahmadiyya-islam.org\/ba\/#organization","name":"Ahmadija muslimanski d\u017eemat","url":"https:\/\/www.ahmadiyya-islam.org\/ba\/","logo":{"@type":"ImageObject","inLanguage":"bs-BA","@id":"https:\/\/www.ahmadiyya-islam.org\/ba\/#\/schema\/logo\/image\/","url":"https:\/\/www.ahmadiyya-islam.org\/ba\/wp-content\/uploads\/sites\/16\/2018\/03\/cropped-alislam-logo.jpg","contentUrl":"https:\/\/www.ahmadiyya-islam.org\/ba\/wp-content\/uploads\/sites\/16\/2018\/03\/cropped-alislam-logo.jpg","width":512,"height":512,"caption":"Ahmadija muslimanski d\u017eemat"},"image":{"@id":"https:\/\/www.ahmadiyya-islam.org\/ba\/#\/schema\/logo\/image\/"}}]}},"_links":{"self":[{"href":"https:\/\/www.ahmadiyya-islam.org\/ba\/wp-json\/wp\/v2\/faqs\/2138","targetHints":{"allow":["GET"]}}],"collection":[{"href":"https:\/\/www.ahmadiyya-islam.org\/ba\/wp-json\/wp\/v2\/faqs"}],"about":[{"href":"https:\/\/www.ahmadiyya-islam.org\/ba\/wp-json\/wp\/v2\/types\/faqs"}],"wp:featuredmedia":[{"embeddable":true,"href":"https:\/\/www.ahmadiyya-islam.org\/ba\/wp-json\/wp\/v2\/media\/2052"}],"wp:attachment":[{"href":"https:\/\/www.ahmadiyya-islam.org\/ba\/wp-json\/wp\/v2\/media?parent=2138"}],"wp:term":[{"taxonomy":"post_tag","embeddable":true,"href":"https:\/\/www.ahmadiyya-islam.org\/ba\/wp-json\/wp\/v2\/tags?post=2138"},{"taxonomy":"authors","embeddable":true,"href":"https:\/\/www.ahmadiyya-islam.org\/ba\/wp-json\/wp\/v2\/authors?post=2138"},{"taxonomy":"faq_cat","embeddable":true,"href":"https:\/\/www.ahmadiyya-islam.org\/ba\/wp-json\/wp\/v2\/faq_cat?post=2138"}],"curies":[{"name":"wp","href":"https:\/\/api.w.org\/{rel}","templated":true}]}}