{"id":2135,"date":"2020-03-16T21:01:40","date_gmt":"2020-03-16T21:01:40","guid":{"rendered":"https:\/\/www.ahmadiyya-islam.org\/ba\/?post_type=faqs&#038;p=2135"},"modified":"2020-04-09T16:51:13","modified_gmt":"2020-04-09T16:51:13","slug":"da-li-je-osnivac-ahmedija-dzemata-izjednacio-sebe-sa-bozanstvom","status":"publish","type":"faqs","link":"https:\/\/www.ahmadiyya-islam.org\/ba\/pitanja\/da-li-je-osnivac-ahmedija-dzemata-izjednacio-sebe-sa-bozanstvom\/","title":{"rendered":"Da li je osniva\u010d Ahmedija d\u017eemata izjedna\u010dio sebe sa bo\u017eanstvom?"},"content":{"rendered":"<p>Svim ovim la\u017enim i potpuno neosnovanim izmi\u0161ljenim tvrdnjama na\u0161 prvi i glavni odgovor je: <em>La ana tulahi alal kazibin to jeste &#8221;<\/em>Neka Allah proklete la\u017eljivce&#8221;.<\/p>\n<p>Hazreti Mirza Mirza Ghulam Ahmad a.s. nikad i nikom nije podnijeo zahtjev za bo\u017eanstvom ili bo\u017eanskim vlastima. Uvijek se prestavljao najskromnim Allahovim robom.<\/p>\n<p>On ka\u017ee: &#8221;\u00a0 U kratko na\u010delo na\u0161e vjere je &#8216;<strong>\u0644\u0627 \u0627\u0644\u0670\u06c1 \u0627\u0644\u0627 \u0627\u0644\u0644\u06c1 \u0645\u062d\u0645\u062f \u0631\u0633\u0648\u0644 \u0627\u0644\u0644\u06c1<\/strong> &#8216;\u00a0 Nema drugog Boga osim Allaha i Muhammed je Allahov poslanik. Na\u0161e vjerovanje, koje mi imamo na ovom dunjalu\u010dkom \u017eivotu i sa ovim \u0107emo, s Bo\u017eijom pomo\u0107i preseliti na drugi svijet.&#8221;<\/p>\n<p>Ustvari, on je obavio sasvim uspje\u0161an, svjetskih razmjera, rat protiv la\u017enog vjerovanja Kr\u0161\u0107ana o tome da je Isus Bo\u017eiji sin. Ovaj rat kojeg je on zapo\u010deo jo\u0161 uvijek energi\u010dno provode Ahmadije u okviru svojih svjetskih poznatih aktivnosti protiv la\u017enog vjerovanja Kr\u0161\u0107anstva. Svaki tu\u017eilac Boga sem Svemogu\u0107eg Allaha smatran je i od Hazreti Mirze Ghulam Ahmada a.s. kao proklet i nedostojan ikakvog po\u0161tivanja.<\/p>\n","protected":false},"excerpt":{"rendered":"<p>\u017delimo izlo\u017eiti da iako su optu\u017ebe protiv Ahmadija o\u010digledno utemeljene na izvodima iz njihove vlastite literature, a zbilja su navodi prestavljeni apsolutno van svog konteksta i u stilu koji ostavlja potpuno pogre\u0161an utisak na svijet non\u0161alantnog \u010ditaoca jer su pretenzirana ubje\u0111enja, ustvari ono \u0161to Ahmadije doista nisu. Onaj ko je te\u017eio istra\u017eivanju i otkrivanju istine trebao bi na\u0107i vremena da ih prou\u010dava i tako dostigne stepen vlastitog nezavisnog zaklju\u010divanja.<\/p>\n","protected":false},"featured_media":2143,"parent":0,"template":"","tags":[1717,1626],"authors":[1667],"faq_cat":[1762],"class_list":["post-2135","faqs","type-faqs","status-publish","has-post-thumbnail","hentry","tag-ahmedije","tag-sirk","topics-ahmedija","topics-ahmedije","authors-izdavac","faq_cat-odgovor-na-optuzbe"],"acf":[],"yoast_head":"<!-- This site is optimized with the Yoast SEO Premium plugin v21.1 (Yoast SEO v27.4) - https:\/\/yoast.com\/product\/yoast-seo-premium-wordpress\/ -->\n<title>Da li je osniva\u010d Ahmedija d\u017eemata izjedna\u010dio sebe sa bo\u017eanstvom?<\/title>\n<meta name=\"description\" content=\"\u017delimo izlo\u017eiti da iako su optu\u017ebe protiv Ahmadija o\u010digledno utemeljene na izvodima iz njihove vlastite literature, a zbilja su navodi prestavljeni apsolutno van svog konteksta i u stilu koji ostavlja potpuno pogre\u0161an utisak na svijet non\u0161alantnog \u010ditaoca jer su pretenzirana ubje\u0111enja, ustvari ono \u0161to Ahmadije doista nisu. Onaj ko je te\u017eio istra\u017eivanju i otkrivanju istine trebao bi na\u0107i vremena da ih prou\u010dava i tako dostigne stepen vlastitog nezavisnog zaklju\u010divanja.\" \/>\n<meta name=\"robots\" content=\"index, follow, max-snippet:-1, max-image-preview:large, max-video-preview:-1\" \/>\n<link rel=\"canonical\" href=\"https:\/\/www.ahmadiyya-islam.org\/ba\/pitanja\/da-li-je-osnivac-ahmedija-dzemata-izjednacio-sebe-sa-bozanstvom\/\" \/>\n<meta property=\"og:locale\" content=\"bs_BA\" \/>\n<meta property=\"og:type\" content=\"article\" \/>\n<meta property=\"og:title\" content=\"Da li je osniva\u010d Ahmedija d\u017eemata izjedna\u010dio sebe sa bo\u017eanstvom?\" \/>\n<meta property=\"og:description\" content=\"\u017delimo izlo\u017eiti da iako su optu\u017ebe protiv Ahmadija o\u010digledno utemeljene na izvodima iz njihove vlastite literature, a zbilja su navodi prestavljeni apsolutno van svog konteksta i u stilu koji ostavlja potpuno pogre\u0161an utisak na svijet non\u0161alantnog \u010ditaoca jer su pretenzirana ubje\u0111enja, ustvari ono \u0161to Ahmadije doista nisu. Onaj ko je te\u017eio istra\u017eivanju i otkrivanju istine trebao bi na\u0107i vremena da ih prou\u010dava i tako dostigne stepen vlastitog nezavisnog zaklju\u010divanja.\" \/>\n<meta property=\"og:url\" content=\"https:\/\/www.ahmadiyya-islam.org\/ba\/pitanja\/da-li-je-osnivac-ahmedija-dzemata-izjednacio-sebe-sa-bozanstvom\/\" \/>\n<meta property=\"og:site_name\" content=\"Ahmadija muslimanski d\u017eemat\" \/>\n<meta property=\"article:modified_time\" content=\"2020-04-09T16:51:13+00:00\" \/>\n<meta property=\"og:image\" content=\"https:\/\/www.ahmadiyya-islam.org\/ba\/wp-content\/uploads\/sites\/16\/2020\/03\/Allah.jpg\" \/>\n\t<meta property=\"og:image:width\" content=\"900\" \/>\n\t<meta property=\"og:image:height\" content=\"563\" \/>\n\t<meta property=\"og:image:type\" content=\"image\/jpeg\" \/>\n<meta name=\"twitter:card\" content=\"summary_large_image\" \/>\n<meta name=\"twitter:label1\" content=\"Est. reading time\" \/>\n\t<meta name=\"twitter:data1\" content=\"1 minuta\" \/>\n<script type=\"application\/ld+json\" class=\"yoast-schema-graph\">{\"@context\":\"https:\\\/\\\/schema.org\",\"@graph\":[{\"@type\":\"WebPage\",\"@id\":\"https:\\\/\\\/www.ahmadiyya-islam.org\\\/ba\\\/pitanja\\\/da-li-je-osnivac-ahmedija-dzemata-izjednacio-sebe-sa-bozanstvom\\\/\",\"url\":\"https:\\\/\\\/www.ahmadiyya-islam.org\\\/ba\\\/pitanja\\\/da-li-je-osnivac-ahmedija-dzemata-izjednacio-sebe-sa-bozanstvom\\\/\",\"name\":\"Da li je osniva\u010d Ahmedija d\u017eemata izjedna\u010dio sebe sa bo\u017eanstvom?\",\"isPartOf\":{\"@id\":\"https:\\\/\\\/www.ahmadiyya-islam.org\\\/ba\\\/#website\"},\"primaryImageOfPage\":{\"@id\":\"https:\\\/\\\/www.ahmadiyya-islam.org\\\/ba\\\/pitanja\\\/da-li-je-osnivac-ahmedija-dzemata-izjednacio-sebe-sa-bozanstvom\\\/#primaryimage\"},\"image\":{\"@id\":\"https:\\\/\\\/www.ahmadiyya-islam.org\\\/ba\\\/pitanja\\\/da-li-je-osnivac-ahmedija-dzemata-izjednacio-sebe-sa-bozanstvom\\\/#primaryimage\"},\"thumbnailUrl\":\"https:\\\/\\\/www.ahmadiyya-islam.org\\\/ba\\\/wp-content\\\/uploads\\\/sites\\\/16\\\/2020\\\/03\\\/Allah.jpg\",\"datePublished\":\"2020-03-16T21:01:40+00:00\",\"dateModified\":\"2020-04-09T16:51:13+00:00\",\"description\":\"\u017delimo izlo\u017eiti da iako su optu\u017ebe protiv Ahmadija o\u010digledno utemeljene na izvodima iz njihove vlastite literature, a zbilja su navodi prestavljeni apsolutno van svog konteksta i u stilu koji ostavlja potpuno pogre\u0161an utisak na svijet non\u0161alantnog \u010ditaoca jer su pretenzirana ubje\u0111enja, ustvari ono \u0161to Ahmadije doista nisu. Onaj ko je te\u017eio istra\u017eivanju i otkrivanju istine trebao bi na\u0107i vremena da ih prou\u010dava i tako dostigne stepen vlastitog nezavisnog zaklju\u010divanja.\",\"breadcrumb\":{\"@id\":\"https:\\\/\\\/www.ahmadiyya-islam.org\\\/ba\\\/pitanja\\\/da-li-je-osnivac-ahmedija-dzemata-izjednacio-sebe-sa-bozanstvom\\\/#breadcrumb\"},\"inLanguage\":\"bs-BA\",\"potentialAction\":[{\"@type\":\"ReadAction\",\"target\":[\"https:\\\/\\\/www.ahmadiyya-islam.org\\\/ba\\\/pitanja\\\/da-li-je-osnivac-ahmedija-dzemata-izjednacio-sebe-sa-bozanstvom\\\/\"]}]},{\"@type\":\"ImageObject\",\"inLanguage\":\"bs-BA\",\"@id\":\"https:\\\/\\\/www.ahmadiyya-islam.org\\\/ba\\\/pitanja\\\/da-li-je-osnivac-ahmedija-dzemata-izjednacio-sebe-sa-bozanstvom\\\/#primaryimage\",\"url\":\"https:\\\/\\\/www.ahmadiyya-islam.org\\\/ba\\\/wp-content\\\/uploads\\\/sites\\\/16\\\/2020\\\/03\\\/Allah.jpg\",\"contentUrl\":\"https:\\\/\\\/www.ahmadiyya-islam.org\\\/ba\\\/wp-content\\\/uploads\\\/sites\\\/16\\\/2020\\\/03\\\/Allah.jpg\",\"width\":900,\"height\":563,\"caption\":\"Bog, Alah\"},{\"@type\":\"BreadcrumbList\",\"@id\":\"https:\\\/\\\/www.ahmadiyya-islam.org\\\/ba\\\/pitanja\\\/da-li-je-osnivac-ahmedija-dzemata-izjednacio-sebe-sa-bozanstvom\\\/#breadcrumb\",\"itemListElement\":[{\"@type\":\"ListItem\",\"position\":1,\"name\":\"Home\",\"item\":\"https:\\\/\\\/www.ahmadiyya-islam.org\\\/ba\\\/\"},{\"@type\":\"ListItem\",\"position\":2,\"name\":\"Pitanja\",\"item\":\"https:\\\/\\\/www.ahmadiyya-islam.org\\\/ba\\\/pitanja\\\/\"},{\"@type\":\"ListItem\",\"position\":3,\"name\":\"Da li je osniva\u010d Ahmedija d\u017eemata izjedna\u010dio sebe sa bo\u017eanstvom?\"}]},{\"@type\":\"WebSite\",\"@id\":\"https:\\\/\\\/www.ahmadiyya-islam.org\\\/ba\\\/#website\",\"url\":\"https:\\\/\\\/www.ahmadiyya-islam.org\\\/ba\\\/\",\"name\":\"Ahmadija muslimanski d\u017eemat\",\"description\":\"BiH\",\"publisher\":{\"@id\":\"https:\\\/\\\/www.ahmadiyya-islam.org\\\/ba\\\/#organization\"},\"potentialAction\":[{\"@type\":\"SearchAction\",\"target\":{\"@type\":\"EntryPoint\",\"urlTemplate\":\"https:\\\/\\\/www.ahmadiyya-islam.org\\\/ba\\\/?s={search_term_string}\"},\"query-input\":{\"@type\":\"PropertyValueSpecification\",\"valueRequired\":true,\"valueName\":\"search_term_string\"}}],\"inLanguage\":\"bs-BA\"},{\"@type\":\"Organization\",\"@id\":\"https:\\\/\\\/www.ahmadiyya-islam.org\\\/ba\\\/#organization\",\"name\":\"Ahmadija muslimanski d\u017eemat\",\"url\":\"https:\\\/\\\/www.ahmadiyya-islam.org\\\/ba\\\/\",\"logo\":{\"@type\":\"ImageObject\",\"inLanguage\":\"bs-BA\",\"@id\":\"https:\\\/\\\/www.ahmadiyya-islam.org\\\/ba\\\/#\\\/schema\\\/logo\\\/image\\\/\",\"url\":\"https:\\\/\\\/www.ahmadiyya-islam.org\\\/ba\\\/wp-content\\\/uploads\\\/sites\\\/16\\\/2018\\\/03\\\/cropped-alislam-logo.jpg\",\"contentUrl\":\"https:\\\/\\\/www.ahmadiyya-islam.org\\\/ba\\\/wp-content\\\/uploads\\\/sites\\\/16\\\/2018\\\/03\\\/cropped-alislam-logo.jpg\",\"width\":512,\"height\":512,\"caption\":\"Ahmadija muslimanski d\u017eemat\"},\"image\":{\"@id\":\"https:\\\/\\\/www.ahmadiyya-islam.org\\\/ba\\\/#\\\/schema\\\/logo\\\/image\\\/\"}}]}<\/script>\n<!-- \/ Yoast SEO Premium plugin. -->","yoast_head_json":{"title":"Da li je osniva\u010d Ahmedija d\u017eemata izjedna\u010dio sebe sa bo\u017eanstvom?","description":"\u017delimo izlo\u017eiti da iako su optu\u017ebe protiv Ahmadija o\u010digledno utemeljene na izvodima iz njihove vlastite literature, a zbilja su navodi prestavljeni apsolutno van svog konteksta i u stilu koji ostavlja potpuno pogre\u0161an utisak na svijet non\u0161alantnog \u010ditaoca jer su pretenzirana ubje\u0111enja, ustvari ono \u0161to Ahmadije doista nisu. Onaj ko je te\u017eio istra\u017eivanju i otkrivanju istine trebao bi na\u0107i vremena da ih prou\u010dava i tako dostigne stepen vlastitog nezavisnog zaklju\u010divanja.","robots":{"index":"index","follow":"follow","max-snippet":"max-snippet:-1","max-image-preview":"max-image-preview:large","max-video-preview":"max-video-preview:-1"},"canonical":"https:\/\/www.ahmadiyya-islam.org\/ba\/pitanja\/da-li-je-osnivac-ahmedija-dzemata-izjednacio-sebe-sa-bozanstvom\/","og_locale":"bs_BA","og_type":"article","og_title":"Da li je osniva\u010d Ahmedija d\u017eemata izjedna\u010dio sebe sa bo\u017eanstvom?","og_description":"\u017delimo izlo\u017eiti da iako su optu\u017ebe protiv Ahmadija o\u010digledno utemeljene na izvodima iz njihove vlastite literature, a zbilja su navodi prestavljeni apsolutno van svog konteksta i u stilu koji ostavlja potpuno pogre\u0161an utisak na svijet non\u0161alantnog \u010ditaoca jer su pretenzirana ubje\u0111enja, ustvari ono \u0161to Ahmadije doista nisu. Onaj ko je te\u017eio istra\u017eivanju i otkrivanju istine trebao bi na\u0107i vremena da ih prou\u010dava i tako dostigne stepen vlastitog nezavisnog zaklju\u010divanja.","og_url":"https:\/\/www.ahmadiyya-islam.org\/ba\/pitanja\/da-li-je-osnivac-ahmedija-dzemata-izjednacio-sebe-sa-bozanstvom\/","og_site_name":"Ahmadija muslimanski d\u017eemat","article_modified_time":"2020-04-09T16:51:13+00:00","og_image":[{"width":900,"height":563,"url":"https:\/\/www.ahmadiyya-islam.org\/ba\/wp-content\/uploads\/sites\/16\/2020\/03\/Allah.jpg","type":"image\/jpeg"}],"twitter_card":"summary_large_image","twitter_misc":{"Est. reading time":"1 minuta"},"schema":{"@context":"https:\/\/schema.org","@graph":[{"@type":"WebPage","@id":"https:\/\/www.ahmadiyya-islam.org\/ba\/pitanja\/da-li-je-osnivac-ahmedija-dzemata-izjednacio-sebe-sa-bozanstvom\/","url":"https:\/\/www.ahmadiyya-islam.org\/ba\/pitanja\/da-li-je-osnivac-ahmedija-dzemata-izjednacio-sebe-sa-bozanstvom\/","name":"Da li je osniva\u010d Ahmedija d\u017eemata izjedna\u010dio sebe sa bo\u017eanstvom?","isPartOf":{"@id":"https:\/\/www.ahmadiyya-islam.org\/ba\/#website"},"primaryImageOfPage":{"@id":"https:\/\/www.ahmadiyya-islam.org\/ba\/pitanja\/da-li-je-osnivac-ahmedija-dzemata-izjednacio-sebe-sa-bozanstvom\/#primaryimage"},"image":{"@id":"https:\/\/www.ahmadiyya-islam.org\/ba\/pitanja\/da-li-je-osnivac-ahmedija-dzemata-izjednacio-sebe-sa-bozanstvom\/#primaryimage"},"thumbnailUrl":"https:\/\/www.ahmadiyya-islam.org\/ba\/wp-content\/uploads\/sites\/16\/2020\/03\/Allah.jpg","datePublished":"2020-03-16T21:01:40+00:00","dateModified":"2020-04-09T16:51:13+00:00","description":"\u017delimo izlo\u017eiti da iako su optu\u017ebe protiv Ahmadija o\u010digledno utemeljene na izvodima iz njihove vlastite literature, a zbilja su navodi prestavljeni apsolutno van svog konteksta i u stilu koji ostavlja potpuno pogre\u0161an utisak na svijet non\u0161alantnog \u010ditaoca jer su pretenzirana ubje\u0111enja, ustvari ono \u0161to Ahmadije doista nisu. Onaj ko je te\u017eio istra\u017eivanju i otkrivanju istine trebao bi na\u0107i vremena da ih prou\u010dava i tako dostigne stepen vlastitog nezavisnog zaklju\u010divanja.","breadcrumb":{"@id":"https:\/\/www.ahmadiyya-islam.org\/ba\/pitanja\/da-li-je-osnivac-ahmedija-dzemata-izjednacio-sebe-sa-bozanstvom\/#breadcrumb"},"inLanguage":"bs-BA","potentialAction":[{"@type":"ReadAction","target":["https:\/\/www.ahmadiyya-islam.org\/ba\/pitanja\/da-li-je-osnivac-ahmedija-dzemata-izjednacio-sebe-sa-bozanstvom\/"]}]},{"@type":"ImageObject","inLanguage":"bs-BA","@id":"https:\/\/www.ahmadiyya-islam.org\/ba\/pitanja\/da-li-je-osnivac-ahmedija-dzemata-izjednacio-sebe-sa-bozanstvom\/#primaryimage","url":"https:\/\/www.ahmadiyya-islam.org\/ba\/wp-content\/uploads\/sites\/16\/2020\/03\/Allah.jpg","contentUrl":"https:\/\/www.ahmadiyya-islam.org\/ba\/wp-content\/uploads\/sites\/16\/2020\/03\/Allah.jpg","width":900,"height":563,"caption":"Bog, Alah"},{"@type":"BreadcrumbList","@id":"https:\/\/www.ahmadiyya-islam.org\/ba\/pitanja\/da-li-je-osnivac-ahmedija-dzemata-izjednacio-sebe-sa-bozanstvom\/#breadcrumb","itemListElement":[{"@type":"ListItem","position":1,"name":"Home","item":"https:\/\/www.ahmadiyya-islam.org\/ba\/"},{"@type":"ListItem","position":2,"name":"Pitanja","item":"https:\/\/www.ahmadiyya-islam.org\/ba\/pitanja\/"},{"@type":"ListItem","position":3,"name":"Da li je osniva\u010d Ahmedija d\u017eemata izjedna\u010dio sebe sa bo\u017eanstvom?"}]},{"@type":"WebSite","@id":"https:\/\/www.ahmadiyya-islam.org\/ba\/#website","url":"https:\/\/www.ahmadiyya-islam.org\/ba\/","name":"Ahmadija muslimanski d\u017eemat","description":"BiH","publisher":{"@id":"https:\/\/www.ahmadiyya-islam.org\/ba\/#organization"},"potentialAction":[{"@type":"SearchAction","target":{"@type":"EntryPoint","urlTemplate":"https:\/\/www.ahmadiyya-islam.org\/ba\/?s={search_term_string}"},"query-input":{"@type":"PropertyValueSpecification","valueRequired":true,"valueName":"search_term_string"}}],"inLanguage":"bs-BA"},{"@type":"Organization","@id":"https:\/\/www.ahmadiyya-islam.org\/ba\/#organization","name":"Ahmadija muslimanski d\u017eemat","url":"https:\/\/www.ahmadiyya-islam.org\/ba\/","logo":{"@type":"ImageObject","inLanguage":"bs-BA","@id":"https:\/\/www.ahmadiyya-islam.org\/ba\/#\/schema\/logo\/image\/","url":"https:\/\/www.ahmadiyya-islam.org\/ba\/wp-content\/uploads\/sites\/16\/2018\/03\/cropped-alislam-logo.jpg","contentUrl":"https:\/\/www.ahmadiyya-islam.org\/ba\/wp-content\/uploads\/sites\/16\/2018\/03\/cropped-alislam-logo.jpg","width":512,"height":512,"caption":"Ahmadija muslimanski d\u017eemat"},"image":{"@id":"https:\/\/www.ahmadiyya-islam.org\/ba\/#\/schema\/logo\/image\/"}}]}},"_links":{"self":[{"href":"https:\/\/www.ahmadiyya-islam.org\/ba\/wp-json\/wp\/v2\/faqs\/2135","targetHints":{"allow":["GET"]}}],"collection":[{"href":"https:\/\/www.ahmadiyya-islam.org\/ba\/wp-json\/wp\/v2\/faqs"}],"about":[{"href":"https:\/\/www.ahmadiyya-islam.org\/ba\/wp-json\/wp\/v2\/types\/faqs"}],"wp:featuredmedia":[{"embeddable":true,"href":"https:\/\/www.ahmadiyya-islam.org\/ba\/wp-json\/wp\/v2\/media\/2143"}],"wp:attachment":[{"href":"https:\/\/www.ahmadiyya-islam.org\/ba\/wp-json\/wp\/v2\/media?parent=2135"}],"wp:term":[{"taxonomy":"post_tag","embeddable":true,"href":"https:\/\/www.ahmadiyya-islam.org\/ba\/wp-json\/wp\/v2\/tags?post=2135"},{"taxonomy":"authors","embeddable":true,"href":"https:\/\/www.ahmadiyya-islam.org\/ba\/wp-json\/wp\/v2\/authors?post=2135"},{"taxonomy":"faq_cat","embeddable":true,"href":"https:\/\/www.ahmadiyya-islam.org\/ba\/wp-json\/wp\/v2\/faq_cat?post=2135"}],"curies":[{"name":"wp","href":"https:\/\/api.w.org\/{rel}","templated":true}]}}