{"version":"1.0","provider_name":"Ahmadija muslimanski d\u017eemat","provider_url":"https:\/\/www.ahmadiyya-islam.org\/ba","author_name":"bosnia1","author_url":"https:\/\/www.ahmadiyya-islam.org\/ba\/author\/bosnia1\/","title":"\u0160vedska politi\u010darka u posjeti Halifi islama","type":"rich","width":600,"height":338,"html":"<blockquote class=\"wp-embedded-content\" data-secret=\"QiXvyve3qk\"><a href=\"https:\/\/www.ahmadiyya-islam.org\/ba\/javna-saopstenja\/svedska-politicarka-u-posjeti-halifi-islama\/\">\u0160vedska politi\u010darka u posjeti Halifi islama<\/a><\/blockquote><iframe sandbox=\"allow-scripts\" security=\"restricted\" src=\"https:\/\/www.ahmadiyya-islam.org\/ba\/javna-saopstenja\/svedska-politicarka-u-posjeti-halifi-islama\/embed\/#?secret=QiXvyve3qk\" width=\"600\" height=\"338\" title=\"&#8220;\u0160vedska politi\u010darka u posjeti Halifi islama&#8221; &#8212; Ahmadija muslimanski d\u017eemat\" data-secret=\"QiXvyve3qk\" frameborder=\"0\" marginwidth=\"0\" marginheight=\"0\" scrolling=\"no\" class=\"wp-embedded-content\"><\/iframe><script type=\"text\/javascript\">\n\/* <![CDATA[ *\/\n\/*! This file is auto-generated *\/\n!function(d,l){\"use strict\";l.querySelector&&d.addEventListener&&\"undefined\"!=typeof URL&&(d.wp=d.wp||{},d.wp.receiveEmbedMessage||(d.wp.receiveEmbedMessage=function(e){var t=e.data;if((t||t.secret||t.message||t.value)&&!\/[^a-zA-Z0-9]\/.test(t.secret)){for(var s,r,n,a=l.querySelectorAll('iframe[data-secret=\"'+t.secret+'\"]'),o=l.querySelectorAll('blockquote[data-secret=\"'+t.secret+'\"]'),c=new RegExp(\"^https?:$\",\"i\"),i=0;i<o.length;i++)o[i].style.display=\"none\";for(i=0;i<a.length;i++)s=a[i],e.source===s.contentWindow&&(s.removeAttribute(\"style\"),\"height\"===t.message?(1e3<(r=parseInt(t.value,10))?r=1e3:~~r<200&&(r=200),s.height=r):\"link\"===t.message&&(r=new URL(s.getAttribute(\"src\")),n=new URL(t.value),c.test(n.protocol))&&n.host===r.host&&l.activeElement===s&&(d.top.location.href=t.value))}},d.addEventListener(\"message\",d.wp.receiveEmbedMessage,!1),l.addEventListener(\"DOMContentLoaded\",function(){for(var e,t,s=l.querySelectorAll(\"iframe.wp-embedded-content\"),r=0;r<s.length;r++)(t=(e=s[r]).getAttribute(\"data-secret\"))||(t=Math.random().toString(36).substring(2,12),e.src+=\"#?secret=\"+t,e.setAttribute(\"data-secret\",t)),e.contentWindow.postMessage({message:\"ready\",secret:t},\"*\")},!1)))}(window,document);\n\/\/# sourceURL=https:\/\/www.ahmadiyya-islam.org\/ba\/wp-includes\/js\/wp-embed.min.js\n\/* ]]> *\/\n<\/script>\n","thumbnail_url":"https:\/\/www.ahmadiyya-islam.org\/ba\/wp-content\/uploads\/sites\/16\/2020\/03\/2015-03-07-Swedish-Politician-1024x620-1.jpg","thumbnail_width":1024,"thumbnail_height":620,"description":"Gospo\u0111a \u00a0Heydari, koja je do\u0161la kao predstavnik \u0160vedske Demokratske Stranke, zahvalila je se Njegovoj Svetosti,za savjete,i pozvala Njegovu Svetost da posjeti \u0160vedsku. Njegova Svetost je se zahvalila na pozivu,i rekao da \u0107e moliti za njeno uspje\u0161no promicanje mira i ljudskih prava u svijetu."}