{"version":"1.0","provider_name":"Ahmadija muslimanski d\u017eemat","provider_url":"https:\/\/www.ahmadiyya-islam.org\/ba","author_name":"bosnia1","author_url":"https:\/\/www.ahmadiyya-islam.org\/ba\/author\/bosnia1\/","title":"Ljudi Izvrsnih Osobina","type":"rich","width":600,"height":338,"html":"<blockquote class=\"wp-embedded-content\" data-secret=\"8AHOVwtHT1\"><a href=\"https:\/\/www.ahmadiyya-islam.org\/ba\/hutbe\/2020\/02\/07\/ljudi-izvrsnih-osobina-35\/\">Ljudi Izvrsnih Osobina<\/a><\/blockquote><iframe sandbox=\"allow-scripts\" security=\"restricted\" src=\"https:\/\/www.ahmadiyya-islam.org\/ba\/hutbe\/2020\/02\/07\/ljudi-izvrsnih-osobina-35\/embed\/#?secret=8AHOVwtHT1\" width=\"600\" height=\"338\" title=\"&#8220;Ljudi Izvrsnih Osobina&#8221; &#8212; Ahmadija muslimanski d\u017eemat\" data-secret=\"8AHOVwtHT1\" frameborder=\"0\" marginwidth=\"0\" marginheight=\"0\" scrolling=\"no\" class=\"wp-embedded-content\"><\/iframe><script type=\"text\/javascript\">\n\/* <![CDATA[ *\/\n\/*! This file is auto-generated *\/\n!function(d,l){\"use strict\";l.querySelector&&d.addEventListener&&\"undefined\"!=typeof URL&&(d.wp=d.wp||{},d.wp.receiveEmbedMessage||(d.wp.receiveEmbedMessage=function(e){var t=e.data;if((t||t.secret||t.message||t.value)&&!\/[^a-zA-Z0-9]\/.test(t.secret)){for(var s,r,n,a=l.querySelectorAll('iframe[data-secret=\"'+t.secret+'\"]'),o=l.querySelectorAll('blockquote[data-secret=\"'+t.secret+'\"]'),c=new RegExp(\"^https?:$\",\"i\"),i=0;i<o.length;i++)o[i].style.display=\"none\";for(i=0;i<a.length;i++)s=a[i],e.source===s.contentWindow&&(s.removeAttribute(\"style\"),\"height\"===t.message?(1e3<(r=parseInt(t.value,10))?r=1e3:~~r<200&&(r=200),s.height=r):\"link\"===t.message&&(r=new URL(s.getAttribute(\"src\")),n=new URL(t.value),c.test(n.protocol))&&n.host===r.host&&l.activeElement===s&&(d.top.location.href=t.value))}},d.addEventListener(\"message\",d.wp.receiveEmbedMessage,!1),l.addEventListener(\"DOMContentLoaded\",function(){for(var e,t,s=l.querySelectorAll(\"iframe.wp-embedded-content\"),r=0;r<s.length;r++)(t=(e=s[r]).getAttribute(\"data-secret\"))||(t=Math.random().toString(36).substring(2,12),e.src+=\"#?secret=\"+t,e.setAttribute(\"data-secret\",t)),e.contentWindow.postMessage({message:\"ready\",secret:t},\"*\")},!1)))}(window,document);\n\/\/# sourceURL=https:\/\/www.ahmadiyya-islam.org\/ba\/wp-includes\/js\/wp-embed.min.js\n\/* ]]> *\/\n<\/script>\n","thumbnail_url":"https:\/\/www.ahmadiyya-islam.org\/ba\/wp-content\/uploads\/sites\/16\/2020\/02\/ljudi-izvrsnih-osobina-2.jpg","thumbnail_width":1280,"thumbnail_height":720,"description":"Neki zapadni histori\u010dari uveliko su istro\u0161ili svoje olovke po pitanju pogubljenja Ka'b bin A\u0161rafa, predstavljaju\u0107i ovaj incident kao neprijatnu mrlju na karakter \u010casnog Poslanika (savs.) Me\u0111utim, tako\u0111er treba imati na umu da je, u svjetlu ugovora koji je sklopljen izme\u0111u Muslimana i Jevreja nakon migracije, \u010casni Poslanik (savs) je postao glavni izvr\u0161ni vo\u0111a demokratske dr\u017eave koja je uspostavljena u Medini. \u010casni Poslanik (savs) je dobio ovlast da donosi bilo koju presudu koju je smatrao prikladnom u vezi sa svim sporovima i politi\u010dkim poslovima."}