{"version":"1.0","provider_name":"Ahmadija muslimanski d\u017eemat","provider_url":"https:\/\/www.ahmadiyya-islam.org\/ba","author_name":"bosnia1","author_url":"https:\/\/www.ahmadiyya-islam.org\/ba\/author\/bosnia1\/","title":"Vjera i islam","type":"rich","width":600,"height":338,"html":"<blockquote class=\"wp-embedded-content\" data-secret=\"nbnpUkfq1r\"><a href=\"https:\/\/www.ahmadiyya-islam.org\/ba\/hutbe\/2015\/09\/11\/vjera-i-islam\/\">Vjera i islam<\/a><\/blockquote><iframe sandbox=\"allow-scripts\" security=\"restricted\" src=\"https:\/\/www.ahmadiyya-islam.org\/ba\/hutbe\/2015\/09\/11\/vjera-i-islam\/embed\/#?secret=nbnpUkfq1r\" width=\"600\" height=\"338\" title=\"&#8220;Vjera i islam&#8221; &#8212; Ahmadija muslimanski d\u017eemat\" data-secret=\"nbnpUkfq1r\" frameborder=\"0\" marginwidth=\"0\" marginheight=\"0\" scrolling=\"no\" class=\"wp-embedded-content\"><\/iframe><script type=\"text\/javascript\">\n\/* <![CDATA[ *\/\n\/*! This file is auto-generated *\/\n!function(d,l){\"use strict\";l.querySelector&&d.addEventListener&&\"undefined\"!=typeof URL&&(d.wp=d.wp||{},d.wp.receiveEmbedMessage||(d.wp.receiveEmbedMessage=function(e){var t=e.data;if((t||t.secret||t.message||t.value)&&!\/[^a-zA-Z0-9]\/.test(t.secret)){for(var s,r,n,a=l.querySelectorAll('iframe[data-secret=\"'+t.secret+'\"]'),o=l.querySelectorAll('blockquote[data-secret=\"'+t.secret+'\"]'),c=new RegExp(\"^https?:$\",\"i\"),i=0;i<o.length;i++)o[i].style.display=\"none\";for(i=0;i<a.length;i++)s=a[i],e.source===s.contentWindow&&(s.removeAttribute(\"style\"),\"height\"===t.message?(1e3<(r=parseInt(t.value,10))?r=1e3:~~r<200&&(r=200),s.height=r):\"link\"===t.message&&(r=new URL(s.getAttribute(\"src\")),n=new URL(t.value),c.test(n.protocol))&&n.host===r.host&&l.activeElement===s&&(d.top.location.href=t.value))}},d.addEventListener(\"message\",d.wp.receiveEmbedMessage,!1),l.addEventListener(\"DOMContentLoaded\",function(){for(var e,t,s=l.querySelectorAll(\"iframe.wp-embedded-content\"),r=0;r<s.length;r++)(t=(e=s[r]).getAttribute(\"data-secret\"))||(t=Math.random().toString(36).substring(2,12),e.src+=\"#?secret=\"+t,e.setAttribute(\"data-secret\",t)),e.contentWindow.postMessage({message:\"ready\",secret:t},\"*\")},!1)))}(window,document);\n\/\/# sourceURL=https:\/\/www.ahmadiyya-islam.org\/ba\/wp-includes\/js\/wp-embed.min.js\n\/* ]]> *\/\n<\/script>\n","thumbnail_url":"https:\/\/www.ahmadiyya-islam.org\/ba\/wp-content\/uploads\/sites\/16\/2019\/06\/vjera-i-islam.jpg","thumbnail_width":1280,"thumbnail_height":720,"description":"Iz Benina na\u0161 misionar pi\u0161e da je prilikom otvaranja d\u017eamije, kralj jednog sela tako\u0111er do\u0161ao. On je rekao da \u0107e svakome re\u0107i da postane Ahmadi musliman, da su ovo zaista istiniti ljudi. On je tako\u0111er izrecitovao neke poeti\u010dne strofe na lokalnom jeziku koje imaju slijede\u0107e zna\u010denje: Biljka koju zasadi \u010dovjek osu\u0161i se ako nije hranjena vodom ali drvo zasa\u0111eno od Boga ovo ne treba. Ahmadijat je biljka zasa\u0111ena od Boga i gradnja d\u017eamije je o\u010dit dokaz ovoga. Moja ku\u0107a je blizu ove d\u017eamije pa za\u0161to da idem u udaljenu crkvu da se molim, ova biljka je biljka islama.Za\u0161to da ne idem u d\u017eamiju.\u2019"}