{"version":"1.0","provider_name":"Ahmadija muslimanski d\u017eemat","provider_url":"https:\/\/www.ahmadiyya-islam.org\/ba","author_name":"bosnia1","author_url":"https:\/\/www.ahmadiyya-islam.org\/ba\/author\/bosnia1\/","title":"Te\u017enja za dobrotom i mirom za sve","type":"rich","width":600,"height":338,"html":"<blockquote class=\"wp-embedded-content\" data-secret=\"Kp3zGN9LTR\"><a href=\"https:\/\/www.ahmadiyya-islam.org\/ba\/hutbe\/2014\/10\/31\/teznja-za-dobrotom-i-mirom-za-sve\/\">Te\u017enja za dobrotom i mirom za sve<\/a><\/blockquote><iframe sandbox=\"allow-scripts\" security=\"restricted\" src=\"https:\/\/www.ahmadiyya-islam.org\/ba\/hutbe\/2014\/10\/31\/teznja-za-dobrotom-i-mirom-za-sve\/embed\/#?secret=Kp3zGN9LTR\" width=\"600\" height=\"338\" title=\"&#8220;Te\u017enja za dobrotom i mirom za sve&#8221; &#8212; Ahmadija muslimanski d\u017eemat\" data-secret=\"Kp3zGN9LTR\" frameborder=\"0\" marginwidth=\"0\" marginheight=\"0\" scrolling=\"no\" class=\"wp-embedded-content\"><\/iframe><script type=\"text\/javascript\">\n\/* <![CDATA[ *\/\n\/*! This file is auto-generated *\/\n!function(d,l){\"use strict\";l.querySelector&&d.addEventListener&&\"undefined\"!=typeof URL&&(d.wp=d.wp||{},d.wp.receiveEmbedMessage||(d.wp.receiveEmbedMessage=function(e){var t=e.data;if((t||t.secret||t.message||t.value)&&!\/[^a-zA-Z0-9]\/.test(t.secret)){for(var s,r,n,a=l.querySelectorAll('iframe[data-secret=\"'+t.secret+'\"]'),o=l.querySelectorAll('blockquote[data-secret=\"'+t.secret+'\"]'),c=new RegExp(\"^https?:$\",\"i\"),i=0;i<o.length;i++)o[i].style.display=\"none\";for(i=0;i<a.length;i++)s=a[i],e.source===s.contentWindow&&(s.removeAttribute(\"style\"),\"height\"===t.message?(1e3<(r=parseInt(t.value,10))?r=1e3:~~r<200&&(r=200),s.height=r):\"link\"===t.message&&(r=new URL(s.getAttribute(\"src\")),n=new URL(t.value),c.test(n.protocol))&&n.host===r.host&&l.activeElement===s&&(d.top.location.href=t.value))}},d.addEventListener(\"message\",d.wp.receiveEmbedMessage,!1),l.addEventListener(\"DOMContentLoaded\",function(){for(var e,t,s=l.querySelectorAll(\"iframe.wp-embedded-content\"),r=0;r<s.length;r++)(t=(e=s[r]).getAttribute(\"data-secret\"))||(t=Math.random().toString(36).substring(2,12),e.src+=\"#?secret=\"+t,e.setAttribute(\"data-secret\",t)),e.contentWindow.postMessage({message:\"ready\",secret:t},\"*\")},!1)))}(window,document);\n\/\/# sourceURL=https:\/\/www.ahmadiyya-islam.org\/ba\/wp-includes\/js\/wp-embed.min.js\n\/* ]]> *\/\n<\/script>\n","thumbnail_url":"https:\/\/www.ahmadiyya-islam.org\/ba\/wp-content\/uploads\/sites\/16\/2019\/06\/teznja-za-dobrotom-i-mirom-za-sv.jpg","thumbnail_width":1280,"thumbnail_height":720,"description":"Uprkos \u010dinjenice da je, kao \u0161to vidimo u Tevratu, spomenuto suprotstavljanje ljudi hazreti Ishaka protiv djece hazreti Ismaila. I jevreji i kr\u0161\u0107ani su se suprotstavili \u010casnom Poslaniku tako\u0111er iz istog razloga. Uprkos \u010dinjenice da su i kr\u0161\u0107ani i jevreji bili u krajnjem suprotstavljanju jedni prema drugim, no, protiv \u010casnog Poslanika s.a.v.s. su se oboje okupili i \u010dak i sada \u010dine isto. Zbog\u00a0 ovog istog mi\u0161ljenja i zaklju\u010divanja Jevreji su izazvali mnogo bola \u010casnom Poslaniku u Medini ali je \u010casni Poslanik uvijek \u017eelio dobro za njih osim gdje se tra\u017eilo upravljanjem poslova i gdje se tra\u017eila kazna i to je tako\u0111er bilo radi\u00a0 dobrote za druge."}