{"id":8126,"date":"2018-11-23T21:51:57","date_gmt":"2018-11-23T21:51:57","guid":{"rendered":"https:\/\/www.ahmadiyya-islam.org\/al\/?post_type=videos&#038;p=8126"},"modified":"2019-09-01T09:29:12","modified_gmt":"2019-09-01T09:29:12","slug":"a-lejohet-mevludi-data-e-lindjes-se-profetit","status":"publish","type":"videos","link":"https:\/\/www.ahmadiyya-islam.org\/al\/videos\/a-lejohet-mevludi-data-e-lindjes-se-profetit\/","title":{"rendered":"A lejohet Mevludi? Cila \u00ebsht\u00eb data e lindjes s\u00eb Profetit s.a.v.s.?"},"content":{"rendered":"<h2>Kur lindi Profeti Muhammed s.a.v.s.?<\/h2>\n<p>P\u00ebr lindjen e tij, vet\u00eb Pejgamberi Muhammed s.a.v.s. thot\u00eb:<\/p>\n<blockquote><p><img loading=\"lazy\" decoding=\"async\" class=\"aligncenter size-full wp-image-8129\" src=\"https:\/\/www.ahmadiyya-islam.org\/al\/wp-content\/uploads\/sites\/3\/2018\/11\/Mevludi-1.png\" alt=\"mevludi ditelindja e profetit\" width=\"384\" height=\"328\" srcset=\"https:\/\/www.ahmadiyya-islam.org\/al\/wp-content\/uploads\/sites\/3\/2018\/11\/Mevludi-1.png 384w, https:\/\/www.ahmadiyya-islam.org\/al\/wp-content\/uploads\/sites\/3\/2018\/11\/Mevludi-1-300x256.png 300w\" sizes=\"auto, (max-width: 384px) 100vw, 384px\" \/>\u201cUn\u00eb tek Allahu isha sh\u00ebnuar si \u201cVula e profet\u00ebve\u201d edhe at\u00ebher\u00eb kur Ademi ishte ende duke u gatuar (ende nuk ishte krijuar t\u00ebr\u00ebsisht) &#8230; jam lutja e Ibrahimit, lajmi i mir\u00eb i Isait dhe p\u00ebrmbushja e \u00ebndrr\u00ebs s\u00eb n\u00ebn\u00ebs sime, t\u00eb cil\u00ebn ajo e pa kur m\u00eb lindi, q\u00eb prej saj doli nj\u00eb drit\u00eb, me t\u00eb cil\u00ebn do t\u00eb ndri\u00e7oheshin edhe k\u00ebshtjellat e Shamit\u201d.<\/p><\/blockquote>\n<p style=\"text-align: right\">(Sherhus-sunneh; Musnedi i Ahmedit nga \u201c&#8230; jam lutja e &#8230;\u201d deri n\u00eb fund; Mishkat, Bab fadailil-murselin; Delailun-Nebuvvah, i Imam Bejhakiut)<\/p>\n<p>Gjithashtu, p\u00ebrmendet edhe nj\u00eb fakt tjet\u00ebr nga goja e bekuar e Pejgamberit s.a.v.s.:<\/p>\n<blockquote><p><img loading=\"lazy\" decoding=\"async\" class=\"aligncenter size-full wp-image-8128\" src=\"https:\/\/www.ahmadiyya-islam.org\/al\/wp-content\/uploads\/sites\/3\/2018\/11\/Mevludi-2.png\" alt=\"mevludi ditelindja e profetit\" width=\"381\" height=\"149\" srcset=\"https:\/\/www.ahmadiyya-islam.org\/al\/wp-content\/uploads\/sites\/3\/2018\/11\/Mevludi-2.png 381w, https:\/\/www.ahmadiyya-islam.org\/al\/wp-content\/uploads\/sites\/3\/2018\/11\/Mevludi-2-300x117.png 300w\" sizes=\"auto, (max-width: 381px) 100vw, 381px\" \/>\u201cU pyet i D\u00ebrguari i Allahut s.a.v.s. p\u00ebr agj\u00ebrimin e tij t\u00eb dit\u00ebs s\u00eb h\u00ebn\u00eb. Ai u p\u00ebrgjigj: At\u00eb dit\u00eb kam lindur dhe pik\u00ebrisht at\u00eb dit\u00eb m\u00eb erdhi shpallja\u201d.<\/p><\/blockquote>\n<p style=\"text-align: right\">(Sahihu i Imam Muslimit, nr. i hadithit 2750)<\/p>\n<p>P\u00ebr sa i p\u00ebrket muajit dhe dat\u00ebs s\u00eb lindjes s\u00eb tij, ka rr\u00ebfime t\u00eb ndryshme. N\u00eb p\u00ebrgjith\u00ebsi, historian\u00ebt pajtohen p\u00ebr muajin Rebiul-evvel, kurse p\u00ebr dat\u00ebn ka rr\u00ebfime q\u00eb thon\u00eb se ishte 9, ka q\u00eb thon\u00eb se ishte data 12 dhe ka edhe t\u00eb tjer\u00eb q\u00eb thon\u00eb dat\u00ebn 17 t\u00eb muajit Reviul-evvel.<\/p>\n<p>N\u00eb librin e tij \u201cDelailun-Nebuvvah\u201d, Imam Bejhakiu thot\u00eb:<\/p>\n<blockquote><p>\u201cI D\u00ebrguari i Allahut s.a.v.s. lindi dit\u00ebn e h\u00ebn\u00eb, gjat\u00eb vitit t\u00eb elefenteve (gjat\u00eb vitit kur mbreti Abraha sulmoi Mek\u00ebn me ushtrin\u00eb e tij q\u00eb ka pasur elefant\u00eb), n\u00eb muajin Rebiul-Evel, kur kishin kaluar 12 net\u00ebt e tij. (Sirat Ibni Hisham)\u201d<\/p><\/blockquote>\n<h2>A duhet festuar Mevludi?<\/h2>\n<blockquote><p><em>Nj\u00eb njeri pyeti Hazret Mesihun e Premtuar a.s. rreth Mevludit. Ai tha:<\/em><\/p>\n<p><em>P\u00ebrmendja e t\u00eb D\u00ebrguarit t\u00eb Allahut s.a.v.s. \u00ebsht\u00eb nj\u00eb gj\u00eb shum\u00eb e mir\u00eb, madje sipas hadithit, kur p\u00ebrmend profet\u00ebt dhe evlijat\u00eb, zbret m\u00ebshira e Zotit. Edhe Vet\u00eb Zoti i Madh\u00ebrish\u00ebm na nxit t\u00eb p\u00ebrmendim shpesh profet\u00ebt. Por n\u00ebse kjo p\u00ebrmendje shoq\u00ebrohet me bidate, q\u00eb prekin Teuhidin, \u00ebsht\u00eb e palejueshme. Madh\u00ebshtia q\u00eb i takon Zotit, jepini Zotit dhe madh\u00ebshtia q\u00eb i takon Profetit, jepini Profetit. N\u00eb mevludet e sotme m\u00eb shum\u00eb ka fjal\u00eb bidate dhe k\u00ebto bidate jan\u00eb kund\u00ebr p\u00eblqimit t\u00eb Zotit. N\u00ebse nuk ka bidate, ai (mevludi) \u00ebsht\u00eb si nj\u00eb vaz. T\u00eb p\u00ebrmend\u00ebsh ardhjen e t\u00eb D\u00ebrguarit t\u00eb Allahut s.a.v.s., lindjen dhe vdekjen e tij, \u00ebsht\u00eb nj\u00eb vep\u00ebr shp\u00ebrblyese. Neve nuk na lejohet t\u00eb sajojm\u00eb nj\u00eb sheriat apo lib\u00ebr t\u00eb ri.<\/em><\/p>\n<p><em>Disa mullah e teprojn\u00eb kur thon\u00eb se mevludi \u00ebsht\u00eb haram. N\u00ebse \u00ebsht\u00eb haram, k\u00eb do ta ndiqni tjet\u00ebrk\u00ebnd? \u00cbsht\u00eb e natyrshme q\u00eb t\u00eb shtohet dashuria ndaj atij q\u00eb e p\u00ebrmend m\u00eb shum\u00eb.<\/em><\/p>\n<p><em>Nga ana tjet\u00ebr, jan\u00eb edhe ata q\u00eb \u00e7ohen gjat\u00eb mevludit, b\u00ebjn\u00eb gj\u00ebra t\u00eb ndaluara. K\u00ebta t\u00eb verb\u00ebr nga e kuptojn\u00eb se u paska mb\u00ebrritur shpirti i Profetit Muhmmedit s.a.v.s.?! Madje, n\u00eb kuvende t\u00eb tilla zakonisht ka njer\u00ebz nga m\u00eb t\u00eb papast\u00ebrit dhe nga m\u00eb t\u00eb ligjt\u00eb. E si mund t\u00eb vij\u00eb shpirti i Profetit s.a.v.s. n\u00eb mesin e tyre? Dhe ku shkruhet q\u00eb vijka shpirti?<\/em><\/p>\n<p><em><img loading=\"lazy\" decoding=\"async\" class=\"aligncenter size-full wp-image-8127\" src=\"https:\/\/www.ahmadiyya-islam.org\/al\/wp-content\/uploads\/sites\/3\/2018\/11\/kurani-17-37.png\" alt=\"mevludi\" width=\"386\" height=\"156\" srcset=\"https:\/\/www.ahmadiyya-islam.org\/al\/wp-content\/uploads\/sites\/3\/2018\/11\/kurani-17-37.png 386w, https:\/\/www.ahmadiyya-islam.org\/al\/wp-content\/uploads\/sites\/3\/2018\/11\/kurani-17-37-300x121.png 300w\" sizes=\"auto, (max-width: 386px) 100vw, 386px\" \/>\u201cMos mbaj nj\u00eb q\u00ebndrim p\u00ebr t\u00eb cilin nuk ke dije\u201d. (Kurani Fam\u00eblart\u00eb 17:37)<\/em><\/p>\n<p><em>Duhet t\u00eb keni ekulib\u00ebr nga t\u00eb dyja an\u00ebt. Nj\u00eb vehabi q\u00eb nuk e kupton madh\u00ebshtin\u00eb e Profetit Muhammed s.a.v.s., \u00ebsht\u00eb larg Zotit. T\u00eb till\u00ebt e kan\u00eb deformuar fen\u00eb. Kur p\u00ebrmendet ndonj\u00eb profet ose veli i Zotit, ata b\u00ebrtasin dhe pohojn\u00eb: \u201c\u00c7far\u00eb ep\u00ebrsie kan\u00eb ata mbi ne?!\u201d Ata nuk desh\u00ebn t\u00eb merrnin dobi nga mrekullit\u00eb e profet\u00ebve. Kurse grupi tjet\u00ebr e prishi besimin duke zgjedhur rrug\u00ebn e shirkut, saq\u00eb u b\u00ebri sexhde edhe varreve. Ne themi, mos adhuroni profet\u00ebt, por mendoni dhe kuptoni. Zoti d\u00ebrgon shi, q\u00eb gjall\u00ebron tok\u00ebn dhe e b\u00ebn t\u00eb lul\u00ebzoj\u00eb. Edhe profet\u00ebt jan\u00eb si shiu i Zotit.<\/em><\/p><\/blockquote>\n<p style=\"text-align: right\">(\u201cFikhul-Mesih\u201d, f. 395-396)<\/p>\n","protected":false},"excerpt":{"rendered":"<p>P\u00ebr sa i p\u00ebrket muajit dhe dat\u00ebs s\u00eb lindjes s\u00eb tij, ka rr\u00ebfime t\u00eb ndryshme. N\u00eb p\u00ebrgjith\u00ebsi, historian\u00ebt pajtohen me muajin Rebiul-evvel, kurse p\u00ebr dat\u00ebn ka rr\u00ebfime q\u00eb thon\u00eb se ishte 9, ka q\u00eb thon\u00eb se ishte data 12 dhe ka edhe t\u00eb tjer\u00eb q\u00eb thon\u00eb dat\u00ebn 17 t\u00eb muajit Reviul-evvel.  Pse mos t\u00eb festohet dit\u00eblindja e Pejgamberit Muhamed s.a.v.s.? \u00c7far\u00eb \u00ebsht\u00eb Mevludi? A ka ndonj\u00eb m\u00ebnyr\u00eb p\u00ebr ta b\u00ebr\u00eb Mevludin? Gjeni p\u00ebrgjigjen e shum\u00eb pyetjeve t\u00eb tjera rreth tem\u00ebs n\u00eb fjal\u00eb.<\/p>\n","protected":false},"featured_media":8131,"parent":0,"menu_order":0,"template":"","tags":[],"authors":[454],"content_source":[],"class_list":["post-8126","videos","type-videos","status-publish","has-post-thumbnail","hentry","topics-profeti-muhammed-s-a","topics-vula-e-profeteve","video-categories-fjalimet-nga-dijetaret-e-xhematit","authors-samad-ahmed-ghori"],"acf":[],"yoast_head":"<!-- This site is optimized with the Yoast SEO Premium plugin v21.1 (Yoast SEO v27.4) - https:\/\/yoast.com\/product\/yoast-seo-premium-wordpress\/ -->\n<title>A lejohet Mevludi? Cila \u00ebsht\u00eb data e lindjes s\u00eb Profetit s.a.v.s.?<\/title>\n<meta name=\"description\" content=\"P\u00ebr sa i p\u00ebrket muajit dhe dat\u00ebs s\u00eb lindjes s\u00eb tij, ka rr\u00ebfime t\u00eb ndryshme. N\u00eb p\u00ebrgjith\u00ebsi, historian\u00ebt pajtohen me muajin Rebiul-evvel, kurse p\u00ebr dat\u00ebn ka rr\u00ebfime q\u00eb thon\u00eb se ishte 9, ka q\u00eb thon\u00eb se ishte data 12 dhe ka edhe t\u00eb tjer\u00eb ...\" \/>\n<meta name=\"robots\" content=\"index, follow, max-snippet:-1, max-image-preview:large, max-video-preview:-1\" \/>\n<link rel=\"canonical\" href=\"https:\/\/www.ahmadiyya-islam.org\/al\/videos\/a-lejohet-mevludi-data-e-lindjes-se-profetit\/\" \/>\n<meta property=\"og:locale\" content=\"sq_AL\" \/>\n<meta property=\"og:type\" content=\"article\" \/>\n<meta property=\"og:title\" content=\"A lejohet Mevludi? Cila \u00ebsht\u00eb data e lindjes s\u00eb Profetit s.a.v.s.?\" \/>\n<meta property=\"og:description\" content=\"P\u00ebr sa i p\u00ebrket muajit dhe dat\u00ebs s\u00eb lindjes s\u00eb tij, ka rr\u00ebfime t\u00eb ndryshme. N\u00eb p\u00ebrgjith\u00ebsi, historian\u00ebt pajtohen me muajin Rebiul-evvel, kurse p\u00ebr dat\u00ebn ka rr\u00ebfime q\u00eb thon\u00eb se ishte 9, ka q\u00eb thon\u00eb se ishte data 12 dhe ka edhe t\u00eb tjer\u00eb ...\" \/>\n<meta property=\"og:url\" content=\"https:\/\/www.ahmadiyya-islam.org\/al\/videos\/a-lejohet-mevludi-data-e-lindjes-se-profetit\/\" \/>\n<meta property=\"og:site_name\" content=\"Xhemati Musliman Ahmedia\" \/>\n<meta property=\"article:modified_time\" content=\"2019-09-01T09:29:12+00:00\" \/>\n<meta property=\"og:image\" content=\"https:\/\/www.ahmadiyya-islam.org\/al\/wp-content\/uploads\/sites\/3\/2018\/11\/a-lejohet-mevludi-cila-eshte-dat.jpg\" \/>\n\t<meta property=\"og:image:width\" content=\"1280\" \/>\n\t<meta property=\"og:image:height\" content=\"720\" \/>\n\t<meta property=\"og:image:type\" content=\"image\/jpeg\" \/>\n<meta name=\"twitter:card\" content=\"summary_large_image\" \/>\n<meta name=\"twitter:label1\" content=\"Est. reading time\" \/>\n\t<meta name=\"twitter:data1\" content=\"4 minutes\" \/>\n<script type=\"application\/ld+json\" class=\"yoast-schema-graph\">{\"@context\":\"https:\\\/\\\/schema.org\",\"@graph\":[{\"@type\":\"WebPage\",\"@id\":\"https:\\\/\\\/www.ahmadiyya-islam.org\\\/al\\\/videos\\\/a-lejohet-mevludi-data-e-lindjes-se-profetit\\\/\",\"url\":\"https:\\\/\\\/www.ahmadiyya-islam.org\\\/al\\\/videos\\\/a-lejohet-mevludi-data-e-lindjes-se-profetit\\\/\",\"name\":\"A lejohet Mevludi? Cila \u00ebsht\u00eb data e lindjes s\u00eb Profetit s.a.v.s.?\",\"isPartOf\":{\"@id\":\"https:\\\/\\\/www.ahmadiyya-islam.org\\\/al\\\/#website\"},\"primaryImageOfPage\":{\"@id\":\"https:\\\/\\\/www.ahmadiyya-islam.org\\\/al\\\/videos\\\/a-lejohet-mevludi-data-e-lindjes-se-profetit\\\/#primaryimage\"},\"image\":{\"@id\":\"https:\\\/\\\/www.ahmadiyya-islam.org\\\/al\\\/videos\\\/a-lejohet-mevludi-data-e-lindjes-se-profetit\\\/#primaryimage\"},\"thumbnailUrl\":\"https:\\\/\\\/www.ahmadiyya-islam.org\\\/al\\\/wp-content\\\/uploads\\\/sites\\\/3\\\/2018\\\/11\\\/a-lejohet-mevludi-cila-eshte-dat.jpg\",\"datePublished\":\"2018-11-23T21:51:57+00:00\",\"dateModified\":\"2019-09-01T09:29:12+00:00\",\"description\":\"P\u00ebr sa i p\u00ebrket muajit dhe dat\u00ebs s\u00eb lindjes s\u00eb tij, ka rr\u00ebfime t\u00eb ndryshme. N\u00eb p\u00ebrgjith\u00ebsi, historian\u00ebt pajtohen me muajin Rebiul-evvel, kurse p\u00ebr dat\u00ebn ka rr\u00ebfime q\u00eb thon\u00eb se ishte 9, ka q\u00eb thon\u00eb se ishte data 12 dhe ka edhe t\u00eb tjer\u00eb ...\",\"breadcrumb\":{\"@id\":\"https:\\\/\\\/www.ahmadiyya-islam.org\\\/al\\\/videos\\\/a-lejohet-mevludi-data-e-lindjes-se-profetit\\\/#breadcrumb\"},\"inLanguage\":\"sq-AL\",\"potentialAction\":[{\"@type\":\"ReadAction\",\"target\":[\"https:\\\/\\\/www.ahmadiyya-islam.org\\\/al\\\/videos\\\/a-lejohet-mevludi-data-e-lindjes-se-profetit\\\/\"]}]},{\"@type\":\"ImageObject\",\"inLanguage\":\"sq-AL\",\"@id\":\"https:\\\/\\\/www.ahmadiyya-islam.org\\\/al\\\/videos\\\/a-lejohet-mevludi-data-e-lindjes-se-profetit\\\/#primaryimage\",\"url\":\"https:\\\/\\\/www.ahmadiyya-islam.org\\\/al\\\/wp-content\\\/uploads\\\/sites\\\/3\\\/2018\\\/11\\\/a-lejohet-mevludi-cila-eshte-dat.jpg\",\"contentUrl\":\"https:\\\/\\\/www.ahmadiyya-islam.org\\\/al\\\/wp-content\\\/uploads\\\/sites\\\/3\\\/2018\\\/11\\\/a-lejohet-mevludi-cila-eshte-dat.jpg\",\"width\":1280,\"height\":720},{\"@type\":\"BreadcrumbList\",\"@id\":\"https:\\\/\\\/www.ahmadiyya-islam.org\\\/al\\\/videos\\\/a-lejohet-mevludi-data-e-lindjes-se-profetit\\\/#breadcrumb\",\"itemListElement\":[{\"@type\":\"ListItem\",\"position\":1,\"name\":\"Home\",\"item\":\"https:\\\/\\\/www.ahmadiyya-islam.org\\\/al\\\/\"},{\"@type\":\"ListItem\",\"position\":2,\"name\":\"Videos\",\"item\":\"https:\\\/\\\/www.ahmadiyya-islam.org\\\/al\\\/videos\\\/\"},{\"@type\":\"ListItem\",\"position\":3,\"name\":\"A lejohet Mevludi? Cila \u00ebsht\u00eb data e lindjes s\u00eb Profetit s.a.v.s.?\"}]},{\"@type\":\"WebSite\",\"@id\":\"https:\\\/\\\/www.ahmadiyya-islam.org\\\/al\\\/#website\",\"url\":\"https:\\\/\\\/www.ahmadiyya-islam.org\\\/al\\\/\",\"name\":\"Xhemati Musliman Ahmedia\",\"description\":\"Albania\",\"potentialAction\":[{\"@type\":\"SearchAction\",\"target\":{\"@type\":\"EntryPoint\",\"urlTemplate\":\"https:\\\/\\\/www.ahmadiyya-islam.org\\\/al\\\/?s={search_term_string}\"},\"query-input\":{\"@type\":\"PropertyValueSpecification\",\"valueRequired\":true,\"valueName\":\"search_term_string\"}}],\"inLanguage\":\"sq-AL\"}]}<\/script>\n<!-- \/ Yoast SEO Premium plugin. -->","yoast_head_json":{"title":"A lejohet Mevludi? Cila \u00ebsht\u00eb data e lindjes s\u00eb Profetit s.a.v.s.?","description":"P\u00ebr sa i p\u00ebrket muajit dhe dat\u00ebs s\u00eb lindjes s\u00eb tij, ka rr\u00ebfime t\u00eb ndryshme. N\u00eb p\u00ebrgjith\u00ebsi, historian\u00ebt pajtohen me muajin Rebiul-evvel, kurse p\u00ebr dat\u00ebn ka rr\u00ebfime q\u00eb thon\u00eb se ishte 9, ka q\u00eb thon\u00eb se ishte data 12 dhe ka edhe t\u00eb tjer\u00eb ...","robots":{"index":"index","follow":"follow","max-snippet":"max-snippet:-1","max-image-preview":"max-image-preview:large","max-video-preview":"max-video-preview:-1"},"canonical":"https:\/\/www.ahmadiyya-islam.org\/al\/videos\/a-lejohet-mevludi-data-e-lindjes-se-profetit\/","og_locale":"sq_AL","og_type":"article","og_title":"A lejohet Mevludi? Cila \u00ebsht\u00eb data e lindjes s\u00eb Profetit s.a.v.s.?","og_description":"P\u00ebr sa i p\u00ebrket muajit dhe dat\u00ebs s\u00eb lindjes s\u00eb tij, ka rr\u00ebfime t\u00eb ndryshme. N\u00eb p\u00ebrgjith\u00ebsi, historian\u00ebt pajtohen me muajin Rebiul-evvel, kurse p\u00ebr dat\u00ebn ka rr\u00ebfime q\u00eb thon\u00eb se ishte 9, ka q\u00eb thon\u00eb se ishte data 12 dhe ka edhe t\u00eb tjer\u00eb ...","og_url":"https:\/\/www.ahmadiyya-islam.org\/al\/videos\/a-lejohet-mevludi-data-e-lindjes-se-profetit\/","og_site_name":"Xhemati Musliman Ahmedia","article_modified_time":"2019-09-01T09:29:12+00:00","og_image":[{"width":1280,"height":720,"url":"https:\/\/www.ahmadiyya-islam.org\/al\/wp-content\/uploads\/sites\/3\/2018\/11\/a-lejohet-mevludi-cila-eshte-dat.jpg","type":"image\/jpeg"}],"twitter_card":"summary_large_image","twitter_misc":{"Est. reading time":"4 minutes"},"schema":{"@context":"https:\/\/schema.org","@graph":[{"@type":"WebPage","@id":"https:\/\/www.ahmadiyya-islam.org\/al\/videos\/a-lejohet-mevludi-data-e-lindjes-se-profetit\/","url":"https:\/\/www.ahmadiyya-islam.org\/al\/videos\/a-lejohet-mevludi-data-e-lindjes-se-profetit\/","name":"A lejohet Mevludi? Cila \u00ebsht\u00eb data e lindjes s\u00eb Profetit s.a.v.s.?","isPartOf":{"@id":"https:\/\/www.ahmadiyya-islam.org\/al\/#website"},"primaryImageOfPage":{"@id":"https:\/\/www.ahmadiyya-islam.org\/al\/videos\/a-lejohet-mevludi-data-e-lindjes-se-profetit\/#primaryimage"},"image":{"@id":"https:\/\/www.ahmadiyya-islam.org\/al\/videos\/a-lejohet-mevludi-data-e-lindjes-se-profetit\/#primaryimage"},"thumbnailUrl":"https:\/\/www.ahmadiyya-islam.org\/al\/wp-content\/uploads\/sites\/3\/2018\/11\/a-lejohet-mevludi-cila-eshte-dat.jpg","datePublished":"2018-11-23T21:51:57+00:00","dateModified":"2019-09-01T09:29:12+00:00","description":"P\u00ebr sa i p\u00ebrket muajit dhe dat\u00ebs s\u00eb lindjes s\u00eb tij, ka rr\u00ebfime t\u00eb ndryshme. N\u00eb p\u00ebrgjith\u00ebsi, historian\u00ebt pajtohen me muajin Rebiul-evvel, kurse p\u00ebr dat\u00ebn ka rr\u00ebfime q\u00eb thon\u00eb se ishte 9, ka q\u00eb thon\u00eb se ishte data 12 dhe ka edhe t\u00eb tjer\u00eb ...","breadcrumb":{"@id":"https:\/\/www.ahmadiyya-islam.org\/al\/videos\/a-lejohet-mevludi-data-e-lindjes-se-profetit\/#breadcrumb"},"inLanguage":"sq-AL","potentialAction":[{"@type":"ReadAction","target":["https:\/\/www.ahmadiyya-islam.org\/al\/videos\/a-lejohet-mevludi-data-e-lindjes-se-profetit\/"]}]},{"@type":"ImageObject","inLanguage":"sq-AL","@id":"https:\/\/www.ahmadiyya-islam.org\/al\/videos\/a-lejohet-mevludi-data-e-lindjes-se-profetit\/#primaryimage","url":"https:\/\/www.ahmadiyya-islam.org\/al\/wp-content\/uploads\/sites\/3\/2018\/11\/a-lejohet-mevludi-cila-eshte-dat.jpg","contentUrl":"https:\/\/www.ahmadiyya-islam.org\/al\/wp-content\/uploads\/sites\/3\/2018\/11\/a-lejohet-mevludi-cila-eshte-dat.jpg","width":1280,"height":720},{"@type":"BreadcrumbList","@id":"https:\/\/www.ahmadiyya-islam.org\/al\/videos\/a-lejohet-mevludi-data-e-lindjes-se-profetit\/#breadcrumb","itemListElement":[{"@type":"ListItem","position":1,"name":"Home","item":"https:\/\/www.ahmadiyya-islam.org\/al\/"},{"@type":"ListItem","position":2,"name":"Videos","item":"https:\/\/www.ahmadiyya-islam.org\/al\/videos\/"},{"@type":"ListItem","position":3,"name":"A lejohet Mevludi? Cila \u00ebsht\u00eb data e lindjes s\u00eb Profetit s.a.v.s.?"}]},{"@type":"WebSite","@id":"https:\/\/www.ahmadiyya-islam.org\/al\/#website","url":"https:\/\/www.ahmadiyya-islam.org\/al\/","name":"Xhemati Musliman Ahmedia","description":"Albania","potentialAction":[{"@type":"SearchAction","target":{"@type":"EntryPoint","urlTemplate":"https:\/\/www.ahmadiyya-islam.org\/al\/?s={search_term_string}"},"query-input":{"@type":"PropertyValueSpecification","valueRequired":true,"valueName":"search_term_string"}}],"inLanguage":"sq-AL"}]}},"_links":{"self":[{"href":"https:\/\/www.ahmadiyya-islam.org\/al\/wp-json\/wp\/v2\/videos\/8126","targetHints":{"allow":["GET"]}}],"collection":[{"href":"https:\/\/www.ahmadiyya-islam.org\/al\/wp-json\/wp\/v2\/videos"}],"about":[{"href":"https:\/\/www.ahmadiyya-islam.org\/al\/wp-json\/wp\/v2\/types\/videos"}],"version-history":[{"count":0,"href":"https:\/\/www.ahmadiyya-islam.org\/al\/wp-json\/wp\/v2\/videos\/8126\/revisions"}],"wp:featuredmedia":[{"embeddable":true,"href":"https:\/\/www.ahmadiyya-islam.org\/al\/wp-json\/wp\/v2\/media\/8131"}],"wp:attachment":[{"href":"https:\/\/www.ahmadiyya-islam.org\/al\/wp-json\/wp\/v2\/media?parent=8126"}],"wp:term":[{"taxonomy":"post_tag","embeddable":true,"href":"https:\/\/www.ahmadiyya-islam.org\/al\/wp-json\/wp\/v2\/tags?post=8126"},{"taxonomy":"authors","embeddable":true,"href":"https:\/\/www.ahmadiyya-islam.org\/al\/wp-json\/wp\/v2\/authors?post=8126"},{"taxonomy":"content_source","embeddable":true,"href":"https:\/\/www.ahmadiyya-islam.org\/al\/wp-json\/wp\/v2\/content_source?post=8126"}],"curies":[{"name":"wp","href":"https:\/\/api.w.org\/{rel}","templated":true}]}}