{"id":8059,"date":"2018-10-26T19:42:43","date_gmt":"2018-10-26T19:42:43","guid":{"rendered":"https:\/\/www.ahmadiyya-islam.org\/al\/?post_type=videos&#038;p=8059"},"modified":"2018-10-26T19:44:28","modified_gmt":"2018-10-26T19:44:28","slug":"pyetje-te-shpeshta-xhemati-musliman-ahmedia","status":"publish","type":"videos","link":"https:\/\/www.ahmadiyya-islam.org\/al\/videos\/pyetje-te-shpeshta-xhemati-musliman-ahmedia\/","title":{"rendered":"Pyetje t\u00eb shpeshta rreth Xhematit Musliman Ahmedia"},"content":{"rendered":"<ul>\n<li>A besojn\u00eb ahmedian\u00ebt n\u00eb nj\u00eb profet t\u00eb ri?<\/li>\n<li>\u00c7far\u00eb do t\u00eb thot\u00eb &#8220;Vula e Profet\u00ebve&#8221;?<\/li>\n<li>A ka profet pas Profetit Muhammed s.a.v.s.?<\/li>\n<li>Si do t\u00eb vij\u00eb Imam Mehdiu?<\/li>\n<li>Po, Hazret Isai a.s. si do t\u00eb vij\u00eb s\u00ebrish, si profet?<\/li>\n<li><span class=\"text_exposed_show\">A jan\u00eb agjent\u00eb t\u00eb angelzve apo t\u00eb izraelitve?<\/span><\/li>\n<li><span class=\"text_exposed_show\">A nd\u00ebrrojn\u00eb emrin e Muhammedit me Ahmedin n\u00eb shehadetin e tyre?<\/span><\/li>\n<li>Xhelsa Salana (Tubimi Vjetor) i tyre \u00ebsht\u00eb Haxh p\u00ebr ta?<\/li>\n<\/ul>\n<div id=\"fb-root\"><\/div>\n<p><script>(function(d, s, id) {  var js, fjs = d.getElementsByTagName(s)[0];  if (d.getElementById(id)) return;  js = d.createElement(s); js.id = id;  js.src = 'https:\/\/connect.facebook.net\/en_GB\/sdk.js#xfbml=1&version=v3.2';  fjs.parentNode.insertBefore(js, fjs);}(document, 'script', 'facebook-jssdk'));<\/script><\/p>\n<div class=\"fb-video\" data-href=\"https:\/\/www.facebook.com\/XhematiMuslimanAhmedia\/videos\/2012092855518116\/\" data-width=\"900\">\n<blockquote cite=\"https:\/\/www.facebook.com\/XhematiMuslimanAhmedia\/videos\/2012092855518116\/\" class=\"fb-xfbml-parse-ignore\"><p><a href=\"https:\/\/www.facebook.com\/XhematiMuslimanAhmedia\/videos\/2012092855518116\/\">Pyetje t\u00eb shpeshta rreth Xhematit Musliman Ahmedia<\/a><\/p>\n<p>A besojn\u00eb ahmedian\u00ebt n\u00eb nj\u00eb profet t\u00eb ri?\u00c7far\u00eb do t\u00eb thot\u00eb &quot;Vula e Profet\u00ebve&quot;?A ka profet pas Profetit Muhammed s.a.v.s.?Si do t\u00eb vij\u00eb Imam Mehdiu?Po, Hazret Isai a.s. si do t\u00eb vij\u00eb s\u00ebrish, si profet?A jan\u00eb agjent\u00eb t\u00eb angelzve apo t\u00eb izraelitve?A nd\u00ebrrojn\u00eb emrin e Muhammedit me Ahmedin n\u00eb shehadetin e tyre?Xhelsa Salana (Tubimi Vjetor) i tyre \u00ebsht\u00eb Haxh p\u00ebr ta?Xhemati Musliman Ahmedia<\/p>\n<p>Posted by <a href=\"https:\/\/www.facebook.com\/XhematiMuslimanAhmedia\/\">Xhemati Musliman Ahmedia<\/a> on Wednesday, 24 October 2018<\/p><\/blockquote>\n<\/div>\n","protected":false},"excerpt":{"rendered":"<p>A besojn\u00eb ahmedian\u00ebt n\u00eb nj\u00eb profet t\u00eb ri? \u00c7far\u00eb do t\u00eb thot\u00eb &#8220;Vula e Profet\u00ebve&#8221;? A ka profet pas Profetit Muhammed s.a.v.s.? Si do t\u00eb vij\u00eb Imam Mehdiu? &#8230;<\/p>\n","protected":false},"featured_media":8061,"parent":0,"menu_order":0,"template":"","tags":[],"authors":[],"content_source":[],"class_list":["post-8059","videos","type-videos","status-publish","has-post-thumbnail","hentry","topics-vertetesia-e-xhematit-ahmedia","topics-xhemati-musliman-ahmedia","video-categories-pyetje-pergjigje"],"acf":[],"yoast_head":"<!-- This site is optimized with the Yoast SEO Premium plugin v21.1 (Yoast SEO v27.4) - https:\/\/yoast.com\/product\/yoast-seo-premium-wordpress\/ -->\n<title>Pyetje t\u00eb shpeshta rreth Xhematit Musliman Ahmedia<\/title>\n<meta name=\"description\" content=\"A besojn\u00eb ahmedian\u00ebt n\u00eb nj\u00eb profet t\u00eb ri? \u00c7far\u00eb do t\u00eb thot\u00eb &quot;Vula e Profet\u00ebve&quot;? A ka profet pas Profetit Muhammed s.a.v.s.? Si do t\u00eb vij\u00eb Imam Mehdiu? ...\" \/>\n<meta name=\"robots\" content=\"index, follow, max-snippet:-1, max-image-preview:large, max-video-preview:-1\" \/>\n<link rel=\"canonical\" href=\"https:\/\/www.ahmadiyya-islam.org\/al\/videos\/pyetje-te-shpeshta-xhemati-musliman-ahmedia\/\" \/>\n<meta property=\"og:locale\" content=\"sq_AL\" \/>\n<meta property=\"og:type\" content=\"article\" \/>\n<meta property=\"og:title\" content=\"Pyetje t\u00eb shpeshta rreth Xhematit Musliman Ahmedia\" \/>\n<meta property=\"og:description\" content=\"A besojn\u00eb ahmedian\u00ebt n\u00eb nj\u00eb profet t\u00eb ri? \u00c7far\u00eb do t\u00eb thot\u00eb &quot;Vula e Profet\u00ebve&quot;? A ka profet pas Profetit Muhammed s.a.v.s.? Si do t\u00eb vij\u00eb Imam Mehdiu? ...\" \/>\n<meta property=\"og:url\" content=\"https:\/\/www.ahmadiyya-islam.org\/al\/videos\/pyetje-te-shpeshta-xhemati-musliman-ahmedia\/\" \/>\n<meta property=\"og:site_name\" content=\"Xhemati Musliman Ahmedia\" \/>\n<meta property=\"article:modified_time\" content=\"2018-10-26T19:44:28+00:00\" \/>\n<meta property=\"og:image\" content=\"https:\/\/www.ahmadiyya-islam.org\/al\/wp-content\/uploads\/sites\/3\/2018\/10\/pyetje-te-shpeshta-rreth-xhemati.jpg\" \/>\n\t<meta property=\"og:image:width\" content=\"1280\" \/>\n\t<meta property=\"og:image:height\" content=\"720\" \/>\n\t<meta property=\"og:image:type\" content=\"image\/jpeg\" \/>\n<meta name=\"twitter:card\" content=\"summary_large_image\" \/>\n<script type=\"application\/ld+json\" class=\"yoast-schema-graph\">{\"@context\":\"https:\\\/\\\/schema.org\",\"@graph\":[{\"@type\":\"WebPage\",\"@id\":\"https:\\\/\\\/www.ahmadiyya-islam.org\\\/al\\\/videos\\\/pyetje-te-shpeshta-xhemati-musliman-ahmedia\\\/\",\"url\":\"https:\\\/\\\/www.ahmadiyya-islam.org\\\/al\\\/videos\\\/pyetje-te-shpeshta-xhemati-musliman-ahmedia\\\/\",\"name\":\"Pyetje t\u00eb shpeshta rreth Xhematit Musliman Ahmedia\",\"isPartOf\":{\"@id\":\"https:\\\/\\\/www.ahmadiyya-islam.org\\\/al\\\/#website\"},\"primaryImageOfPage\":{\"@id\":\"https:\\\/\\\/www.ahmadiyya-islam.org\\\/al\\\/videos\\\/pyetje-te-shpeshta-xhemati-musliman-ahmedia\\\/#primaryimage\"},\"image\":{\"@id\":\"https:\\\/\\\/www.ahmadiyya-islam.org\\\/al\\\/videos\\\/pyetje-te-shpeshta-xhemati-musliman-ahmedia\\\/#primaryimage\"},\"thumbnailUrl\":\"https:\\\/\\\/www.ahmadiyya-islam.org\\\/al\\\/wp-content\\\/uploads\\\/sites\\\/3\\\/2018\\\/10\\\/pyetje-te-shpeshta-rreth-xhemati.jpg\",\"datePublished\":\"2018-10-26T19:42:43+00:00\",\"dateModified\":\"2018-10-26T19:44:28+00:00\",\"description\":\"A besojn\u00eb ahmedian\u00ebt n\u00eb nj\u00eb profet t\u00eb ri? \u00c7far\u00eb do t\u00eb thot\u00eb \\\"Vula e Profet\u00ebve\\\"? A ka profet pas Profetit Muhammed s.a.v.s.? Si do t\u00eb vij\u00eb Imam Mehdiu? ...\",\"breadcrumb\":{\"@id\":\"https:\\\/\\\/www.ahmadiyya-islam.org\\\/al\\\/videos\\\/pyetje-te-shpeshta-xhemati-musliman-ahmedia\\\/#breadcrumb\"},\"inLanguage\":\"sq-AL\",\"potentialAction\":[{\"@type\":\"ReadAction\",\"target\":[\"https:\\\/\\\/www.ahmadiyya-islam.org\\\/al\\\/videos\\\/pyetje-te-shpeshta-xhemati-musliman-ahmedia\\\/\"]}]},{\"@type\":\"ImageObject\",\"inLanguage\":\"sq-AL\",\"@id\":\"https:\\\/\\\/www.ahmadiyya-islam.org\\\/al\\\/videos\\\/pyetje-te-shpeshta-xhemati-musliman-ahmedia\\\/#primaryimage\",\"url\":\"https:\\\/\\\/www.ahmadiyya-islam.org\\\/al\\\/wp-content\\\/uploads\\\/sites\\\/3\\\/2018\\\/10\\\/pyetje-te-shpeshta-rreth-xhemati.jpg\",\"contentUrl\":\"https:\\\/\\\/www.ahmadiyya-islam.org\\\/al\\\/wp-content\\\/uploads\\\/sites\\\/3\\\/2018\\\/10\\\/pyetje-te-shpeshta-rreth-xhemati.jpg\",\"width\":1280,\"height\":720},{\"@type\":\"BreadcrumbList\",\"@id\":\"https:\\\/\\\/www.ahmadiyya-islam.org\\\/al\\\/videos\\\/pyetje-te-shpeshta-xhemati-musliman-ahmedia\\\/#breadcrumb\",\"itemListElement\":[{\"@type\":\"ListItem\",\"position\":1,\"name\":\"Home\",\"item\":\"https:\\\/\\\/www.ahmadiyya-islam.org\\\/al\\\/\"},{\"@type\":\"ListItem\",\"position\":2,\"name\":\"Videos\",\"item\":\"https:\\\/\\\/www.ahmadiyya-islam.org\\\/al\\\/videos\\\/\"},{\"@type\":\"ListItem\",\"position\":3,\"name\":\"Pyetje t\u00eb shpeshta rreth Xhematit Musliman Ahmedia\"}]},{\"@type\":\"WebSite\",\"@id\":\"https:\\\/\\\/www.ahmadiyya-islam.org\\\/al\\\/#website\",\"url\":\"https:\\\/\\\/www.ahmadiyya-islam.org\\\/al\\\/\",\"name\":\"Xhemati Musliman Ahmedia\",\"description\":\"Albania\",\"potentialAction\":[{\"@type\":\"SearchAction\",\"target\":{\"@type\":\"EntryPoint\",\"urlTemplate\":\"https:\\\/\\\/www.ahmadiyya-islam.org\\\/al\\\/?s={search_term_string}\"},\"query-input\":{\"@type\":\"PropertyValueSpecification\",\"valueRequired\":true,\"valueName\":\"search_term_string\"}}],\"inLanguage\":\"sq-AL\"}]}<\/script>\n<!-- \/ Yoast SEO Premium plugin. -->","yoast_head_json":{"title":"Pyetje t\u00eb shpeshta rreth Xhematit Musliman Ahmedia","description":"A besojn\u00eb ahmedian\u00ebt n\u00eb nj\u00eb profet t\u00eb ri? \u00c7far\u00eb do t\u00eb thot\u00eb \"Vula e Profet\u00ebve\"? A ka profet pas Profetit Muhammed s.a.v.s.? Si do t\u00eb vij\u00eb Imam Mehdiu? ...","robots":{"index":"index","follow":"follow","max-snippet":"max-snippet:-1","max-image-preview":"max-image-preview:large","max-video-preview":"max-video-preview:-1"},"canonical":"https:\/\/www.ahmadiyya-islam.org\/al\/videos\/pyetje-te-shpeshta-xhemati-musliman-ahmedia\/","og_locale":"sq_AL","og_type":"article","og_title":"Pyetje t\u00eb shpeshta rreth Xhematit Musliman Ahmedia","og_description":"A besojn\u00eb ahmedian\u00ebt n\u00eb nj\u00eb profet t\u00eb ri? \u00c7far\u00eb do t\u00eb thot\u00eb \"Vula e Profet\u00ebve\"? A ka profet pas Profetit Muhammed s.a.v.s.? Si do t\u00eb vij\u00eb Imam Mehdiu? ...","og_url":"https:\/\/www.ahmadiyya-islam.org\/al\/videos\/pyetje-te-shpeshta-xhemati-musliman-ahmedia\/","og_site_name":"Xhemati Musliman Ahmedia","article_modified_time":"2018-10-26T19:44:28+00:00","og_image":[{"width":1280,"height":720,"url":"https:\/\/www.ahmadiyya-islam.org\/al\/wp-content\/uploads\/sites\/3\/2018\/10\/pyetje-te-shpeshta-rreth-xhemati.jpg","type":"image\/jpeg"}],"twitter_card":"summary_large_image","schema":{"@context":"https:\/\/schema.org","@graph":[{"@type":"WebPage","@id":"https:\/\/www.ahmadiyya-islam.org\/al\/videos\/pyetje-te-shpeshta-xhemati-musliman-ahmedia\/","url":"https:\/\/www.ahmadiyya-islam.org\/al\/videos\/pyetje-te-shpeshta-xhemati-musliman-ahmedia\/","name":"Pyetje t\u00eb shpeshta rreth Xhematit Musliman Ahmedia","isPartOf":{"@id":"https:\/\/www.ahmadiyya-islam.org\/al\/#website"},"primaryImageOfPage":{"@id":"https:\/\/www.ahmadiyya-islam.org\/al\/videos\/pyetje-te-shpeshta-xhemati-musliman-ahmedia\/#primaryimage"},"image":{"@id":"https:\/\/www.ahmadiyya-islam.org\/al\/videos\/pyetje-te-shpeshta-xhemati-musliman-ahmedia\/#primaryimage"},"thumbnailUrl":"https:\/\/www.ahmadiyya-islam.org\/al\/wp-content\/uploads\/sites\/3\/2018\/10\/pyetje-te-shpeshta-rreth-xhemati.jpg","datePublished":"2018-10-26T19:42:43+00:00","dateModified":"2018-10-26T19:44:28+00:00","description":"A besojn\u00eb ahmedian\u00ebt n\u00eb nj\u00eb profet t\u00eb ri? \u00c7far\u00eb do t\u00eb thot\u00eb \"Vula e Profet\u00ebve\"? A ka profet pas Profetit Muhammed s.a.v.s.? Si do t\u00eb vij\u00eb Imam Mehdiu? ...","breadcrumb":{"@id":"https:\/\/www.ahmadiyya-islam.org\/al\/videos\/pyetje-te-shpeshta-xhemati-musliman-ahmedia\/#breadcrumb"},"inLanguage":"sq-AL","potentialAction":[{"@type":"ReadAction","target":["https:\/\/www.ahmadiyya-islam.org\/al\/videos\/pyetje-te-shpeshta-xhemati-musliman-ahmedia\/"]}]},{"@type":"ImageObject","inLanguage":"sq-AL","@id":"https:\/\/www.ahmadiyya-islam.org\/al\/videos\/pyetje-te-shpeshta-xhemati-musliman-ahmedia\/#primaryimage","url":"https:\/\/www.ahmadiyya-islam.org\/al\/wp-content\/uploads\/sites\/3\/2018\/10\/pyetje-te-shpeshta-rreth-xhemati.jpg","contentUrl":"https:\/\/www.ahmadiyya-islam.org\/al\/wp-content\/uploads\/sites\/3\/2018\/10\/pyetje-te-shpeshta-rreth-xhemati.jpg","width":1280,"height":720},{"@type":"BreadcrumbList","@id":"https:\/\/www.ahmadiyya-islam.org\/al\/videos\/pyetje-te-shpeshta-xhemati-musliman-ahmedia\/#breadcrumb","itemListElement":[{"@type":"ListItem","position":1,"name":"Home","item":"https:\/\/www.ahmadiyya-islam.org\/al\/"},{"@type":"ListItem","position":2,"name":"Videos","item":"https:\/\/www.ahmadiyya-islam.org\/al\/videos\/"},{"@type":"ListItem","position":3,"name":"Pyetje t\u00eb shpeshta rreth Xhematit Musliman Ahmedia"}]},{"@type":"WebSite","@id":"https:\/\/www.ahmadiyya-islam.org\/al\/#website","url":"https:\/\/www.ahmadiyya-islam.org\/al\/","name":"Xhemati Musliman Ahmedia","description":"Albania","potentialAction":[{"@type":"SearchAction","target":{"@type":"EntryPoint","urlTemplate":"https:\/\/www.ahmadiyya-islam.org\/al\/?s={search_term_string}"},"query-input":{"@type":"PropertyValueSpecification","valueRequired":true,"valueName":"search_term_string"}}],"inLanguage":"sq-AL"}]}},"_links":{"self":[{"href":"https:\/\/www.ahmadiyya-islam.org\/al\/wp-json\/wp\/v2\/videos\/8059","targetHints":{"allow":["GET"]}}],"collection":[{"href":"https:\/\/www.ahmadiyya-islam.org\/al\/wp-json\/wp\/v2\/videos"}],"about":[{"href":"https:\/\/www.ahmadiyya-islam.org\/al\/wp-json\/wp\/v2\/types\/videos"}],"version-history":[{"count":0,"href":"https:\/\/www.ahmadiyya-islam.org\/al\/wp-json\/wp\/v2\/videos\/8059\/revisions"}],"wp:featuredmedia":[{"embeddable":true,"href":"https:\/\/www.ahmadiyya-islam.org\/al\/wp-json\/wp\/v2\/media\/8061"}],"wp:attachment":[{"href":"https:\/\/www.ahmadiyya-islam.org\/al\/wp-json\/wp\/v2\/media?parent=8059"}],"wp:term":[{"taxonomy":"post_tag","embeddable":true,"href":"https:\/\/www.ahmadiyya-islam.org\/al\/wp-json\/wp\/v2\/tags?post=8059"},{"taxonomy":"authors","embeddable":true,"href":"https:\/\/www.ahmadiyya-islam.org\/al\/wp-json\/wp\/v2\/authors?post=8059"},{"taxonomy":"content_source","embeddable":true,"href":"https:\/\/www.ahmadiyya-islam.org\/al\/wp-json\/wp\/v2\/content_source?post=8059"}],"curies":[{"name":"wp","href":"https:\/\/api.w.org\/{rel}","templated":true}]}}