{"id":6563,"date":"2017-05-19T18:47:54","date_gmt":"2017-05-19T18:47:54","guid":{"rendered":"https:\/\/www.ahmadiyya-islam.org\/al\/?post_type=videos&#038;p=6563"},"modified":"2026-03-23T09:23:40","modified_gmt":"2026-03-23T09:23:40","slug":"kalifati-i-vertete-islamik-dokumentar","status":"publish","type":"videos","link":"https:\/\/www.ahmadiyya-islam.org\/al\/videos\/kalifati-i-vertete-islamik-dokumentar\/","title":{"rendered":"Kalifati i v\u00ebrtet\u00eb Islamik &#8211; Hazret Mirza Masrur Ahmed &#8211; Dokumentar"},"content":{"rendered":"<p>Kur Omeri, Kalifi i Dyt\u00eb i Profetit Muhammed, paqja qoft\u00eb mbi t\u00eb, vizitoi Jerusalemin dhe tek po gjendej n\u00eb kish\u00ebn m\u00eb t\u00eb madhe t\u00eb qytetit, i erdhi koha e namazit. N\u00eb at\u00eb moment, peshkopi i afroi mund\u00ebsin\u00eb ta falte namazin n\u00eb kish\u00eb. Kalifi Omer iu p\u00ebrgjigj \u201cJo. Sepse n\u00ebse falem n\u00eb k\u00ebt\u00eb kish\u00eb sot, ndjek\u00ebsit tan\u00eb mund ta p\u00ebrvet\u00ebsojn\u00eb kish\u00ebn, pasi un\u00eb t\u00eb jem larguar dhe nuk mund t\u2019ju mbrojn\u00eb m\u00eb t\u00eb drejtat tuaja\u201d. Kur Kalifati ekziston mbi themelin e drejt\u00ebsis\u00eb, t\u00eb konsiderat\u00ebs p\u00ebr t\u00eb drejtat e t\u00eb tjer\u00ebve dhe t\u00eb vullnetit t\u00eb plot\u00eb p\u00ebr t\u00eb vendosur paqe, si\u00e7 p\u00ebrcaktohet nga vet\u00eb Kurani dhe Profeti, at\u00ebher\u00eb Kalifati ka aft\u00ebsin\u00eb p\u00ebr t\u2019i sh\u00ebrbyer bot\u00ebs si nj\u00eb forc\u00eb madhore.<\/p>\n<p>Ed Davey,\u00a0UK Secretary of State for Energy:<\/p>\n<blockquote><p>Nj\u00ebra prej arsyeve q\u00eb un\u00eb k\u00ebnaqem duke marr\u00eb pjes\u00eb n\u00eb simpoziumin e paqes t\u00eb Xhematit Ahmedia \u00ebsht\u00eb q\u00eb gjej mund\u00ebsin\u00eb t\u00eb d\u00ebgjoj Shenjt\u00ebrin\u00eb e tij dhe at\u00eb e gjej si nj\u00eb inspirim. Dhe mendoj se n\u00eb mbr\u00ebmjen e sotme mesazhi i tij ishte m\u00eb i r\u00ebnd\u00ebsish\u00ebm se kurr\u00eb. Kam par\u00eb q\u00eb m\u00ebnyra se si ai foli p\u00ebr k\u00ebrc\u00ebnimin e ISIS-it n\u00eb Irak dhe n\u00eb Siri dhe m\u00ebnyra se si ai tregoi q\u00eb ISISI asgj\u00eb nuk ka t\u00eb b\u00ebj\u00eb me fen\u00eb islame, mu duk jasht\u00ebzakonisht ndikuese.<\/p><\/blockquote>\n<p>Justine Greening, UK Secretary of State for Intern. Development:<\/p>\n<blockquote><p>Shenjt\u00ebria e tij mbajti nj\u00eb fjalim. Ai ishte jasht\u00ebzakonisht i fuqish\u00ebm q\u00eb p\u00ebrcaktoi qartazi t\u00eb gjitha pretendimet q\u00eb b\u00ebjn\u00eb grupet e dhunshme si ISISI dhe m\u00eb pas t\u00ebr\u00ebsisht i hodhi posht\u00eb n\u00eb kuptimin e asaj \u00e7far\u00eb n\u00eb t\u00eb v\u00ebrtet\u00eb Kurani thot\u00eb. Mendoj se kjo p\u00ebr shumic\u00ebn e njer\u00ebzve q\u00eb ishin n\u00eb sall\u00eb, i ndihmoi p\u00ebr t\u00eb kuptuar t\u00eb v\u00ebrtet\u00ebn se p\u00ebr \u00e7far\u00eb b\u00ebhet fjal\u00eb Islami i v\u00ebrtet\u00eb dhe se pik\u00ebrisht ky mesazh i paqes \u00ebsht\u00eb zemra e tij.<\/p><\/blockquote>\n<p>Diane Bedford,\u00a0Mayor of Rushmore:<\/p>\n<blockquote><p>Shenjt\u00ebria e tij mund t\u00eb them se \u00ebsht\u00eb i jasht\u00ebzakonsh\u00ebm, sepse t\u00eb gjitha gj\u00ebrat q\u00eb ai thoshte m\u00eb p\u00ebrshkonin mendjen dhe un\u00eb isha n\u00eb gjendje p\u00ebr t\u00eb lidhur \u00e7do gj\u00eb q\u00eb ai thoshte. Mendoj se kjo m\u00eb befasoi p\u00ebr ndonj\u00eb shkak q\u00eb as vet\u00eb nuk e di, por un\u00eb vet\u00ebm se e gjeta shum\u00eb shum\u00eb motivues! Jam shum\u00eb i k\u00ebnaqur q\u00eb erdha k\u00ebtu. Nuk mund t\u00eb them m\u00eb tep\u00ebr se kaq.<\/p><\/blockquote>\n<p>Lider\u00ebt bot\u00ebror\u00eb e njohin at\u00eb p\u00ebr p\u00ebrpjekjet e tij humanitare dhe misionin e tij p\u00ebr paqen bot\u00ebrore, t\u00eb mb\u00ebshtetur nga slogani i tij fam\u00ebmadh: \u201cDashuri p\u00ebr t\u00eb gjith\u00eb, urrejtje p\u00ebr ask\u00ebnd\u201d. Ai udh\u00ebtoi gjer\u00ebsisht p\u00ebr t\u00eb p\u00ebrhapur mesazhin e paqes dhe p\u00ebr t\u00eb kujtuar \u00e7dok\u00ebnd q\u00eb t\u00eb respektoj\u00eb t\u00eb drejtat e njer\u00ebzve t\u00eb tjer\u00eb. Gjat\u00eb k\u00ebtyre tureve, Shenjt\u00ebria e tij takoi lider\u00eb t\u00eb ndrysh\u00ebm bot\u00ebror\u00eb nga Lindja e Larg\u00ebt deri n\u00eb Evrop\u00eb; nga Amerika e Veriut deri n\u00eb Afrik\u00eb, p\u00ebr t\u00eb diskutuar problemet ekonomike, sociale dhe politike q\u00eb bota po has sot dhe se si mund t\u00eb krijohet paqja dhe drejt\u00ebsia n\u00eb bot\u00eb. Ai gjithashtu takoi lider\u00eb t\u00eb ndrysh\u00ebm t\u00eb feve dhe t\u00eb komuniteteve, p\u00ebr t\u00eb ndar\u00eb me ta vlerat e p\u00ebrbashk\u00ebta dhe idet\u00eb thelb\u00ebsore q\u00eb jan\u00eb universale p\u00ebr t\u00eb gjitha fet\u00eb dhe kulturat, me q\u00ebllim q\u00eb t\u00eb p\u00ebrmir\u00ebsohet gjendja morale e njer\u00ebzimit e t\u00eb krijohet nj\u00eb atmosfer\u00eb e dashuris\u00eb dhe e dhembshuris\u00eb. Nga i vogli deri tek i madhi, ai d\u00ebgjon me dhembshuri \u00e7do njeri t\u00eb thjesht\u00eb, pa dallim race, ngjyre apo feje. Ai personalisht nisi projekte dhe skema sociale p\u00ebr t\u00eb leht\u00ebsuar varf\u00ebrin\u00eb dhe vuajtjen e njer\u00ebzimit. Shqet\u00ebsimi i tij nuk \u00ebsht\u00eb vet\u00ebm standardi moral i ahmedian\u00ebve n\u00eb mbar\u00eb bot\u00ebn, por edhe vuajtjen e madhe q\u00eb ka njer\u00ebzimi gjer\u00ebsisht.<\/p>\n<blockquote><p>Te Shenjt\u00ebria e tij, slogani \u201cDashuri p\u00ebr t\u00eb gjith\u00eb, urrejtje p\u00ebr ask\u00ebnd\u201d vjen i gjall\u00eb. Dhe un\u00eb vet\u00eb jam d\u00ebshmitar q\u00eb Shenjt\u00ebria e tij po udh\u00ebheq nj\u00eb xhihad, nj\u00eb xhihad t\u00eb dashuris\u00eb, kund\u00ebr xhihadit me shpat\u00eb, me an\u00eb t\u00eb xhihadit me pen\u00ebn dhe dashurin\u00eb.<\/p>\n<p>\u00cbsht\u00eb nder q\u00eb t\u2019ju mir\u00ebpresim, Shenjt\u00ebria juaj. Lidershipi juaj ju ka b\u00ebr\u00eb nj\u00eb figur\u00eb t\u00eb shquar globale dhe jeni b\u00ebr\u00eb udh\u00ebzim p\u00ebr miliona musliman\u00eb n\u00eb mbar\u00eb bot\u00ebn.<\/p>\n<p>Shenjt\u00ebria juaj! Kjo pa dyshim \u00ebsht\u00eb nj\u00eb hije e bekimit q\u00eb ju i keni sjell\u00eb k\u00ebtij kryeqyteti.<\/p>\n<p>Dua t\u00eb shpreh mir\u00ebnjohje p\u00ebr privilegjin q\u00eb kam p\u00ebr t\u00eb dal\u00eb p\u00ebrpara Shenjt\u00ebris\u00eb suaj dhe kjo puna e mbledhjes me t\u00eb v\u00ebrtet\u00eb ju ka nderuar ju. Pak m\u00eb par\u00eb po thosha se ju i keni bashkuar Dhom\u00ebn dhe Senatin, andaj, duhet t\u2019ju kemi m\u00eb shpesh k\u00ebtu, dhe ju jemi mir\u00ebnjoh\u00ebs.<\/p>\n<p>Do t\u00eb doja t\u2019ju jepja p\u00ebrg\u00ebzimet e mia shtes\u00eb p\u00ebr pun\u00ebn q\u00eb b\u00ebjn\u00eb ahmedian\u00ebt n\u00eb Afrik\u00eb p\u00ebr rritjen e standardit, sidomos n\u00eb arsim.<\/p>\n<p>Po mendoja, kur pata mund\u00ebsin\u00eb t\u00eb m\u00ebsoja m\u00eb shum\u00eb p\u00ebr ju dhe p\u00ebr sh\u00ebrbimet tuaja, sidomos p\u00ebr kontributin tuaj p\u00ebr popullin e Gan\u00ebs n\u00eb fund t\u00eb dekad\u00ebs 1970 dhe n\u00eb fillim t\u00eb \u201980-ve. Dhe kjo m\u00eb kujtoi di\u00e7ka shum\u00eb t\u00eb ve\u00e7ant\u00eb q\u00eb ndodhi k\u00ebtu n\u00eb shtetin ton\u00eb t\u00eb fuqish\u00ebm, para pak vitesh, n\u00eb Lugin\u00ebn e Vdekur. Mund t\u00eb keni d\u00ebgjuar edhe ju. N\u00eb dimrin e 2004-\u00ebs ra nj\u00eb shi shtat\u00eb in\u00e7 n\u00eb Lugin\u00ebn e Vdekur. Pas ca muajsh, n\u00eb pranver\u00ebn e 2005-\u00ebs, e gjith\u00eb lugina ishte mbuluar me lule. Dhe kjo ishte nj\u00eb shenj\u00eb q\u00eb Lugina e Vdekur nuk kishte e vdekur, por kishte fjetur. Ajo priste q\u00eb t\u00eb mbilleshin farat e mund\u00ebsis\u00eb. Dhe un\u00eb mendoj p\u00ebr ju, Shenjt\u00ebria juaj, puna e jasht\u00ebzakonshme q\u00eb keni b\u00ebr\u00eb n\u00eb Gan\u00eb, sidomos p\u00ebrkushtimi juaj n\u00eb bujq\u00ebsi, q\u00eb populli i Gan\u00ebs t\u00eb kishte grurin, gj\u00eb q\u00eb kurr\u00eb nuk ishte b\u00ebr\u00eb n\u00eb historin\u00eb e atij shteti. Ju mboll\u00ebt farat e mund\u00ebsis\u00eb dhe kjo \u00ebsht\u00eb nj\u00eb m\u00ebsim p\u00ebr t\u00eb gjith\u00eb ne q\u00eb kur p\u00ebrballemi me injoranc\u00ebn, varf\u00ebrin\u00eb dhe s\u00ebmundjen, ashtu si\u00e7 ju e keni p\u00ebrkushtuar jet\u00ebn tuaj, kur vijn\u00eb kushtet e p\u00ebrshtatshme, suksesi \u00ebsht\u00eb i garantuar dhe i patjet\u00ebrsuesh\u00ebm. At\u00ebher\u00eb, suksesi thjesht do t\u00eb gjej\u00eb rrug\u00ebn e vet.<\/p>\n<p>N\u00eb t\u00eb gjitha eventet q\u00eb u zhvilluan k\u00ebtu, rrall\u00ebher\u00eb ju shikoni t\u00eb paraqitet \u201c\u00c7el\u00ebsi i art\u00eb\u201d. Sot, ju shikoni se ky \u201c\u00c7el\u00ebsi i art\u00eb\u201d ju jepet juve Shenjt\u00ebris\u00eb suaj.<\/p>\n<p>Un\u00eb kam par\u00eb q\u00eb gjat\u00eb 12 viteve q\u00eb jam si an\u00ebtar i K\u00ebshillit t\u00eb qytetit, jan\u00eb dh\u00ebn\u00eb vet\u00ebm 4 \u00e7el\u00ebsa t\u00eb qytetit. Pa dyshim, ky \u00ebsht\u00eb nj\u00eb nder shum\u00eb i ve\u00e7ant\u00eb q\u00eb u rezervohet vet\u00ebm vizitor\u00ebve m\u00eb t\u00eb ve\u00e7ant\u00eb.<\/p>\n<p>Kjo dor\u00eb shtr\u00ebngoi dor\u00ebn e Shenjt\u00ebris\u00eb s\u00eb tij. Un\u00eb thjesht isha i pushtuar!<\/p><\/blockquote>\n<p>Sot ky njeri, Mirza Masrur Ahmed, udh\u00ebheq\u00ebsi bot\u00ebror i Xhematit Musliman Ahmedia \u00ebsht\u00eb Kalif i Islamit. Ndjek\u00ebsit e tij jan\u00eb dhjet\u00ebra miliona, t\u00eb p\u00ebrhapur n\u00eb m\u00eb shum\u00eb se 200 shtete anek\u00ebnd bot\u00ebs, gj\u00eb q\u00eb e b\u00ebn at\u00eb liderin e grupit m\u00eb t\u00eb madh t\u00eb musliman\u00ebve n\u00eb t\u00eb gjith\u00eb bot\u00ebn, q\u00eb ndjekin nj\u00eb imam. Kalifi, i cili ka folur n\u00eb Kapitol Hill, n\u00eb Parlamentin Britanik, n\u00eb Parlamentin Evropian dhe q\u00eb ka mbajtur koordinim me dhjet\u00ebra lider\u00eb, njihet si kampion i paqes nga udh\u00ebheq\u00ebsit anemban\u00eb bot\u00ebs.<\/p>\n<blockquote><p>P\u00ebr k\u00ebt\u00eb pun\u00eb ne jemi bashk\u00eb me Shk\u00eblqesin\u00eb e tij, q\u00eb \u00ebsht\u00eb nj\u00eb kampion guximtar i p\u00ebrhapjes s\u00eb liris\u00eb s\u00eb fes\u00eb dhe t\u00eb paqes. Ne posa\u00e7\u00ebrisht duartrokasim Kalifin p\u00ebr denoncimin e atyre q\u00eb e shtremb\u00ebrojn\u00eb fen\u00eb duke e cil\u00ebsuar at\u00eb si nj\u00eb justifikim p\u00ebr dhun\u00ebn. Sido q\u00eb ta p\u00ebrkufizojm\u00eb Zotin, \u00ebsht\u00eb e padrejt\u00eb t\u00eb vrasim n\u00eb emrin e Tij.<\/p>\n<p><strong>Sot kur ne, Xhemati Musliman Ahmedia, ngrem\u00eb sloganin \u201cDashuri p\u00ebr t\u00eb gjith\u00eb, urrejtje p\u00ebr ask\u00ebnd\u201d si nj\u00eb mjet p\u00ebr t\u00eb vendosur paqen globale, ne e b\u00ebjm\u00eb k\u00ebt\u00eb drejtp\u00ebrdrejt\u00eb n\u00eb p\u00ebrmbushjen e m\u00ebsimeve t\u00eb Kuranit t\u00eb Shenjt\u00eb dhe t\u00eb praktik\u00ebs s\u00eb Profetit t\u00eb shenjt\u00eb, paqja dhe bekimet e Allahut qofshin mbi t\u00eb.<\/strong><\/p>\n<p><strong>Un\u00eb, n\u00eb dasht\u00eb Zoti, gjithmon\u00eb do t\u00eb vijoj t\u00eb p\u00ebrmbush detyrat dhe p\u00ebrgjegj\u00ebsit\u00eb e mia p\u00ebr t\u00eb promovuar paqen, toleranc\u00ebn, drejt\u00ebsin\u00eb dhe dashurin\u00eb, deri n\u00eb skajet e bot\u00ebs. Do t\u00eb vijoj t\u2019u predikoj t\u00eb gjith\u00eb njer\u00ebzve, q\u00eb p\u00ebr t\u2019u liruar nga dhembjet dhe vuajtjet me t\u00eb cilat po p\u00ebrballemi sot, ne duhet ta p\u00ebrvet\u00ebsojm\u00eb drejt\u00ebsin\u00eb dhe barazin\u00eb e v\u00ebrtet\u00eb.<\/strong><\/p><\/blockquote>\n","protected":false},"excerpt":{"rendered":"<p>Sot kur ne, Xhemati Musliman Ahmedia, ngrem\u00eb sloganin \u201cDashuri p\u00ebr t\u00eb gjith\u00eb, urrejtje p\u00ebr ask\u00ebnd\u201d si nj\u00eb mjet p\u00ebr t\u00eb vendosur paqen globale, ne e b\u00ebjm\u00eb k\u00ebt\u00eb drejtp\u00ebrdrejt\u00eb n\u00eb p\u00ebrmbushjen e m\u00ebsimeve t\u00eb Kuranit t\u00eb Shenjt\u00eb dhe t\u00eb praktik\u00ebs s\u00eb Profetit t\u00eb shenjt\u00eb, paqja dhe bekimet e Allahut qofshin mbi t\u00eb.<\/p>\n","protected":false},"featured_media":6566,"parent":0,"menu_order":0,"template":"","tags":[649],"authors":[],"content_source":[],"class_list":["post-6563","videos","type-videos","status-publish","has-post-thumbnail","hentry","tag-palestina","topics-kalifati","topics-kalifati-ahmedia","video-categories-dokumentare"],"acf":[],"yoast_head":"<!-- This site is optimized with the Yoast SEO Premium plugin v21.1 (Yoast SEO v27.4) - https:\/\/yoast.com\/product\/yoast-seo-premium-wordpress\/ -->\n<title>Kalifati i v\u00ebrtet\u00eb Islamik - Hazret Mirza Masrur Ahmed - Dokumentar<\/title>\n<meta name=\"robots\" content=\"index, follow, max-snippet:-1, max-image-preview:large, max-video-preview:-1\" \/>\n<link rel=\"canonical\" href=\"https:\/\/www.ahmadiyya-islam.org\/al\/videos\/kalifati-i-vertete-islamik-dokumentar\/\" \/>\n<meta property=\"og:locale\" content=\"sq_AL\" \/>\n<meta property=\"og:type\" content=\"article\" \/>\n<meta property=\"og:title\" content=\"Kalifati i v\u00ebrtet\u00eb Islamik - Hazret Mirza Masrur Ahmed - Dokumentar\" \/>\n<meta property=\"og:description\" content=\"Sot kur ne, Xhemati Musliman Ahmedia, ngrem\u00eb sloganin \u201cDashuri p\u00ebr t\u00eb gjith\u00eb, urrejtje p\u00ebr ask\u00ebnd\u201d si nj\u00eb mjet p\u00ebr t\u00eb vendosur paqen globale, ne e b\u00ebjm\u00eb k\u00ebt\u00eb drejtp\u00ebrdrejt\u00eb n\u00eb p\u00ebrmbushjen e m\u00ebsimeve t\u00eb Kuranit t\u00eb Shenjt\u00eb dhe t\u00eb praktik\u00ebs s\u00eb Profetit t\u00eb shenjt\u00eb, paqja dhe bekimet e Allahut qofshin mbi t\u00eb.\" \/>\n<meta property=\"og:url\" content=\"https:\/\/www.ahmadiyya-islam.org\/al\/videos\/kalifati-i-vertete-islamik-dokumentar\/\" \/>\n<meta property=\"og:site_name\" content=\"Xhemati Musliman Ahmedia\" \/>\n<meta property=\"article:modified_time\" content=\"2026-03-23T09:23:40+00:00\" \/>\n<meta property=\"og:image\" content=\"https:\/\/www.ahmadiyya-islam.org\/al\/wp-content\/uploads\/sites\/3\/2017\/05\/kalifati-i-vertete-islamik-hazre.jpg\" \/>\n\t<meta property=\"og:image:width\" content=\"1280\" \/>\n\t<meta property=\"og:image:height\" content=\"720\" \/>\n\t<meta property=\"og:image:type\" content=\"image\/jpeg\" \/>\n<meta name=\"twitter:card\" content=\"summary_large_image\" \/>\n<meta name=\"twitter:label1\" content=\"Est. reading time\" \/>\n\t<meta name=\"twitter:data1\" content=\"3 minutes\" \/>\n<script type=\"application\/ld+json\" class=\"yoast-schema-graph\">{\"@context\":\"https:\\\/\\\/schema.org\",\"@graph\":[{\"@type\":\"WebPage\",\"@id\":\"https:\\\/\\\/www.ahmadiyya-islam.org\\\/al\\\/videos\\\/kalifati-i-vertete-islamik-dokumentar\\\/\",\"url\":\"https:\\\/\\\/www.ahmadiyya-islam.org\\\/al\\\/videos\\\/kalifati-i-vertete-islamik-dokumentar\\\/\",\"name\":\"Kalifati i v\u00ebrtet\u00eb Islamik - Hazret Mirza Masrur Ahmed - Dokumentar\",\"isPartOf\":{\"@id\":\"https:\\\/\\\/www.ahmadiyya-islam.org\\\/al\\\/#website\"},\"primaryImageOfPage\":{\"@id\":\"https:\\\/\\\/www.ahmadiyya-islam.org\\\/al\\\/videos\\\/kalifati-i-vertete-islamik-dokumentar\\\/#primaryimage\"},\"image\":{\"@id\":\"https:\\\/\\\/www.ahmadiyya-islam.org\\\/al\\\/videos\\\/kalifati-i-vertete-islamik-dokumentar\\\/#primaryimage\"},\"thumbnailUrl\":\"https:\\\/\\\/www.ahmadiyya-islam.org\\\/al\\\/wp-content\\\/uploads\\\/sites\\\/3\\\/2017\\\/05\\\/kalifati-i-vertete-islamik-hazre.jpg\",\"datePublished\":\"2017-05-19T18:47:54+00:00\",\"dateModified\":\"2026-03-23T09:23:40+00:00\",\"breadcrumb\":{\"@id\":\"https:\\\/\\\/www.ahmadiyya-islam.org\\\/al\\\/videos\\\/kalifati-i-vertete-islamik-dokumentar\\\/#breadcrumb\"},\"inLanguage\":\"sq-AL\",\"potentialAction\":[{\"@type\":\"ReadAction\",\"target\":[\"https:\\\/\\\/www.ahmadiyya-islam.org\\\/al\\\/videos\\\/kalifati-i-vertete-islamik-dokumentar\\\/\"]}]},{\"@type\":\"ImageObject\",\"inLanguage\":\"sq-AL\",\"@id\":\"https:\\\/\\\/www.ahmadiyya-islam.org\\\/al\\\/videos\\\/kalifati-i-vertete-islamik-dokumentar\\\/#primaryimage\",\"url\":\"https:\\\/\\\/www.ahmadiyya-islam.org\\\/al\\\/wp-content\\\/uploads\\\/sites\\\/3\\\/2017\\\/05\\\/kalifati-i-vertete-islamik-hazre.jpg\",\"contentUrl\":\"https:\\\/\\\/www.ahmadiyya-islam.org\\\/al\\\/wp-content\\\/uploads\\\/sites\\\/3\\\/2017\\\/05\\\/kalifati-i-vertete-islamik-hazre.jpg\",\"width\":1280,\"height\":720},{\"@type\":\"BreadcrumbList\",\"@id\":\"https:\\\/\\\/www.ahmadiyya-islam.org\\\/al\\\/videos\\\/kalifati-i-vertete-islamik-dokumentar\\\/#breadcrumb\",\"itemListElement\":[{\"@type\":\"ListItem\",\"position\":1,\"name\":\"Home\",\"item\":\"https:\\\/\\\/www.ahmadiyya-islam.org\\\/al\\\/\"},{\"@type\":\"ListItem\",\"position\":2,\"name\":\"Videos\",\"item\":\"https:\\\/\\\/www.ahmadiyya-islam.org\\\/al\\\/videos\\\/\"},{\"@type\":\"ListItem\",\"position\":3,\"name\":\"Kalifati i v\u00ebrtet\u00eb Islamik - Hazret Mirza Masrur Ahmed - Dokumentar\"}]},{\"@type\":\"WebSite\",\"@id\":\"https:\\\/\\\/www.ahmadiyya-islam.org\\\/al\\\/#website\",\"url\":\"https:\\\/\\\/www.ahmadiyya-islam.org\\\/al\\\/\",\"name\":\"Xhemati Musliman Ahmedia\",\"description\":\"Albania\",\"potentialAction\":[{\"@type\":\"SearchAction\",\"target\":{\"@type\":\"EntryPoint\",\"urlTemplate\":\"https:\\\/\\\/www.ahmadiyya-islam.org\\\/al\\\/?s={search_term_string}\"},\"query-input\":{\"@type\":\"PropertyValueSpecification\",\"valueRequired\":true,\"valueName\":\"search_term_string\"}}],\"inLanguage\":\"sq-AL\"}]}<\/script>\n<!-- \/ Yoast SEO Premium plugin. -->","yoast_head_json":{"title":"Kalifati i v\u00ebrtet\u00eb Islamik - Hazret Mirza Masrur Ahmed - Dokumentar","robots":{"index":"index","follow":"follow","max-snippet":"max-snippet:-1","max-image-preview":"max-image-preview:large","max-video-preview":"max-video-preview:-1"},"canonical":"https:\/\/www.ahmadiyya-islam.org\/al\/videos\/kalifati-i-vertete-islamik-dokumentar\/","og_locale":"sq_AL","og_type":"article","og_title":"Kalifati i v\u00ebrtet\u00eb Islamik - Hazret Mirza Masrur Ahmed - Dokumentar","og_description":"Sot kur ne, Xhemati Musliman Ahmedia, ngrem\u00eb sloganin \u201cDashuri p\u00ebr t\u00eb gjith\u00eb, urrejtje p\u00ebr ask\u00ebnd\u201d si nj\u00eb mjet p\u00ebr t\u00eb vendosur paqen globale, ne e b\u00ebjm\u00eb k\u00ebt\u00eb drejtp\u00ebrdrejt\u00eb n\u00eb p\u00ebrmbushjen e m\u00ebsimeve t\u00eb Kuranit t\u00eb Shenjt\u00eb dhe t\u00eb praktik\u00ebs s\u00eb Profetit t\u00eb shenjt\u00eb, paqja dhe bekimet e Allahut qofshin mbi t\u00eb.","og_url":"https:\/\/www.ahmadiyya-islam.org\/al\/videos\/kalifati-i-vertete-islamik-dokumentar\/","og_site_name":"Xhemati Musliman Ahmedia","article_modified_time":"2026-03-23T09:23:40+00:00","og_image":[{"width":1280,"height":720,"url":"https:\/\/www.ahmadiyya-islam.org\/al\/wp-content\/uploads\/sites\/3\/2017\/05\/kalifati-i-vertete-islamik-hazre.jpg","type":"image\/jpeg"}],"twitter_card":"summary_large_image","twitter_misc":{"Est. reading time":"3 minutes"},"schema":{"@context":"https:\/\/schema.org","@graph":[{"@type":"WebPage","@id":"https:\/\/www.ahmadiyya-islam.org\/al\/videos\/kalifati-i-vertete-islamik-dokumentar\/","url":"https:\/\/www.ahmadiyya-islam.org\/al\/videos\/kalifati-i-vertete-islamik-dokumentar\/","name":"Kalifati i v\u00ebrtet\u00eb Islamik - Hazret Mirza Masrur Ahmed - Dokumentar","isPartOf":{"@id":"https:\/\/www.ahmadiyya-islam.org\/al\/#website"},"primaryImageOfPage":{"@id":"https:\/\/www.ahmadiyya-islam.org\/al\/videos\/kalifati-i-vertete-islamik-dokumentar\/#primaryimage"},"image":{"@id":"https:\/\/www.ahmadiyya-islam.org\/al\/videos\/kalifati-i-vertete-islamik-dokumentar\/#primaryimage"},"thumbnailUrl":"https:\/\/www.ahmadiyya-islam.org\/al\/wp-content\/uploads\/sites\/3\/2017\/05\/kalifati-i-vertete-islamik-hazre.jpg","datePublished":"2017-05-19T18:47:54+00:00","dateModified":"2026-03-23T09:23:40+00:00","breadcrumb":{"@id":"https:\/\/www.ahmadiyya-islam.org\/al\/videos\/kalifati-i-vertete-islamik-dokumentar\/#breadcrumb"},"inLanguage":"sq-AL","potentialAction":[{"@type":"ReadAction","target":["https:\/\/www.ahmadiyya-islam.org\/al\/videos\/kalifati-i-vertete-islamik-dokumentar\/"]}]},{"@type":"ImageObject","inLanguage":"sq-AL","@id":"https:\/\/www.ahmadiyya-islam.org\/al\/videos\/kalifati-i-vertete-islamik-dokumentar\/#primaryimage","url":"https:\/\/www.ahmadiyya-islam.org\/al\/wp-content\/uploads\/sites\/3\/2017\/05\/kalifati-i-vertete-islamik-hazre.jpg","contentUrl":"https:\/\/www.ahmadiyya-islam.org\/al\/wp-content\/uploads\/sites\/3\/2017\/05\/kalifati-i-vertete-islamik-hazre.jpg","width":1280,"height":720},{"@type":"BreadcrumbList","@id":"https:\/\/www.ahmadiyya-islam.org\/al\/videos\/kalifati-i-vertete-islamik-dokumentar\/#breadcrumb","itemListElement":[{"@type":"ListItem","position":1,"name":"Home","item":"https:\/\/www.ahmadiyya-islam.org\/al\/"},{"@type":"ListItem","position":2,"name":"Videos","item":"https:\/\/www.ahmadiyya-islam.org\/al\/videos\/"},{"@type":"ListItem","position":3,"name":"Kalifati i v\u00ebrtet\u00eb Islamik - Hazret Mirza Masrur Ahmed - Dokumentar"}]},{"@type":"WebSite","@id":"https:\/\/www.ahmadiyya-islam.org\/al\/#website","url":"https:\/\/www.ahmadiyya-islam.org\/al\/","name":"Xhemati Musliman Ahmedia","description":"Albania","potentialAction":[{"@type":"SearchAction","target":{"@type":"EntryPoint","urlTemplate":"https:\/\/www.ahmadiyya-islam.org\/al\/?s={search_term_string}"},"query-input":{"@type":"PropertyValueSpecification","valueRequired":true,"valueName":"search_term_string"}}],"inLanguage":"sq-AL"}]}},"_links":{"self":[{"href":"https:\/\/www.ahmadiyya-islam.org\/al\/wp-json\/wp\/v2\/videos\/6563","targetHints":{"allow":["GET"]}}],"collection":[{"href":"https:\/\/www.ahmadiyya-islam.org\/al\/wp-json\/wp\/v2\/videos"}],"about":[{"href":"https:\/\/www.ahmadiyya-islam.org\/al\/wp-json\/wp\/v2\/types\/videos"}],"version-history":[{"count":1,"href":"https:\/\/www.ahmadiyya-islam.org\/al\/wp-json\/wp\/v2\/videos\/6563\/revisions"}],"predecessor-version":[{"id":19840,"href":"https:\/\/www.ahmadiyya-islam.org\/al\/wp-json\/wp\/v2\/videos\/6563\/revisions\/19840"}],"wp:featuredmedia":[{"embeddable":true,"href":"https:\/\/www.ahmadiyya-islam.org\/al\/wp-json\/wp\/v2\/media\/6566"}],"wp:attachment":[{"href":"https:\/\/www.ahmadiyya-islam.org\/al\/wp-json\/wp\/v2\/media?parent=6563"}],"wp:term":[{"taxonomy":"post_tag","embeddable":true,"href":"https:\/\/www.ahmadiyya-islam.org\/al\/wp-json\/wp\/v2\/tags?post=6563"},{"taxonomy":"authors","embeddable":true,"href":"https:\/\/www.ahmadiyya-islam.org\/al\/wp-json\/wp\/v2\/authors?post=6563"},{"taxonomy":"content_source","embeddable":true,"href":"https:\/\/www.ahmadiyya-islam.org\/al\/wp-json\/wp\/v2\/content_source?post=6563"}],"curies":[{"name":"wp","href":"https:\/\/api.w.org\/{rel}","templated":true}]}}