{"id":19570,"date":"2025-03-21T10:43:21","date_gmt":"2025-03-21T10:43:21","guid":{"rendered":"https:\/\/www.ahmadiyya-islam.org\/al\/?post_type=videos&#038;p=19570"},"modified":"2025-03-22T14:11:58","modified_gmt":"2025-03-22T14:11:58","slug":"pse-bejme-ruku-ne-namaz-magjia-e-peruljes-ne-namaz-video-7","status":"publish","type":"videos","link":"https:\/\/www.ahmadiyya-islam.org\/al\/videos\/pse-bejme-ruku-ne-namaz-magjia-e-peruljes-ne-namaz-video-7\/","title":{"rendered":"Pse b\u00ebjm\u00eb ruku n\u00eb namaz?| Magjia e P\u00ebruljes n\u00eb namaz | Video #7"},"content":{"rendered":"<p>Pasi lexojm\u00eb ndonj\u00eb pjes\u00eb nga Kurani i Shenjt\u00eb, p\u00ebrs\u00ebri themi \u201cAllahu Ekber\u201d dhe shkojm\u00eb n\u00eb pozicionin tjet\u00ebr, q\u00eb \u00ebsht\u00eb p\u00ebrkulja. Kjo quhet ruku. n\u00eb k\u00ebt\u00eb pozicion themi:<\/p>\n<p>\u201cSubh\u0101ne rabbijel-\u2018adh\u012bm\u201d<\/p>\n<p>I Shenjt\u00eb \u00ebsht\u00eb Zoti im, i Madh\u00ebrishmi.<\/p>\n<p>Fraz\u00eb e shkurt\u00ebr, por mbart kuptime t\u00eb pafundme. Ndiqni videon p\u00ebr shpjegimin dometh\u00ebn\u00ebs t\u00eb rukus\u00eb dhe t\u00eb lutjes q\u00eb thuhet n\u00eb t\u00eb.<\/p>\n","protected":false},"excerpt":{"rendered":"<p>Kur shkojm\u00eb n\u00eb pozicionin e p\u00ebruljes, Ruku, themi \u201cSubh\u0101ne rabbijel-\u2018adh\u012bm\u201d I Shenjt\u00eb \u00ebsht\u00eb Zoti im, i Madh\u00ebrishmi. Fraz\u00eb e shkurt\u00ebr, por mbart kuptime t\u00eb pafundme. <\/p>\n","protected":false},"featured_media":19572,"parent":0,"menu_order":0,"template":"","tags":[],"authors":[454],"content_source":[],"class_list":["post-19570","videos","type-videos","status-publish","has-post-thumbnail","hentry","topics-namazi","program-series-shpjegimi-i-namazit","authors-samad-ahmed-ghori"],"acf":[],"yoast_head":"<!-- This site is optimized with the Yoast SEO Premium plugin v21.1 (Yoast SEO v27.4) - https:\/\/yoast.com\/product\/yoast-seo-premium-wordpress\/ -->\n<title>Pse b\u00ebjm\u00eb ruku n\u00eb namaz?| Magjia e P\u00ebruljes n\u00eb namaz | Video #7<\/title>\n<meta name=\"description\" content=\"Kur shkojm\u00eb n\u00eb pozicionin e p\u00ebruljes, Ruku, themi \u201cSubh\u0101ne rabbijel-\u2018adh\u012bm\u201d I Shenjt\u00eb \u00ebsht\u00eb Zoti im, i Madh\u00ebrishmi. Fraz\u00eb e shkurt\u00ebr, por mbart kuptime t\u00eb pafundme.\" \/>\n<meta name=\"robots\" content=\"index, follow, max-snippet:-1, max-image-preview:large, max-video-preview:-1\" \/>\n<link rel=\"canonical\" href=\"https:\/\/www.ahmadiyya-islam.org\/al\/videos\/pse-bejme-ruku-ne-namaz-magjia-e-peruljes-ne-namaz-video-7\/\" \/>\n<meta property=\"og:locale\" content=\"sq_AL\" \/>\n<meta property=\"og:type\" content=\"article\" \/>\n<meta property=\"og:title\" content=\"Pse b\u00ebjm\u00eb ruku n\u00eb namaz?| Magjia e P\u00ebruljes n\u00eb namaz | Video #7\" \/>\n<meta property=\"og:description\" content=\"Kur shkojm\u00eb n\u00eb pozicionin e p\u00ebruljes, Ruku, themi \u201cSubh\u0101ne rabbijel-\u2018adh\u012bm\u201d I Shenjt\u00eb \u00ebsht\u00eb Zoti im, i Madh\u00ebrishmi. Fraz\u00eb e shkurt\u00ebr, por mbart kuptime t\u00eb pafundme.\" \/>\n<meta property=\"og:url\" content=\"https:\/\/www.ahmadiyya-islam.org\/al\/videos\/pse-bejme-ruku-ne-namaz-magjia-e-peruljes-ne-namaz-video-7\/\" \/>\n<meta property=\"og:site_name\" content=\"Xhemati Musliman Ahmedia\" \/>\n<meta property=\"article:modified_time\" content=\"2025-03-22T14:11:58+00:00\" \/>\n<meta property=\"og:image\" content=\"https:\/\/www.ahmadiyya-islam.org\/al\/wp-content\/uploads\/sites\/3\/2025\/03\/pse-bejme-ruku-ne-namaz-magjia-e.jpg\" \/>\n\t<meta property=\"og:image:width\" content=\"1280\" \/>\n\t<meta property=\"og:image:height\" content=\"720\" \/>\n\t<meta property=\"og:image:type\" content=\"image\/jpeg\" \/>\n<meta name=\"twitter:card\" content=\"summary_large_image\" \/>\n<meta name=\"twitter:label1\" content=\"Est. reading time\" \/>\n\t<meta name=\"twitter:data1\" content=\"1 minute\" \/>\n<script type=\"application\/ld+json\" class=\"yoast-schema-graph\">{\"@context\":\"https:\\\/\\\/schema.org\",\"@graph\":[{\"@type\":\"WebPage\",\"@id\":\"https:\\\/\\\/www.ahmadiyya-islam.org\\\/al\\\/videos\\\/pse-bejme-ruku-ne-namaz-magjia-e-peruljes-ne-namaz-video-7\\\/\",\"url\":\"https:\\\/\\\/www.ahmadiyya-islam.org\\\/al\\\/videos\\\/pse-bejme-ruku-ne-namaz-magjia-e-peruljes-ne-namaz-video-7\\\/\",\"name\":\"Pse b\u00ebjm\u00eb ruku n\u00eb namaz?| Magjia e P\u00ebruljes n\u00eb namaz | Video #7\",\"isPartOf\":{\"@id\":\"https:\\\/\\\/www.ahmadiyya-islam.org\\\/al\\\/#website\"},\"primaryImageOfPage\":{\"@id\":\"https:\\\/\\\/www.ahmadiyya-islam.org\\\/al\\\/videos\\\/pse-bejme-ruku-ne-namaz-magjia-e-peruljes-ne-namaz-video-7\\\/#primaryimage\"},\"image\":{\"@id\":\"https:\\\/\\\/www.ahmadiyya-islam.org\\\/al\\\/videos\\\/pse-bejme-ruku-ne-namaz-magjia-e-peruljes-ne-namaz-video-7\\\/#primaryimage\"},\"thumbnailUrl\":\"https:\\\/\\\/www.ahmadiyya-islam.org\\\/al\\\/wp-content\\\/uploads\\\/sites\\\/3\\\/2025\\\/03\\\/pse-bejme-ruku-ne-namaz-magjia-e.jpg\",\"datePublished\":\"2025-03-21T10:43:21+00:00\",\"dateModified\":\"2025-03-22T14:11:58+00:00\",\"description\":\"Kur shkojm\u00eb n\u00eb pozicionin e p\u00ebruljes, Ruku, themi \u201cSubh\u0101ne rabbijel-\u2018adh\u012bm\u201d I Shenjt\u00eb \u00ebsht\u00eb Zoti im, i Madh\u00ebrishmi. Fraz\u00eb e shkurt\u00ebr, por mbart kuptime t\u00eb pafundme.\",\"breadcrumb\":{\"@id\":\"https:\\\/\\\/www.ahmadiyya-islam.org\\\/al\\\/videos\\\/pse-bejme-ruku-ne-namaz-magjia-e-peruljes-ne-namaz-video-7\\\/#breadcrumb\"},\"inLanguage\":\"sq-AL\",\"potentialAction\":[{\"@type\":\"ReadAction\",\"target\":[\"https:\\\/\\\/www.ahmadiyya-islam.org\\\/al\\\/videos\\\/pse-bejme-ruku-ne-namaz-magjia-e-peruljes-ne-namaz-video-7\\\/\"]}]},{\"@type\":\"ImageObject\",\"inLanguage\":\"sq-AL\",\"@id\":\"https:\\\/\\\/www.ahmadiyya-islam.org\\\/al\\\/videos\\\/pse-bejme-ruku-ne-namaz-magjia-e-peruljes-ne-namaz-video-7\\\/#primaryimage\",\"url\":\"https:\\\/\\\/www.ahmadiyya-islam.org\\\/al\\\/wp-content\\\/uploads\\\/sites\\\/3\\\/2025\\\/03\\\/pse-bejme-ruku-ne-namaz-magjia-e.jpg\",\"contentUrl\":\"https:\\\/\\\/www.ahmadiyya-islam.org\\\/al\\\/wp-content\\\/uploads\\\/sites\\\/3\\\/2025\\\/03\\\/pse-bejme-ruku-ne-namaz-magjia-e.jpg\",\"width\":1280,\"height\":720},{\"@type\":\"BreadcrumbList\",\"@id\":\"https:\\\/\\\/www.ahmadiyya-islam.org\\\/al\\\/videos\\\/pse-bejme-ruku-ne-namaz-magjia-e-peruljes-ne-namaz-video-7\\\/#breadcrumb\",\"itemListElement\":[{\"@type\":\"ListItem\",\"position\":1,\"name\":\"Home\",\"item\":\"https:\\\/\\\/www.ahmadiyya-islam.org\\\/al\\\/\"},{\"@type\":\"ListItem\",\"position\":2,\"name\":\"Videos\",\"item\":\"https:\\\/\\\/www.ahmadiyya-islam.org\\\/al\\\/videos\\\/\"},{\"@type\":\"ListItem\",\"position\":3,\"name\":\"Pse b\u00ebjm\u00eb ruku n\u00eb namaz?| Magjia e P\u00ebruljes n\u00eb namaz | Video #7\"}]},{\"@type\":\"WebSite\",\"@id\":\"https:\\\/\\\/www.ahmadiyya-islam.org\\\/al\\\/#website\",\"url\":\"https:\\\/\\\/www.ahmadiyya-islam.org\\\/al\\\/\",\"name\":\"Xhemati Musliman Ahmedia\",\"description\":\"Albania\",\"potentialAction\":[{\"@type\":\"SearchAction\",\"target\":{\"@type\":\"EntryPoint\",\"urlTemplate\":\"https:\\\/\\\/www.ahmadiyya-islam.org\\\/al\\\/?s={search_term_string}\"},\"query-input\":{\"@type\":\"PropertyValueSpecification\",\"valueRequired\":true,\"valueName\":\"search_term_string\"}}],\"inLanguage\":\"sq-AL\"}]}<\/script>\n<!-- \/ Yoast SEO Premium plugin. -->","yoast_head_json":{"title":"Pse b\u00ebjm\u00eb ruku n\u00eb namaz?| Magjia e P\u00ebruljes n\u00eb namaz | Video #7","description":"Kur shkojm\u00eb n\u00eb pozicionin e p\u00ebruljes, Ruku, themi \u201cSubh\u0101ne rabbijel-\u2018adh\u012bm\u201d I Shenjt\u00eb \u00ebsht\u00eb Zoti im, i Madh\u00ebrishmi. Fraz\u00eb e shkurt\u00ebr, por mbart kuptime t\u00eb pafundme.","robots":{"index":"index","follow":"follow","max-snippet":"max-snippet:-1","max-image-preview":"max-image-preview:large","max-video-preview":"max-video-preview:-1"},"canonical":"https:\/\/www.ahmadiyya-islam.org\/al\/videos\/pse-bejme-ruku-ne-namaz-magjia-e-peruljes-ne-namaz-video-7\/","og_locale":"sq_AL","og_type":"article","og_title":"Pse b\u00ebjm\u00eb ruku n\u00eb namaz?| Magjia e P\u00ebruljes n\u00eb namaz | Video #7","og_description":"Kur shkojm\u00eb n\u00eb pozicionin e p\u00ebruljes, Ruku, themi \u201cSubh\u0101ne rabbijel-\u2018adh\u012bm\u201d I Shenjt\u00eb \u00ebsht\u00eb Zoti im, i Madh\u00ebrishmi. Fraz\u00eb e shkurt\u00ebr, por mbart kuptime t\u00eb pafundme.","og_url":"https:\/\/www.ahmadiyya-islam.org\/al\/videos\/pse-bejme-ruku-ne-namaz-magjia-e-peruljes-ne-namaz-video-7\/","og_site_name":"Xhemati Musliman Ahmedia","article_modified_time":"2025-03-22T14:11:58+00:00","og_image":[{"width":1280,"height":720,"url":"https:\/\/www.ahmadiyya-islam.org\/al\/wp-content\/uploads\/sites\/3\/2025\/03\/pse-bejme-ruku-ne-namaz-magjia-e.jpg","type":"image\/jpeg"}],"twitter_card":"summary_large_image","twitter_misc":{"Est. reading time":"1 minute"},"schema":{"@context":"https:\/\/schema.org","@graph":[{"@type":"WebPage","@id":"https:\/\/www.ahmadiyya-islam.org\/al\/videos\/pse-bejme-ruku-ne-namaz-magjia-e-peruljes-ne-namaz-video-7\/","url":"https:\/\/www.ahmadiyya-islam.org\/al\/videos\/pse-bejme-ruku-ne-namaz-magjia-e-peruljes-ne-namaz-video-7\/","name":"Pse b\u00ebjm\u00eb ruku n\u00eb namaz?| Magjia e P\u00ebruljes n\u00eb namaz | Video #7","isPartOf":{"@id":"https:\/\/www.ahmadiyya-islam.org\/al\/#website"},"primaryImageOfPage":{"@id":"https:\/\/www.ahmadiyya-islam.org\/al\/videos\/pse-bejme-ruku-ne-namaz-magjia-e-peruljes-ne-namaz-video-7\/#primaryimage"},"image":{"@id":"https:\/\/www.ahmadiyya-islam.org\/al\/videos\/pse-bejme-ruku-ne-namaz-magjia-e-peruljes-ne-namaz-video-7\/#primaryimage"},"thumbnailUrl":"https:\/\/www.ahmadiyya-islam.org\/al\/wp-content\/uploads\/sites\/3\/2025\/03\/pse-bejme-ruku-ne-namaz-magjia-e.jpg","datePublished":"2025-03-21T10:43:21+00:00","dateModified":"2025-03-22T14:11:58+00:00","description":"Kur shkojm\u00eb n\u00eb pozicionin e p\u00ebruljes, Ruku, themi \u201cSubh\u0101ne rabbijel-\u2018adh\u012bm\u201d I Shenjt\u00eb \u00ebsht\u00eb Zoti im, i Madh\u00ebrishmi. Fraz\u00eb e shkurt\u00ebr, por mbart kuptime t\u00eb pafundme.","breadcrumb":{"@id":"https:\/\/www.ahmadiyya-islam.org\/al\/videos\/pse-bejme-ruku-ne-namaz-magjia-e-peruljes-ne-namaz-video-7\/#breadcrumb"},"inLanguage":"sq-AL","potentialAction":[{"@type":"ReadAction","target":["https:\/\/www.ahmadiyya-islam.org\/al\/videos\/pse-bejme-ruku-ne-namaz-magjia-e-peruljes-ne-namaz-video-7\/"]}]},{"@type":"ImageObject","inLanguage":"sq-AL","@id":"https:\/\/www.ahmadiyya-islam.org\/al\/videos\/pse-bejme-ruku-ne-namaz-magjia-e-peruljes-ne-namaz-video-7\/#primaryimage","url":"https:\/\/www.ahmadiyya-islam.org\/al\/wp-content\/uploads\/sites\/3\/2025\/03\/pse-bejme-ruku-ne-namaz-magjia-e.jpg","contentUrl":"https:\/\/www.ahmadiyya-islam.org\/al\/wp-content\/uploads\/sites\/3\/2025\/03\/pse-bejme-ruku-ne-namaz-magjia-e.jpg","width":1280,"height":720},{"@type":"BreadcrumbList","@id":"https:\/\/www.ahmadiyya-islam.org\/al\/videos\/pse-bejme-ruku-ne-namaz-magjia-e-peruljes-ne-namaz-video-7\/#breadcrumb","itemListElement":[{"@type":"ListItem","position":1,"name":"Home","item":"https:\/\/www.ahmadiyya-islam.org\/al\/"},{"@type":"ListItem","position":2,"name":"Videos","item":"https:\/\/www.ahmadiyya-islam.org\/al\/videos\/"},{"@type":"ListItem","position":3,"name":"Pse b\u00ebjm\u00eb ruku n\u00eb namaz?| Magjia e P\u00ebruljes n\u00eb namaz | Video #7"}]},{"@type":"WebSite","@id":"https:\/\/www.ahmadiyya-islam.org\/al\/#website","url":"https:\/\/www.ahmadiyya-islam.org\/al\/","name":"Xhemati Musliman Ahmedia","description":"Albania","potentialAction":[{"@type":"SearchAction","target":{"@type":"EntryPoint","urlTemplate":"https:\/\/www.ahmadiyya-islam.org\/al\/?s={search_term_string}"},"query-input":{"@type":"PropertyValueSpecification","valueRequired":true,"valueName":"search_term_string"}}],"inLanguage":"sq-AL"}]}},"_links":{"self":[{"href":"https:\/\/www.ahmadiyya-islam.org\/al\/wp-json\/wp\/v2\/videos\/19570","targetHints":{"allow":["GET"]}}],"collection":[{"href":"https:\/\/www.ahmadiyya-islam.org\/al\/wp-json\/wp\/v2\/videos"}],"about":[{"href":"https:\/\/www.ahmadiyya-islam.org\/al\/wp-json\/wp\/v2\/types\/videos"}],"version-history":[{"count":1,"href":"https:\/\/www.ahmadiyya-islam.org\/al\/wp-json\/wp\/v2\/videos\/19570\/revisions"}],"predecessor-version":[{"id":19574,"href":"https:\/\/www.ahmadiyya-islam.org\/al\/wp-json\/wp\/v2\/videos\/19570\/revisions\/19574"}],"wp:featuredmedia":[{"embeddable":true,"href":"https:\/\/www.ahmadiyya-islam.org\/al\/wp-json\/wp\/v2\/media\/19572"}],"wp:attachment":[{"href":"https:\/\/www.ahmadiyya-islam.org\/al\/wp-json\/wp\/v2\/media?parent=19570"}],"wp:term":[{"taxonomy":"post_tag","embeddable":true,"href":"https:\/\/www.ahmadiyya-islam.org\/al\/wp-json\/wp\/v2\/tags?post=19570"},{"taxonomy":"authors","embeddable":true,"href":"https:\/\/www.ahmadiyya-islam.org\/al\/wp-json\/wp\/v2\/authors?post=19570"},{"taxonomy":"content_source","embeddable":true,"href":"https:\/\/www.ahmadiyya-islam.org\/al\/wp-json\/wp\/v2\/content_source?post=19570"}],"curies":[{"name":"wp","href":"https:\/\/api.w.org\/{rel}","templated":true}]}}