{"id":19132,"date":"2023-12-24T16:44:21","date_gmt":"2023-12-24T16:44:21","guid":{"rendered":"https:\/\/www.ahmadiyya-islam.org\/al\/?post_type=videos&#038;p=19132"},"modified":"2026-03-23T09:10:35","modified_gmt":"2026-03-23T09:10:35","slug":"profecite-nga-bibla-e-kurani-per-bijte-e-izraelit-muslimanet-dhe-palestinen","status":"publish","type":"videos","link":"https:\/\/www.ahmadiyya-islam.org\/al\/videos\/profecite-nga-bibla-e-kurani-per-bijte-e-izraelit-muslimanet-dhe-palestinen\/","title":{"rendered":"Profecit\u00eb nga Bibla e Kurani p\u00ebr bijt\u00eb e Izraelit, musliman\u00ebt dhe Palestin\u00ebn"},"content":{"rendered":"<p>Q\u00eb kur ka filluar lufta mes Izraelit dhe Gaz\u00ebs, ose Hamasit, shum\u00eb njer\u00ebz pyesin: &#8211; Pse \u00ebsht\u00eb kaq e r\u00ebnd\u00ebsishme Palestina? &#8211; \u00c7far\u00eb ka ndodhur nd\u00ebr shekuj, madje p\u00ebrgjat\u00eb disa mij\u00ebvje\u00e7areve? &#8211; N\u00eb k\u00ebt\u00eb video, do ta trajtojm\u00eb k\u00ebt\u00eb tem\u00eb n\u00eb aspektin fetar dhe at\u00eb historik. Do t\u00eb shohim edhe Bibl\u00ebn, edhe Kuranin, por edhe faktet historike, p\u00ebr t\u00eb par\u00eb se \u00e7far\u00eb ka ndodhur nd\u00ebr disa mij\u00ebvje\u00e7are n\u00eb k\u00ebt\u00eb tok\u00eb q\u00eb cil\u00ebsohet si toka e shenjt\u00eb.<\/p>\n","protected":false},"excerpt":{"rendered":"<p>Q\u00eb kur ka filluar lufta mes Izraelit dhe Gaz\u00ebs, ose Hamasit, shum\u00eb njer\u00ebz pyesin: &#8211; Pse \u00ebsht\u00eb kaq e r\u00ebnd\u00ebsishme Palestina? &#8211; \u00c7far\u00eb ka ndodhur nd\u00ebr shekuj, madje p\u00ebrgjat\u00eb disa mij\u00ebvje\u00e7areve? &#8211; N\u00eb k\u00ebt\u00eb video, do ta trajtojm\u00eb k\u00ebt\u00eb tem\u00eb n\u00eb aspektin fetar dhe at\u00eb historik. Do t\u00eb shohim edhe Bibl\u00ebn, edhe Kuranin, por edhe faktet historike, p\u00ebr t\u00eb par\u00eb se \u00e7far\u00eb ka ndodhur nd\u00ebr disa mij\u00ebvje\u00e7are n\u00eb k\u00ebt\u00eb tok\u00eb q\u00eb cil\u00ebsohet si toka e shenjt\u00eb.<\/p>\n","protected":false},"featured_media":19134,"parent":0,"menu_order":0,"template":"","tags":[833,806,649],"authors":[454],"content_source":[],"class_list":["post-19132","videos","type-videos","status-publish","has-post-thumbnail","hentry","tag-izraeli","tag-konflikti-izraelito-palestinez","tag-palestina","topics-islami","topics-judaizmi","topics-profecite","video-categories-komentim-i-kuranit","authors-samad-ahmed-ghori"],"acf":[],"yoast_head":"<!-- This site is optimized with the Yoast SEO Premium plugin v21.1 (Yoast SEO v27.4) - https:\/\/yoast.com\/product\/yoast-seo-premium-wordpress\/ -->\n<title>Profecit\u00eb nga Bibla e Kurani p\u00ebr bijt\u00eb e Izraelit, musliman\u00ebt dhe Palestin\u00ebn<\/title>\n<meta name=\"robots\" content=\"index, follow, max-snippet:-1, max-image-preview:large, max-video-preview:-1\" \/>\n<link rel=\"canonical\" href=\"https:\/\/www.ahmadiyya-islam.org\/al\/videos\/profecite-nga-bibla-e-kurani-per-bijte-e-izraelit-muslimanet-dhe-palestinen\/\" \/>\n<meta property=\"og:locale\" content=\"sq_AL\" \/>\n<meta property=\"og:type\" content=\"article\" \/>\n<meta property=\"og:title\" content=\"Profecit\u00eb nga Bibla e Kurani p\u00ebr bijt\u00eb e Izraelit, musliman\u00ebt dhe Palestin\u00ebn\" \/>\n<meta property=\"og:description\" content=\"Q\u00eb kur ka filluar lufta mes Izraelit dhe Gaz\u00ebs, ose Hamasit, shum\u00eb njer\u00ebz pyesin: - Pse \u00ebsht\u00eb kaq e r\u00ebnd\u00ebsishme Palestina? - \u00c7far\u00eb ka ndodhur nd\u00ebr shekuj, madje p\u00ebrgjat\u00eb disa mij\u00ebvje\u00e7areve? - N\u00eb k\u00ebt\u00eb video, do ta trajtojm\u00eb k\u00ebt\u00eb tem\u00eb n\u00eb aspektin fetar dhe at\u00eb historik. Do t\u00eb shohim edhe Bibl\u00ebn, edhe Kuranin, por edhe faktet historike, p\u00ebr t\u00eb par\u00eb se \u00e7far\u00eb ka ndodhur nd\u00ebr disa mij\u00ebvje\u00e7are n\u00eb k\u00ebt\u00eb tok\u00eb q\u00eb cil\u00ebsohet si toka e shenjt\u00eb.\" \/>\n<meta property=\"og:url\" content=\"https:\/\/www.ahmadiyya-islam.org\/al\/videos\/profecite-nga-bibla-e-kurani-per-bijte-e-izraelit-muslimanet-dhe-palestinen\/\" \/>\n<meta property=\"og:site_name\" content=\"Xhemati Musliman Ahmedia\" \/>\n<meta property=\"article:modified_time\" content=\"2026-03-23T09:10:35+00:00\" \/>\n<meta property=\"og:image\" content=\"https:\/\/www.ahmadiyya-islam.org\/al\/wp-content\/uploads\/sites\/3\/2023\/12\/profecite-nga-bibla-e-kurani-per.jpg\" \/>\n\t<meta property=\"og:image:width\" content=\"1280\" \/>\n\t<meta property=\"og:image:height\" content=\"720\" \/>\n\t<meta property=\"og:image:type\" content=\"image\/jpeg\" \/>\n<meta name=\"twitter:card\" content=\"summary_large_image\" \/>\n<meta name=\"twitter:label1\" content=\"Est. reading time\" \/>\n\t<meta name=\"twitter:data1\" content=\"1 minute\" \/>\n<script type=\"application\/ld+json\" class=\"yoast-schema-graph\">{\"@context\":\"https:\\\/\\\/schema.org\",\"@graph\":[{\"@type\":\"WebPage\",\"@id\":\"https:\\\/\\\/www.ahmadiyya-islam.org\\\/al\\\/videos\\\/profecite-nga-bibla-e-kurani-per-bijte-e-izraelit-muslimanet-dhe-palestinen\\\/\",\"url\":\"https:\\\/\\\/www.ahmadiyya-islam.org\\\/al\\\/videos\\\/profecite-nga-bibla-e-kurani-per-bijte-e-izraelit-muslimanet-dhe-palestinen\\\/\",\"name\":\"Profecit\u00eb nga Bibla e Kurani p\u00ebr bijt\u00eb e Izraelit, musliman\u00ebt dhe Palestin\u00ebn\",\"isPartOf\":{\"@id\":\"https:\\\/\\\/www.ahmadiyya-islam.org\\\/al\\\/#website\"},\"primaryImageOfPage\":{\"@id\":\"https:\\\/\\\/www.ahmadiyya-islam.org\\\/al\\\/videos\\\/profecite-nga-bibla-e-kurani-per-bijte-e-izraelit-muslimanet-dhe-palestinen\\\/#primaryimage\"},\"image\":{\"@id\":\"https:\\\/\\\/www.ahmadiyya-islam.org\\\/al\\\/videos\\\/profecite-nga-bibla-e-kurani-per-bijte-e-izraelit-muslimanet-dhe-palestinen\\\/#primaryimage\"},\"thumbnailUrl\":\"https:\\\/\\\/www.ahmadiyya-islam.org\\\/al\\\/wp-content\\\/uploads\\\/sites\\\/3\\\/2023\\\/12\\\/profecite-nga-bibla-e-kurani-per.jpg\",\"datePublished\":\"2023-12-24T16:44:21+00:00\",\"dateModified\":\"2026-03-23T09:10:35+00:00\",\"breadcrumb\":{\"@id\":\"https:\\\/\\\/www.ahmadiyya-islam.org\\\/al\\\/videos\\\/profecite-nga-bibla-e-kurani-per-bijte-e-izraelit-muslimanet-dhe-palestinen\\\/#breadcrumb\"},\"inLanguage\":\"sq-AL\",\"potentialAction\":[{\"@type\":\"ReadAction\",\"target\":[\"https:\\\/\\\/www.ahmadiyya-islam.org\\\/al\\\/videos\\\/profecite-nga-bibla-e-kurani-per-bijte-e-izraelit-muslimanet-dhe-palestinen\\\/\"]}]},{\"@type\":\"ImageObject\",\"inLanguage\":\"sq-AL\",\"@id\":\"https:\\\/\\\/www.ahmadiyya-islam.org\\\/al\\\/videos\\\/profecite-nga-bibla-e-kurani-per-bijte-e-izraelit-muslimanet-dhe-palestinen\\\/#primaryimage\",\"url\":\"https:\\\/\\\/www.ahmadiyya-islam.org\\\/al\\\/wp-content\\\/uploads\\\/sites\\\/3\\\/2023\\\/12\\\/profecite-nga-bibla-e-kurani-per.jpg\",\"contentUrl\":\"https:\\\/\\\/www.ahmadiyya-islam.org\\\/al\\\/wp-content\\\/uploads\\\/sites\\\/3\\\/2023\\\/12\\\/profecite-nga-bibla-e-kurani-per.jpg\",\"width\":1280,\"height\":720},{\"@type\":\"BreadcrumbList\",\"@id\":\"https:\\\/\\\/www.ahmadiyya-islam.org\\\/al\\\/videos\\\/profecite-nga-bibla-e-kurani-per-bijte-e-izraelit-muslimanet-dhe-palestinen\\\/#breadcrumb\",\"itemListElement\":[{\"@type\":\"ListItem\",\"position\":1,\"name\":\"Home\",\"item\":\"https:\\\/\\\/www.ahmadiyya-islam.org\\\/al\\\/\"},{\"@type\":\"ListItem\",\"position\":2,\"name\":\"Videos\",\"item\":\"https:\\\/\\\/www.ahmadiyya-islam.org\\\/al\\\/videos\\\/\"},{\"@type\":\"ListItem\",\"position\":3,\"name\":\"Profecit\u00eb nga Bibla e Kurani p\u00ebr bijt\u00eb e Izraelit, musliman\u00ebt dhe Palestin\u00ebn\"}]},{\"@type\":\"WebSite\",\"@id\":\"https:\\\/\\\/www.ahmadiyya-islam.org\\\/al\\\/#website\",\"url\":\"https:\\\/\\\/www.ahmadiyya-islam.org\\\/al\\\/\",\"name\":\"Xhemati Musliman Ahmedia\",\"description\":\"Albania\",\"potentialAction\":[{\"@type\":\"SearchAction\",\"target\":{\"@type\":\"EntryPoint\",\"urlTemplate\":\"https:\\\/\\\/www.ahmadiyya-islam.org\\\/al\\\/?s={search_term_string}\"},\"query-input\":{\"@type\":\"PropertyValueSpecification\",\"valueRequired\":true,\"valueName\":\"search_term_string\"}}],\"inLanguage\":\"sq-AL\"}]}<\/script>\n<!-- \/ Yoast SEO Premium plugin. -->","yoast_head_json":{"title":"Profecit\u00eb nga Bibla e Kurani p\u00ebr bijt\u00eb e Izraelit, musliman\u00ebt dhe Palestin\u00ebn","robots":{"index":"index","follow":"follow","max-snippet":"max-snippet:-1","max-image-preview":"max-image-preview:large","max-video-preview":"max-video-preview:-1"},"canonical":"https:\/\/www.ahmadiyya-islam.org\/al\/videos\/profecite-nga-bibla-e-kurani-per-bijte-e-izraelit-muslimanet-dhe-palestinen\/","og_locale":"sq_AL","og_type":"article","og_title":"Profecit\u00eb nga Bibla e Kurani p\u00ebr bijt\u00eb e Izraelit, musliman\u00ebt dhe Palestin\u00ebn","og_description":"Q\u00eb kur ka filluar lufta mes Izraelit dhe Gaz\u00ebs, ose Hamasit, shum\u00eb njer\u00ebz pyesin: - Pse \u00ebsht\u00eb kaq e r\u00ebnd\u00ebsishme Palestina? - \u00c7far\u00eb ka ndodhur nd\u00ebr shekuj, madje p\u00ebrgjat\u00eb disa mij\u00ebvje\u00e7areve? - N\u00eb k\u00ebt\u00eb video, do ta trajtojm\u00eb k\u00ebt\u00eb tem\u00eb n\u00eb aspektin fetar dhe at\u00eb historik. Do t\u00eb shohim edhe Bibl\u00ebn, edhe Kuranin, por edhe faktet historike, p\u00ebr t\u00eb par\u00eb se \u00e7far\u00eb ka ndodhur nd\u00ebr disa mij\u00ebvje\u00e7are n\u00eb k\u00ebt\u00eb tok\u00eb q\u00eb cil\u00ebsohet si toka e shenjt\u00eb.","og_url":"https:\/\/www.ahmadiyya-islam.org\/al\/videos\/profecite-nga-bibla-e-kurani-per-bijte-e-izraelit-muslimanet-dhe-palestinen\/","og_site_name":"Xhemati Musliman Ahmedia","article_modified_time":"2026-03-23T09:10:35+00:00","og_image":[{"width":1280,"height":720,"url":"https:\/\/www.ahmadiyya-islam.org\/al\/wp-content\/uploads\/sites\/3\/2023\/12\/profecite-nga-bibla-e-kurani-per.jpg","type":"image\/jpeg"}],"twitter_card":"summary_large_image","twitter_misc":{"Est. reading time":"1 minute"},"schema":{"@context":"https:\/\/schema.org","@graph":[{"@type":"WebPage","@id":"https:\/\/www.ahmadiyya-islam.org\/al\/videos\/profecite-nga-bibla-e-kurani-per-bijte-e-izraelit-muslimanet-dhe-palestinen\/","url":"https:\/\/www.ahmadiyya-islam.org\/al\/videos\/profecite-nga-bibla-e-kurani-per-bijte-e-izraelit-muslimanet-dhe-palestinen\/","name":"Profecit\u00eb nga Bibla e Kurani p\u00ebr bijt\u00eb e Izraelit, musliman\u00ebt dhe Palestin\u00ebn","isPartOf":{"@id":"https:\/\/www.ahmadiyya-islam.org\/al\/#website"},"primaryImageOfPage":{"@id":"https:\/\/www.ahmadiyya-islam.org\/al\/videos\/profecite-nga-bibla-e-kurani-per-bijte-e-izraelit-muslimanet-dhe-palestinen\/#primaryimage"},"image":{"@id":"https:\/\/www.ahmadiyya-islam.org\/al\/videos\/profecite-nga-bibla-e-kurani-per-bijte-e-izraelit-muslimanet-dhe-palestinen\/#primaryimage"},"thumbnailUrl":"https:\/\/www.ahmadiyya-islam.org\/al\/wp-content\/uploads\/sites\/3\/2023\/12\/profecite-nga-bibla-e-kurani-per.jpg","datePublished":"2023-12-24T16:44:21+00:00","dateModified":"2026-03-23T09:10:35+00:00","breadcrumb":{"@id":"https:\/\/www.ahmadiyya-islam.org\/al\/videos\/profecite-nga-bibla-e-kurani-per-bijte-e-izraelit-muslimanet-dhe-palestinen\/#breadcrumb"},"inLanguage":"sq-AL","potentialAction":[{"@type":"ReadAction","target":["https:\/\/www.ahmadiyya-islam.org\/al\/videos\/profecite-nga-bibla-e-kurani-per-bijte-e-izraelit-muslimanet-dhe-palestinen\/"]}]},{"@type":"ImageObject","inLanguage":"sq-AL","@id":"https:\/\/www.ahmadiyya-islam.org\/al\/videos\/profecite-nga-bibla-e-kurani-per-bijte-e-izraelit-muslimanet-dhe-palestinen\/#primaryimage","url":"https:\/\/www.ahmadiyya-islam.org\/al\/wp-content\/uploads\/sites\/3\/2023\/12\/profecite-nga-bibla-e-kurani-per.jpg","contentUrl":"https:\/\/www.ahmadiyya-islam.org\/al\/wp-content\/uploads\/sites\/3\/2023\/12\/profecite-nga-bibla-e-kurani-per.jpg","width":1280,"height":720},{"@type":"BreadcrumbList","@id":"https:\/\/www.ahmadiyya-islam.org\/al\/videos\/profecite-nga-bibla-e-kurani-per-bijte-e-izraelit-muslimanet-dhe-palestinen\/#breadcrumb","itemListElement":[{"@type":"ListItem","position":1,"name":"Home","item":"https:\/\/www.ahmadiyya-islam.org\/al\/"},{"@type":"ListItem","position":2,"name":"Videos","item":"https:\/\/www.ahmadiyya-islam.org\/al\/videos\/"},{"@type":"ListItem","position":3,"name":"Profecit\u00eb nga Bibla e Kurani p\u00ebr bijt\u00eb e Izraelit, musliman\u00ebt dhe Palestin\u00ebn"}]},{"@type":"WebSite","@id":"https:\/\/www.ahmadiyya-islam.org\/al\/#website","url":"https:\/\/www.ahmadiyya-islam.org\/al\/","name":"Xhemati Musliman Ahmedia","description":"Albania","potentialAction":[{"@type":"SearchAction","target":{"@type":"EntryPoint","urlTemplate":"https:\/\/www.ahmadiyya-islam.org\/al\/?s={search_term_string}"},"query-input":{"@type":"PropertyValueSpecification","valueRequired":true,"valueName":"search_term_string"}}],"inLanguage":"sq-AL"}]}},"_links":{"self":[{"href":"https:\/\/www.ahmadiyya-islam.org\/al\/wp-json\/wp\/v2\/videos\/19132","targetHints":{"allow":["GET"]}}],"collection":[{"href":"https:\/\/www.ahmadiyya-islam.org\/al\/wp-json\/wp\/v2\/videos"}],"about":[{"href":"https:\/\/www.ahmadiyya-islam.org\/al\/wp-json\/wp\/v2\/types\/videos"}],"version-history":[{"count":1,"href":"https:\/\/www.ahmadiyya-islam.org\/al\/wp-json\/wp\/v2\/videos\/19132\/revisions"}],"predecessor-version":[{"id":19133,"href":"https:\/\/www.ahmadiyya-islam.org\/al\/wp-json\/wp\/v2\/videos\/19132\/revisions\/19133"}],"wp:featuredmedia":[{"embeddable":true,"href":"https:\/\/www.ahmadiyya-islam.org\/al\/wp-json\/wp\/v2\/media\/19134"}],"wp:attachment":[{"href":"https:\/\/www.ahmadiyya-islam.org\/al\/wp-json\/wp\/v2\/media?parent=19132"}],"wp:term":[{"taxonomy":"post_tag","embeddable":true,"href":"https:\/\/www.ahmadiyya-islam.org\/al\/wp-json\/wp\/v2\/tags?post=19132"},{"taxonomy":"authors","embeddable":true,"href":"https:\/\/www.ahmadiyya-islam.org\/al\/wp-json\/wp\/v2\/authors?post=19132"},{"taxonomy":"content_source","embeddable":true,"href":"https:\/\/www.ahmadiyya-islam.org\/al\/wp-json\/wp\/v2\/content_source?post=19132"}],"curies":[{"name":"wp","href":"https:\/\/api.w.org\/{rel}","templated":true}]}}