{"id":19086,"date":"2023-10-31T12:43:51","date_gmt":"2023-10-31T12:43:51","guid":{"rendered":"https:\/\/www.ahmadiyya-islam.org\/al\/?post_type=videos&#038;p=19086"},"modified":"2026-03-23T09:19:16","modified_gmt":"2026-03-23T09:19:16","slug":"lufta-hamasi-izraeli-ka-shkelur-te-gjitha-parimet-dhe-kufijte","status":"publish","type":"videos","link":"https:\/\/www.ahmadiyya-islam.org\/al\/videos\/lufta-hamasi-izraeli-ka-shkelur-te-gjitha-parimet-dhe-kufijte\/","title":{"rendered":"Lufta ka shkelur t\u00eb gjitha parimet dhe kufijt\u00eb! Lideri Musliman"},"content":{"rendered":"<p>Hazret Mirza Masrur Ahmedi, Udh\u00ebheq\u00ebsi bot\u00ebror i Xhematit Musliman Ahmedia, n\u00eb hutben e tij t\u00eb s\u00eb xhumas\u00eb, t\u00eb mbajtur m\u00eb 27.10.2023, tha:<\/p>\n<p>P\u00ebr shkak t\u00eb p\u00ebrshkall\u00ebzimit t\u00eb m\u00ebtejsh\u00ebm t\u00eb situat\u00ebs globale, do t\u00eb doja t\u2019ju kujtoja edhe nj\u00eb her\u00eb p\u00ebr lutje. P\u00ebr shkak t\u00eb luft\u00ebs midis Izraelit dhe Hamasit, gra dhe f\u00ebmij\u00eb t\u00eb pafajsh\u00ebm palestinez\u00eb po bien d\u00ebshmor\u00eb \u00e7do dit\u00eb e m\u00eb shum\u00eb. M\u00ebnyra se si po p\u00ebrhapet lufta dhe politikat q\u00eb po ndjekin Izraeli dhe superfuqit\u00eb, na sjell para syve nj\u00eb luft\u00eb bot\u00ebrore. Tanim\u00eb edhe udh\u00ebheq\u00ebsit e disa prej vendeve islamike kan\u00eb filluar ta thon\u00eb hapur. Edhe Rusia, Kina dhe po k\u00ebshtu disa analist\u00eb per\u00ebndimor\u00eb kan\u00eb filluar t\u00eb pohojn\u00eb e t\u00eb shkruajn\u00eb se lufta duket se do t\u00eb zgjerohet m\u00eb tej dhe se n\u00ebse nuk do t\u00eb ndiqet nj\u00eb politik\u00eb me urt\u00ebsi, bota do t\u00eb p\u00ebrballet me nj\u00eb shkat\u00ebrrim t\u00eb madh. Gjith\u00e7ka po del qart\u00eb edhe n\u00eb lajme. P\u00ebr k\u00ebt\u00eb arsye, an\u00ebtar\u00ebt e Xhematit Musliman Ahmedia duhet t\u2019u kushtojn\u00eb v\u00ebmendje t\u00eb ve\u00e7ant\u00eb lutjeve. Mos pushoni. T\u00eb pakt\u00ebn nj\u00eb sexhde n\u00eb \u00e7do namaz, ose t\u00eb pakt\u00ebn nj\u00eb sexhde n\u00eb namazet e gjith\u00eb dit\u00ebs, duhet t\u00eb kushtoni p\u00ebr situat\u00ebn aktuale dhe t\u00eb luteni sinqerisht p\u00ebr t\u00eb.<\/p>\n<p>Udh\u00ebheq\u00ebsit e bot\u00ebs per\u00ebndimore, t\u00eb cilido shtet qofshin, nuk d\u00ebshirojn\u00eb t\u00eb b\u00ebjn\u00eb drejt\u00ebsi n\u00eb k\u00ebt\u00eb \u00e7\u00ebshtje, dhe nuk kan\u00eb guxim t\u00eb thon\u00eb asnj\u00eb fjal\u00eb p\u00ebr k\u00ebt\u00eb \u00e7\u00ebshtje. Ahmedian\u00ebt le t\u00eb mos hyjn\u00eb n\u00eb biseda se kryeministri apo udh\u00ebheq\u00ebsi i cilit shtet \u00ebsht\u00eb i mir\u00eb dhe cili i keq, ose ai nuk duhet t\u00eb thoshte k\u00ebshtu, ose muslimna\u00ebt nuk duhet t\u00eb flasin kund\u00ebr tij etj.. K\u00ebto jan\u00eb fjal\u00eb pa lidhje. P\u00ebr sa koh\u00eb q\u00eb nj\u00eb kryeminist\u00ebr apo udh\u00ebheq\u00ebs nuk shfaq guximin p\u00ebr ta ndalur luft\u00ebn, ai patjet\u00ebr \u00ebsht\u00eb p\u00ebrgjegj\u00ebs p\u00ebr ta \u00e7uar bot\u00ebn drejt shkat\u00ebrrimit.<\/p>\n<p>Andaj, duke i k\u00ebrkuar Zotit ndihm\u00eb me an\u00eb t\u00eb lutjeve, n\u00eb shoq\u00ebrin\u00eb tuaj p\u00ebrhapni t\u00eb v\u00ebrtet\u00ebn q\u00eb dhuna t\u00eb ndalet. N\u00ebse nj\u00eb ahmedian ka kontakt me nj\u00eb politikan, ta k\u00ebshilloj\u00eb at\u00eb. Ky pik\u00ebrisht quhet guxim, dhe kjo pik\u00ebrisht \u00ebsht\u00eb standardi q\u00eb tregon se po ndjek porosit\u00eb e Allahut t\u00eb Madh\u00ebrish\u00ebm.<\/p>\n<p>P\u00ebrfaq\u00ebsuesit e shtetit t\u00eb Izraelit thon\u00eb se Hamasi u ka vrar\u00eb njer\u00ebz t\u00eb tyre t\u00eb pafajsh\u00ebm, andaj do t\u00eb hakmerren. Por tanim\u00eb kjo hakmarrje i ka kaluar t\u00eb gjith\u00eb kufijt\u00eb. Aq sa vrau Hamasi izraelit\u00eb, si\u00e7 tregojn\u00eb lajmet, deri m\u00eb tani, Izraeli vrau palestinez\u00eb kat\u00ebrfish ose pes\u00ebfish m\u00eb shum\u00eb. N\u00ebse ata kan\u00eb n\u00eb sh\u00ebnjest\u00ebr Hamasin, si\u00e7 pretendojn\u00eb, duhet t\u00eb p\u00ebrballen vet\u00ebm me Hamasin. Pse po vrasin gra, f\u00ebmij\u00eb e njer\u00ebz t\u00eb moshuar?! Madje, ua kan\u00eb nd\u00ebrprer\u00eb ujin, ushqimin dhe ila\u00e7et. Kur k\u00ebto shtete arrijn\u00eb n\u00eb k\u00ebt\u00eb pik\u00eb, t\u00eb gjitha parimet e tyre p\u00ebr t\u00eb drejtat e njeriut dhe p\u00ebr luft\u00ebn, asgj\u00ebsohen.<\/p>\n<p>Megjithat\u00eb, dalin disa z\u00ebra q\u00eb edhe ua kujtojn\u00eb. Si\u00e7 dit\u00ebt e fundit ish-presidenti i Amerik\u00ebs Z. Obama ishte shprehur se lufta duhet b\u00ebr\u00eb duke zbatuar parimet e saj, dhe civil\u00ebt nuk duhet t\u00eb ishin sh\u00ebnjest\u00ebr e sulmeve.<\/p>\n<p>Foli edhe Sekretari i P\u00ebrgjithsh\u00ebm i OKB-s\u00eb. Si kund\u00ebrp\u00ebrgjigje, shteti izraelit protestoi. At\u00ebher\u00eb nga shtetet q\u00eb pretendojn\u00eb t\u00eb jen\u00eb flamurtar\u00eb dhe kampion\u00eb t\u00eb paqes n\u00eb bot\u00eb, asnj\u00ebri nuk foli p\u00ebr t\u00eb mb\u00ebshtetur deklarat\u00ebn e Sekretarit t\u00eb P\u00ebrgjithsh\u00ebm, p\u00ebrkundrazi shpreh\u00ebn pak\u00ebnaq\u00ebsi.<\/p>\n<p>Sidoqoft\u00eb, situata \u00ebsht\u00eb tejet e rrezikshme. Media per\u00ebndimore po paraqet lajmet e nj\u00ebr\u00ebs pal\u00eb n\u00eb m\u00ebnyr\u00eb t\u00eb ekzagjeruar duke u treguar t\u00ebr\u00ebsisht e anuar. P\u00ebr shembull, dit\u00ebt e fundit nj\u00eb grua q\u00eb ishte peng dhe q\u00eb u lirua, rr\u00ebfeu q\u00eb ata ishin sjell\u00eb mir\u00eb me t\u00eb n\u00eb burg, k\u00ebt\u00eb pjes\u00eb t\u00eb rr\u00ebfimit sikur e eklipsuan t\u00ebr\u00ebsisht, kurse fjalia e saj q\u00eb burgu i Hamasit ishte nj\u00eb ferr, u vu si titull kryesor n\u00eb m\u00ebnyr\u00eb t\u00eb vazhdueshme. Po t\u00eb ishte e drejt\u00eb media, do ta jepte gjith\u00eb situat\u00ebn dhe t\u2019i linte publikut t\u00eb gjykonte se kush \u00ebsht\u00eb mizor dhe kujt po i b\u00ebhet mizori dhe se deri n\u00eb \u00e7\u2019mas\u00eb duhet t\u00eb luftojn\u00eb pal\u00ebt dhe se kur mund t\u00eb mbaroj\u00eb lufta. Pra, detyra e medias \u00ebsht\u00eb q\u00eb bota duhet ta dij\u00eb situat\u00ebn e plot\u00eb, dhe jo t\u00eb nj\u00eban\u00ebshme.<\/p>\n<p>Sidoqoft\u00eb, ne duhet t\u2019u kushtojm\u00eb shum\u00eb r\u00ebnd\u00ebsi lutjeve. Gjithashtu, n\u00eb rrethin ton\u00eb shoq\u00ebror duhet t\u00eb b\u00ebjm\u00eb edhe p\u00ebrpjekje q\u00eb dhuna t\u00eb ndalet, por bashk\u00eb me lutjet. Lutuni q\u00eb Allahu i b\u00ebft\u00eb ata musliman\u00eb q\u00eb jan\u00eb t\u00eb prekur nga padrejt\u00ebsia, po k\u00ebshtu edhe shtetet islamike, t\u00eb b\u00ebjn\u00eb nj\u00eb plan t\u00eb p\u00ebrsosur dhe afatgjat\u00eb p\u00ebr k\u00ebt\u00eb \u00e7\u00ebshtje. Ne duhet t\u00eb lutemi n\u00eb m\u00ebnyr\u00eb t\u00eb ve\u00e7ant\u00eb q\u00eb musliman\u00ebt t\u00eb dalin nga v\u00ebshtir\u00ebsit\u00eb. Ne kemi pranuar at\u00eb Mesih t\u00eb Premtuar, i cili pavar\u00ebsisht se u l\u00ebndua ai u l\u00ebnduam edhe ne si pasuesit e tij nga vet\u00eb musliman\u00ebt, por nuk duhet t\u00eb harrojm\u00eb ndjenjat e tij p\u00ebr musliman\u00ebt, q\u00eb ai shpreh n\u00eb k\u00ebto vargje:<\/p>\n<blockquote><p>\u0627\u06d2 \u062f\u0644 \u062a\u0648 \u0646\u06cc\u0632 \u062e\u0627\u0637\u0631 \u0627\u06cc\u0646\u0627\u06ba \u0646\u06af\u0627\u06c1 \u062f\u0627\u0631<br \/>\n\u06a9\u0627\u062e\u0631 \u06a9\u0646\u0646\u062f \u062f\u0639\u0648\u06cc\u0670 \u062d\u0628 \u067e\u06cc\u0645\u0628\u0631\u0645<\/p>\n<p>Ti o zem\u00ebr prap\u00ebseprap\u00eb ki p\u00ebr ta dhembshuri<br \/>\nFundja, pretendojn\u00eb p\u00ebr Pejgamberin\u00a0dashuri!<\/p><\/blockquote>\n<p>Andaj, dashuria p\u00ebr Profetin Muhammed s.a.v.s. na k\u00ebrkon q\u00eb ne t\u00eb lutemi shum\u00eb p\u00ebr musliman\u00ebt. Allahu na b\u00ebft\u00eb edhe neve edhe musliman\u00ebve t\u00eb tjer\u00eb ta realizojm\u00eb k\u00ebt\u00eb detyr\u00eb! Allahu i dh\u00ebnt\u00eb mendt\u00eb edhe bot\u00ebs!&#8221;<\/p>\n<p>M\u00cb SHUM\u00cb:<\/p>\n<blockquote class=\"wp-embedded-content\" data-secret=\"hJPWLNJkTF\"><p><a href=\"https:\/\/www.ahmadiyya-islam.org\/al\/artikuj\/thirrje-e-fuqishme-historike-ne-okb-per-te-drejtat-e-palestinezeve\/\">Nj\u00eb thirrje e fuqishme dhe historike n\u00eb OKB, p\u00ebr t\u00eb drejtat e palestinez\u00ebve<\/a><\/p><\/blockquote>\n<p><iframe loading=\"lazy\" class=\"wp-embedded-content\" sandbox=\"allow-scripts\" security=\"restricted\" style=\"position: absolute; visibility: hidden;\" title=\"&#8220;Nj\u00eb thirrje e fuqishme dhe historike n\u00eb OKB, p\u00ebr t\u00eb drejtat e palestinez\u00ebve&#8221; &#8212; Xhemati Musliman Ahmedia\" src=\"https:\/\/www.ahmadiyya-islam.org\/al\/artikuj\/thirrje-e-fuqishme-historike-ne-okb-per-te-drejtat-e-palestinezeve\/embed\/#?secret=dzJgMJaQcn#?secret=hJPWLNJkTF\" data-secret=\"hJPWLNJkTF\" width=\"600\" height=\"338\" frameborder=\"0\" marginwidth=\"0\" marginheight=\"0\" scrolling=\"no\"><\/iframe><\/p>\n","protected":false},"excerpt":{"rendered":"<p>Mos pushoni. T\u00eb pakt\u00ebn nj\u00eb sexhde n\u00eb \u00e7do namaz, ose t\u00eb pakt\u00ebn nj\u00eb sexhde n\u00eb namazet e gjith\u00eb dit\u00ebs, duhet t\u00eb kushtoni p\u00ebr situat\u00ebn aktuale dhe t\u00eb luteni sinqerisht p\u00ebr t\u00eb.<\/p>\n","protected":false},"featured_media":19088,"parent":0,"menu_order":0,"template":"","tags":[833,806,649],"authors":[458],"content_source":[],"class_list":["post-19086","videos","type-videos","status-publish","has-post-thumbnail","hentry","tag-izraeli","tag-konflikti-izraelito-palestinez","tag-palestina","topics-paqja-globale","video-categories-fjalimet-e-kalifeve","authors-hazret-mirza-masrur-ahmed"],"acf":[],"yoast_head":"<!-- This site is optimized with the Yoast SEO Premium plugin v21.1 (Yoast SEO v27.4) - https:\/\/yoast.com\/product\/yoast-seo-premium-wordpress\/ -->\n<title>Lufta ka shkelur t\u00eb gjitha parimet dhe kufijt\u00eb! Lideri Musliman<\/title>\n<meta name=\"description\" content=\"Mos pushoni. T\u00eb pakt\u00ebn nj\u00eb sexhde n\u00eb \u00e7do namaz, ose t\u00eb pakt\u00ebn nj\u00eb sexhde n\u00eb namazet e gjith\u00eb dit\u00ebs, duhet t\u00eb kushtoni p\u00ebr situat\u00ebn aktuale dhe t\u00eb luteni sinqerisht p\u00ebr t\u00eb.\" \/>\n<meta name=\"robots\" content=\"index, follow, max-snippet:-1, max-image-preview:large, max-video-preview:-1\" \/>\n<link rel=\"canonical\" href=\"https:\/\/www.ahmadiyya-islam.org\/al\/videos\/lufta-hamasi-izraeli-ka-shkelur-te-gjitha-parimet-dhe-kufijte\/\" \/>\n<meta property=\"og:locale\" content=\"sq_AL\" \/>\n<meta property=\"og:type\" content=\"article\" \/>\n<meta property=\"og:title\" content=\"Lufta ka shkelur t\u00eb gjitha parimet dhe kufijt\u00eb! Lideri Musliman\" \/>\n<meta property=\"og:description\" content=\"Mos pushoni. T\u00eb pakt\u00ebn nj\u00eb sexhde n\u00eb \u00e7do namaz, ose t\u00eb pakt\u00ebn nj\u00eb sexhde n\u00eb namazet e gjith\u00eb dit\u00ebs, duhet t\u00eb kushtoni p\u00ebr situat\u00ebn aktuale dhe t\u00eb luteni sinqerisht p\u00ebr t\u00eb.\" \/>\n<meta property=\"og:url\" content=\"https:\/\/www.ahmadiyya-islam.org\/al\/videos\/lufta-hamasi-izraeli-ka-shkelur-te-gjitha-parimet-dhe-kufijte\/\" \/>\n<meta property=\"og:site_name\" content=\"Xhemati Musliman Ahmedia\" \/>\n<meta property=\"article:modified_time\" content=\"2026-03-23T09:19:16+00:00\" \/>\n<meta property=\"og:image\" content=\"https:\/\/www.ahmadiyya-islam.org\/al\/wp-content\/uploads\/sites\/3\/2023\/10\/lufta-ka-shkelur-te-gjitha-parim.jpg\" \/>\n\t<meta property=\"og:image:width\" content=\"1280\" \/>\n\t<meta property=\"og:image:height\" content=\"720\" \/>\n\t<meta property=\"og:image:type\" content=\"image\/jpeg\" \/>\n<meta name=\"twitter:card\" content=\"summary_large_image\" \/>\n<meta name=\"twitter:label1\" content=\"Est. reading time\" \/>\n\t<meta name=\"twitter:data1\" content=\"5 minutes\" \/>\n<script type=\"application\/ld+json\" class=\"yoast-schema-graph\">{\"@context\":\"https:\\\/\\\/schema.org\",\"@graph\":[{\"@type\":\"WebPage\",\"@id\":\"https:\\\/\\\/www.ahmadiyya-islam.org\\\/al\\\/videos\\\/lufta-hamasi-izraeli-ka-shkelur-te-gjitha-parimet-dhe-kufijte\\\/\",\"url\":\"https:\\\/\\\/www.ahmadiyya-islam.org\\\/al\\\/videos\\\/lufta-hamasi-izraeli-ka-shkelur-te-gjitha-parimet-dhe-kufijte\\\/\",\"name\":\"Lufta ka shkelur t\u00eb gjitha parimet dhe kufijt\u00eb! Lideri Musliman\",\"isPartOf\":{\"@id\":\"https:\\\/\\\/www.ahmadiyya-islam.org\\\/al\\\/#website\"},\"primaryImageOfPage\":{\"@id\":\"https:\\\/\\\/www.ahmadiyya-islam.org\\\/al\\\/videos\\\/lufta-hamasi-izraeli-ka-shkelur-te-gjitha-parimet-dhe-kufijte\\\/#primaryimage\"},\"image\":{\"@id\":\"https:\\\/\\\/www.ahmadiyya-islam.org\\\/al\\\/videos\\\/lufta-hamasi-izraeli-ka-shkelur-te-gjitha-parimet-dhe-kufijte\\\/#primaryimage\"},\"thumbnailUrl\":\"https:\\\/\\\/www.ahmadiyya-islam.org\\\/al\\\/wp-content\\\/uploads\\\/sites\\\/3\\\/2023\\\/10\\\/lufta-ka-shkelur-te-gjitha-parim.jpg\",\"datePublished\":\"2023-10-31T12:43:51+00:00\",\"dateModified\":\"2026-03-23T09:19:16+00:00\",\"description\":\"Mos pushoni. T\u00eb pakt\u00ebn nj\u00eb sexhde n\u00eb \u00e7do namaz, ose t\u00eb pakt\u00ebn nj\u00eb sexhde n\u00eb namazet e gjith\u00eb dit\u00ebs, duhet t\u00eb kushtoni p\u00ebr situat\u00ebn aktuale dhe t\u00eb luteni sinqerisht p\u00ebr t\u00eb.\",\"breadcrumb\":{\"@id\":\"https:\\\/\\\/www.ahmadiyya-islam.org\\\/al\\\/videos\\\/lufta-hamasi-izraeli-ka-shkelur-te-gjitha-parimet-dhe-kufijte\\\/#breadcrumb\"},\"inLanguage\":\"sq-AL\",\"potentialAction\":[{\"@type\":\"ReadAction\",\"target\":[\"https:\\\/\\\/www.ahmadiyya-islam.org\\\/al\\\/videos\\\/lufta-hamasi-izraeli-ka-shkelur-te-gjitha-parimet-dhe-kufijte\\\/\"]}]},{\"@type\":\"ImageObject\",\"inLanguage\":\"sq-AL\",\"@id\":\"https:\\\/\\\/www.ahmadiyya-islam.org\\\/al\\\/videos\\\/lufta-hamasi-izraeli-ka-shkelur-te-gjitha-parimet-dhe-kufijte\\\/#primaryimage\",\"url\":\"https:\\\/\\\/www.ahmadiyya-islam.org\\\/al\\\/wp-content\\\/uploads\\\/sites\\\/3\\\/2023\\\/10\\\/lufta-ka-shkelur-te-gjitha-parim.jpg\",\"contentUrl\":\"https:\\\/\\\/www.ahmadiyya-islam.org\\\/al\\\/wp-content\\\/uploads\\\/sites\\\/3\\\/2023\\\/10\\\/lufta-ka-shkelur-te-gjitha-parim.jpg\",\"width\":1280,\"height\":720},{\"@type\":\"BreadcrumbList\",\"@id\":\"https:\\\/\\\/www.ahmadiyya-islam.org\\\/al\\\/videos\\\/lufta-hamasi-izraeli-ka-shkelur-te-gjitha-parimet-dhe-kufijte\\\/#breadcrumb\",\"itemListElement\":[{\"@type\":\"ListItem\",\"position\":1,\"name\":\"Home\",\"item\":\"https:\\\/\\\/www.ahmadiyya-islam.org\\\/al\\\/\"},{\"@type\":\"ListItem\",\"position\":2,\"name\":\"Videos\",\"item\":\"https:\\\/\\\/www.ahmadiyya-islam.org\\\/al\\\/videos\\\/\"},{\"@type\":\"ListItem\",\"position\":3,\"name\":\"Lufta ka shkelur t\u00eb gjitha parimet dhe kufijt\u00eb! Lideri Musliman\"}]},{\"@type\":\"WebSite\",\"@id\":\"https:\\\/\\\/www.ahmadiyya-islam.org\\\/al\\\/#website\",\"url\":\"https:\\\/\\\/www.ahmadiyya-islam.org\\\/al\\\/\",\"name\":\"Xhemati Musliman Ahmedia\",\"description\":\"Albania\",\"potentialAction\":[{\"@type\":\"SearchAction\",\"target\":{\"@type\":\"EntryPoint\",\"urlTemplate\":\"https:\\\/\\\/www.ahmadiyya-islam.org\\\/al\\\/?s={search_term_string}\"},\"query-input\":{\"@type\":\"PropertyValueSpecification\",\"valueRequired\":true,\"valueName\":\"search_term_string\"}}],\"inLanguage\":\"sq-AL\"}]}<\/script>\n<!-- \/ Yoast SEO Premium plugin. -->","yoast_head_json":{"title":"Lufta ka shkelur t\u00eb gjitha parimet dhe kufijt\u00eb! Lideri Musliman","description":"Mos pushoni. T\u00eb pakt\u00ebn nj\u00eb sexhde n\u00eb \u00e7do namaz, ose t\u00eb pakt\u00ebn nj\u00eb sexhde n\u00eb namazet e gjith\u00eb dit\u00ebs, duhet t\u00eb kushtoni p\u00ebr situat\u00ebn aktuale dhe t\u00eb luteni sinqerisht p\u00ebr t\u00eb.","robots":{"index":"index","follow":"follow","max-snippet":"max-snippet:-1","max-image-preview":"max-image-preview:large","max-video-preview":"max-video-preview:-1"},"canonical":"https:\/\/www.ahmadiyya-islam.org\/al\/videos\/lufta-hamasi-izraeli-ka-shkelur-te-gjitha-parimet-dhe-kufijte\/","og_locale":"sq_AL","og_type":"article","og_title":"Lufta ka shkelur t\u00eb gjitha parimet dhe kufijt\u00eb! Lideri Musliman","og_description":"Mos pushoni. T\u00eb pakt\u00ebn nj\u00eb sexhde n\u00eb \u00e7do namaz, ose t\u00eb pakt\u00ebn nj\u00eb sexhde n\u00eb namazet e gjith\u00eb dit\u00ebs, duhet t\u00eb kushtoni p\u00ebr situat\u00ebn aktuale dhe t\u00eb luteni sinqerisht p\u00ebr t\u00eb.","og_url":"https:\/\/www.ahmadiyya-islam.org\/al\/videos\/lufta-hamasi-izraeli-ka-shkelur-te-gjitha-parimet-dhe-kufijte\/","og_site_name":"Xhemati Musliman Ahmedia","article_modified_time":"2026-03-23T09:19:16+00:00","og_image":[{"width":1280,"height":720,"url":"https:\/\/www.ahmadiyya-islam.org\/al\/wp-content\/uploads\/sites\/3\/2023\/10\/lufta-ka-shkelur-te-gjitha-parim.jpg","type":"image\/jpeg"}],"twitter_card":"summary_large_image","twitter_misc":{"Est. reading time":"5 minutes"},"schema":{"@context":"https:\/\/schema.org","@graph":[{"@type":"WebPage","@id":"https:\/\/www.ahmadiyya-islam.org\/al\/videos\/lufta-hamasi-izraeli-ka-shkelur-te-gjitha-parimet-dhe-kufijte\/","url":"https:\/\/www.ahmadiyya-islam.org\/al\/videos\/lufta-hamasi-izraeli-ka-shkelur-te-gjitha-parimet-dhe-kufijte\/","name":"Lufta ka shkelur t\u00eb gjitha parimet dhe kufijt\u00eb! Lideri Musliman","isPartOf":{"@id":"https:\/\/www.ahmadiyya-islam.org\/al\/#website"},"primaryImageOfPage":{"@id":"https:\/\/www.ahmadiyya-islam.org\/al\/videos\/lufta-hamasi-izraeli-ka-shkelur-te-gjitha-parimet-dhe-kufijte\/#primaryimage"},"image":{"@id":"https:\/\/www.ahmadiyya-islam.org\/al\/videos\/lufta-hamasi-izraeli-ka-shkelur-te-gjitha-parimet-dhe-kufijte\/#primaryimage"},"thumbnailUrl":"https:\/\/www.ahmadiyya-islam.org\/al\/wp-content\/uploads\/sites\/3\/2023\/10\/lufta-ka-shkelur-te-gjitha-parim.jpg","datePublished":"2023-10-31T12:43:51+00:00","dateModified":"2026-03-23T09:19:16+00:00","description":"Mos pushoni. T\u00eb pakt\u00ebn nj\u00eb sexhde n\u00eb \u00e7do namaz, ose t\u00eb pakt\u00ebn nj\u00eb sexhde n\u00eb namazet e gjith\u00eb dit\u00ebs, duhet t\u00eb kushtoni p\u00ebr situat\u00ebn aktuale dhe t\u00eb luteni sinqerisht p\u00ebr t\u00eb.","breadcrumb":{"@id":"https:\/\/www.ahmadiyya-islam.org\/al\/videos\/lufta-hamasi-izraeli-ka-shkelur-te-gjitha-parimet-dhe-kufijte\/#breadcrumb"},"inLanguage":"sq-AL","potentialAction":[{"@type":"ReadAction","target":["https:\/\/www.ahmadiyya-islam.org\/al\/videos\/lufta-hamasi-izraeli-ka-shkelur-te-gjitha-parimet-dhe-kufijte\/"]}]},{"@type":"ImageObject","inLanguage":"sq-AL","@id":"https:\/\/www.ahmadiyya-islam.org\/al\/videos\/lufta-hamasi-izraeli-ka-shkelur-te-gjitha-parimet-dhe-kufijte\/#primaryimage","url":"https:\/\/www.ahmadiyya-islam.org\/al\/wp-content\/uploads\/sites\/3\/2023\/10\/lufta-ka-shkelur-te-gjitha-parim.jpg","contentUrl":"https:\/\/www.ahmadiyya-islam.org\/al\/wp-content\/uploads\/sites\/3\/2023\/10\/lufta-ka-shkelur-te-gjitha-parim.jpg","width":1280,"height":720},{"@type":"BreadcrumbList","@id":"https:\/\/www.ahmadiyya-islam.org\/al\/videos\/lufta-hamasi-izraeli-ka-shkelur-te-gjitha-parimet-dhe-kufijte\/#breadcrumb","itemListElement":[{"@type":"ListItem","position":1,"name":"Home","item":"https:\/\/www.ahmadiyya-islam.org\/al\/"},{"@type":"ListItem","position":2,"name":"Videos","item":"https:\/\/www.ahmadiyya-islam.org\/al\/videos\/"},{"@type":"ListItem","position":3,"name":"Lufta ka shkelur t\u00eb gjitha parimet dhe kufijt\u00eb! Lideri Musliman"}]},{"@type":"WebSite","@id":"https:\/\/www.ahmadiyya-islam.org\/al\/#website","url":"https:\/\/www.ahmadiyya-islam.org\/al\/","name":"Xhemati Musliman Ahmedia","description":"Albania","potentialAction":[{"@type":"SearchAction","target":{"@type":"EntryPoint","urlTemplate":"https:\/\/www.ahmadiyya-islam.org\/al\/?s={search_term_string}"},"query-input":{"@type":"PropertyValueSpecification","valueRequired":true,"valueName":"search_term_string"}}],"inLanguage":"sq-AL"}]}},"_links":{"self":[{"href":"https:\/\/www.ahmadiyya-islam.org\/al\/wp-json\/wp\/v2\/videos\/19086","targetHints":{"allow":["GET"]}}],"collection":[{"href":"https:\/\/www.ahmadiyya-islam.org\/al\/wp-json\/wp\/v2\/videos"}],"about":[{"href":"https:\/\/www.ahmadiyya-islam.org\/al\/wp-json\/wp\/v2\/types\/videos"}],"version-history":[{"count":1,"href":"https:\/\/www.ahmadiyya-islam.org\/al\/wp-json\/wp\/v2\/videos\/19086\/revisions"}],"predecessor-version":[{"id":19090,"href":"https:\/\/www.ahmadiyya-islam.org\/al\/wp-json\/wp\/v2\/videos\/19086\/revisions\/19090"}],"wp:featuredmedia":[{"embeddable":true,"href":"https:\/\/www.ahmadiyya-islam.org\/al\/wp-json\/wp\/v2\/media\/19088"}],"wp:attachment":[{"href":"https:\/\/www.ahmadiyya-islam.org\/al\/wp-json\/wp\/v2\/media?parent=19086"}],"wp:term":[{"taxonomy":"post_tag","embeddable":true,"href":"https:\/\/www.ahmadiyya-islam.org\/al\/wp-json\/wp\/v2\/tags?post=19086"},{"taxonomy":"authors","embeddable":true,"href":"https:\/\/www.ahmadiyya-islam.org\/al\/wp-json\/wp\/v2\/authors?post=19086"},{"taxonomy":"content_source","embeddable":true,"href":"https:\/\/www.ahmadiyya-islam.org\/al\/wp-json\/wp\/v2\/content_source?post=19086"}],"curies":[{"name":"wp","href":"https:\/\/api.w.org\/{rel}","templated":true}]}}