{"id":19078,"date":"2023-10-16T18:09:25","date_gmt":"2023-10-16T18:09:25","guid":{"rendered":"https:\/\/www.ahmadiyya-islam.org\/al\/?post_type=videos&#038;p=19078"},"modified":"2026-03-23T09:18:49","modified_gmt":"2026-03-23T09:18:49","slug":"si-mund-te-ndalet-lufta-mes-izraelit-dhe-palestines-mesazhi-i-kalifit-te-xhematit","status":"publish","type":"videos","link":"https:\/\/www.ahmadiyya-islam.org\/al\/videos\/si-mund-te-ndalet-lufta-mes-izraelit-dhe-palestines-mesazhi-i-kalifit-te-xhematit\/","title":{"rendered":"Si mund t\u00eb ndalet lufta mes izraelit dhe palestines? Mesazhi i Kalifit t\u00eb Xhematit Musliman Ahmedia"},"content":{"rendered":"<p>Tani, dua t\u2019ju b\u00ebj thirrje p\u00ebr nj\u00eb lutje p\u00ebr situat\u00ebn aktuale t\u00eb bot\u00ebs. Prej disa dit\u00ebve po vijon lufta mes Hamasit dhe Izraelit, p\u00ebr shkak t\u00eb s\u00eb cil\u00ebs, jan\u00eb vrar\u00eb dhe po vriten banor\u00ebt e t\u00eb dyja an\u00ebve duke p\u00ebrfshir\u00eb gra, njer\u00ebz t\u00eb moshuar, f\u00ebmij\u00eb, pa dallim.<\/p>\n<p>Feja Islame na jep m\u00ebsimin q\u00eb edhe n\u00eb koh\u00eb lufte nuk ke t\u00eb drejt\u00eb t\u00eb vras\u00ebsh grat\u00eb, f\u00ebmij\u00ebt dhe k\u00ebdo q\u00eb nuk merr pjes\u00eb n\u00eb luft\u00eb. K\u00ebt\u00eb porosi e dha Profeti Muhammed s.a.v.s. dhe e theksoi fuqimisht.<\/p>\n<p>Sipas burimeve, t\u00eb cilat duken se jan\u00eb t\u00eb v\u00ebrteta, ishte Hamasi ai q\u00eb e b\u00ebri i pari sulmin dhe vrau qytetar\u00eb t\u00eb Izraelit pa dallim. Pa marr\u00eb parasysh faktin q\u00eb vet\u00eb ushtria izraelite ka vrar\u00eb shum\u00eb her\u00eb n\u00eb k\u00ebt\u00eb m\u00ebnyr\u00eb palestinez\u00eb t\u00eb pafajsh\u00ebm, musliman\u00ebve u duhet q\u00eb patjet\u00ebr t\u00eb veprojn\u00eb sipas m\u00ebsimit t\u00eb Islamit. Pra, kishte rrug\u00eb t\u00eb tjera q\u00eb ata t\u00eb p\u00ebrballeshin me ushtrin\u00eb Izraelite. Sepse n\u00ebse ekziston nj\u00eb motiv i drejt\u00eb p\u00ebr t\u00eb luftuar, ajo luft\u00eb b\u00ebhet vet\u00ebm kund\u00ebr ushtris\u00eb dhe jo kund\u00ebr grave, f\u00ebmij\u00ebve dhe njer\u00ebzve t\u00eb pafajsh\u00ebm. K\u00ebshtu q\u00eb, Hamasi b\u00ebri nj\u00eb hap t\u00eb gabuar, dhe kjo u solli m\u00eb shum\u00eb d\u00ebm sesa dobi. Trim\u00ebria e Hamasit do t\u00eb shihej at\u00ebher\u00eb kur do t\u00eb p\u00ebrballej me ushtrin\u00eb.<\/p>\n<p>Nga ana tjet\u00ebr, edhe ajo q\u00eb po b\u00ebn Izraeli si kund\u00ebrp\u00ebrgjigje, \u00ebsht\u00eb tep\u00ebr e rrezikshme. Duket se kjo luft\u00eb tanim\u00eb nuk do t\u00eb ndalet shpejt. Do t\u00eb vriten n\u00eb m\u00ebnyr\u00eb t\u00eb panum\u00ebrt njer\u00ebz t\u00eb pafajsh\u00ebm, gra e f\u00ebmij\u00eb, deri n\u00eb mas\u00ebn q\u00eb nuk mund t\u00eb imagjinohet. Izraeli deklaroi se do ta asgj\u00ebsoj\u00eb t\u00ebr\u00ebsisht Gaz\u00ebn dhe me k\u00ebt\u00eb q\u00ebllim ai e bombardoi jasht\u00eb mase deri tani. E shkrumboi qytetin.<\/p>\n<p>Tani po krijojn\u00eb nj\u00eb situat\u00eb duke th\u00ebn\u00eb se m\u00eb shum\u00eb se nj\u00eb milion njer\u00ebz t\u00eb largohen nga Gaza dhe nj\u00eb pjes\u00eb prej tyre kan\u00eb filluar t\u00eb largohen. Shyqyr Zotit q\u00eb OKB-ja t\u00eb pakt\u00ebn foli n\u00ebn z\u00eb se Izraeli k\u00ebshtu po ua minon t\u00eb drejtat themelore dhe se kjo do t\u00eb jet\u00eb e padrejt\u00eb dhe do t\u00eb sjell\u00eb v\u00ebshtir\u00ebsi t\u00eb m\u00ebdha dhe se Izraeli duhet t\u00eb reflektoj\u00eb p\u00ebr k\u00ebt\u00eb vendim. Pra, n\u00eb vend q\u00eb t\u2019i jepte ultimatum dhe ta shtr\u00ebngonte p\u00ebr gabimin, po i b\u00ebn k\u00ebrkes\u00eb. Gjithsesi, civil\u00ebt q\u00eb nuk jan\u00eb t\u00eb angazhuar n\u00eb luft\u00eb, nuk kan\u00eb asnj\u00eb faj. N\u00ebse bota i pandeh qytetar\u00ebt e Izraelit si t\u00eb pafajsh\u00ebm, edhe qytetar\u00ebt palestinez\u00eb jan\u00eb t\u00eb pafajsh\u00ebm. Realisht, u thot\u00eb edhe Libri i tyre ithtar\u00ebve t\u00eb Librit se nuk u lejohet t\u00eb b\u00ebjn\u00eb gjakderdhje t\u00eb till\u00eb. Pra, ata duhet t\u00eb shohin edhe veten e tyre, kur i faj\u00ebsojn\u00eb musliman\u00ebt. Sidoqoft\u00eb, ne duhet t\u00eb lutemi shum\u00eb k\u00ebto dit\u00eb.<\/p>\n<p>Ambasadori palestinez n\u00eb Angli duke dh\u00ebn\u00eb nj\u00eb intervist\u00eb ose n\u00eb mos gaboj\u00eb duke iu p\u00ebrgjigjur pyetjes s\u00eb gazetarit t\u00eb BBC, pohoi se Hamasi \u00ebsht\u00eb nj\u00eb grup militant dhe nuk \u00ebsht\u00eb shteti dhe se shteti palestinez nuk ka lidhje me t\u00eb, por megjithat\u00eb, ai me t\u00eb drejt\u00eb ngriti \u00e7\u00ebshtjen se po t\u00eb ishte b\u00ebr\u00eb drejt\u00ebsi e v\u00ebrtet\u00eb, nuk do t\u00eb ndodhnin k\u00ebto ngjarje. N\u00ebse superfuqit\u00eb nuk do t\u00eb kishin standarde t\u00eb dyfishta, bota nuk do t\u00eb shikonte luft\u00ebra dhe gjakderdhje t\u00eb tilla. Andaj, jepuni fund standardeve t\u00eb dyfishta, luft\u00ebrat do t\u00eb marrin fund vetvetiu. Pik\u00ebrisht k\u00ebto gj\u00ebra un\u00eb ua them prej vitesh n\u00eb drit\u00ebn e m\u00ebsimeve t\u00eb Islamit. Por k\u00ebta t\u00eb thon\u00eb n\u00eb fytyr\u00eb \u2013 po ke t\u00eb drejt\u00eb \u2013 por nuk tregojn\u00eb vullnet p\u00ebr t\u00eb vepruar.<\/p>\n<p>Tani fuqit\u00eb e m\u00ebdha ose fuqit\u00eb per\u00ebndimore duke e l\u00ebn\u00eb anash drejt\u00ebsin\u00eb, po mbledhin forcat p\u00ebr t\u2019i shtr\u00ebnguar palestinez\u00ebt dhe po flasin se do t\u2019i d\u00ebrgojn\u00eb p\u00ebrforcime Izraelit. Edhe media po i tregon fuqish\u00ebm pamjet e atyre q\u00eb u \u00ebsht\u00eb b\u00ebr\u00eb mizori, dhe disa her\u00eb rezultuan se ishin lajme t\u00eb rreme. Nj\u00eb dit\u00eb jepet lajmi duke treguar se si u masakruan grat\u00eb dhe f\u00ebmij\u00ebt izraelit\u00eb, dit\u00ebn tjet\u00ebr del q\u00eb b\u00ebhej fjal\u00eb jo p\u00ebr izraelit\u00ebt por p\u00ebr palestinez\u00ebt, dhe p\u00ebr k\u00ebt\u00eb media jo vet\u00ebm q\u00eb nuk k\u00ebrkon falje, por nuk shfaq m\u00eb as dhembshurin\u00eb e m\u00ebparshme p\u00ebr viktimat. K\u00ebta ndjekin parimin \u201ci forti ka t\u00eb drejt\u00eb\u201d. P\u00ebrulen vet\u00ebm p\u00ebrpara atyre q\u00eb i mbajn\u00eb me buk\u00eb.<\/p>\n<p>N\u00ebse b\u00ebjm\u00eb nj\u00eb analiz\u00eb, del q\u00eb superfuqit\u00eb duan q\u00eb lufta t\u00eb mbetet e ndezur, n\u00eb vend q\u00eb ta shuajn\u00eb at\u00eb. Pra, nuk kan\u00eb vullnet p\u00ebr t\u2019i dh\u00ebn\u00eb fund luft\u00ebs. Pas Luft\u00ebs s\u00eb Par\u00eb Bot\u00ebrore, superfuqit\u00eb themeluan Lig\u00ebn e Kombeve q\u00eb t\u00eb mos e shihnin m\u00eb nj\u00eb luft\u00eb t\u00eb till\u00eb. Por ajo d\u00ebshtoi p\u00ebr arsye se nuk e mbajt\u00ebn standardin e drejt\u00ebsis\u00eb dhe insistuan ep\u00ebrsin\u00eb individuale. At\u00ebher\u00eb shp\u00ebrtheu Lufta e Dyt\u00eb Bot\u00ebrore, e cila, thuhet se, shkaktoi m\u00eb shum\u00eb se 70 milion\u00eb viktima. Pik\u00ebrisht nj\u00eb situat\u00eb e ngjashme po i vjen edhe OKB-s\u00eb. OKB-ja ishte themeluar q\u00eb t\u00eb vendosej drejt\u00ebsia n\u00eb bot\u00eb dhe t\u2019i jepej mb\u00ebshtetje atij q\u00eb i \u00ebsht\u00eb b\u00ebr\u00eb padrejt\u00ebsi, t\u00eb b\u00ebheshin p\u00ebrpjekje p\u00ebr t\u2019u dh\u00ebn\u00eb fund luft\u00ebrave, por k\u00ebta objektiva nuk po dallohen asgj\u00ebkund. Secila [superfuqi] k\u00ebrkon vet\u00ebm interesin e vet. Dhe lufta q\u00eb do t\u00eb b\u00ebhet p\u00ebr shkak t\u00eb k\u00ebsaj padrejt\u00ebsie, pasojat e saj as nuk mund t\u2019i imagjinoj\u00eb dot njeriu i thjesht\u00eb. Dhe superfuqit\u00eb e din\u00eb shum\u00eb mir\u00eb se \u00e7far\u00eb shkat\u00ebrrimi do t\u00eb b\u00ebhet, por prap\u00ebseprap\u00eb ato as nuk jan\u00eb gati dhe as nuk kan\u00eb vullnet p\u00ebr t\u00eb b\u00ebr\u00eb drejt\u00ebsi.<\/p>\n<p>N\u00eb k\u00ebt\u00eb situat\u00eb, shtetet islamike duhet t\u2019i th\u00ebrrasin mendjes. Duhet t\u2019u japin fund ndasive t\u00eb tyre dhe duhet t\u00eb krijojn\u00eb nj\u00eb unitet t\u00eb tyren. Allahu i Madh\u00ebrish\u00ebm u dha musliman\u00ebve nj\u00eb m\u00ebsim p\u00ebr t\u00eb gjetur p\u00ebrbashk\u00ebsi edhe me ithtar\u00ebt e Librit duke th\u00ebn\u00eb \u2013 \u201cThuaj: \u201cO ithtar\u00ebt e Librit! Ejani te nj\u00eb fjal\u00eb e p\u00ebrbashk\u00ebt midis nesh dhe jush\u201d<a href=\"#_ftn1\" name=\"_ftnref1\">[1]<\/a> dhe ajo fjal\u00eb \u00ebsht\u00eb Qenia e Zotit t\u00eb Madh\u00ebrish\u00ebm. Kurse vet\u00eb musliman\u00ebt q\u00eb praktikojn\u00eb t\u00eb nj\u00ebjtin <em>shehadet<\/em>, pse vall\u00eb nuk mund t\u2019u japin fund ndasive dhe nuk bashkohen! Andaj, reflektoni dhe krijoni unitetin tuaj, pasi kjo pik\u00ebrisht mund t\u00eb b\u00ebhet nj\u00eb mjet p\u00ebr ta larguar trazir\u00ebn nga kjo bot\u00eb, dhe pasi t\u00eb b\u00ebheni bashk\u00eb, duhet t\u00eb ngrini z\u00ebrin fuqish\u00ebm p\u00ebr t\u00eb vendosur drejt\u00ebsin\u00eb dhe p\u00ebr t\u2019u dh\u00ebn\u00eb t\u00eb drejtat t\u00eb persekutuarve, kushdo qofshin ata. N\u00ebse musliman\u00ebt jan\u00eb bashk\u00eb, edhe z\u00ebri i tyre do t\u00eb ket\u00eb fuqi. P\u00ebrndryshe, edhe shtetet islamike do t\u00eb ken\u00eb p\u00ebrgjegj\u00ebsi p\u00ebr humbjen e jet\u00ebve t\u00eb musliman\u00ebve t\u00eb pafajsh\u00ebm. Gjithmon\u00eb duhet ta keni parasysh porosin\u00eb e Profetit Muhammed s.a.v.s. ku ai tha \u2013 Ndihmoni edhe at\u00eb q\u00eb i \u00ebsht\u00eb b\u00ebr\u00eb padrejt\u00ebsia, por edhe mizorin [duke e ndalur at\u00eb nga mizoria]. Musliman\u00ebt duhet ta kuptojn\u00eb k\u00ebt\u00eb porosi t\u00eb r\u00ebnd\u00ebsishme.<\/p>\n<p>Allahu u dh\u00ebnt\u00eb mend shteteve islamike q\u00eb ata t\u00eb bashkohen dhe t\u00eb vendosin paqe! Po k\u00ebshtu, u dh\u00ebnt\u00eb mend edhe superfuqive, q\u00eb t\u00eb punojn\u00eb p\u00ebr ta shp\u00ebtuar bot\u00ebn, dhe jo ta shpien at\u00eb n\u00eb shkat\u00ebrrim, duke synuar vet\u00ebm egon e tyre! Superfuqit\u00eb kurr\u00eb nuk duhet t\u00eb harrojn\u00eb q\u00eb as ato nuk do t\u00eb shp\u00ebtojn\u00eb, n\u00ebse do t\u00eb vij\u00eb shkat\u00ebrrimi.<\/p>\n<p>Sidoqoft\u00eb, ne kemi vet\u00ebm arm\u00ebn e lutjes, t\u00eb cil\u00ebn \u00e7do ahmedian, pra \u00e7do an\u00ebtar i Xhematit ton\u00eb duhet ta p\u00ebrdor\u00eb m\u00eb shum\u00eb se p\u00ebrpara. N\u00eb Rripin e Gaz\u00ebs ka edhe familje ahmediane. Allahu i mbrojtt\u00eb edhe ata dhe i mbrojtt\u00eb t\u00eb gjith\u00eb ata q\u00eb po u b\u00ebhet padrejt\u00ebsi dhe q\u00eb jan\u00eb t\u00eb pafajsh\u00ebm, n\u00eb cil\u00ebndo an\u00eb qofshin ata! Allahu i dh\u00ebnt\u00eb mend edhe Hamasit n\u00eb m\u00ebnyr\u00eb q\u00eb ata jo vet\u00ebm t\u00eb mos i b\u00ebjn\u00eb padrejt\u00ebsi ndokujt, por as t\u00eb mos b\u00ebhen p\u00ebrgjegj\u00ebs p\u00ebr dhun\u00ebn q\u00eb u b\u00ebhet vet\u00eb palestinez\u00ebve! N\u00ebse ata jan\u00eb t\u00eb detyruar t\u00eb luftojn\u00eb, t\u00eb luftojn\u00eb n\u00eb p\u00ebrputhje me m\u00ebsimin e Islamit. \u00cbsht\u00eb urdhri i Allahut q\u00eb \u201cNuk duhet t\u2019ju nxis\u00eb armiq\u00ebsia e ndonj\u00eb populli, q\u00eb ju t\u00eb mos b\u00ebni drejt\u00ebsi\u201d<a href=\"#_ftn2\" name=\"_ftnref2\">[2]<\/a><\/p>\n<p>Allahu u dh\u00ebnt\u00eb mend edhe superfuqive q\u00eb t\u00eb punojn\u00eb me paan\u00ebsi p\u00ebr t\u00eb dyja pal\u00ebt q\u00eb t\u00eb vendosin drejt\u00ebsi dhe t\u00eb mos shtojn\u00eb padrejt\u00ebsin\u00eb akoma m\u00eb shum\u00eb! Allahu na mund\u00ebsoft\u00eb t\u00eb shohim paqe dhe siguri n\u00eb bot\u00eb!<\/p>\n<p style=\"text-align: right;\">(Hutbja e s\u00eb xhumas\u00eb, e mbajtur m\u00eb 13 tetor 2023)<\/p>\n<hr \/>\n<p><a href=\"#_ftnref1\" name=\"_ftn1\">[1]<\/a> Kurani i Shenjt\u00eb 3:65<br \/>\n<a href=\"#_ftnref2\" name=\"_ftn2\">[2]<\/a> Kurani i Shenjt\u00eb 5:9.<\/p>\n","protected":false},"excerpt":{"rendered":"<p>Ka vet\u00ebm nj\u00eb metod\u00eb q\u00eb mund ta ndal\u00eb luft\u00ebn mes Palestin\u00ebs dhe Izraelit. Por n\u00ebse b\u00ebjm\u00eb nj\u00eb analiz\u00eb, del q\u00eb superfuqit\u00eb duan q\u00eb lufta t\u00eb mbetet e ndezur, n\u00eb vend q\u00eb ta shuajn\u00eb at\u00eb. Pra, nuk kan\u00eb vullnet p\u00ebr t\u2019i dh\u00ebn\u00eb fund luft\u00ebs.<\/p>\n","protected":false},"featured_media":19080,"parent":0,"menu_order":0,"template":"","tags":[833,806,649],"authors":[458],"content_source":[],"class_list":["post-19078","videos","type-videos","status-publish","has-post-thumbnail","hentry","tag-izraeli","tag-konflikti-izraelito-palestinez","tag-palestina","topics-paqja-globale","video-categories-fjalimet-e-kalifeve","authors-hazret-mirza-masrur-ahmed"],"acf":[],"yoast_head":"<!-- This site is optimized with the Yoast SEO Premium plugin v21.1 (Yoast SEO v27.4) - https:\/\/yoast.com\/product\/yoast-seo-premium-wordpress\/ -->\n<title>Si mund t\u00eb ndalet lufta mes izraelit dhe palestines? Mesazhi i Kalifit t\u00eb Xhematit Musliman Ahmedia<\/title>\n<meta name=\"description\" content=\"Ka vet\u00ebm nj\u00eb metod\u00eb q\u00eb mund ta ndal\u00eb luft\u00ebn mes Palestin\u00ebs dhe Izraelit. Por n\u00ebse b\u00ebjm\u00eb nj\u00eb analiz\u00eb, del q\u00eb superfuqit\u00eb duan q\u00eb lufta t\u00eb mbetet e ndezur, n\u00eb vend q\u00eb ta shuajn\u00eb at\u00eb. Pra, nuk kan\u00eb vullnet p\u00ebr t\u2019i dh\u00ebn\u00eb fund luft\u00ebs.\" \/>\n<meta name=\"robots\" content=\"index, follow, max-snippet:-1, max-image-preview:large, max-video-preview:-1\" \/>\n<link rel=\"canonical\" href=\"https:\/\/www.ahmadiyya-islam.org\/al\/videos\/si-mund-te-ndalet-lufta-mes-izraelit-dhe-palestines-mesazhi-i-kalifit-te-xhematit\/\" \/>\n<meta property=\"og:locale\" content=\"sq_AL\" \/>\n<meta property=\"og:type\" content=\"article\" \/>\n<meta property=\"og:title\" content=\"Si mund t\u00eb ndalet lufta mes izraelit dhe palestines? Mesazhi i Kalifit t\u00eb Xhematit Musliman Ahmedia\" \/>\n<meta property=\"og:description\" content=\"Ka vet\u00ebm nj\u00eb metod\u00eb q\u00eb mund ta ndal\u00eb luft\u00ebn mes Palestin\u00ebs dhe Izraelit. Por n\u00ebse b\u00ebjm\u00eb nj\u00eb analiz\u00eb, del q\u00eb superfuqit\u00eb duan q\u00eb lufta t\u00eb mbetet e ndezur, n\u00eb vend q\u00eb ta shuajn\u00eb at\u00eb. Pra, nuk kan\u00eb vullnet p\u00ebr t\u2019i dh\u00ebn\u00eb fund luft\u00ebs.\" \/>\n<meta property=\"og:url\" content=\"https:\/\/www.ahmadiyya-islam.org\/al\/videos\/si-mund-te-ndalet-lufta-mes-izraelit-dhe-palestines-mesazhi-i-kalifit-te-xhematit\/\" \/>\n<meta property=\"og:site_name\" content=\"Xhemati Musliman Ahmedia\" \/>\n<meta property=\"article:modified_time\" content=\"2026-03-23T09:18:49+00:00\" \/>\n<meta property=\"og:image\" content=\"https:\/\/www.ahmadiyya-islam.org\/al\/wp-content\/uploads\/sites\/3\/2023\/10\/si-mund-te-ndalet-lufta-mes-izra.jpg\" \/>\n\t<meta property=\"og:image:width\" content=\"480\" \/>\n\t<meta property=\"og:image:height\" content=\"360\" \/>\n\t<meta property=\"og:image:type\" content=\"image\/jpeg\" \/>\n<meta name=\"twitter:card\" content=\"summary_large_image\" \/>\n<meta name=\"twitter:label1\" content=\"Est. reading time\" \/>\n\t<meta name=\"twitter:data1\" content=\"8 minutes\" \/>\n<script type=\"application\/ld+json\" class=\"yoast-schema-graph\">{\"@context\":\"https:\\\/\\\/schema.org\",\"@graph\":[{\"@type\":\"WebPage\",\"@id\":\"https:\\\/\\\/www.ahmadiyya-islam.org\\\/al\\\/videos\\\/si-mund-te-ndalet-lufta-mes-izraelit-dhe-palestines-mesazhi-i-kalifit-te-xhematit\\\/\",\"url\":\"https:\\\/\\\/www.ahmadiyya-islam.org\\\/al\\\/videos\\\/si-mund-te-ndalet-lufta-mes-izraelit-dhe-palestines-mesazhi-i-kalifit-te-xhematit\\\/\",\"name\":\"Si mund t\u00eb ndalet lufta mes izraelit dhe palestines? Mesazhi i Kalifit t\u00eb Xhematit Musliman Ahmedia\",\"isPartOf\":{\"@id\":\"https:\\\/\\\/www.ahmadiyya-islam.org\\\/al\\\/#website\"},\"primaryImageOfPage\":{\"@id\":\"https:\\\/\\\/www.ahmadiyya-islam.org\\\/al\\\/videos\\\/si-mund-te-ndalet-lufta-mes-izraelit-dhe-palestines-mesazhi-i-kalifit-te-xhematit\\\/#primaryimage\"},\"image\":{\"@id\":\"https:\\\/\\\/www.ahmadiyya-islam.org\\\/al\\\/videos\\\/si-mund-te-ndalet-lufta-mes-izraelit-dhe-palestines-mesazhi-i-kalifit-te-xhematit\\\/#primaryimage\"},\"thumbnailUrl\":\"https:\\\/\\\/www.ahmadiyya-islam.org\\\/al\\\/wp-content\\\/uploads\\\/sites\\\/3\\\/2023\\\/10\\\/si-mund-te-ndalet-lufta-mes-izra.jpg\",\"datePublished\":\"2023-10-16T18:09:25+00:00\",\"dateModified\":\"2026-03-23T09:18:49+00:00\",\"description\":\"Ka vet\u00ebm nj\u00eb metod\u00eb q\u00eb mund ta ndal\u00eb luft\u00ebn mes Palestin\u00ebs dhe Izraelit. Por n\u00ebse b\u00ebjm\u00eb nj\u00eb analiz\u00eb, del q\u00eb superfuqit\u00eb duan q\u00eb lufta t\u00eb mbetet e ndezur, n\u00eb vend q\u00eb ta shuajn\u00eb at\u00eb. Pra, nuk kan\u00eb vullnet p\u00ebr t\u2019i dh\u00ebn\u00eb fund luft\u00ebs.\",\"breadcrumb\":{\"@id\":\"https:\\\/\\\/www.ahmadiyya-islam.org\\\/al\\\/videos\\\/si-mund-te-ndalet-lufta-mes-izraelit-dhe-palestines-mesazhi-i-kalifit-te-xhematit\\\/#breadcrumb\"},\"inLanguage\":\"sq-AL\",\"potentialAction\":[{\"@type\":\"ReadAction\",\"target\":[\"https:\\\/\\\/www.ahmadiyya-islam.org\\\/al\\\/videos\\\/si-mund-te-ndalet-lufta-mes-izraelit-dhe-palestines-mesazhi-i-kalifit-te-xhematit\\\/\"]}]},{\"@type\":\"ImageObject\",\"inLanguage\":\"sq-AL\",\"@id\":\"https:\\\/\\\/www.ahmadiyya-islam.org\\\/al\\\/videos\\\/si-mund-te-ndalet-lufta-mes-izraelit-dhe-palestines-mesazhi-i-kalifit-te-xhematit\\\/#primaryimage\",\"url\":\"https:\\\/\\\/www.ahmadiyya-islam.org\\\/al\\\/wp-content\\\/uploads\\\/sites\\\/3\\\/2023\\\/10\\\/si-mund-te-ndalet-lufta-mes-izra.jpg\",\"contentUrl\":\"https:\\\/\\\/www.ahmadiyya-islam.org\\\/al\\\/wp-content\\\/uploads\\\/sites\\\/3\\\/2023\\\/10\\\/si-mund-te-ndalet-lufta-mes-izra.jpg\",\"width\":480,\"height\":360},{\"@type\":\"BreadcrumbList\",\"@id\":\"https:\\\/\\\/www.ahmadiyya-islam.org\\\/al\\\/videos\\\/si-mund-te-ndalet-lufta-mes-izraelit-dhe-palestines-mesazhi-i-kalifit-te-xhematit\\\/#breadcrumb\",\"itemListElement\":[{\"@type\":\"ListItem\",\"position\":1,\"name\":\"Home\",\"item\":\"https:\\\/\\\/www.ahmadiyya-islam.org\\\/al\\\/\"},{\"@type\":\"ListItem\",\"position\":2,\"name\":\"Videos\",\"item\":\"https:\\\/\\\/www.ahmadiyya-islam.org\\\/al\\\/videos\\\/\"},{\"@type\":\"ListItem\",\"position\":3,\"name\":\"Si mund t\u00eb ndalet lufta mes izraelit dhe palestines? Mesazhi i Kalifit t\u00eb Xhematit Musliman Ahmedia\"}]},{\"@type\":\"WebSite\",\"@id\":\"https:\\\/\\\/www.ahmadiyya-islam.org\\\/al\\\/#website\",\"url\":\"https:\\\/\\\/www.ahmadiyya-islam.org\\\/al\\\/\",\"name\":\"Xhemati Musliman Ahmedia\",\"description\":\"Albania\",\"potentialAction\":[{\"@type\":\"SearchAction\",\"target\":{\"@type\":\"EntryPoint\",\"urlTemplate\":\"https:\\\/\\\/www.ahmadiyya-islam.org\\\/al\\\/?s={search_term_string}\"},\"query-input\":{\"@type\":\"PropertyValueSpecification\",\"valueRequired\":true,\"valueName\":\"search_term_string\"}}],\"inLanguage\":\"sq-AL\"}]}<\/script>\n<!-- \/ Yoast SEO Premium plugin. -->","yoast_head_json":{"title":"Si mund t\u00eb ndalet lufta mes izraelit dhe palestines? Mesazhi i Kalifit t\u00eb Xhematit Musliman Ahmedia","description":"Ka vet\u00ebm nj\u00eb metod\u00eb q\u00eb mund ta ndal\u00eb luft\u00ebn mes Palestin\u00ebs dhe Izraelit. Por n\u00ebse b\u00ebjm\u00eb nj\u00eb analiz\u00eb, del q\u00eb superfuqit\u00eb duan q\u00eb lufta t\u00eb mbetet e ndezur, n\u00eb vend q\u00eb ta shuajn\u00eb at\u00eb. Pra, nuk kan\u00eb vullnet p\u00ebr t\u2019i dh\u00ebn\u00eb fund luft\u00ebs.","robots":{"index":"index","follow":"follow","max-snippet":"max-snippet:-1","max-image-preview":"max-image-preview:large","max-video-preview":"max-video-preview:-1"},"canonical":"https:\/\/www.ahmadiyya-islam.org\/al\/videos\/si-mund-te-ndalet-lufta-mes-izraelit-dhe-palestines-mesazhi-i-kalifit-te-xhematit\/","og_locale":"sq_AL","og_type":"article","og_title":"Si mund t\u00eb ndalet lufta mes izraelit dhe palestines? Mesazhi i Kalifit t\u00eb Xhematit Musliman Ahmedia","og_description":"Ka vet\u00ebm nj\u00eb metod\u00eb q\u00eb mund ta ndal\u00eb luft\u00ebn mes Palestin\u00ebs dhe Izraelit. Por n\u00ebse b\u00ebjm\u00eb nj\u00eb analiz\u00eb, del q\u00eb superfuqit\u00eb duan q\u00eb lufta t\u00eb mbetet e ndezur, n\u00eb vend q\u00eb ta shuajn\u00eb at\u00eb. Pra, nuk kan\u00eb vullnet p\u00ebr t\u2019i dh\u00ebn\u00eb fund luft\u00ebs.","og_url":"https:\/\/www.ahmadiyya-islam.org\/al\/videos\/si-mund-te-ndalet-lufta-mes-izraelit-dhe-palestines-mesazhi-i-kalifit-te-xhematit\/","og_site_name":"Xhemati Musliman Ahmedia","article_modified_time":"2026-03-23T09:18:49+00:00","og_image":[{"width":480,"height":360,"url":"https:\/\/www.ahmadiyya-islam.org\/al\/wp-content\/uploads\/sites\/3\/2023\/10\/si-mund-te-ndalet-lufta-mes-izra.jpg","type":"image\/jpeg"}],"twitter_card":"summary_large_image","twitter_misc":{"Est. reading time":"8 minutes"},"schema":{"@context":"https:\/\/schema.org","@graph":[{"@type":"WebPage","@id":"https:\/\/www.ahmadiyya-islam.org\/al\/videos\/si-mund-te-ndalet-lufta-mes-izraelit-dhe-palestines-mesazhi-i-kalifit-te-xhematit\/","url":"https:\/\/www.ahmadiyya-islam.org\/al\/videos\/si-mund-te-ndalet-lufta-mes-izraelit-dhe-palestines-mesazhi-i-kalifit-te-xhematit\/","name":"Si mund t\u00eb ndalet lufta mes izraelit dhe palestines? Mesazhi i Kalifit t\u00eb Xhematit Musliman Ahmedia","isPartOf":{"@id":"https:\/\/www.ahmadiyya-islam.org\/al\/#website"},"primaryImageOfPage":{"@id":"https:\/\/www.ahmadiyya-islam.org\/al\/videos\/si-mund-te-ndalet-lufta-mes-izraelit-dhe-palestines-mesazhi-i-kalifit-te-xhematit\/#primaryimage"},"image":{"@id":"https:\/\/www.ahmadiyya-islam.org\/al\/videos\/si-mund-te-ndalet-lufta-mes-izraelit-dhe-palestines-mesazhi-i-kalifit-te-xhematit\/#primaryimage"},"thumbnailUrl":"https:\/\/www.ahmadiyya-islam.org\/al\/wp-content\/uploads\/sites\/3\/2023\/10\/si-mund-te-ndalet-lufta-mes-izra.jpg","datePublished":"2023-10-16T18:09:25+00:00","dateModified":"2026-03-23T09:18:49+00:00","description":"Ka vet\u00ebm nj\u00eb metod\u00eb q\u00eb mund ta ndal\u00eb luft\u00ebn mes Palestin\u00ebs dhe Izraelit. Por n\u00ebse b\u00ebjm\u00eb nj\u00eb analiz\u00eb, del q\u00eb superfuqit\u00eb duan q\u00eb lufta t\u00eb mbetet e ndezur, n\u00eb vend q\u00eb ta shuajn\u00eb at\u00eb. Pra, nuk kan\u00eb vullnet p\u00ebr t\u2019i dh\u00ebn\u00eb fund luft\u00ebs.","breadcrumb":{"@id":"https:\/\/www.ahmadiyya-islam.org\/al\/videos\/si-mund-te-ndalet-lufta-mes-izraelit-dhe-palestines-mesazhi-i-kalifit-te-xhematit\/#breadcrumb"},"inLanguage":"sq-AL","potentialAction":[{"@type":"ReadAction","target":["https:\/\/www.ahmadiyya-islam.org\/al\/videos\/si-mund-te-ndalet-lufta-mes-izraelit-dhe-palestines-mesazhi-i-kalifit-te-xhematit\/"]}]},{"@type":"ImageObject","inLanguage":"sq-AL","@id":"https:\/\/www.ahmadiyya-islam.org\/al\/videos\/si-mund-te-ndalet-lufta-mes-izraelit-dhe-palestines-mesazhi-i-kalifit-te-xhematit\/#primaryimage","url":"https:\/\/www.ahmadiyya-islam.org\/al\/wp-content\/uploads\/sites\/3\/2023\/10\/si-mund-te-ndalet-lufta-mes-izra.jpg","contentUrl":"https:\/\/www.ahmadiyya-islam.org\/al\/wp-content\/uploads\/sites\/3\/2023\/10\/si-mund-te-ndalet-lufta-mes-izra.jpg","width":480,"height":360},{"@type":"BreadcrumbList","@id":"https:\/\/www.ahmadiyya-islam.org\/al\/videos\/si-mund-te-ndalet-lufta-mes-izraelit-dhe-palestines-mesazhi-i-kalifit-te-xhematit\/#breadcrumb","itemListElement":[{"@type":"ListItem","position":1,"name":"Home","item":"https:\/\/www.ahmadiyya-islam.org\/al\/"},{"@type":"ListItem","position":2,"name":"Videos","item":"https:\/\/www.ahmadiyya-islam.org\/al\/videos\/"},{"@type":"ListItem","position":3,"name":"Si mund t\u00eb ndalet lufta mes izraelit dhe palestines? Mesazhi i Kalifit t\u00eb Xhematit Musliman Ahmedia"}]},{"@type":"WebSite","@id":"https:\/\/www.ahmadiyya-islam.org\/al\/#website","url":"https:\/\/www.ahmadiyya-islam.org\/al\/","name":"Xhemati Musliman Ahmedia","description":"Albania","potentialAction":[{"@type":"SearchAction","target":{"@type":"EntryPoint","urlTemplate":"https:\/\/www.ahmadiyya-islam.org\/al\/?s={search_term_string}"},"query-input":{"@type":"PropertyValueSpecification","valueRequired":true,"valueName":"search_term_string"}}],"inLanguage":"sq-AL"}]}},"_links":{"self":[{"href":"https:\/\/www.ahmadiyya-islam.org\/al\/wp-json\/wp\/v2\/videos\/19078","targetHints":{"allow":["GET"]}}],"collection":[{"href":"https:\/\/www.ahmadiyya-islam.org\/al\/wp-json\/wp\/v2\/videos"}],"about":[{"href":"https:\/\/www.ahmadiyya-islam.org\/al\/wp-json\/wp\/v2\/types\/videos"}],"version-history":[{"count":1,"href":"https:\/\/www.ahmadiyya-islam.org\/al\/wp-json\/wp\/v2\/videos\/19078\/revisions"}],"predecessor-version":[{"id":19079,"href":"https:\/\/www.ahmadiyya-islam.org\/al\/wp-json\/wp\/v2\/videos\/19078\/revisions\/19079"}],"wp:featuredmedia":[{"embeddable":true,"href":"https:\/\/www.ahmadiyya-islam.org\/al\/wp-json\/wp\/v2\/media\/19080"}],"wp:attachment":[{"href":"https:\/\/www.ahmadiyya-islam.org\/al\/wp-json\/wp\/v2\/media?parent=19078"}],"wp:term":[{"taxonomy":"post_tag","embeddable":true,"href":"https:\/\/www.ahmadiyya-islam.org\/al\/wp-json\/wp\/v2\/tags?post=19078"},{"taxonomy":"authors","embeddable":true,"href":"https:\/\/www.ahmadiyya-islam.org\/al\/wp-json\/wp\/v2\/authors?post=19078"},{"taxonomy":"content_source","embeddable":true,"href":"https:\/\/www.ahmadiyya-islam.org\/al\/wp-json\/wp\/v2\/content_source?post=19078"}],"curies":[{"name":"wp","href":"https:\/\/api.w.org\/{rel}","templated":true}]}}