{"id":18592,"date":"2022-04-27T16:33:38","date_gmt":"2022-04-27T16:33:38","guid":{"rendered":"https:\/\/www.ahmadiyya-islam.org\/al\/?post_type=videos&#038;p=18592"},"modified":"2022-04-27T16:34:12","modified_gmt":"2022-04-27T16:34:12","slug":"lutja-me-e-rendesishme-per-cdo-pune-lutjet-e-kuranit-bismil-lah","status":"publish","type":"videos","link":"https:\/\/www.ahmadiyya-islam.org\/al\/videos\/lutja-me-e-rendesishme-per-cdo-pune-lutjet-e-kuranit-bismil-lah\/","title":{"rendered":"Lutja m\u00eb e r\u00ebnd\u00ebsishme p\u00ebr \u00e7do pun\u00eb | Lutjet e Kuranit | Bismil-lah"},"content":{"rendered":"<p>Selamalejkum. Paqja qoft\u00eb me ju!<\/p>\n<p><strong>Bismil-lah-i-rrahman-i-rrahim.<\/strong> Duhet t\u00eb keni d\u00ebgjuar k\u00ebt\u00eb lutje. Ose t\u00eb pakt\u00ebn \u201cBismil-lah\u201d, pra pjes\u00ebn e par\u00eb t\u00eb saj. Shum\u00eb njer\u00ebz para se t\u00eb b\u00ebjn\u00eb ndonj\u00eb pun\u00eb thon\u00eb \u2013 E filloj me Bismil-lah. N\u00eb Shqip\u00ebri edhe gjat\u00eb komunizmit kur feja ka qen\u00eb e ndaluar, kjo ishte ndoshta nj\u00eb nga lutjet e pakta q\u00eb mbeti n\u00eb zemrat e shum\u00eb njer\u00ebzve. Bismil-lah fjal\u00eb p\u00ebr fjal\u00eb do t\u00eb thot\u00eb \u201cMe emrin e Allahut\u201d. Pra, t\u00eb fillosh ndonj\u00eb pun\u00eb me emrin e Zotit \u00ebsht\u00eb e bekuar. Duke qen\u00eb t\u00eb vet\u00ebdijsh\u00ebm se ne nuk kemi dijeni p\u00ebr t\u00eb padukshmen, p\u00ebr at\u00eb q\u00eb do t\u00eb ndodh\u00eb n\u00eb t\u00eb ardhmen, p\u00ebrfundimin e pun\u00ebs q\u00eb b\u00ebjm\u00eb, etj., \u00ebsht\u00eb nevoja jon\u00eb q\u00eb t\u2019i mb\u00ebshtetemi Zotit.<\/p>\n<p>Prandaj, Profeti Muhammed s.a.v.s. thot\u00eb:<\/p>\n<blockquote><p>\u201c\u00c7do pun\u00eb e r\u00ebnd\u00ebsishme q\u00eb nuk fillon me\u00a0<em>Bismil-lahirr-rrahmanirr-rrahim<\/em>, \u00ebsht\u00eb e pabekuar\u201d.<\/p><\/blockquote>\n<p>Por, natyrisht, nuk mund t\u00eb b\u00ebsh nj\u00eb pun\u00eb t\u00eb palejueshme me emrin e Zotit dhe t\u00eb pres\u00ebsh se ajo pun\u00eb t\u00eb jet\u00eb e bekuar p\u00ebr ty.<\/p>\n<p>Profeti alejhiselam e thoshte shpesh k\u00ebt\u00eb lutje. Dhe tha:<\/p>\n<blockquote><p>\u201cThuaj\u00a0<em>bismil-lah<\/em>\u00a0kur mbyll der\u00ebn. Thuaj\u00a0<em>bismil-lah<\/em>\u00a0kur shuan llamb\u00ebn; kur i v\u00eb kapakun en\u00ebs; kur i v\u00eb tap\u00ebn shishes\u201d.<\/p><\/blockquote>\n<p>Po k\u00ebshtu, k\u00ebt\u00eb lutje mund ta b\u00ebni para se t\u00eb hani buk\u00eb, para se t\u00eb udh\u00ebtoni, para \u00e7do pune, n\u00eb rast se nuk dini lutje t\u00eb ve\u00e7anta q\u00eb Profeti s.a.v.s. na ka m\u00ebsuar p\u00ebr pun\u00eb t\u00eb ndryshme.<\/p>\n<h2>Le t\u00eb flasim p\u00ebr disa detaje interesante t\u00eb k\u00ebsaj lutje.<\/h2>\n<p>R\u00ebnd\u00ebsia e bismil-lahut nuk \u00ebsht\u00eb vet\u00ebm tek shpresa dhe bekimi q\u00eb sjell ajo, por p\u00ebrtej k\u00ebsaj. Lutja e plot\u00eb \u00ebsht\u00eb <em>Bismil-lah-i-rrahman-i-rrahim<\/em>. Kurse Bismil-lah \u00ebsht\u00eb vet\u00ebm variant i shkurt\u00ebr i saj. Me <em>Bismil-lah-i-rrahman-i-rrahim<\/em> fillon Kurani i Shenjt\u00eb. Madje n\u00eb 114 sure ose kapituj t\u00eb Kuranit, 113 fillojn\u00eb me <em>Bismil-lah-i-rrahman-i-rrahim<\/em>. Dhe nj\u00ebra prej sureve, p\u00ebrve\u00e7se e ka n\u00eb fillim, e ka edhe n\u00eb mes. K\u00ebshtu q\u00eb, plot 114 her\u00eb kjo lutje p\u00ebrmendet n\u00eb Kuranin e Shenjt\u00eb. Si t\u00eb thuash kjo lutje \u00ebsht\u00eb edhe \u00e7el\u00ebsi i Kuranit.<\/p>\n<h2>Por \u00e7far\u00eb do t\u00eb thot\u00eb Bismil-lah-i-rrahman-i-rrahim?<\/h2>\n<p>Bismilahirrahmanirrahim do t\u00eb thot\u00eb \u201cMe emrin e Allahut, t\u00eb Gjith\u00ebm\u00ebshirshmit, M\u00ebshir\u00ebb\u00ebr\u00ebsit.\u201d Ose \u201cN\u00eb em\u00ebr t\u00eb Allahut t\u00eb Gjith\u00ebm\u00ebshirshmit, M\u00ebshir\u00ebb\u00ebr\u00ebsit\u201d. I ka t\u00eb dyja kuptimet.<\/p>\n<p>Ky ajet q\u00eb vjen n\u00eb krye t\u00eb \u00e7do sureje, tregon se Zoti nuk \u00ebsht\u00eb thjesht nj\u00eb forc\u00eb sekrete, por \u00ebsht\u00eb nj\u00eb Qenie q\u00eb ka nj\u00eb em\u00ebr t\u00eb p\u00ebrve\u00e7\u00ebm dhe q\u00eb ka edhe atribute t\u00eb ndryshme.<\/p>\n<p>Keni v\u00ebn\u00eb re, se kjo lutje na prezanton Allahun, Zotin, me dy cil\u00ebsi t\u00eb Tij: <em>Rrahman<\/em> dhe <em>Rrahim<\/em>; me t\u00eb Gjith\u00ebm\u00ebshirshmin dhe M\u00ebshir\u00ebb\u00ebr\u00ebsin.<\/p>\n<h2>Pse p\u00ebrmendet dy her\u00eb m\u00ebshira e Zotit n\u00eb Bismil-lah?<\/h2>\n<p>Rrahman ose i Gjith\u00ebm\u00ebshirsh\u00ebm \u00ebsht\u00eb ajo m\u00ebshir\u00eb q\u00eb \u00ebsht\u00eb gjith\u00ebp\u00ebrfshir\u00ebse, t\u00eb cil\u00ebn njer\u00ebzit dhe krijesat e g\u00ebzojn\u00eb pa e k\u00ebrkuar, pa b\u00ebr\u00eb ndonj\u00eb vep\u00ebr p\u00ebr ta merituar at\u00eb, ajo m\u00ebshir\u00eb q\u00eb \u00ebsht\u00eb edhe e nevojshme, por edhe falas. P\u00ebr shembull, dielli, h\u00ebna, ajri, uji dhe shum\u00eb bekime e dhunti t\u00eb tjera q\u00eb n\u00ebse do t\u00eb llogarisnim, do t\u00eb shohim se jan\u00eb me miliona, t\u00eb pallogartishme, t\u00eb gjitha k\u00ebto i g\u00ebzojm\u00eb jo sepse kemi b\u00ebr\u00eb ndonj\u00eb vep\u00ebr t\u00eb mir\u00eb ose i jemi lutur Zotit p\u00ebr k\u00ebto gj\u00ebra, por sepse i Gjith\u00ebm\u00ebshirshmi e dinte se pa k\u00ebto ne nuk jetonim dot. Andaj, \u00ebsht\u00eb pik\u00ebrisht i Gjith\u00ebm\u00ebshirshmi q\u00eb na d\u00ebrgon drit\u00ebn e diellit q\u00eb bota t\u00eb ndri\u00e7ohet, na l\u00ebshon shi q\u00eb t\u00eb ket\u00eb jet\u00eb, na sjell pranver\u00ebn q\u00eb t\u00eb gjelb\u00ebrojn\u00eb fushat dhe malet. Kjo \u00ebsht\u00eb ajo m\u00ebshir\u00eb q\u00eb p\u00ebrgatit ushqimin e f\u00ebmij\u00ebs n\u00eb gjirin e n\u00ebn\u00ebs, n\u00eb koh\u00ebn kur ai jo vet\u00ebm q\u00eb nuk mund ta k\u00ebrkoj\u00eb dot at\u00eb, por as nuk mund ta dij\u00eb ekzistenc\u00ebn e tij. Pra, Rrahmani, \u00ebsht\u00eb vet\u00ebm m\u00ebshir\u00eb, e cila bekon \u00e7dok\u00ebnd dhe \u00e7dogj\u00eb, pa dallim n\u00ebse njeriu beson apo nuk beson n\u00eb Zot. Tamam i Gjith\u00ebm\u00ebshirsh\u00ebm.<\/p>\n<p>Por bashk\u00eb me k\u00ebt\u00eb, Zoti n\u00eb k\u00ebt\u00eb lutje na ka m\u00ebsuar se Ai \u00ebsht\u00eb edhe <em>Rahim<\/em>, q\u00eb ne e p\u00ebrkthejm\u00eb M\u00ebshir\u00ebb\u00ebr\u00ebs. N\u00eb fakt kjo m\u00ebshir\u00eb vjen pas nj\u00eb vepre q\u00eb b\u00ebjm\u00eb ose pas nj\u00eb lutje q\u00eb i shprehim Atij. Atributi Rahim \u00ebsht\u00eb Ai q\u00eb i mund\u00ebson sukses njeriut p\u00ebr p\u00ebrpjekjet e tij, q\u00eb ai b\u00ebn. Me nj\u00eb fjal\u00eb, Rahim \u00ebsht\u00eb m\u00ebshira e Tij e ve\u00e7ant\u00eb, t\u00eb cil\u00ebn Ai ua jep njer\u00ebzve q\u00eb i k\u00ebrkojn\u00eb. Andaj, Zoti thot\u00eb n\u00eb Kuran:<\/p>\n<blockquote><p>\u0648\u064e \u06a9\u064e\u0627\u0646\u064e \u0628\u0650\u0627\u0644\u06e1\u0645\u064f\u0624\u06e1\u0645\u0650\u0646\u0650\u06cc\u06e1\u0646\u064e \u0631\u064e\u062d\u0650\u06cc\u06e1\u0645\u064b\u0627<\/p>\n<p>\u201cAllahu \u00ebsht\u00eb shum\u00eb M\u00ebshir\u00ebb\u00ebr\u00ebs ndaj besimtar\u00ebve.\u201d<a href=\"#_ftn1\" name=\"_ftnref1\">[1]<\/a><\/p><\/blockquote>\n<p>Pasi t\u00eb krijojm\u00eb nj\u00eb ide qoft\u00eb t\u00eb vog\u00ebl t\u00eb k\u00ebtyre dy atributeve t\u00eb Zotit, pra t\u00eb k\u00ebtyre dy m\u00ebshirave t\u00eb Zotit, e kuptojm\u00eb edhe sekretin se p\u00ebrse kjo lutje vjen n\u00eb krye t\u00eb \u00e7do kapitulli t\u00eb Kuranit. Zoti i Madh\u00ebrish\u00ebm p\u00ebrpara \u00e7do sureje ka vendosur\u00a0<em>bismil-lahin<\/em>, n\u00eb m\u00ebnyr\u00eb q\u00eb p\u00ebr \u00e7do kuptim q\u00eb nxjerr lexuesi, ta analizoj\u00eb at\u00eb n\u00ebse p\u00ebrputhet me atributet \u201ci Gjith\u00ebm\u00ebshirsh\u00ebm\u201d dhe \u201cM\u00ebshir\u00ebb\u00ebr\u00ebs\u201d apo jo. N\u00ebse kuptimi q\u00eb nxjerr lexuesi, p\u00ebrputhet me k\u00ebto dy atribute, at\u00ebher\u00eb ai kuptim \u00ebsht\u00eb i sakt\u00eb. N\u00eb k\u00ebt\u00eb m\u00ebnyr\u00eb,\u00a0<em>bismil-lahi<\/em>\u00a0\u00ebsht\u00eb p\u00ebrmbledhja dhe surja \u00ebsht\u00eb shpjegimi i tij dhe t\u00eb dyja bashk\u00ebrisht, i japin lexuesit nj\u00eb vizion t\u00eb qart\u00eb p\u00ebr kuptimet e tyre.<\/p>\n<p>Dikush pyet, n\u00ebse thelbi i atributeve t\u00eb Zotit \u00ebsht\u00eb m\u00ebshira, pse vjen d\u00ebnimi? P\u00ebrgjigja e shkurt\u00ebr \u00ebsht\u00eb sepse m\u00ebshira e Zotit k\u00ebrkon t\u00eb shp\u00ebtoj\u00eb pjes\u00ebn e mir\u00eb t\u00eb shoq\u00ebris\u00eb dhe p\u00ebr hir t\u00eb saj, pret pjes\u00ebn e infektuar. Si\u00e7 ne q\u00eb jemi shum\u00eb t\u00eb m\u00ebshirsh\u00ebm ndaj trupit ton\u00eb, por nganj\u00ebher\u00eb detyrohemi t\u2019i japim kirurgut t\u00eb drejt\u00ebn p\u00ebr t\u00eb v\u00ebn\u00eb thik\u00eb n\u00eb pjes\u00ebn, e cila mund t\u00eb na e infektoj\u00eb gjith\u00eb trupin.<\/p>\n<h2>Profecia p\u00ebr k\u00ebt\u00eb lutje gjendet edhe n\u00eb Bib\u00ebl<\/h2>\n<p>Ka edhe nj\u00eb arsye tjet\u00ebr q\u00eb tregon se p\u00ebrse\u00a0<em>Bismil-lahirr-rrahmanirr-rrahim<\/em>\u00a0vjen para \u00e7do sureje, dhe kjo lidhet me nj\u00eb profeci q\u00eb p\u00ebrmendet n\u00eb Bib\u00ebl, pra q\u00eb para se t\u00eb zbritej Kurani. Bibla parashikon ardhjen e nj\u00eb profeti t\u00eb ngjash\u00ebm me Moisiun a.s., dhe ndaj k\u00ebtij Profeti Zoti do t\u00eb kishte nj\u00eb sjellje t\u00eb ve\u00e7ant\u00eb. Sipas Bibl\u00ebs, Zoti thot\u00eb:<\/p>\n<blockquote><p>\u201cUn\u00eb do t\u00eb nxjerr p\u00ebr ta nj\u00eb profet nga gjiri i v\u00ebllez\u00ebrve t\u00eb tyre dhe do t\u00eb v\u00eb n\u00eb goj\u00ebn e tij fjal\u00ebt e mia, dhe ai do t\u2019u thot\u00eb atyre t\u00eb gjitha ato q\u00eb un\u00eb do t\u2019i urdh\u00ebroj.\u00a0<strong>Dhe do t\u00eb ndodh\u00eb q\u00eb, n\u00ebse dikush nuk i d\u00ebgjon fjal\u00ebt e mia q\u00eb ai thot\u00eb\u00a0n\u00eb emrin Tim, un\u00eb do t\u2019i k\u00ebrkoj llogari<\/strong>\u201d.<a href=\"#_ftn2\" name=\"_ftnref2\">[2]<\/a><\/p><\/blockquote>\n<p>Sipas k\u00ebsaj profecie, p\u00ebr t\u00eb ngjashmin e Musait a.s., i cili \u00ebsht\u00eb Profeti Muhammed s.a.v.s. ishte caktuar q\u00eb sa her\u00eb q\u00eb ai do t\u00eb sillte fjal\u00ebt e Allahut t\u00eb Madh\u00ebrish\u00ebm, do t\u00eb pohonte shprehimisht \u201c<em>Un\u00eb k\u00ebt\u00eb po jua them n\u00eb em\u00ebr t\u00eb Zotit.<\/em><\/p>\n<p>Pra, lutja bismilahirrahmanirrahim \u00ebsht\u00eb nj\u00eb lutje madh\u00ebshtore, t\u00eb cil\u00ebn s\u00eb pari duhet ta kuptojm\u00eb, ta ndiejm\u00eb n\u00eb shpirtin ton\u00eb dhe p\u00ebrmes k\u00ebsaj jo vet\u00ebm t\u00eb b\u00ebjm\u00eb pun\u00ebt tona, por edhe ta studiojm\u00eb Kuranin e Shenjt\u00eb.<\/p>\n<p>N\u00ebse d\u00ebshironi ta studioni komentim m\u00eb t\u00eb thell\u00eb jo vet\u00ebm t\u00eb k\u00ebsaj lutje t\u00eb bekuar, por edhe t\u00eb sures El-Fatiha, ju sugjeroj ta lexoni k\u00ebt\u00eb lib\u00ebr. Ky lib\u00ebr ju b\u00ebn t\u00eb mundur t\u00eb lundroni n\u00eb kuptime t\u00eb thella plot\u00eb urt\u00ebsi t\u00eb Sures El-Fatiha.<\/p>\n<p>Si e kuptoni ju lutjen bismilah, ju lutem shkruani n\u00eb komente, ose mund t\u00eb na shkruani n\u00eb whatsapp n\u00eb numrin q\u00eb shikoni n\u00eb ekran. Dhe un\u00eb, inshaAllah, do t\u2019ju sjell nj\u00eb video tjet\u00ebr me kuptime t\u00eb Kuranit t\u00eb Shenjt\u00eb. Faleminderit p\u00ebr v\u00ebmendjen.<\/p>\n<hr \/>\n<p><a href=\"#_ftnref1\" name=\"_ftn1\">[1]<\/a> Kurani i Shenjt\u00eb 33:44.<br \/>\n<a href=\"#_ftnref2\" name=\"_ftn2\">[2]<\/a> Ligji i P\u00ebrt\u00ebrir\u00eb 18:18-19. Bibla, Dhjata e Vjet\u00ebr, p\u00ebrkthyes dhe botues: \u201cShoqata Shqiptare e Bibl\u00ebs (The Albanian Bible Society)\u201d, Tiran\u00eb, korrik 1995, fq. 202.<\/p>\n","protected":false},"excerpt":{"rendered":"<p>Bismil-lah-i-rrahman-i-rrahim. Duhet t\u00eb keni d\u00ebgjuar k\u00ebt\u00eb lutje. Ose t\u00eb pakt\u00ebn \u201cBismil-lah\u201d, pra pjes\u00ebn e par\u00eb t\u00eb saj. Shum\u00eb njer\u00ebz para se t\u00eb b\u00ebjn\u00eb ndonj\u00eb pun\u00eb thon\u00eb \u2013 E filloj me Bismil-lah. N\u00eb Shqip\u00ebri edhe gjat\u00eb komunizmit kur feja ka qen\u00eb e ndaluar, kjo ishte ndoshta nj\u00eb nga lutjet e pakta q\u00eb mbeti n\u00eb zemrat e shum\u00eb njer\u00ebzve.<\/p>\n","protected":false},"featured_media":18594,"parent":0,"menu_order":0,"template":"","tags":[],"authors":[454],"content_source":[],"class_list":["post-18592","videos","type-videos","status-publish","has-post-thumbnail","hentry","topics-komentimi-i-kuranit","topics-lutja","video-categories-lutje","authors-samad-ahmed-ghori"],"acf":[],"yoast_head":"<!-- This site is optimized with the Yoast SEO Premium plugin v21.1 (Yoast SEO v27.4) - https:\/\/yoast.com\/product\/yoast-seo-premium-wordpress\/ -->\n<title>Lutja m\u00eb e r\u00ebnd\u00ebsishme p\u00ebr \u00e7do pun\u00eb | Lutjet e Kuranit | Bismil-lah<\/title>\n<meta name=\"description\" content=\"Bismil-lah-i-rrahman-i-rrahim. Duhet t\u00eb keni d\u00ebgjuar k\u00ebt\u00eb lutje. Ose t\u00eb pakt\u00ebn \u201cBismil-lah\u201d, pra pjes\u00ebn e par\u00eb t\u00eb saj. Shum\u00eb njer\u00ebz para se t\u00eb b\u00ebjn\u00eb ndonj\u00eb pun\u00eb thon\u00eb \u2013 E filloj me Bismil-lah. N\u00eb Shqip\u00ebri edhe gjat\u00eb komunizmit kur feja ka qen\u00eb e ndaluar, kjo ishte ndoshta nj\u00eb nga lutjet e pakta q\u00eb mbeti n\u00eb zemrat e shum\u00eb njer\u00ebzve.\" \/>\n<meta name=\"robots\" content=\"index, follow, max-snippet:-1, max-image-preview:large, max-video-preview:-1\" \/>\n<link rel=\"canonical\" href=\"https:\/\/www.ahmadiyya-islam.org\/al\/videos\/lutja-me-e-rendesishme-per-cdo-pune-lutjet-e-kuranit-bismil-lah\/\" \/>\n<meta property=\"og:locale\" content=\"sq_AL\" \/>\n<meta property=\"og:type\" content=\"article\" \/>\n<meta property=\"og:title\" content=\"Lutja m\u00eb e r\u00ebnd\u00ebsishme p\u00ebr \u00e7do pun\u00eb | Lutjet e Kuranit | Bismil-lah\" \/>\n<meta property=\"og:description\" content=\"Bismil-lah-i-rrahman-i-rrahim. Duhet t\u00eb keni d\u00ebgjuar k\u00ebt\u00eb lutje. Ose t\u00eb pakt\u00ebn \u201cBismil-lah\u201d, pra pjes\u00ebn e par\u00eb t\u00eb saj. Shum\u00eb njer\u00ebz para se t\u00eb b\u00ebjn\u00eb ndonj\u00eb pun\u00eb thon\u00eb \u2013 E filloj me Bismil-lah. N\u00eb Shqip\u00ebri edhe gjat\u00eb komunizmit kur feja ka qen\u00eb e ndaluar, kjo ishte ndoshta nj\u00eb nga lutjet e pakta q\u00eb mbeti n\u00eb zemrat e shum\u00eb njer\u00ebzve.\" \/>\n<meta property=\"og:url\" content=\"https:\/\/www.ahmadiyya-islam.org\/al\/videos\/lutja-me-e-rendesishme-per-cdo-pune-lutjet-e-kuranit-bismil-lah\/\" \/>\n<meta property=\"og:site_name\" content=\"Xhemati Musliman Ahmedia\" \/>\n<meta property=\"article:modified_time\" content=\"2022-04-27T16:34:12+00:00\" \/>\n<meta property=\"og:image\" content=\"https:\/\/www.ahmadiyya-islam.org\/al\/wp-content\/uploads\/sites\/3\/2022\/04\/lutja-me-e-rendesishme-per-cdo-p.jpg\" \/>\n\t<meta property=\"og:image:width\" content=\"1280\" \/>\n\t<meta property=\"og:image:height\" content=\"720\" \/>\n\t<meta property=\"og:image:type\" content=\"image\/jpeg\" \/>\n<meta name=\"twitter:card\" content=\"summary_large_image\" \/>\n<meta name=\"twitter:label1\" content=\"Est. reading time\" \/>\n\t<meta name=\"twitter:data1\" content=\"7 minutes\" \/>\n<script type=\"application\/ld+json\" class=\"yoast-schema-graph\">{\"@context\":\"https:\\\/\\\/schema.org\",\"@graph\":[{\"@type\":\"WebPage\",\"@id\":\"https:\\\/\\\/www.ahmadiyya-islam.org\\\/al\\\/videos\\\/lutja-me-e-rendesishme-per-cdo-pune-lutjet-e-kuranit-bismil-lah\\\/\",\"url\":\"https:\\\/\\\/www.ahmadiyya-islam.org\\\/al\\\/videos\\\/lutja-me-e-rendesishme-per-cdo-pune-lutjet-e-kuranit-bismil-lah\\\/\",\"name\":\"Lutja m\u00eb e r\u00ebnd\u00ebsishme p\u00ebr \u00e7do pun\u00eb | Lutjet e Kuranit | Bismil-lah\",\"isPartOf\":{\"@id\":\"https:\\\/\\\/www.ahmadiyya-islam.org\\\/al\\\/#website\"},\"primaryImageOfPage\":{\"@id\":\"https:\\\/\\\/www.ahmadiyya-islam.org\\\/al\\\/videos\\\/lutja-me-e-rendesishme-per-cdo-pune-lutjet-e-kuranit-bismil-lah\\\/#primaryimage\"},\"image\":{\"@id\":\"https:\\\/\\\/www.ahmadiyya-islam.org\\\/al\\\/videos\\\/lutja-me-e-rendesishme-per-cdo-pune-lutjet-e-kuranit-bismil-lah\\\/#primaryimage\"},\"thumbnailUrl\":\"https:\\\/\\\/www.ahmadiyya-islam.org\\\/al\\\/wp-content\\\/uploads\\\/sites\\\/3\\\/2022\\\/04\\\/lutja-me-e-rendesishme-per-cdo-p.jpg\",\"datePublished\":\"2022-04-27T16:33:38+00:00\",\"dateModified\":\"2022-04-27T16:34:12+00:00\",\"description\":\"Bismil-lah-i-rrahman-i-rrahim. Duhet t\u00eb keni d\u00ebgjuar k\u00ebt\u00eb lutje. Ose t\u00eb pakt\u00ebn \u201cBismil-lah\u201d, pra pjes\u00ebn e par\u00eb t\u00eb saj. Shum\u00eb njer\u00ebz para se t\u00eb b\u00ebjn\u00eb ndonj\u00eb pun\u00eb thon\u00eb \u2013 E filloj me Bismil-lah. N\u00eb Shqip\u00ebri edhe gjat\u00eb komunizmit kur feja ka qen\u00eb e ndaluar, kjo ishte ndoshta nj\u00eb nga lutjet e pakta q\u00eb mbeti n\u00eb zemrat e shum\u00eb njer\u00ebzve.\",\"breadcrumb\":{\"@id\":\"https:\\\/\\\/www.ahmadiyya-islam.org\\\/al\\\/videos\\\/lutja-me-e-rendesishme-per-cdo-pune-lutjet-e-kuranit-bismil-lah\\\/#breadcrumb\"},\"inLanguage\":\"sq-AL\",\"potentialAction\":[{\"@type\":\"ReadAction\",\"target\":[\"https:\\\/\\\/www.ahmadiyya-islam.org\\\/al\\\/videos\\\/lutja-me-e-rendesishme-per-cdo-pune-lutjet-e-kuranit-bismil-lah\\\/\"]}]},{\"@type\":\"ImageObject\",\"inLanguage\":\"sq-AL\",\"@id\":\"https:\\\/\\\/www.ahmadiyya-islam.org\\\/al\\\/videos\\\/lutja-me-e-rendesishme-per-cdo-pune-lutjet-e-kuranit-bismil-lah\\\/#primaryimage\",\"url\":\"https:\\\/\\\/www.ahmadiyya-islam.org\\\/al\\\/wp-content\\\/uploads\\\/sites\\\/3\\\/2022\\\/04\\\/lutja-me-e-rendesishme-per-cdo-p.jpg\",\"contentUrl\":\"https:\\\/\\\/www.ahmadiyya-islam.org\\\/al\\\/wp-content\\\/uploads\\\/sites\\\/3\\\/2022\\\/04\\\/lutja-me-e-rendesishme-per-cdo-p.jpg\",\"width\":1280,\"height\":720,\"caption\":\"bismilah lutja me rendesishme\"},{\"@type\":\"BreadcrumbList\",\"@id\":\"https:\\\/\\\/www.ahmadiyya-islam.org\\\/al\\\/videos\\\/lutja-me-e-rendesishme-per-cdo-pune-lutjet-e-kuranit-bismil-lah\\\/#breadcrumb\",\"itemListElement\":[{\"@type\":\"ListItem\",\"position\":1,\"name\":\"Home\",\"item\":\"https:\\\/\\\/www.ahmadiyya-islam.org\\\/al\\\/\"},{\"@type\":\"ListItem\",\"position\":2,\"name\":\"Videos\",\"item\":\"https:\\\/\\\/www.ahmadiyya-islam.org\\\/al\\\/videos\\\/\"},{\"@type\":\"ListItem\",\"position\":3,\"name\":\"Lutja m\u00eb e r\u00ebnd\u00ebsishme p\u00ebr \u00e7do pun\u00eb | Lutjet e Kuranit | Bismil-lah\"}]},{\"@type\":\"WebSite\",\"@id\":\"https:\\\/\\\/www.ahmadiyya-islam.org\\\/al\\\/#website\",\"url\":\"https:\\\/\\\/www.ahmadiyya-islam.org\\\/al\\\/\",\"name\":\"Xhemati Musliman Ahmedia\",\"description\":\"Albania\",\"potentialAction\":[{\"@type\":\"SearchAction\",\"target\":{\"@type\":\"EntryPoint\",\"urlTemplate\":\"https:\\\/\\\/www.ahmadiyya-islam.org\\\/al\\\/?s={search_term_string}\"},\"query-input\":{\"@type\":\"PropertyValueSpecification\",\"valueRequired\":true,\"valueName\":\"search_term_string\"}}],\"inLanguage\":\"sq-AL\"}]}<\/script>\n<!-- \/ Yoast SEO Premium plugin. -->","yoast_head_json":{"title":"Lutja m\u00eb e r\u00ebnd\u00ebsishme p\u00ebr \u00e7do pun\u00eb | Lutjet e Kuranit | Bismil-lah","description":"Bismil-lah-i-rrahman-i-rrahim. Duhet t\u00eb keni d\u00ebgjuar k\u00ebt\u00eb lutje. Ose t\u00eb pakt\u00ebn \u201cBismil-lah\u201d, pra pjes\u00ebn e par\u00eb t\u00eb saj. Shum\u00eb njer\u00ebz para se t\u00eb b\u00ebjn\u00eb ndonj\u00eb pun\u00eb thon\u00eb \u2013 E filloj me Bismil-lah. N\u00eb Shqip\u00ebri edhe gjat\u00eb komunizmit kur feja ka qen\u00eb e ndaluar, kjo ishte ndoshta nj\u00eb nga lutjet e pakta q\u00eb mbeti n\u00eb zemrat e shum\u00eb njer\u00ebzve.","robots":{"index":"index","follow":"follow","max-snippet":"max-snippet:-1","max-image-preview":"max-image-preview:large","max-video-preview":"max-video-preview:-1"},"canonical":"https:\/\/www.ahmadiyya-islam.org\/al\/videos\/lutja-me-e-rendesishme-per-cdo-pune-lutjet-e-kuranit-bismil-lah\/","og_locale":"sq_AL","og_type":"article","og_title":"Lutja m\u00eb e r\u00ebnd\u00ebsishme p\u00ebr \u00e7do pun\u00eb | Lutjet e Kuranit | Bismil-lah","og_description":"Bismil-lah-i-rrahman-i-rrahim. Duhet t\u00eb keni d\u00ebgjuar k\u00ebt\u00eb lutje. Ose t\u00eb pakt\u00ebn \u201cBismil-lah\u201d, pra pjes\u00ebn e par\u00eb t\u00eb saj. Shum\u00eb njer\u00ebz para se t\u00eb b\u00ebjn\u00eb ndonj\u00eb pun\u00eb thon\u00eb \u2013 E filloj me Bismil-lah. N\u00eb Shqip\u00ebri edhe gjat\u00eb komunizmit kur feja ka qen\u00eb e ndaluar, kjo ishte ndoshta nj\u00eb nga lutjet e pakta q\u00eb mbeti n\u00eb zemrat e shum\u00eb njer\u00ebzve.","og_url":"https:\/\/www.ahmadiyya-islam.org\/al\/videos\/lutja-me-e-rendesishme-per-cdo-pune-lutjet-e-kuranit-bismil-lah\/","og_site_name":"Xhemati Musliman Ahmedia","article_modified_time":"2022-04-27T16:34:12+00:00","og_image":[{"width":1280,"height":720,"url":"https:\/\/www.ahmadiyya-islam.org\/al\/wp-content\/uploads\/sites\/3\/2022\/04\/lutja-me-e-rendesishme-per-cdo-p.jpg","type":"image\/jpeg"}],"twitter_card":"summary_large_image","twitter_misc":{"Est. reading time":"7 minutes"},"schema":{"@context":"https:\/\/schema.org","@graph":[{"@type":"WebPage","@id":"https:\/\/www.ahmadiyya-islam.org\/al\/videos\/lutja-me-e-rendesishme-per-cdo-pune-lutjet-e-kuranit-bismil-lah\/","url":"https:\/\/www.ahmadiyya-islam.org\/al\/videos\/lutja-me-e-rendesishme-per-cdo-pune-lutjet-e-kuranit-bismil-lah\/","name":"Lutja m\u00eb e r\u00ebnd\u00ebsishme p\u00ebr \u00e7do pun\u00eb | Lutjet e Kuranit | Bismil-lah","isPartOf":{"@id":"https:\/\/www.ahmadiyya-islam.org\/al\/#website"},"primaryImageOfPage":{"@id":"https:\/\/www.ahmadiyya-islam.org\/al\/videos\/lutja-me-e-rendesishme-per-cdo-pune-lutjet-e-kuranit-bismil-lah\/#primaryimage"},"image":{"@id":"https:\/\/www.ahmadiyya-islam.org\/al\/videos\/lutja-me-e-rendesishme-per-cdo-pune-lutjet-e-kuranit-bismil-lah\/#primaryimage"},"thumbnailUrl":"https:\/\/www.ahmadiyya-islam.org\/al\/wp-content\/uploads\/sites\/3\/2022\/04\/lutja-me-e-rendesishme-per-cdo-p.jpg","datePublished":"2022-04-27T16:33:38+00:00","dateModified":"2022-04-27T16:34:12+00:00","description":"Bismil-lah-i-rrahman-i-rrahim. Duhet t\u00eb keni d\u00ebgjuar k\u00ebt\u00eb lutje. Ose t\u00eb pakt\u00ebn \u201cBismil-lah\u201d, pra pjes\u00ebn e par\u00eb t\u00eb saj. Shum\u00eb njer\u00ebz para se t\u00eb b\u00ebjn\u00eb ndonj\u00eb pun\u00eb thon\u00eb \u2013 E filloj me Bismil-lah. N\u00eb Shqip\u00ebri edhe gjat\u00eb komunizmit kur feja ka qen\u00eb e ndaluar, kjo ishte ndoshta nj\u00eb nga lutjet e pakta q\u00eb mbeti n\u00eb zemrat e shum\u00eb njer\u00ebzve.","breadcrumb":{"@id":"https:\/\/www.ahmadiyya-islam.org\/al\/videos\/lutja-me-e-rendesishme-per-cdo-pune-lutjet-e-kuranit-bismil-lah\/#breadcrumb"},"inLanguage":"sq-AL","potentialAction":[{"@type":"ReadAction","target":["https:\/\/www.ahmadiyya-islam.org\/al\/videos\/lutja-me-e-rendesishme-per-cdo-pune-lutjet-e-kuranit-bismil-lah\/"]}]},{"@type":"ImageObject","inLanguage":"sq-AL","@id":"https:\/\/www.ahmadiyya-islam.org\/al\/videos\/lutja-me-e-rendesishme-per-cdo-pune-lutjet-e-kuranit-bismil-lah\/#primaryimage","url":"https:\/\/www.ahmadiyya-islam.org\/al\/wp-content\/uploads\/sites\/3\/2022\/04\/lutja-me-e-rendesishme-per-cdo-p.jpg","contentUrl":"https:\/\/www.ahmadiyya-islam.org\/al\/wp-content\/uploads\/sites\/3\/2022\/04\/lutja-me-e-rendesishme-per-cdo-p.jpg","width":1280,"height":720,"caption":"bismilah lutja me rendesishme"},{"@type":"BreadcrumbList","@id":"https:\/\/www.ahmadiyya-islam.org\/al\/videos\/lutja-me-e-rendesishme-per-cdo-pune-lutjet-e-kuranit-bismil-lah\/#breadcrumb","itemListElement":[{"@type":"ListItem","position":1,"name":"Home","item":"https:\/\/www.ahmadiyya-islam.org\/al\/"},{"@type":"ListItem","position":2,"name":"Videos","item":"https:\/\/www.ahmadiyya-islam.org\/al\/videos\/"},{"@type":"ListItem","position":3,"name":"Lutja m\u00eb e r\u00ebnd\u00ebsishme p\u00ebr \u00e7do pun\u00eb | Lutjet e Kuranit | Bismil-lah"}]},{"@type":"WebSite","@id":"https:\/\/www.ahmadiyya-islam.org\/al\/#website","url":"https:\/\/www.ahmadiyya-islam.org\/al\/","name":"Xhemati Musliman Ahmedia","description":"Albania","potentialAction":[{"@type":"SearchAction","target":{"@type":"EntryPoint","urlTemplate":"https:\/\/www.ahmadiyya-islam.org\/al\/?s={search_term_string}"},"query-input":{"@type":"PropertyValueSpecification","valueRequired":true,"valueName":"search_term_string"}}],"inLanguage":"sq-AL"}]}},"_links":{"self":[{"href":"https:\/\/www.ahmadiyya-islam.org\/al\/wp-json\/wp\/v2\/videos\/18592","targetHints":{"allow":["GET"]}}],"collection":[{"href":"https:\/\/www.ahmadiyya-islam.org\/al\/wp-json\/wp\/v2\/videos"}],"about":[{"href":"https:\/\/www.ahmadiyya-islam.org\/al\/wp-json\/wp\/v2\/types\/videos"}],"version-history":[{"count":1,"href":"https:\/\/www.ahmadiyya-islam.org\/al\/wp-json\/wp\/v2\/videos\/18592\/revisions"}],"predecessor-version":[{"id":18595,"href":"https:\/\/www.ahmadiyya-islam.org\/al\/wp-json\/wp\/v2\/videos\/18592\/revisions\/18595"}],"wp:featuredmedia":[{"embeddable":true,"href":"https:\/\/www.ahmadiyya-islam.org\/al\/wp-json\/wp\/v2\/media\/18594"}],"wp:attachment":[{"href":"https:\/\/www.ahmadiyya-islam.org\/al\/wp-json\/wp\/v2\/media?parent=18592"}],"wp:term":[{"taxonomy":"post_tag","embeddable":true,"href":"https:\/\/www.ahmadiyya-islam.org\/al\/wp-json\/wp\/v2\/tags?post=18592"},{"taxonomy":"authors","embeddable":true,"href":"https:\/\/www.ahmadiyya-islam.org\/al\/wp-json\/wp\/v2\/authors?post=18592"},{"taxonomy":"content_source","embeddable":true,"href":"https:\/\/www.ahmadiyya-islam.org\/al\/wp-json\/wp\/v2\/content_source?post=18592"}],"curies":[{"name":"wp","href":"https:\/\/api.w.org\/{rel}","templated":true}]}}