{"id":11853,"date":"2021-05-22T11:20:04","date_gmt":"2021-05-22T11:20:04","guid":{"rendered":"https:\/\/www.ahmadiyya-islam.org\/al\/?post_type=videos&#038;p=11853"},"modified":"2021-06-05T11:35:06","modified_gmt":"2021-06-05T11:35:06","slug":"kjo-jave-me-kalifin-23-prill-2021","status":"publish","type":"videos","link":"https:\/\/www.ahmadiyya-islam.org\/al\/videos\/kjo-jave-me-kalifin-23-prill-2021\/","title":{"rendered":"Kjo jav\u00eb me Kalifin | 23 prill 2021"},"content":{"rendered":"<p>Hazret Mirza Masrur Ahmadi (Allahu e ndihmoft\u00eb fuqimisht) mori pjes\u00eb n\u00eb dy takime virtuale me student\u00ebt e Xhamia Ahmadias Kadijan (Instituti Teolgjiik) dhe zyrtar\u00ebt e organizat\u00ebs Khudamul Ahmedia t\u00eb Indonezis\u00eb.<\/p>\n<h3><strong>Pyetjet e shtruara<\/strong><\/h3>\n<p><a href=\"https:\/\/www.youtube.com\/watch?v=OdzZDZYnBl0&amp;t=64s\">1:04<\/a> &#8211; Ilahji, n\u00eb sfond u shfaq\u00ebn disa pamje nga Kadijani.<br \/>\n<a href=\"https:\/\/www.youtube.com\/watch?v=OdzZDZYnBl0&amp;t=250s\">4:10<\/a> &#8211; Raport i p\u00ebrgjithsh\u00ebm mbi Xhamia Ahmadia Kadijan.<br \/>\n<a href=\"https:\/\/www.youtube.com\/watch?v=OdzZDZYnBl0&amp;t=289s\">4:49<\/a> &#8211; Kur do t\u00eb vizitoni s\u00ebrish Kadijanin?<br \/>\n<a href=\"https:\/\/www.youtube.com\/watch?v=OdzZDZYnBl0&amp;t=354s\">5:54<\/a> &#8211; Si mund t\u00eb krijohet nj\u00eb lidhje personale me Kalifin e koh\u00ebs ?<br \/>\n<a href=\"https:\/\/www.youtube.com\/watch?v=OdzZDZYnBl0&amp;t=468s\">7:48<\/a> &#8211; Si mund t&#8217;i predikojm\u00eb ata q\u00eb jetojn\u00eb n\u00eb zonat rurale?<br \/>\n<a href=\"https:\/\/www.youtube.com\/watch?v=OdzZDZYnBl0&amp;t=890s\">14:50<\/a> &#8211; A ka p\u00ebrballur Kalifi ndonj\u00eb v\u00ebshtir\u00ebsi n\u00eb jet\u00ebn e tij dhe si e ka kap\u00ebrcyer at\u00eb?<br \/>\n<a href=\"https:\/\/www.youtube.com\/watch?v=OdzZDZYnBl0&amp;t=990s\">16:30<\/a> &#8211; Si i kontrollon Kalifi t\u00eb gjitha letrat dhe si u p\u00ebrgjigjet atyre?<br \/>\n<a href=\"https:\/\/www.youtube.com\/watch?v=OdzZDZYnBl0&amp;t=1090s\">18:10<\/a> &#8211; Si mund t\u00eb gjejm\u00eb k\u00ebnaq\u00ebsi n\u00eb namaz?<br \/>\n<a href=\"https:\/\/www.youtube.com\/watch?v=OdzZDZYnBl0&amp;t=1289s\">21:29<\/a> &#8211; Si mund t\u00eb fillojm\u00eb pun\u00ebn n\u00eb terren pasi t\u00eb jemi diplomuar nga Xhamia?<br \/>\n<a href=\"https:\/\/www.youtube.com\/watch?v=OdzZDZYnBl0&amp;t=1582s\">26:22<\/a> &#8211; Takimi me zyrtar\u00ebt e organizat\u00ebs s\u00eb Khudamul Ahmedia t\u00eb Indonezis\u00eb.<br \/>\n<a href=\"https:\/\/www.youtube.com\/watch?v=OdzZDZYnBl0&amp;t=1607s\">26:47<\/a> &#8211; Kalifi porosit sekretarin p\u00ebr sh\u00ebrbimet humanitare p\u00ebr t\u00eb shtuar veprimtarin\u00eb si n\u00eb Indonezi po ashtu jaht\u00eb saj.<br \/>\n<a href=\"https:\/\/www.youtube.com\/watch?v=OdzZDZYnBl0&amp;t=1663s\">27:43<\/a> &#8211; Kalifi diskutoi nj\u00eb plan mbar\u00ebkomb\u00ebtar me Kryetarin e Atfalul Ahmadia.<br \/>\n<a href=\"https:\/\/www.youtube.com\/watch?v=OdzZDZYnBl0&amp;t=1712s\">28:32<\/a> &#8211; Kalifi pyeti p\u00ebr botimet e Khudamul Ahmedia n\u00eb Indonezi.<br \/>\n<a href=\"https:\/\/www.youtube.com\/watch?v=OdzZDZYnBl0&amp;t=1786s\">29:46<\/a> &#8211; Kalifi bisedoi me Murabi sahibin, i cili po p\u00ebrkthente gjat\u00eb takimit.<br \/>\n<a href=\"https:\/\/www.youtube.com\/watch?v=OdzZDZYnBl0&amp;t=1848s\">30:48<\/a> &#8211; Nj\u00eb pjes\u00eb e zgjedhur nga hutbeja e fundit e s\u00eb xhumas\u00eb.<\/p>\n<p><strong>Shikoni video t\u00eb tjera<\/strong><\/p>\n<ul>\n<li><a href=\"https:\/\/www.ahmadiyya-islam.org\/al\/videos\/kjo-jave-me-kalifin-19-shkurt-2021\/\">&#8220;Kjo jav\u00eb me Kalifin&#8221; e dat\u00ebs 19 shkurt 2021<\/a><\/li>\n<li><a href=\"https:\/\/www.ahmadiyya-islam.org\/al\/videos\/kjo-jave-me-kalifin-29-janar-2021\/\">&#8220;Kjo jav\u00eb me Kalifin&#8221; e dat\u00ebs 29 janar 2021<\/a><\/li>\n<\/ul>\n","protected":false},"excerpt":{"rendered":"<p>Hazret Mirza Masrur Ahmadi (Allahu e ndihmoft\u00eb fuqimisht) mori pjes\u00eb n\u00eb dy takime virtuale me student\u00ebt e Xhamia Ahmadias Kadijan (Instituti Teolgjiik) dhe zyrtar\u00ebt e organizat\u00ebs Khudamul Ahmedia t\u00eb Indonezis\u00eb.<\/p>\n","protected":false},"featured_media":11855,"parent":0,"menu_order":0,"template":"","tags":[624],"authors":[458],"content_source":[566],"class_list":["post-11853","videos","type-videos","status-publish","has-post-thumbnail","hentry","tag-kalif","topics-kalifati-ahmedia","video-categories-takime","country-city-britania-e-madhe","country-city-islamabad","authors-hazret-mirza-masrur-ahmed","content_source-mta"],"acf":[],"yoast_head":"<!-- This site is optimized with the Yoast SEO Premium plugin v21.1 (Yoast SEO v27.4) - https:\/\/yoast.com\/product\/yoast-seo-premium-wordpress\/ -->\n<title>Kjo jav\u00eb me Kalifin | 23 prill 2021<\/title>\n<meta name=\"description\" content=\"Disa pjes\u00eb nga takimet e student\u00ebve t\u00eb Xhamia Ahmedia t\u00eb Indis\u00eb dhe zyrtar\u00ebve t\u00eb Khudamul Ahmedia t\u00eb Indonezis\u00eb me Hazret Kalifatul Masih.\" \/>\n<meta name=\"robots\" content=\"index, follow, max-snippet:-1, max-image-preview:large, max-video-preview:-1\" \/>\n<link rel=\"canonical\" href=\"https:\/\/www.ahmadiyya-islam.org\/al\/videos\/kjo-jave-me-kalifin-23-prill-2021\/\" \/>\n<meta property=\"og:locale\" content=\"sq_AL\" \/>\n<meta property=\"og:type\" content=\"article\" \/>\n<meta property=\"og:title\" content=\"Kjo jav\u00eb me Kalifin | 23 prill 2021\" \/>\n<meta property=\"og:description\" content=\"Disa pjes\u00eb nga takimet e student\u00ebve t\u00eb Xhamia Ahmedia t\u00eb Indis\u00eb dhe zyrtar\u00ebve t\u00eb Khudamul Ahmedia t\u00eb Indonezis\u00eb me Hazret Kalifatul Masih.\" \/>\n<meta property=\"og:url\" content=\"https:\/\/www.ahmadiyya-islam.org\/al\/videos\/kjo-jave-me-kalifin-23-prill-2021\/\" \/>\n<meta property=\"og:site_name\" content=\"Xhemati Musliman Ahmedia\" \/>\n<meta property=\"article:modified_time\" content=\"2021-06-05T11:35:06+00:00\" \/>\n<meta property=\"og:image\" content=\"https:\/\/www.ahmadiyya-islam.org\/al\/wp-content\/uploads\/sites\/3\/2021\/06\/kjo-jave-me-kalifin-23-prill-202.jpg\" \/>\n\t<meta property=\"og:image:width\" content=\"1280\" \/>\n\t<meta property=\"og:image:height\" content=\"720\" \/>\n\t<meta property=\"og:image:type\" content=\"image\/jpeg\" \/>\n<meta name=\"twitter:card\" content=\"summary_large_image\" \/>\n<meta name=\"twitter:label1\" content=\"Est. reading time\" \/>\n\t<meta name=\"twitter:data1\" content=\"2 minutes\" \/>\n<script type=\"application\/ld+json\" class=\"yoast-schema-graph\">{\"@context\":\"https:\\\/\\\/schema.org\",\"@graph\":[{\"@type\":\"WebPage\",\"@id\":\"https:\\\/\\\/www.ahmadiyya-islam.org\\\/al\\\/videos\\\/kjo-jave-me-kalifin-23-prill-2021\\\/\",\"url\":\"https:\\\/\\\/www.ahmadiyya-islam.org\\\/al\\\/videos\\\/kjo-jave-me-kalifin-23-prill-2021\\\/\",\"name\":\"Kjo jav\u00eb me Kalifin | 23 prill 2021\",\"isPartOf\":{\"@id\":\"https:\\\/\\\/www.ahmadiyya-islam.org\\\/al\\\/#website\"},\"primaryImageOfPage\":{\"@id\":\"https:\\\/\\\/www.ahmadiyya-islam.org\\\/al\\\/videos\\\/kjo-jave-me-kalifin-23-prill-2021\\\/#primaryimage\"},\"image\":{\"@id\":\"https:\\\/\\\/www.ahmadiyya-islam.org\\\/al\\\/videos\\\/kjo-jave-me-kalifin-23-prill-2021\\\/#primaryimage\"},\"thumbnailUrl\":\"https:\\\/\\\/www.ahmadiyya-islam.org\\\/al\\\/wp-content\\\/uploads\\\/sites\\\/3\\\/2021\\\/06\\\/kjo-jave-me-kalifin-23-prill-202.jpg\",\"datePublished\":\"2021-05-22T11:20:04+00:00\",\"dateModified\":\"2021-06-05T11:35:06+00:00\",\"description\":\"Disa pjes\u00eb nga takimet e student\u00ebve t\u00eb Xhamia Ahmedia t\u00eb Indis\u00eb dhe zyrtar\u00ebve t\u00eb Khudamul Ahmedia t\u00eb Indonezis\u00eb me Hazret Kalifatul Masih.\",\"breadcrumb\":{\"@id\":\"https:\\\/\\\/www.ahmadiyya-islam.org\\\/al\\\/videos\\\/kjo-jave-me-kalifin-23-prill-2021\\\/#breadcrumb\"},\"inLanguage\":\"sq-AL\",\"potentialAction\":[{\"@type\":\"ReadAction\",\"target\":[\"https:\\\/\\\/www.ahmadiyya-islam.org\\\/al\\\/videos\\\/kjo-jave-me-kalifin-23-prill-2021\\\/\"]}]},{\"@type\":\"ImageObject\",\"inLanguage\":\"sq-AL\",\"@id\":\"https:\\\/\\\/www.ahmadiyya-islam.org\\\/al\\\/videos\\\/kjo-jave-me-kalifin-23-prill-2021\\\/#primaryimage\",\"url\":\"https:\\\/\\\/www.ahmadiyya-islam.org\\\/al\\\/wp-content\\\/uploads\\\/sites\\\/3\\\/2021\\\/06\\\/kjo-jave-me-kalifin-23-prill-202.jpg\",\"contentUrl\":\"https:\\\/\\\/www.ahmadiyya-islam.org\\\/al\\\/wp-content\\\/uploads\\\/sites\\\/3\\\/2021\\\/06\\\/kjo-jave-me-kalifin-23-prill-202.jpg\",\"width\":1280,\"height\":720},{\"@type\":\"BreadcrumbList\",\"@id\":\"https:\\\/\\\/www.ahmadiyya-islam.org\\\/al\\\/videos\\\/kjo-jave-me-kalifin-23-prill-2021\\\/#breadcrumb\",\"itemListElement\":[{\"@type\":\"ListItem\",\"position\":1,\"name\":\"Home\",\"item\":\"https:\\\/\\\/www.ahmadiyya-islam.org\\\/al\\\/\"},{\"@type\":\"ListItem\",\"position\":2,\"name\":\"Videos\",\"item\":\"https:\\\/\\\/www.ahmadiyya-islam.org\\\/al\\\/videos\\\/\"},{\"@type\":\"ListItem\",\"position\":3,\"name\":\"Kjo jav\u00eb me Kalifin | 23 prill 2021\"}]},{\"@type\":\"WebSite\",\"@id\":\"https:\\\/\\\/www.ahmadiyya-islam.org\\\/al\\\/#website\",\"url\":\"https:\\\/\\\/www.ahmadiyya-islam.org\\\/al\\\/\",\"name\":\"Xhemati Musliman Ahmedia\",\"description\":\"Albania\",\"potentialAction\":[{\"@type\":\"SearchAction\",\"target\":{\"@type\":\"EntryPoint\",\"urlTemplate\":\"https:\\\/\\\/www.ahmadiyya-islam.org\\\/al\\\/?s={search_term_string}\"},\"query-input\":{\"@type\":\"PropertyValueSpecification\",\"valueRequired\":true,\"valueName\":\"search_term_string\"}}],\"inLanguage\":\"sq-AL\"}]}<\/script>\n<!-- \/ Yoast SEO Premium plugin. -->","yoast_head_json":{"title":"Kjo jav\u00eb me Kalifin | 23 prill 2021","description":"Disa pjes\u00eb nga takimet e student\u00ebve t\u00eb Xhamia Ahmedia t\u00eb Indis\u00eb dhe zyrtar\u00ebve t\u00eb Khudamul Ahmedia t\u00eb Indonezis\u00eb me Hazret Kalifatul Masih.","robots":{"index":"index","follow":"follow","max-snippet":"max-snippet:-1","max-image-preview":"max-image-preview:large","max-video-preview":"max-video-preview:-1"},"canonical":"https:\/\/www.ahmadiyya-islam.org\/al\/videos\/kjo-jave-me-kalifin-23-prill-2021\/","og_locale":"sq_AL","og_type":"article","og_title":"Kjo jav\u00eb me Kalifin | 23 prill 2021","og_description":"Disa pjes\u00eb nga takimet e student\u00ebve t\u00eb Xhamia Ahmedia t\u00eb Indis\u00eb dhe zyrtar\u00ebve t\u00eb Khudamul Ahmedia t\u00eb Indonezis\u00eb me Hazret Kalifatul Masih.","og_url":"https:\/\/www.ahmadiyya-islam.org\/al\/videos\/kjo-jave-me-kalifin-23-prill-2021\/","og_site_name":"Xhemati Musliman Ahmedia","article_modified_time":"2021-06-05T11:35:06+00:00","og_image":[{"width":1280,"height":720,"url":"https:\/\/www.ahmadiyya-islam.org\/al\/wp-content\/uploads\/sites\/3\/2021\/06\/kjo-jave-me-kalifin-23-prill-202.jpg","type":"image\/jpeg"}],"twitter_card":"summary_large_image","twitter_misc":{"Est. reading time":"2 minutes"},"schema":{"@context":"https:\/\/schema.org","@graph":[{"@type":"WebPage","@id":"https:\/\/www.ahmadiyya-islam.org\/al\/videos\/kjo-jave-me-kalifin-23-prill-2021\/","url":"https:\/\/www.ahmadiyya-islam.org\/al\/videos\/kjo-jave-me-kalifin-23-prill-2021\/","name":"Kjo jav\u00eb me Kalifin | 23 prill 2021","isPartOf":{"@id":"https:\/\/www.ahmadiyya-islam.org\/al\/#website"},"primaryImageOfPage":{"@id":"https:\/\/www.ahmadiyya-islam.org\/al\/videos\/kjo-jave-me-kalifin-23-prill-2021\/#primaryimage"},"image":{"@id":"https:\/\/www.ahmadiyya-islam.org\/al\/videos\/kjo-jave-me-kalifin-23-prill-2021\/#primaryimage"},"thumbnailUrl":"https:\/\/www.ahmadiyya-islam.org\/al\/wp-content\/uploads\/sites\/3\/2021\/06\/kjo-jave-me-kalifin-23-prill-202.jpg","datePublished":"2021-05-22T11:20:04+00:00","dateModified":"2021-06-05T11:35:06+00:00","description":"Disa pjes\u00eb nga takimet e student\u00ebve t\u00eb Xhamia Ahmedia t\u00eb Indis\u00eb dhe zyrtar\u00ebve t\u00eb Khudamul Ahmedia t\u00eb Indonezis\u00eb me Hazret Kalifatul Masih.","breadcrumb":{"@id":"https:\/\/www.ahmadiyya-islam.org\/al\/videos\/kjo-jave-me-kalifin-23-prill-2021\/#breadcrumb"},"inLanguage":"sq-AL","potentialAction":[{"@type":"ReadAction","target":["https:\/\/www.ahmadiyya-islam.org\/al\/videos\/kjo-jave-me-kalifin-23-prill-2021\/"]}]},{"@type":"ImageObject","inLanguage":"sq-AL","@id":"https:\/\/www.ahmadiyya-islam.org\/al\/videos\/kjo-jave-me-kalifin-23-prill-2021\/#primaryimage","url":"https:\/\/www.ahmadiyya-islam.org\/al\/wp-content\/uploads\/sites\/3\/2021\/06\/kjo-jave-me-kalifin-23-prill-202.jpg","contentUrl":"https:\/\/www.ahmadiyya-islam.org\/al\/wp-content\/uploads\/sites\/3\/2021\/06\/kjo-jave-me-kalifin-23-prill-202.jpg","width":1280,"height":720},{"@type":"BreadcrumbList","@id":"https:\/\/www.ahmadiyya-islam.org\/al\/videos\/kjo-jave-me-kalifin-23-prill-2021\/#breadcrumb","itemListElement":[{"@type":"ListItem","position":1,"name":"Home","item":"https:\/\/www.ahmadiyya-islam.org\/al\/"},{"@type":"ListItem","position":2,"name":"Videos","item":"https:\/\/www.ahmadiyya-islam.org\/al\/videos\/"},{"@type":"ListItem","position":3,"name":"Kjo jav\u00eb me Kalifin | 23 prill 2021"}]},{"@type":"WebSite","@id":"https:\/\/www.ahmadiyya-islam.org\/al\/#website","url":"https:\/\/www.ahmadiyya-islam.org\/al\/","name":"Xhemati Musliman Ahmedia","description":"Albania","potentialAction":[{"@type":"SearchAction","target":{"@type":"EntryPoint","urlTemplate":"https:\/\/www.ahmadiyya-islam.org\/al\/?s={search_term_string}"},"query-input":{"@type":"PropertyValueSpecification","valueRequired":true,"valueName":"search_term_string"}}],"inLanguage":"sq-AL"}]}},"_links":{"self":[{"href":"https:\/\/www.ahmadiyya-islam.org\/al\/wp-json\/wp\/v2\/videos\/11853","targetHints":{"allow":["GET"]}}],"collection":[{"href":"https:\/\/www.ahmadiyya-islam.org\/al\/wp-json\/wp\/v2\/videos"}],"about":[{"href":"https:\/\/www.ahmadiyya-islam.org\/al\/wp-json\/wp\/v2\/types\/videos"}],"version-history":[{"count":0,"href":"https:\/\/www.ahmadiyya-islam.org\/al\/wp-json\/wp\/v2\/videos\/11853\/revisions"}],"wp:featuredmedia":[{"embeddable":true,"href":"https:\/\/www.ahmadiyya-islam.org\/al\/wp-json\/wp\/v2\/media\/11855"}],"wp:attachment":[{"href":"https:\/\/www.ahmadiyya-islam.org\/al\/wp-json\/wp\/v2\/media?parent=11853"}],"wp:term":[{"taxonomy":"post_tag","embeddable":true,"href":"https:\/\/www.ahmadiyya-islam.org\/al\/wp-json\/wp\/v2\/tags?post=11853"},{"taxonomy":"authors","embeddable":true,"href":"https:\/\/www.ahmadiyya-islam.org\/al\/wp-json\/wp\/v2\/authors?post=11853"},{"taxonomy":"content_source","embeddable":true,"href":"https:\/\/www.ahmadiyya-islam.org\/al\/wp-json\/wp\/v2\/content_source?post=11853"}],"curies":[{"name":"wp","href":"https:\/\/api.w.org\/{rel}","templated":true}]}}