{"id":11061,"date":"2020-06-05T08:20:46","date_gmt":"2020-06-05T08:20:46","guid":{"rendered":"https:\/\/www.ahmadiyya-islam.org\/al\/?post_type=videos&#038;p=11061"},"modified":"2021-02-28T06:30:47","modified_gmt":"2021-02-28T06:30:47","slug":"kalifati-mrekullia-e-lutjes","status":"publish","type":"videos","link":"https:\/\/www.ahmadiyya-islam.org\/al\/videos\/kalifati-mrekullia-e-lutjes\/","title":{"rendered":"Mrekullia e lutjes shp\u00ebton nj\u00eb djal\u00eb t\u00eb s\u00ebmur\u00eb"},"content":{"rendered":"<p>Vitin e fundit, Huzuri kishte ardhur n\u00eb Gjermani dhe ai udh\u00ebhoqi nj\u00eb xhuma n\u00eb Gie\u00dfen. Aty ndodhej gjithashtu v\u00ebllai yn\u00eb i nderuar Naim Bhatti, i cili kishte ardhur me djalin e tij Abdurrahman Ahmad, i cili vuan nga problemet e zemr\u00ebs q\u00eb prej lindjes. Kur m\u00ebsoi se Huzuri do t\u00eb udh\u00ebhiqte namazin e Xhumas\u00eb n\u00eb Gie\u00dfen, ai me shum\u00eb p\u00ebrpjekje dhe me p\u00ebrgjegj\u00ebsin\u00eb personale, arriti t\u00eb nxirrte djalin nga spitali vet\u00ebm p\u00ebr nj\u00eb dit\u00eb, q\u00eb t\u00eb shikonte nj\u00ebher\u00eb Kalifin.<\/p>\n<p>Duhet ta keni par\u00eb at\u00eb djal\u00eb n\u00eb MTA se i kishin v\u00ebn\u00eb serum dhe kishte gypa dhe gjilp\u00ebra t\u00eb ndrysh\u00ebm t\u00eb ngjitur n\u00eb trup. Ai me padurim donte t\u00eb takonte Kalifin. K\u00ebshtu ata erdh\u00ebn atje dhe pas p\u00ebrfundimit t\u00eb namazit, kur Huzuri shkonte drejt makin\u00ebs, ai e takoi k\u00ebt\u00eb djal\u00eb. Un\u00eb gjendesha personalisht atje. Huzuri e p\u00ebrk\u00ebdheli at\u00eb me nj\u00eb dashuri dhe dhembshuri at\u00ebrore. Ai pyeti p\u00ebr gjendjen e tij sh\u00ebndet\u00ebsore dhe ne i treguam raportet e fundit. Huzuri pyeti me buz\u00ebqeshje \u201cAt\u00ebher\u00eb d\u00ebshironi t\u2019ia vendosni zemr\u00ebn e luanit?\u201d Pastaj, Huzuri e p\u00ebrk\u00ebdheli djalin dhe u nda.<\/p>\n<p>Pas k\u00ebtij turneu, u takova me Huzurin n\u00eb Angli. Ai nuk kishte harruar aspak k\u00ebt\u00eb histori dhe m\u00eb pyeti: Si \u00ebsht\u00eb ai djal\u00eb? Meq\u00eb isha n\u00eb kontakt me at\u00eb familje, i thash\u00eb: Djali \u00ebsht\u00eb mir\u00eb, por emri i tij ndodhet akoma n\u00eb list\u00eb duke pritur p\u00ebr ndonj\u00eb donator. Akoma nuk kemi par\u00eb ndonj\u00eb ndryshim n\u00eb k\u00ebt\u00eb status. Ai ende po pret p\u00ebr zemr\u00ebn e tij, q\u00eb t\u00eb realizohej procesi i transplantit. Huzuri aty p\u00ebr aty b\u00ebri nj\u00eb dua, dhe tha \u201cAllahu e b\u00ebft\u00eb m\u00eb mir\u00eb, dhe i dh\u00ebnt\u00eb sh\u00ebrim t\u00eb plot\u00eb!\u201d<\/p>\n<p>Duke dal\u00eb nga takimi, un\u00eb menj\u00ebher\u00eb mora n\u00eb telefon presidentin e xhematit Gie\u00dfen dhe e pyeta p\u00ebr sh\u00ebndetin e djalit, pasi q\u00eb nuk lidhesha dot me at\u00eb familje. Ai e mori n\u00eb telefon baban\u00eb e djalit. \u00cbsht\u00eb p\u00ebr t\u2019u habitur q\u00eb Zoti i Madh\u00ebrish\u00ebm pranoi menj\u00ebher\u00eb lutjen e Kalifit t\u00eb Koh\u00ebs. T\u00eb nes\u00ebrmen ata mor\u00ebn nj\u00eb telefonat\u00eb nga spitali se kan\u00eb gjetur nj\u00eb donator, andaj duhet t\u00eb nxitojn\u00eb drejt spitalit.<\/p>\n<p>Meq\u00eb, transplanti duhet kryer brenda nj\u00eb periudhe t\u00eb kufizuar kohore brenda 6-7 or\u00ebve, andaj ata shkuan menj\u00ebher\u00eb n\u00eb spital. Ai f\u00ebmij\u00eb i s\u00ebmur\u00eb i d\u00ebrgoi Kalifit nj\u00eb video mesazh se i dashur Huzur! Elhamdulilah! Fal\u00eb lutjeve tuaja, kam mb\u00ebrritur n\u00eb spital, dhe tani po pres p\u00ebr operacionin. I dashur Huzur! B\u00ebni dua p\u00ebr suksesin e operacionit. Huzuri e pa videon dhe u lut p\u00ebr t\u00eb.<\/p>\n<p>Elhamdulilah. Sot ai ekip mjek\u00ebsor i cili ka trajtuar rastin e k\u00ebtij djali dhe ata njer\u00ebz q\u00eb e din\u00eb k\u00ebt\u00eb rast jan\u00eb d\u00ebshmitar\u00eb q\u00eb lutja e Kalifit p\u00ebr at\u00eb djal\u00eb u plot\u00ebsua n\u00eb m\u00ebnyr\u00eb madh\u00ebshtore. Mjek\u00ebt nuk kishin dh\u00ebn\u00eb shum\u00eb shpres\u00eb p\u00ebr jet\u00ebn e tij, nd\u00ebrsa sot ai \u00ebsht\u00eb mir\u00eb i sh\u00ebndosh\u00eb dhe g\u00ebzon t\u00eb mirat e k\u00ebsaj jete.<\/p>\n","protected":false},"excerpt":{"rendered":"<p>Dr. Et&#8217;her Zubejr, kryetar i organizat\u00ebs humanitare &#8220;Humanity First&#8221; n\u00eb Gjermani rr\u00ebfen ngjarje besimshtyt\u00ebse t\u00eb pranimit t\u00eb lutjes s\u00eb Kalifit t\u00eb Koh\u00ebs.<\/p>\n","protected":false},"featured_media":11062,"parent":0,"menu_order":0,"template":"","tags":[189],"authors":[],"content_source":[566],"class_list":["post-11061","videos","type-videos","status-publish","has-post-thumbnail","hentry","tag-kalifati","topics-kalifati","topics-kalifati-ahmedia","video-categories-fjalimet-nga-dijetaret-e-xhematit","country-city-frankfurt","content_source-mta"],"acf":[],"yoast_head":"<!-- This site is optimized with the Yoast SEO Premium plugin v21.1 (Yoast SEO v27.4) - https:\/\/yoast.com\/product\/yoast-seo-premium-wordpress\/ -->\n<title>Mrekullia e lutjes shp\u00ebton nj\u00eb djal\u00eb t\u00eb s\u00ebmur\u00eb<\/title>\n<meta name=\"description\" content=\"Dr. Et&#039;her Zubejr, kryetar i organizat\u00ebs humanitare &quot;Humanity First&quot; n\u00eb Gjermani rr\u00ebfen ngjarje besimshtyt\u00ebse t\u00eb pranimit t\u00eb lutjes s\u00eb Kalifit t\u00eb Koh\u00ebs.\" \/>\n<meta name=\"robots\" content=\"index, follow, max-snippet:-1, max-image-preview:large, max-video-preview:-1\" \/>\n<link rel=\"canonical\" href=\"https:\/\/www.ahmadiyya-islam.org\/al\/videos\/kalifati-mrekullia-e-lutjes\/\" \/>\n<meta property=\"og:locale\" content=\"sq_AL\" \/>\n<meta property=\"og:type\" content=\"article\" \/>\n<meta property=\"og:title\" content=\"Mrekullia e lutjes shp\u00ebton nj\u00eb djal\u00eb t\u00eb s\u00ebmur\u00eb\" \/>\n<meta property=\"og:description\" content=\"Dr. Et&#039;her Zubejr, kryetar i organizat\u00ebs humanitare &quot;Humanity First&quot; n\u00eb Gjermani rr\u00ebfen ngjarje besimshtyt\u00ebse t\u00eb pranimit t\u00eb lutjes s\u00eb Kalifit t\u00eb Koh\u00ebs.\" \/>\n<meta property=\"og:url\" content=\"https:\/\/www.ahmadiyya-islam.org\/al\/videos\/kalifati-mrekullia-e-lutjes\/\" \/>\n<meta property=\"og:site_name\" content=\"Xhemati Musliman Ahmedia\" \/>\n<meta property=\"article:modified_time\" content=\"2021-02-28T06:30:47+00:00\" \/>\n<meta property=\"og:image\" content=\"https:\/\/www.ahmadiyya-islam.org\/al\/wp-content\/uploads\/sites\/3\/2020\/06\/Mrekullia-e-lutjes-3461682.jpg\" \/>\n\t<meta property=\"og:image:width\" content=\"800\" \/>\n\t<meta property=\"og:image:height\" content=\"533\" \/>\n\t<meta property=\"og:image:type\" content=\"image\/jpeg\" \/>\n<meta name=\"twitter:card\" content=\"summary_large_image\" \/>\n<meta name=\"twitter:label1\" content=\"Est. reading time\" \/>\n\t<meta name=\"twitter:data1\" content=\"3 minutes\" \/>\n<script type=\"application\/ld+json\" class=\"yoast-schema-graph\">{\"@context\":\"https:\\\/\\\/schema.org\",\"@graph\":[{\"@type\":\"WebPage\",\"@id\":\"https:\\\/\\\/www.ahmadiyya-islam.org\\\/al\\\/videos\\\/kalifati-mrekullia-e-lutjes\\\/\",\"url\":\"https:\\\/\\\/www.ahmadiyya-islam.org\\\/al\\\/videos\\\/kalifati-mrekullia-e-lutjes\\\/\",\"name\":\"Mrekullia e lutjes shp\u00ebton nj\u00eb djal\u00eb t\u00eb s\u00ebmur\u00eb\",\"isPartOf\":{\"@id\":\"https:\\\/\\\/www.ahmadiyya-islam.org\\\/al\\\/#website\"},\"primaryImageOfPage\":{\"@id\":\"https:\\\/\\\/www.ahmadiyya-islam.org\\\/al\\\/videos\\\/kalifati-mrekullia-e-lutjes\\\/#primaryimage\"},\"image\":{\"@id\":\"https:\\\/\\\/www.ahmadiyya-islam.org\\\/al\\\/videos\\\/kalifati-mrekullia-e-lutjes\\\/#primaryimage\"},\"thumbnailUrl\":\"https:\\\/\\\/www.ahmadiyya-islam.org\\\/al\\\/wp-content\\\/uploads\\\/sites\\\/3\\\/2020\\\/06\\\/Mrekullia-e-lutjes-3461682.jpg\",\"datePublished\":\"2020-06-05T08:20:46+00:00\",\"dateModified\":\"2021-02-28T06:30:47+00:00\",\"description\":\"Dr. Et'her Zubejr, kryetar i organizat\u00ebs humanitare \\\"Humanity First\\\" n\u00eb Gjermani rr\u00ebfen ngjarje besimshtyt\u00ebse t\u00eb pranimit t\u00eb lutjes s\u00eb Kalifit t\u00eb Koh\u00ebs.\",\"breadcrumb\":{\"@id\":\"https:\\\/\\\/www.ahmadiyya-islam.org\\\/al\\\/videos\\\/kalifati-mrekullia-e-lutjes\\\/#breadcrumb\"},\"inLanguage\":\"sq-AL\",\"potentialAction\":[{\"@type\":\"ReadAction\",\"target\":[\"https:\\\/\\\/www.ahmadiyya-islam.org\\\/al\\\/videos\\\/kalifati-mrekullia-e-lutjes\\\/\"]}]},{\"@type\":\"ImageObject\",\"inLanguage\":\"sq-AL\",\"@id\":\"https:\\\/\\\/www.ahmadiyya-islam.org\\\/al\\\/videos\\\/kalifati-mrekullia-e-lutjes\\\/#primaryimage\",\"url\":\"https:\\\/\\\/www.ahmadiyya-islam.org\\\/al\\\/wp-content\\\/uploads\\\/sites\\\/3\\\/2020\\\/06\\\/Mrekullia-e-lutjes-3461682.jpg\",\"contentUrl\":\"https:\\\/\\\/www.ahmadiyya-islam.org\\\/al\\\/wp-content\\\/uploads\\\/sites\\\/3\\\/2020\\\/06\\\/Mrekullia-e-lutjes-3461682.jpg\",\"width\":800,\"height\":533,\"caption\":\"Mrekullia e lutjes\"},{\"@type\":\"BreadcrumbList\",\"@id\":\"https:\\\/\\\/www.ahmadiyya-islam.org\\\/al\\\/videos\\\/kalifati-mrekullia-e-lutjes\\\/#breadcrumb\",\"itemListElement\":[{\"@type\":\"ListItem\",\"position\":1,\"name\":\"Home\",\"item\":\"https:\\\/\\\/www.ahmadiyya-islam.org\\\/al\\\/\"},{\"@type\":\"ListItem\",\"position\":2,\"name\":\"Videos\",\"item\":\"https:\\\/\\\/www.ahmadiyya-islam.org\\\/al\\\/videos\\\/\"},{\"@type\":\"ListItem\",\"position\":3,\"name\":\"Mrekullia e lutjes shp\u00ebton nj\u00eb djal\u00eb t\u00eb s\u00ebmur\u00eb\"}]},{\"@type\":\"WebSite\",\"@id\":\"https:\\\/\\\/www.ahmadiyya-islam.org\\\/al\\\/#website\",\"url\":\"https:\\\/\\\/www.ahmadiyya-islam.org\\\/al\\\/\",\"name\":\"Xhemati Musliman Ahmedia\",\"description\":\"Albania\",\"potentialAction\":[{\"@type\":\"SearchAction\",\"target\":{\"@type\":\"EntryPoint\",\"urlTemplate\":\"https:\\\/\\\/www.ahmadiyya-islam.org\\\/al\\\/?s={search_term_string}\"},\"query-input\":{\"@type\":\"PropertyValueSpecification\",\"valueRequired\":true,\"valueName\":\"search_term_string\"}}],\"inLanguage\":\"sq-AL\"}]}<\/script>\n<!-- \/ Yoast SEO Premium plugin. -->","yoast_head_json":{"title":"Mrekullia e lutjes shp\u00ebton nj\u00eb djal\u00eb t\u00eb s\u00ebmur\u00eb","description":"Dr. Et'her Zubejr, kryetar i organizat\u00ebs humanitare \"Humanity First\" n\u00eb Gjermani rr\u00ebfen ngjarje besimshtyt\u00ebse t\u00eb pranimit t\u00eb lutjes s\u00eb Kalifit t\u00eb Koh\u00ebs.","robots":{"index":"index","follow":"follow","max-snippet":"max-snippet:-1","max-image-preview":"max-image-preview:large","max-video-preview":"max-video-preview:-1"},"canonical":"https:\/\/www.ahmadiyya-islam.org\/al\/videos\/kalifati-mrekullia-e-lutjes\/","og_locale":"sq_AL","og_type":"article","og_title":"Mrekullia e lutjes shp\u00ebton nj\u00eb djal\u00eb t\u00eb s\u00ebmur\u00eb","og_description":"Dr. Et'her Zubejr, kryetar i organizat\u00ebs humanitare \"Humanity First\" n\u00eb Gjermani rr\u00ebfen ngjarje besimshtyt\u00ebse t\u00eb pranimit t\u00eb lutjes s\u00eb Kalifit t\u00eb Koh\u00ebs.","og_url":"https:\/\/www.ahmadiyya-islam.org\/al\/videos\/kalifati-mrekullia-e-lutjes\/","og_site_name":"Xhemati Musliman Ahmedia","article_modified_time":"2021-02-28T06:30:47+00:00","og_image":[{"width":800,"height":533,"url":"https:\/\/www.ahmadiyya-islam.org\/al\/wp-content\/uploads\/sites\/3\/2020\/06\/Mrekullia-e-lutjes-3461682.jpg","type":"image\/jpeg"}],"twitter_card":"summary_large_image","twitter_misc":{"Est. reading time":"3 minutes"},"schema":{"@context":"https:\/\/schema.org","@graph":[{"@type":"WebPage","@id":"https:\/\/www.ahmadiyya-islam.org\/al\/videos\/kalifati-mrekullia-e-lutjes\/","url":"https:\/\/www.ahmadiyya-islam.org\/al\/videos\/kalifati-mrekullia-e-lutjes\/","name":"Mrekullia e lutjes shp\u00ebton nj\u00eb djal\u00eb t\u00eb s\u00ebmur\u00eb","isPartOf":{"@id":"https:\/\/www.ahmadiyya-islam.org\/al\/#website"},"primaryImageOfPage":{"@id":"https:\/\/www.ahmadiyya-islam.org\/al\/videos\/kalifati-mrekullia-e-lutjes\/#primaryimage"},"image":{"@id":"https:\/\/www.ahmadiyya-islam.org\/al\/videos\/kalifati-mrekullia-e-lutjes\/#primaryimage"},"thumbnailUrl":"https:\/\/www.ahmadiyya-islam.org\/al\/wp-content\/uploads\/sites\/3\/2020\/06\/Mrekullia-e-lutjes-3461682.jpg","datePublished":"2020-06-05T08:20:46+00:00","dateModified":"2021-02-28T06:30:47+00:00","description":"Dr. Et'her Zubejr, kryetar i organizat\u00ebs humanitare \"Humanity First\" n\u00eb Gjermani rr\u00ebfen ngjarje besimshtyt\u00ebse t\u00eb pranimit t\u00eb lutjes s\u00eb Kalifit t\u00eb Koh\u00ebs.","breadcrumb":{"@id":"https:\/\/www.ahmadiyya-islam.org\/al\/videos\/kalifati-mrekullia-e-lutjes\/#breadcrumb"},"inLanguage":"sq-AL","potentialAction":[{"@type":"ReadAction","target":["https:\/\/www.ahmadiyya-islam.org\/al\/videos\/kalifati-mrekullia-e-lutjes\/"]}]},{"@type":"ImageObject","inLanguage":"sq-AL","@id":"https:\/\/www.ahmadiyya-islam.org\/al\/videos\/kalifati-mrekullia-e-lutjes\/#primaryimage","url":"https:\/\/www.ahmadiyya-islam.org\/al\/wp-content\/uploads\/sites\/3\/2020\/06\/Mrekullia-e-lutjes-3461682.jpg","contentUrl":"https:\/\/www.ahmadiyya-islam.org\/al\/wp-content\/uploads\/sites\/3\/2020\/06\/Mrekullia-e-lutjes-3461682.jpg","width":800,"height":533,"caption":"Mrekullia e lutjes"},{"@type":"BreadcrumbList","@id":"https:\/\/www.ahmadiyya-islam.org\/al\/videos\/kalifati-mrekullia-e-lutjes\/#breadcrumb","itemListElement":[{"@type":"ListItem","position":1,"name":"Home","item":"https:\/\/www.ahmadiyya-islam.org\/al\/"},{"@type":"ListItem","position":2,"name":"Videos","item":"https:\/\/www.ahmadiyya-islam.org\/al\/videos\/"},{"@type":"ListItem","position":3,"name":"Mrekullia e lutjes shp\u00ebton nj\u00eb djal\u00eb t\u00eb s\u00ebmur\u00eb"}]},{"@type":"WebSite","@id":"https:\/\/www.ahmadiyya-islam.org\/al\/#website","url":"https:\/\/www.ahmadiyya-islam.org\/al\/","name":"Xhemati Musliman Ahmedia","description":"Albania","potentialAction":[{"@type":"SearchAction","target":{"@type":"EntryPoint","urlTemplate":"https:\/\/www.ahmadiyya-islam.org\/al\/?s={search_term_string}"},"query-input":{"@type":"PropertyValueSpecification","valueRequired":true,"valueName":"search_term_string"}}],"inLanguage":"sq-AL"}]}},"_links":{"self":[{"href":"https:\/\/www.ahmadiyya-islam.org\/al\/wp-json\/wp\/v2\/videos\/11061","targetHints":{"allow":["GET"]}}],"collection":[{"href":"https:\/\/www.ahmadiyya-islam.org\/al\/wp-json\/wp\/v2\/videos"}],"about":[{"href":"https:\/\/www.ahmadiyya-islam.org\/al\/wp-json\/wp\/v2\/types\/videos"}],"version-history":[{"count":0,"href":"https:\/\/www.ahmadiyya-islam.org\/al\/wp-json\/wp\/v2\/videos\/11061\/revisions"}],"wp:featuredmedia":[{"embeddable":true,"href":"https:\/\/www.ahmadiyya-islam.org\/al\/wp-json\/wp\/v2\/media\/11062"}],"wp:attachment":[{"href":"https:\/\/www.ahmadiyya-islam.org\/al\/wp-json\/wp\/v2\/media?parent=11061"}],"wp:term":[{"taxonomy":"post_tag","embeddable":true,"href":"https:\/\/www.ahmadiyya-islam.org\/al\/wp-json\/wp\/v2\/tags?post=11061"},{"taxonomy":"authors","embeddable":true,"href":"https:\/\/www.ahmadiyya-islam.org\/al\/wp-json\/wp\/v2\/authors?post=11061"},{"taxonomy":"content_source","embeddable":true,"href":"https:\/\/www.ahmadiyya-islam.org\/al\/wp-json\/wp\/v2\/content_source?post=11061"}],"curies":[{"name":"wp","href":"https:\/\/api.w.org\/{rel}","templated":true}]}}