{"id":11048,"date":"2020-05-27T08:57:03","date_gmt":"2020-05-27T08:57:03","guid":{"rendered":"https:\/\/www.ahmadiyya-islam.org\/al\/?post_type=videos&#038;p=11048"},"modified":"2020-06-02T09:10:17","modified_gmt":"2020-06-02T09:10:17","slug":"kalifati-ngjarje-emocionuese","status":"publish","type":"videos","link":"https:\/\/www.ahmadiyya-islam.org\/al\/videos\/kalifati-ngjarje-emocionuese\/","title":{"rendered":"Do t\u00eb udh\u00ebheq\u00ebsh besimtar\u00eb t\u00eb sinqert\u00eb"},"content":{"rendered":"<p>N\u00eb 2014, Huzuri mori pjes\u00eb n\u00eb Xhelsa Salan\u00ebn e Gjermanis\u00eb dhe takoi delegacione nga vende t\u00eb ndryshme, me ahmedian\u00eb dhe jo ahmedian\u00eb, t\u00eb cilat kishin udh\u00ebtuar p\u00ebr Xhelsa Salana. Gjat\u00eb tri dit\u00ebve t\u00eb xhels\u00ebs, si dhe nj\u00eb dit\u00eb pas p\u00ebrfundimit t\u00eb xhels\u00ebs, kurdo Huzuri gjente koh\u00eb t\u00eb lir\u00eb, ai takohej me k\u00ebto grupe. M\u00eb kujtohet se n\u00eb dit\u00ebn e fundit, pas p\u00ebrfundimit t\u00eb xhels\u00ebs, kishte ardhur nj\u00eb grup i madh arab me 300 pjes\u00ebmarr\u00ebs. Disa prej tyre ishin ahmedian\u00eb t\u00eb rinj, kurse disa ishin miq joahmedian\u00eb. Ata erdh\u00ebn p\u00ebr t\u00eb takuar Huzurin dhe ishte nj\u00eb takim mjaft emocionues.<\/p>\n<p>Aty ndodhej gjithashtu nj\u00eb djal\u00eb i ri arab, ndoshta n\u00eb nj\u00ebzetat e tij. Ai kishte ardhur nga Italia p\u00ebr t\u00eb marr\u00eb pjes\u00eb n\u00eb Xhelsa Salana. Ai sapo kishte pranuar xhematin. Kur e mori mikrofonin, kishte emocione t\u00eb forta, dhe un\u00eb e shikoja se si lot\u00ebt po binin n\u00ebp\u00ebr faqe. Po i dridhej z\u00ebri, teksa po i rr\u00ebfente Huzurit historin\u00eb e tij.<\/p>\n<p>Ai tregoi se para se t\u00eb pranoja xhematin, edhe pse qesh\u00eb i ri n\u00eb mosh\u00eb, g\u00ebzoja nj\u00eb respekt t\u00eb ve\u00e7ant\u00eb n\u00eb familje e shoq\u00ebri. Ata m\u00eb lejonin t\u2019i udh\u00ebheqja n\u00eb namaz, edhe pse disa prej tyre ishin m\u00eb t\u00eb m\u00ebdhenj se un\u00eb n\u00eb mosh\u00eb. Kur m\u00ebsova mesazhin e Mesihut t\u00eb Premtuar a.s., zemra m\u00eb shtyju se ai ishte i v\u00ebrtet\u00eb dhe duhet ta pranoja. Por, sapo e p\u00ebrqafova Xhematin, u ndryshua kryek\u00ebput sjellja e familjes dhe shoq\u00ebris\u00eb ndaj meje. Ata q\u00eb m\u00eb respektonin p\u00ebrpara, tashm\u00eb m\u00eb shajn\u00eb, m\u00eb p\u00ebrbuzin dhe m\u00eb urrejn\u00eb. Tani jo vet\u00ebm q\u00eb ata m\u00eb kund\u00ebrshtojn\u00eb por tallen me mua duke th\u00ebn\u00eb \u201cP\u00ebrpara ti n\u00eb udh\u00ebhiqje n\u00eb namaz, por tani kush do t\u00eb t\u00eb udh\u00ebheq\u00eb ty n\u00eb namaz?\u201d<\/p>\n<p>Kur e d\u00ebgjoi, Huzuri mori mikrofonin dhe tha: \u201cThuaju se edhe tani do t\u00eb udh\u00ebheq\u00ebsh namazin, por tashm\u00eb do t\u00eb udh\u00ebheq\u00ebsh \u201cmuminin\u201d pra besimtar\u00eb t\u00eb v\u00ebrtet\u00eb n\u00eb namaz\u201d. Sapo i d\u00ebgjoi fjal\u00ebt e Huzurit, e pushtuan emocionet akoma m\u00eb shum\u00eb. Ai mori mikrofonin dhe mundi t\u00eb thoshte vet\u00ebm k\u00ebto fjal\u00eb: \u201cInsha-Allah Huzur, Insha-Allah Huzur\u201d. Lot\u00ebt i shkonin rr\u00ebke, teksa mori k\u00ebto fjal\u00eb frym\u00ebzuese dhe shpres\u00ebdh\u00ebn\u00ebse prej Kalifit.<\/p>\n","protected":false},"excerpt":{"rendered":"<p>Abid Khani, Sekretar Nd\u00ebrkomb\u00ebtar p\u00ebr Shtyp, rr\u00ebfen nj\u00eb ngjarje emocionuese t\u00eb nj\u00eb djaloshi arab me Kalifin e Koh\u00ebs gjat\u00eb nj\u00eb takimi n\u00eb 2014, n\u00eb Gjermani. <\/p>\n","protected":false},"featured_media":11050,"parent":0,"menu_order":0,"template":"","tags":[189],"authors":[],"content_source":[566],"class_list":["post-11048","videos","type-videos","status-publish","has-post-thumbnail","hentry","tag-kalifati","topics-kalifati","topics-kalifati-ahmedia","video-categories-interviste","country-city-britania-e-madhe","country-city-londer","content_source-mta"],"acf":[],"yoast_head":"<!-- This site is optimized with the Yoast SEO Premium plugin v21.1 (Yoast SEO v27.4) - https:\/\/yoast.com\/product\/yoast-seo-premium-wordpress\/ -->\n<title>Do t\u00eb udh\u00ebheq\u00ebsh besimtar\u00eb t\u00eb sinqert\u00eb<\/title>\n<meta name=\"description\" content=\"Abid Khani, Sekretar Nd\u00ebrkomb\u00ebtar p\u00ebr Shtyp, rr\u00ebfen nj\u00eb ngjarje emocionuese t\u00eb nj\u00eb djaloshi arab me Kalifin e Koh\u00ebs gjat\u00eb nj\u00eb takimi n\u00eb 2014, n\u00eb Gjermani.\" \/>\n<meta name=\"robots\" content=\"index, follow, max-snippet:-1, max-image-preview:large, max-video-preview:-1\" \/>\n<link rel=\"canonical\" href=\"https:\/\/www.ahmadiyya-islam.org\/al\/videos\/kalifati-ngjarje-emocionuese\/\" \/>\n<meta property=\"og:locale\" content=\"sq_AL\" \/>\n<meta property=\"og:type\" content=\"article\" \/>\n<meta property=\"og:title\" content=\"Do t\u00eb udh\u00ebheq\u00ebsh besimtar\u00eb t\u00eb sinqert\u00eb\" \/>\n<meta property=\"og:description\" content=\"Abid Khani, Sekretar Nd\u00ebrkomb\u00ebtar p\u00ebr Shtyp, rr\u00ebfen nj\u00eb ngjarje emocionuese t\u00eb nj\u00eb djaloshi arab me Kalifin e Koh\u00ebs gjat\u00eb nj\u00eb takimi n\u00eb 2014, n\u00eb Gjermani.\" \/>\n<meta property=\"og:url\" content=\"https:\/\/www.ahmadiyya-islam.org\/al\/videos\/kalifati-ngjarje-emocionuese\/\" \/>\n<meta property=\"og:site_name\" content=\"Xhemati Musliman Ahmedia\" \/>\n<meta property=\"article:modified_time\" content=\"2020-06-02T09:10:17+00:00\" \/>\n<meta property=\"og:image\" content=\"https:\/\/www.ahmadiyya-islam.org\/al\/wp-content\/uploads\/sites\/3\/2020\/06\/do-te-udheheqesh-besimtare-te-si.jpg\" \/>\n\t<meta property=\"og:image:width\" content=\"1280\" \/>\n\t<meta property=\"og:image:height\" content=\"720\" \/>\n\t<meta property=\"og:image:type\" content=\"image\/jpeg\" \/>\n<meta name=\"twitter:card\" content=\"summary_large_image\" \/>\n<meta name=\"twitter:label1\" content=\"Est. reading time\" \/>\n\t<meta name=\"twitter:data1\" content=\"2 minutes\" \/>\n<script type=\"application\/ld+json\" class=\"yoast-schema-graph\">{\"@context\":\"https:\\\/\\\/schema.org\",\"@graph\":[{\"@type\":\"WebPage\",\"@id\":\"https:\\\/\\\/www.ahmadiyya-islam.org\\\/al\\\/videos\\\/kalifati-ngjarje-emocionuese\\\/\",\"url\":\"https:\\\/\\\/www.ahmadiyya-islam.org\\\/al\\\/videos\\\/kalifati-ngjarje-emocionuese\\\/\",\"name\":\"Do t\u00eb udh\u00ebheq\u00ebsh besimtar\u00eb t\u00eb sinqert\u00eb\",\"isPartOf\":{\"@id\":\"https:\\\/\\\/www.ahmadiyya-islam.org\\\/al\\\/#website\"},\"primaryImageOfPage\":{\"@id\":\"https:\\\/\\\/www.ahmadiyya-islam.org\\\/al\\\/videos\\\/kalifati-ngjarje-emocionuese\\\/#primaryimage\"},\"image\":{\"@id\":\"https:\\\/\\\/www.ahmadiyya-islam.org\\\/al\\\/videos\\\/kalifati-ngjarje-emocionuese\\\/#primaryimage\"},\"thumbnailUrl\":\"https:\\\/\\\/www.ahmadiyya-islam.org\\\/al\\\/wp-content\\\/uploads\\\/sites\\\/3\\\/2020\\\/06\\\/do-te-udheheqesh-besimtare-te-si.jpg\",\"datePublished\":\"2020-05-27T08:57:03+00:00\",\"dateModified\":\"2020-06-02T09:10:17+00:00\",\"description\":\"Abid Khani, Sekretar Nd\u00ebrkomb\u00ebtar p\u00ebr Shtyp, rr\u00ebfen nj\u00eb ngjarje emocionuese t\u00eb nj\u00eb djaloshi arab me Kalifin e Koh\u00ebs gjat\u00eb nj\u00eb takimi n\u00eb 2014, n\u00eb Gjermani.\",\"breadcrumb\":{\"@id\":\"https:\\\/\\\/www.ahmadiyya-islam.org\\\/al\\\/videos\\\/kalifati-ngjarje-emocionuese\\\/#breadcrumb\"},\"inLanguage\":\"sq-AL\",\"potentialAction\":[{\"@type\":\"ReadAction\",\"target\":[\"https:\\\/\\\/www.ahmadiyya-islam.org\\\/al\\\/videos\\\/kalifati-ngjarje-emocionuese\\\/\"]}]},{\"@type\":\"ImageObject\",\"inLanguage\":\"sq-AL\",\"@id\":\"https:\\\/\\\/www.ahmadiyya-islam.org\\\/al\\\/videos\\\/kalifati-ngjarje-emocionuese\\\/#primaryimage\",\"url\":\"https:\\\/\\\/www.ahmadiyya-islam.org\\\/al\\\/wp-content\\\/uploads\\\/sites\\\/3\\\/2020\\\/06\\\/do-te-udheheqesh-besimtare-te-si.jpg\",\"contentUrl\":\"https:\\\/\\\/www.ahmadiyya-islam.org\\\/al\\\/wp-content\\\/uploads\\\/sites\\\/3\\\/2020\\\/06\\\/do-te-udheheqesh-besimtare-te-si.jpg\",\"width\":1280,\"height\":720},{\"@type\":\"BreadcrumbList\",\"@id\":\"https:\\\/\\\/www.ahmadiyya-islam.org\\\/al\\\/videos\\\/kalifati-ngjarje-emocionuese\\\/#breadcrumb\",\"itemListElement\":[{\"@type\":\"ListItem\",\"position\":1,\"name\":\"Home\",\"item\":\"https:\\\/\\\/www.ahmadiyya-islam.org\\\/al\\\/\"},{\"@type\":\"ListItem\",\"position\":2,\"name\":\"Videos\",\"item\":\"https:\\\/\\\/www.ahmadiyya-islam.org\\\/al\\\/videos\\\/\"},{\"@type\":\"ListItem\",\"position\":3,\"name\":\"Do t\u00eb udh\u00ebheq\u00ebsh besimtar\u00eb t\u00eb sinqert\u00eb\"}]},{\"@type\":\"WebSite\",\"@id\":\"https:\\\/\\\/www.ahmadiyya-islam.org\\\/al\\\/#website\",\"url\":\"https:\\\/\\\/www.ahmadiyya-islam.org\\\/al\\\/\",\"name\":\"Xhemati Musliman Ahmedia\",\"description\":\"Albania\",\"potentialAction\":[{\"@type\":\"SearchAction\",\"target\":{\"@type\":\"EntryPoint\",\"urlTemplate\":\"https:\\\/\\\/www.ahmadiyya-islam.org\\\/al\\\/?s={search_term_string}\"},\"query-input\":{\"@type\":\"PropertyValueSpecification\",\"valueRequired\":true,\"valueName\":\"search_term_string\"}}],\"inLanguage\":\"sq-AL\"}]}<\/script>\n<!-- \/ Yoast SEO Premium plugin. -->","yoast_head_json":{"title":"Do t\u00eb udh\u00ebheq\u00ebsh besimtar\u00eb t\u00eb sinqert\u00eb","description":"Abid Khani, Sekretar Nd\u00ebrkomb\u00ebtar p\u00ebr Shtyp, rr\u00ebfen nj\u00eb ngjarje emocionuese t\u00eb nj\u00eb djaloshi arab me Kalifin e Koh\u00ebs gjat\u00eb nj\u00eb takimi n\u00eb 2014, n\u00eb Gjermani.","robots":{"index":"index","follow":"follow","max-snippet":"max-snippet:-1","max-image-preview":"max-image-preview:large","max-video-preview":"max-video-preview:-1"},"canonical":"https:\/\/www.ahmadiyya-islam.org\/al\/videos\/kalifati-ngjarje-emocionuese\/","og_locale":"sq_AL","og_type":"article","og_title":"Do t\u00eb udh\u00ebheq\u00ebsh besimtar\u00eb t\u00eb sinqert\u00eb","og_description":"Abid Khani, Sekretar Nd\u00ebrkomb\u00ebtar p\u00ebr Shtyp, rr\u00ebfen nj\u00eb ngjarje emocionuese t\u00eb nj\u00eb djaloshi arab me Kalifin e Koh\u00ebs gjat\u00eb nj\u00eb takimi n\u00eb 2014, n\u00eb Gjermani.","og_url":"https:\/\/www.ahmadiyya-islam.org\/al\/videos\/kalifati-ngjarje-emocionuese\/","og_site_name":"Xhemati Musliman Ahmedia","article_modified_time":"2020-06-02T09:10:17+00:00","og_image":[{"width":1280,"height":720,"url":"https:\/\/www.ahmadiyya-islam.org\/al\/wp-content\/uploads\/sites\/3\/2020\/06\/do-te-udheheqesh-besimtare-te-si.jpg","type":"image\/jpeg"}],"twitter_card":"summary_large_image","twitter_misc":{"Est. reading time":"2 minutes"},"schema":{"@context":"https:\/\/schema.org","@graph":[{"@type":"WebPage","@id":"https:\/\/www.ahmadiyya-islam.org\/al\/videos\/kalifati-ngjarje-emocionuese\/","url":"https:\/\/www.ahmadiyya-islam.org\/al\/videos\/kalifati-ngjarje-emocionuese\/","name":"Do t\u00eb udh\u00ebheq\u00ebsh besimtar\u00eb t\u00eb sinqert\u00eb","isPartOf":{"@id":"https:\/\/www.ahmadiyya-islam.org\/al\/#website"},"primaryImageOfPage":{"@id":"https:\/\/www.ahmadiyya-islam.org\/al\/videos\/kalifati-ngjarje-emocionuese\/#primaryimage"},"image":{"@id":"https:\/\/www.ahmadiyya-islam.org\/al\/videos\/kalifati-ngjarje-emocionuese\/#primaryimage"},"thumbnailUrl":"https:\/\/www.ahmadiyya-islam.org\/al\/wp-content\/uploads\/sites\/3\/2020\/06\/do-te-udheheqesh-besimtare-te-si.jpg","datePublished":"2020-05-27T08:57:03+00:00","dateModified":"2020-06-02T09:10:17+00:00","description":"Abid Khani, Sekretar Nd\u00ebrkomb\u00ebtar p\u00ebr Shtyp, rr\u00ebfen nj\u00eb ngjarje emocionuese t\u00eb nj\u00eb djaloshi arab me Kalifin e Koh\u00ebs gjat\u00eb nj\u00eb takimi n\u00eb 2014, n\u00eb Gjermani.","breadcrumb":{"@id":"https:\/\/www.ahmadiyya-islam.org\/al\/videos\/kalifati-ngjarje-emocionuese\/#breadcrumb"},"inLanguage":"sq-AL","potentialAction":[{"@type":"ReadAction","target":["https:\/\/www.ahmadiyya-islam.org\/al\/videos\/kalifati-ngjarje-emocionuese\/"]}]},{"@type":"ImageObject","inLanguage":"sq-AL","@id":"https:\/\/www.ahmadiyya-islam.org\/al\/videos\/kalifati-ngjarje-emocionuese\/#primaryimage","url":"https:\/\/www.ahmadiyya-islam.org\/al\/wp-content\/uploads\/sites\/3\/2020\/06\/do-te-udheheqesh-besimtare-te-si.jpg","contentUrl":"https:\/\/www.ahmadiyya-islam.org\/al\/wp-content\/uploads\/sites\/3\/2020\/06\/do-te-udheheqesh-besimtare-te-si.jpg","width":1280,"height":720},{"@type":"BreadcrumbList","@id":"https:\/\/www.ahmadiyya-islam.org\/al\/videos\/kalifati-ngjarje-emocionuese\/#breadcrumb","itemListElement":[{"@type":"ListItem","position":1,"name":"Home","item":"https:\/\/www.ahmadiyya-islam.org\/al\/"},{"@type":"ListItem","position":2,"name":"Videos","item":"https:\/\/www.ahmadiyya-islam.org\/al\/videos\/"},{"@type":"ListItem","position":3,"name":"Do t\u00eb udh\u00ebheq\u00ebsh besimtar\u00eb t\u00eb sinqert\u00eb"}]},{"@type":"WebSite","@id":"https:\/\/www.ahmadiyya-islam.org\/al\/#website","url":"https:\/\/www.ahmadiyya-islam.org\/al\/","name":"Xhemati Musliman Ahmedia","description":"Albania","potentialAction":[{"@type":"SearchAction","target":{"@type":"EntryPoint","urlTemplate":"https:\/\/www.ahmadiyya-islam.org\/al\/?s={search_term_string}"},"query-input":{"@type":"PropertyValueSpecification","valueRequired":true,"valueName":"search_term_string"}}],"inLanguage":"sq-AL"}]}},"_links":{"self":[{"href":"https:\/\/www.ahmadiyya-islam.org\/al\/wp-json\/wp\/v2\/videos\/11048","targetHints":{"allow":["GET"]}}],"collection":[{"href":"https:\/\/www.ahmadiyya-islam.org\/al\/wp-json\/wp\/v2\/videos"}],"about":[{"href":"https:\/\/www.ahmadiyya-islam.org\/al\/wp-json\/wp\/v2\/types\/videos"}],"version-history":[{"count":0,"href":"https:\/\/www.ahmadiyya-islam.org\/al\/wp-json\/wp\/v2\/videos\/11048\/revisions"}],"wp:featuredmedia":[{"embeddable":true,"href":"https:\/\/www.ahmadiyya-islam.org\/al\/wp-json\/wp\/v2\/media\/11050"}],"wp:attachment":[{"href":"https:\/\/www.ahmadiyya-islam.org\/al\/wp-json\/wp\/v2\/media?parent=11048"}],"wp:term":[{"taxonomy":"post_tag","embeddable":true,"href":"https:\/\/www.ahmadiyya-islam.org\/al\/wp-json\/wp\/v2\/tags?post=11048"},{"taxonomy":"authors","embeddable":true,"href":"https:\/\/www.ahmadiyya-islam.org\/al\/wp-json\/wp\/v2\/authors?post=11048"},{"taxonomy":"content_source","embeddable":true,"href":"https:\/\/www.ahmadiyya-islam.org\/al\/wp-json\/wp\/v2\/content_source?post=11048"}],"curies":[{"name":"wp","href":"https:\/\/api.w.org\/{rel}","templated":true}]}}