{"id":9826,"date":"2019-05-18T12:14:03","date_gmt":"2019-05-18T12:14:03","guid":{"rendered":"https:\/\/www.ahmadiyya-islam.org\/al\/?post_type=prayers&#038;p=9826"},"modified":"2019-05-18T12:14:03","modified_gmt":"2019-05-18T12:14:03","slug":"lutje-per-te-shpetuar-nga-aksidentet","status":"publish","type":"prayers","link":"https:\/\/www.ahmadiyya-islam.org\/al\/lutjet\/lutje-per-te-shpetuar-nga-aksidentet\/","title":{"rendered":"Lutje p\u00ebr t\u00eb shp\u00ebtuar nga aksidentet"},"content":{"rendered":"<p>Hazret Ebul Jeseri r.a. tregon k\u00ebt\u00eb lutje t\u00eb t\u00eb D\u00ebrguarit t\u00eb Allahut s.a.v.s.:<\/p>\n<p style=\"text-align: center\"><img loading=\"lazy\" decoding=\"async\" class=\"aligncenter size-full wp-image-9829\" src=\"https:\/\/www.ahmadiyya-islam.org\/al\/wp-content\/uploads\/sites\/3\/2019\/04\/lutje-shpetim-nga-aksidentet.jpg\" alt=\"lutje shpetim aksidentet\" width=\"388\" height=\"314\" srcset=\"https:\/\/www.ahmadiyya-islam.org\/al\/wp-content\/uploads\/sites\/3\/2019\/04\/lutje-shpetim-nga-aksidentet.jpg 388w, https:\/\/www.ahmadiyya-islam.org\/al\/wp-content\/uploads\/sites\/3\/2019\/04\/lutje-shpetim-nga-aksidentet-300x243.jpg 300w\" sizes=\"auto, (max-width: 388px) 100vw, 388px\" \/><\/p>\n<blockquote><p><strong>O Allah! M\u00eb mbro nga shtypja! M\u00eb mbro nga rr\u00ebzimi, nga mbytja, nga djegia, nga vdekja n\u00eb pleq\u00ebri t\u00eb von\u00eb! T\u00eb k\u00ebrkoj mbrojtje q\u00eb shejtani t\u00eb mos m\u00eb pushtoj\u00eb gjat\u00eb vdekjes. T\u00eb k\u00ebrkoj mbrojtje t\u00eb mos vdes n\u00eb rrug\u00ebn T\u00ebnde duke treguar kurrizin dhe t\u00eb k\u00ebrkoj mbrojtje nga pickimi vdekjeprur\u00ebs i kafsh\u00ebve helmuese.<\/strong><sup>[1]<\/sup><\/p><\/blockquote>\n<hr \/>\n<p><sup>[1]<\/sup> Ahmed ibn Hanbel, \u201c<em>Musned<\/em>\u201d, v\u00ebllimi XXIV, redaktor: Shu\u2018ajb el-Arnaut, botues \u201cMuessesetur-Ris\u0101leh\u201d, Bejrut 1419 h.\/ 1998, fq. 281, hadithi nr. 15523.<\/p>\n","protected":false},"excerpt":{"rendered":"<p>O Allah! M\u00eb mbro nga shtypja! M\u00eb mbro nga rr\u00ebzimi, nga mbytja, nga djegia, nga vdekja n\u00eb pleq\u00ebri t\u00eb von\u00eb! T\u00eb k\u00ebrkoj mbrojtje<\/p>\n","protected":false},"featured_media":9830,"parent":0,"template":"","tags":[],"authors":[],"content_source":[],"class_list":["post-9826","prayers","type-prayers","status-publish","has-post-thumbnail","hentry","topics-ceshtjet-shoqerore","topics-sherimi","prayer-cat-lutjet-e-te-derguarit-te-allahut-s-a"],"acf":[],"yoast_head":"<!-- This site is optimized with the Yoast SEO Premium plugin v21.1 (Yoast SEO v27.4) - https:\/\/yoast.com\/product\/yoast-seo-premium-wordpress\/ -->\n<title>Lutje p\u00ebr t\u00eb shp\u00ebtuar nga aksidentet<\/title>\n<meta name=\"description\" content=\"O Allah! M\u00eb mbro nga shtypja! M\u00eb mbro nga rr\u00ebzimi, nga mbytja, nga djegia, nga vdekja n\u00eb pleq\u00ebri t\u00eb von\u00eb! T\u00eb k\u00ebrkoj mbrojtje\" \/>\n<meta name=\"robots\" content=\"index, follow, max-snippet:-1, max-image-preview:large, max-video-preview:-1\" \/>\n<link rel=\"canonical\" href=\"https:\/\/www.ahmadiyya-islam.org\/al\/lutjet\/lutje-per-te-shpetuar-nga-aksidentet\/\" \/>\n<meta property=\"og:locale\" content=\"sq_AL\" \/>\n<meta property=\"og:type\" content=\"article\" \/>\n<meta property=\"og:title\" content=\"Lutje p\u00ebr t\u00eb shp\u00ebtuar nga aksidentet\" \/>\n<meta property=\"og:description\" content=\"O Allah! M\u00eb mbro nga shtypja! M\u00eb mbro nga rr\u00ebzimi, nga mbytja, nga djegia, nga vdekja n\u00eb pleq\u00ebri t\u00eb von\u00eb! T\u00eb k\u00ebrkoj mbrojtje\" \/>\n<meta property=\"og:url\" content=\"https:\/\/www.ahmadiyya-islam.org\/al\/lutjet\/lutje-per-te-shpetuar-nga-aksidentet\/\" \/>\n<meta property=\"og:site_name\" content=\"Xhemati Musliman Ahmedia\" \/>\n<meta property=\"og:image\" content=\"https:\/\/www.ahmadiyya-islam.org\/al\/wp-content\/uploads\/sites\/3\/2019\/04\/lutje-shpetim-aksident.jpg\" \/>\n\t<meta property=\"og:image:width\" content=\"960\" \/>\n\t<meta property=\"og:image:height\" content=\"640\" \/>\n\t<meta property=\"og:image:type\" content=\"image\/jpeg\" \/>\n<meta name=\"twitter:card\" content=\"summary_large_image\" \/>\n<meta name=\"twitter:label1\" content=\"Est. reading time\" \/>\n\t<meta name=\"twitter:data1\" content=\"1 minute\" \/>\n<script type=\"application\/ld+json\" class=\"yoast-schema-graph\">{\"@context\":\"https:\\\/\\\/schema.org\",\"@graph\":[{\"@type\":\"WebPage\",\"@id\":\"https:\\\/\\\/www.ahmadiyya-islam.org\\\/al\\\/lutjet\\\/lutje-per-te-shpetuar-nga-aksidentet\\\/\",\"url\":\"https:\\\/\\\/www.ahmadiyya-islam.org\\\/al\\\/lutjet\\\/lutje-per-te-shpetuar-nga-aksidentet\\\/\",\"name\":\"Lutje p\u00ebr t\u00eb shp\u00ebtuar nga aksidentet\",\"isPartOf\":{\"@id\":\"https:\\\/\\\/www.ahmadiyya-islam.org\\\/al\\\/#website\"},\"primaryImageOfPage\":{\"@id\":\"https:\\\/\\\/www.ahmadiyya-islam.org\\\/al\\\/lutjet\\\/lutje-per-te-shpetuar-nga-aksidentet\\\/#primaryimage\"},\"image\":{\"@id\":\"https:\\\/\\\/www.ahmadiyya-islam.org\\\/al\\\/lutjet\\\/lutje-per-te-shpetuar-nga-aksidentet\\\/#primaryimage\"},\"thumbnailUrl\":\"https:\\\/\\\/www.ahmadiyya-islam.org\\\/al\\\/wp-content\\\/uploads\\\/sites\\\/3\\\/2019\\\/04\\\/lutje-shpetim-aksident.jpg\",\"datePublished\":\"2019-05-18T12:14:03+00:00\",\"description\":\"O Allah! M\u00eb mbro nga shtypja! M\u00eb mbro nga rr\u00ebzimi, nga mbytja, nga djegia, nga vdekja n\u00eb pleq\u00ebri t\u00eb von\u00eb! T\u00eb k\u00ebrkoj mbrojtje\",\"breadcrumb\":{\"@id\":\"https:\\\/\\\/www.ahmadiyya-islam.org\\\/al\\\/lutjet\\\/lutje-per-te-shpetuar-nga-aksidentet\\\/#breadcrumb\"},\"inLanguage\":\"sq-AL\",\"potentialAction\":[{\"@type\":\"ReadAction\",\"target\":[\"https:\\\/\\\/www.ahmadiyya-islam.org\\\/al\\\/lutjet\\\/lutje-per-te-shpetuar-nga-aksidentet\\\/\"]}]},{\"@type\":\"ImageObject\",\"inLanguage\":\"sq-AL\",\"@id\":\"https:\\\/\\\/www.ahmadiyya-islam.org\\\/al\\\/lutjet\\\/lutje-per-te-shpetuar-nga-aksidentet\\\/#primaryimage\",\"url\":\"https:\\\/\\\/www.ahmadiyya-islam.org\\\/al\\\/wp-content\\\/uploads\\\/sites\\\/3\\\/2019\\\/04\\\/lutje-shpetim-aksident.jpg\",\"contentUrl\":\"https:\\\/\\\/www.ahmadiyya-islam.org\\\/al\\\/wp-content\\\/uploads\\\/sites\\\/3\\\/2019\\\/04\\\/lutje-shpetim-aksident.jpg\",\"width\":960,\"height\":640},{\"@type\":\"BreadcrumbList\",\"@id\":\"https:\\\/\\\/www.ahmadiyya-islam.org\\\/al\\\/lutjet\\\/lutje-per-te-shpetuar-nga-aksidentet\\\/#breadcrumb\",\"itemListElement\":[{\"@type\":\"ListItem\",\"position\":1,\"name\":\"Home\",\"item\":\"https:\\\/\\\/www.ahmadiyya-islam.org\\\/al\\\/\"},{\"@type\":\"ListItem\",\"position\":2,\"name\":\"Lutjet\",\"item\":\"https:\\\/\\\/www.ahmadiyya-islam.org\\\/al\\\/lutjet\\\/\"},{\"@type\":\"ListItem\",\"position\":3,\"name\":\"Lutje p\u00ebr t\u00eb shp\u00ebtuar nga aksidentet\"}]},{\"@type\":\"WebSite\",\"@id\":\"https:\\\/\\\/www.ahmadiyya-islam.org\\\/al\\\/#website\",\"url\":\"https:\\\/\\\/www.ahmadiyya-islam.org\\\/al\\\/\",\"name\":\"Xhemati Musliman Ahmedia\",\"description\":\"Albania\",\"potentialAction\":[{\"@type\":\"SearchAction\",\"target\":{\"@type\":\"EntryPoint\",\"urlTemplate\":\"https:\\\/\\\/www.ahmadiyya-islam.org\\\/al\\\/?s={search_term_string}\"},\"query-input\":{\"@type\":\"PropertyValueSpecification\",\"valueRequired\":true,\"valueName\":\"search_term_string\"}}],\"inLanguage\":\"sq-AL\"}]}<\/script>\n<!-- \/ Yoast SEO Premium plugin. -->","yoast_head_json":{"title":"Lutje p\u00ebr t\u00eb shp\u00ebtuar nga aksidentet","description":"O Allah! M\u00eb mbro nga shtypja! M\u00eb mbro nga rr\u00ebzimi, nga mbytja, nga djegia, nga vdekja n\u00eb pleq\u00ebri t\u00eb von\u00eb! T\u00eb k\u00ebrkoj mbrojtje","robots":{"index":"index","follow":"follow","max-snippet":"max-snippet:-1","max-image-preview":"max-image-preview:large","max-video-preview":"max-video-preview:-1"},"canonical":"https:\/\/www.ahmadiyya-islam.org\/al\/lutjet\/lutje-per-te-shpetuar-nga-aksidentet\/","og_locale":"sq_AL","og_type":"article","og_title":"Lutje p\u00ebr t\u00eb shp\u00ebtuar nga aksidentet","og_description":"O Allah! M\u00eb mbro nga shtypja! M\u00eb mbro nga rr\u00ebzimi, nga mbytja, nga djegia, nga vdekja n\u00eb pleq\u00ebri t\u00eb von\u00eb! T\u00eb k\u00ebrkoj mbrojtje","og_url":"https:\/\/www.ahmadiyya-islam.org\/al\/lutjet\/lutje-per-te-shpetuar-nga-aksidentet\/","og_site_name":"Xhemati Musliman Ahmedia","og_image":[{"width":960,"height":640,"url":"https:\/\/www.ahmadiyya-islam.org\/al\/wp-content\/uploads\/sites\/3\/2019\/04\/lutje-shpetim-aksident.jpg","type":"image\/jpeg"}],"twitter_card":"summary_large_image","twitter_misc":{"Est. reading time":"1 minute"},"schema":{"@context":"https:\/\/schema.org","@graph":[{"@type":"WebPage","@id":"https:\/\/www.ahmadiyya-islam.org\/al\/lutjet\/lutje-per-te-shpetuar-nga-aksidentet\/","url":"https:\/\/www.ahmadiyya-islam.org\/al\/lutjet\/lutje-per-te-shpetuar-nga-aksidentet\/","name":"Lutje p\u00ebr t\u00eb shp\u00ebtuar nga aksidentet","isPartOf":{"@id":"https:\/\/www.ahmadiyya-islam.org\/al\/#website"},"primaryImageOfPage":{"@id":"https:\/\/www.ahmadiyya-islam.org\/al\/lutjet\/lutje-per-te-shpetuar-nga-aksidentet\/#primaryimage"},"image":{"@id":"https:\/\/www.ahmadiyya-islam.org\/al\/lutjet\/lutje-per-te-shpetuar-nga-aksidentet\/#primaryimage"},"thumbnailUrl":"https:\/\/www.ahmadiyya-islam.org\/al\/wp-content\/uploads\/sites\/3\/2019\/04\/lutje-shpetim-aksident.jpg","datePublished":"2019-05-18T12:14:03+00:00","description":"O Allah! M\u00eb mbro nga shtypja! M\u00eb mbro nga rr\u00ebzimi, nga mbytja, nga djegia, nga vdekja n\u00eb pleq\u00ebri t\u00eb von\u00eb! T\u00eb k\u00ebrkoj mbrojtje","breadcrumb":{"@id":"https:\/\/www.ahmadiyya-islam.org\/al\/lutjet\/lutje-per-te-shpetuar-nga-aksidentet\/#breadcrumb"},"inLanguage":"sq-AL","potentialAction":[{"@type":"ReadAction","target":["https:\/\/www.ahmadiyya-islam.org\/al\/lutjet\/lutje-per-te-shpetuar-nga-aksidentet\/"]}]},{"@type":"ImageObject","inLanguage":"sq-AL","@id":"https:\/\/www.ahmadiyya-islam.org\/al\/lutjet\/lutje-per-te-shpetuar-nga-aksidentet\/#primaryimage","url":"https:\/\/www.ahmadiyya-islam.org\/al\/wp-content\/uploads\/sites\/3\/2019\/04\/lutje-shpetim-aksident.jpg","contentUrl":"https:\/\/www.ahmadiyya-islam.org\/al\/wp-content\/uploads\/sites\/3\/2019\/04\/lutje-shpetim-aksident.jpg","width":960,"height":640},{"@type":"BreadcrumbList","@id":"https:\/\/www.ahmadiyya-islam.org\/al\/lutjet\/lutje-per-te-shpetuar-nga-aksidentet\/#breadcrumb","itemListElement":[{"@type":"ListItem","position":1,"name":"Home","item":"https:\/\/www.ahmadiyya-islam.org\/al\/"},{"@type":"ListItem","position":2,"name":"Lutjet","item":"https:\/\/www.ahmadiyya-islam.org\/al\/lutjet\/"},{"@type":"ListItem","position":3,"name":"Lutje p\u00ebr t\u00eb shp\u00ebtuar nga aksidentet"}]},{"@type":"WebSite","@id":"https:\/\/www.ahmadiyya-islam.org\/al\/#website","url":"https:\/\/www.ahmadiyya-islam.org\/al\/","name":"Xhemati Musliman Ahmedia","description":"Albania","potentialAction":[{"@type":"SearchAction","target":{"@type":"EntryPoint","urlTemplate":"https:\/\/www.ahmadiyya-islam.org\/al\/?s={search_term_string}"},"query-input":{"@type":"PropertyValueSpecification","valueRequired":true,"valueName":"search_term_string"}}],"inLanguage":"sq-AL"}]}},"_links":{"self":[{"href":"https:\/\/www.ahmadiyya-islam.org\/al\/wp-json\/wp\/v2\/prayers\/9826","targetHints":{"allow":["GET"]}}],"collection":[{"href":"https:\/\/www.ahmadiyya-islam.org\/al\/wp-json\/wp\/v2\/prayers"}],"about":[{"href":"https:\/\/www.ahmadiyya-islam.org\/al\/wp-json\/wp\/v2\/types\/prayers"}],"version-history":[{"count":0,"href":"https:\/\/www.ahmadiyya-islam.org\/al\/wp-json\/wp\/v2\/prayers\/9826\/revisions"}],"wp:featuredmedia":[{"embeddable":true,"href":"https:\/\/www.ahmadiyya-islam.org\/al\/wp-json\/wp\/v2\/media\/9830"}],"wp:attachment":[{"href":"https:\/\/www.ahmadiyya-islam.org\/al\/wp-json\/wp\/v2\/media?parent=9826"}],"wp:term":[{"taxonomy":"post_tag","embeddable":true,"href":"https:\/\/www.ahmadiyya-islam.org\/al\/wp-json\/wp\/v2\/tags?post=9826"},{"taxonomy":"authors","embeddable":true,"href":"https:\/\/www.ahmadiyya-islam.org\/al\/wp-json\/wp\/v2\/authors?post=9826"},{"taxonomy":"content_source","embeddable":true,"href":"https:\/\/www.ahmadiyya-islam.org\/al\/wp-json\/wp\/v2\/content_source?post=9826"}],"curies":[{"name":"wp","href":"https:\/\/api.w.org\/{rel}","templated":true}]}}