{"id":9133,"date":"2019-04-01T17:45:59","date_gmt":"2019-04-01T17:45:59","guid":{"rendered":"https:\/\/www.ahmadiyya-islam.org\/al\/?post_type=prayers&#038;p=9133"},"modified":"2019-04-01T17:45:59","modified_gmt":"2019-04-01T17:45:59","slug":"lutje-per-vendosjen-e-njesise-se-zotit-ne-te-gjithe-boten","status":"publish","type":"prayers","link":"https:\/\/www.ahmadiyya-islam.org\/al\/lutjet\/lutje-per-vendosjen-e-njesise-se-zotit-ne-te-gjithe-boten\/","title":{"rendered":"Lutje p\u00ebr vendosjen e nj\u00ebsis\u00eb s\u00eb Zotit n\u00eb t\u00eb gjith\u00eb bot\u00ebn"},"content":{"rendered":"<blockquote><p><strong style=\"text-align: left\">O Zot i Plotfuqish\u00ebm! O Udh\u00ebzuesi i rob\u00ebrve t\u00eb Tu! Ashtu si\u00e7 e ke ve\u00e7uar k\u00ebt\u00eb epok\u00eb si epok\u00eb t\u00eb mjeteve t\u00eb reja e t\u00eb zhvilluara, n\u00eb t\u00eb nj\u00ebjt\u00ebn m\u00ebnyr\u00eb zbuloju argumentet e Kuranit Fam\u00eblart\u00eb popujve t\u00eb paditur dhe t\u00ebrhiq njer\u00ebzit e k\u00ebsaj epoke drejt Vetes, drejt librit T\u00ebnd dhe drejt nj\u00ebshm\u00ebris\u00eb Sate. Mohimi dhe idhujtaria jan\u00eb p\u00ebrhapur shum\u00eb dhe Islami \u00ebsht\u00eb zbehur. Tani, o Zot i Nderuar, l\u00ebshoje flladin e nj\u00ebshm\u00ebris\u00eb Sate n\u00eb Lindje e n\u00eb Per\u00ebndim dhe trego nj\u00eb shenj\u00eb t\u00ebrheq\u00ebse prej qiellit. <\/strong><\/p>\n<p><strong style=\"text-align: left\">O M\u00ebshir\u00ebb\u00ebr\u00ebs! Jemi shum\u00eb nevojtar\u00eb t\u00eb m\u00ebshir\u00ebs Sate. O Udh\u00ebzues! Na duhen shum\u00eb udh\u00ebzimet e Tua. Sa e bekuar do t\u00eb jet\u00eb ajo dit\u00eb, kur do t\u00eb zbres\u00eb drita Jote! Sa fatsjell\u00ebs do t\u00eb jet\u00eb ai \u00e7ast, kur do t\u00eb bjer\u00eb daullja e fitores Sate! Te Ti u mb\u00ebshtet\u00ebm. Sundim dhe fuqi s\u2019ka askush tjet\u00ebr p\u00ebrve\u00e7 Teje dhe Ti je i Larti, Madh\u00ebshtori.<\/strong><a style=\"text-align: left\" href=\"#_ftn1\" name=\"_ftnref1\"><sup>[1]<\/sup><\/a><\/p><\/blockquote>\n<p><a href=\"#_ftnref1\" name=\"_ftn1\"><sup>[1]<\/sup><\/a>. \u201cAina-e-kamalat-e-Islam\u201d, \u201cRuhani Khazain\u201d, v\u00ebll. 5, f. 213-214.<\/p>\n","protected":false},"excerpt":{"rendered":"<p>O Zot i Nderuar, l\u00ebshoje flladin e nj\u00ebshm\u00ebris\u00eb Sate n\u00eb Lindje e n\u00eb Per\u00ebndim dhe trego nj\u00eb shenj\u00eb t\u00ebrheq\u00ebse prej qiellit.<\/p>\n","protected":false},"featured_media":9136,"parent":0,"template":"","tags":[],"authors":[455],"content_source":[],"class_list":["post-9133","prayers","type-prayers","status-publish","has-post-thumbnail","hentry","topics-allahu-i-madherishem","prayer-cat-lutjet-e-mesihut-te-premtuar-a-s","authors-hazret-mirza-ghulam-ahmed"],"acf":[],"yoast_head":"<!-- This site is optimized with the Yoast SEO Premium plugin v21.1 (Yoast SEO v27.4) - https:\/\/yoast.com\/product\/yoast-seo-premium-wordpress\/ -->\n<title>Lutje p\u00ebr vendosjen e nj\u00ebsis\u00eb s\u00eb Zotit n\u00eb t\u00eb gjith\u00eb bot\u00ebn<\/title>\n<meta name=\"description\" content=\"O Zot i Nderuar, l\u00ebshoje flladin e nj\u00ebshm\u00ebris\u00eb Sate n\u00eb Lindje e n\u00eb Per\u00ebndim dhe trego nj\u00eb shenj\u00eb t\u00ebrheq\u00ebse prej qiellit.\" \/>\n<meta name=\"robots\" content=\"index, follow, max-snippet:-1, max-image-preview:large, max-video-preview:-1\" \/>\n<link rel=\"canonical\" href=\"https:\/\/www.ahmadiyya-islam.org\/al\/lutjet\/lutje-per-vendosjen-e-njesise-se-zotit-ne-te-gjithe-boten\/\" \/>\n<meta property=\"og:locale\" content=\"sq_AL\" \/>\n<meta property=\"og:type\" content=\"article\" \/>\n<meta property=\"og:title\" content=\"Lutje p\u00ebr vendosjen e nj\u00ebsis\u00eb s\u00eb Zotit n\u00eb t\u00eb gjith\u00eb bot\u00ebn\" \/>\n<meta property=\"og:description\" content=\"O Zot i Nderuar, l\u00ebshoje flladin e nj\u00ebshm\u00ebris\u00eb Sate n\u00eb Lindje e n\u00eb Per\u00ebndim dhe trego nj\u00eb shenj\u00eb t\u00ebrheq\u00ebse prej qiellit.\" \/>\n<meta property=\"og:url\" content=\"https:\/\/www.ahmadiyya-islam.org\/al\/lutjet\/lutje-per-vendosjen-e-njesise-se-zotit-ne-te-gjithe-boten\/\" \/>\n<meta property=\"og:site_name\" content=\"Xhemati Musliman Ahmedia\" \/>\n<meta property=\"og:image\" content=\"https:\/\/www.ahmadiyya-islam.org\/al\/wp-content\/uploads\/sites\/3\/2019\/03\/lutje-njershmeri.jpg\" \/>\n\t<meta property=\"og:image:width\" content=\"960\" \/>\n\t<meta property=\"og:image:height\" content=\"480\" \/>\n\t<meta property=\"og:image:type\" content=\"image\/jpeg\" \/>\n<meta name=\"twitter:card\" content=\"summary_large_image\" \/>\n<meta name=\"twitter:label1\" content=\"Est. reading time\" \/>\n\t<meta name=\"twitter:data1\" content=\"1 minute\" \/>\n<script type=\"application\/ld+json\" class=\"yoast-schema-graph\">{\"@context\":\"https:\\\/\\\/schema.org\",\"@graph\":[{\"@type\":\"WebPage\",\"@id\":\"https:\\\/\\\/www.ahmadiyya-islam.org\\\/al\\\/lutjet\\\/lutje-per-vendosjen-e-njesise-se-zotit-ne-te-gjithe-boten\\\/\",\"url\":\"https:\\\/\\\/www.ahmadiyya-islam.org\\\/al\\\/lutjet\\\/lutje-per-vendosjen-e-njesise-se-zotit-ne-te-gjithe-boten\\\/\",\"name\":\"Lutje p\u00ebr vendosjen e nj\u00ebsis\u00eb s\u00eb Zotit n\u00eb t\u00eb gjith\u00eb bot\u00ebn\",\"isPartOf\":{\"@id\":\"https:\\\/\\\/www.ahmadiyya-islam.org\\\/al\\\/#website\"},\"primaryImageOfPage\":{\"@id\":\"https:\\\/\\\/www.ahmadiyya-islam.org\\\/al\\\/lutjet\\\/lutje-per-vendosjen-e-njesise-se-zotit-ne-te-gjithe-boten\\\/#primaryimage\"},\"image\":{\"@id\":\"https:\\\/\\\/www.ahmadiyya-islam.org\\\/al\\\/lutjet\\\/lutje-per-vendosjen-e-njesise-se-zotit-ne-te-gjithe-boten\\\/#primaryimage\"},\"thumbnailUrl\":\"https:\\\/\\\/www.ahmadiyya-islam.org\\\/al\\\/wp-content\\\/uploads\\\/sites\\\/3\\\/2019\\\/03\\\/lutje-njershmeri.jpg\",\"datePublished\":\"2019-04-01T17:45:59+00:00\",\"description\":\"O Zot i Nderuar, l\u00ebshoje flladin e nj\u00ebshm\u00ebris\u00eb Sate n\u00eb Lindje e n\u00eb Per\u00ebndim dhe trego nj\u00eb shenj\u00eb t\u00ebrheq\u00ebse prej qiellit.\",\"breadcrumb\":{\"@id\":\"https:\\\/\\\/www.ahmadiyya-islam.org\\\/al\\\/lutjet\\\/lutje-per-vendosjen-e-njesise-se-zotit-ne-te-gjithe-boten\\\/#breadcrumb\"},\"inLanguage\":\"sq-AL\",\"potentialAction\":[{\"@type\":\"ReadAction\",\"target\":[\"https:\\\/\\\/www.ahmadiyya-islam.org\\\/al\\\/lutjet\\\/lutje-per-vendosjen-e-njesise-se-zotit-ne-te-gjithe-boten\\\/\"]}]},{\"@type\":\"ImageObject\",\"inLanguage\":\"sq-AL\",\"@id\":\"https:\\\/\\\/www.ahmadiyya-islam.org\\\/al\\\/lutjet\\\/lutje-per-vendosjen-e-njesise-se-zotit-ne-te-gjithe-boten\\\/#primaryimage\",\"url\":\"https:\\\/\\\/www.ahmadiyya-islam.org\\\/al\\\/wp-content\\\/uploads\\\/sites\\\/3\\\/2019\\\/03\\\/lutje-njershmeri.jpg\",\"contentUrl\":\"https:\\\/\\\/www.ahmadiyya-islam.org\\\/al\\\/wp-content\\\/uploads\\\/sites\\\/3\\\/2019\\\/03\\\/lutje-njershmeri.jpg\",\"width\":960,\"height\":480,\"caption\":\"lutje njeshmeri\"},{\"@type\":\"BreadcrumbList\",\"@id\":\"https:\\\/\\\/www.ahmadiyya-islam.org\\\/al\\\/lutjet\\\/lutje-per-vendosjen-e-njesise-se-zotit-ne-te-gjithe-boten\\\/#breadcrumb\",\"itemListElement\":[{\"@type\":\"ListItem\",\"position\":1,\"name\":\"Home\",\"item\":\"https:\\\/\\\/www.ahmadiyya-islam.org\\\/al\\\/\"},{\"@type\":\"ListItem\",\"position\":2,\"name\":\"Lutjet\",\"item\":\"https:\\\/\\\/www.ahmadiyya-islam.org\\\/al\\\/lutjet\\\/\"},{\"@type\":\"ListItem\",\"position\":3,\"name\":\"Lutje p\u00ebr vendosjen e nj\u00ebsis\u00eb s\u00eb Zotit n\u00eb t\u00eb gjith\u00eb bot\u00ebn\"}]},{\"@type\":\"WebSite\",\"@id\":\"https:\\\/\\\/www.ahmadiyya-islam.org\\\/al\\\/#website\",\"url\":\"https:\\\/\\\/www.ahmadiyya-islam.org\\\/al\\\/\",\"name\":\"Xhemati Musliman Ahmedia\",\"description\":\"Albania\",\"potentialAction\":[{\"@type\":\"SearchAction\",\"target\":{\"@type\":\"EntryPoint\",\"urlTemplate\":\"https:\\\/\\\/www.ahmadiyya-islam.org\\\/al\\\/?s={search_term_string}\"},\"query-input\":{\"@type\":\"PropertyValueSpecification\",\"valueRequired\":true,\"valueName\":\"search_term_string\"}}],\"inLanguage\":\"sq-AL\"}]}<\/script>\n<!-- \/ Yoast SEO Premium plugin. -->","yoast_head_json":{"title":"Lutje p\u00ebr vendosjen e nj\u00ebsis\u00eb s\u00eb Zotit n\u00eb t\u00eb gjith\u00eb bot\u00ebn","description":"O Zot i Nderuar, l\u00ebshoje flladin e nj\u00ebshm\u00ebris\u00eb Sate n\u00eb Lindje e n\u00eb Per\u00ebndim dhe trego nj\u00eb shenj\u00eb t\u00ebrheq\u00ebse prej qiellit.","robots":{"index":"index","follow":"follow","max-snippet":"max-snippet:-1","max-image-preview":"max-image-preview:large","max-video-preview":"max-video-preview:-1"},"canonical":"https:\/\/www.ahmadiyya-islam.org\/al\/lutjet\/lutje-per-vendosjen-e-njesise-se-zotit-ne-te-gjithe-boten\/","og_locale":"sq_AL","og_type":"article","og_title":"Lutje p\u00ebr vendosjen e nj\u00ebsis\u00eb s\u00eb Zotit n\u00eb t\u00eb gjith\u00eb bot\u00ebn","og_description":"O Zot i Nderuar, l\u00ebshoje flladin e nj\u00ebshm\u00ebris\u00eb Sate n\u00eb Lindje e n\u00eb Per\u00ebndim dhe trego nj\u00eb shenj\u00eb t\u00ebrheq\u00ebse prej qiellit.","og_url":"https:\/\/www.ahmadiyya-islam.org\/al\/lutjet\/lutje-per-vendosjen-e-njesise-se-zotit-ne-te-gjithe-boten\/","og_site_name":"Xhemati Musliman Ahmedia","og_image":[{"width":960,"height":480,"url":"https:\/\/www.ahmadiyya-islam.org\/al\/wp-content\/uploads\/sites\/3\/2019\/03\/lutje-njershmeri.jpg","type":"image\/jpeg"}],"twitter_card":"summary_large_image","twitter_misc":{"Est. reading time":"1 minute"},"schema":{"@context":"https:\/\/schema.org","@graph":[{"@type":"WebPage","@id":"https:\/\/www.ahmadiyya-islam.org\/al\/lutjet\/lutje-per-vendosjen-e-njesise-se-zotit-ne-te-gjithe-boten\/","url":"https:\/\/www.ahmadiyya-islam.org\/al\/lutjet\/lutje-per-vendosjen-e-njesise-se-zotit-ne-te-gjithe-boten\/","name":"Lutje p\u00ebr vendosjen e nj\u00ebsis\u00eb s\u00eb Zotit n\u00eb t\u00eb gjith\u00eb bot\u00ebn","isPartOf":{"@id":"https:\/\/www.ahmadiyya-islam.org\/al\/#website"},"primaryImageOfPage":{"@id":"https:\/\/www.ahmadiyya-islam.org\/al\/lutjet\/lutje-per-vendosjen-e-njesise-se-zotit-ne-te-gjithe-boten\/#primaryimage"},"image":{"@id":"https:\/\/www.ahmadiyya-islam.org\/al\/lutjet\/lutje-per-vendosjen-e-njesise-se-zotit-ne-te-gjithe-boten\/#primaryimage"},"thumbnailUrl":"https:\/\/www.ahmadiyya-islam.org\/al\/wp-content\/uploads\/sites\/3\/2019\/03\/lutje-njershmeri.jpg","datePublished":"2019-04-01T17:45:59+00:00","description":"O Zot i Nderuar, l\u00ebshoje flladin e nj\u00ebshm\u00ebris\u00eb Sate n\u00eb Lindje e n\u00eb Per\u00ebndim dhe trego nj\u00eb shenj\u00eb t\u00ebrheq\u00ebse prej qiellit.","breadcrumb":{"@id":"https:\/\/www.ahmadiyya-islam.org\/al\/lutjet\/lutje-per-vendosjen-e-njesise-se-zotit-ne-te-gjithe-boten\/#breadcrumb"},"inLanguage":"sq-AL","potentialAction":[{"@type":"ReadAction","target":["https:\/\/www.ahmadiyya-islam.org\/al\/lutjet\/lutje-per-vendosjen-e-njesise-se-zotit-ne-te-gjithe-boten\/"]}]},{"@type":"ImageObject","inLanguage":"sq-AL","@id":"https:\/\/www.ahmadiyya-islam.org\/al\/lutjet\/lutje-per-vendosjen-e-njesise-se-zotit-ne-te-gjithe-boten\/#primaryimage","url":"https:\/\/www.ahmadiyya-islam.org\/al\/wp-content\/uploads\/sites\/3\/2019\/03\/lutje-njershmeri.jpg","contentUrl":"https:\/\/www.ahmadiyya-islam.org\/al\/wp-content\/uploads\/sites\/3\/2019\/03\/lutje-njershmeri.jpg","width":960,"height":480,"caption":"lutje njeshmeri"},{"@type":"BreadcrumbList","@id":"https:\/\/www.ahmadiyya-islam.org\/al\/lutjet\/lutje-per-vendosjen-e-njesise-se-zotit-ne-te-gjithe-boten\/#breadcrumb","itemListElement":[{"@type":"ListItem","position":1,"name":"Home","item":"https:\/\/www.ahmadiyya-islam.org\/al\/"},{"@type":"ListItem","position":2,"name":"Lutjet","item":"https:\/\/www.ahmadiyya-islam.org\/al\/lutjet\/"},{"@type":"ListItem","position":3,"name":"Lutje p\u00ebr vendosjen e nj\u00ebsis\u00eb s\u00eb Zotit n\u00eb t\u00eb gjith\u00eb bot\u00ebn"}]},{"@type":"WebSite","@id":"https:\/\/www.ahmadiyya-islam.org\/al\/#website","url":"https:\/\/www.ahmadiyya-islam.org\/al\/","name":"Xhemati Musliman Ahmedia","description":"Albania","potentialAction":[{"@type":"SearchAction","target":{"@type":"EntryPoint","urlTemplate":"https:\/\/www.ahmadiyya-islam.org\/al\/?s={search_term_string}"},"query-input":{"@type":"PropertyValueSpecification","valueRequired":true,"valueName":"search_term_string"}}],"inLanguage":"sq-AL"}]}},"_links":{"self":[{"href":"https:\/\/www.ahmadiyya-islam.org\/al\/wp-json\/wp\/v2\/prayers\/9133","targetHints":{"allow":["GET"]}}],"collection":[{"href":"https:\/\/www.ahmadiyya-islam.org\/al\/wp-json\/wp\/v2\/prayers"}],"about":[{"href":"https:\/\/www.ahmadiyya-islam.org\/al\/wp-json\/wp\/v2\/types\/prayers"}],"version-history":[{"count":0,"href":"https:\/\/www.ahmadiyya-islam.org\/al\/wp-json\/wp\/v2\/prayers\/9133\/revisions"}],"wp:featuredmedia":[{"embeddable":true,"href":"https:\/\/www.ahmadiyya-islam.org\/al\/wp-json\/wp\/v2\/media\/9136"}],"wp:attachment":[{"href":"https:\/\/www.ahmadiyya-islam.org\/al\/wp-json\/wp\/v2\/media?parent=9133"}],"wp:term":[{"taxonomy":"post_tag","embeddable":true,"href":"https:\/\/www.ahmadiyya-islam.org\/al\/wp-json\/wp\/v2\/tags?post=9133"},{"taxonomy":"authors","embeddable":true,"href":"https:\/\/www.ahmadiyya-islam.org\/al\/wp-json\/wp\/v2\/authors?post=9133"},{"taxonomy":"content_source","embeddable":true,"href":"https:\/\/www.ahmadiyya-islam.org\/al\/wp-json\/wp\/v2\/content_source?post=9133"}],"curies":[{"name":"wp","href":"https:\/\/api.w.org\/{rel}","templated":true}]}}