{"id":910,"date":"2015-05-04T14:29:20","date_gmt":"2015-05-04T14:29:20","guid":{"rendered":"http:\/\/www.ahmadiyya-islam.org\/al\/?post_type=prayers&#038;p=910"},"modified":"2019-02-20T12:17:46","modified_gmt":"2019-02-20T12:17:46","slug":"lutje-te-ndryshme-gjate-kijamit","status":"publish","type":"prayers","link":"https:\/\/www.ahmadiyya-islam.org\/al\/lutjet\/lutje-te-ndryshme-gjate-kijamit\/","title":{"rendered":"Lutje t\u00eb ndryshme gjat\u00eb q\u00ebndrimit (kijamit) pas r\u00f9ku-s\u00eb"},"content":{"rendered":"<p>(1) Hazret Ebu Seid Hudriju r.a. tregon se i D\u00ebrguari i Allahut s.a.s. pasi ngrinte kok\u00ebn nga r\u00f9kuja, gjat\u00eb <em>kijamit<\/em> b\u00ebnte k\u00ebt\u00eb lutje:<\/p>\n<blockquote><p><img loading=\"lazy\" decoding=\"async\" class=\"aligncenter size-full wp-image-4886\" src=\"http:\/\/www.ahmadiyya-islam.org\/al\/wp-content\/uploads\/sites\/3\/2015\/05\/lutje-gjate-kijamit-1.jpg\" alt=\"lutje gjate kijamit\" width=\"791\" height=\"250\" srcset=\"https:\/\/www.ahmadiyya-islam.org\/al\/wp-content\/uploads\/sites\/3\/2015\/05\/lutje-gjate-kijamit-1.jpg 791w, https:\/\/www.ahmadiyya-islam.org\/al\/wp-content\/uploads\/sites\/3\/2015\/05\/lutje-gjate-kijamit-1-300x95.jpg 300w, https:\/\/www.ahmadiyya-islam.org\/al\/wp-content\/uploads\/sites\/3\/2015\/05\/lutje-gjate-kijamit-1-768x243.jpg 768w\" sizes=\"auto, (max-width: 791px) 100vw, 791px\" \/>\u0627\u064e\u0644\u0644\u0651\u0670\u06be\u064f\u0645\u0651\u064e \u0631\u064e\u0628\u0651\u064e\u0646\u064e\u0627 \u0644\u064e\u06a9\u064e \u0627\u0644\u062d\u064e\u0645\u062f\u064f \u060c\u0645\u0650\u0644\u0626\u064f \u0627\u0644\u0633\u0651\u064e\u0645\u0670\u0648\u064e\u0627\u062a\u0650 \u0648\u064e\u0645\u0650\u0644\u0626\u064f \u0627\u0644\u064e\u0627\u0631\u0636\u0650\u060c\u0648\u064e\u0645\u0650\u0644\u0626\u064f \u0645\u064e\u0627\u0634\u0650\u0626\u062a\u064e \u0645\u0650\u0646 \u0634\u064e\u06cc\u0626\u064d \u0628\u064e\u0639\u062f\u064f \u060c\u0627\u064e\u06be\u0644\u064e \u0627\u0644\u062b\u0651\u064e\u0646\u064e\u0627\u0626\u0650 \u0648\u064e\u0627\u0644\u0645\u064e\u062c\u062f\u0650 \u0627\u064e\u062d\u064e\u0642\u0651\u064f \u0645\u064e\u0627 \u0642\u064e\u0627\u0644\u064e \u0627\u0644\u0639\u064e\u0628\u062f\u064f \u0648\u064e\u06a9\u064f\u0644\u0651\u064f\u0646\u064e\u0627 \u0644\u064e\u06a9\u064e \u0639\u064e\u0628\u062f \u060c\u0627\u064e\u0644\u0644\u0651\u0670\u06be\u064f\u0645\u0651\u064e \u0644\u064e\u0627 \u0645\u064e\u0627\u0646\u0650\u0639\u064e \u0644\u0650\u0645\u064e\u0627 \u0627\u064e\u0639\u0637\u064e\u06cc\u062a\u064e \u060c\u0648\u064e\u0644\u064e\u0627 \u0645\u064f\u0639\u0637\u0650\u06cc\u064e \u0644\u0650\u0645\u064e\u0627 \u0645\u064e\u0646\u064e\u0639\u062a\u064e \u060c\u0648\u064e\u0644\u064e\u0627 \u06cc\u064e\u0646\u0641\u064e\u0639\u064f \u0630\u064e\u0627\u0627\u0644\u062c\u064e\u062f\u0650\u0651 \u0645\u0650\u0646\u06a9\u064e \u0627\u0644\u062c\u064e\u062f\u0651\u064f\u06d4<\/p>\n<p><strong>O Allah, o Zoti yn\u00eb! E Jotja \u00ebsht\u00eb lavdia. T\u00eb gjith\u00eb qiejt dhe toka jan\u00eb t\u00eb mbushura me lavdin\u00eb ndaj Teje dhe \u00e7far\u00ebdo tjet\u00ebr q\u00eb t\u00eb sjell\u00ebsh pas k\u00ebsaj, s\u00ebrish mund t\u00eb mbushet me lavdin\u00eb ndaj Teje. Mir\u00ebnjohja dhe nderi t\u00eb takojn\u00eb Ty. Sado q\u00eb t\u00eb fal\u00ebnderon robi, Ti e meriton fal\u00ebnderimin e tij. T\u00eb gjith\u00eb jemi rob\u00ebrit e Tu. O Allah! Askush nuk mund ta pengoj\u00eb at\u00eb q\u00eb Ti jep, as nuk mund t\u00eb jap\u00eb ndokush di\u00e7ka q\u00eb Ti e refuzon. Asnj\u00eb i nderuar nuk mund t\u00eb p\u00ebrfitoj\u00eb nga nderi i vet p\u00ebrball\u00eb Teje.<a href=\"#_ftn1\" name=\"_ftnref1\"><sup><strong><sup>[1]<\/sup><\/strong><\/sup><\/a><\/strong><\/p><\/blockquote>\n<p>(2) Hazret Ebu Hurejrah r.a. tregon se i D\u00ebrguari i Allahut s.a.s. gjat\u00eb koh\u00ebs kur ngrihej nga r\u00f9ku thoshte:<\/p>\n<blockquote><p><em>Samiallahu limen hamida<\/em><\/p>\n<p><strong>Allahu e d\u00ebgjoi at\u00eb, q\u00eb e lavd\u00ebroi At\u00eb!<\/strong><\/p><\/blockquote>\n<p>Dhe m\u00eb pas b\u00ebnte k\u00ebt\u00eb lutje:<\/p>\n<blockquote><p>\u0627\u064e\u0644\u0644\u0651\u0670\u06be\u064f\u0645\u0651\u064e \u0631\u064e\u0628\u0651\u064e\u0646\u064e\u0627 \u0648\u064e\u0644\u064e\u06a9\u064e \u0627\u0644\u062d\u064e\u0645\u062f\u064f<\/p>\n<p><strong>O Allah! O Zoti yn\u00eb! Lavdia \u00ebsht\u00eb e Jotja!<a href=\"#_ftn2\" name=\"_ftnref2\"><sup><strong><sup>[2]<\/sup><\/strong><\/sup><\/a> <\/strong><\/p><\/blockquote>\n<p>(3) Hazret Rafia Ibni Zerki r.a. rr\u00ebfen:<\/p>\n<p>Nj\u00eb dit\u00eb fal\u00ebm namazin pas t\u00eb D\u00ebrguarit t\u00eb Allahut s.a.s.. Kur ai e ngriti kok\u00ebn nga ruku\u00a0dhe tha<em> semiallahu limen hamida,<\/em> nj\u00eb njeri tha:<\/p>\n<blockquote><p>\u0631\u064e\u0628\u0651\u064e\u0646\u064e\u0627 \u0648\u064e\u0644\u064e\u06a9\u064e \u0627\u0644\u062d\u064e\u0645\u062f\u064f \u062d\u064e\u0645\u062f\u064b\u0627 \u06a9\u064e\u062b\u0650\u06cc\u0631\u064b\u0627 \u0637\u064e\u06cc\u0650\u0651\u0628\u064b\u0627 \u0645\u064f\u0628\u064e\u0627\u0631\u064e\u06a9\u064b\u0627 \u0641\u0650\u06cc\u06c1\u0650\u06d4<\/p>\n<p><strong>O Zoti yn\u00eb! Lavdia \u00ebsht\u00eb e Jotja! Lavdi e shumt\u00eb, e past\u00ebr dhe e bekuar!<a href=\"#_ftn3\" name=\"_ftnref3\"><sup><strong><sup>[3]<\/sup><\/strong><\/sup><\/a><\/strong><\/p><\/blockquote>\n<p>Pas namazit, i D\u00ebrguari i Allahut s.a.s. tha:<\/p>\n<p>Pash\u00eb m\u00eb shum\u00eb se 30 engj\u00ebj dhe secili prej tyre nxitonte t\u00eb ishte i pari p\u00ebr t\u2019i shkruar k\u00ebto fjal\u00eb.<\/p>\n<hr \/>\n<p><a href=\"#_ftnref1\" name=\"_ftn1\"><sup><\/sup><sup>[1]<\/sup><\/a>. Muslimi, Kitabus-salat, bab ma jekulu idha rafa\u2019a ra\u2019sahu miner-ruku.<br \/>\n<a href=\"#_ftnref2\" name=\"_ftn2\"><sup><\/sup><sup>[2]<\/sup><\/a>. Buhariu, Kitab sifatis-salat, bab fadli \u201cAllahuma rabana ue lakel hamd\u201d.<br \/>\n<a href=\"#_ftnref3\" name=\"_ftn3\"><sup><\/sup><sup>[3]<\/sup><\/a>. Po aty.<\/p>\n","protected":false},"excerpt":{"rendered":"<p>(1) Hazret Ebu Seid Hudriju r.a. tregon se i D\u00ebrguari i Allahut s.a.s. pasi ngrinte kok\u00ebn nga r\u00f9kuja, gjat\u00eb kijamit b\u00ebnte k\u00ebt\u00eb lutje: \u0627\u064e\u0644\u0644\u0651\u0670\u06be\u064f\u0645\u0651\u064e \u0631\u064e\u0628\u0651\u064e\u0646\u064e\u0627 \u0644\u064e\u06a9\u064e \u0627\u0644\u062d\u064e\u0645\u062f\u064f \u060c\u0645\u0650\u0644\u0626\u064f \u0627\u0644\u0633\u0651\u064e\u0645\u0670\u0648\u064e\u0627\u062a\u0650 \u0648\u064e\u0645\u0650\u0644\u0626\u064f \u0627\u0644\u064e\u0627\u0631\u0636\u0650\u060c\u0648\u064e\u0645\u0650\u0644\u0626\u064f \u0645\u064e\u0627\u0634\u0650\u0626\u062a\u064e \u0645\u0650\u0646 \u0634\u064e\u06cc\u0626\u064d \u0628\u064e\u0639\u062f\u064f \u060c\u0627\u064e\u06be\u0644\u064e \u0627\u0644\u062b\u0651\u064e\u0646\u064e\u0627\u0626\u0650 \u0648\u064e\u0627\u0644\u0645\u064e\u062c\u062f\u0650 \u0627\u064e\u062d\u064e\u0642\u0651\u064f \u0645\u064e\u0627 \u0642\u064e\u0627\u0644\u064e \u0627\u0644\u0639\u064e\u0628\u062f\u064f \u0648\u064e\u06a9\u064f\u0644\u0651\u064f\u0646\u064e\u0627 \u0644\u064e\u06a9\u064e \u0639\u064e\u0628\u062f \u060c\u0627\u064e\u0644\u0644\u0651\u0670\u06be\u064f\u0645\u0651\u064e \u0644\u064e\u0627 \u0645\u064e\u0627\u0646\u0650\u0639\u064e \u0644\u0650\u0645\u064e\u0627 \u0627\u064e\u0639\u0637\u064e\u06cc\u062a\u064e \u060c\u0648\u064e\u0644\u064e\u0627 \u0645\u064f\u0639\u0637\u0650\u06cc\u064e \u0644\u0650\u0645\u064e\u0627 \u0645\u064e\u0646\u064e\u0639\u062a\u064e \u060c\u0648\u064e\u0644\u064e\u0627<\/p>\n","protected":false},"featured_media":3031,"parent":0,"template":"","tags":[197,201],"authors":[481],"content_source":[],"class_list":["post-910","prayers","type-prayers","status-publish","has-post-thumbnail","hentry","tag-namazi","tag-ruku","topics-lutjet-per-namaz","prayer-cat-lutjet-e-te-derguarit-te-allahut-s-a","authors-profeti-muhamed"],"acf":[],"yoast_head":"<!-- This site is optimized with the Yoast SEO Premium plugin v21.1 (Yoast SEO v27.4) - https:\/\/yoast.com\/product\/yoast-seo-premium-wordpress\/ -->\n<title>Lutje t\u00eb ndryshme gjat\u00eb q\u00ebndrimit (kijamit) pas r\u00f9ku-s\u00eb<\/title>\n<meta name=\"description\" content=\"Lutje gjat\u00eb kijamit: O Zoti yn\u00eb!Lavdia \u00ebsht\u00eb e Jotja! Lavdi e shumt\u00eb, e past\u00ebr dhe e bekuar! Profeti tha: Pash\u00eb m\u00eb shum\u00eb se 30 engj\u00ebj ...\" \/>\n<meta name=\"robots\" content=\"index, follow, max-snippet:-1, max-image-preview:large, max-video-preview:-1\" \/>\n<link rel=\"canonical\" href=\"https:\/\/www.ahmadiyya-islam.org\/al\/lutjet\/lutje-te-ndryshme-gjate-kijamit\/\" \/>\n<meta property=\"og:locale\" content=\"sq_AL\" \/>\n<meta property=\"og:type\" content=\"article\" \/>\n<meta property=\"og:title\" content=\"Lutje t\u00eb ndryshme gjat\u00eb q\u00ebndrimit (kijamit) pas r\u00f9ku-s\u00eb\" \/>\n<meta property=\"og:description\" content=\"Lutje gjat\u00eb kijamit: O Zoti yn\u00eb!Lavdia \u00ebsht\u00eb e Jotja! Lavdi e shumt\u00eb, e past\u00ebr dhe e bekuar! Profeti tha: Pash\u00eb m\u00eb shum\u00eb se 30 engj\u00ebj ...\" \/>\n<meta property=\"og:url\" content=\"https:\/\/www.ahmadiyya-islam.org\/al\/lutjet\/lutje-te-ndryshme-gjate-kijamit\/\" \/>\n<meta property=\"og:site_name\" content=\"Xhemati Musliman Ahmedia\" \/>\n<meta property=\"article:modified_time\" content=\"2019-02-20T12:17:46+00:00\" \/>\n<meta property=\"og:image\" content=\"https:\/\/www.ahmadiyya-islam.org\/al\/wp-content\/uploads\/sites\/3\/2015\/07\/Lutjet-e-Profetit-Muhammed-s.a..jpg\" \/>\n\t<meta property=\"og:image:width\" content=\"1200\" \/>\n\t<meta property=\"og:image:height\" content=\"600\" \/>\n\t<meta property=\"og:image:type\" content=\"image\/jpeg\" \/>\n<meta name=\"twitter:card\" content=\"summary_large_image\" \/>\n<meta name=\"twitter:label1\" content=\"Est. reading time\" \/>\n\t<meta name=\"twitter:data1\" content=\"2 minutes\" \/>\n<script type=\"application\/ld+json\" class=\"yoast-schema-graph\">{\"@context\":\"https:\\\/\\\/schema.org\",\"@graph\":[{\"@type\":\"WebPage\",\"@id\":\"https:\\\/\\\/www.ahmadiyya-islam.org\\\/al\\\/lutjet\\\/lutje-te-ndryshme-gjate-kijamit\\\/\",\"url\":\"https:\\\/\\\/www.ahmadiyya-islam.org\\\/al\\\/lutjet\\\/lutje-te-ndryshme-gjate-kijamit\\\/\",\"name\":\"Lutje t\u00eb ndryshme gjat\u00eb q\u00ebndrimit (kijamit) pas r\u00f9ku-s\u00eb\",\"isPartOf\":{\"@id\":\"https:\\\/\\\/www.ahmadiyya-islam.org\\\/al\\\/#website\"},\"primaryImageOfPage\":{\"@id\":\"https:\\\/\\\/www.ahmadiyya-islam.org\\\/al\\\/lutjet\\\/lutje-te-ndryshme-gjate-kijamit\\\/#primaryimage\"},\"image\":{\"@id\":\"https:\\\/\\\/www.ahmadiyya-islam.org\\\/al\\\/lutjet\\\/lutje-te-ndryshme-gjate-kijamit\\\/#primaryimage\"},\"thumbnailUrl\":\"https:\\\/\\\/www.ahmadiyya-islam.org\\\/al\\\/wp-content\\\/uploads\\\/sites\\\/3\\\/2015\\\/07\\\/Lutjet-e-Profetit-Muhammed-s.a..jpg\",\"datePublished\":\"2015-05-04T14:29:20+00:00\",\"dateModified\":\"2019-02-20T12:17:46+00:00\",\"description\":\"Lutje gjat\u00eb kijamit: O Zoti yn\u00eb!Lavdia \u00ebsht\u00eb e Jotja! Lavdi e shumt\u00eb, e past\u00ebr dhe e bekuar! Profeti tha: Pash\u00eb m\u00eb shum\u00eb se 30 engj\u00ebj ...\",\"breadcrumb\":{\"@id\":\"https:\\\/\\\/www.ahmadiyya-islam.org\\\/al\\\/lutjet\\\/lutje-te-ndryshme-gjate-kijamit\\\/#breadcrumb\"},\"inLanguage\":\"sq-AL\",\"potentialAction\":[{\"@type\":\"ReadAction\",\"target\":[\"https:\\\/\\\/www.ahmadiyya-islam.org\\\/al\\\/lutjet\\\/lutje-te-ndryshme-gjate-kijamit\\\/\"]}]},{\"@type\":\"ImageObject\",\"inLanguage\":\"sq-AL\",\"@id\":\"https:\\\/\\\/www.ahmadiyya-islam.org\\\/al\\\/lutjet\\\/lutje-te-ndryshme-gjate-kijamit\\\/#primaryimage\",\"url\":\"https:\\\/\\\/www.ahmadiyya-islam.org\\\/al\\\/wp-content\\\/uploads\\\/sites\\\/3\\\/2015\\\/07\\\/Lutjet-e-Profetit-Muhammed-s.a..jpg\",\"contentUrl\":\"https:\\\/\\\/www.ahmadiyya-islam.org\\\/al\\\/wp-content\\\/uploads\\\/sites\\\/3\\\/2015\\\/07\\\/Lutjet-e-Profetit-Muhammed-s.a..jpg\",\"width\":1200,\"height\":600,\"caption\":\"lutje e Profetit\"},{\"@type\":\"BreadcrumbList\",\"@id\":\"https:\\\/\\\/www.ahmadiyya-islam.org\\\/al\\\/lutjet\\\/lutje-te-ndryshme-gjate-kijamit\\\/#breadcrumb\",\"itemListElement\":[{\"@type\":\"ListItem\",\"position\":1,\"name\":\"Home\",\"item\":\"https:\\\/\\\/www.ahmadiyya-islam.org\\\/al\\\/\"},{\"@type\":\"ListItem\",\"position\":2,\"name\":\"Lutjet\",\"item\":\"https:\\\/\\\/www.ahmadiyya-islam.org\\\/al\\\/lutjet\\\/\"},{\"@type\":\"ListItem\",\"position\":3,\"name\":\"Lutje t\u00eb ndryshme gjat\u00eb q\u00ebndrimit (kijamit) pas r\u00f9ku-s\u00eb\"}]},{\"@type\":\"WebSite\",\"@id\":\"https:\\\/\\\/www.ahmadiyya-islam.org\\\/al\\\/#website\",\"url\":\"https:\\\/\\\/www.ahmadiyya-islam.org\\\/al\\\/\",\"name\":\"Xhemati Musliman Ahmedia\",\"description\":\"Albania\",\"potentialAction\":[{\"@type\":\"SearchAction\",\"target\":{\"@type\":\"EntryPoint\",\"urlTemplate\":\"https:\\\/\\\/www.ahmadiyya-islam.org\\\/al\\\/?s={search_term_string}\"},\"query-input\":{\"@type\":\"PropertyValueSpecification\",\"valueRequired\":true,\"valueName\":\"search_term_string\"}}],\"inLanguage\":\"sq-AL\"}]}<\/script>\n<!-- \/ Yoast SEO Premium plugin. -->","yoast_head_json":{"title":"Lutje t\u00eb ndryshme gjat\u00eb q\u00ebndrimit (kijamit) pas r\u00f9ku-s\u00eb","description":"Lutje gjat\u00eb kijamit: O Zoti yn\u00eb!Lavdia \u00ebsht\u00eb e Jotja! Lavdi e shumt\u00eb, e past\u00ebr dhe e bekuar! Profeti tha: Pash\u00eb m\u00eb shum\u00eb se 30 engj\u00ebj ...","robots":{"index":"index","follow":"follow","max-snippet":"max-snippet:-1","max-image-preview":"max-image-preview:large","max-video-preview":"max-video-preview:-1"},"canonical":"https:\/\/www.ahmadiyya-islam.org\/al\/lutjet\/lutje-te-ndryshme-gjate-kijamit\/","og_locale":"sq_AL","og_type":"article","og_title":"Lutje t\u00eb ndryshme gjat\u00eb q\u00ebndrimit (kijamit) pas r\u00f9ku-s\u00eb","og_description":"Lutje gjat\u00eb kijamit: O Zoti yn\u00eb!Lavdia \u00ebsht\u00eb e Jotja! Lavdi e shumt\u00eb, e past\u00ebr dhe e bekuar! Profeti tha: Pash\u00eb m\u00eb shum\u00eb se 30 engj\u00ebj ...","og_url":"https:\/\/www.ahmadiyya-islam.org\/al\/lutjet\/lutje-te-ndryshme-gjate-kijamit\/","og_site_name":"Xhemati Musliman Ahmedia","article_modified_time":"2019-02-20T12:17:46+00:00","og_image":[{"width":1200,"height":600,"url":"https:\/\/www.ahmadiyya-islam.org\/al\/wp-content\/uploads\/sites\/3\/2015\/07\/Lutjet-e-Profetit-Muhammed-s.a..jpg","type":"image\/jpeg"}],"twitter_card":"summary_large_image","twitter_misc":{"Est. reading time":"2 minutes"},"schema":{"@context":"https:\/\/schema.org","@graph":[{"@type":"WebPage","@id":"https:\/\/www.ahmadiyya-islam.org\/al\/lutjet\/lutje-te-ndryshme-gjate-kijamit\/","url":"https:\/\/www.ahmadiyya-islam.org\/al\/lutjet\/lutje-te-ndryshme-gjate-kijamit\/","name":"Lutje t\u00eb ndryshme gjat\u00eb q\u00ebndrimit (kijamit) pas r\u00f9ku-s\u00eb","isPartOf":{"@id":"https:\/\/www.ahmadiyya-islam.org\/al\/#website"},"primaryImageOfPage":{"@id":"https:\/\/www.ahmadiyya-islam.org\/al\/lutjet\/lutje-te-ndryshme-gjate-kijamit\/#primaryimage"},"image":{"@id":"https:\/\/www.ahmadiyya-islam.org\/al\/lutjet\/lutje-te-ndryshme-gjate-kijamit\/#primaryimage"},"thumbnailUrl":"https:\/\/www.ahmadiyya-islam.org\/al\/wp-content\/uploads\/sites\/3\/2015\/07\/Lutjet-e-Profetit-Muhammed-s.a..jpg","datePublished":"2015-05-04T14:29:20+00:00","dateModified":"2019-02-20T12:17:46+00:00","description":"Lutje gjat\u00eb kijamit: O Zoti yn\u00eb!Lavdia \u00ebsht\u00eb e Jotja! Lavdi e shumt\u00eb, e past\u00ebr dhe e bekuar! Profeti tha: Pash\u00eb m\u00eb shum\u00eb se 30 engj\u00ebj ...","breadcrumb":{"@id":"https:\/\/www.ahmadiyya-islam.org\/al\/lutjet\/lutje-te-ndryshme-gjate-kijamit\/#breadcrumb"},"inLanguage":"sq-AL","potentialAction":[{"@type":"ReadAction","target":["https:\/\/www.ahmadiyya-islam.org\/al\/lutjet\/lutje-te-ndryshme-gjate-kijamit\/"]}]},{"@type":"ImageObject","inLanguage":"sq-AL","@id":"https:\/\/www.ahmadiyya-islam.org\/al\/lutjet\/lutje-te-ndryshme-gjate-kijamit\/#primaryimage","url":"https:\/\/www.ahmadiyya-islam.org\/al\/wp-content\/uploads\/sites\/3\/2015\/07\/Lutjet-e-Profetit-Muhammed-s.a..jpg","contentUrl":"https:\/\/www.ahmadiyya-islam.org\/al\/wp-content\/uploads\/sites\/3\/2015\/07\/Lutjet-e-Profetit-Muhammed-s.a..jpg","width":1200,"height":600,"caption":"lutje e Profetit"},{"@type":"BreadcrumbList","@id":"https:\/\/www.ahmadiyya-islam.org\/al\/lutjet\/lutje-te-ndryshme-gjate-kijamit\/#breadcrumb","itemListElement":[{"@type":"ListItem","position":1,"name":"Home","item":"https:\/\/www.ahmadiyya-islam.org\/al\/"},{"@type":"ListItem","position":2,"name":"Lutjet","item":"https:\/\/www.ahmadiyya-islam.org\/al\/lutjet\/"},{"@type":"ListItem","position":3,"name":"Lutje t\u00eb ndryshme gjat\u00eb q\u00ebndrimit (kijamit) pas r\u00f9ku-s\u00eb"}]},{"@type":"WebSite","@id":"https:\/\/www.ahmadiyya-islam.org\/al\/#website","url":"https:\/\/www.ahmadiyya-islam.org\/al\/","name":"Xhemati Musliman Ahmedia","description":"Albania","potentialAction":[{"@type":"SearchAction","target":{"@type":"EntryPoint","urlTemplate":"https:\/\/www.ahmadiyya-islam.org\/al\/?s={search_term_string}"},"query-input":{"@type":"PropertyValueSpecification","valueRequired":true,"valueName":"search_term_string"}}],"inLanguage":"sq-AL"}]}},"_links":{"self":[{"href":"https:\/\/www.ahmadiyya-islam.org\/al\/wp-json\/wp\/v2\/prayers\/910","targetHints":{"allow":["GET"]}}],"collection":[{"href":"https:\/\/www.ahmadiyya-islam.org\/al\/wp-json\/wp\/v2\/prayers"}],"about":[{"href":"https:\/\/www.ahmadiyya-islam.org\/al\/wp-json\/wp\/v2\/types\/prayers"}],"version-history":[{"count":0,"href":"https:\/\/www.ahmadiyya-islam.org\/al\/wp-json\/wp\/v2\/prayers\/910\/revisions"}],"wp:featuredmedia":[{"embeddable":true,"href":"https:\/\/www.ahmadiyya-islam.org\/al\/wp-json\/wp\/v2\/media\/3031"}],"wp:attachment":[{"href":"https:\/\/www.ahmadiyya-islam.org\/al\/wp-json\/wp\/v2\/media?parent=910"}],"wp:term":[{"taxonomy":"post_tag","embeddable":true,"href":"https:\/\/www.ahmadiyya-islam.org\/al\/wp-json\/wp\/v2\/tags?post=910"},{"taxonomy":"authors","embeddable":true,"href":"https:\/\/www.ahmadiyya-islam.org\/al\/wp-json\/wp\/v2\/authors?post=910"},{"taxonomy":"content_source","embeddable":true,"href":"https:\/\/www.ahmadiyya-islam.org\/al\/wp-json\/wp\/v2\/content_source?post=910"}],"curies":[{"name":"wp","href":"https:\/\/api.w.org\/{rel}","templated":true}]}}