{"id":9015,"date":"2019-03-18T17:31:16","date_gmt":"2019-03-18T17:31:16","guid":{"rendered":"https:\/\/www.ahmadiyya-islam.org\/al\/?post_type=prayers&#038;p=9015"},"modified":"2019-03-18T17:31:16","modified_gmt":"2019-03-18T17:31:16","slug":"lutje-per-tu-mbrojtur-nga-zilia","status":"publish","type":"prayers","link":"https:\/\/www.ahmadiyya-islam.org\/al\/lutjet\/lutje-per-tu-mbrojtur-nga-zilia\/","title":{"rendered":"Lutje p\u00ebr t\u2019u mbrojtur nga zilia"},"content":{"rendered":"<p>Nj\u00eb sahab fali namazin bashk\u00eb me t\u00eb D\u00ebrguarin e Allahut s.a.v.s.. I D\u00ebrguari i Allahut s.a.v.s. tha: \u201cKy \u00ebsht\u00eb xhenetli!\u201d Hazret Abdullah Ibni Omerit r.a. i lindi k\u00ebrsh\u00ebria p\u00ebr t\u00eb zbuluar se nga cila vep\u00ebr e tij Zoti i Madh\u00ebrish\u00ebm ia b\u00ebri k\u00ebt\u00eb mir\u00ebsi. Ai vizitoi sht\u00ebpin\u00eb e tij dhe bujti tek ai, i cili e mikpriti mjaft ngroht\u00eb. Abdullah Ibni Omeri r.a. rr\u00ebfen:<\/p>\n<p>\u201cNat\u00ebn un\u00eb fala namazin e <em>tehexhudit<\/em>, por ai nuk u zgjua. T\u00eb nes\u00ebrmen un\u00eb agj\u00ebrova, kurse ai jo. At\u00ebher\u00eb nuk durova dot dhe e pyeta se cila \u00ebsht\u00eb ajo vep\u00ebr q\u00eb t\u00eb ka b\u00ebr\u00eb xhenetli, sepse i D\u00ebrguari i Allahut s.a.v.s. tha se je i till\u00eb.<\/p>\n<p>\u201cM\u00eb mir\u00eb pyete t\u00eb D\u00ebrguarin e Allahut s.a.v.s., q\u00eb t\u00eb njoftoi se jam xhenetli\u201d, m\u2019u p\u00ebrgjigj ai\u201d.<\/p>\n<p>Abdullah Ibni Omeri r.a. shkoi tek i D\u00ebrguari i Allahut s.a.v.s. p\u00ebr t\u2019u sqaruar, por ai i tha:<\/p>\n<p>\u201cThuaji q\u00eb t\u00eb ta tregoj\u00eb vepr\u00ebn e tij\u201d.<\/p>\n<p>Vet\u00ebm at\u00ebher\u00eb sahabi n\u00eb fjal\u00eb i tregoi duke th\u00ebn\u00eb:<\/p>\n<p><strong>\u201cBota tek un\u00eb nuk vlen p\u00ebr asgj\u00eb. Nuk merakosem fare se sa e fitoj dhe sa e humb at\u00eb. S\u00eb dyti, nuk kam zili n\u00eb zem\u00ebr ndaj askujt\u201d.<\/strong><\/p>\n<p>Hazret Abdullahu r.a. u shpreh: \u201cPadyshim q\u00eb Allahu t\u00eb dha ep\u00ebrsi mbi ne dhe pik\u00ebrisht k\u00ebt\u00eb lutje Ai ua ka m\u00ebsuar besimtar\u00ebve\u201d.<a href=\"#_ftn1\" name=\"_ftnref1\"><sup>[1]<\/sup><\/a><\/p>\n<p style=\"text-align: center\">\n<p><span class=\"quranic\">\u0631\u064e\u0628\u0651\u064e\u0646\u064e\u0627 \u0627\u063a\u06e1\u0641\u0650\u0631\u06e1 \u0644\u064e\u0646\u064e\u0627 \u0648\u064e \u0644\u0650\u0627\u0650\u062e\u06e1\u0648\u064e\u0627\u0646\u0650\u0646\u064e\u0627 \u0627\u0644\u0651\u064e\u0630\u0650\u06cc\u06e1\u0646\u064e \u0633\u064e\u0628\u064e\u0642\u064f\u0648\u06e1\u0646\u064e\u0627 \u0628\u0650\u0627\u0644\u06e1\u0627\u0650\u06cc\u06e1\u0645\u064e\u0627\u0646\u0650 \u0648\u064e \u0644\u064e\u0627 \u062a\u064e\u062c\u06e1\u0639\u064e\u0644\u06e1 \u0641\u0650\u06cc\u06e1 \u0642\u064f\u0644\u064f\u0648\u06e1\u0628\u0650\u0646\u064e\u0627 \u063a\u0650\u0644\u0651\u064b\u0627 \u0644\u0651\u0650\u0644\u0651\u064e\u0630\u0650\u06cc\u06e1\u0646\u064e \u0627\u0670\u0645\u064e\u0646\u064f\u0648\u06e1\u0627 \u0631\u064e\u0628\u0651\u064e\u0646\u064e\u0627\u06e4 \u0627\u0650\u0646\u0651\u064e\u06a9\u064e \u0631\u064e\u0621\u064f\u0648\u06e1\u0641\u064c \u0631\u0651\u064e\u062d\u0650\u06cc\u06e1\u0645\u064c<\/span><\/p>\n<blockquote><p><strong>O Zoti yn\u00eb! Na fal ne dhe v\u00ebllez\u00ebrit tan\u00eb paraardh\u00ebs n\u00eb besim dhe mos l\u00ebr zili aspak n\u00eb zemrat tona ndaj atyre q\u00eb besuan. O Zoti yn\u00eb! Pa dyshim, je i Dhembshur, M\u00ebshir\u00ebb\u00ebr\u00ebs.<\/strong><a href=\"#_ftn2\" name=\"_ftnref2\"><sup>[2]<\/sup><\/a><\/p><\/blockquote>\n<p><a href=\"#_ftnref1\" name=\"_ftn1\"><sup>[1]<\/sup><\/a>. Xhelalud-din es-Sujuti, &#8220;Ed-Durrul-Menthur&#8221;, v\u00ebll. 5, f. 199.<br \/>\n<a href=\"#_ftnref2\" name=\"_ftn2\"><sup>[2]<\/sup><\/a>. Kurani Fam\u00eblart\u00eb 59:11.<\/p>\n","protected":false},"excerpt":{"rendered":"<p>Nj\u00eb sahab fali namazin bashk\u00eb me t\u00eb D\u00ebrguarin e Allahut s.a.v.s.. I D\u00ebrguari i Allahut s.a.v.s. tha: \u201cKy \u00ebsht\u00eb xhenetli!\u201d Hazret Abdullah Ibni Omerit r.a. i lindi k\u00ebrsh\u00ebria p\u00ebr t\u00eb zbuluar se nga cila vep\u00ebr e tij Zoti i Madh\u00ebrish\u00ebm ia b\u00ebri k\u00ebt\u00eb mir\u00ebsi.<\/p>\n","protected":false},"featured_media":8952,"parent":0,"template":"","tags":[521,275],"authors":[],"content_source":[],"class_list":["post-9015","prayers","type-prayers","status-publish","has-post-thumbnail","hentry","tag-hazret-abdullah-ibni-omeri-r-a","tag-tehexhudi","topics-dashuria-ndaj-njerezimit","topics-veset","topics-virtyte-dhe-morale","prayer-cat-lutjet-e-te-derguarit-te-allahut-s-a"],"acf":[],"yoast_head":"<!-- This site is optimized with the Yoast SEO Premium plugin v21.1 (Yoast SEO v27.4) - https:\/\/yoast.com\/product\/yoast-seo-premium-wordpress\/ -->\n<title>Lutje p\u00ebr t\u2019u mbrojtur nga zilia<\/title>\n<meta name=\"description\" content=\"\u201cBota tek un\u00eb nuk vlen p\u00ebr asgj\u00eb. Nuk merakosem fare se sa e fitoj dhe sa e humb at\u00eb. S\u00eb dyti, nuk kam zili n\u00eb zem\u00ebr ndaj askujt\u201d.\" \/>\n<meta name=\"robots\" content=\"index, follow, max-snippet:-1, max-image-preview:large, max-video-preview:-1\" \/>\n<link rel=\"canonical\" href=\"https:\/\/www.ahmadiyya-islam.org\/al\/lutjet\/lutje-per-tu-mbrojtur-nga-zilia\/\" \/>\n<meta property=\"og:locale\" content=\"sq_AL\" \/>\n<meta property=\"og:type\" content=\"article\" \/>\n<meta property=\"og:title\" content=\"Lutje p\u00ebr t\u2019u mbrojtur nga zilia\" \/>\n<meta property=\"og:description\" content=\"\u201cBota tek un\u00eb nuk vlen p\u00ebr asgj\u00eb. Nuk merakosem fare se sa e fitoj dhe sa e humb at\u00eb. S\u00eb dyti, nuk kam zili n\u00eb zem\u00ebr ndaj askujt\u201d.\" \/>\n<meta property=\"og:url\" content=\"https:\/\/www.ahmadiyya-islam.org\/al\/lutjet\/lutje-per-tu-mbrojtur-nga-zilia\/\" \/>\n<meta property=\"og:site_name\" content=\"Xhemati Musliman Ahmedia\" \/>\n<meta property=\"og:image\" content=\"https:\/\/www.ahmadiyya-islam.org\/al\/wp-content\/uploads\/sites\/3\/2019\/03\/Lutjet-e-Kuranit.jpg\" \/>\n\t<meta property=\"og:image:width\" content=\"1280\" \/>\n\t<meta property=\"og:image:height\" content=\"720\" \/>\n\t<meta property=\"og:image:type\" content=\"image\/jpeg\" \/>\n<meta name=\"twitter:card\" content=\"summary_large_image\" \/>\n<meta name=\"twitter:label1\" content=\"Est. reading time\" \/>\n\t<meta name=\"twitter:data1\" content=\"2 minutes\" \/>\n<script type=\"application\/ld+json\" class=\"yoast-schema-graph\">{\"@context\":\"https:\\\/\\\/schema.org\",\"@graph\":[{\"@type\":\"WebPage\",\"@id\":\"https:\\\/\\\/www.ahmadiyya-islam.org\\\/al\\\/lutjet\\\/lutje-per-tu-mbrojtur-nga-zilia\\\/\",\"url\":\"https:\\\/\\\/www.ahmadiyya-islam.org\\\/al\\\/lutjet\\\/lutje-per-tu-mbrojtur-nga-zilia\\\/\",\"name\":\"Lutje p\u00ebr t\u2019u mbrojtur nga zilia\",\"isPartOf\":{\"@id\":\"https:\\\/\\\/www.ahmadiyya-islam.org\\\/al\\\/#website\"},\"primaryImageOfPage\":{\"@id\":\"https:\\\/\\\/www.ahmadiyya-islam.org\\\/al\\\/lutjet\\\/lutje-per-tu-mbrojtur-nga-zilia\\\/#primaryimage\"},\"image\":{\"@id\":\"https:\\\/\\\/www.ahmadiyya-islam.org\\\/al\\\/lutjet\\\/lutje-per-tu-mbrojtur-nga-zilia\\\/#primaryimage\"},\"thumbnailUrl\":\"https:\\\/\\\/www.ahmadiyya-islam.org\\\/al\\\/wp-content\\\/uploads\\\/sites\\\/3\\\/2019\\\/03\\\/Lutjet-e-Kuranit.jpg\",\"datePublished\":\"2019-03-18T17:31:16+00:00\",\"description\":\"\u201cBota tek un\u00eb nuk vlen p\u00ebr asgj\u00eb. Nuk merakosem fare se sa e fitoj dhe sa e humb at\u00eb. S\u00eb dyti, nuk kam zili n\u00eb zem\u00ebr ndaj askujt\u201d.\",\"breadcrumb\":{\"@id\":\"https:\\\/\\\/www.ahmadiyya-islam.org\\\/al\\\/lutjet\\\/lutje-per-tu-mbrojtur-nga-zilia\\\/#breadcrumb\"},\"inLanguage\":\"sq-AL\",\"potentialAction\":[{\"@type\":\"ReadAction\",\"target\":[\"https:\\\/\\\/www.ahmadiyya-islam.org\\\/al\\\/lutjet\\\/lutje-per-tu-mbrojtur-nga-zilia\\\/\"]}]},{\"@type\":\"ImageObject\",\"inLanguage\":\"sq-AL\",\"@id\":\"https:\\\/\\\/www.ahmadiyya-islam.org\\\/al\\\/lutjet\\\/lutje-per-tu-mbrojtur-nga-zilia\\\/#primaryimage\",\"url\":\"https:\\\/\\\/www.ahmadiyya-islam.org\\\/al\\\/wp-content\\\/uploads\\\/sites\\\/3\\\/2019\\\/03\\\/Lutjet-e-Kuranit.jpg\",\"contentUrl\":\"https:\\\/\\\/www.ahmadiyya-islam.org\\\/al\\\/wp-content\\\/uploads\\\/sites\\\/3\\\/2019\\\/03\\\/Lutjet-e-Kuranit.jpg\",\"width\":1280,\"height\":720,\"caption\":\"lutjet e kuranit lutja\"},{\"@type\":\"BreadcrumbList\",\"@id\":\"https:\\\/\\\/www.ahmadiyya-islam.org\\\/al\\\/lutjet\\\/lutje-per-tu-mbrojtur-nga-zilia\\\/#breadcrumb\",\"itemListElement\":[{\"@type\":\"ListItem\",\"position\":1,\"name\":\"Home\",\"item\":\"https:\\\/\\\/www.ahmadiyya-islam.org\\\/al\\\/\"},{\"@type\":\"ListItem\",\"position\":2,\"name\":\"Lutjet\",\"item\":\"https:\\\/\\\/www.ahmadiyya-islam.org\\\/al\\\/lutjet\\\/\"},{\"@type\":\"ListItem\",\"position\":3,\"name\":\"Lutje p\u00ebr t\u2019u mbrojtur nga zilia\"}]},{\"@type\":\"WebSite\",\"@id\":\"https:\\\/\\\/www.ahmadiyya-islam.org\\\/al\\\/#website\",\"url\":\"https:\\\/\\\/www.ahmadiyya-islam.org\\\/al\\\/\",\"name\":\"Xhemati Musliman Ahmedia\",\"description\":\"Albania\",\"potentialAction\":[{\"@type\":\"SearchAction\",\"target\":{\"@type\":\"EntryPoint\",\"urlTemplate\":\"https:\\\/\\\/www.ahmadiyya-islam.org\\\/al\\\/?s={search_term_string}\"},\"query-input\":{\"@type\":\"PropertyValueSpecification\",\"valueRequired\":true,\"valueName\":\"search_term_string\"}}],\"inLanguage\":\"sq-AL\"}]}<\/script>\n<!-- \/ Yoast SEO Premium plugin. -->","yoast_head_json":{"title":"Lutje p\u00ebr t\u2019u mbrojtur nga zilia","description":"\u201cBota tek un\u00eb nuk vlen p\u00ebr asgj\u00eb. Nuk merakosem fare se sa e fitoj dhe sa e humb at\u00eb. S\u00eb dyti, nuk kam zili n\u00eb zem\u00ebr ndaj askujt\u201d.","robots":{"index":"index","follow":"follow","max-snippet":"max-snippet:-1","max-image-preview":"max-image-preview:large","max-video-preview":"max-video-preview:-1"},"canonical":"https:\/\/www.ahmadiyya-islam.org\/al\/lutjet\/lutje-per-tu-mbrojtur-nga-zilia\/","og_locale":"sq_AL","og_type":"article","og_title":"Lutje p\u00ebr t\u2019u mbrojtur nga zilia","og_description":"\u201cBota tek un\u00eb nuk vlen p\u00ebr asgj\u00eb. Nuk merakosem fare se sa e fitoj dhe sa e humb at\u00eb. S\u00eb dyti, nuk kam zili n\u00eb zem\u00ebr ndaj askujt\u201d.","og_url":"https:\/\/www.ahmadiyya-islam.org\/al\/lutjet\/lutje-per-tu-mbrojtur-nga-zilia\/","og_site_name":"Xhemati Musliman Ahmedia","og_image":[{"width":1280,"height":720,"url":"https:\/\/www.ahmadiyya-islam.org\/al\/wp-content\/uploads\/sites\/3\/2019\/03\/Lutjet-e-Kuranit.jpg","type":"image\/jpeg"}],"twitter_card":"summary_large_image","twitter_misc":{"Est. reading time":"2 minutes"},"schema":{"@context":"https:\/\/schema.org","@graph":[{"@type":"WebPage","@id":"https:\/\/www.ahmadiyya-islam.org\/al\/lutjet\/lutje-per-tu-mbrojtur-nga-zilia\/","url":"https:\/\/www.ahmadiyya-islam.org\/al\/lutjet\/lutje-per-tu-mbrojtur-nga-zilia\/","name":"Lutje p\u00ebr t\u2019u mbrojtur nga zilia","isPartOf":{"@id":"https:\/\/www.ahmadiyya-islam.org\/al\/#website"},"primaryImageOfPage":{"@id":"https:\/\/www.ahmadiyya-islam.org\/al\/lutjet\/lutje-per-tu-mbrojtur-nga-zilia\/#primaryimage"},"image":{"@id":"https:\/\/www.ahmadiyya-islam.org\/al\/lutjet\/lutje-per-tu-mbrojtur-nga-zilia\/#primaryimage"},"thumbnailUrl":"https:\/\/www.ahmadiyya-islam.org\/al\/wp-content\/uploads\/sites\/3\/2019\/03\/Lutjet-e-Kuranit.jpg","datePublished":"2019-03-18T17:31:16+00:00","description":"\u201cBota tek un\u00eb nuk vlen p\u00ebr asgj\u00eb. Nuk merakosem fare se sa e fitoj dhe sa e humb at\u00eb. S\u00eb dyti, nuk kam zili n\u00eb zem\u00ebr ndaj askujt\u201d.","breadcrumb":{"@id":"https:\/\/www.ahmadiyya-islam.org\/al\/lutjet\/lutje-per-tu-mbrojtur-nga-zilia\/#breadcrumb"},"inLanguage":"sq-AL","potentialAction":[{"@type":"ReadAction","target":["https:\/\/www.ahmadiyya-islam.org\/al\/lutjet\/lutje-per-tu-mbrojtur-nga-zilia\/"]}]},{"@type":"ImageObject","inLanguage":"sq-AL","@id":"https:\/\/www.ahmadiyya-islam.org\/al\/lutjet\/lutje-per-tu-mbrojtur-nga-zilia\/#primaryimage","url":"https:\/\/www.ahmadiyya-islam.org\/al\/wp-content\/uploads\/sites\/3\/2019\/03\/Lutjet-e-Kuranit.jpg","contentUrl":"https:\/\/www.ahmadiyya-islam.org\/al\/wp-content\/uploads\/sites\/3\/2019\/03\/Lutjet-e-Kuranit.jpg","width":1280,"height":720,"caption":"lutjet e kuranit lutja"},{"@type":"BreadcrumbList","@id":"https:\/\/www.ahmadiyya-islam.org\/al\/lutjet\/lutje-per-tu-mbrojtur-nga-zilia\/#breadcrumb","itemListElement":[{"@type":"ListItem","position":1,"name":"Home","item":"https:\/\/www.ahmadiyya-islam.org\/al\/"},{"@type":"ListItem","position":2,"name":"Lutjet","item":"https:\/\/www.ahmadiyya-islam.org\/al\/lutjet\/"},{"@type":"ListItem","position":3,"name":"Lutje p\u00ebr t\u2019u mbrojtur nga zilia"}]},{"@type":"WebSite","@id":"https:\/\/www.ahmadiyya-islam.org\/al\/#website","url":"https:\/\/www.ahmadiyya-islam.org\/al\/","name":"Xhemati Musliman Ahmedia","description":"Albania","potentialAction":[{"@type":"SearchAction","target":{"@type":"EntryPoint","urlTemplate":"https:\/\/www.ahmadiyya-islam.org\/al\/?s={search_term_string}"},"query-input":{"@type":"PropertyValueSpecification","valueRequired":true,"valueName":"search_term_string"}}],"inLanguage":"sq-AL"}]}},"_links":{"self":[{"href":"https:\/\/www.ahmadiyya-islam.org\/al\/wp-json\/wp\/v2\/prayers\/9015","targetHints":{"allow":["GET"]}}],"collection":[{"href":"https:\/\/www.ahmadiyya-islam.org\/al\/wp-json\/wp\/v2\/prayers"}],"about":[{"href":"https:\/\/www.ahmadiyya-islam.org\/al\/wp-json\/wp\/v2\/types\/prayers"}],"version-history":[{"count":0,"href":"https:\/\/www.ahmadiyya-islam.org\/al\/wp-json\/wp\/v2\/prayers\/9015\/revisions"}],"wp:featuredmedia":[{"embeddable":true,"href":"https:\/\/www.ahmadiyya-islam.org\/al\/wp-json\/wp\/v2\/media\/8952"}],"wp:attachment":[{"href":"https:\/\/www.ahmadiyya-islam.org\/al\/wp-json\/wp\/v2\/media?parent=9015"}],"wp:term":[{"taxonomy":"post_tag","embeddable":true,"href":"https:\/\/www.ahmadiyya-islam.org\/al\/wp-json\/wp\/v2\/tags?post=9015"},{"taxonomy":"authors","embeddable":true,"href":"https:\/\/www.ahmadiyya-islam.org\/al\/wp-json\/wp\/v2\/authors?post=9015"},{"taxonomy":"content_source","embeddable":true,"href":"https:\/\/www.ahmadiyya-islam.org\/al\/wp-json\/wp\/v2\/content_source?post=9015"}],"curies":[{"name":"wp","href":"https:\/\/api.w.org\/{rel}","templated":true}]}}