{"id":7205,"date":"2018-01-09T17:27:51","date_gmt":"2018-01-09T17:27:51","guid":{"rendered":"https:\/\/www.ahmadiyya-islam.org\/al\/?post_type=prayers&#038;p=7205"},"modified":"2019-02-20T12:19:17","modified_gmt":"2019-02-20T12:19:17","slug":"lutje-per-pelqimin-pamospelqim-dhe-faljen-padenim","status":"publish","type":"prayers","link":"https:\/\/www.ahmadiyya-islam.org\/al\/lutjet\/lutje-per-pelqimin-pamospelqim-dhe-faljen-padenim\/","title":{"rendered":"Lutje p\u00ebr p\u00eblqimin pa asnj\u00eb mosp\u00eblqim dhe p\u00ebr faljen pa asnj\u00eb d\u00ebnim"},"content":{"rendered":"<p>N\u00eb t\u00eb dal\u00eb t\u00eb muajit Rebiuth-thani 1307 hixhri (n\u00ebntor 1889) n\u00eb nj\u00eb takim me sahab\u00ebt, Hazret Mesihu i Premtuar a.s. tha:<\/p>\n<p>\u201cShpesh b\u00ebj lutjen:<\/p>\n<blockquote><p><strong><img loading=\"lazy\" decoding=\"async\" class=\"aligncenter size-medium wp-image-7207\" src=\"https:\/\/www.ahmadiyya-islam.org\/al\/wp-content\/uploads\/sites\/3\/2018\/01\/lutje-per-faljen-300x79.jpg\" alt=\"lutje per faljen\" width=\"300\" height=\"79\" srcset=\"https:\/\/www.ahmadiyya-islam.org\/al\/wp-content\/uploads\/sites\/3\/2018\/01\/lutje-per-faljen-300x79.jpg 300w, https:\/\/www.ahmadiyya-islam.org\/al\/wp-content\/uploads\/sites\/3\/2018\/01\/lutje-per-faljen.jpg 394w\" sizes=\"auto, (max-width: 300px) 100vw, 300px\" \/>O Allah! Qofsh i k\u00ebnaqur me mua n\u00eb at\u00eb m\u00ebnyr\u00eb q\u00eb t\u00eb mos kesh asnj\u00eb pak\u00ebnaq\u00ebsi tjet\u00ebr. M\u00eb falsh mua n\u00eb at\u00eb m\u00ebnyr\u00eb q\u00eb t\u00eb mos m\u00eb d\u00ebnosh asnj\u00ebher\u00eb tjet\u00ebr!<\/strong>\u201d.<\/p><\/blockquote>\n<p style=\"text-align: right\">(Marr\u00eb nga \u201cBejad\u201d i Hazret Hafiz Hakim Nurudinit r.a. Kalif i Par\u00eb i Mesihut t\u00eb Premtuar; Gazeta \u201cEl-Fazl\u201d, 4 prill 1931, f. 1)<\/p>\n","protected":false},"excerpt":{"rendered":"<p>N\u00eb t\u00eb dal\u00eb t\u00eb muajit Rebiuth-thani 1307 hixhri (n\u00ebntor 1889) n\u00eb nj\u00eb takim me sahab\u00ebt, Hazret Mesihu i Premtuar a.s. tha: \u201cShpesh b\u00ebj lutjen: O Allah! Qofsh i k\u00ebnaqur me mua n\u00eb at\u00eb m\u00ebnyr\u00eb q\u00eb t\u00eb mos kesh asnj\u00eb pak\u00ebnaq\u00ebsi tjet\u00ebr. M\u00eb falsh mua n\u00eb at\u00eb m\u00ebnyr\u00eb q\u00eb t\u00eb mos m\u00eb d\u00ebnosh asnj\u00ebher\u00eb tjet\u00ebr!\u201d. (Marr\u00eb<\/p>\n","protected":false},"featured_media":7210,"parent":0,"template":"","tags":[],"authors":[455],"content_source":[],"class_list":["post-7205","prayers","type-prayers","status-publish","has-post-thumbnail","hentry","topics-lutja","prayer-cat-lutjet-e-mesihut-te-premtuar-a-s","authors-hazret-mirza-ghulam-ahmed"],"acf":[],"yoast_head":"<!-- This site is optimized with the Yoast SEO Premium plugin v21.1 (Yoast SEO v27.4) - https:\/\/yoast.com\/product\/yoast-seo-premium-wordpress\/ -->\n<title>Lutje p\u00ebr p\u00eblqimin pa asnj\u00eb mosp\u00eblqim dhe p\u00ebr faljen pa asnj\u00eb d\u00ebnim<\/title>\n<meta name=\"description\" content=\"Duaja dhe lutja e bukur: O Allah! Qofsh i k\u00ebnaqur me mua n\u00eb at\u00eb m\u00ebnyr\u00eb q\u00eb t\u00eb mos kesh asnj\u00eb pak\u00ebnaq\u00ebsi tjet\u00ebr. M\u00eb falsh mua n\u00eb at\u00eb m\u00ebnyr\u00eb q\u00eb t\u00eb mos m\u00eb d\u00ebnosh asnj\u00ebher\u00eb tjet\u00ebr!\" \/>\n<meta name=\"robots\" content=\"index, follow, max-snippet:-1, max-image-preview:large, max-video-preview:-1\" \/>\n<link rel=\"canonical\" href=\"https:\/\/www.ahmadiyya-islam.org\/al\/lutjet\/lutje-per-pelqimin-pamospelqim-dhe-faljen-padenim\/\" \/>\n<meta property=\"og:locale\" content=\"sq_AL\" \/>\n<meta property=\"og:type\" content=\"article\" \/>\n<meta property=\"og:title\" content=\"Lutje p\u00ebr p\u00eblqimin pa asnj\u00eb mosp\u00eblqim dhe p\u00ebr faljen pa asnj\u00eb d\u00ebnim\" \/>\n<meta property=\"og:description\" content=\"Duaja dhe lutja e bukur: O Allah! Qofsh i k\u00ebnaqur me mua n\u00eb at\u00eb m\u00ebnyr\u00eb q\u00eb t\u00eb mos kesh asnj\u00eb pak\u00ebnaq\u00ebsi tjet\u00ebr. M\u00eb falsh mua n\u00eb at\u00eb m\u00ebnyr\u00eb q\u00eb t\u00eb mos m\u00eb d\u00ebnosh asnj\u00ebher\u00eb tjet\u00ebr!\" \/>\n<meta property=\"og:url\" content=\"https:\/\/www.ahmadiyya-islam.org\/al\/lutjet\/lutje-per-pelqimin-pamospelqim-dhe-faljen-padenim\/\" \/>\n<meta property=\"og:site_name\" content=\"Xhemati Musliman Ahmedia\" \/>\n<meta property=\"article:modified_time\" content=\"2019-02-20T12:19:17+00:00\" \/>\n<meta property=\"og:image\" content=\"https:\/\/www.ahmadiyya-islam.org\/al\/wp-content\/uploads\/sites\/3\/2018\/01\/lutje-per-faljen-2.jpg\" \/>\n\t<meta property=\"og:image:width\" content=\"1200\" \/>\n\t<meta property=\"og:image:height\" content=\"550\" \/>\n\t<meta property=\"og:image:type\" content=\"image\/jpeg\" \/>\n<meta name=\"twitter:card\" content=\"summary_large_image\" \/>\n<script type=\"application\/ld+json\" class=\"yoast-schema-graph\">{\"@context\":\"https:\\\/\\\/schema.org\",\"@graph\":[{\"@type\":\"WebPage\",\"@id\":\"https:\\\/\\\/www.ahmadiyya-islam.org\\\/al\\\/lutjet\\\/lutje-per-pelqimin-pamospelqim-dhe-faljen-padenim\\\/\",\"url\":\"https:\\\/\\\/www.ahmadiyya-islam.org\\\/al\\\/lutjet\\\/lutje-per-pelqimin-pamospelqim-dhe-faljen-padenim\\\/\",\"name\":\"Lutje p\u00ebr p\u00eblqimin pa asnj\u00eb mosp\u00eblqim dhe p\u00ebr faljen pa asnj\u00eb d\u00ebnim\",\"isPartOf\":{\"@id\":\"https:\\\/\\\/www.ahmadiyya-islam.org\\\/al\\\/#website\"},\"primaryImageOfPage\":{\"@id\":\"https:\\\/\\\/www.ahmadiyya-islam.org\\\/al\\\/lutjet\\\/lutje-per-pelqimin-pamospelqim-dhe-faljen-padenim\\\/#primaryimage\"},\"image\":{\"@id\":\"https:\\\/\\\/www.ahmadiyya-islam.org\\\/al\\\/lutjet\\\/lutje-per-pelqimin-pamospelqim-dhe-faljen-padenim\\\/#primaryimage\"},\"thumbnailUrl\":\"https:\\\/\\\/www.ahmadiyya-islam.org\\\/al\\\/wp-content\\\/uploads\\\/sites\\\/3\\\/2018\\\/01\\\/lutje-per-faljen-2.jpg\",\"datePublished\":\"2018-01-09T17:27:51+00:00\",\"dateModified\":\"2019-02-20T12:19:17+00:00\",\"description\":\"Duaja dhe lutja e bukur: O Allah! Qofsh i k\u00ebnaqur me mua n\u00eb at\u00eb m\u00ebnyr\u00eb q\u00eb t\u00eb mos kesh asnj\u00eb pak\u00ebnaq\u00ebsi tjet\u00ebr. M\u00eb falsh mua n\u00eb at\u00eb m\u00ebnyr\u00eb q\u00eb t\u00eb mos m\u00eb d\u00ebnosh asnj\u00ebher\u00eb tjet\u00ebr!\",\"breadcrumb\":{\"@id\":\"https:\\\/\\\/www.ahmadiyya-islam.org\\\/al\\\/lutjet\\\/lutje-per-pelqimin-pamospelqim-dhe-faljen-padenim\\\/#breadcrumb\"},\"inLanguage\":\"sq-AL\",\"potentialAction\":[{\"@type\":\"ReadAction\",\"target\":[\"https:\\\/\\\/www.ahmadiyya-islam.org\\\/al\\\/lutjet\\\/lutje-per-pelqimin-pamospelqim-dhe-faljen-padenim\\\/\"]}]},{\"@type\":\"ImageObject\",\"inLanguage\":\"sq-AL\",\"@id\":\"https:\\\/\\\/www.ahmadiyya-islam.org\\\/al\\\/lutjet\\\/lutje-per-pelqimin-pamospelqim-dhe-faljen-padenim\\\/#primaryimage\",\"url\":\"https:\\\/\\\/www.ahmadiyya-islam.org\\\/al\\\/wp-content\\\/uploads\\\/sites\\\/3\\\/2018\\\/01\\\/lutje-per-faljen-2.jpg\",\"contentUrl\":\"https:\\\/\\\/www.ahmadiyya-islam.org\\\/al\\\/wp-content\\\/uploads\\\/sites\\\/3\\\/2018\\\/01\\\/lutje-per-faljen-2.jpg\",\"width\":1200,\"height\":550,\"caption\":\"lutje per faljen\"},{\"@type\":\"BreadcrumbList\",\"@id\":\"https:\\\/\\\/www.ahmadiyya-islam.org\\\/al\\\/lutjet\\\/lutje-per-pelqimin-pamospelqim-dhe-faljen-padenim\\\/#breadcrumb\",\"itemListElement\":[{\"@type\":\"ListItem\",\"position\":1,\"name\":\"Home\",\"item\":\"https:\\\/\\\/www.ahmadiyya-islam.org\\\/al\\\/\"},{\"@type\":\"ListItem\",\"position\":2,\"name\":\"Lutjet\",\"item\":\"https:\\\/\\\/www.ahmadiyya-islam.org\\\/al\\\/lutjet\\\/\"},{\"@type\":\"ListItem\",\"position\":3,\"name\":\"Lutje p\u00ebr p\u00eblqimin pa asnj\u00eb mosp\u00eblqim dhe p\u00ebr faljen pa asnj\u00eb d\u00ebnim\"}]},{\"@type\":\"WebSite\",\"@id\":\"https:\\\/\\\/www.ahmadiyya-islam.org\\\/al\\\/#website\",\"url\":\"https:\\\/\\\/www.ahmadiyya-islam.org\\\/al\\\/\",\"name\":\"Xhemati Musliman Ahmedia\",\"description\":\"Albania\",\"potentialAction\":[{\"@type\":\"SearchAction\",\"target\":{\"@type\":\"EntryPoint\",\"urlTemplate\":\"https:\\\/\\\/www.ahmadiyya-islam.org\\\/al\\\/?s={search_term_string}\"},\"query-input\":{\"@type\":\"PropertyValueSpecification\",\"valueRequired\":true,\"valueName\":\"search_term_string\"}}],\"inLanguage\":\"sq-AL\"}]}<\/script>\n<!-- \/ Yoast SEO Premium plugin. -->","yoast_head_json":{"title":"Lutje p\u00ebr p\u00eblqimin pa asnj\u00eb mosp\u00eblqim dhe p\u00ebr faljen pa asnj\u00eb d\u00ebnim","description":"Duaja dhe lutja e bukur: O Allah! Qofsh i k\u00ebnaqur me mua n\u00eb at\u00eb m\u00ebnyr\u00eb q\u00eb t\u00eb mos kesh asnj\u00eb pak\u00ebnaq\u00ebsi tjet\u00ebr. M\u00eb falsh mua n\u00eb at\u00eb m\u00ebnyr\u00eb q\u00eb t\u00eb mos m\u00eb d\u00ebnosh asnj\u00ebher\u00eb tjet\u00ebr!","robots":{"index":"index","follow":"follow","max-snippet":"max-snippet:-1","max-image-preview":"max-image-preview:large","max-video-preview":"max-video-preview:-1"},"canonical":"https:\/\/www.ahmadiyya-islam.org\/al\/lutjet\/lutje-per-pelqimin-pamospelqim-dhe-faljen-padenim\/","og_locale":"sq_AL","og_type":"article","og_title":"Lutje p\u00ebr p\u00eblqimin pa asnj\u00eb mosp\u00eblqim dhe p\u00ebr faljen pa asnj\u00eb d\u00ebnim","og_description":"Duaja dhe lutja e bukur: O Allah! Qofsh i k\u00ebnaqur me mua n\u00eb at\u00eb m\u00ebnyr\u00eb q\u00eb t\u00eb mos kesh asnj\u00eb pak\u00ebnaq\u00ebsi tjet\u00ebr. M\u00eb falsh mua n\u00eb at\u00eb m\u00ebnyr\u00eb q\u00eb t\u00eb mos m\u00eb d\u00ebnosh asnj\u00ebher\u00eb tjet\u00ebr!","og_url":"https:\/\/www.ahmadiyya-islam.org\/al\/lutjet\/lutje-per-pelqimin-pamospelqim-dhe-faljen-padenim\/","og_site_name":"Xhemati Musliman Ahmedia","article_modified_time":"2019-02-20T12:19:17+00:00","og_image":[{"width":1200,"height":550,"url":"https:\/\/www.ahmadiyya-islam.org\/al\/wp-content\/uploads\/sites\/3\/2018\/01\/lutje-per-faljen-2.jpg","type":"image\/jpeg"}],"twitter_card":"summary_large_image","schema":{"@context":"https:\/\/schema.org","@graph":[{"@type":"WebPage","@id":"https:\/\/www.ahmadiyya-islam.org\/al\/lutjet\/lutje-per-pelqimin-pamospelqim-dhe-faljen-padenim\/","url":"https:\/\/www.ahmadiyya-islam.org\/al\/lutjet\/lutje-per-pelqimin-pamospelqim-dhe-faljen-padenim\/","name":"Lutje p\u00ebr p\u00eblqimin pa asnj\u00eb mosp\u00eblqim dhe p\u00ebr faljen pa asnj\u00eb d\u00ebnim","isPartOf":{"@id":"https:\/\/www.ahmadiyya-islam.org\/al\/#website"},"primaryImageOfPage":{"@id":"https:\/\/www.ahmadiyya-islam.org\/al\/lutjet\/lutje-per-pelqimin-pamospelqim-dhe-faljen-padenim\/#primaryimage"},"image":{"@id":"https:\/\/www.ahmadiyya-islam.org\/al\/lutjet\/lutje-per-pelqimin-pamospelqim-dhe-faljen-padenim\/#primaryimage"},"thumbnailUrl":"https:\/\/www.ahmadiyya-islam.org\/al\/wp-content\/uploads\/sites\/3\/2018\/01\/lutje-per-faljen-2.jpg","datePublished":"2018-01-09T17:27:51+00:00","dateModified":"2019-02-20T12:19:17+00:00","description":"Duaja dhe lutja e bukur: O Allah! Qofsh i k\u00ebnaqur me mua n\u00eb at\u00eb m\u00ebnyr\u00eb q\u00eb t\u00eb mos kesh asnj\u00eb pak\u00ebnaq\u00ebsi tjet\u00ebr. M\u00eb falsh mua n\u00eb at\u00eb m\u00ebnyr\u00eb q\u00eb t\u00eb mos m\u00eb d\u00ebnosh asnj\u00ebher\u00eb tjet\u00ebr!","breadcrumb":{"@id":"https:\/\/www.ahmadiyya-islam.org\/al\/lutjet\/lutje-per-pelqimin-pamospelqim-dhe-faljen-padenim\/#breadcrumb"},"inLanguage":"sq-AL","potentialAction":[{"@type":"ReadAction","target":["https:\/\/www.ahmadiyya-islam.org\/al\/lutjet\/lutje-per-pelqimin-pamospelqim-dhe-faljen-padenim\/"]}]},{"@type":"ImageObject","inLanguage":"sq-AL","@id":"https:\/\/www.ahmadiyya-islam.org\/al\/lutjet\/lutje-per-pelqimin-pamospelqim-dhe-faljen-padenim\/#primaryimage","url":"https:\/\/www.ahmadiyya-islam.org\/al\/wp-content\/uploads\/sites\/3\/2018\/01\/lutje-per-faljen-2.jpg","contentUrl":"https:\/\/www.ahmadiyya-islam.org\/al\/wp-content\/uploads\/sites\/3\/2018\/01\/lutje-per-faljen-2.jpg","width":1200,"height":550,"caption":"lutje per faljen"},{"@type":"BreadcrumbList","@id":"https:\/\/www.ahmadiyya-islam.org\/al\/lutjet\/lutje-per-pelqimin-pamospelqim-dhe-faljen-padenim\/#breadcrumb","itemListElement":[{"@type":"ListItem","position":1,"name":"Home","item":"https:\/\/www.ahmadiyya-islam.org\/al\/"},{"@type":"ListItem","position":2,"name":"Lutjet","item":"https:\/\/www.ahmadiyya-islam.org\/al\/lutjet\/"},{"@type":"ListItem","position":3,"name":"Lutje p\u00ebr p\u00eblqimin pa asnj\u00eb mosp\u00eblqim dhe p\u00ebr faljen pa asnj\u00eb d\u00ebnim"}]},{"@type":"WebSite","@id":"https:\/\/www.ahmadiyya-islam.org\/al\/#website","url":"https:\/\/www.ahmadiyya-islam.org\/al\/","name":"Xhemati Musliman Ahmedia","description":"Albania","potentialAction":[{"@type":"SearchAction","target":{"@type":"EntryPoint","urlTemplate":"https:\/\/www.ahmadiyya-islam.org\/al\/?s={search_term_string}"},"query-input":{"@type":"PropertyValueSpecification","valueRequired":true,"valueName":"search_term_string"}}],"inLanguage":"sq-AL"}]}},"_links":{"self":[{"href":"https:\/\/www.ahmadiyya-islam.org\/al\/wp-json\/wp\/v2\/prayers\/7205","targetHints":{"allow":["GET"]}}],"collection":[{"href":"https:\/\/www.ahmadiyya-islam.org\/al\/wp-json\/wp\/v2\/prayers"}],"about":[{"href":"https:\/\/www.ahmadiyya-islam.org\/al\/wp-json\/wp\/v2\/types\/prayers"}],"version-history":[{"count":0,"href":"https:\/\/www.ahmadiyya-islam.org\/al\/wp-json\/wp\/v2\/prayers\/7205\/revisions"}],"wp:featuredmedia":[{"embeddable":true,"href":"https:\/\/www.ahmadiyya-islam.org\/al\/wp-json\/wp\/v2\/media\/7210"}],"wp:attachment":[{"href":"https:\/\/www.ahmadiyya-islam.org\/al\/wp-json\/wp\/v2\/media?parent=7205"}],"wp:term":[{"taxonomy":"post_tag","embeddable":true,"href":"https:\/\/www.ahmadiyya-islam.org\/al\/wp-json\/wp\/v2\/tags?post=7205"},{"taxonomy":"authors","embeddable":true,"href":"https:\/\/www.ahmadiyya-islam.org\/al\/wp-json\/wp\/v2\/authors?post=7205"},{"taxonomy":"content_source","embeddable":true,"href":"https:\/\/www.ahmadiyya-islam.org\/al\/wp-json\/wp\/v2\/content_source?post=7205"}],"curies":[{"name":"wp","href":"https:\/\/api.w.org\/{rel}","templated":true}]}}