{"id":6836,"date":"2017-10-05T16:19:50","date_gmt":"2017-10-05T16:19:50","guid":{"rendered":"https:\/\/www.ahmadiyya-islam.org\/al\/?post_type=prayers&#038;p=6836"},"modified":"2019-02-20T12:09:56","modified_gmt":"2019-02-20T12:09:56","slug":"lutja-gjate-vdekjes","status":"publish","type":"prayers","link":"https:\/\/www.ahmadiyya-islam.org\/al\/lutjet\/lutja-gjate-vdekjes\/","title":{"rendered":"Lutja gjat\u00eb vdekjes"},"content":{"rendered":"<h2>Lutja gjat\u00eb vdekjes &#8211; p\u00ebr t\u00eb k\u00ebrkuar ndihm\u00eb gjat\u00eb agonis\u00eb<\/h2>\n<p>Hazret Ajshja r.a. rr\u00ebfen k\u00ebt\u00eb lutje t\u00eb t\u00eb D\u00ebrguarit t\u00eb Allahut s.a.v.s.:<\/p>\n<p><strong><img loading=\"lazy\" decoding=\"async\" class=\"aligncenter size-full wp-image-6840\" src=\"https:\/\/www.ahmadiyya-islam.org\/al\/wp-content\/uploads\/sites\/3\/2017\/09\/lutja-dhe-vdekja_1.jpg\" alt=\"lutja gjate vdekjes\" width=\"383\" height=\"102\" srcset=\"https:\/\/www.ahmadiyya-islam.org\/al\/wp-content\/uploads\/sites\/3\/2017\/09\/lutja-dhe-vdekja_1.jpg 383w, https:\/\/www.ahmadiyya-islam.org\/al\/wp-content\/uploads\/sites\/3\/2017\/09\/lutja-dhe-vdekja_1-300x80.jpg 300w\" sizes=\"auto, (max-width: 383px) 100vw, 383px\" \/>O Allah! Ndihmom\u00eb gjat\u00eb agonis\u00eb s\u00eb vdekjes, gjat\u00eb grahmave t\u00eb vdekjes. <\/strong>(Tirmidhiu, Kitabul-xhenaiz, bab et-teshdid endal-maut)<\/p>\n<h2>Lutje n\u00eb momentin e vdekjes<\/h2>\n<p>Hazret Umi Selma r.a. rr\u00ebfen: \u201cI D\u00ebrguari i Allahut s.a.v.s. erdhi kur nd\u00ebrroi jet\u00eb Ebu Selma r.a.. Ebu Selmait i kishin mbetur syt\u00eb t\u00eb hapur. I D\u00ebrguari i Allahut s.a.v.s. ia mbylli dhe iu drejtua atyre q\u00eb vajtonin dhe tha: Kjo \u00ebsht\u00eb koha e lutjes p\u00ebr t\u00eb k\u00ebrkuar mir\u00ebsi, sepse edhe engj\u00ebjt po thon\u00eb \u201cAmin\u201d p\u00ebr lutjet (tona). M\u00eb pas ai b\u00ebri lutjen q\u00eb vijon:<\/p>\n<p><strong><img loading=\"lazy\" decoding=\"async\" class=\"aligncenter size-full wp-image-6839\" src=\"https:\/\/www.ahmadiyya-islam.org\/al\/wp-content\/uploads\/sites\/3\/2017\/09\/lutja-dhe-vdekja_2.jpg\" alt=\"lutja gjate vdekjes\" width=\"392\" height=\"215\" srcset=\"https:\/\/www.ahmadiyya-islam.org\/al\/wp-content\/uploads\/sites\/3\/2017\/09\/lutja-dhe-vdekja_2.jpg 392w, https:\/\/www.ahmadiyya-islam.org\/al\/wp-content\/uploads\/sites\/3\/2017\/09\/lutja-dhe-vdekja_2-300x165.jpg 300w\" sizes=\"auto, (max-width: 392px) 100vw, 392px\" \/>O Allah! Fale Ebu Selman\u00eb, ngrije n\u00eb grad\u00ebn midis t\u00eb udh\u00ebzuarve dhe mund\u00ebsoju z\u00ebvend\u00ebs njer\u00ebzve q\u00eb ka l\u00ebn\u00eb pas! O Zoti i bot\u00ebve! Na fal edhe ne, edhe at\u00eb! Zgjeroja varrin dhe ndritja! <\/strong>(Muslimi, Kitabul-xhenaiz, bab fi igmadil-mejit)<\/p>\n<p>(Kjo lutje kur b\u00ebhet p\u00ebr dik\u00eb tjet\u00ebr, le t\u00eb z\u00ebvend\u00ebsohet emri i Ebu Salmas\u00eb me emrin e tij).<\/p>\n<h2>Lutje p\u00ebr t\u00eb pasur shp\u00ebrblim t\u00eb mir\u00eb gjat\u00eb v\u00ebshtir\u00ebsis\u00eb<\/h2>\n<p>Hazret Umi Selma r.a. tregon se i D\u00ebrguari i Allahut s.a.v.s., n\u00eb koh\u00ebn kur vdiq Ebu Selma r.a., i tha: Gjat\u00eb v\u00ebshtir\u00ebsis\u00eb, thuaj \u201cN\u00eb t\u00eb v\u00ebrtet\u00eb, jemi t\u00eb Allahut dhe tek Ai do t\u00eb kthehemi\u201d dhe b\u00ebj k\u00ebt\u00eb lutje:<\/p>\n<p><strong><img loading=\"lazy\" decoding=\"async\" class=\"aligncenter size-full wp-image-6838\" src=\"https:\/\/www.ahmadiyya-islam.org\/al\/wp-content\/uploads\/sites\/3\/2017\/09\/lutja-dhe-vdekja_3.jpg\" alt=\"lutja gjate vdekjes\" width=\"384\" height=\"109\" srcset=\"https:\/\/www.ahmadiyya-islam.org\/al\/wp-content\/uploads\/sites\/3\/2017\/09\/lutja-dhe-vdekja_3.jpg 384w, https:\/\/www.ahmadiyya-islam.org\/al\/wp-content\/uploads\/sites\/3\/2017\/09\/lutja-dhe-vdekja_3-300x85.jpg 300w\" sizes=\"auto, (max-width: 384px) 100vw, 384px\" \/>O Allah! Shp\u00ebrblem\u00eb n\u00eb v\u00ebshtir\u00ebsin\u00eb time dhe z\u00ebvend\u00ebsoje at\u00eb me mir\u00ebsi! <\/strong>(Muslimi, Kitabul-xhenaiz, bab ma jukalu endal-musibat)<\/p>\n","protected":false},"excerpt":{"rendered":"<p>\u00c7far\u00eb p\u00ebrjeton shpirti gjat\u00eb vdekjes? Lutja gjat\u00eb vdekjes &#8211; p\u00ebr t\u00eb k\u00ebrkuar ndihm\u00eb gjat\u00eb agonis\u00eb. Disa raste nga jeta e Profetit Muhammed.<\/p>\n","protected":false},"featured_media":6866,"parent":0,"template":"","tags":[],"authors":[481],"content_source":[],"class_list":["post-6836","prayers","type-prayers","status-publish","has-post-thumbnail","hentry","topics-durimi","topics-vdekja","prayer-cat-lutjet-e-te-derguarit-te-allahut-s-a","authors-profeti-muhamed"],"acf":[],"yoast_head":"<!-- This site is optimized with the Yoast SEO Premium plugin v21.1 (Yoast SEO v27.4) - https:\/\/yoast.com\/product\/yoast-seo-premium-wordpress\/ -->\n<title>Lutja gjat\u00eb vdekjes<\/title>\n<meta name=\"description\" content=\"\u00c7far\u00eb p\u00ebrjeton shpirti gjat\u00eb vdekjes? Lutja gjat\u00eb vdekjes - p\u00ebr t\u00eb k\u00ebrkuar ndihm\u00eb gjat\u00eb agonis\u00eb. Disa raste nga jeta e Profetit Muhammed.\" \/>\n<meta name=\"robots\" content=\"index, follow, max-snippet:-1, max-image-preview:large, max-video-preview:-1\" \/>\n<link rel=\"canonical\" href=\"https:\/\/www.ahmadiyya-islam.org\/al\/lutjet\/lutja-gjate-vdekjes\/\" \/>\n<meta property=\"og:locale\" content=\"sq_AL\" \/>\n<meta property=\"og:type\" content=\"article\" \/>\n<meta property=\"og:title\" content=\"Lutja gjat\u00eb vdekjes\" \/>\n<meta property=\"og:description\" content=\"\u00c7far\u00eb p\u00ebrjeton shpirti gjat\u00eb vdekjes? Lutja gjat\u00eb vdekjes - p\u00ebr t\u00eb k\u00ebrkuar ndihm\u00eb gjat\u00eb agonis\u00eb. Disa raste nga jeta e Profetit Muhammed.\" \/>\n<meta property=\"og:url\" content=\"https:\/\/www.ahmadiyya-islam.org\/al\/lutjet\/lutja-gjate-vdekjes\/\" \/>\n<meta property=\"og:site_name\" content=\"Xhemati Musliman Ahmedia\" \/>\n<meta property=\"article:modified_time\" content=\"2019-02-20T12:09:56+00:00\" \/>\n<meta property=\"og:image\" content=\"https:\/\/www.ahmadiyya-islam.org\/al\/wp-content\/uploads\/sites\/3\/2017\/09\/lutjet-gjate-vdekjes.jpg\" \/>\n\t<meta property=\"og:image:width\" content=\"1200\" \/>\n\t<meta property=\"og:image:height\" content=\"572\" \/>\n\t<meta property=\"og:image:type\" content=\"image\/jpeg\" \/>\n<meta name=\"twitter:card\" content=\"summary_large_image\" \/>\n<meta name=\"twitter:label1\" content=\"Est. reading time\" \/>\n\t<meta name=\"twitter:data1\" content=\"1 minute\" \/>\n<script type=\"application\/ld+json\" class=\"yoast-schema-graph\">{\"@context\":\"https:\\\/\\\/schema.org\",\"@graph\":[{\"@type\":\"WebPage\",\"@id\":\"https:\\\/\\\/www.ahmadiyya-islam.org\\\/al\\\/lutjet\\\/lutja-gjate-vdekjes\\\/\",\"url\":\"https:\\\/\\\/www.ahmadiyya-islam.org\\\/al\\\/lutjet\\\/lutja-gjate-vdekjes\\\/\",\"name\":\"Lutja gjat\u00eb vdekjes\",\"isPartOf\":{\"@id\":\"https:\\\/\\\/www.ahmadiyya-islam.org\\\/al\\\/#website\"},\"primaryImageOfPage\":{\"@id\":\"https:\\\/\\\/www.ahmadiyya-islam.org\\\/al\\\/lutjet\\\/lutja-gjate-vdekjes\\\/#primaryimage\"},\"image\":{\"@id\":\"https:\\\/\\\/www.ahmadiyya-islam.org\\\/al\\\/lutjet\\\/lutja-gjate-vdekjes\\\/#primaryimage\"},\"thumbnailUrl\":\"https:\\\/\\\/www.ahmadiyya-islam.org\\\/al\\\/wp-content\\\/uploads\\\/sites\\\/3\\\/2017\\\/09\\\/lutjet-gjate-vdekjes.jpg\",\"datePublished\":\"2017-10-05T16:19:50+00:00\",\"dateModified\":\"2019-02-20T12:09:56+00:00\",\"description\":\"\u00c7far\u00eb p\u00ebrjeton shpirti gjat\u00eb vdekjes? Lutja gjat\u00eb vdekjes - p\u00ebr t\u00eb k\u00ebrkuar ndihm\u00eb gjat\u00eb agonis\u00eb. Disa raste nga jeta e Profetit Muhammed.\",\"breadcrumb\":{\"@id\":\"https:\\\/\\\/www.ahmadiyya-islam.org\\\/al\\\/lutjet\\\/lutja-gjate-vdekjes\\\/#breadcrumb\"},\"inLanguage\":\"sq-AL\",\"potentialAction\":[{\"@type\":\"ReadAction\",\"target\":[\"https:\\\/\\\/www.ahmadiyya-islam.org\\\/al\\\/lutjet\\\/lutja-gjate-vdekjes\\\/\"]}]},{\"@type\":\"ImageObject\",\"inLanguage\":\"sq-AL\",\"@id\":\"https:\\\/\\\/www.ahmadiyya-islam.org\\\/al\\\/lutjet\\\/lutja-gjate-vdekjes\\\/#primaryimage\",\"url\":\"https:\\\/\\\/www.ahmadiyya-islam.org\\\/al\\\/wp-content\\\/uploads\\\/sites\\\/3\\\/2017\\\/09\\\/lutjet-gjate-vdekjes.jpg\",\"contentUrl\":\"https:\\\/\\\/www.ahmadiyya-islam.org\\\/al\\\/wp-content\\\/uploads\\\/sites\\\/3\\\/2017\\\/09\\\/lutjet-gjate-vdekjes.jpg\",\"width\":1200,\"height\":572,\"caption\":\"lutja gjate vdekjes\"},{\"@type\":\"BreadcrumbList\",\"@id\":\"https:\\\/\\\/www.ahmadiyya-islam.org\\\/al\\\/lutjet\\\/lutja-gjate-vdekjes\\\/#breadcrumb\",\"itemListElement\":[{\"@type\":\"ListItem\",\"position\":1,\"name\":\"Home\",\"item\":\"https:\\\/\\\/www.ahmadiyya-islam.org\\\/al\\\/\"},{\"@type\":\"ListItem\",\"position\":2,\"name\":\"Lutjet\",\"item\":\"https:\\\/\\\/www.ahmadiyya-islam.org\\\/al\\\/lutjet\\\/\"},{\"@type\":\"ListItem\",\"position\":3,\"name\":\"Lutja gjat\u00eb vdekjes\"}]},{\"@type\":\"WebSite\",\"@id\":\"https:\\\/\\\/www.ahmadiyya-islam.org\\\/al\\\/#website\",\"url\":\"https:\\\/\\\/www.ahmadiyya-islam.org\\\/al\\\/\",\"name\":\"Xhemati Musliman Ahmedia\",\"description\":\"Albania\",\"potentialAction\":[{\"@type\":\"SearchAction\",\"target\":{\"@type\":\"EntryPoint\",\"urlTemplate\":\"https:\\\/\\\/www.ahmadiyya-islam.org\\\/al\\\/?s={search_term_string}\"},\"query-input\":{\"@type\":\"PropertyValueSpecification\",\"valueRequired\":true,\"valueName\":\"search_term_string\"}}],\"inLanguage\":\"sq-AL\"}]}<\/script>\n<!-- \/ Yoast SEO Premium plugin. -->","yoast_head_json":{"title":"Lutja gjat\u00eb vdekjes","description":"\u00c7far\u00eb p\u00ebrjeton shpirti gjat\u00eb vdekjes? Lutja gjat\u00eb vdekjes - p\u00ebr t\u00eb k\u00ebrkuar ndihm\u00eb gjat\u00eb agonis\u00eb. Disa raste nga jeta e Profetit Muhammed.","robots":{"index":"index","follow":"follow","max-snippet":"max-snippet:-1","max-image-preview":"max-image-preview:large","max-video-preview":"max-video-preview:-1"},"canonical":"https:\/\/www.ahmadiyya-islam.org\/al\/lutjet\/lutja-gjate-vdekjes\/","og_locale":"sq_AL","og_type":"article","og_title":"Lutja gjat\u00eb vdekjes","og_description":"\u00c7far\u00eb p\u00ebrjeton shpirti gjat\u00eb vdekjes? Lutja gjat\u00eb vdekjes - p\u00ebr t\u00eb k\u00ebrkuar ndihm\u00eb gjat\u00eb agonis\u00eb. Disa raste nga jeta e Profetit Muhammed.","og_url":"https:\/\/www.ahmadiyya-islam.org\/al\/lutjet\/lutja-gjate-vdekjes\/","og_site_name":"Xhemati Musliman Ahmedia","article_modified_time":"2019-02-20T12:09:56+00:00","og_image":[{"width":1200,"height":572,"url":"https:\/\/www.ahmadiyya-islam.org\/al\/wp-content\/uploads\/sites\/3\/2017\/09\/lutjet-gjate-vdekjes.jpg","type":"image\/jpeg"}],"twitter_card":"summary_large_image","twitter_misc":{"Est. reading time":"1 minute"},"schema":{"@context":"https:\/\/schema.org","@graph":[{"@type":"WebPage","@id":"https:\/\/www.ahmadiyya-islam.org\/al\/lutjet\/lutja-gjate-vdekjes\/","url":"https:\/\/www.ahmadiyya-islam.org\/al\/lutjet\/lutja-gjate-vdekjes\/","name":"Lutja gjat\u00eb vdekjes","isPartOf":{"@id":"https:\/\/www.ahmadiyya-islam.org\/al\/#website"},"primaryImageOfPage":{"@id":"https:\/\/www.ahmadiyya-islam.org\/al\/lutjet\/lutja-gjate-vdekjes\/#primaryimage"},"image":{"@id":"https:\/\/www.ahmadiyya-islam.org\/al\/lutjet\/lutja-gjate-vdekjes\/#primaryimage"},"thumbnailUrl":"https:\/\/www.ahmadiyya-islam.org\/al\/wp-content\/uploads\/sites\/3\/2017\/09\/lutjet-gjate-vdekjes.jpg","datePublished":"2017-10-05T16:19:50+00:00","dateModified":"2019-02-20T12:09:56+00:00","description":"\u00c7far\u00eb p\u00ebrjeton shpirti gjat\u00eb vdekjes? Lutja gjat\u00eb vdekjes - p\u00ebr t\u00eb k\u00ebrkuar ndihm\u00eb gjat\u00eb agonis\u00eb. Disa raste nga jeta e Profetit Muhammed.","breadcrumb":{"@id":"https:\/\/www.ahmadiyya-islam.org\/al\/lutjet\/lutja-gjate-vdekjes\/#breadcrumb"},"inLanguage":"sq-AL","potentialAction":[{"@type":"ReadAction","target":["https:\/\/www.ahmadiyya-islam.org\/al\/lutjet\/lutja-gjate-vdekjes\/"]}]},{"@type":"ImageObject","inLanguage":"sq-AL","@id":"https:\/\/www.ahmadiyya-islam.org\/al\/lutjet\/lutja-gjate-vdekjes\/#primaryimage","url":"https:\/\/www.ahmadiyya-islam.org\/al\/wp-content\/uploads\/sites\/3\/2017\/09\/lutjet-gjate-vdekjes.jpg","contentUrl":"https:\/\/www.ahmadiyya-islam.org\/al\/wp-content\/uploads\/sites\/3\/2017\/09\/lutjet-gjate-vdekjes.jpg","width":1200,"height":572,"caption":"lutja gjate vdekjes"},{"@type":"BreadcrumbList","@id":"https:\/\/www.ahmadiyya-islam.org\/al\/lutjet\/lutja-gjate-vdekjes\/#breadcrumb","itemListElement":[{"@type":"ListItem","position":1,"name":"Home","item":"https:\/\/www.ahmadiyya-islam.org\/al\/"},{"@type":"ListItem","position":2,"name":"Lutjet","item":"https:\/\/www.ahmadiyya-islam.org\/al\/lutjet\/"},{"@type":"ListItem","position":3,"name":"Lutja gjat\u00eb vdekjes"}]},{"@type":"WebSite","@id":"https:\/\/www.ahmadiyya-islam.org\/al\/#website","url":"https:\/\/www.ahmadiyya-islam.org\/al\/","name":"Xhemati Musliman Ahmedia","description":"Albania","potentialAction":[{"@type":"SearchAction","target":{"@type":"EntryPoint","urlTemplate":"https:\/\/www.ahmadiyya-islam.org\/al\/?s={search_term_string}"},"query-input":{"@type":"PropertyValueSpecification","valueRequired":true,"valueName":"search_term_string"}}],"inLanguage":"sq-AL"}]}},"_links":{"self":[{"href":"https:\/\/www.ahmadiyya-islam.org\/al\/wp-json\/wp\/v2\/prayers\/6836","targetHints":{"allow":["GET"]}}],"collection":[{"href":"https:\/\/www.ahmadiyya-islam.org\/al\/wp-json\/wp\/v2\/prayers"}],"about":[{"href":"https:\/\/www.ahmadiyya-islam.org\/al\/wp-json\/wp\/v2\/types\/prayers"}],"version-history":[{"count":0,"href":"https:\/\/www.ahmadiyya-islam.org\/al\/wp-json\/wp\/v2\/prayers\/6836\/revisions"}],"wp:featuredmedia":[{"embeddable":true,"href":"https:\/\/www.ahmadiyya-islam.org\/al\/wp-json\/wp\/v2\/media\/6866"}],"wp:attachment":[{"href":"https:\/\/www.ahmadiyya-islam.org\/al\/wp-json\/wp\/v2\/media?parent=6836"}],"wp:term":[{"taxonomy":"post_tag","embeddable":true,"href":"https:\/\/www.ahmadiyya-islam.org\/al\/wp-json\/wp\/v2\/tags?post=6836"},{"taxonomy":"authors","embeddable":true,"href":"https:\/\/www.ahmadiyya-islam.org\/al\/wp-json\/wp\/v2\/authors?post=6836"},{"taxonomy":"content_source","embeddable":true,"href":"https:\/\/www.ahmadiyya-islam.org\/al\/wp-json\/wp\/v2\/content_source?post=6836"}],"curies":[{"name":"wp","href":"https:\/\/api.w.org\/{rel}","templated":true}]}}