{"id":6507,"date":"2017-05-13T10:54:51","date_gmt":"2017-05-13T10:54:51","guid":{"rendered":"https:\/\/www.ahmadiyya-islam.org\/al\/?post_type=prayers&#038;p=6507"},"modified":"2025-03-26T22:26:32","modified_gmt":"2025-03-26T22:26:32","slug":"falje-lutjet-e-zgjedhura-te-profetit-faljen-mekateve","status":"publish","type":"prayers","link":"https:\/\/www.ahmadiyya-islam.org\/al\/lutjet\/falje-lutjet-e-zgjedhura-te-profetit-faljen-mekateve\/","title":{"rendered":"Lutjet e zgjedhura t\u00eb Profetit Muhammed s.a.v.s. p\u00ebr faljen e m\u00ebkateve"},"content":{"rendered":"<h2>Kryelutje p\u00ebr t\u00eb k\u00ebrkuar falje<\/h2>\n<p>Hazret Burejdah r.a. tregon se i D\u00ebrguari i Allahut s.a.v.s. ka th\u00ebn\u00eb se ai q\u00eb b\u00ebn k\u00ebt\u00eb lutje p\u00ebr t\u00eb k\u00ebrkuar falje, n\u00eb m\u00ebngjes ose n\u00eb mbr\u00ebmje e n\u00ebse vdes at\u00eb dit\u00eb ose at\u00eb nat\u00eb, hyn n\u00eb xhenet.<\/p>\n<blockquote><p><img loading=\"lazy\" decoding=\"async\" class=\"aligncenter size-full wp-image-6508\" src=\"https:\/\/www.ahmadiyya-islam.org\/al\/wp-content\/uploads\/sites\/3\/2017\/05\/lute-per-falje-1.jpg\" alt=\"lutje per falje\" width=\"400\" height=\"317\" srcset=\"https:\/\/www.ahmadiyya-islam.org\/al\/wp-content\/uploads\/sites\/3\/2017\/05\/lute-per-falje-1.jpg 400w, https:\/\/www.ahmadiyya-islam.org\/al\/wp-content\/uploads\/sites\/3\/2017\/05\/lute-per-falje-1-300x238.jpg 300w\" sizes=\"auto, (max-width: 400px) 100vw, 400px\" \/><strong>O Allah! Ti je Zoti im. Nuk ka t\u00eb adhuruesh\u00ebm tjet\u00ebr p\u00ebrve\u00e7 Teje. Ti m\u00eb krijove. Nd\u00ebrsa un\u00eb jam robi Yt. Po mbaj premtimin dhe fjal\u00ebn time me sa kam mund\u00ebsi. M\u00eb mbro nga e keqja q\u00eb kam b\u00ebr\u00eb. E pranoj para Teje bekimin T\u00ebnd q\u00eb kam dhe e pranoj para Teje edhe gjynahun tim. Prandaj, m\u00eb fal mua, sepse askush nuk i fal gjynahet p\u00ebrve\u00e7 Teje.<a href=\"#_ftn1\" name=\"_ftnref1\"><sup>[1]<\/sup><\/a><\/strong><\/p><\/blockquote>\n<h2>Lutje p\u00ebr t\u00eb k\u00ebrkuar falje dhe m\u00ebshir\u00eb<\/h2>\n<p><iframe loading=\"lazy\" title=\"\u00c7far\u00eb \u00ebsht\u00eb agj\u00ebrimi? Si t\u00eb filloj agj\u00ebrimin? Muaji i Ramazanit | Samad Ghori\" width=\"900\" height=\"506\" src=\"https:\/\/www.youtube.com\/embed\/AmGFmyfwQvA?feature=oembed\" frameborder=\"0\" allow=\"accelerometer; autoplay; clipboard-write; encrypted-media; gyroscope; picture-in-picture; web-share\" referrerpolicy=\"strict-origin-when-cross-origin\" allowfullscreen><\/iframe><\/p>\n<p>Hazret Ebu Musa Eshariji r.a. na p\u00ebrcjell k\u00ebt\u00eb lutje t\u00eb t\u00eb D\u00ebrguarit t\u00eb Allahut s.a.v.s.:<\/p>\n<blockquote><p><img loading=\"lazy\" decoding=\"async\" class=\"aligncenter size-full wp-image-6509\" src=\"https:\/\/www.ahmadiyya-islam.org\/al\/wp-content\/uploads\/sites\/3\/2017\/05\/lute-per-falje-2.jpg\" alt=\"lutje per falje\" width=\"398\" height=\"364\" srcset=\"https:\/\/www.ahmadiyya-islam.org\/al\/wp-content\/uploads\/sites\/3\/2017\/05\/lute-per-falje-2.jpg 398w, https:\/\/www.ahmadiyya-islam.org\/al\/wp-content\/uploads\/sites\/3\/2017\/05\/lute-per-falje-2-300x274.jpg 300w\" sizes=\"auto, (max-width: 398px) 100vw, 398px\" \/><strong>O Zoti im! M\u00eb fal gabimet e mia, paditurin\u00eb time, teprimin tim n\u00eb \u00e7do \u00e7\u00ebshtje q\u00eb Ti e di m\u00eb mir\u00eb se un\u00eb. O Allah! M\u00eb fal gabimet q\u00eb kam b\u00ebr\u00eb me vet\u00ebdije apo pavet\u00ebdije, shakat\u00eb e mia t\u00eb padenja dhe \u00e7do gj\u00eb q\u00eb kam b\u00ebr\u00eb! <\/strong><\/p>\n<p><strong>O Allah! M\u00eb fal m\u00ebkatet q\u00eb kam b\u00ebr\u00eb n\u00eb t\u00eb kaluar\u00ebn dhe q\u00eb do t\u00eb b\u00ebj n\u00eb t\u00eb ardhmen, q\u00eb i kam fshehur apo i kam zbuluar! Ti je P\u00ebrparuesi, Ti je T\u00ebrheq\u00ebsi dhe p\u00ebr \u00e7do gj\u00eb Ti je i Plotfuqish\u00ebm.<a href=\"#_ftn2\" name=\"_ftnref2\"><sup>[2]<\/sup><\/a><\/strong><\/p><\/blockquote>\n<h2>Nj\u00eb lutje me shum\u00eb ndikim p\u00ebr t\u00eb k\u00ebrkuar falje<\/h2>\n<p>Hazret Hilal Ibni Jesari r.a. ka d\u00ebgjuar prej gjyshit t\u00eb tij q\u00eb, kushdo q\u00eb i k\u00ebrkon falje Zotit me an\u00eb t\u00eb k\u00ebsaj lutjeje, Allahu do t\u2019ia fal\u00eb m\u00ebkatet, edhe sikur ato t\u00eb jen\u00eb sa shkuma e detit:<\/p>\n<blockquote><p><img loading=\"lazy\" decoding=\"async\" class=\"aligncenter size-full wp-image-6510\" src=\"https:\/\/www.ahmadiyya-islam.org\/al\/wp-content\/uploads\/sites\/3\/2017\/05\/lute-per-falje-3.jpg\" alt=\"lutje per falje\" width=\"392\" height=\"103\" srcset=\"https:\/\/www.ahmadiyya-islam.org\/al\/wp-content\/uploads\/sites\/3\/2017\/05\/lute-per-falje-3.jpg 392w, https:\/\/www.ahmadiyya-islam.org\/al\/wp-content\/uploads\/sites\/3\/2017\/05\/lute-per-falje-3-300x79.jpg 300w\" sizes=\"auto, (max-width: 392px) 100vw, 392px\" \/><strong>I k\u00ebrkoj falje Allahut. Nuk ka t\u00eb adhuruar tjet\u00ebr p\u00ebrve\u00e7 Atij, t\u00eb Gjallit, t\u00eb Q\u00ebndrueshmit. Un\u00eb kthehem i penduar tek Ai.<a href=\"#_ftn3\" name=\"_ftnref3\"><sup>[3]<\/sup><\/a><\/strong><\/p><\/blockquote>\n<ul>\n<li><strong><a href=\"https:\/\/bukinist.al\/sq\/besim-dhe-spiritualizem\/14136-thesari-i-lutjeve.html\" target=\"_blank\" rel=\"noopener\">Klikoni k\u00ebtu p\u00ebr ta POROSITUR K\u00cbT\u00cb LIB\u00cbR (Thesari i lutjeve)\u00a0<\/a><\/strong><\/li>\n<\/ul>\n<h2>Nj\u00eb lutje shum\u00eb e bukur p\u00ebr t\u00eb k\u00ebrkuar falje p\u00ebr m\u00ebkatet<\/h2>\n<p><iframe loading=\"lazy\" title=\"Si t\u00eb falim Namazin? | M\u00ebsoni gjith\u00eb metod\u00ebn dhe fjal\u00ebt e Namazit n\u00eb arabisht dhe shqip\" width=\"900\" height=\"506\" src=\"https:\/\/www.youtube.com\/embed\/bONVR5piiB0?feature=oembed\" frameborder=\"0\" allow=\"accelerometer; autoplay; clipboard-write; encrypted-media; gyroscope; picture-in-picture; web-share\" referrerpolicy=\"strict-origin-when-cross-origin\" allowfullscreen><\/iframe><\/p>\n<p>Hazret Xhabiri r.a. tregon: Nj\u00eb njeri erdhi tek i D\u00ebrguari i Allahut s.a.v.s. dhe tha: M\u00ebkatet e mia jan\u00eb t\u00eb pafundme! I D\u00ebrguari i Allahut s.a.v.s. e b\u00ebri q\u00eb ta p\u00ebrs\u00ebriste tri her\u00eb k\u00ebt\u00eb lutje dhe m\u00eb pas i tha: \u201cMund t\u00eb \u00e7ohesh. Zoti t\u2019i ka falur m\u00ebkatet\u201d. Ajo lutje \u00ebsht\u00eb:<\/p>\n<blockquote><p><img loading=\"lazy\" decoding=\"async\" class=\"aligncenter size-full wp-image-6511\" src=\"https:\/\/www.ahmadiyya-islam.org\/al\/wp-content\/uploads\/sites\/3\/2017\/05\/lute-per-falje-4.jpg\" alt=\"lutje per falje\" width=\"395\" height=\"105\" srcset=\"https:\/\/www.ahmadiyya-islam.org\/al\/wp-content\/uploads\/sites\/3\/2017\/05\/lute-per-falje-4.jpg 395w, https:\/\/www.ahmadiyya-islam.org\/al\/wp-content\/uploads\/sites\/3\/2017\/05\/lute-per-falje-4-300x80.jpg 300w\" sizes=\"auto, (max-width: 395px) 100vw, 395px\" \/><strong>O Allah! Falja Jote \u00ebsht\u00eb m\u00eb e madhe sesa m\u00ebkatet e mia dhe m\u00ebshira Jote \u00ebsht\u00eb m\u00eb shpres\u00ebdh\u00ebn\u00ebse sesa vepra ime.<a href=\"#_ftn4\" name=\"_ftnref4\"><sup>[4]<\/sup><\/a><\/strong><\/p><\/blockquote>\n<h2>Lutje p\u00ebr m\u00ebshir\u00eb dhe falje<\/h2>\n<p>Hazret Ajshja r.a. na p\u00ebrcjell k\u00ebt\u00eb lutje t\u00eb t\u00eb D\u00ebrguarit t\u00eb Allahut s.a.v.s.:<\/p>\n<blockquote><p><img loading=\"lazy\" decoding=\"async\" class=\"aligncenter size-full wp-image-6512\" src=\"https:\/\/www.ahmadiyya-islam.org\/al\/wp-content\/uploads\/sites\/3\/2017\/05\/lute-per-falje-5.jpg\" alt=\"lutje per falje\" width=\"394\" height=\"107\" srcset=\"https:\/\/www.ahmadiyya-islam.org\/al\/wp-content\/uploads\/sites\/3\/2017\/05\/lute-per-falje-5.jpg 394w, https:\/\/www.ahmadiyya-islam.org\/al\/wp-content\/uploads\/sites\/3\/2017\/05\/lute-per-falje-5-300x81.jpg 300w\" sizes=\"auto, (max-width: 394px) 100vw, 394px\" \/><strong>O Allah! M\u00eb fal, m\u00eb m\u00ebshiro dhe m\u00eb bashko me Mikun m\u00eb t\u00eb Madh.<a href=\"#_ftn5\" name=\"_ftnref5\"><sup>[5]<\/sup><\/a> <\/strong><\/p><\/blockquote>\n<p><em>Sh\u00ebnim<\/em>: Sipas disa rr\u00ebfimeve, n\u00eb dit\u00ebt e fundit t\u00eb jet\u00ebs s\u00eb tij, i D\u00ebrguari i Allahut s.a.v.s. vazhdimisht thoshte pjes\u00ebn e fundit t\u00eb k\u00ebsaj lutjeje, q\u00eb \u00ebsht\u00eb:<\/p>\n<blockquote><p><img loading=\"lazy\" decoding=\"async\" class=\"aligncenter size-full wp-image-6513\" src=\"https:\/\/www.ahmadiyya-islam.org\/al\/wp-content\/uploads\/sites\/3\/2017\/05\/lute-per-falje-6.jpg\" alt=\"lutje per falje\" width=\"182\" height=\"59\" \/><strong>Po shkoj drejt Mikut m\u00eb t\u00eb Madh!<\/strong><\/p><\/blockquote>\n<h2>Lutje p\u00ebr t\u00eb k\u00ebrkuar falje<\/h2>\n<p>Hazret Amr Ibni Shuejbi r.a. ka d\u00ebgjuar gjyshin e tij duke th\u00ebn\u00eb: Hazret Xhibraili a.s. ishte shum\u00eb i g\u00ebzuar kur zbriti dhe solli k\u00ebt\u00eb lutje nga qielli. Ai i erdhi Profetit s.a.v.s. dhe i tha: O Muhammed! Allahu i Madh\u00ebrish\u00ebm m\u00eb ka d\u00ebrguar me nj\u00eb dhurat\u00eb p\u00ebr ty, e cila \u00ebsht\u00eb nj\u00eb thesar i Arshit n\u00eb form\u00ebn e k\u00ebsaj lutjeje:<\/p>\n<blockquote><p><img loading=\"lazy\" decoding=\"async\" class=\"aligncenter size-full wp-image-6514\" src=\"https:\/\/www.ahmadiyya-islam.org\/al\/wp-content\/uploads\/sites\/3\/2017\/05\/lute-per-falje-7.jpg\" alt=\"lutje per falje\" width=\"396\" height=\"527\" srcset=\"https:\/\/www.ahmadiyya-islam.org\/al\/wp-content\/uploads\/sites\/3\/2017\/05\/lute-per-falje-7.jpg 396w, https:\/\/www.ahmadiyya-islam.org\/al\/wp-content\/uploads\/sites\/3\/2017\/05\/lute-per-falje-7-225x300.jpg 225w\" sizes=\"auto, (max-width: 396px) 100vw, 396px\" \/><strong>O Ti q\u00eb shfaq t\u00eb bukur\u00ebn dhe mbulon t\u00eb sh\u00ebmtuar\u00ebn! O Ti q\u00eb nuk e kap gjynahqarin dhe nuk e zbulon at\u00eb. O Toleruesi m\u00eb i mir\u00eb! O Fal\u00ebs i madh! O M\u00ebshirues krah\u00ebhapur! O Shoq\u00ebruesi i \u00e7do p\u00ebshp\u00ebritjeje! O Pik\u00ebdor\u00ebzimi i \u00e7do ankese! O Bujar n\u00eb falje! O i Madh\u00ebrish\u00ebm n\u00eb mir\u00ebsi! O Nism\u00ebtari i bekimeve, p\u00ebrpara se ato t\u00eb p\u00ebrcaktohen. O Zoti yn\u00eb! O Udh\u00ebheq\u00ebsi yn\u00eb! O Miku yn\u00eb! O Kulmi i d\u00ebshirave tona. T\u00eb k\u00ebrkoj, o Allah, t\u00eb mos ma djeg\u00ebsh trupin me zjarr!<a href=\"#_ftn6\" name=\"_ftnref6\"><sup>[6]<\/sup><\/a><\/strong><\/p><\/blockquote>\n<ul>\n<li><a href=\"https:\/\/www.ahmadiyya-islam.org\/al\/artikuj\/parimet-e-lutjes\/\" target=\"_blank\" rel=\"noopener noreferrer\">M\u00ebsoni parimet e lutjes, sepse lutja \u00ebsht\u00eb mjet komunikimi me Zotin<\/a><\/li>\n<\/ul>\n<p>Hazret Ajshja r.a. rr\u00ebfen: \u201cNj\u00eb nat\u00eb, kur nuk e gjeta t\u00eb D\u00ebrguarin e Allahut s.a.v.s. n\u00eb shtrat, u shqet\u00ebsova. Fillova ta k\u00ebrkoja n\u00eb err\u00ebsir\u00eb duke prekur me duar andej-k\u00ebtej dhe m\u00eb n\u00eb fund e gjeta, nd\u00ebrkoh\u00eb ai ishte n\u00eb sexhde dhe po b\u00ebnte k\u00ebt\u00eb lutje:<\/p>\n<blockquote><p><img loading=\"lazy\" decoding=\"async\" class=\"aligncenter size-full wp-image-6515\" src=\"https:\/\/www.ahmadiyya-islam.org\/al\/wp-content\/uploads\/sites\/3\/2017\/05\/lute-per-falje-8.jpg\" alt=\"lutje per falje\" width=\"366\" height=\"62\" srcset=\"https:\/\/www.ahmadiyya-islam.org\/al\/wp-content\/uploads\/sites\/3\/2017\/05\/lute-per-falje-8.jpg 366w, https:\/\/www.ahmadiyya-islam.org\/al\/wp-content\/uploads\/sites\/3\/2017\/05\/lute-per-falje-8-300x51.jpg 300w\" sizes=\"auto, (max-width: 366px) 100vw, 366px\" \/><strong>O Allah! M\u00eb fal m\u00ebkatet e mia, edhe ato q\u00eb kam fshehur, edhe ato q\u00eb kam zbuluar\u201d.<a href=\"#_ftn7\" name=\"_ftnref7\"><sup>[7]<\/sup><\/a><\/strong><\/p><\/blockquote>\n<p><iframe loading=\"lazy\" title=\"Pse p\u00ebrulemi n\u00eb namaz?| Magjia e P\u00ebruljes (Ruku) n\u00eb namaz | Shpjegimi i namazit | Video 7\" width=\"900\" height=\"506\" src=\"https:\/\/www.youtube.com\/embed\/5Xmv1yIXh4c?feature=oembed\" frameborder=\"0\" allow=\"accelerometer; autoplay; clipboard-write; encrypted-media; gyroscope; picture-in-picture; web-share\" referrerpolicy=\"strict-origin-when-cross-origin\" allowfullscreen><\/iframe><\/p>\n<p>Sipas rr\u00ebfimit t\u00eb Ebu Hurejras r.a., i D\u00ebrguari i Allahut s.a.v.s. n\u00eb sexhdet e tij b\u00ebnte k\u00ebt\u00eb lutje:<\/p>\n<blockquote><p><strong><img loading=\"lazy\" decoding=\"async\" class=\"aligncenter size-full wp-image-6516\" src=\"https:\/\/www.ahmadiyya-islam.org\/al\/wp-content\/uploads\/sites\/3\/2017\/05\/lute-per-falje-9.jpg\" alt=\"lutje per falje\" width=\"392\" height=\"103\" srcset=\"https:\/\/www.ahmadiyya-islam.org\/al\/wp-content\/uploads\/sites\/3\/2017\/05\/lute-per-falje-9.jpg 392w, https:\/\/www.ahmadiyya-islam.org\/al\/wp-content\/uploads\/sites\/3\/2017\/05\/lute-per-falje-9-300x79.jpg 300w\" sizes=\"auto, (max-width: 392px) 100vw, 392px\" \/>O Allah! M\u00eb fal t\u00eb gjitha m\u00ebkatet e mia, edhe t\u00eb voglat, edhe t\u00eb m\u00ebdhat\u00eb, edhe t\u00eb parat, edhe t\u00eb fundit, edhe t\u00eb fshehtat, edhe jo t\u00eb fshehtat!<a href=\"#_ftn8\" name=\"_ftnref8\"><sup>[8]<\/sup><\/a><\/strong><\/p><\/blockquote>\n<p>Hazret Ajshja r.a. rr\u00ebfen:<\/p>\n<p>Nj\u00eb nat\u00eb t\u00eb D\u00ebrguarin e Allahut s.a.v.s. nuk e gjeta n\u00eb sht\u00ebpi. Duke e k\u00ebrkuar shkova deri n\u00eb xhami, ku e gjeta n\u00eb sexhde. Gjunj\u00ebt i kishte t\u00eb ngulura n\u00eb dh\u00e9 dhe po lutej:<\/p>\n<blockquote><p><img loading=\"lazy\" decoding=\"async\" class=\"aligncenter size-full wp-image-6517\" src=\"https:\/\/www.ahmadiyya-islam.org\/al\/wp-content\/uploads\/sites\/3\/2017\/05\/lute-per-falje-10.jpg\" alt=\"lutje per falje\" width=\"395\" height=\"205\" srcset=\"https:\/\/www.ahmadiyya-islam.org\/al\/wp-content\/uploads\/sites\/3\/2017\/05\/lute-per-falje-10.jpg 395w, https:\/\/www.ahmadiyya-islam.org\/al\/wp-content\/uploads\/sites\/3\/2017\/05\/lute-per-falje-10-300x156.jpg 300w\" sizes=\"auto, (max-width: 395px) 100vw, 395px\" \/><strong>O Allah! K\u00ebrkoj mbrojtjen e p\u00eblqimit T\u00ebnd nga mosp\u00eblqimi Yt; t\u00eb faljes T\u00ebnde nga nd\u00ebshkimi Yt. K\u00ebrkoj mbrojtjen T\u00ebnde prej Teje. Nuk mund ta p\u00ebrmbledh lavd\u00ebrimin T\u00ebnd. Ti je ashtu si\u00e7 e ke p\u00ebrshkruar Veten T\u00ebnde!<a href=\"#_ftn9\" name=\"_ftnref9\"><sup>[9]<\/sup><\/a><\/strong><\/p><\/blockquote>\n<p>Hazret Abdullah Ibni Omeri r.a. tregon se i D\u00ebrguari i Allahut s.a.v.s. \u00e7do dit\u00eb n\u00eb m\u00ebngjes e n\u00eb mbr\u00ebmje b\u00ebnte disa lutje. Nj\u00ebra prej tyre \u00ebsht\u00eb edhe kjo:<\/p>\n<blockquote><p><strong><img loading=\"lazy\" decoding=\"async\" class=\"aligncenter size-full wp-image-6237\" src=\"https:\/\/www.ahmadiyya-islam.org\/al\/wp-content\/uploads\/sites\/3\/2016\/12\/lutjet-e-mengjesit-e-te-mbremjes-7.jpg\" alt=\"lutjet e mengjesit mremjes\" width=\"387\" height=\"378\" srcset=\"https:\/\/www.ahmadiyya-islam.org\/al\/wp-content\/uploads\/sites\/3\/2016\/12\/lutjet-e-mengjesit-e-te-mbremjes-7.jpg 387w, https:\/\/www.ahmadiyya-islam.org\/al\/wp-content\/uploads\/sites\/3\/2016\/12\/lutjet-e-mengjesit-e-te-mbremjes-7-50x50.jpg 50w, https:\/\/www.ahmadiyya-islam.org\/al\/wp-content\/uploads\/sites\/3\/2016\/12\/lutjet-e-mengjesit-e-te-mbremjes-7-300x293.jpg 300w\" sizes=\"auto, (max-width: 387px) 100vw, 387px\" \/>O Allah! T\u00eb k\u00ebrkoj sh\u00ebndet n\u00eb k\u00ebt\u00eb bot\u00eb dhe n\u00eb p\u00ebrtejbot\u00ebn. O Allah! T\u00eb k\u00ebrkoj falje dhe sh\u00ebndet n\u00eb besimin tim e n\u00eb bot\u00ebn time, n\u00eb familjen time e n\u00eb pasurin\u00eb time. O Allah! M\u2019i mbulo dob\u00ebsit\u00eb dhe m\u00eb dhuro paqe prej shqet\u00ebsimeve t\u00eb mia. O Allah! Mbrom\u00eb nga para e nga mbrapa, djathtas, majtas e nga sip\u00ebr dhe k\u00ebrkoj mbrojtjen e madh\u00ebshtis\u00eb Sate nga prekja e ndonj\u00eb nd\u00ebshkimi nga posht\u00eb.<a href=\"#_ftn10\" name=\"_ftnref10\"><sup>[10]<\/sup><\/a><\/strong><\/p><\/blockquote>\n<p><iframe loading=\"lazy\" title=\"Udh\u00ebtimi im nga ateizmi n\u00eb besim | Dr. Bujar Ramaj\" width=\"900\" height=\"506\" src=\"https:\/\/www.youtube.com\/embed\/4kwQAxdCB9U?feature=oembed\" frameborder=\"0\" allow=\"accelerometer; autoplay; clipboard-write; encrypted-media; gyroscope; picture-in-picture; web-share\" referrerpolicy=\"strict-origin-when-cross-origin\" allowfullscreen><\/iframe><\/p>\n<p>N\u00ebna e besimtar\u00ebve, Hazret Umi Selma r.a., rr\u00ebfen:<\/p>\n<p>I D\u00ebrguari i Allahut s.a.v.s. ma m\u00ebsoi k\u00ebt\u00eb lutje p\u00ebr ta b\u00ebr\u00eb n\u00eb mbr\u00ebmje:<\/p>\n<blockquote><p><strong><img loading=\"lazy\" decoding=\"async\" class=\"aligncenter size-full wp-image-6233\" src=\"https:\/\/www.ahmadiyya-islam.org\/al\/wp-content\/uploads\/sites\/3\/2016\/12\/lutjet-e-mengjesit-e-te-mbremjes-11.jpg\" alt=\"lutjet e mengjesit mremjes\" width=\"389\" height=\"159\" srcset=\"https:\/\/www.ahmadiyya-islam.org\/al\/wp-content\/uploads\/sites\/3\/2016\/12\/lutjet-e-mengjesit-e-te-mbremjes-11.jpg 389w, https:\/\/www.ahmadiyya-islam.org\/al\/wp-content\/uploads\/sites\/3\/2016\/12\/lutjet-e-mengjesit-e-te-mbremjes-11-300x123.jpg 300w\" sizes=\"auto, (max-width: 389px) 100vw, 389px\" \/>O Allah! N\u00eb ardhjen e nat\u00ebs Sate, n\u00eb largimin e dit\u00ebs Sate, <\/strong><strong>n\u00eb koh\u00ebn kur m\u00eb vijn\u00eb thirrjet e Tua, n\u00eb momentet e namazeve p\u00ebr Ty, t\u00eb k\u00ebrkoj t\u00eb m\u00eb fal\u00ebsh mua.<a href=\"#_ftn11\" name=\"_ftnref11\"><sup>[11]<\/sup><\/a><\/strong><\/p><\/blockquote>\n<h2>Nj\u00eb lutje shum\u00eb e p\u00ebrulur dhe p\u00ebrgj\u00ebruese\u00a0n\u00eb fush\u00ebn e Arafatit<\/h2>\n<p>Hazret Abdullah Ibni Abasi r.a. tregon se gjat\u00eb haxhit t\u00eb fundit, n\u00eb mbr\u00ebmjen e Arafatit, i D\u00ebrguari i Allahut s.a.v.s. b\u00ebri k\u00ebt\u00eb lutje:<\/p>\n<blockquote><p><strong><img loading=\"lazy\" decoding=\"async\" class=\"aligncenter size-full wp-image-5512\" src=\"https:\/\/www.ahmadiyya-islam.org\/al\/wp-content\/uploads\/sites\/3\/2016\/07\/lutjet-e-haxhit-6.jpg\" alt=\"haxhi lutjet e haxhit\" width=\"394\" height=\"634\" srcset=\"https:\/\/www.ahmadiyya-islam.org\/al\/wp-content\/uploads\/sites\/3\/2016\/07\/lutjet-e-haxhit-6.jpg 394w, https:\/\/www.ahmadiyya-islam.org\/al\/wp-content\/uploads\/sites\/3\/2016\/07\/lutjet-e-haxhit-6-186x300.jpg 186w\" sizes=\"auto, (max-width: 394px) 100vw, 394px\" \/>O Allah! Ti m\u00eb d\u00ebgjon dhe e sheh gjendjen time. Ti e di t\u00eb fsheht\u00ebn dhe t\u00eb dukshmen time. Asgj\u00eb nga gj\u00ebrat e mia nuk \u00ebsht\u00eb e fshehur nga Ti. Nd\u00ebrsa un\u00eb jam i varf\u00ebr, lyp\u00ebs, k\u00ebrkues i strehimit dhe i ndihm\u00ebs T\u00ebnde, i ndrojtur, i frik\u00ebsuar dhe pranues i fajit tim. Po t\u00eb lyp si\u00e7 lyp nj\u00eb nevojtar. Po qaj para Teje si nj\u00eb m\u00ebkatar i posht\u00ebr dhe po t\u00eb lutem si\u00e7 lutet nj\u00eb i verb\u00ebr, i frik\u00ebsuar. <\/strong><\/p>\n<p><strong>Koka ime \u00ebsht\u00eb e ulur para Teje, p\u00ebr Ty po m\u00eb lotojn\u00eb syt\u00eb, trupi im \u00ebsht\u00eb gjunj\u00ebzuar para Teje dhe p\u00ebr Ty kam v\u00ebn\u00eb hund\u00ebn n\u00eb tok\u00eb. O Allah! Mos m\u00eb b\u00ebj t\u00eb pafat kur t\u00eb lutem Ty dhe trego dashuri e m\u00ebshir\u00eb ndaj meje, o Ti q\u00eb je m\u00eb i miri p\u00ebr t\u2019u lutur dhe m\u00eb Bujari se kushdo tjet\u00ebr!<a href=\"#_ftn12\" name=\"_ftnref12\"><sup>[12]<\/sup><\/a><\/strong><\/p><\/blockquote>\n<h2>Lutje p\u00ebr t\u00eb k\u00ebrkuar falje p\u00ebr haxhinjt\u00eb e Sht\u00ebpis\u00eb s\u00eb Allahut<\/h2>\n<ul>\n<li><a href=\"https:\/\/www.ahmadiyya-islam.org\/al\/islami\/pese-shtyllat-e-islamit\/5\/#52_Si_dhe_kur_behet_haxhi\" target=\"_blank\" rel=\"noopener noreferrer\">M\u00ebsoni hap pas hapi si b\u00ebhet haxhi<\/a><\/li>\n<\/ul>\n<p>Hazret Ebu Hurejrah r.a. p\u00ebrmend lutjen e m\u00ebposhtme t\u00eb t\u00eb D\u00ebrguarit t\u00eb Allahut s.a.v.s. q\u00eb ai kishte b\u00ebr\u00eb p\u00ebr haxhinjt\u00eb:<\/p>\n<blockquote><p><strong><img loading=\"lazy\" decoding=\"async\" class=\"aligncenter size-full wp-image-5615\" src=\"https:\/\/www.ahmadiyya-islam.org\/al\/wp-content\/uploads\/sites\/3\/2016\/07\/lutjet-e-haxhit-9.jpg\" alt=\"lutjet e haxhit\" width=\"242\" height=\"116\" \/>O Allah! Fali haxhinjt\u00eb dhe ata, p\u00ebr t\u00eb cil\u00ebt haxhinjt\u00eb T\u00eb k\u00ebrkuan falje.<a href=\"#_ftn13\" name=\"_ftnref13\"><sup>[13]<\/sup><\/a><\/strong><\/p><\/blockquote>\n<h2>Lutje gjat\u00eb recitimit t\u00eb Kuranit Fam\u00eblart\u00eb\u00a0p\u00ebr faljen m\u00ebkateve<\/h2>\n<p>Hazret Ajshja r.a. tregon se pas zbritjes s\u00eb sures 110 En-Nasr, kurdoher\u00eb q\u00eb i D\u00ebrguari i Allahut s.a.v.s. e recitoi k\u00ebt\u00eb sure, iu p\u00ebrgjigj ajetit:<\/p>\n<p><strong><img loading=\"lazy\" decoding=\"async\" class=\"aligncenter size-full wp-image-5471\" src=\"https:\/\/www.ahmadiyya-islam.org\/al\/wp-content\/uploads\/sites\/3\/2016\/06\/110-004.png\" alt=\"lutje gjate recitimit te kuranit\" width=\"382\" height=\"122\" srcset=\"https:\/\/www.ahmadiyya-islam.org\/al\/wp-content\/uploads\/sites\/3\/2016\/06\/110-004.png 382w, https:\/\/www.ahmadiyya-islam.org\/al\/wp-content\/uploads\/sites\/3\/2016\/06\/110-004-300x96.png 300w\" sizes=\"auto, (max-width: 382px) 100vw, 382px\" \/>\u201cP\u00ebrkujtoje lavdin\u00eb e Zotit t\u00ebnd dhe k\u00ebrkoji falje Atij\u201d, <\/strong><\/p>\n<p>duke th\u00ebn\u00eb:<\/p>\n<blockquote><p><strong><img loading=\"lazy\" decoding=\"async\" class=\"aligncenter size-full wp-image-5472\" src=\"https:\/\/www.ahmadiyya-islam.org\/al\/wp-content\/uploads\/sites\/3\/2016\/06\/Lutje-gjate-recitimit-te-Kuranit-1.jpg\" alt=\"lutje gjate recitimit te kuranit\" width=\"386\" height=\"74\" srcset=\"https:\/\/www.ahmadiyya-islam.org\/al\/wp-content\/uploads\/sites\/3\/2016\/06\/Lutje-gjate-recitimit-te-Kuranit-1.jpg 386w, https:\/\/www.ahmadiyya-islam.org\/al\/wp-content\/uploads\/sites\/3\/2016\/06\/Lutje-gjate-recitimit-te-Kuranit-1-300x58.jpg 300w\" sizes=\"auto, (max-width: 386px) 100vw, 386px\" \/>\u201cI Shenjt\u00eb je Ti, o Zoti yn\u00eb, me gjith\u00eb lavdin\u00eb T\u00ebnde. O Allah! M\u00eb fal mua\u201d.<a href=\"#_ftn14\" name=\"_ftnref14\"><sup>[14]<\/sup><\/a><\/strong><\/p><\/blockquote>\n<h2>Lutje p\u00ebr faljen e m\u00ebkateve n\u00eb namazin e nat\u00ebs<\/h2>\n<ul>\n<li><a href=\"https:\/\/www.ahmadiyya-islam.org\/al\/artikuj\/13-metoda-per-t-u-zgjuar-per-namazin-e-tehexhudit\/\" target=\"_blank\" rel=\"noopener noreferrer\">13 metoda p\u00ebr t&#8217;u zgjuar p\u00ebr namazin e nat\u00ebs (tehexhud)<\/a><\/li>\n<\/ul>\n<p>Hazret Ajshja r.a. tregon se i D\u00ebrguari i Allahut s.a.v.s. kur zgjohej gjat\u00eb nat\u00ebs, b\u00ebnte k\u00ebt\u00eb lutje:<\/p>\n<blockquote><p><strong><img loading=\"lazy\" decoding=\"async\" class=\"aligncenter size-full wp-image-6525\" src=\"https:\/\/www.ahmadiyya-islam.org\/al\/wp-content\/uploads\/sites\/3\/2017\/05\/lutje-per-tehexhud_1.jpg\" alt=\"lutje tehexhud falje\" width=\"389\" height=\"263\" srcset=\"https:\/\/www.ahmadiyya-islam.org\/al\/wp-content\/uploads\/sites\/3\/2017\/05\/lutje-per-tehexhud_1.jpg 389w, https:\/\/www.ahmadiyya-islam.org\/al\/wp-content\/uploads\/sites\/3\/2017\/05\/lutje-per-tehexhud_1-300x203.jpg 300w\" sizes=\"auto, (max-width: 389px) 100vw, 389px\" \/>Nuk ka t\u00eb adhuruar tjet\u00ebr p\u00ebrve\u00e7 Teje. I Shenjt\u00eb je o Allah! T\u00eb k\u00ebrkoj falje p\u00ebr gjynahun tim dhe k\u00ebrkoj m\u00ebshir\u00ebn T\u00ebnde! O Allah! M\u00eb shto diturin\u00eb! Mos m\u00eb devijo zemr\u00ebn pasi m\u00eb ke udh\u00ebzuar dhe m\u00eb dhuro m\u00ebshir\u00eb prej Vetes! Ti je me t\u00eb v\u00ebrtet\u00eb Dhuruesi i madh!<a href=\"#_ftn15\" name=\"_ftnref15\"><sup>[15]<\/sup><\/a><\/strong><\/p><\/blockquote>\n<p>Hazret Abdullah Ibni Abasi r.a. tregon se i D\u00ebrguari i Allahut s.a.v.s. kur \u00e7ohej p\u00ebr namazin e tehexhudit, b\u00ebnte k\u00ebt\u00eb lutje:<\/p>\n<blockquote><p><strong><img loading=\"lazy\" decoding=\"async\" class=\"aligncenter size-full wp-image-6521\" src=\"https:\/\/www.ahmadiyya-islam.org\/al\/wp-content\/uploads\/sites\/3\/2017\/05\/lutje-per-tehexhud_2.jpg\" alt=\"lutje tehexhud falje\" width=\"393\" height=\"795\" srcset=\"https:\/\/www.ahmadiyya-islam.org\/al\/wp-content\/uploads\/sites\/3\/2017\/05\/lutje-per-tehexhud_2.jpg 393w, https:\/\/www.ahmadiyya-islam.org\/al\/wp-content\/uploads\/sites\/3\/2017\/05\/lutje-per-tehexhud_2-148x300.jpg 148w\" sizes=\"auto, (max-width: 393px) 100vw, 393px\" \/>O Allah! E Jotja \u00ebsht\u00eb lavdia. Ti i b\u00ebre t\u00eb q\u00ebndrojn\u00eb qiejt, Toka dhe gjith\u00e7ka q\u00eb gjendet n\u00eb to. E Jotja \u00ebsht\u00eb lavdia. I Yti \u00ebsht\u00eb sundimi i qiejve dhe i Tok\u00ebs dhe i gjith\u00e7kaje q\u00eb gjendet n\u00eb to. E Jotja \u00ebsht\u00eb lavdia. Ti je drita e qiejve dhe e Tok\u00ebs dhe e gjith\u00e7kaje q\u00eb gjendet n\u00eb to. E Jotja \u00ebsht\u00eb lavdia. Ti je Mbreti i qiejve dhe i Tok\u00ebs dhe i gjith\u00e7kaje q\u00eb gjendet n\u00eb to. <\/strong><\/p>\n<p><strong>E Jotja \u00ebsht\u00eb lavdia. Ti je i V\u00ebrteti. Premtimi Yt \u00ebsht\u00eb i v\u00ebrtet\u00eb, takimi me Ty \u00ebsht\u00eb i v\u00ebrtet\u00eb, fjala Jote \u00ebsht\u00eb e v\u00ebrtet\u00eb, xheneti \u00ebsht\u00eb i v\u00ebrtet\u00eb, zjarri \u00ebsht\u00eb i v\u00ebrtet\u00eb, profet\u00ebt jan\u00eb t\u00eb v\u00ebrtet\u00eb, Muhammedi \u00ebsht\u00eb i v\u00ebrtet\u00eb dhe Ora \u00ebsht\u00eb e v\u00ebrtet\u00eb. <\/strong><\/p>\n<p><strong>O Allah! Ty t\u2019u dor\u00ebzova, Ty t\u00eb besova, te Ti u mb\u00ebshteta, nga Ti anova, me ndihm\u00ebn T\u00ebnde u p\u00ebrballa me armikun dhe Ty t\u00eb solla \u00e7\u00ebshtjen p\u00ebr gjykim. M\u00eb fal mua edhe at\u00eb q\u00eb kam b\u00ebr\u00eb m\u00eb par\u00eb, edhe at\u00eb q\u00eb do t\u00eb b\u00ebj, edhe at\u00eb q\u00eb e fsheha, edhe at\u00eb q\u00eb e zbulova. Ti je Nism\u00ebtari dhe P\u00ebrmbyll\u00ebsi. Nuk ka t\u00eb adhuruar tjet\u00ebr p\u00ebrve\u00e7 Teje.<a href=\"#_ftn16\" name=\"_ftnref16\"><sup>[16]<\/sup><\/a><\/strong><\/p><\/blockquote>\n<p>Duke treguar rreth lutjeve q\u00eb i D\u00ebrguari i Allahut s.a.v.s. b\u00ebnte n\u00eb fillim t\u00eb namazit t\u00eb tehexhudit, Hazret Ajshja r.a. thot\u00eb se Profeti s.a.v.s. \u00e7ohej n\u00eb k\u00ebmb\u00eb dhe thoshte nga 10 her\u00eb: <em>Allahu Ekber, Elhamdulil-lah, Subhanallah, Lailaha il-lallah<\/em> dhe 10 her\u00eb k\u00ebrkonte falje prej Zotit. M\u00eb pas b\u00ebnte disa lutje t\u00eb tjera.<a href=\"#_ftn17\" name=\"_ftnref17\"><sup>[17]<\/sup><\/a><\/p>\n<p>Hazret Asimi r.a. rr\u00ebfen: \u201cPyeta Hazret Ajshen r.a. se si e fillonte i D\u00ebrguari i Allahut s.a.v.s. namazin e nat\u00ebs. Ajo m\u2019u p\u00ebrgjigj: M\u00eb ke pyetur p\u00ebr di\u00e7ka, p\u00ebr t\u00eb cil\u00ebn nuk m\u00eb ka pyetur askush para teje. I D\u00ebrguari i Allahut s.a.v.s. kur \u00e7ohej p\u00ebr t\u00eb falur namazin, p\u00ebrs\u00ebriste nga 10 her\u00eb <em>Subhanallah, Elhamdulil-lah <\/em>dhe <em>Estagfirullah <\/em>dhe m\u00eb pas b\u00ebnte k\u00ebt\u00eb lutje\u201d:<\/p>\n<blockquote><p><strong><img loading=\"lazy\" decoding=\"async\" class=\"aligncenter size-full wp-image-6522\" src=\"https:\/\/www.ahmadiyya-islam.org\/al\/wp-content\/uploads\/sites\/3\/2017\/05\/lutje-per-tehexhud_6.jpg\" alt=\"lutje tehexhud falje\" width=\"390\" height=\"158\" srcset=\"https:\/\/www.ahmadiyya-islam.org\/al\/wp-content\/uploads\/sites\/3\/2017\/05\/lutje-per-tehexhud_6.jpg 390w, https:\/\/www.ahmadiyya-islam.org\/al\/wp-content\/uploads\/sites\/3\/2017\/05\/lutje-per-tehexhud_6-300x122.jpg 300w\" sizes=\"auto, (max-width: 390px) 100vw, 390px\" \/>O Allah! M\u00eb fal! M\u00eb udh\u00ebzo! M\u00eb ushqe! M\u00eb jep sh\u00ebndet! M\u00eb mbro nga shtr\u00ebngimi n\u00eb dit\u00ebn e kiametit!<a href=\"#_ftn18\" name=\"_ftnref18\"><sup>[18]<\/sup><\/a><\/strong><\/p><\/blockquote>\n<p>Me k\u00ebrkes\u00ebn e Hazret Ebu Bekrit r.a. i D\u00ebrguari i Allahut s.a.v.s. i m\u00ebsoi k\u00ebt\u00eb lutje, q\u00eb ai ta b\u00ebnte n\u00eb namaz:<\/p>\n<blockquote><p><strong><img loading=\"lazy\" decoding=\"async\" class=\"aligncenter size-full wp-image-6523\" src=\"https:\/\/www.ahmadiyya-islam.org\/al\/wp-content\/uploads\/sites\/3\/2017\/05\/lutje-per-tehexhud_8.jpg\" alt=\"lutje tehexhud falje\" width=\"389\" height=\"212\" srcset=\"https:\/\/www.ahmadiyya-islam.org\/al\/wp-content\/uploads\/sites\/3\/2017\/05\/lutje-per-tehexhud_8.jpg 389w, https:\/\/www.ahmadiyya-islam.org\/al\/wp-content\/uploads\/sites\/3\/2017\/05\/lutje-per-tehexhud_8-300x163.jpg 300w\" sizes=\"auto, (max-width: 389px) 100vw, 389px\" \/>O Allah! Kam shkelur shum\u00eb veten time dhe askush nuk m\u2019i fal m\u00ebkatet p\u00ebrve\u00e7 Teje. Andaj m\u00eb dhuro faljen T\u00ebnde dhe m\u00eb m\u00ebshiro! Ti je me t\u00eb v\u00ebrtet\u00eb M\u00ebkatfal\u00ebsi, M\u00ebshir\u00ebb\u00ebr\u00ebsi.<a href=\"#_ftn19\" name=\"_ftnref19\"><sup>[19]<\/sup><\/a><\/strong><\/p><\/blockquote>\n<p>Hazret Shedad Ibni Eusi r.a. tregon se i D\u00ebrguari i Allahut s.a.v.s. b\u00ebnte k\u00ebt\u00eb lutje n\u00eb namazet <em>nafile<\/em>:<\/p>\n<blockquote><p><strong><img loading=\"lazy\" decoding=\"async\" class=\"aligncenter size-full wp-image-6524\" src=\"https:\/\/www.ahmadiyya-islam.org\/al\/wp-content\/uploads\/sites\/3\/2017\/05\/lutje-per-tehexhud_9.jpg\" alt=\"lutje tehexhud falje\" width=\"398\" height=\"329\" srcset=\"https:\/\/www.ahmadiyya-islam.org\/al\/wp-content\/uploads\/sites\/3\/2017\/05\/lutje-per-tehexhud_9.jpg 398w, https:\/\/www.ahmadiyya-islam.org\/al\/wp-content\/uploads\/sites\/3\/2017\/05\/lutje-per-tehexhud_9-300x248.jpg 300w\" sizes=\"auto, (max-width: 398px) 100vw, 398px\" \/>O Allah! Po t\u00eb lutem p\u00ebr q\u00ebndrueshm\u00ebrin\u00eb n\u00eb t\u00eb gjitha \u00e7\u00ebshtjet, p\u00ebr vendosm\u00ebrin\u00eb n\u00eb sjelljet e drejta. M\u00eb mund\u00ebso t\u00eb fal\u00ebnderoj p\u00ebr bekimin T\u00ebnd e t\u00eb t\u00eb adhuroj Ty n\u00eb m\u00ebnyr\u00ebn m\u00eb t\u00eb bukur. Po t\u00eb lyp zem\u00ebr t\u00eb sinqert\u00eb, gjuh\u00eb t\u00eb drejt\u00eb dhe \u00e7do t\u00eb mir\u00eb q\u00eb Ti di. K\u00ebrkoj mbrojtjen T\u00ebnde nga \u00e7do lig\u00ebsi q\u00eb Ti di dhe k\u00ebrkoj faljen p\u00ebr \u00e7do m\u00ebkat timin q\u00eb Ti di.<a href=\"#_ftn20\" name=\"_ftnref20\"><sup>[20]<\/sup><\/a><\/strong><\/p><\/blockquote>\n<ul>\n<li><a href=\"https:\/\/www.ahmadiyya-islam.org\/al\/lutjet\/10-lutjet-e-profetit-namazi-nates-tehexhud\/\" target=\"_blank\" rel=\"noopener noreferrer\">Lexoni lutjet e\u00a0tjera t\u00eb Profetit s.a.v.s. p\u00ebr namazin e tehexhudit (t\u00eb nat\u00ebs)<\/a><\/li>\n<\/ul>\n<h2>Lutje p\u00ebr falje gjat\u00eb nat\u00ebs s\u00eb Kadrit<\/h2>\n<ul>\n<li><a href=\"https:\/\/www.ahmadiyya-islam.org\/al\/artikuj\/ngjarje-te-pranimit-te-lutjeve-te-mesihut-te-premtuar-a-s\/\" target=\"_blank\" rel=\"noopener noreferrer\">Zoti \u00ebsht\u00eb i Gjall\u00eb. K\u00ebt\u00eb mund ta zbulosh p\u00ebrmes lutjes s\u00eb sinqert\u00eb. Ja shembuj!<\/a><\/li>\n<\/ul>\n<p>Hazret Ajshja r.a. e pyeti t\u00eb D\u00ebrguarin e Allahut s.a.v.s.: \u201cN\u00ebse gjej Nat\u00ebn e Kadrit, \u00e7\u2019lutje duhet t\u00eb b\u00ebj?\u201d Ai i tregoi k\u00ebt\u00eb lutje:<\/p>\n<blockquote><p><strong><img loading=\"lazy\" decoding=\"async\" class=\"aligncenter size-full wp-image-5432\" src=\"https:\/\/www.ahmadiyya-islam.org\/al\/wp-content\/uploads\/sites\/3\/2015\/07\/Lutja-e-nat\u00ebs-s\u00eb-Kadrit.jpg\" alt=\"lutje nata e kadrit\" width=\"401\" height=\"119\" srcset=\"https:\/\/www.ahmadiyya-islam.org\/al\/wp-content\/uploads\/sites\/3\/2015\/07\/Lutja-e-nat\u00ebs-s\u00eb-Kadrit.jpg 401w, https:\/\/www.ahmadiyya-islam.org\/al\/wp-content\/uploads\/sites\/3\/2015\/07\/Lutja-e-nat\u00ebs-s\u00eb-Kadrit-400x119.jpg 400w, https:\/\/www.ahmadiyya-islam.org\/al\/wp-content\/uploads\/sites\/3\/2015\/07\/Lutja-e-nat\u00ebs-s\u00eb-Kadrit-300x89.jpg 300w\" sizes=\"auto, (max-width: 401px) 100vw, 401px\" \/>O Allah! Ti Je Fal\u00ebs, shum\u00eb Bujar. T\u00eb p\u00eblqen falja. M\u00eb fal mua!<a href=\"#_ftn21\" name=\"_ftnref21\"><sup>[21]<\/sup><\/a><\/strong><\/p><\/blockquote>\n<h2>Lutje gjat\u00eb namazit p\u00ebr faljen e m\u00ebkateve<\/h2>\n<ul>\n<li><a href=\"https:\/\/www.ahmadiyya-islam.org\/al\/artikuj\/si-te-falim-namazin\/\" target=\"_blank\" rel=\"noopener noreferrer\">M\u00ebsoni si falet namazi n\u00eb arabisht dhe shqip (tekst &amp; audio)<\/a><\/li>\n<\/ul>\n<p>Hazret Ajshja r.a. tregon se i D\u00ebrguari i Allahut s.a.v.s. n\u00eb r\u00f9ku e n\u00eb sexhde b\u00ebnte edhe k\u00ebt\u00eb lutje:<\/p>\n<blockquote><p><strong><img loading=\"lazy\" decoding=\"async\" class=\"aligncenter size-full wp-image-6534\" src=\"https:\/\/www.ahmadiyya-islam.org\/al\/wp-content\/uploads\/sites\/3\/2017\/05\/lutje-ne-ruku_1.jpg\" alt=\"lutje ruku falje\" width=\"387\" height=\"107\" srcset=\"https:\/\/www.ahmadiyya-islam.org\/al\/wp-content\/uploads\/sites\/3\/2017\/05\/lutje-ne-ruku_1.jpg 387w, https:\/\/www.ahmadiyya-islam.org\/al\/wp-content\/uploads\/sites\/3\/2017\/05\/lutje-ne-ruku_1-300x83.jpg 300w\" sizes=\"auto, (max-width: 387px) 100vw, 387px\" \/>O Allah! O Zoti yn\u00eb! I Shenjt\u00eb je Ti me gjith\u00eb lavdin\u00eb T\u00ebnde! O Allah! M\u00eb fal mua!<a href=\"#_ftn22\" name=\"_ftnref22\"><sup>[22]<\/sup><\/a><\/strong><\/p><\/blockquote>\n<p>Hazret Aliu r.a. rr\u00ebfen se i D\u00ebrguari i Allahut s.a.v.s. kur thoshte tekbirin (Allahu Ekber) p\u00ebr t\u00eb nisur namazin, lutej me k\u00ebto fjal\u00eb:<\/p>\n<blockquote><p><strong><img loading=\"lazy\" decoding=\"async\" class=\"aligncenter size-full wp-image-6532\" src=\"https:\/\/www.ahmadiyya-islam.org\/al\/wp-content\/uploads\/sites\/3\/2017\/05\/lutje-per-te-filluar-namazin-01.jpg\" alt=\"lutje per te filluar namazin\" width=\"394\" height=\"735\" srcset=\"https:\/\/www.ahmadiyya-islam.org\/al\/wp-content\/uploads\/sites\/3\/2017\/05\/lutje-per-te-filluar-namazin-01.jpg 394w, https:\/\/www.ahmadiyya-islam.org\/al\/wp-content\/uploads\/sites\/3\/2017\/05\/lutje-per-te-filluar-namazin-01-161x300.jpg 161w\" sizes=\"auto, (max-width: 394px) 100vw, 394px\" \/>E ktheva v\u00ebmendjen time duke ia p\u00ebrkushtuar Atij q\u00eb ka krijuar qiejt dhe Tok\u00ebn dhe un\u00eb nuk jam nd\u00ebr idhujtar\u00ebt. Namazi im, sakrifica ime, jeta ime dhe vdekja ime me t\u00eb v\u00ebrtet\u00eb jan\u00eb p\u00ebr Allahun, Zotin e bot\u00ebve. Ai nuk ka ortak. P\u00ebr k\u00ebt\u00eb jam urdh\u00ebruar dhe jam nd\u00ebr t\u00eb bindurit. O Allah! Ti je Sunduesi. Nuk ka t\u00eb adhuruar tjet\u00ebr p\u00ebrve\u00e7 Teje. Ti je Zoti im e un\u00eb robi Yt. I kam b\u00ebr\u00eb padrejt\u00ebsi vetes dhe e pranoj gjynahun tim. Prandaj, m\u00eb fal t\u00eb gjitha gjynahet e mia, sepse askush nuk mund t\u00eb m\u2019i fal\u00eb gjynahet p\u00ebrve\u00e7 Teje. <\/strong><\/p>\n<p><strong>Udh\u00ebzom\u00eb p\u00ebr virtytet m\u00eb t\u00eb mira, sepse askush nuk mund t\u00eb m\u00eb udh\u00ebzoj\u00eb p\u00ebr k\u00ebt\u00eb p\u00ebrve\u00e7 Teje. Largom\u00eb nga veset, sepse askush nuk mund t\u00eb m\u00eb largoj\u00eb nga ato p\u00ebrve\u00e7 Teje. Kam ardhur te Ti dhe ky nder m\u00eb erdhi prej Teje. E gjith\u00eb mir\u00ebsia \u00ebsht\u00eb n\u00eb duart e Tua, kurse e keqja nuk mund t\u00eb jet\u00eb prej Teje. Jam me Ty dhe vij drejt Teje. Ti zot\u00ebron bekime e madh\u00ebshti. Ty t\u00eb k\u00ebrkoj falje dhe te Ti kthehem i p\u00ebrulur.<a href=\"#_ftn23\" name=\"_ftnref23\"><sup>[23]<\/sup><\/a><\/strong><\/p><\/blockquote>\n<p>Hazret Ebu Hurejrah r.a. rr\u00ebfen: \u201cPyeta t\u00eb D\u00ebrguarin e Allahut s.a.v.s.: \u201cShoh q\u00eb q\u00ebndroni i heshtur midis tekbirit dhe recitimit t\u00eb sures <em>El-Fatiha<\/em>. \u00c7far\u00eb thoni gjat\u00eb k\u00ebsaj kohe?\u201d I D\u00ebrguari i Allahut s.a.v.s. m\u00eb tregoi k\u00ebt\u00eb lutje:<\/p>\n<blockquote><p><strong><img loading=\"lazy\" decoding=\"async\" class=\"aligncenter size-full wp-image-6531\" src=\"https:\/\/www.ahmadiyya-islam.org\/al\/wp-content\/uploads\/sites\/3\/2017\/05\/lutje-per-te-filluar-namazin-03.jpg\" alt=\"lutje per te filluar namazin\" width=\"391\" height=\"270\" srcset=\"https:\/\/www.ahmadiyya-islam.org\/al\/wp-content\/uploads\/sites\/3\/2017\/05\/lutje-per-te-filluar-namazin-03.jpg 391w, https:\/\/www.ahmadiyya-islam.org\/al\/wp-content\/uploads\/sites\/3\/2017\/05\/lutje-per-te-filluar-namazin-03-300x207.jpg 300w\" sizes=\"auto, (max-width: 391px) 100vw, 391px\" \/>O Allah! M\u00eb largo nga m\u00ebkatet e mia, ashtu si\u00e7 e ke larguar Lindjen nga Per\u00ebndimi. O Allah! M\u00eb pastro nga m\u00ebkatet e mia, ashtu si\u00e7 pastrohet papast\u00ebrtia nga rroba e bardh\u00eb. O Allah! Laji me uj\u00eb, bor\u00eb dhe akull m\u00ebkatet e mia!<a href=\"#_ftn24\" name=\"_ftnref24\"><sup>[24]<\/sup><\/a><\/strong><\/p><\/blockquote>\n<p><strong><a href=\"#_ftn25\" name=\"_ftnref25\"><\/a><\/strong><\/p>\n<p><a href=\"#_ftnref1\" name=\"_ftn1\"><\/a><\/p>\n<hr \/>\n<p><a href=\"#_ftnref1\" name=\"_ftn1\"><sup>[1]<\/sup><\/a>. Buhariu, Kitabud-da\u2019vat, bab ma jekulu idha asbaha.<br \/>\n<a href=\"#_ftnref2\" name=\"_ftn2\"><sup>[2]<\/sup><\/a>. Buhariu, Kitabud-da\u2019vat, bab keulin-Nebij s.a.v.s. \u201cAllahumag-firli\u201d.<br \/>\n<a href=\"#_ftnref3\" name=\"_ftn3\"><sup>[3]<\/sup><\/a>. Ebu Daud, Kitabul-vitr, bab fil-istigfar.<br \/>\n<a href=\"#_ftnref4\" name=\"_ftn4\"><sup>[4]<\/sup><\/a>. Mustadrik Hakim, v\u00ebll. 1, f. 728.<br \/>\n<a href=\"#_ftnref5\" name=\"_ftn5\"><sup>[5]<\/sup><\/a>. Buhariu, Kitabul-magazi, bab mardin-Nebij s.a.v.s.<br \/>\n<a href=\"#_ftnref6\" name=\"_ftn6\"><sup>[6]<\/sup><\/a>. Mustadrik Hakim, Kitabud-dua, v\u00ebll. 1, f. 545.<br \/>\n<a href=\"#_ftnref7\" name=\"_ftn7\"><sup>[7]<\/sup><\/a>. Muslimi, Kitabus-salat, bab ed-dua fis-suxhud.<br \/>\n<a href=\"#_ftnref8\" name=\"_ftn8\"><sup>[8]<\/sup><\/a>. Muslimi, Kitabus-salat, bab ma jekulu fir-ruku, ues-suxhud.<br \/>\n<a href=\"#_ftnref9\" name=\"_ftn9\"><sup>[9]<\/sup><\/a>. Po aty.<br \/>\n<a href=\"#_ftnref10\" name=\"_ftn10\"><sup>[10]<\/sup><\/a>. Ebu Daud, Kitabul-adab, bab ma jekulu idha asbaha.<br \/>\n<a href=\"#_ftnref11\" name=\"_ftn11\"><sup>[11]<\/sup><\/a>. Tirmidhiu, Kitabud-da\u2019vat, bab duai umi salma.<br \/>\n<a href=\"#_ftnref12\" name=\"_ftn12\"><sup>[12]<\/sup><\/a>. Maxhmauz-zavaid, Hejthmi, v\u00ebll. 3, f. 560; El-Muxhamul-Kebir, lit-Tibrani, v\u00ebll. 11, f.174.<br \/>\n<a href=\"#_ftnref13\" name=\"_ftn13\"><sup>[13]<\/sup><\/a>. Mustadrik Hakim, v\u00ebll. 1, f. 441.<br \/>\n<a href=\"#_ftnref14\" name=\"_ftn14\"><sup>[14]<\/sup><\/a>. Buhariu, Kitabut-tefsir, suretun-Nasr.<br \/>\n<a href=\"#_ftnref15\" name=\"_ftn15\"><sup>[15]<\/sup><\/a>. Ebu Daud, Kitabul-adab, bab jekulur-raxhul idha ta\u2019ra minel-lejl.<br \/>\n<a href=\"#_ftnref16\" name=\"_ftn16\"><sup>[16]<\/sup><\/a>. Buhariu, Kitabut-tehexhud, bab et-tehexhud bil-lejl.<br \/>\n<a href=\"#_ftnref17\" name=\"_ftn17\"><sup>[17]<\/sup><\/a>. Nisai, Kitab kijamil-lejl, bab dhikr ma jesteftihu bihil-kijam.<br \/>\n<a href=\"#_ftnref18\" name=\"_ftn18\"><sup>[18]<\/sup><\/a>. Nisai, Kitab kijamil-lejl, bab ma dhakara ma jesaftihu bihil-lejl.<br \/>\n<a href=\"#_ftnref19\" name=\"_ftn19\"><sup>[19]<\/sup><\/a>. Buhariu, Kitabud-da\u2019vat, bab dua fis-salat.<br \/>\n<a href=\"#_ftnref20\" name=\"_ftn20\"><sup>[20]<\/sup><\/a>. Tirmidhiu, Kitabud-da\u2019vat, bab fi men-jekraul-Kur\u2019an endal-manam.<br \/>\n<a href=\"#_ftnref21\" name=\"_ftn21\"><sup>[21]<\/sup><\/a>. Tirmidhiu, Kitabut-da\u2019vat, bab 85.<br \/>\n<a href=\"#_ftnref22\" name=\"_ftn22\"><sup>[22]<\/sup><\/a>. Buhariu, Kitab sifatis-salat, bab dua fir-ruku.<br \/>\n<a href=\"#_ftnref23\" name=\"_ftn23\"><sup>[23]<\/sup><\/a>. Muslimi, Kitabus-salatil-musafirin, bab ed-dua fi salatil-lejli ue kijamihi.<br \/>\n<a href=\"#_ftnref24\" name=\"_ftn24\"><sup>[24]<\/sup><\/a>. Buhariu, Kitab sifatis-salat, bab ma jekulu ba\u2019det-takbir.<br \/>\nImage:\u00a0\u00a9 Kamelia Ilieva|Shutterstock<\/p>\n","protected":false},"excerpt":{"rendered":"<p>Kryelutje p\u00ebr t\u00eb k\u00ebrkuar falje Hazret Burejdah r.a. tregon se i D\u00ebrguari i Allahut s.a.v.s. ka th\u00ebn\u00eb se ai q\u00eb b\u00ebn k\u00ebt\u00eb lutje p\u00ebr t\u00eb k\u00ebrkuar falje, n\u00eb m\u00ebngjes ose n\u00eb mbr\u00ebmje e n\u00ebse vdes at\u00eb dit\u00eb ose at\u00eb nat\u00eb, hyn n\u00eb xhenet. O Allah! Ti je Zoti im. Nuk ka t\u00eb adhuruesh\u00ebm tjet\u00ebr p\u00ebrve\u00e7<\/p>\n","protected":false},"featured_media":6346,"parent":0,"template":"","tags":[],"authors":[481],"content_source":[],"class_list":["post-6507","prayers","type-prayers","status-publish","has-post-thumbnail","hentry","topics-dashuria-ndaj-zotit","topics-falja","topics-lutja","topics-ramazani","prayer-cat-lutjet-e-te-derguarit-te-allahut-s-a","authors-profeti-muhamed"],"acf":[],"yoast_head":"<!-- This site is optimized with the Yoast SEO Premium plugin v21.1 (Yoast SEO v27.4) - https:\/\/yoast.com\/product\/yoast-seo-premium-wordpress\/ -->\n<title>Falje - Lutjet e zgjedhura t\u00eb Profetit s.a.v.s. p\u00ebr faljen e m\u00ebkateve<\/title>\n<meta name=\"description\" content=\"25 lutje t\u00eb zgjedhura emocionuese t\u00eb Profetit a.s. p\u00ebr faljen e m\u00ebkateve. K\u00ebto lutje na m\u00ebsojn\u00eb m\u00eb s\u00eb miri sa shum\u00eb nevoj\u00eb kemi p\u00ebr falje.\" \/>\n<meta name=\"robots\" content=\"index, follow, max-snippet:-1, max-image-preview:large, max-video-preview:-1\" \/>\n<link rel=\"canonical\" href=\"https:\/\/www.ahmadiyya-islam.org\/al\/lutjet\/falje-lutjet-e-zgjedhura-te-profetit-faljen-mekateve\/\" \/>\n<meta property=\"og:locale\" content=\"sq_AL\" \/>\n<meta property=\"og:type\" content=\"article\" \/>\n<meta property=\"og:title\" content=\"Lutjet e zgjedhura t\u00eb Profetit Muhammed s.a.v.s. p\u00ebr faljen e m\u00ebkateve\" \/>\n<meta property=\"og:description\" content=\"25 lutje t\u00eb zgjedhura emocionuese t\u00eb Profetit a.s. p\u00ebr faljen e m\u00ebkateve. K\u00ebto lutje na m\u00ebsojn\u00eb m\u00eb s\u00eb miri sa shum\u00eb nevoj\u00eb kemi p\u00ebr falje.\" \/>\n<meta property=\"og:url\" content=\"https:\/\/www.ahmadiyya-islam.org\/al\/lutjet\/falje-lutjet-e-zgjedhura-te-profetit-faljen-mekateve\/\" \/>\n<meta property=\"og:site_name\" content=\"Xhemati Musliman Ahmedia\" \/>\n<meta property=\"article:modified_time\" content=\"2025-03-26T22:26:32+00:00\" \/>\n<meta property=\"og:image\" content=\"https:\/\/www.ahmadiyya-islam.org\/al\/wp-content\/uploads\/sites\/3\/2017\/02\/meso_namazin_shqip.jpg\" \/>\n\t<meta property=\"og:image:width\" content=\"1200\" \/>\n\t<meta property=\"og:image:height\" content=\"572\" \/>\n\t<meta property=\"og:image:type\" content=\"image\/jpeg\" \/>\n<meta name=\"twitter:card\" content=\"summary_large_image\" \/>\n<meta name=\"twitter:label1\" content=\"Est. reading time\" \/>\n\t<meta name=\"twitter:data1\" content=\"7 minutes\" \/>\n<script type=\"application\/ld+json\" class=\"yoast-schema-graph\">{\"@context\":\"https:\\\/\\\/schema.org\",\"@graph\":[{\"@type\":\"WebPage\",\"@id\":\"https:\\\/\\\/www.ahmadiyya-islam.org\\\/al\\\/lutjet\\\/falje-lutjet-e-zgjedhura-te-profetit-faljen-mekateve\\\/\",\"url\":\"https:\\\/\\\/www.ahmadiyya-islam.org\\\/al\\\/lutjet\\\/falje-lutjet-e-zgjedhura-te-profetit-faljen-mekateve\\\/\",\"name\":\"Falje - Lutjet e zgjedhura t\u00eb Profetit s.a.v.s. p\u00ebr faljen e m\u00ebkateve\",\"isPartOf\":{\"@id\":\"https:\\\/\\\/www.ahmadiyya-islam.org\\\/al\\\/#website\"},\"primaryImageOfPage\":{\"@id\":\"https:\\\/\\\/www.ahmadiyya-islam.org\\\/al\\\/lutjet\\\/falje-lutjet-e-zgjedhura-te-profetit-faljen-mekateve\\\/#primaryimage\"},\"image\":{\"@id\":\"https:\\\/\\\/www.ahmadiyya-islam.org\\\/al\\\/lutjet\\\/falje-lutjet-e-zgjedhura-te-profetit-faljen-mekateve\\\/#primaryimage\"},\"thumbnailUrl\":\"https:\\\/\\\/www.ahmadiyya-islam.org\\\/al\\\/wp-content\\\/uploads\\\/sites\\\/3\\\/2017\\\/02\\\/meso_namazin_shqip.jpg\",\"datePublished\":\"2017-05-13T10:54:51+00:00\",\"dateModified\":\"2025-03-26T22:26:32+00:00\",\"description\":\"25 lutje t\u00eb zgjedhura emocionuese t\u00eb Profetit a.s. p\u00ebr faljen e m\u00ebkateve. K\u00ebto lutje na m\u00ebsojn\u00eb m\u00eb s\u00eb miri sa shum\u00eb nevoj\u00eb kemi p\u00ebr falje.\",\"breadcrumb\":{\"@id\":\"https:\\\/\\\/www.ahmadiyya-islam.org\\\/al\\\/lutjet\\\/falje-lutjet-e-zgjedhura-te-profetit-faljen-mekateve\\\/#breadcrumb\"},\"inLanguage\":\"sq-AL\",\"potentialAction\":[{\"@type\":\"ReadAction\",\"target\":[\"https:\\\/\\\/www.ahmadiyya-islam.org\\\/al\\\/lutjet\\\/falje-lutjet-e-zgjedhura-te-profetit-faljen-mekateve\\\/\"]}]},{\"@type\":\"ImageObject\",\"inLanguage\":\"sq-AL\",\"@id\":\"https:\\\/\\\/www.ahmadiyya-islam.org\\\/al\\\/lutjet\\\/falje-lutjet-e-zgjedhura-te-profetit-faljen-mekateve\\\/#primaryimage\",\"url\":\"https:\\\/\\\/www.ahmadiyya-islam.org\\\/al\\\/wp-content\\\/uploads\\\/sites\\\/3\\\/2017\\\/02\\\/meso_namazin_shqip.jpg\",\"contentUrl\":\"https:\\\/\\\/www.ahmadiyya-islam.org\\\/al\\\/wp-content\\\/uploads\\\/sites\\\/3\\\/2017\\\/02\\\/meso_namazin_shqip.jpg\",\"width\":1200,\"height\":572,\"caption\":\"namazi shqip\"},{\"@type\":\"BreadcrumbList\",\"@id\":\"https:\\\/\\\/www.ahmadiyya-islam.org\\\/al\\\/lutjet\\\/falje-lutjet-e-zgjedhura-te-profetit-faljen-mekateve\\\/#breadcrumb\",\"itemListElement\":[{\"@type\":\"ListItem\",\"position\":1,\"name\":\"Home\",\"item\":\"https:\\\/\\\/www.ahmadiyya-islam.org\\\/al\\\/\"},{\"@type\":\"ListItem\",\"position\":2,\"name\":\"Lutjet\",\"item\":\"https:\\\/\\\/www.ahmadiyya-islam.org\\\/al\\\/lutjet\\\/\"},{\"@type\":\"ListItem\",\"position\":3,\"name\":\"Lutjet e zgjedhura t\u00eb Profetit Muhammed s.a.v.s. p\u00ebr faljen e m\u00ebkateve\"}]},{\"@type\":\"WebSite\",\"@id\":\"https:\\\/\\\/www.ahmadiyya-islam.org\\\/al\\\/#website\",\"url\":\"https:\\\/\\\/www.ahmadiyya-islam.org\\\/al\\\/\",\"name\":\"Xhemati Musliman Ahmedia\",\"description\":\"Albania\",\"potentialAction\":[{\"@type\":\"SearchAction\",\"target\":{\"@type\":\"EntryPoint\",\"urlTemplate\":\"https:\\\/\\\/www.ahmadiyya-islam.org\\\/al\\\/?s={search_term_string}\"},\"query-input\":{\"@type\":\"PropertyValueSpecification\",\"valueRequired\":true,\"valueName\":\"search_term_string\"}}],\"inLanguage\":\"sq-AL\"}]}<\/script>\n<!-- \/ Yoast SEO Premium plugin. -->","yoast_head_json":{"title":"Falje - Lutjet e zgjedhura t\u00eb Profetit s.a.v.s. p\u00ebr faljen e m\u00ebkateve","description":"25 lutje t\u00eb zgjedhura emocionuese t\u00eb Profetit a.s. p\u00ebr faljen e m\u00ebkateve. K\u00ebto lutje na m\u00ebsojn\u00eb m\u00eb s\u00eb miri sa shum\u00eb nevoj\u00eb kemi p\u00ebr falje.","robots":{"index":"index","follow":"follow","max-snippet":"max-snippet:-1","max-image-preview":"max-image-preview:large","max-video-preview":"max-video-preview:-1"},"canonical":"https:\/\/www.ahmadiyya-islam.org\/al\/lutjet\/falje-lutjet-e-zgjedhura-te-profetit-faljen-mekateve\/","og_locale":"sq_AL","og_type":"article","og_title":"Lutjet e zgjedhura t\u00eb Profetit Muhammed s.a.v.s. p\u00ebr faljen e m\u00ebkateve","og_description":"25 lutje t\u00eb zgjedhura emocionuese t\u00eb Profetit a.s. p\u00ebr faljen e m\u00ebkateve. K\u00ebto lutje na m\u00ebsojn\u00eb m\u00eb s\u00eb miri sa shum\u00eb nevoj\u00eb kemi p\u00ebr falje.","og_url":"https:\/\/www.ahmadiyya-islam.org\/al\/lutjet\/falje-lutjet-e-zgjedhura-te-profetit-faljen-mekateve\/","og_site_name":"Xhemati Musliman Ahmedia","article_modified_time":"2025-03-26T22:26:32+00:00","og_image":[{"width":1200,"height":572,"url":"https:\/\/www.ahmadiyya-islam.org\/al\/wp-content\/uploads\/sites\/3\/2017\/02\/meso_namazin_shqip.jpg","type":"image\/jpeg"}],"twitter_card":"summary_large_image","twitter_misc":{"Est. reading time":"7 minutes"},"schema":{"@context":"https:\/\/schema.org","@graph":[{"@type":"WebPage","@id":"https:\/\/www.ahmadiyya-islam.org\/al\/lutjet\/falje-lutjet-e-zgjedhura-te-profetit-faljen-mekateve\/","url":"https:\/\/www.ahmadiyya-islam.org\/al\/lutjet\/falje-lutjet-e-zgjedhura-te-profetit-faljen-mekateve\/","name":"Falje - Lutjet e zgjedhura t\u00eb Profetit s.a.v.s. p\u00ebr faljen e m\u00ebkateve","isPartOf":{"@id":"https:\/\/www.ahmadiyya-islam.org\/al\/#website"},"primaryImageOfPage":{"@id":"https:\/\/www.ahmadiyya-islam.org\/al\/lutjet\/falje-lutjet-e-zgjedhura-te-profetit-faljen-mekateve\/#primaryimage"},"image":{"@id":"https:\/\/www.ahmadiyya-islam.org\/al\/lutjet\/falje-lutjet-e-zgjedhura-te-profetit-faljen-mekateve\/#primaryimage"},"thumbnailUrl":"https:\/\/www.ahmadiyya-islam.org\/al\/wp-content\/uploads\/sites\/3\/2017\/02\/meso_namazin_shqip.jpg","datePublished":"2017-05-13T10:54:51+00:00","dateModified":"2025-03-26T22:26:32+00:00","description":"25 lutje t\u00eb zgjedhura emocionuese t\u00eb Profetit a.s. p\u00ebr faljen e m\u00ebkateve. K\u00ebto lutje na m\u00ebsojn\u00eb m\u00eb s\u00eb miri sa shum\u00eb nevoj\u00eb kemi p\u00ebr falje.","breadcrumb":{"@id":"https:\/\/www.ahmadiyya-islam.org\/al\/lutjet\/falje-lutjet-e-zgjedhura-te-profetit-faljen-mekateve\/#breadcrumb"},"inLanguage":"sq-AL","potentialAction":[{"@type":"ReadAction","target":["https:\/\/www.ahmadiyya-islam.org\/al\/lutjet\/falje-lutjet-e-zgjedhura-te-profetit-faljen-mekateve\/"]}]},{"@type":"ImageObject","inLanguage":"sq-AL","@id":"https:\/\/www.ahmadiyya-islam.org\/al\/lutjet\/falje-lutjet-e-zgjedhura-te-profetit-faljen-mekateve\/#primaryimage","url":"https:\/\/www.ahmadiyya-islam.org\/al\/wp-content\/uploads\/sites\/3\/2017\/02\/meso_namazin_shqip.jpg","contentUrl":"https:\/\/www.ahmadiyya-islam.org\/al\/wp-content\/uploads\/sites\/3\/2017\/02\/meso_namazin_shqip.jpg","width":1200,"height":572,"caption":"namazi shqip"},{"@type":"BreadcrumbList","@id":"https:\/\/www.ahmadiyya-islam.org\/al\/lutjet\/falje-lutjet-e-zgjedhura-te-profetit-faljen-mekateve\/#breadcrumb","itemListElement":[{"@type":"ListItem","position":1,"name":"Home","item":"https:\/\/www.ahmadiyya-islam.org\/al\/"},{"@type":"ListItem","position":2,"name":"Lutjet","item":"https:\/\/www.ahmadiyya-islam.org\/al\/lutjet\/"},{"@type":"ListItem","position":3,"name":"Lutjet e zgjedhura t\u00eb Profetit Muhammed s.a.v.s. p\u00ebr faljen e m\u00ebkateve"}]},{"@type":"WebSite","@id":"https:\/\/www.ahmadiyya-islam.org\/al\/#website","url":"https:\/\/www.ahmadiyya-islam.org\/al\/","name":"Xhemati Musliman Ahmedia","description":"Albania","potentialAction":[{"@type":"SearchAction","target":{"@type":"EntryPoint","urlTemplate":"https:\/\/www.ahmadiyya-islam.org\/al\/?s={search_term_string}"},"query-input":{"@type":"PropertyValueSpecification","valueRequired":true,"valueName":"search_term_string"}}],"inLanguage":"sq-AL"}]}},"_links":{"self":[{"href":"https:\/\/www.ahmadiyya-islam.org\/al\/wp-json\/wp\/v2\/prayers\/6507","targetHints":{"allow":["GET"]}}],"collection":[{"href":"https:\/\/www.ahmadiyya-islam.org\/al\/wp-json\/wp\/v2\/prayers"}],"about":[{"href":"https:\/\/www.ahmadiyya-islam.org\/al\/wp-json\/wp\/v2\/types\/prayers"}],"version-history":[{"count":1,"href":"https:\/\/www.ahmadiyya-islam.org\/al\/wp-json\/wp\/v2\/prayers\/6507\/revisions"}],"predecessor-version":[{"id":19581,"href":"https:\/\/www.ahmadiyya-islam.org\/al\/wp-json\/wp\/v2\/prayers\/6507\/revisions\/19581"}],"wp:featuredmedia":[{"embeddable":true,"href":"https:\/\/www.ahmadiyya-islam.org\/al\/wp-json\/wp\/v2\/media\/6346"}],"wp:attachment":[{"href":"https:\/\/www.ahmadiyya-islam.org\/al\/wp-json\/wp\/v2\/media?parent=6507"}],"wp:term":[{"taxonomy":"post_tag","embeddable":true,"href":"https:\/\/www.ahmadiyya-islam.org\/al\/wp-json\/wp\/v2\/tags?post=6507"},{"taxonomy":"authors","embeddable":true,"href":"https:\/\/www.ahmadiyya-islam.org\/al\/wp-json\/wp\/v2\/authors?post=6507"},{"taxonomy":"content_source","embeddable":true,"href":"https:\/\/www.ahmadiyya-islam.org\/al\/wp-json\/wp\/v2\/content_source?post=6507"}],"curies":[{"name":"wp","href":"https:\/\/api.w.org\/{rel}","templated":true}]}}