{"id":3353,"date":"2015-10-04T17:51:31","date_gmt":"2015-10-04T17:51:31","guid":{"rendered":"http:\/\/www.ahmadiyya-islam.org\/al\/?post_type=prayers&#038;p=3353"},"modified":"2019-02-20T12:16:20","modified_gmt":"2019-02-20T12:16:20","slug":"lutje-e-e-persosur-e-profetit","status":"publish","type":"prayers","link":"https:\/\/www.ahmadiyya-islam.org\/al\/lutjet\/lutje-e-e-persosur-e-profetit\/","title":{"rendered":"Lutje e Profetit Muhammed s.a. p\u00ebr bashkimin, paqen dhe vlerat pozitive"},"content":{"rendered":"<p>Hazret Abdullah Ibni Mesudi r.a. rr\u00ebfen se i D\u00ebrguari i Allahut s.a.s. ia m\u00ebsoi k\u00ebt\u00eb lutje (t\u00eb p\u00ebrsosur) q\u00eb ta b\u00ebnte pas <em>teshehudit<\/em>:<\/p>\n<p style=\"text-align: left\"><img loading=\"lazy\" decoding=\"async\" class=\"aligncenter size-full wp-image-4934\" src=\"http:\/\/www.ahmadiyya-islam.org\/al\/wp-content\/uploads\/sites\/3\/2015\/10\/Nj\u00eb-lutje-e-p\u00ebrsosur.jpg\" alt=\"E p\u00ebrsosur\" width=\"589\" height=\"241\" srcset=\"https:\/\/www.ahmadiyya-islam.org\/al\/wp-content\/uploads\/sites\/3\/2015\/10\/Nj\u00eb-lutje-e-p\u00ebrsosur.jpg 589w, https:\/\/www.ahmadiyya-islam.org\/al\/wp-content\/uploads\/sites\/3\/2015\/10\/Nj\u00eb-lutje-e-p\u00ebrsosur-300x123.jpg 300w\" sizes=\"auto, (max-width: 589px) 100vw, 589px\" \/><strong>O Allah! Na bashko zemrat n\u00eb mir\u00ebsi! Na pajto! Na udh\u00ebzo n\u00eb rrug\u00ebn e paqes! Na liro nga err\u00ebsirat p\u00ebr t\u00eb shkuar drejt drit\u00ebs! Na shp\u00ebto nga lig\u00ebsit\u00eb, sherret dhe \u00e7rregullimet, t\u00eb hap\u00ebta apo t\u00eb fshehta! Na beko d\u00ebgjimin, shikimin, zemrat, bashk\u00ebshort\u00ebt, f\u00ebmij\u00ebt dhe na prano pendimin me m\u00ebshir\u00eb! Ti je me t\u00eb v\u00ebrtet\u00eb Pendimpranuesi, M\u00ebshir\u00ebploti.\u00a0 Na b\u00ebj mir\u00ebnjoh\u00ebs t\u00eb Tu p\u00ebr bekimin T\u00ebnd dhe na mund\u00ebso ta vler\u00ebsojm\u00eb bekimin T\u00ebnd si\u00e7 duhet, ta p\u00ebrvet\u00ebsojm\u00eb at\u00eb dhe Ti Vet\u00eb plot\u00ebsoje at\u00eb p\u00ebr ne!<\/strong><a href=\"#_ftn1\" name=\"_ftnref1\">[1]<\/a><\/p>\n<hr \/>\n<p><a href=\"#_ftnref1\" name=\"_ftn1\">[1]<\/a> Ebu Daud, Kitabus-salat, bab teshehud.<\/p>\n","protected":false},"excerpt":{"rendered":"<p>O Allah! Na bashko zemrat n\u00eb mir\u00ebsi! Na pajto ne! Na udh\u00ebzo n\u00eb rrug\u00ebn e paqes! Na liro nga err\u00ebsirat p\u00ebr t\u00eb shkuar drejt drit\u00ebs! Na shp\u00ebto nga lig\u00ebsit\u00eb, sherret dhe \u00e7rregullimet, t\u00eb hap\u00ebta apo t\u00eb fshehta! <\/p>\n","protected":false},"featured_media":3356,"parent":0,"template":"","tags":[357],"authors":[481],"content_source":[],"class_list":["post-3353","prayers","type-prayers","status-publish","has-post-thumbnail","hentry","tag-teshehud","topics-islami-dhe-paqja","topics-jeta-e-profetit-muhammed-s-a","topics-lutjet-per-namaz","topics-profeti-muhammed-s-a","topics-umeti-musliman","topics-virtyte-dhe-morale","prayer-cat-lutjet-e-te-derguarit-te-allahut-s-a","authors-profeti-muhamed"],"acf":[],"yoast_head":"<!-- This site is optimized with the Yoast SEO Premium plugin v21.1 (Yoast SEO v27.4) - https:\/\/yoast.com\/product\/yoast-seo-premium-wordpress\/ -->\n<title>Nj\u00eb lutje e p\u00ebrsosur e Profetit Muhammed s.a.v.s.<\/title>\n<meta name=\"description\" content=\"Nj\u00eb lutje e p\u00ebrsosur: O Allah! Na bashko zemrat n\u00eb mir\u00ebsi! Na pajto ne! Na udh\u00ebzo n\u00eb rrug\u00ebn e paqes! Na liro nga err\u00ebsirat p\u00ebr ...\" \/>\n<meta name=\"robots\" content=\"index, follow, max-snippet:-1, max-image-preview:large, max-video-preview:-1\" \/>\n<link rel=\"canonical\" href=\"https:\/\/www.ahmadiyya-islam.org\/al\/lutjet\/lutje-e-e-persosur-e-profetit\/\" \/>\n<meta property=\"og:locale\" content=\"sq_AL\" \/>\n<meta property=\"og:type\" content=\"article\" \/>\n<meta property=\"og:title\" content=\"Lutje e Profetit Muhammed s.a. p\u00ebr bashkimin, paqen dhe vlerat pozitive\" \/>\n<meta property=\"og:description\" content=\"Nj\u00eb lutje e p\u00ebrsosur: O Allah! Na bashko zemrat n\u00eb mir\u00ebsi! Na pajto ne! Na udh\u00ebzo n\u00eb rrug\u00ebn e paqes! Na liro nga err\u00ebsirat p\u00ebr ...\" \/>\n<meta property=\"og:url\" content=\"https:\/\/www.ahmadiyya-islam.org\/al\/lutjet\/lutje-e-e-persosur-e-profetit\/\" \/>\n<meta property=\"og:site_name\" content=\"Xhemati Musliman Ahmedia\" \/>\n<meta property=\"article:modified_time\" content=\"2019-02-20T12:16:20+00:00\" \/>\n<meta property=\"og:image\" content=\"https:\/\/www.ahmadiyya-islam.org\/al\/wp-content\/uploads\/sites\/3\/2015\/10\/lutjet-bashkimin-e1468070452444.jpg\" \/>\n\t<meta property=\"og:image:width\" content=\"1142\" \/>\n\t<meta property=\"og:image:height\" content=\"571\" \/>\n\t<meta property=\"og:image:type\" content=\"image\/jpeg\" \/>\n<meta name=\"twitter:card\" content=\"summary_large_image\" \/>\n<meta name=\"twitter:label1\" content=\"Est. reading time\" \/>\n\t<meta name=\"twitter:data1\" content=\"1 minute\" \/>\n<script type=\"application\/ld+json\" class=\"yoast-schema-graph\">{\"@context\":\"https:\\\/\\\/schema.org\",\"@graph\":[{\"@type\":\"WebPage\",\"@id\":\"https:\\\/\\\/www.ahmadiyya-islam.org\\\/al\\\/lutjet\\\/lutje-e-e-persosur-e-profetit\\\/\",\"url\":\"https:\\\/\\\/www.ahmadiyya-islam.org\\\/al\\\/lutjet\\\/lutje-e-e-persosur-e-profetit\\\/\",\"name\":\"Nj\u00eb lutje e p\u00ebrsosur e Profetit Muhammed s.a.v.s.\",\"isPartOf\":{\"@id\":\"https:\\\/\\\/www.ahmadiyya-islam.org\\\/al\\\/#website\"},\"primaryImageOfPage\":{\"@id\":\"https:\\\/\\\/www.ahmadiyya-islam.org\\\/al\\\/lutjet\\\/lutje-e-e-persosur-e-profetit\\\/#primaryimage\"},\"image\":{\"@id\":\"https:\\\/\\\/www.ahmadiyya-islam.org\\\/al\\\/lutjet\\\/lutje-e-e-persosur-e-profetit\\\/#primaryimage\"},\"thumbnailUrl\":\"https:\\\/\\\/www.ahmadiyya-islam.org\\\/al\\\/wp-content\\\/uploads\\\/sites\\\/3\\\/2015\\\/10\\\/lutjet-bashkimin-e1468070452444.jpg\",\"datePublished\":\"2015-10-04T17:51:31+00:00\",\"dateModified\":\"2019-02-20T12:16:20+00:00\",\"description\":\"Nj\u00eb lutje e p\u00ebrsosur: O Allah! Na bashko zemrat n\u00eb mir\u00ebsi! Na pajto ne! Na udh\u00ebzo n\u00eb rrug\u00ebn e paqes! Na liro nga err\u00ebsirat p\u00ebr ...\",\"breadcrumb\":{\"@id\":\"https:\\\/\\\/www.ahmadiyya-islam.org\\\/al\\\/lutjet\\\/lutje-e-e-persosur-e-profetit\\\/#breadcrumb\"},\"inLanguage\":\"sq-AL\",\"potentialAction\":[{\"@type\":\"ReadAction\",\"target\":[\"https:\\\/\\\/www.ahmadiyya-islam.org\\\/al\\\/lutjet\\\/lutje-e-e-persosur-e-profetit\\\/\"]}]},{\"@type\":\"ImageObject\",\"inLanguage\":\"sq-AL\",\"@id\":\"https:\\\/\\\/www.ahmadiyya-islam.org\\\/al\\\/lutjet\\\/lutje-e-e-persosur-e-profetit\\\/#primaryimage\",\"url\":\"https:\\\/\\\/www.ahmadiyya-islam.org\\\/al\\\/wp-content\\\/uploads\\\/sites\\\/3\\\/2015\\\/10\\\/lutjet-bashkimin-e1468070452444.jpg\",\"contentUrl\":\"https:\\\/\\\/www.ahmadiyya-islam.org\\\/al\\\/wp-content\\\/uploads\\\/sites\\\/3\\\/2015\\\/10\\\/lutjet-bashkimin-e1468070452444.jpg\",\"width\":1142,\"height\":571,\"caption\":\"E p\u00ebrsosur\"},{\"@type\":\"BreadcrumbList\",\"@id\":\"https:\\\/\\\/www.ahmadiyya-islam.org\\\/al\\\/lutjet\\\/lutje-e-e-persosur-e-profetit\\\/#breadcrumb\",\"itemListElement\":[{\"@type\":\"ListItem\",\"position\":1,\"name\":\"Home\",\"item\":\"https:\\\/\\\/www.ahmadiyya-islam.org\\\/al\\\/\"},{\"@type\":\"ListItem\",\"position\":2,\"name\":\"Lutjet\",\"item\":\"https:\\\/\\\/www.ahmadiyya-islam.org\\\/al\\\/lutjet\\\/\"},{\"@type\":\"ListItem\",\"position\":3,\"name\":\"Lutje e Profetit Muhammed s.a. p\u00ebr bashkimin, paqen dhe vlerat pozitive\"}]},{\"@type\":\"WebSite\",\"@id\":\"https:\\\/\\\/www.ahmadiyya-islam.org\\\/al\\\/#website\",\"url\":\"https:\\\/\\\/www.ahmadiyya-islam.org\\\/al\\\/\",\"name\":\"Xhemati Musliman Ahmedia\",\"description\":\"Albania\",\"potentialAction\":[{\"@type\":\"SearchAction\",\"target\":{\"@type\":\"EntryPoint\",\"urlTemplate\":\"https:\\\/\\\/www.ahmadiyya-islam.org\\\/al\\\/?s={search_term_string}\"},\"query-input\":{\"@type\":\"PropertyValueSpecification\",\"valueRequired\":true,\"valueName\":\"search_term_string\"}}],\"inLanguage\":\"sq-AL\"}]}<\/script>\n<!-- \/ Yoast SEO Premium plugin. -->","yoast_head_json":{"title":"Nj\u00eb lutje e p\u00ebrsosur e Profetit Muhammed s.a.v.s.","description":"Nj\u00eb lutje e p\u00ebrsosur: O Allah! Na bashko zemrat n\u00eb mir\u00ebsi! Na pajto ne! Na udh\u00ebzo n\u00eb rrug\u00ebn e paqes! Na liro nga err\u00ebsirat p\u00ebr ...","robots":{"index":"index","follow":"follow","max-snippet":"max-snippet:-1","max-image-preview":"max-image-preview:large","max-video-preview":"max-video-preview:-1"},"canonical":"https:\/\/www.ahmadiyya-islam.org\/al\/lutjet\/lutje-e-e-persosur-e-profetit\/","og_locale":"sq_AL","og_type":"article","og_title":"Lutje e Profetit Muhammed s.a. p\u00ebr bashkimin, paqen dhe vlerat pozitive","og_description":"Nj\u00eb lutje e p\u00ebrsosur: O Allah! Na bashko zemrat n\u00eb mir\u00ebsi! Na pajto ne! Na udh\u00ebzo n\u00eb rrug\u00ebn e paqes! Na liro nga err\u00ebsirat p\u00ebr ...","og_url":"https:\/\/www.ahmadiyya-islam.org\/al\/lutjet\/lutje-e-e-persosur-e-profetit\/","og_site_name":"Xhemati Musliman Ahmedia","article_modified_time":"2019-02-20T12:16:20+00:00","og_image":[{"width":1142,"height":571,"url":"https:\/\/www.ahmadiyya-islam.org\/al\/wp-content\/uploads\/sites\/3\/2015\/10\/lutjet-bashkimin-e1468070452444.jpg","type":"image\/jpeg"}],"twitter_card":"summary_large_image","twitter_misc":{"Est. reading time":"1 minute"},"schema":{"@context":"https:\/\/schema.org","@graph":[{"@type":"WebPage","@id":"https:\/\/www.ahmadiyya-islam.org\/al\/lutjet\/lutje-e-e-persosur-e-profetit\/","url":"https:\/\/www.ahmadiyya-islam.org\/al\/lutjet\/lutje-e-e-persosur-e-profetit\/","name":"Nj\u00eb lutje e p\u00ebrsosur e Profetit Muhammed s.a.v.s.","isPartOf":{"@id":"https:\/\/www.ahmadiyya-islam.org\/al\/#website"},"primaryImageOfPage":{"@id":"https:\/\/www.ahmadiyya-islam.org\/al\/lutjet\/lutje-e-e-persosur-e-profetit\/#primaryimage"},"image":{"@id":"https:\/\/www.ahmadiyya-islam.org\/al\/lutjet\/lutje-e-e-persosur-e-profetit\/#primaryimage"},"thumbnailUrl":"https:\/\/www.ahmadiyya-islam.org\/al\/wp-content\/uploads\/sites\/3\/2015\/10\/lutjet-bashkimin-e1468070452444.jpg","datePublished":"2015-10-04T17:51:31+00:00","dateModified":"2019-02-20T12:16:20+00:00","description":"Nj\u00eb lutje e p\u00ebrsosur: O Allah! Na bashko zemrat n\u00eb mir\u00ebsi! Na pajto ne! Na udh\u00ebzo n\u00eb rrug\u00ebn e paqes! Na liro nga err\u00ebsirat p\u00ebr ...","breadcrumb":{"@id":"https:\/\/www.ahmadiyya-islam.org\/al\/lutjet\/lutje-e-e-persosur-e-profetit\/#breadcrumb"},"inLanguage":"sq-AL","potentialAction":[{"@type":"ReadAction","target":["https:\/\/www.ahmadiyya-islam.org\/al\/lutjet\/lutje-e-e-persosur-e-profetit\/"]}]},{"@type":"ImageObject","inLanguage":"sq-AL","@id":"https:\/\/www.ahmadiyya-islam.org\/al\/lutjet\/lutje-e-e-persosur-e-profetit\/#primaryimage","url":"https:\/\/www.ahmadiyya-islam.org\/al\/wp-content\/uploads\/sites\/3\/2015\/10\/lutjet-bashkimin-e1468070452444.jpg","contentUrl":"https:\/\/www.ahmadiyya-islam.org\/al\/wp-content\/uploads\/sites\/3\/2015\/10\/lutjet-bashkimin-e1468070452444.jpg","width":1142,"height":571,"caption":"E p\u00ebrsosur"},{"@type":"BreadcrumbList","@id":"https:\/\/www.ahmadiyya-islam.org\/al\/lutjet\/lutje-e-e-persosur-e-profetit\/#breadcrumb","itemListElement":[{"@type":"ListItem","position":1,"name":"Home","item":"https:\/\/www.ahmadiyya-islam.org\/al\/"},{"@type":"ListItem","position":2,"name":"Lutjet","item":"https:\/\/www.ahmadiyya-islam.org\/al\/lutjet\/"},{"@type":"ListItem","position":3,"name":"Lutje e Profetit Muhammed s.a. p\u00ebr bashkimin, paqen dhe vlerat pozitive"}]},{"@type":"WebSite","@id":"https:\/\/www.ahmadiyya-islam.org\/al\/#website","url":"https:\/\/www.ahmadiyya-islam.org\/al\/","name":"Xhemati Musliman Ahmedia","description":"Albania","potentialAction":[{"@type":"SearchAction","target":{"@type":"EntryPoint","urlTemplate":"https:\/\/www.ahmadiyya-islam.org\/al\/?s={search_term_string}"},"query-input":{"@type":"PropertyValueSpecification","valueRequired":true,"valueName":"search_term_string"}}],"inLanguage":"sq-AL"}]}},"_links":{"self":[{"href":"https:\/\/www.ahmadiyya-islam.org\/al\/wp-json\/wp\/v2\/prayers\/3353","targetHints":{"allow":["GET"]}}],"collection":[{"href":"https:\/\/www.ahmadiyya-islam.org\/al\/wp-json\/wp\/v2\/prayers"}],"about":[{"href":"https:\/\/www.ahmadiyya-islam.org\/al\/wp-json\/wp\/v2\/types\/prayers"}],"version-history":[{"count":0,"href":"https:\/\/www.ahmadiyya-islam.org\/al\/wp-json\/wp\/v2\/prayers\/3353\/revisions"}],"wp:featuredmedia":[{"embeddable":true,"href":"https:\/\/www.ahmadiyya-islam.org\/al\/wp-json\/wp\/v2\/media\/3356"}],"wp:attachment":[{"href":"https:\/\/www.ahmadiyya-islam.org\/al\/wp-json\/wp\/v2\/media?parent=3353"}],"wp:term":[{"taxonomy":"post_tag","embeddable":true,"href":"https:\/\/www.ahmadiyya-islam.org\/al\/wp-json\/wp\/v2\/tags?post=3353"},{"taxonomy":"authors","embeddable":true,"href":"https:\/\/www.ahmadiyya-islam.org\/al\/wp-json\/wp\/v2\/authors?post=3353"},{"taxonomy":"content_source","embeddable":true,"href":"https:\/\/www.ahmadiyya-islam.org\/al\/wp-json\/wp\/v2\/content_source?post=3353"}],"curies":[{"name":"wp","href":"https:\/\/api.w.org\/{rel}","templated":true}]}}