{"id":3014,"date":"2015-07-09T12:37:52","date_gmt":"2015-07-09T12:37:52","guid":{"rendered":"http:\/\/www.ahmadiyya-islam.org\/al\/?post_type=prayers&#038;p=3014"},"modified":"2022-04-28T17:03:32","modified_gmt":"2022-04-28T17:03:32","slug":"lutja-e-nates-se-kadrit","status":"publish","type":"prayers","link":"https:\/\/www.ahmadiyya-islam.org\/al\/lutjet\/lutja-e-nates-se-kadrit\/","title":{"rendered":"Lutja e nat\u00ebs s\u00eb Kadrit"},"content":{"rendered":"<p>Hazret Ajshja r.a. e pyeti t\u00eb D\u00ebrguarin e Allahut s.a.: N\u00ebse gjej nat\u00ebn e Kadrit, \u00e7\u2019lutje duhet t\u00eb b\u00ebj? Ai i\u00a0tregoi k\u00ebt\u00eb lutje:<\/p>\n<blockquote><p><a href=\"http:\/\/www.ahmadiyya-islam.org\/al\/wp-content\/uploads\/sites\/3\/2015\/07\/Lutja-e-nat\u00ebs-s\u00eb-Kadrit.jpg\"><img loading=\"lazy\" decoding=\"async\" class=\"size-full wp-image-5432 aligncenter\" src=\"http:\/\/www.ahmadiyya-islam.org\/al\/wp-content\/uploads\/sites\/3\/2015\/07\/Lutja-e-nat\u00ebs-s\u00eb-Kadrit.jpg\" alt=\"lutje\" width=\"401\" height=\"119\" srcset=\"https:\/\/www.ahmadiyya-islam.org\/al\/wp-content\/uploads\/sites\/3\/2015\/07\/Lutja-e-nat\u00ebs-s\u00eb-Kadrit.jpg 401w, https:\/\/www.ahmadiyya-islam.org\/al\/wp-content\/uploads\/sites\/3\/2015\/07\/Lutja-e-nat\u00ebs-s\u00eb-Kadrit-400x119.jpg 400w, https:\/\/www.ahmadiyya-islam.org\/al\/wp-content\/uploads\/sites\/3\/2015\/07\/Lutja-e-nat\u00ebs-s\u00eb-Kadrit-300x89.jpg 300w\" sizes=\"auto, (max-width: 401px) 100vw, 401px\" \/><\/a><\/p>\n<p style=\"text-align: left;\"><em>Allahumme inneke &#8216;afuvvun kerimun, tuhibbul-&#8216;afve, fa&#8217;fu &#8216;annij!<\/em><strong><br \/>\nO Allah! Je shum\u00eb M\u00ebkatfal\u00ebs, shum\u00eb Bujar. T\u00eb p\u00eblqen falja. M\u00eb fal mua!<\/strong><\/p>\n<\/blockquote>\n<p><iframe loading=\"lazy\" title=\"Lutja e Nat\u00ebs s\u00eb Kadrit | Lutje p\u00ebr Nat\u00ebn e Kadrit | Lutje gjat\u00eb Ramazanit\" width=\"900\" height=\"506\" src=\"https:\/\/www.youtube.com\/embed\/ZHLCHzV1f0E?feature=oembed\" frameborder=\"0\" allow=\"accelerometer; autoplay; clipboard-write; encrypted-media; gyroscope; picture-in-picture\" allowfullscreen><\/iframe><\/p>\n<p style=\"text-align: left;\">[Xhamiu et-Tirmidhi, kitab &#8220;<em>Ed-Da&#8217;vat<\/em>&#8220;, hadithi nr. 3513]<\/p>\n<h2>Lexoni gjithashtu:<\/h2>\n<ul>\n<li><strong><a href=\"https:\/\/www.ahmadiyya-islam.org\/al\/pyetje\/kur-eshte-nata-e-kadrit-cilen-dite-duhet-te-agjerosh-per-naten-e-kadrit\/\">Kur \u00ebsht\u00eb Nata e Kadrit? Cil\u00ebn dit\u00eb duhet t\u00eb agj\u00ebrosh p\u00ebr Nat\u00ebn e Kadrit?<\/a><\/strong><\/li>\n<li><a href=\"https:\/\/www.ahmadiyya-islam.org\/al\/lutjet\/falje-lutjet-e-zgjedhura-te-profetit-faljen-mekateve\/\" target=\"_blank\" rel=\"noopener noreferrer\">Lutjet e zgjedhura t\u00eb Profetit Muhammed s.a.v.s. p\u00ebr faljen e m\u00ebkateve<\/a><\/li>\n<li><a href=\"https:\/\/www.ahmadiyya-islam.org\/al\/lutjet\/lutje-e-persosur-dhe-shume-emocionuese-e-profetit-muhamed\/\" target=\"_blank\" rel=\"noopener noreferrer\">Lutje e p\u00ebrsosur dhe shum\u00eb emocionuese e Profetit Muhamed s.a.v.s.<\/a><\/li>\n<li><a href=\"https:\/\/www.ahmadiyya-islam.org\/al\/lutjet\/lutje-per-te-pasur-femijet-te-edukuar-adhurues-dhe-sherbetore-te-zotit\/\" target=\"_blank\" rel=\"noopener noreferrer\">Lutje p\u00ebr t\u00eb ardhmen e ndritur t\u00eb f\u00ebmij\u00ebve<\/a><\/li>\n<\/ul>\n","protected":false},"excerpt":{"rendered":"<p>Hazret Ajshja r.a. e pyeti t\u00eb D\u00ebrguarin e Allahut s.a.: N\u00ebse gjej nat\u00ebn e Kadrit, \u00e7\u2019lutje duhet t\u00eb b\u00ebj? Ai i\u00a0tregoi k\u00ebt\u00eb lutje: Allahumme inneke &#8216;afuvvun kerimun, tuhibbul-&#8216;afve, fa&#8217;fu &#8216;annij! O Allah! Je shum\u00eb M\u00ebkatfal\u00ebs, shum\u00eb Bujar. T\u00eb p\u00eblqen falja. M\u00eb fal mua! [Xhamiu et-Tirmidhi, kitab &#8220;Ed-Da&#8217;vat&#8220;, hadithi nr. 3513] Lexoni gjithashtu: Kur \u00ebsht\u00eb Nata<\/p>\n","protected":false},"featured_media":3031,"parent":0,"template":"","tags":[264],"authors":[481],"content_source":[],"class_list":["post-3014","prayers","type-prayers","status-publish","has-post-thumbnail","hentry","tag-nata-e-kadrit","topics-ramazani","prayer-cat-lutjet-e-te-derguarit-te-allahut-s-a","authors-profeti-muhamed"],"acf":[],"yoast_head":"<!-- This site is optimized with the Yoast SEO Premium plugin v21.1 (Yoast SEO v27.4) - https:\/\/yoast.com\/product\/yoast-seo-premium-wordpress\/ -->\n<title>Lutja e nat\u00ebs s\u00eb Kadrit<\/title>\n<meta name=\"robots\" content=\"index, follow, max-snippet:-1, max-image-preview:large, max-video-preview:-1\" \/>\n<link rel=\"canonical\" href=\"https:\/\/www.ahmadiyya-islam.org\/al\/lutjet\/lutja-e-nates-se-kadrit\/\" \/>\n<meta property=\"og:locale\" content=\"sq_AL\" \/>\n<meta property=\"og:type\" content=\"article\" \/>\n<meta property=\"og:title\" content=\"Lutja e nat\u00ebs s\u00eb Kadrit\" \/>\n<meta property=\"og:description\" content=\"Hazret Ajshja r.a. e pyeti t\u00eb D\u00ebrguarin e Allahut s.a.: N\u00ebse gjej nat\u00ebn e Kadrit, \u00e7\u2019lutje duhet t\u00eb b\u00ebj? Ai i\u00a0tregoi k\u00ebt\u00eb lutje: Allahumme inneke &#8216;afuvvun kerimun, tuhibbul-&#8216;afve, fa&#8217;fu &#8216;annij! O Allah! Je shum\u00eb M\u00ebkatfal\u00ebs, shum\u00eb Bujar. T\u00eb p\u00eblqen falja. M\u00eb fal mua! [Xhamiu et-Tirmidhi, kitab &#8220;Ed-Da&#8217;vat&#8220;, hadithi nr. 3513] Lexoni gjithashtu: Kur \u00ebsht\u00eb Nata\" \/>\n<meta property=\"og:url\" content=\"https:\/\/www.ahmadiyya-islam.org\/al\/lutjet\/lutja-e-nates-se-kadrit\/\" \/>\n<meta property=\"og:site_name\" content=\"Xhemati Musliman Ahmedia\" \/>\n<meta property=\"article:modified_time\" content=\"2022-04-28T17:03:32+00:00\" \/>\n<meta property=\"og:image\" content=\"https:\/\/www.ahmadiyya-islam.org\/al\/wp-content\/uploads\/sites\/3\/2015\/07\/Lutjet-e-Profetit-Muhammed-s.a..jpg\" \/>\n\t<meta property=\"og:image:width\" content=\"1200\" \/>\n\t<meta property=\"og:image:height\" content=\"600\" \/>\n\t<meta property=\"og:image:type\" content=\"image\/jpeg\" \/>\n<meta name=\"twitter:card\" content=\"summary_large_image\" \/>\n<meta name=\"twitter:label1\" content=\"Est. reading time\" \/>\n\t<meta name=\"twitter:data1\" content=\"1 minute\" \/>\n<script type=\"application\/ld+json\" class=\"yoast-schema-graph\">{\"@context\":\"https:\\\/\\\/schema.org\",\"@graph\":[{\"@type\":\"WebPage\",\"@id\":\"https:\\\/\\\/www.ahmadiyya-islam.org\\\/al\\\/lutjet\\\/lutja-e-nates-se-kadrit\\\/\",\"url\":\"https:\\\/\\\/www.ahmadiyya-islam.org\\\/al\\\/lutjet\\\/lutja-e-nates-se-kadrit\\\/\",\"name\":\"Lutja e nat\u00ebs s\u00eb Kadrit\",\"isPartOf\":{\"@id\":\"https:\\\/\\\/www.ahmadiyya-islam.org\\\/al\\\/#website\"},\"primaryImageOfPage\":{\"@id\":\"https:\\\/\\\/www.ahmadiyya-islam.org\\\/al\\\/lutjet\\\/lutja-e-nates-se-kadrit\\\/#primaryimage\"},\"image\":{\"@id\":\"https:\\\/\\\/www.ahmadiyya-islam.org\\\/al\\\/lutjet\\\/lutja-e-nates-se-kadrit\\\/#primaryimage\"},\"thumbnailUrl\":\"https:\\\/\\\/www.ahmadiyya-islam.org\\\/al\\\/wp-content\\\/uploads\\\/sites\\\/3\\\/2015\\\/07\\\/Lutjet-e-Profetit-Muhammed-s.a..jpg\",\"datePublished\":\"2015-07-09T12:37:52+00:00\",\"dateModified\":\"2022-04-28T17:03:32+00:00\",\"breadcrumb\":{\"@id\":\"https:\\\/\\\/www.ahmadiyya-islam.org\\\/al\\\/lutjet\\\/lutja-e-nates-se-kadrit\\\/#breadcrumb\"},\"inLanguage\":\"sq-AL\",\"potentialAction\":[{\"@type\":\"ReadAction\",\"target\":[\"https:\\\/\\\/www.ahmadiyya-islam.org\\\/al\\\/lutjet\\\/lutja-e-nates-se-kadrit\\\/\"]}]},{\"@type\":\"ImageObject\",\"inLanguage\":\"sq-AL\",\"@id\":\"https:\\\/\\\/www.ahmadiyya-islam.org\\\/al\\\/lutjet\\\/lutja-e-nates-se-kadrit\\\/#primaryimage\",\"url\":\"https:\\\/\\\/www.ahmadiyya-islam.org\\\/al\\\/wp-content\\\/uploads\\\/sites\\\/3\\\/2015\\\/07\\\/Lutjet-e-Profetit-Muhammed-s.a..jpg\",\"contentUrl\":\"https:\\\/\\\/www.ahmadiyya-islam.org\\\/al\\\/wp-content\\\/uploads\\\/sites\\\/3\\\/2015\\\/07\\\/Lutjet-e-Profetit-Muhammed-s.a..jpg\",\"width\":1200,\"height\":600,\"caption\":\"lutje e Profetit\"},{\"@type\":\"BreadcrumbList\",\"@id\":\"https:\\\/\\\/www.ahmadiyya-islam.org\\\/al\\\/lutjet\\\/lutja-e-nates-se-kadrit\\\/#breadcrumb\",\"itemListElement\":[{\"@type\":\"ListItem\",\"position\":1,\"name\":\"Home\",\"item\":\"https:\\\/\\\/www.ahmadiyya-islam.org\\\/al\\\/\"},{\"@type\":\"ListItem\",\"position\":2,\"name\":\"Lutjet\",\"item\":\"https:\\\/\\\/www.ahmadiyya-islam.org\\\/al\\\/lutjet\\\/\"},{\"@type\":\"ListItem\",\"position\":3,\"name\":\"Lutja e nat\u00ebs s\u00eb Kadrit\"}]},{\"@type\":\"WebSite\",\"@id\":\"https:\\\/\\\/www.ahmadiyya-islam.org\\\/al\\\/#website\",\"url\":\"https:\\\/\\\/www.ahmadiyya-islam.org\\\/al\\\/\",\"name\":\"Xhemati Musliman Ahmedia\",\"description\":\"Albania\",\"potentialAction\":[{\"@type\":\"SearchAction\",\"target\":{\"@type\":\"EntryPoint\",\"urlTemplate\":\"https:\\\/\\\/www.ahmadiyya-islam.org\\\/al\\\/?s={search_term_string}\"},\"query-input\":{\"@type\":\"PropertyValueSpecification\",\"valueRequired\":true,\"valueName\":\"search_term_string\"}}],\"inLanguage\":\"sq-AL\"}]}<\/script>\n<!-- \/ Yoast SEO Premium plugin. -->","yoast_head_json":{"title":"Lutja e nat\u00ebs s\u00eb Kadrit","robots":{"index":"index","follow":"follow","max-snippet":"max-snippet:-1","max-image-preview":"max-image-preview:large","max-video-preview":"max-video-preview:-1"},"canonical":"https:\/\/www.ahmadiyya-islam.org\/al\/lutjet\/lutja-e-nates-se-kadrit\/","og_locale":"sq_AL","og_type":"article","og_title":"Lutja e nat\u00ebs s\u00eb Kadrit","og_description":"Hazret Ajshja r.a. e pyeti t\u00eb D\u00ebrguarin e Allahut s.a.: N\u00ebse gjej nat\u00ebn e Kadrit, \u00e7\u2019lutje duhet t\u00eb b\u00ebj? Ai i\u00a0tregoi k\u00ebt\u00eb lutje: Allahumme inneke &#8216;afuvvun kerimun, tuhibbul-&#8216;afve, fa&#8217;fu &#8216;annij! O Allah! Je shum\u00eb M\u00ebkatfal\u00ebs, shum\u00eb Bujar. T\u00eb p\u00eblqen falja. M\u00eb fal mua! [Xhamiu et-Tirmidhi, kitab &#8220;Ed-Da&#8217;vat&#8220;, hadithi nr. 3513] Lexoni gjithashtu: Kur \u00ebsht\u00eb Nata","og_url":"https:\/\/www.ahmadiyya-islam.org\/al\/lutjet\/lutja-e-nates-se-kadrit\/","og_site_name":"Xhemati Musliman Ahmedia","article_modified_time":"2022-04-28T17:03:32+00:00","og_image":[{"width":1200,"height":600,"url":"https:\/\/www.ahmadiyya-islam.org\/al\/wp-content\/uploads\/sites\/3\/2015\/07\/Lutjet-e-Profetit-Muhammed-s.a..jpg","type":"image\/jpeg"}],"twitter_card":"summary_large_image","twitter_misc":{"Est. reading time":"1 minute"},"schema":{"@context":"https:\/\/schema.org","@graph":[{"@type":"WebPage","@id":"https:\/\/www.ahmadiyya-islam.org\/al\/lutjet\/lutja-e-nates-se-kadrit\/","url":"https:\/\/www.ahmadiyya-islam.org\/al\/lutjet\/lutja-e-nates-se-kadrit\/","name":"Lutja e nat\u00ebs s\u00eb Kadrit","isPartOf":{"@id":"https:\/\/www.ahmadiyya-islam.org\/al\/#website"},"primaryImageOfPage":{"@id":"https:\/\/www.ahmadiyya-islam.org\/al\/lutjet\/lutja-e-nates-se-kadrit\/#primaryimage"},"image":{"@id":"https:\/\/www.ahmadiyya-islam.org\/al\/lutjet\/lutja-e-nates-se-kadrit\/#primaryimage"},"thumbnailUrl":"https:\/\/www.ahmadiyya-islam.org\/al\/wp-content\/uploads\/sites\/3\/2015\/07\/Lutjet-e-Profetit-Muhammed-s.a..jpg","datePublished":"2015-07-09T12:37:52+00:00","dateModified":"2022-04-28T17:03:32+00:00","breadcrumb":{"@id":"https:\/\/www.ahmadiyya-islam.org\/al\/lutjet\/lutja-e-nates-se-kadrit\/#breadcrumb"},"inLanguage":"sq-AL","potentialAction":[{"@type":"ReadAction","target":["https:\/\/www.ahmadiyya-islam.org\/al\/lutjet\/lutja-e-nates-se-kadrit\/"]}]},{"@type":"ImageObject","inLanguage":"sq-AL","@id":"https:\/\/www.ahmadiyya-islam.org\/al\/lutjet\/lutja-e-nates-se-kadrit\/#primaryimage","url":"https:\/\/www.ahmadiyya-islam.org\/al\/wp-content\/uploads\/sites\/3\/2015\/07\/Lutjet-e-Profetit-Muhammed-s.a..jpg","contentUrl":"https:\/\/www.ahmadiyya-islam.org\/al\/wp-content\/uploads\/sites\/3\/2015\/07\/Lutjet-e-Profetit-Muhammed-s.a..jpg","width":1200,"height":600,"caption":"lutje e Profetit"},{"@type":"BreadcrumbList","@id":"https:\/\/www.ahmadiyya-islam.org\/al\/lutjet\/lutja-e-nates-se-kadrit\/#breadcrumb","itemListElement":[{"@type":"ListItem","position":1,"name":"Home","item":"https:\/\/www.ahmadiyya-islam.org\/al\/"},{"@type":"ListItem","position":2,"name":"Lutjet","item":"https:\/\/www.ahmadiyya-islam.org\/al\/lutjet\/"},{"@type":"ListItem","position":3,"name":"Lutja e nat\u00ebs s\u00eb Kadrit"}]},{"@type":"WebSite","@id":"https:\/\/www.ahmadiyya-islam.org\/al\/#website","url":"https:\/\/www.ahmadiyya-islam.org\/al\/","name":"Xhemati Musliman Ahmedia","description":"Albania","potentialAction":[{"@type":"SearchAction","target":{"@type":"EntryPoint","urlTemplate":"https:\/\/www.ahmadiyya-islam.org\/al\/?s={search_term_string}"},"query-input":{"@type":"PropertyValueSpecification","valueRequired":true,"valueName":"search_term_string"}}],"inLanguage":"sq-AL"}]}},"_links":{"self":[{"href":"https:\/\/www.ahmadiyya-islam.org\/al\/wp-json\/wp\/v2\/prayers\/3014","targetHints":{"allow":["GET"]}}],"collection":[{"href":"https:\/\/www.ahmadiyya-islam.org\/al\/wp-json\/wp\/v2\/prayers"}],"about":[{"href":"https:\/\/www.ahmadiyya-islam.org\/al\/wp-json\/wp\/v2\/types\/prayers"}],"version-history":[{"count":1,"href":"https:\/\/www.ahmadiyya-islam.org\/al\/wp-json\/wp\/v2\/prayers\/3014\/revisions"}],"predecessor-version":[{"id":18596,"href":"https:\/\/www.ahmadiyya-islam.org\/al\/wp-json\/wp\/v2\/prayers\/3014\/revisions\/18596"}],"wp:featuredmedia":[{"embeddable":true,"href":"https:\/\/www.ahmadiyya-islam.org\/al\/wp-json\/wp\/v2\/media\/3031"}],"wp:attachment":[{"href":"https:\/\/www.ahmadiyya-islam.org\/al\/wp-json\/wp\/v2\/media?parent=3014"}],"wp:term":[{"taxonomy":"post_tag","embeddable":true,"href":"https:\/\/www.ahmadiyya-islam.org\/al\/wp-json\/wp\/v2\/tags?post=3014"},{"taxonomy":"authors","embeddable":true,"href":"https:\/\/www.ahmadiyya-islam.org\/al\/wp-json\/wp\/v2\/authors?post=3014"},{"taxonomy":"content_source","embeddable":true,"href":"https:\/\/www.ahmadiyya-islam.org\/al\/wp-json\/wp\/v2\/content_source?post=3014"}],"curies":[{"name":"wp","href":"https:\/\/api.w.org\/{rel}","templated":true}]}}