{"id":19394,"date":"2024-08-31T13:14:37","date_gmt":"2024-08-31T13:14:37","guid":{"rendered":"https:\/\/www.ahmadiyya-islam.org\/al\/?post_type=prayers&#038;p=19394"},"modified":"2024-08-31T16:25:27","modified_gmt":"2024-08-31T16:25:27","slug":"tri-lutje-te-vecanta-per-te-bere-cdo-dite-porosi-e-hazret-kalifit-te-peste-te-xhematit","status":"publish","type":"prayers","link":"https:\/\/www.ahmadiyya-islam.org\/al\/lutjet\/tri-lutje-te-vecanta-per-te-bere-cdo-dite-porosi-e-hazret-kalifit-te-peste-te-xhematit\/","title":{"rendered":"Tri lutje t\u00eb ve\u00e7anta p\u00ebr t\u00eb b\u00ebr\u00eb \u00e7do dit\u00eb | Porosi e Hazret Kalifit t\u00eb Pest\u00eb t\u00eb Xhematit"},"content":{"rendered":"<p>Dua t&#8217;u b\u00ebj nj\u00eb thirrje gjith\u00eb an\u00ebtar\u00ebve t\u00eb Xhematit. Hazret Kalifi i Tret\u00eb i Xhematit r.a., kishte par\u00eb n\u00eb \u00ebnd\u00ebrr q\u00eb nj\u00eb njeri i Zotit i porositi duke th\u00ebn\u00eb &#8211; \u00c7do i rritur n\u00eb Xhemat duhet t&#8217;i d\u00ebrgoj\u00eb <em>salavatet<\/em> Profetit Muhammed s.a.v.s. me k\u00ebto fjal\u00eb:<\/p>\n<p><strong>Lutja 1 (<em>Salavatet<\/em>)<\/strong><\/p>\n<blockquote><p>\u0633\u064f\u0628\u0652\u062d\u064e\u0627\u0646\u064e \u0627\u0644\u0644\u0647\u0650 \u0648\u064e\u0628\u0650\u062d\u064e\u0645\u0652\u062f\u0650\u0647\u0650 \u0633\u064f\u0628\u0652\u062d\u064e\u0627\u0646\u064e \u0627\u0644\u0644\u0647\u0650 \u0627\u0644\u0652\u0639\u064e\u0638\u0650\u064a\u0652\u0645\u0650 \u0627\u064e\u0644\u0644\u0651\u0670\u06be\u064f\u0645\u0651\u064e \u0635\u064e\u0644\u0650\u0651 \u0639\u064e\u0644\u0670\u06cc \u0645\u064f\u062d\u064e\u0645\u0651\u064e\u062f\u064d \u0648\u0651\u064e\u0622\u0644\u0650 \u0645\u064f\u062d\u064e\u0645\u0651\u064e\u062f\u064d<\/p>\n<audio class=\"wp-audio-shortcode\" id=\"audio-19394-1\" preload=\"none\" style=\"width: 100%;\" controls=\"controls\"><source type=\"audio\/mpeg\" src=\"https:\/\/alislam.cloud\/al\/audio\/salavatet.mp3?_=1\" \/><a href=\"https:\/\/alislam.cloud\/al\/audio\/salavatet.mp3\">https:\/\/alislam.cloud\/al\/audio\/salavatet.mp3<\/a><\/audio>\n<p><em>Subh\u0101nall-l\u0101hi ve bihamdihi subh\u0101nall-ll\u0101hil-adh\u012bm. All-ll\u0101humme sal-li al\u0101 Muhammedin ve \u0101li Muhammedin<br \/>\n<\/em><strong>&#8220;I Shenjt\u00eb \u00ebsht\u00eb Allahu me gjith\u00eb lavdin\u00eb e Tij! I Shenjt\u00eb \u00ebsht\u00eb Allahu, i Madh\u00ebrishmi! O Allah lart\u00ebso Muhammedin dhe popullin e tij!&#8221;<\/strong><\/p><\/blockquote>\n<p>Ai gjithashtu kishte th\u00ebn\u00eb:<\/p>\n<ul>\n<li>\u00c7do i rritur t&#8217;i d\u00ebrgoj\u00eb k\u00ebto <em>salavate<\/em> Profetit Muhammed s.a.v.s. t\u00eb pakt\u00ebn <strong>200 her\u00eb n\u00eb dit\u00eb<\/strong>.<\/li>\n<li>\u00c7do i ri n\u00eb mosh\u00ebn 15-25 vje\u00e7are t\u00eb pakt\u00ebn 100 her\u00eb n\u00eb dit\u00eb.<\/li>\n<li>\u00c7do f\u00ebmij\u00eb ta thot\u00eb t\u00eb pakt\u00ebn 33 her\u00eb n\u00eb dit\u00eb.<\/li>\n<li>F\u00ebmij\u00ebt e vegj\u00ebl t\u00eb ushtrojn\u00eb recitimin e k\u00ebsaj lutjeje me ndihm\u00ebn e prind\u00ebrve t\u00eb tyre 3 ose 4 her\u00eb n\u00eb dit\u00eb.<\/li>\n<\/ul>\n<p><strong>Lutja 2<\/strong><\/p>\n<p>T\u00eb b\u00ebjn\u00eb <em>istigfar<\/em> (k\u00ebrkim falje) nga <strong>100 her\u00eb n\u00eb dit\u00eb<\/strong>:<\/p>\n<blockquote><p>\u0623\u064e\u0633\u0652\u062a\u064e\u063a\u0652\u0641\u0650\u0631\u064f \u0627\u0644\u0644\u0647\u064e \u0631\u064e\u0628\u0650\u0651\u064a \u0645\u0650\u0646\u0652 \u0643\u064f\u0644\u0650\u0651 \u0630\u064e\u0646\u0652\u0628\u064d \u0648\u064e\u0623\u064e\u062a\u064f\u0648\u0628\u064f \u0625\u0650\u0644\u064e\u064a\u0652\u0647\u0650<\/p>\n<audio class=\"wp-audio-shortcode\" id=\"audio-19394-2\" preload=\"none\" style=\"width: 100%;\" controls=\"controls\"><source type=\"audio\/mpeg\" src=\"https:\/\/alislam.cloud\/al\/audio\/istigfari-i-kerkoj-falje-zotit.mp3?_=2\" \/><a href=\"https:\/\/alislam.cloud\/al\/audio\/istigfari-i-kerkoj-falje-zotit.mp3\">https:\/\/alislam.cloud\/al\/audio\/istigfari-i-kerkoj-falje-zotit.mp3<\/a><\/audio>\n<p><em>Estagfirull-ll\u0101he rabb\u012b min kul-li dhenbin ve et\u016bbu ilejhi<\/em><strong><br \/>\n&#8220;I k\u00ebrkoj falje Allahut, Zotit tim, nga \u00e7do m\u00ebkat, dhe kthehem i penduar tek Ai!&#8221;<\/strong><\/p><\/blockquote>\n<p><strong>Lutja 3<\/strong><\/p>\n<p>P\u00ebrve\u00e7 dy lutjeve t\u00eb m\u00ebsip\u00ebrme, un\u00eb po i shtoj edhe lutjen e m\u00ebposhtme, ta b\u00ebni <strong>100 her\u00eb n\u00eb dit\u00eb<\/strong>:<\/p>\n<blockquote><p>\u0631\u064e\u0628\u0651\u0650 \u0643\u064f\u0644\u0651\u064f \u0634\u064e\u064a\u0652\u0621\u064d \u062e\u064e\u0627\u062f\u0650\u0645\u064f\u0643\u064e \u0631\u064e\u0628\u0651\u0650 \u0641\u064e\u0627\u062d\u0652\u0641\u064e\u0638\u0652\u0646\u0650\u064a \u0648\u064e\u0627\u0646\u0652\u0635\u064f\u0631\u0652\u0646\u0650\u064a \u0648\u064e\u0627\u0631\u0652\u062d\u064e\u0645\u0652\u0646\u0650\u064a<\/p>\n<audio class=\"wp-audio-shortcode\" id=\"audio-19394-3\" preload=\"none\" style=\"width: 100%;\" controls=\"controls\"><source type=\"audio\/mpeg\" src=\"https:\/\/alislam.cloud\/al\/audio\/lutje-per-mbrojtje-nga-cdo-e-keqe.mp3?_=3\" \/><a href=\"https:\/\/alislam.cloud\/al\/audio\/lutje-per-mbrojtje-nga-cdo-e-keqe.mp3\">https:\/\/alislam.cloud\/al\/audio\/lutje-per-mbrojtje-nga-cdo-e-keqe.mp3<\/a><\/audio>\n<p><em>Rabbi kul-lu shej-in kh\u0101dimuke, rabbi fahfadhn\u012b vensurn\u012b verhamn\u012b<\/em><strong><br \/>\n&#8220;O Zoti im, \u00e7do gj\u00eb \u00ebsht\u00eb sh\u00ebrb\u00ebtore Jotja. Andaj, o Zoti im, m\u00eb mbro, m\u00eb ndihmo, dhe m\u00eb m\u00ebshiro!&#8221;<\/strong><\/p><\/blockquote>\n<p>Hazret Kalifi i Tret\u00eb r.a. kishte par\u00eb n\u00eb vizion q\u00eb gjat\u00eb dit\u00ebve t\u00eb Xhelsa Salan\u00ebs n\u00eb ve\u00e7anti, por edhe m\u00eb von\u00eb n\u00eb p\u00ebrgjith\u00ebsi, n\u00ebse i b\u00ebni k\u00ebto lutje, do t\u00eb hyni n\u00eb nj\u00eb &#8220;k\u00ebshtjell\u00eb&#8221; t\u00eb sigurt, n\u00eb t\u00eb cil\u00ebn djalli kurr\u00eb nuk hyn dot. Kjo &#8220;k\u00ebshtjell\u00eb&#8221; i ka muret porsi hekuri, t\u00eb cilat arrijn\u00eb gjer n\u00eb qiell. Pra, ajo nuk ka asnj\u00eb vrim\u00eb, ku mund t\u00eb hyj\u00eb djalli.<\/p>\n<p>K\u00ebto dit\u00eb kur shohim sulmet e djallit nga \u00e7do an\u00eb, ne si Xhemat kemi vet\u00ebm nj\u00eb metod\u00eb p\u00ebr t&#8217;u mbrojtur: t\u00eb p\u00ebrqendrohemi ve\u00e7an\u00ebrisht n\u00eb lutje, jo vet\u00ebm gjat\u00eb dit\u00ebve t\u00eb Xhelsa Salan\u00ebs, por edhe m\u00eb von\u00eb, k\u00ebto <em>salavate<\/em> dhe k\u00ebt\u00eb dhik\u00ebr ta b\u00ebjm\u00eb pjes\u00eb t\u00eb jet\u00ebs son\u00eb. \u00c7do f\u00ebmij\u00eb, i rritur, grua apo burr\u00eb le t&#8217;u kushtoj\u00eb v\u00ebmendje k\u00ebtyre lutjeve.<\/p>\n<p style=\"text-align: right;\">(Marr\u00eb nga hutbja e s\u00eb xhumas\u00eb, e mbajtur m\u00eb 23.08.2024)<\/p>\n<h2>LEXONI<\/h2>\n<ul>\n<li><a href=\"https:\/\/www.ahmadiyya-islam.org\/al\/lutjet\/lutje-nga-kurani-e-nga-profeti-a-s-per-te-mbrojtur-nga-cdo-e-keqe\/\">Lutje nga Kurani e nga Profeti a.s. p\u00ebr t\u00eb mbrojtur nga \u00e7do e keqe<\/a><\/li>\n<li><a href=\"https:\/\/www.ahmadiyya-islam.org\/al\/kurani-shqip\/\">P\u00ebrkthimi i ri i Kuranit t\u00eb Shenjt\u00eb me shpjegime<\/a><\/li>\n<\/ul>\n","protected":false},"excerpt":{"rendered":"<p>N\u00ebse i b\u00ebni k\u00ebto lutje, do t\u00eb hyni n\u00eb nj\u00eb &#8220;k\u00ebshtjell\u00eb&#8221; t\u00eb mbrojtur, n\u00eb t\u00eb cil\u00ebn djalli kurr\u00eb nuk hyn dot. Kjo &#8220;k\u00ebshtjell\u00eb&#8221; i ka muret porsi hekuri dhe q\u00eb arrijn\u00eb gjer n\u00eb qiell. Pra, ajo nuk ka asnj\u00eb vrim\u00eb, ku mund t\u00eb hyj\u00eb djalli.\u00a0<\/p>\n","protected":false},"featured_media":19408,"parent":0,"template":"","tags":[],"authors":[458],"content_source":[],"class_list":["post-19394","prayers","type-prayers","status-publish","has-post-thumbnail","hentry","topics-dhikri-perkujtimi-allahut","prayer-cat-lutjet-e-kalifeve","authors-hazret-mirza-masrur-ahmed"],"acf":[],"yoast_head":"<!-- This site is optimized with the Yoast SEO Premium plugin v21.1 (Yoast SEO v27.4) - https:\/\/yoast.com\/product\/yoast-seo-premium-wordpress\/ -->\n<title>Tri lutje t\u00eb ve\u00e7anta p\u00ebr t\u00eb b\u00ebr\u00eb \u00e7do dit\u00eb | Porosi e Hazret Kalifit t\u00eb Pest\u00eb t\u00eb Xhematit<\/title>\n<meta name=\"description\" content=\"N\u00ebse i b\u00ebni k\u00ebto lutje, do t\u00eb hyni n\u00eb nj\u00eb &quot;k\u00ebshtjell\u00eb&quot; t\u00eb mbrojtur, n\u00eb t\u00eb cil\u00ebn djalli kurr\u00eb nuk hyn dot. Kjo &quot;k\u00ebshtjell\u00eb&quot; i ka muret porsi hekuri dhe q\u00eb arrijn\u00eb gjer n\u00eb qiell. Pra, ajo nuk ka asnj\u00eb vrim\u00eb, ku mund t\u00eb hyj\u00eb djalli.\u00a0\" \/>\n<meta name=\"robots\" content=\"index, follow, max-snippet:-1, max-image-preview:large, max-video-preview:-1\" \/>\n<link rel=\"canonical\" href=\"https:\/\/www.ahmadiyya-islam.org\/al\/lutjet\/tri-lutje-te-vecanta-per-te-bere-cdo-dite-porosi-e-hazret-kalifit-te-peste-te-xhematit\/\" \/>\n<meta property=\"og:locale\" content=\"sq_AL\" \/>\n<meta property=\"og:type\" content=\"article\" \/>\n<meta property=\"og:title\" content=\"Tri lutje t\u00eb ve\u00e7anta p\u00ebr t\u00eb b\u00ebr\u00eb \u00e7do dit\u00eb | Porosi e Hazret Kalifit t\u00eb Pest\u00eb t\u00eb Xhematit\" \/>\n<meta property=\"og:description\" content=\"N\u00ebse i b\u00ebni k\u00ebto lutje, do t\u00eb hyni n\u00eb nj\u00eb &quot;k\u00ebshtjell\u00eb&quot; t\u00eb mbrojtur, n\u00eb t\u00eb cil\u00ebn djalli kurr\u00eb nuk hyn dot. Kjo &quot;k\u00ebshtjell\u00eb&quot; i ka muret porsi hekuri dhe q\u00eb arrijn\u00eb gjer n\u00eb qiell. Pra, ajo nuk ka asnj\u00eb vrim\u00eb, ku mund t\u00eb hyj\u00eb djalli.\u00a0\" \/>\n<meta property=\"og:url\" content=\"https:\/\/www.ahmadiyya-islam.org\/al\/lutjet\/tri-lutje-te-vecanta-per-te-bere-cdo-dite-porosi-e-hazret-kalifit-te-peste-te-xhematit\/\" \/>\n<meta property=\"og:site_name\" content=\"Xhemati Musliman Ahmedia\" \/>\n<meta property=\"article:modified_time\" content=\"2024-08-31T16:25:27+00:00\" \/>\n<meta property=\"og:image\" content=\"https:\/\/www.ahmadiyya-islam.org\/al\/wp-content\/uploads\/sites\/3\/2024\/08\/tri-lutje-per-te-bere-cdo-dite-porosi-nga-huzuri.jpg\" \/>\n\t<meta property=\"og:image:width\" content=\"1280\" \/>\n\t<meta property=\"og:image:height\" content=\"720\" \/>\n\t<meta property=\"og:image:type\" content=\"image\/jpeg\" \/>\n<meta name=\"twitter:card\" content=\"summary_large_image\" \/>\n<meta name=\"twitter:label1\" content=\"Est. reading time\" \/>\n\t<meta name=\"twitter:data1\" content=\"2 minutes\" \/>\n<script type=\"application\/ld+json\" class=\"yoast-schema-graph\">{\"@context\":\"https:\\\/\\\/schema.org\",\"@graph\":[{\"@type\":\"WebPage\",\"@id\":\"https:\\\/\\\/www.ahmadiyya-islam.org\\\/al\\\/lutjet\\\/tri-lutje-te-vecanta-per-te-bere-cdo-dite-porosi-e-hazret-kalifit-te-peste-te-xhematit\\\/\",\"url\":\"https:\\\/\\\/www.ahmadiyya-islam.org\\\/al\\\/lutjet\\\/tri-lutje-te-vecanta-per-te-bere-cdo-dite-porosi-e-hazret-kalifit-te-peste-te-xhematit\\\/\",\"name\":\"Tri lutje t\u00eb ve\u00e7anta p\u00ebr t\u00eb b\u00ebr\u00eb \u00e7do dit\u00eb | Porosi e Hazret Kalifit t\u00eb Pest\u00eb t\u00eb Xhematit\",\"isPartOf\":{\"@id\":\"https:\\\/\\\/www.ahmadiyya-islam.org\\\/al\\\/#website\"},\"primaryImageOfPage\":{\"@id\":\"https:\\\/\\\/www.ahmadiyya-islam.org\\\/al\\\/lutjet\\\/tri-lutje-te-vecanta-per-te-bere-cdo-dite-porosi-e-hazret-kalifit-te-peste-te-xhematit\\\/#primaryimage\"},\"image\":{\"@id\":\"https:\\\/\\\/www.ahmadiyya-islam.org\\\/al\\\/lutjet\\\/tri-lutje-te-vecanta-per-te-bere-cdo-dite-porosi-e-hazret-kalifit-te-peste-te-xhematit\\\/#primaryimage\"},\"thumbnailUrl\":\"https:\\\/\\\/www.ahmadiyya-islam.org\\\/al\\\/wp-content\\\/uploads\\\/sites\\\/3\\\/2024\\\/08\\\/tri-lutje-per-te-bere-cdo-dite-porosi-nga-huzuri.jpg\",\"datePublished\":\"2024-08-31T13:14:37+00:00\",\"dateModified\":\"2024-08-31T16:25:27+00:00\",\"description\":\"N\u00ebse i b\u00ebni k\u00ebto lutje, do t\u00eb hyni n\u00eb nj\u00eb \\\"k\u00ebshtjell\u00eb\\\" t\u00eb mbrojtur, n\u00eb t\u00eb cil\u00ebn djalli kurr\u00eb nuk hyn dot. Kjo \\\"k\u00ebshtjell\u00eb\\\" i ka muret porsi hekuri dhe q\u00eb arrijn\u00eb gjer n\u00eb qiell. Pra, ajo nuk ka asnj\u00eb vrim\u00eb, ku mund t\u00eb hyj\u00eb djalli.\u00a0\",\"breadcrumb\":{\"@id\":\"https:\\\/\\\/www.ahmadiyya-islam.org\\\/al\\\/lutjet\\\/tri-lutje-te-vecanta-per-te-bere-cdo-dite-porosi-e-hazret-kalifit-te-peste-te-xhematit\\\/#breadcrumb\"},\"inLanguage\":\"sq-AL\",\"potentialAction\":[{\"@type\":\"ReadAction\",\"target\":[\"https:\\\/\\\/www.ahmadiyya-islam.org\\\/al\\\/lutjet\\\/tri-lutje-te-vecanta-per-te-bere-cdo-dite-porosi-e-hazret-kalifit-te-peste-te-xhematit\\\/\"]}]},{\"@type\":\"ImageObject\",\"inLanguage\":\"sq-AL\",\"@id\":\"https:\\\/\\\/www.ahmadiyya-islam.org\\\/al\\\/lutjet\\\/tri-lutje-te-vecanta-per-te-bere-cdo-dite-porosi-e-hazret-kalifit-te-peste-te-xhematit\\\/#primaryimage\",\"url\":\"https:\\\/\\\/www.ahmadiyya-islam.org\\\/al\\\/wp-content\\\/uploads\\\/sites\\\/3\\\/2024\\\/08\\\/tri-lutje-per-te-bere-cdo-dite-porosi-nga-huzuri.jpg\",\"contentUrl\":\"https:\\\/\\\/www.ahmadiyya-islam.org\\\/al\\\/wp-content\\\/uploads\\\/sites\\\/3\\\/2024\\\/08\\\/tri-lutje-per-te-bere-cdo-dite-porosi-nga-huzuri.jpg\",\"width\":1280,\"height\":720,\"caption\":\"tri-lutje-per-te-bere-cdo-dite\"},{\"@type\":\"BreadcrumbList\",\"@id\":\"https:\\\/\\\/www.ahmadiyya-islam.org\\\/al\\\/lutjet\\\/tri-lutje-te-vecanta-per-te-bere-cdo-dite-porosi-e-hazret-kalifit-te-peste-te-xhematit\\\/#breadcrumb\",\"itemListElement\":[{\"@type\":\"ListItem\",\"position\":1,\"name\":\"Home\",\"item\":\"https:\\\/\\\/www.ahmadiyya-islam.org\\\/al\\\/\"},{\"@type\":\"ListItem\",\"position\":2,\"name\":\"Lutjet\",\"item\":\"https:\\\/\\\/www.ahmadiyya-islam.org\\\/al\\\/lutjet\\\/\"},{\"@type\":\"ListItem\",\"position\":3,\"name\":\"Tri lutje t\u00eb ve\u00e7anta p\u00ebr t\u00eb b\u00ebr\u00eb \u00e7do dit\u00eb | Porosi e Hazret Kalifit t\u00eb Pest\u00eb t\u00eb Xhematit\"}]},{\"@type\":\"WebSite\",\"@id\":\"https:\\\/\\\/www.ahmadiyya-islam.org\\\/al\\\/#website\",\"url\":\"https:\\\/\\\/www.ahmadiyya-islam.org\\\/al\\\/\",\"name\":\"Xhemati Musliman Ahmedia\",\"description\":\"Albania\",\"potentialAction\":[{\"@type\":\"SearchAction\",\"target\":{\"@type\":\"EntryPoint\",\"urlTemplate\":\"https:\\\/\\\/www.ahmadiyya-islam.org\\\/al\\\/?s={search_term_string}\"},\"query-input\":{\"@type\":\"PropertyValueSpecification\",\"valueRequired\":true,\"valueName\":\"search_term_string\"}}],\"inLanguage\":\"sq-AL\"}]}<\/script>\n<!-- \/ Yoast SEO Premium plugin. -->","yoast_head_json":{"title":"Tri lutje t\u00eb ve\u00e7anta p\u00ebr t\u00eb b\u00ebr\u00eb \u00e7do dit\u00eb | Porosi e Hazret Kalifit t\u00eb Pest\u00eb t\u00eb Xhematit","description":"N\u00ebse i b\u00ebni k\u00ebto lutje, do t\u00eb hyni n\u00eb nj\u00eb \"k\u00ebshtjell\u00eb\" t\u00eb mbrojtur, n\u00eb t\u00eb cil\u00ebn djalli kurr\u00eb nuk hyn dot. Kjo \"k\u00ebshtjell\u00eb\" i ka muret porsi hekuri dhe q\u00eb arrijn\u00eb gjer n\u00eb qiell. Pra, ajo nuk ka asnj\u00eb vrim\u00eb, ku mund t\u00eb hyj\u00eb djalli.\u00a0","robots":{"index":"index","follow":"follow","max-snippet":"max-snippet:-1","max-image-preview":"max-image-preview:large","max-video-preview":"max-video-preview:-1"},"canonical":"https:\/\/www.ahmadiyya-islam.org\/al\/lutjet\/tri-lutje-te-vecanta-per-te-bere-cdo-dite-porosi-e-hazret-kalifit-te-peste-te-xhematit\/","og_locale":"sq_AL","og_type":"article","og_title":"Tri lutje t\u00eb ve\u00e7anta p\u00ebr t\u00eb b\u00ebr\u00eb \u00e7do dit\u00eb | Porosi e Hazret Kalifit t\u00eb Pest\u00eb t\u00eb Xhematit","og_description":"N\u00ebse i b\u00ebni k\u00ebto lutje, do t\u00eb hyni n\u00eb nj\u00eb \"k\u00ebshtjell\u00eb\" t\u00eb mbrojtur, n\u00eb t\u00eb cil\u00ebn djalli kurr\u00eb nuk hyn dot. Kjo \"k\u00ebshtjell\u00eb\" i ka muret porsi hekuri dhe q\u00eb arrijn\u00eb gjer n\u00eb qiell. Pra, ajo nuk ka asnj\u00eb vrim\u00eb, ku mund t\u00eb hyj\u00eb djalli.\u00a0","og_url":"https:\/\/www.ahmadiyya-islam.org\/al\/lutjet\/tri-lutje-te-vecanta-per-te-bere-cdo-dite-porosi-e-hazret-kalifit-te-peste-te-xhematit\/","og_site_name":"Xhemati Musliman Ahmedia","article_modified_time":"2024-08-31T16:25:27+00:00","og_image":[{"width":1280,"height":720,"url":"https:\/\/www.ahmadiyya-islam.org\/al\/wp-content\/uploads\/sites\/3\/2024\/08\/tri-lutje-per-te-bere-cdo-dite-porosi-nga-huzuri.jpg","type":"image\/jpeg"}],"twitter_card":"summary_large_image","twitter_misc":{"Est. reading time":"2 minutes"},"schema":{"@context":"https:\/\/schema.org","@graph":[{"@type":"WebPage","@id":"https:\/\/www.ahmadiyya-islam.org\/al\/lutjet\/tri-lutje-te-vecanta-per-te-bere-cdo-dite-porosi-e-hazret-kalifit-te-peste-te-xhematit\/","url":"https:\/\/www.ahmadiyya-islam.org\/al\/lutjet\/tri-lutje-te-vecanta-per-te-bere-cdo-dite-porosi-e-hazret-kalifit-te-peste-te-xhematit\/","name":"Tri lutje t\u00eb ve\u00e7anta p\u00ebr t\u00eb b\u00ebr\u00eb \u00e7do dit\u00eb | Porosi e Hazret Kalifit t\u00eb Pest\u00eb t\u00eb Xhematit","isPartOf":{"@id":"https:\/\/www.ahmadiyya-islam.org\/al\/#website"},"primaryImageOfPage":{"@id":"https:\/\/www.ahmadiyya-islam.org\/al\/lutjet\/tri-lutje-te-vecanta-per-te-bere-cdo-dite-porosi-e-hazret-kalifit-te-peste-te-xhematit\/#primaryimage"},"image":{"@id":"https:\/\/www.ahmadiyya-islam.org\/al\/lutjet\/tri-lutje-te-vecanta-per-te-bere-cdo-dite-porosi-e-hazret-kalifit-te-peste-te-xhematit\/#primaryimage"},"thumbnailUrl":"https:\/\/www.ahmadiyya-islam.org\/al\/wp-content\/uploads\/sites\/3\/2024\/08\/tri-lutje-per-te-bere-cdo-dite-porosi-nga-huzuri.jpg","datePublished":"2024-08-31T13:14:37+00:00","dateModified":"2024-08-31T16:25:27+00:00","description":"N\u00ebse i b\u00ebni k\u00ebto lutje, do t\u00eb hyni n\u00eb nj\u00eb \"k\u00ebshtjell\u00eb\" t\u00eb mbrojtur, n\u00eb t\u00eb cil\u00ebn djalli kurr\u00eb nuk hyn dot. Kjo \"k\u00ebshtjell\u00eb\" i ka muret porsi hekuri dhe q\u00eb arrijn\u00eb gjer n\u00eb qiell. Pra, ajo nuk ka asnj\u00eb vrim\u00eb, ku mund t\u00eb hyj\u00eb djalli.\u00a0","breadcrumb":{"@id":"https:\/\/www.ahmadiyya-islam.org\/al\/lutjet\/tri-lutje-te-vecanta-per-te-bere-cdo-dite-porosi-e-hazret-kalifit-te-peste-te-xhematit\/#breadcrumb"},"inLanguage":"sq-AL","potentialAction":[{"@type":"ReadAction","target":["https:\/\/www.ahmadiyya-islam.org\/al\/lutjet\/tri-lutje-te-vecanta-per-te-bere-cdo-dite-porosi-e-hazret-kalifit-te-peste-te-xhematit\/"]}]},{"@type":"ImageObject","inLanguage":"sq-AL","@id":"https:\/\/www.ahmadiyya-islam.org\/al\/lutjet\/tri-lutje-te-vecanta-per-te-bere-cdo-dite-porosi-e-hazret-kalifit-te-peste-te-xhematit\/#primaryimage","url":"https:\/\/www.ahmadiyya-islam.org\/al\/wp-content\/uploads\/sites\/3\/2024\/08\/tri-lutje-per-te-bere-cdo-dite-porosi-nga-huzuri.jpg","contentUrl":"https:\/\/www.ahmadiyya-islam.org\/al\/wp-content\/uploads\/sites\/3\/2024\/08\/tri-lutje-per-te-bere-cdo-dite-porosi-nga-huzuri.jpg","width":1280,"height":720,"caption":"tri-lutje-per-te-bere-cdo-dite"},{"@type":"BreadcrumbList","@id":"https:\/\/www.ahmadiyya-islam.org\/al\/lutjet\/tri-lutje-te-vecanta-per-te-bere-cdo-dite-porosi-e-hazret-kalifit-te-peste-te-xhematit\/#breadcrumb","itemListElement":[{"@type":"ListItem","position":1,"name":"Home","item":"https:\/\/www.ahmadiyya-islam.org\/al\/"},{"@type":"ListItem","position":2,"name":"Lutjet","item":"https:\/\/www.ahmadiyya-islam.org\/al\/lutjet\/"},{"@type":"ListItem","position":3,"name":"Tri lutje t\u00eb ve\u00e7anta p\u00ebr t\u00eb b\u00ebr\u00eb \u00e7do dit\u00eb | Porosi e Hazret Kalifit t\u00eb Pest\u00eb t\u00eb Xhematit"}]},{"@type":"WebSite","@id":"https:\/\/www.ahmadiyya-islam.org\/al\/#website","url":"https:\/\/www.ahmadiyya-islam.org\/al\/","name":"Xhemati Musliman Ahmedia","description":"Albania","potentialAction":[{"@type":"SearchAction","target":{"@type":"EntryPoint","urlTemplate":"https:\/\/www.ahmadiyya-islam.org\/al\/?s={search_term_string}"},"query-input":{"@type":"PropertyValueSpecification","valueRequired":true,"valueName":"search_term_string"}}],"inLanguage":"sq-AL"}]}},"_links":{"self":[{"href":"https:\/\/www.ahmadiyya-islam.org\/al\/wp-json\/wp\/v2\/prayers\/19394","targetHints":{"allow":["GET"]}}],"collection":[{"href":"https:\/\/www.ahmadiyya-islam.org\/al\/wp-json\/wp\/v2\/prayers"}],"about":[{"href":"https:\/\/www.ahmadiyya-islam.org\/al\/wp-json\/wp\/v2\/types\/prayers"}],"version-history":[{"count":2,"href":"https:\/\/www.ahmadiyya-islam.org\/al\/wp-json\/wp\/v2\/prayers\/19394\/revisions"}],"predecessor-version":[{"id":19407,"href":"https:\/\/www.ahmadiyya-islam.org\/al\/wp-json\/wp\/v2\/prayers\/19394\/revisions\/19407"}],"wp:featuredmedia":[{"embeddable":true,"href":"https:\/\/www.ahmadiyya-islam.org\/al\/wp-json\/wp\/v2\/media\/19408"}],"wp:attachment":[{"href":"https:\/\/www.ahmadiyya-islam.org\/al\/wp-json\/wp\/v2\/media?parent=19394"}],"wp:term":[{"taxonomy":"post_tag","embeddable":true,"href":"https:\/\/www.ahmadiyya-islam.org\/al\/wp-json\/wp\/v2\/tags?post=19394"},{"taxonomy":"authors","embeddable":true,"href":"https:\/\/www.ahmadiyya-islam.org\/al\/wp-json\/wp\/v2\/authors?post=19394"},{"taxonomy":"content_source","embeddable":true,"href":"https:\/\/www.ahmadiyya-islam.org\/al\/wp-json\/wp\/v2\/content_source?post=19394"}],"curies":[{"name":"wp","href":"https:\/\/api.w.org\/{rel}","templated":true}]}}