{"id":39,"date":"2015-04-07T21:57:50","date_gmt":"2015-04-07T21:57:50","guid":{"rendered":"http:\/\/www.ahmadiyya-islam.org\/al\/?page_id=39"},"modified":"2022-08-17T15:25:18","modified_gmt":"2022-08-17T15:25:18","slug":"dhjete-kushte-te-anetaresimit-ne-xhematin-musliman-ahmedia","status":"publish","type":"page","link":"https:\/\/www.ahmadiyya-islam.org\/al\/xhemati-musliman-ahmedia\/dhjete-kushte-te-anetaresimit-ne-xhematin-musliman-ahmedia\/","title":{"rendered":"Dhjet\u00eb Kushte t\u00eb Bejtit (an\u00ebtar\u00ebsimit) n\u00eb Xhematin Musliman Ahmedia"},"content":{"rendered":"<p><strong>T\u00eb parashtruara nga Hazret Mirza Ghulam Ahmed Kadijani (a.s.) Mesihu i Premtuar dhe Imam Mehdiu<\/strong><\/p>\n<p><em>Bejtb\u00ebr\u00ebsi<\/em> (i betuari) me zem\u00ebr t\u00eb sinqert\u00eb duhet t\u00eb marr\u00eb zotim se:<\/p>\n<ul>\n<li>Do t\u00eb q\u00ebndroj\u00eb larg <em>shirkut<strong>[1]<\/strong><\/em> deri n\u00eb vdekje.<\/li>\n<\/ul>\n<ul>\n<li>Do t\u00eb rrij\u00eb larg g\u00ebnjeshtrave, kurv\u00ebris\u00eb, t\u00eb hedhurit shikimin mbi grat\u00eb e huaja, p\u00ebrve\u00e7 atyre t\u00eb farefisit t\u00eb af\u00ebr; do t\u00eb rrij\u00eb larg eg\u00ebrsis\u00eb, \u00e7oroditjes, pandershm\u00ebris\u00eb, mosbindjeve dhe tradhtis\u00eb; ai nuk do t\u00eb mposhtet nga sulmet e epsheve, sado t\u00eb fuqishme q\u00eb t\u00eb jen\u00eb ato.<\/li>\n<\/ul>\n<ul>\n<li>Sipas urdhrit t\u00eb Allahut sh. dhe t\u00eb Profetit t\u00eb Tij s.a., do t\u00eb fal\u00eb pes\u00eb namaze t\u00eb p\u00ebrditshme, do t\u00eb mundohet q\u00eb t\u00eb fal\u00eb edhe namazin e <em>tahaxhudit<\/em>[2], do t\u2019i d\u00ebrgoj\u00eb <em>salavat<\/em> Profetit t\u00eb Allahut s.a., do t\u00eb k\u00ebrkoj\u00eb falje e ndjes\u00eb prej Allahut p\u00ebr m\u00ebkatet e tij, dhe \u00e7do dit\u00eb, duke p\u00ebrkujtuar bekimet dhe dhuntit\u00eb e Allahut, do ta lavd\u00ebroj\u00eb dhe do ta madh\u00ebroj\u00eb At\u00eb.<\/li>\n<\/ul>\n<ul>\n<li>N\u00eb asnj\u00eb m\u00ebnyr\u00eb, as me fjal\u00eb e as me dor\u00eb, nuk do t\u2019i trazoj\u00eb e t\u2019i shqet\u00ebsoj\u00eb krijesat e Allahut n\u00eb p\u00ebrgjith\u00ebsi dhe musliman\u00ebt n\u00eb ve\u00e7anti.<\/li>\n<\/ul>\n<ul>\n<li>Do t\u00eb jet\u00eb besnik i Allahut n\u00eb \u00e7do situat\u00eb pik\u00ebllimi ose g\u00ebzimi, fatmir\u00ebsie a fatkeq\u00ebsie dhe gjithnj\u00eb do t\u00eb pajtohet me p\u00eblqimin e Allahut. Do t\u00eb jet\u00eb i gatsh\u00ebm n\u00eb rrug\u00ebn e Tij p\u00ebr t\u00eb pranuar \u00e7do posht\u00ebrim, mjerim dhe pik\u00ebllim. Po t\u00eb ballafaqohet me ndonj\u00eb fatkeq\u00ebsi, nuk do t\u00eb largohet prej Tij, por, p\u00ebrkundrazi, do t\u00eb ec\u00eb p\u00ebrpara.<\/li>\n<\/ul>\n<ul>\n<li>Do t\u00eb largohet prej t\u00eb gjitha rrug\u00ebve t\u00eb epshit dhe t\u00eb zakoneve dhe do t\u00eb pranoj\u00eb vet\u00ebm autoritetin e Kuranit t\u00eb Shenjt\u00eb. Do t\u00eb punoj\u00eb sipas porosive t\u00eb Allahut dhe t\u00eb Profetit t\u00eb shenjt\u00eb, Hazret Muhammedit a..<\/li>\n<\/ul>\n<ul>\n<li>Do t\u00eb heq\u00eb dor\u00eb t\u00ebr\u00ebsisht nga egoizmi dhe armiq\u00ebsia, dhe jet\u00ebn do ta kaloj\u00eb me modesti, me p\u00ebrul\u00ebsi, me zem\u00ebrbardh\u00ebsi, me vet\u00ebp\u00ebrmbajtje dhe me but\u00ebsi.<\/li>\n<\/ul>\n<ul>\n<li>Besimin, nderin e besimit dhe dhembshurin\u00eb ndaj Islamit do t\u2019i doj\u00eb m\u00eb shum\u00eb sesa pasurin\u00eb e tij, nderin e tij, f\u00ebmij\u00ebt e tij dhe \u00e7do t\u00eb dashur t\u00eb tij.<\/li>\n<\/ul>\n<ul>\n<li>Vet\u00ebm p\u00ebr hir t\u00eb Allahut, do t\u00eb angazhohet p\u00ebr mir\u00ebqenien e njer\u00ebzve, me sa t\u00eb ket\u00eb mund\u00ebsi, me an\u00eb t\u00eb aft\u00ebsive dhe t\u00eb bekimeve t\u00eb fituara prej Allahut, do t\u2019iu sjell\u00eb dobi t\u00eb gjith\u00eb njer\u00ebzve e krijesave t\u00eb Allahut sh.<\/li>\n<\/ul>\n<ul>\n<li>Vet\u00ebm p\u00ebr hir t\u00eb Allahut, do t\u00eb ket\u00eb lidhshm\u00ebri v\u00ebllaz\u00ebrore me mua duke m\u2019u bindur n\u00eb t\u00eb gjitha urdhrat e drejt\u00eb dhe, deri n\u00eb vdekje do t\u00eb q\u00ebndroj\u00eb besnik ndaj k\u00ebsaj lidhshm\u00ebrie dhe do t\u00eb dal\u00eb aq i shk\u00eblqyer n\u00eb k\u00ebt\u00eb lidhje, saq\u00eb nuk do t\u00eb gjejm\u00eb shembull t\u00eb till\u00eb n\u00eb ndonj\u00eb lidhje tjet\u00ebr miq\u00ebsore e farefisnore n\u00eb k\u00ebt\u00eb bot\u00eb.<\/li>\n<\/ul>\n<p style=\"text-align: right;\">\u00a0<em>(\u201cIshtihar Takmil-e-Tablig\u201d, 12 janar, 1889)<\/em><\/p>\n<h2 style=\"text-align: center;\">Deklarat\u00eb hyr\u00ebse<\/h2>\n<p style=\"text-align: center;\">\u00a0<em>Me emrin e Allahut, t\u00eb Gjith\u00ebm\u00ebshirshmit, M\u00ebshir\u00ebplotit.<\/em><\/p>\n<p>\u00a0Drejtuar,<\/p>\n<p>Hazret Kalifit t\u00eb Pest\u00eb t\u00eb Mesihut t\u00eb Premtuar, Allahu e ndihmoft\u00eb fuqimisht,<br \/>\n<em>Es-selamalejkum ue rahmatullahi ue barakatuhu!<br \/>\n<\/em>Sot, deklaroj solemnisht se i pranoj t\u00eb gjitha kushtet e <em>Bejtit <\/em>(Bes\u00eblidhjes) dhe lus Hazret Kalifin e Pest\u00eb t\u00eb Mesihut t\u00eb Premtuar, Allahu e ndihmoft\u00eb fuqimisht, t\u00eb m\u00eb pranoj\u00eb n\u00eb Xhematin Musliman Ahmedia dhe t\u00eb lutet p\u00ebr mua.<\/p>\n<p>D\u00ebshmoj<\/p>\n<p>\u0627\u064e\u0634\u06be\u064e\u062f\u064f \u0627\u064e\u0646 \u0644\u0651\u064e\u0627 \u0627\u0650\u0644\u0670\u06c1\u064e \u0627\u0644\u0651\u064e\u0627 \u0627\u0644\u0644\u06c1\u064f \u0648\u064e\u062d\u062f\u064e\u06c1 \u0644\u064e\u0627 \u0634\u064e\u0631\u0650\u06cc\u06a9\u064e \u0644\u064e\u06c1 \u0648\u064e \u0627\u064e\u0634\u06be\u064e\u062f\u064f \u0627\u064e\u0646\u0651\u064e \u0645\u064f\u062d\u064e\u0645\u0651\u064e\u062f\u0627\u064b \u0639\u064e\u0628\u062f\u064f\u06c1 \u0648\u064e \u0631\u064e\u0633\u064f\u0648\u0644\u064f\u06c1<br \/>\n\u0627\u064e\u0634\u06be\u064e\u062f\u064f \u0627\u064e\u0646 \u0644\u0651\u064e\u0627 \u0627\u0650\u0644\u0670\u06c1\u064e \u0627\u0644\u0651\u064e\u0627 \u0627\u0644\u0644\u06c1\u064f \u0648\u064e\u062d\u062f\u064e\u06c1 \u0644\u064e\u0627 \u0634\u064e\u0631\u0650\u06cc\u06a9\u064e \u0644\u064e\u06c1 \u0648\u064e \u0627\u064e\u0634\u06be\u064e\u062f\u064f \u0627\u064e\u0646\u0651\u064e \u0645\u064f\u062d\u064e\u0645\u0651\u064e\u062f\u0627\u064b \u0639\u064e\u0628\u062f\u064f\u06c1 \u0648\u064e \u0631\u064e\u0633\u064f\u0648\u0644\u064f\u06c1<br \/>\n\u0627\u064e\u0634\u06be\u064e\u062f\u064f \u0627\u064e\u0646 \u0644\u0651\u064e\u0627 \u0627\u0650\u0644\u0670\u06c1\u064e \u0627\u0644\u0651\u064e\u0627 \u0627\u0644\u0644\u06c1\u064f \u0648\u064e\u062d\u062f\u064e\u06c1 \u0644\u064e\u0627 \u0634\u064e\u0631\u0650\u06cc\u06a9\u064e \u0644\u064e\u06c1 \u0648\u064e \u0627\u064e\u0634\u06be\u064e\u062f\u064f \u0627\u064e\u0646\u0651\u064e \u0645\u064f\u062d\u064e\u0645\u0651\u064e\u062f\u0627\u064b \u0639\u064e\u0628\u062f\u064f\u06c1 \u0648\u064e \u0631\u064e\u0633\u064f\u0648\u0644\u064f\u06c1<\/p>\n<p>Nuk ka zot tjet\u00ebr p\u00ebrve\u00e7 Allahut, Ai \u00ebsht\u00eb i Vet\u00ebm dhe i Pashoq. D\u00ebshmoj se Hazret Muhamedi, paqja dhe m\u00ebshira e Allahut qofshin mbi t\u00eb, \u00ebsht\u00eb rob dhe i D\u00ebrguar i Allahut.<\/p>\n<p>Sot, an\u00ebtar\u00ebsohem n\u00eb Xhematin Musliman Ahmedia t\u00eb udh\u00ebhequr nga Hazret Mirza Masrur Ahmedi. Dhe thell\u00ebsisht besoj se Hazret Muhamedi (sa) \u00ebsht\u00eb <em>Khatamun-nebijin<\/em> \u2013 vul\u00eb e t\u00eb gjith\u00eb profet\u00ebve. Gjithashtu besoj se Hazret Mirza Ghulam Ahmedi (as) \u00ebsht\u00eb ai Mesih i Premtuar dhe Imam Mehdi q\u00eb ishte paralajm\u00ebruar nga vet\u00eb Hazret Resulullahu (sa).<\/p>\n<p>Betohem:<\/p>\n<p>Se do t\u00eb p\u00ebrpiqem sinqerisht t\u2019u p\u00ebrmbahem dhjet\u00eb kushteve t\u00eb <em>Bejtit <\/em>t\u00eb parashtruara nga Mesihu i Premtuar (as); besimit do t\u2019i jap p\u00ebrpar\u00ebsi mbi t\u00eb gjitha gj\u00ebrat e bot\u00ebs; do t\u2019i q\u00ebndroj besnik Institucionit t\u00eb Kalifatit Ahmedia dhe do t\u2019i bindem Kalifit t\u00eb Mesihut n\u00eb \u00e7do gj\u00eb t\u00eb mir\u00eb q\u00eb t\u00eb k\u00ebrkoj nga un\u00eb; Inshallah!<\/p>\n<p>\u0627\u064e\u0633\u062a\u064e\u063a\u0641\u0650\u0631\u064f \u0627\u0644\u0644\u06c1\u064e \u0631\u064e\u0628\u0650\u0651\u06cc \u0645\u0650\u0646 \u06a9\u064f\u0644\u0650\u0651 \u0630\u064e\u0646\u0628\u064d \u0648\u064e \u0627\u064e\u062a\u064f\u0648\u0628\u064f \u0627\u0650\u0644\u064e\u06cc\u06c1<br \/>\n\u0627\u064e\u0633\u062a\u064e\u063a\u0641\u0650\u0631\u064f \u0627\u0644\u0644\u06c1\u064e \u0631\u064e\u0628\u0650\u0651\u06cc \u0645\u0650\u0646 \u06a9\u064f\u0644\u0650\u0651 \u0630\u064e\u0646\u0628\u064d \u0648\u064e \u0627\u064e\u062a\u064f\u0648\u0628\u064f \u0627\u0650\u0644\u064e\u06cc\u06c1<br \/>\n\u0627\u064e\u0633\u062a\u064e\u063a\u0641\u0650\u0631\u064f \u0627\u0644\u0644\u06c1\u064e \u0631\u064e\u0628\u0650\u0651\u06cc \u0645\u0650\u0646 \u06a9\u064f\u0644\u0650\u0651 \u0630\u064e\u0646\u0628\u064d \u0648\u064e \u0627\u064e\u062a\u064f\u0648\u0628\u064f \u0627\u0650\u0644\u064e\u06cc\u06c1<\/p>\n<p>I lutem Allahut, Zotit tim, t\u00eb m\u2019i fal\u00eb t\u00eb gjitha m\u00ebkatet dhe kthehem tek Ai.<br \/>\nI lutem Allahut, Zotit tim, t\u00eb m\u2019i fal\u00eb t\u00eb gjitha m\u00ebkatet dhe kthehem tek Ai.<br \/>\nI lutem Allahut, Zotit tim, t\u00eb m\u2019i fal\u00eb t\u00eb gjitha m\u00ebkatet dhe kthehem tek Ai.<\/p>\n<p>\u0631\u064e\u0628\u0650\u0651 \u0627\u0650\u0646\u0650\u0651\u06cc \u0638\u064e\u0644\u064e\u0645\u062a\u064f \u0646\u064e\u0641\u0633\u0650\u06cc \u0648\u064e\u0627\u0639\u062a\u064e\u0631\u064e\u0641\u062a\u064f \u0628\u0650\u0630\u064e\u0646\u0628\u0650\u06cc \u0641\u064e\u0627\u063a\u0641\u0650\u0631\u0644\u0650\u06cc \u0641\u064e\u0627\u0650\u0646\u0651\u064e\u06c1 \u0644\u064e\u0627 \u06cc\u064e\u063a\u0641\u0650\u0631\u064f \u0627\u0644\u0630\u0651\u064e\u0646\u0628\u064e \u0627\u0644\u0651\u064e\u0627 \u0627\u064e\u0646\u062a<\/p>\n<p>O Zoti im! I kam b\u00ebr\u00eb padrejt\u00ebsi vetes dhe e pranoj m\u00ebkatin tim. M\u00eb fal mua, se p\u00ebrve\u00e7 Teje s\u2019ka kush tjet\u00ebr q\u00eb t\u00eb m\u00eb fal\u00eb m\u00ebkatin. <em>Amin<\/em>!<\/p>\n<p><em>Fusnota:<\/em><br \/>\n[1] D.m.th. t\u00eb \u00a0mos adhuroj\u00eb ask\u00ebnd p\u00ebrve\u00e7 Allahut t\u00eb Madh\u00ebrish\u00ebm.<br \/>\n[2] Namaz vullnetar q\u00eb falet n\u00eb pjes\u00ebn e fundit t\u00eb nat\u00ebs, para namazit t\u00eb <em>sabahut<\/em> (t\u00eb m\u00ebngjesit).<\/p>\n<hr \/>\n<blockquote><p><strong>N\u00ebse jeni t\u00eb interesuar p\u00ebr t\u00eb ditur m\u00eb shum\u00eb rreth Xhematit Musliman Ahmedia ose p\u00ebr t\u2019u an\u00ebtar\u00ebsuar n\u00eb t\u00eb, ju lutemi\u00a0<a href=\"http:\/\/www.ahmadiyya-islam.org\/al\/kontakto\/\">NA KONTAKTONI!<\/a><\/strong><\/p><\/blockquote>\n","protected":false},"excerpt":{"rendered":"<p>T\u00eb parashtruara nga Hazret Mirza Ghulam Ahmed Kadijani (a.s.) Mesihu i Premtuar dhe Imam Mehdiu Bejtb\u00ebr\u00ebsi (i betuari) me zem\u00ebr t\u00eb sinqert\u00eb duhet t\u00eb marr\u00eb zotim se: Do t\u00eb q\u00ebndroj\u00eb larg shirkut[1] deri n\u00eb vdekje. Do t\u00eb rrij\u00eb larg g\u00ebnjeshtrave, kurv\u00ebris\u00eb, t\u00eb hedhurit shikimin mbi grat\u00eb e huaja, p\u00ebrve\u00e7 atyre t\u00eb farefisit t\u00eb af\u00ebr; do<\/p>\n","protected":false},"author":5,"featured_media":0,"parent":31,"menu_order":13,"comment_status":"closed","ping_status":"closed","template":"","meta":{"_acf_changed":false,"footnotes":""},"class_list":["post-39","page","type-page","status-publish","hentry"],"acf":[],"yoast_head":"<!-- This site is optimized with the Yoast SEO Premium plugin v21.1 (Yoast SEO v27.4) - https:\/\/yoast.com\/product\/yoast-seo-premium-wordpress\/ -->\n<title>Dhjet\u00eb Kushte t\u00eb Bejtit (an\u00ebtar\u00ebsimit) n\u00eb Xhematin Musliman Ahmedia<\/title>\n<meta name=\"robots\" content=\"index, follow, max-snippet:-1, max-image-preview:large, max-video-preview:-1\" \/>\n<link rel=\"canonical\" href=\"https:\/\/www.ahmadiyya-islam.org\/al\/xhemati-musliman-ahmedia\/dhjete-kushte-te-anetaresimit-ne-xhematin-musliman-ahmedia\/\" \/>\n<meta property=\"og:locale\" content=\"sq_AL\" \/>\n<meta property=\"og:type\" content=\"article\" \/>\n<meta property=\"og:title\" content=\"Dhjet\u00eb Kushte t\u00eb Bejtit (an\u00ebtar\u00ebsimit) n\u00eb Xhematin Musliman Ahmedia\" \/>\n<meta property=\"og:description\" content=\"T\u00eb parashtruara nga Hazret Mirza Ghulam Ahmed Kadijani (a.s.) Mesihu i Premtuar dhe Imam Mehdiu Bejtb\u00ebr\u00ebsi (i betuari) me zem\u00ebr t\u00eb sinqert\u00eb duhet t\u00eb marr\u00eb zotim se: Do t\u00eb q\u00ebndroj\u00eb larg shirkut[1] deri n\u00eb vdekje. Do t\u00eb rrij\u00eb larg g\u00ebnjeshtrave, kurv\u00ebris\u00eb, t\u00eb hedhurit shikimin mbi grat\u00eb e huaja, p\u00ebrve\u00e7 atyre t\u00eb farefisit t\u00eb af\u00ebr; do\" \/>\n<meta property=\"og:url\" content=\"https:\/\/www.ahmadiyya-islam.org\/al\/xhemati-musliman-ahmedia\/dhjete-kushte-te-anetaresimit-ne-xhematin-musliman-ahmedia\/\" \/>\n<meta property=\"og:site_name\" content=\"Xhemati Musliman Ahmedia\" \/>\n<meta property=\"article:modified_time\" content=\"2022-08-17T15:25:18+00:00\" \/>\n<meta property=\"og:image\" content=\"https:\/\/www.ahmadiyya-islam.org\/al\/wp-content\/uploads\/sites\/3\/2019\/02\/ahmadiyya.png\" \/>\n\t<meta property=\"og:image:width\" content=\"917\" \/>\n\t<meta property=\"og:image:height\" content=\"410\" \/>\n\t<meta property=\"og:image:type\" content=\"image\/png\" \/>\n<meta name=\"twitter:card\" content=\"summary_large_image\" \/>\n<meta name=\"twitter:label1\" content=\"Est. reading time\" \/>\n\t<meta name=\"twitter:data1\" content=\"4 minutes\" \/>\n<script type=\"application\/ld+json\" class=\"yoast-schema-graph\">{\"@context\":\"https:\\\/\\\/schema.org\",\"@graph\":[{\"@type\":\"WebPage\",\"@id\":\"https:\\\/\\\/www.ahmadiyya-islam.org\\\/al\\\/xhemati-musliman-ahmedia\\\/dhjete-kushte-te-anetaresimit-ne-xhematin-musliman-ahmedia\\\/\",\"url\":\"https:\\\/\\\/www.ahmadiyya-islam.org\\\/al\\\/xhemati-musliman-ahmedia\\\/dhjete-kushte-te-anetaresimit-ne-xhematin-musliman-ahmedia\\\/\",\"name\":\"Dhjet\u00eb Kushte t\u00eb Bejtit (an\u00ebtar\u00ebsimit) n\u00eb Xhematin Musliman Ahmedia\",\"isPartOf\":{\"@id\":\"https:\\\/\\\/www.ahmadiyya-islam.org\\\/al\\\/#website\"},\"datePublished\":\"2015-04-07T21:57:50+00:00\",\"dateModified\":\"2022-08-17T15:25:18+00:00\",\"breadcrumb\":{\"@id\":\"https:\\\/\\\/www.ahmadiyya-islam.org\\\/al\\\/xhemati-musliman-ahmedia\\\/dhjete-kushte-te-anetaresimit-ne-xhematin-musliman-ahmedia\\\/#breadcrumb\"},\"inLanguage\":\"sq-AL\",\"potentialAction\":[{\"@type\":\"ReadAction\",\"target\":[\"https:\\\/\\\/www.ahmadiyya-islam.org\\\/al\\\/xhemati-musliman-ahmedia\\\/dhjete-kushte-te-anetaresimit-ne-xhematin-musliman-ahmedia\\\/\"]}]},{\"@type\":\"BreadcrumbList\",\"@id\":\"https:\\\/\\\/www.ahmadiyya-islam.org\\\/al\\\/xhemati-musliman-ahmedia\\\/dhjete-kushte-te-anetaresimit-ne-xhematin-musliman-ahmedia\\\/#breadcrumb\",\"itemListElement\":[{\"@type\":\"ListItem\",\"position\":1,\"name\":\"Home\",\"item\":\"https:\\\/\\\/www.ahmadiyya-islam.org\\\/al\\\/\"},{\"@type\":\"ListItem\",\"position\":2,\"name\":\"Ahmediati\",\"item\":\"https:\\\/\\\/www.ahmadiyya-islam.org\\\/al\\\/xhemati-musliman-ahmedia\\\/\"},{\"@type\":\"ListItem\",\"position\":3,\"name\":\"Dhjet\u00eb Kushte t\u00eb Bejtit (an\u00ebtar\u00ebsimit) n\u00eb Xhematin Musliman Ahmedia\"}]},{\"@type\":\"WebSite\",\"@id\":\"https:\\\/\\\/www.ahmadiyya-islam.org\\\/al\\\/#website\",\"url\":\"https:\\\/\\\/www.ahmadiyya-islam.org\\\/al\\\/\",\"name\":\"Xhemati Musliman Ahmedia\",\"description\":\"Albania\",\"potentialAction\":[{\"@type\":\"SearchAction\",\"target\":{\"@type\":\"EntryPoint\",\"urlTemplate\":\"https:\\\/\\\/www.ahmadiyya-islam.org\\\/al\\\/?s={search_term_string}\"},\"query-input\":{\"@type\":\"PropertyValueSpecification\",\"valueRequired\":true,\"valueName\":\"search_term_string\"}}],\"inLanguage\":\"sq-AL\"}]}<\/script>\n<!-- \/ Yoast SEO Premium plugin. -->","yoast_head_json":{"title":"Dhjet\u00eb Kushte t\u00eb Bejtit (an\u00ebtar\u00ebsimit) n\u00eb Xhematin Musliman Ahmedia","robots":{"index":"index","follow":"follow","max-snippet":"max-snippet:-1","max-image-preview":"max-image-preview:large","max-video-preview":"max-video-preview:-1"},"canonical":"https:\/\/www.ahmadiyya-islam.org\/al\/xhemati-musliman-ahmedia\/dhjete-kushte-te-anetaresimit-ne-xhematin-musliman-ahmedia\/","og_locale":"sq_AL","og_type":"article","og_title":"Dhjet\u00eb Kushte t\u00eb Bejtit (an\u00ebtar\u00ebsimit) n\u00eb Xhematin Musliman Ahmedia","og_description":"T\u00eb parashtruara nga Hazret Mirza Ghulam Ahmed Kadijani (a.s.) Mesihu i Premtuar dhe Imam Mehdiu Bejtb\u00ebr\u00ebsi (i betuari) me zem\u00ebr t\u00eb sinqert\u00eb duhet t\u00eb marr\u00eb zotim se: Do t\u00eb q\u00ebndroj\u00eb larg shirkut[1] deri n\u00eb vdekje. Do t\u00eb rrij\u00eb larg g\u00ebnjeshtrave, kurv\u00ebris\u00eb, t\u00eb hedhurit shikimin mbi grat\u00eb e huaja, p\u00ebrve\u00e7 atyre t\u00eb farefisit t\u00eb af\u00ebr; do","og_url":"https:\/\/www.ahmadiyya-islam.org\/al\/xhemati-musliman-ahmedia\/dhjete-kushte-te-anetaresimit-ne-xhematin-musliman-ahmedia\/","og_site_name":"Xhemati Musliman Ahmedia","article_modified_time":"2022-08-17T15:25:18+00:00","og_image":[{"width":917,"height":410,"url":"https:\/\/www.ahmadiyya-islam.org\/al\/wp-content\/uploads\/sites\/3\/2019\/02\/ahmadiyya.png","type":"image\/png"}],"twitter_card":"summary_large_image","twitter_misc":{"Est. reading time":"4 minutes"},"schema":{"@context":"https:\/\/schema.org","@graph":[{"@type":"WebPage","@id":"https:\/\/www.ahmadiyya-islam.org\/al\/xhemati-musliman-ahmedia\/dhjete-kushte-te-anetaresimit-ne-xhematin-musliman-ahmedia\/","url":"https:\/\/www.ahmadiyya-islam.org\/al\/xhemati-musliman-ahmedia\/dhjete-kushte-te-anetaresimit-ne-xhematin-musliman-ahmedia\/","name":"Dhjet\u00eb Kushte t\u00eb Bejtit (an\u00ebtar\u00ebsimit) n\u00eb Xhematin Musliman Ahmedia","isPartOf":{"@id":"https:\/\/www.ahmadiyya-islam.org\/al\/#website"},"datePublished":"2015-04-07T21:57:50+00:00","dateModified":"2022-08-17T15:25:18+00:00","breadcrumb":{"@id":"https:\/\/www.ahmadiyya-islam.org\/al\/xhemati-musliman-ahmedia\/dhjete-kushte-te-anetaresimit-ne-xhematin-musliman-ahmedia\/#breadcrumb"},"inLanguage":"sq-AL","potentialAction":[{"@type":"ReadAction","target":["https:\/\/www.ahmadiyya-islam.org\/al\/xhemati-musliman-ahmedia\/dhjete-kushte-te-anetaresimit-ne-xhematin-musliman-ahmedia\/"]}]},{"@type":"BreadcrumbList","@id":"https:\/\/www.ahmadiyya-islam.org\/al\/xhemati-musliman-ahmedia\/dhjete-kushte-te-anetaresimit-ne-xhematin-musliman-ahmedia\/#breadcrumb","itemListElement":[{"@type":"ListItem","position":1,"name":"Home","item":"https:\/\/www.ahmadiyya-islam.org\/al\/"},{"@type":"ListItem","position":2,"name":"Ahmediati","item":"https:\/\/www.ahmadiyya-islam.org\/al\/xhemati-musliman-ahmedia\/"},{"@type":"ListItem","position":3,"name":"Dhjet\u00eb Kushte t\u00eb Bejtit (an\u00ebtar\u00ebsimit) n\u00eb Xhematin Musliman Ahmedia"}]},{"@type":"WebSite","@id":"https:\/\/www.ahmadiyya-islam.org\/al\/#website","url":"https:\/\/www.ahmadiyya-islam.org\/al\/","name":"Xhemati Musliman Ahmedia","description":"Albania","potentialAction":[{"@type":"SearchAction","target":{"@type":"EntryPoint","urlTemplate":"https:\/\/www.ahmadiyya-islam.org\/al\/?s={search_term_string}"},"query-input":{"@type":"PropertyValueSpecification","valueRequired":true,"valueName":"search_term_string"}}],"inLanguage":"sq-AL"}]}},"_links":{"self":[{"href":"https:\/\/www.ahmadiyya-islam.org\/al\/wp-json\/wp\/v2\/pages\/39","targetHints":{"allow":["GET"]}}],"collection":[{"href":"https:\/\/www.ahmadiyya-islam.org\/al\/wp-json\/wp\/v2\/pages"}],"about":[{"href":"https:\/\/www.ahmadiyya-islam.org\/al\/wp-json\/wp\/v2\/types\/page"}],"author":[{"embeddable":true,"href":"https:\/\/www.ahmadiyya-islam.org\/al\/wp-json\/wp\/v2\/users\/5"}],"replies":[{"embeddable":true,"href":"https:\/\/www.ahmadiyya-islam.org\/al\/wp-json\/wp\/v2\/comments?post=39"}],"version-history":[{"count":1,"href":"https:\/\/www.ahmadiyya-islam.org\/al\/wp-json\/wp\/v2\/pages\/39\/revisions"}],"predecessor-version":[{"id":18729,"href":"https:\/\/www.ahmadiyya-islam.org\/al\/wp-json\/wp\/v2\/pages\/39\/revisions\/18729"}],"up":[{"embeddable":true,"href":"https:\/\/www.ahmadiyya-islam.org\/al\/wp-json\/wp\/v2\/pages\/31"}],"wp:attachment":[{"href":"https:\/\/www.ahmadiyya-islam.org\/al\/wp-json\/wp\/v2\/media?parent=39"}],"curies":[{"name":"wp","href":"https:\/\/api.w.org\/{rel}","templated":true}]}}