{"id":8363,"date":"2019-01-31T18:33:01","date_gmt":"2019-01-31T18:33:01","guid":{"rendered":"https:\/\/www.ahmadiyya-islam.org\/al\/?post_type=faqs&#038;p=8363"},"modified":"2019-01-31T18:33:01","modified_gmt":"2019-01-31T18:33:01","slug":"a-besojne-muslimanet-ne-profetet-dhe-librat","status":"publish","type":"faqs","link":"https:\/\/www.ahmadiyya-islam.org\/al\/pyetje\/a-besojne-muslimanet-ne-profetet-dhe-librat\/","title":{"rendered":"A\u00a0besojn\u00eb musliman\u00ebt profet\u00ebt\u00a0e m\u00ebparsh\u00ebm dhe librat\u00a0e shenjt\u00eb t\u00eb feve t\u00eb tjera?"},"content":{"rendered":"<p>N\u00eb dy prej gjasht\u00eb shtyllave t\u00eb besimit n\u00eb Islam, musliman\u00ebt jan\u00eb obliguar t\u00eb shprehin besimin e tyre n\u00eb t\u00eb d\u00ebrguarit e Zotit dhe librat e shenjt\u00eb. Musliman\u00ebt besojn\u00eb se t\u00eb gjith\u00eb profet\u00ebt ishin d\u00ebrguar prej Zotit dhe librat e shenjt\u00eb, n\u00eb form\u00ebn e tyre origjinale, ishin shpallje hyjnore, t\u00eb cil\u00ebt p\u00ebrve\u00e7 m\u00ebsimeve t\u00eb \u00e7muara, kan\u00eb n\u00ebnvizuar nj\u00ebshm\u00ebrin\u00eb absolute t\u00eb Zotit.<\/p>\n<p>Sipas Kuranit Fam\u00eblart\u00eb, Zoti ka d\u00ebrguar profet te \u00e7do popull. Ai thot\u00eb:<\/p>\n<blockquote><p><img loading=\"lazy\" decoding=\"async\" class=\"aligncenter size-full wp-image-8364\" src=\"https:\/\/www.ahmadiyya-islam.org\/al\/wp-content\/uploads\/sites\/3\/2019\/01\/kurani-35-25.png\" alt=\"islami shqip\" width=\"244\" height=\"60\" \/>&#8220;Nuk ka pasur asnj\u00eb popull, q\u00eb t\u00eb mos i ket\u00eb shkuar nj\u00eb alarmues&#8221;. (Kurani Fam\u00eblart\u00eb 35:25)<\/p>\n<p><img loading=\"lazy\" decoding=\"async\" class=\"aligncenter size-full wp-image-8365\" src=\"https:\/\/www.ahmadiyya-islam.org\/al\/wp-content\/uploads\/sites\/3\/2019\/01\/kurani-10-48.png\" alt=\"islami shqip\" width=\"165\" height=\"52\" \/>&#8220;&#8230; dhe \u00e7do popull ka pasur t\u00eb d\u00ebrguar&#8221;. (Kurani Fam\u00eblart\u00eb 10:48)<\/p><\/blockquote>\n<p>Ai gjithashtu u m\u00ebson musliman\u00ebve t\u00eb thot\u00eb:<\/p>\n<blockquote><p><img loading=\"lazy\" decoding=\"async\" class=\"aligncenter size-full wp-image-8366\" src=\"https:\/\/www.ahmadiyya-islam.org\/al\/wp-content\/uploads\/sites\/3\/2019\/01\/kurani-2-286.png\" alt=\"islami shqip\" width=\"248\" height=\"55\" \/>&#8220;ne nuk b\u00ebjm\u00eb dallimin mes asnj\u00ebrit prej t\u00eb d\u00ebrguarve&#8221; (Kurani Fam\u00eblart\u00eb 2:286)<\/p><\/blockquote>\n<p>Emrat e disa profet\u00ebve, p.sh., Adem <em>(Adam)<\/em>, Ibrahim <em>(Abraham)<\/em>, Daud <em>(David)<\/em>, Sulejman <em>(Salomon)<\/em>, Musa <em>(Moisi)<\/em>, Isa (<em>Jezus) <\/em>dhe Muhammed (paqja dhe m\u00ebshira e Allahut qofshin mbi ta!) jan\u00eb p\u00ebrmendur edhe n\u00eb Kuran. Profet\u00eb t\u00eb tjer\u00eb (emrat e t\u00eb cil\u00ebve nuk jan\u00eb p\u00ebrmendur n\u00eb Kuran), jan\u00eb Zoroaster, Krishna dhe Konfucius etj.<\/p>\n<p>Musliman\u00ebt jo vet\u00ebm q\u00eb besojn\u00eb te t\u00eb gjith\u00eb t\u00eb d\u00ebrguarit e m\u00ebparsh\u00ebm, por pranojn\u00eb edhe shpalljet e tyre dhe librat hyjnor\u00eb q\u00eb u ishin dh\u00ebn\u00eb. Kurani Fam\u00eblart\u00eb u referohet kat\u00ebr librave t\u00eb shenjt\u00eb q\u00eb u shpall\u00ebn para tij. Ata jan\u00eb:<\/p>\n<h2><strong>Suhuf<\/strong><\/h2>\n<p>(Shkrimet e shenjta t\u00eb Ibrahimit<sup>as<\/sup>, Kurani Fam\u00eblart\u00eb 87:20)<\/p>\n<p>Nuk dihet asgj\u00eb rreth <em>Suhuf-\u00ebve <\/em>(flet\u00ebve) t\u00eb Ibrahimit<sup>as<\/sup>. Ndoshta k\u00ebto m\u00ebsime nuk u ruajt\u00ebn kurr\u00eb n\u00eb dor\u00ebshkrime.<\/p>\n<h2><strong>Tevrat<\/strong><\/h2>\n<p>(Shpalljet e Musait<sup>as <\/sup>, Kurani Fam\u00eblart\u00eb 3:4)<\/p>\n<p>Taurat p\u00ebrb\u00ebjn\u00eb pes\u00eb libra t\u00eb par\u00eb t\u00eb Bibl\u00ebs n\u00eb hebraisht dhe p\u00ebrmbajn\u00eb ligjin e plot\u00eb p\u00ebr izraelit\u00ebt. K\u00ebta pes\u00eb libra jan\u00eb: Zanafilla, Eksodi, Levitiku, Numrat dhe Ligji i p\u00ebrt\u00ebrir\u00eb. Bashk\u00ebrisht, k\u00ebta pes\u00eb libra quhen Pentateuku. P\u00ebrgjat\u00eb shekujve, Taurati u p\u00ebrcoll gojarisht brez pas brezi, dhe u ruajt p\u00ebrfundimisht si dor\u00ebshkrim vet\u00ebm disa shekuj pas Musait<sup>as<\/sup>.<\/p>\n<h2><strong>Zebur <\/strong><\/h2>\n<p>(Psalmet e Daudit<sup>as<\/sup>, Kurani Fam\u00eblart\u00eb 4:164)<\/p>\n<p>Sot dihet shum\u00eb pak p\u00ebr <em>Zaburin <\/em>ose p\u00ebr shpalljet e Daudit <sup>as<\/sup>. N\u00eb Bibl\u00ebn hebreje gjenden disa psalme (k\u00ebng\u00eb lavdie ose himne), q\u00eb i atribuohen Daudit<sup>as<\/sup>, q\u00eb mund t\u00eb p\u00ebrb\u00ebjn\u00eb nj\u00eb pjes\u00eb t\u00eb <em>Zaburit. <\/em><\/p>\n<h2><strong>Inxhil<\/strong><\/h2>\n<p>(Ungjijt\u00eb e Isait<sup>as<\/sup> (Jezu Krishtit), Kurani 5:47)<\/p>\n<p>Ungjijt\u00eb i ishin shpallur Isait<sup>as<\/sup>, ndon\u00ebse ata nuk u ruajt\u00ebn gjat\u00eb jet\u00ebs s\u00eb tij. Pas vdekjes s\u00eb tij u b\u00ebn\u00eb p\u00ebrpjekje p\u00ebr t\u00eb ruajtur m\u00ebsimet e tij n\u00eb dor\u00ebshkrim. Nga disa prej rr\u00ebfimeve, Kisha e Lasht\u00eb pranoi kat\u00ebr tekste si p\u00ebrmbledhje zyrtare t\u00eb m\u00ebsimeve t\u00eb Jezusit<sup>as<\/sup>. K\u00ebto kat\u00ebr variante t\u00eb ungjijve jan\u00eb t\u00eb Mateut, Markut, Luk\u00ebs dhe Gjonit. Megjithat\u00eb, jan\u00eb disa ungjij q\u00eb p\u00ebrmbajn\u00eb t\u00eb dh\u00ebna shum\u00eb t\u00eb r\u00ebnd\u00ebsishme p\u00ebr jet\u00ebn dhe m\u00ebsimet e Jezusit<sup>as<\/sup>, por q\u00eb nuk jan\u00eb p\u00ebrfshir\u00eb n\u00eb Dhiat\u00ebn e Re.<\/p>\n<p>P\u00ebrve\u00e7 Kuranit Fam\u00eblart\u00eb, asnj\u00ebri nga librat e shenjt\u00eb nuk mbeti n\u00eb form\u00ebn e tij origjinale.<\/p>\n","protected":false},"excerpt":{"rendered":"<p>Kurani thot\u00eb &#8220;Nuk ka pasur asnj\u00eb popull, q\u00eb t\u00eb mos i ket\u00eb shkuar nj\u00eb alarmues&#8221;. Dhe gjithashtu thot\u00eb: &#8220;ne nuk b\u00ebjm\u00eb dallimin mes asnj\u00ebrit prej t\u00eb d\u00ebrguarve&#8221;.<\/p>\n","protected":false},"featured_media":3206,"parent":0,"template":"","tags":[],"faq_cat":[448],"authors":[],"content_source":[],"class_list":["post-8363","faqs","type-faqs","status-publish","has-post-thumbnail","hentry","topics-besimi","topics-islami","faq_cat-pyetje-te-shpeshta-faq"],"acf":[],"yoast_head":"<!-- This site is optimized with the Yoast SEO Premium plugin v21.1 (Yoast SEO v27.4) - https:\/\/yoast.com\/product\/yoast-seo-premium-wordpress\/ -->\n<title>A besojn\u00eb musliman\u00ebt ne Profet\u00ebt dhe Librat e m\u00ebparsh\u00ebm?<\/title>\n<meta name=\"description\" content=\"Kurani thot\u00eb &quot;Nuk ka pasur asnj\u00eb popull, q\u00eb t\u00eb mos i ket\u00eb shkuar nj\u00eb alarmues&quot;. Dhe gjithashtu thot\u00eb: &quot;ne nuk b\u00ebjm\u00eb dallimin mes asnj\u00ebrit prej t\u00eb d\u00ebrguarve&quot;\" \/>\n<meta name=\"robots\" content=\"index, follow, max-snippet:-1, max-image-preview:large, max-video-preview:-1\" \/>\n<link rel=\"canonical\" href=\"https:\/\/www.ahmadiyya-islam.org\/al\/pyetje\/a-besojne-muslimanet-ne-profetet-dhe-librat\/\" \/>\n<meta property=\"og:locale\" content=\"sq_AL\" \/>\n<meta property=\"og:type\" content=\"article\" \/>\n<meta property=\"og:title\" content=\"A\u00a0besojn\u00eb musliman\u00ebt profet\u00ebt\u00a0e m\u00ebparsh\u00ebm dhe librat\u00a0e shenjt\u00eb t\u00eb feve t\u00eb tjera?\" \/>\n<meta property=\"og:description\" content=\"Kurani thot\u00eb &quot;Nuk ka pasur asnj\u00eb popull, q\u00eb t\u00eb mos i ket\u00eb shkuar nj\u00eb alarmues&quot;. Dhe gjithashtu thot\u00eb: &quot;ne nuk b\u00ebjm\u00eb dallimin mes asnj\u00ebrit prej t\u00eb d\u00ebrguarve&quot;\" \/>\n<meta property=\"og:url\" content=\"https:\/\/www.ahmadiyya-islam.org\/al\/pyetje\/a-besojne-muslimanet-ne-profetet-dhe-librat\/\" \/>\n<meta property=\"og:site_name\" content=\"Xhemati Musliman Ahmedia\" \/>\n<meta property=\"og:image\" content=\"https:\/\/www.ahmadiyya-islam.org\/al\/wp-content\/uploads\/sites\/3\/2015\/09\/Alilsam-banner.jpg\" \/>\n\t<meta property=\"og:image:width\" content=\"939\" \/>\n\t<meta property=\"og:image:height\" content=\"420\" \/>\n\t<meta property=\"og:image:type\" content=\"image\/jpeg\" \/>\n<meta name=\"twitter:card\" content=\"summary_large_image\" \/>\n<meta name=\"twitter:label1\" content=\"Est. reading time\" \/>\n\t<meta name=\"twitter:data1\" content=\"3 minutes\" \/>\n<script type=\"application\/ld+json\" class=\"yoast-schema-graph\">{\"@context\":\"https:\\\/\\\/schema.org\",\"@graph\":[{\"@type\":\"WebPage\",\"@id\":\"https:\\\/\\\/www.ahmadiyya-islam.org\\\/al\\\/pyetje\\\/a-besojne-muslimanet-ne-profetet-dhe-librat\\\/\",\"url\":\"https:\\\/\\\/www.ahmadiyya-islam.org\\\/al\\\/pyetje\\\/a-besojne-muslimanet-ne-profetet-dhe-librat\\\/\",\"name\":\"A besojn\u00eb musliman\u00ebt ne Profet\u00ebt dhe Librat e m\u00ebparsh\u00ebm?\",\"isPartOf\":{\"@id\":\"https:\\\/\\\/www.ahmadiyya-islam.org\\\/al\\\/#website\"},\"primaryImageOfPage\":{\"@id\":\"https:\\\/\\\/www.ahmadiyya-islam.org\\\/al\\\/pyetje\\\/a-besojne-muslimanet-ne-profetet-dhe-librat\\\/#primaryimage\"},\"image\":{\"@id\":\"https:\\\/\\\/www.ahmadiyya-islam.org\\\/al\\\/pyetje\\\/a-besojne-muslimanet-ne-profetet-dhe-librat\\\/#primaryimage\"},\"thumbnailUrl\":\"https:\\\/\\\/www.ahmadiyya-islam.org\\\/al\\\/wp-content\\\/uploads\\\/sites\\\/3\\\/2015\\\/09\\\/Alilsam-banner.jpg\",\"datePublished\":\"2019-01-31T18:33:01+00:00\",\"description\":\"Kurani thot\u00eb \\\"Nuk ka pasur asnj\u00eb popull, q\u00eb t\u00eb mos i ket\u00eb shkuar nj\u00eb alarmues\\\". Dhe gjithashtu thot\u00eb: \\\"ne nuk b\u00ebjm\u00eb dallimin mes asnj\u00ebrit prej t\u00eb d\u00ebrguarve\\\"\",\"breadcrumb\":{\"@id\":\"https:\\\/\\\/www.ahmadiyya-islam.org\\\/al\\\/pyetje\\\/a-besojne-muslimanet-ne-profetet-dhe-librat\\\/#breadcrumb\"},\"inLanguage\":\"sq-AL\",\"potentialAction\":[{\"@type\":\"ReadAction\",\"target\":[\"https:\\\/\\\/www.ahmadiyya-islam.org\\\/al\\\/pyetje\\\/a-besojne-muslimanet-ne-profetet-dhe-librat\\\/\"]}]},{\"@type\":\"ImageObject\",\"inLanguage\":\"sq-AL\",\"@id\":\"https:\\\/\\\/www.ahmadiyya-islam.org\\\/al\\\/pyetje\\\/a-besojne-muslimanet-ne-profetet-dhe-librat\\\/#primaryimage\",\"url\":\"https:\\\/\\\/www.ahmadiyya-islam.org\\\/al\\\/wp-content\\\/uploads\\\/sites\\\/3\\\/2015\\\/09\\\/Alilsam-banner.jpg\",\"contentUrl\":\"https:\\\/\\\/www.ahmadiyya-islam.org\\\/al\\\/wp-content\\\/uploads\\\/sites\\\/3\\\/2015\\\/09\\\/Alilsam-banner.jpg\",\"width\":939,\"height\":420,\"caption\":\"pyetje rreth Islamit\"},{\"@type\":\"BreadcrumbList\",\"@id\":\"https:\\\/\\\/www.ahmadiyya-islam.org\\\/al\\\/pyetje\\\/a-besojne-muslimanet-ne-profetet-dhe-librat\\\/#breadcrumb\",\"itemListElement\":[{\"@type\":\"ListItem\",\"position\":1,\"name\":\"Home\",\"item\":\"https:\\\/\\\/www.ahmadiyya-islam.org\\\/al\\\/\"},{\"@type\":\"ListItem\",\"position\":2,\"name\":\"Pyetje\",\"item\":\"https:\\\/\\\/www.ahmadiyya-islam.org\\\/al\\\/pyetje\\\/\"},{\"@type\":\"ListItem\",\"position\":3,\"name\":\"A\u00a0besojn\u00eb musliman\u00ebt profet\u00ebt\u00a0e m\u00ebparsh\u00ebm dhe librat\u00a0e shenjt\u00eb t\u00eb feve t\u00eb tjera?\"}]},{\"@type\":\"WebSite\",\"@id\":\"https:\\\/\\\/www.ahmadiyya-islam.org\\\/al\\\/#website\",\"url\":\"https:\\\/\\\/www.ahmadiyya-islam.org\\\/al\\\/\",\"name\":\"Xhemati Musliman Ahmedia\",\"description\":\"Albania\",\"potentialAction\":[{\"@type\":\"SearchAction\",\"target\":{\"@type\":\"EntryPoint\",\"urlTemplate\":\"https:\\\/\\\/www.ahmadiyya-islam.org\\\/al\\\/?s={search_term_string}\"},\"query-input\":{\"@type\":\"PropertyValueSpecification\",\"valueRequired\":true,\"valueName\":\"search_term_string\"}}],\"inLanguage\":\"sq-AL\"}]}<\/script>\n<!-- \/ Yoast SEO Premium plugin. -->","yoast_head_json":{"title":"A besojn\u00eb musliman\u00ebt ne Profet\u00ebt dhe Librat e m\u00ebparsh\u00ebm?","description":"Kurani thot\u00eb \"Nuk ka pasur asnj\u00eb popull, q\u00eb t\u00eb mos i ket\u00eb shkuar nj\u00eb alarmues\". Dhe gjithashtu thot\u00eb: \"ne nuk b\u00ebjm\u00eb dallimin mes asnj\u00ebrit prej t\u00eb d\u00ebrguarve\"","robots":{"index":"index","follow":"follow","max-snippet":"max-snippet:-1","max-image-preview":"max-image-preview:large","max-video-preview":"max-video-preview:-1"},"canonical":"https:\/\/www.ahmadiyya-islam.org\/al\/pyetje\/a-besojne-muslimanet-ne-profetet-dhe-librat\/","og_locale":"sq_AL","og_type":"article","og_title":"A\u00a0besojn\u00eb musliman\u00ebt profet\u00ebt\u00a0e m\u00ebparsh\u00ebm dhe librat\u00a0e shenjt\u00eb t\u00eb feve t\u00eb tjera?","og_description":"Kurani thot\u00eb \"Nuk ka pasur asnj\u00eb popull, q\u00eb t\u00eb mos i ket\u00eb shkuar nj\u00eb alarmues\". Dhe gjithashtu thot\u00eb: \"ne nuk b\u00ebjm\u00eb dallimin mes asnj\u00ebrit prej t\u00eb d\u00ebrguarve\"","og_url":"https:\/\/www.ahmadiyya-islam.org\/al\/pyetje\/a-besojne-muslimanet-ne-profetet-dhe-librat\/","og_site_name":"Xhemati Musliman Ahmedia","og_image":[{"width":939,"height":420,"url":"https:\/\/www.ahmadiyya-islam.org\/al\/wp-content\/uploads\/sites\/3\/2015\/09\/Alilsam-banner.jpg","type":"image\/jpeg"}],"twitter_card":"summary_large_image","twitter_misc":{"Est. reading time":"3 minutes"},"schema":{"@context":"https:\/\/schema.org","@graph":[{"@type":"WebPage","@id":"https:\/\/www.ahmadiyya-islam.org\/al\/pyetje\/a-besojne-muslimanet-ne-profetet-dhe-librat\/","url":"https:\/\/www.ahmadiyya-islam.org\/al\/pyetje\/a-besojne-muslimanet-ne-profetet-dhe-librat\/","name":"A besojn\u00eb musliman\u00ebt ne Profet\u00ebt dhe Librat e m\u00ebparsh\u00ebm?","isPartOf":{"@id":"https:\/\/www.ahmadiyya-islam.org\/al\/#website"},"primaryImageOfPage":{"@id":"https:\/\/www.ahmadiyya-islam.org\/al\/pyetje\/a-besojne-muslimanet-ne-profetet-dhe-librat\/#primaryimage"},"image":{"@id":"https:\/\/www.ahmadiyya-islam.org\/al\/pyetje\/a-besojne-muslimanet-ne-profetet-dhe-librat\/#primaryimage"},"thumbnailUrl":"https:\/\/www.ahmadiyya-islam.org\/al\/wp-content\/uploads\/sites\/3\/2015\/09\/Alilsam-banner.jpg","datePublished":"2019-01-31T18:33:01+00:00","description":"Kurani thot\u00eb \"Nuk ka pasur asnj\u00eb popull, q\u00eb t\u00eb mos i ket\u00eb shkuar nj\u00eb alarmues\". Dhe gjithashtu thot\u00eb: \"ne nuk b\u00ebjm\u00eb dallimin mes asnj\u00ebrit prej t\u00eb d\u00ebrguarve\"","breadcrumb":{"@id":"https:\/\/www.ahmadiyya-islam.org\/al\/pyetje\/a-besojne-muslimanet-ne-profetet-dhe-librat\/#breadcrumb"},"inLanguage":"sq-AL","potentialAction":[{"@type":"ReadAction","target":["https:\/\/www.ahmadiyya-islam.org\/al\/pyetje\/a-besojne-muslimanet-ne-profetet-dhe-librat\/"]}]},{"@type":"ImageObject","inLanguage":"sq-AL","@id":"https:\/\/www.ahmadiyya-islam.org\/al\/pyetje\/a-besojne-muslimanet-ne-profetet-dhe-librat\/#primaryimage","url":"https:\/\/www.ahmadiyya-islam.org\/al\/wp-content\/uploads\/sites\/3\/2015\/09\/Alilsam-banner.jpg","contentUrl":"https:\/\/www.ahmadiyya-islam.org\/al\/wp-content\/uploads\/sites\/3\/2015\/09\/Alilsam-banner.jpg","width":939,"height":420,"caption":"pyetje rreth Islamit"},{"@type":"BreadcrumbList","@id":"https:\/\/www.ahmadiyya-islam.org\/al\/pyetje\/a-besojne-muslimanet-ne-profetet-dhe-librat\/#breadcrumb","itemListElement":[{"@type":"ListItem","position":1,"name":"Home","item":"https:\/\/www.ahmadiyya-islam.org\/al\/"},{"@type":"ListItem","position":2,"name":"Pyetje","item":"https:\/\/www.ahmadiyya-islam.org\/al\/pyetje\/"},{"@type":"ListItem","position":3,"name":"A\u00a0besojn\u00eb musliman\u00ebt profet\u00ebt\u00a0e m\u00ebparsh\u00ebm dhe librat\u00a0e shenjt\u00eb t\u00eb feve t\u00eb tjera?"}]},{"@type":"WebSite","@id":"https:\/\/www.ahmadiyya-islam.org\/al\/#website","url":"https:\/\/www.ahmadiyya-islam.org\/al\/","name":"Xhemati Musliman Ahmedia","description":"Albania","potentialAction":[{"@type":"SearchAction","target":{"@type":"EntryPoint","urlTemplate":"https:\/\/www.ahmadiyya-islam.org\/al\/?s={search_term_string}"},"query-input":{"@type":"PropertyValueSpecification","valueRequired":true,"valueName":"search_term_string"}}],"inLanguage":"sq-AL"}]}},"_links":{"self":[{"href":"https:\/\/www.ahmadiyya-islam.org\/al\/wp-json\/wp\/v2\/faqs\/8363","targetHints":{"allow":["GET"]}}],"collection":[{"href":"https:\/\/www.ahmadiyya-islam.org\/al\/wp-json\/wp\/v2\/faqs"}],"about":[{"href":"https:\/\/www.ahmadiyya-islam.org\/al\/wp-json\/wp\/v2\/types\/faqs"}],"wp:featuredmedia":[{"embeddable":true,"href":"https:\/\/www.ahmadiyya-islam.org\/al\/wp-json\/wp\/v2\/media\/3206"}],"wp:attachment":[{"href":"https:\/\/www.ahmadiyya-islam.org\/al\/wp-json\/wp\/v2\/media?parent=8363"}],"wp:term":[{"taxonomy":"post_tag","embeddable":true,"href":"https:\/\/www.ahmadiyya-islam.org\/al\/wp-json\/wp\/v2\/tags?post=8363"},{"taxonomy":"faq_cat","embeddable":true,"href":"https:\/\/www.ahmadiyya-islam.org\/al\/wp-json\/wp\/v2\/faq_cat?post=8363"},{"taxonomy":"authors","embeddable":true,"href":"https:\/\/www.ahmadiyya-islam.org\/al\/wp-json\/wp\/v2\/authors?post=8363"},{"taxonomy":"content_source","embeddable":true,"href":"https:\/\/www.ahmadiyya-islam.org\/al\/wp-json\/wp\/v2\/content_source?post=8363"}],"curies":[{"name":"wp","href":"https:\/\/api.w.org\/{rel}","templated":true}]}}