{"id":8360,"date":"2019-01-31T18:08:36","date_gmt":"2019-01-31T18:08:36","guid":{"rendered":"https:\/\/www.ahmadiyya-islam.org\/al\/?post_type=faqs&#038;p=8360"},"modified":"2019-01-31T18:15:17","modified_gmt":"2019-01-31T18:15:17","slug":"cili-eshte-qendrimi-i-islamit-mbi-terrorizmin","status":"publish","type":"faqs","link":"https:\/\/www.ahmadiyya-islam.org\/al\/pyetje\/cili-eshte-qendrimi-i-islamit-mbi-terrorizmin\/","title":{"rendered":"Cili \u00ebsht\u00eb q\u00ebndrimi i Islamit mbi terrorizmin?"},"content":{"rendered":"<p>Islami e kund\u00ebrshton dhe e d\u00ebnon terrorizmin n\u00eb t\u00eb gjitha format e tij, sepse vet\u00eb kuptimi i fjal\u00ebs &#8220;Islam&#8221; do t\u00eb thot\u00eb \u201cn\u00ebnshtrim\u201d dhe \u201cpaqe\u201d.\u00a0 Nj\u00ebri prej Emrave t\u00eb Zotit n\u00eb Kuran \u00ebsht\u00eb Es-Selam, q\u00eb do t\u00eb thot\u00eb Paqja. Porosia p\u00ebr t\u00eb p\u00ebrkrahur paqen \u00ebsht\u00eb ngulitur aq thell\u00eb n\u00eb Islam, saq\u00eb Kurani Fam\u00eblart\u00eb i p\u00ebrkufizon musliman\u00ebt me k\u00ebto fjal\u00eb:<\/p>\n<blockquote><p><img loading=\"lazy\" decoding=\"async\" class=\"aligncenter size-full wp-image-8362\" src=\"https:\/\/www.ahmadiyya-islam.org\/al\/wp-content\/uploads\/sites\/3\/2019\/01\/terrorizmi-1.png\" alt=\"terrorizmi islamik\" width=\"384\" height=\"109\" srcset=\"https:\/\/www.ahmadiyya-islam.org\/al\/wp-content\/uploads\/sites\/3\/2019\/01\/terrorizmi-1.png 384w, https:\/\/www.ahmadiyya-islam.org\/al\/wp-content\/uploads\/sites\/3\/2019\/01\/terrorizmi-1-300x85.png 300w\" sizes=\"auto, (max-width: 384px) 100vw, 384px\" \/>&#8220;&#8230; dhe rob\u00ebrit e Gjith\u00ebm\u00ebshirshmit jan\u00eb ata t\u00eb cil\u00ebt ecin p\u00ebrul\u00ebsisht n\u00eb Tok\u00eb, dhe kur injorant\u00ebt u drejtohen atyre, ata thon\u00eb &#8220;paqe&#8221;. (Kurani Fam\u00eblart\u00eb 25:64)<\/p><\/blockquote>\n<p>Hazret Mirza Tahir Ahmed, Kalifi IV i Xhematit Musliman Ahmedia, e ka shpjeguar n\u00eb m\u00ebnyr\u00eb t\u00eb qart\u00eb k\u00ebndv\u00ebshtrimin e Islamit ndaj terrorizmit. Ai shkruan:<\/p>\n<blockquote><p>&#8220;P\u00ebr sa i p\u00ebrket Islamit, ai hedh posht\u00eb kategorikisht dhe d\u00ebnon \u00e7dolloj terrorizmi. Ai nuk jep asnj\u00eb mbrojtje apo justifikim p\u00ebr aktin e dhun\u00ebs, i kryer qoft\u00eb nga individi, grupi apo edhe shteti.<\/p>\n<p>Un\u00eb i d\u00ebnoj fuqimisht t\u00eb gjitha aktet dhe format e terrorizmit, sepse jam plot\u00ebsisht i bindur se jo vet\u00ebm Islami, por asnj\u00eb fe e v\u00ebrtet\u00eb, cilado qoft\u00eb ajo, nuk mund ta lejoj\u00eb dhun\u00ebn dhe gjakderdhjen e burrave, grave dhe f\u00ebmij\u00ebve t\u00eb pafajsh\u00ebm n\u00eb em\u00ebr t\u00eb Zotit. Zoti \u00ebsht\u00eb dashuri. Zoti \u00ebsht\u00eb paqe. Dashuria kurr\u00eb nuk ngjall urrejtje dhe paqja kurr\u00eb nuk e nxit luft\u00ebn&#8221;.(Mirza Tahir Ahmed,<em> Vrasje n\u00eb em\u00ebr t\u00eb Allahut<\/em>, f. 149)<\/p>\n<p><img loading=\"lazy\" decoding=\"async\" class=\"aligncenter size-full wp-image-3204\" src=\"http:\/\/www.ahmadiyya-islam.org\/al\/wp-content\/uploads\/sites\/3\/2015\/09\/no-terrorism.jpg\" alt=\"no-terrorism\" width=\"300\" height=\"300\" srcset=\"https:\/\/www.ahmadiyya-islam.org\/al\/wp-content\/uploads\/sites\/3\/2015\/09\/no-terrorism.jpg 300w, https:\/\/www.ahmadiyya-islam.org\/al\/wp-content\/uploads\/sites\/3\/2015\/09\/no-terrorism-50x50.jpg 50w, https:\/\/www.ahmadiyya-islam.org\/al\/wp-content\/uploads\/sites\/3\/2015\/09\/no-terrorism-150x150.jpg 150w\" sizes=\"auto, (max-width: 300px) 100vw, 300px\" \/><\/p>\n<p>&nbsp;<\/p><\/blockquote>\n","protected":false},"excerpt":{"rendered":"<p>Islami e kund\u00ebrshton dhe e d\u00ebnon terrorizmin n\u00eb t\u00eb gjitha format e tij, sepse vet\u00eb kuptimi i fjal\u00ebs &#8220;Islam&#8221; do t\u00eb thot\u00eb \u201cn\u00ebnshtrim\u201d dhe \u201cpaqe\u201d.\u00a0 Nj\u00ebri prej Emrave t\u00eb Zotit n\u00eb Kuran \u00ebsht\u00eb Es-Selam, q\u00eb do t\u00eb thot\u00eb Paqja.<\/p>\n","protected":false},"featured_media":3206,"parent":0,"template":"","tags":[],"faq_cat":[448],"authors":[],"content_source":[],"class_list":["post-8360","faqs","type-faqs","status-publish","has-post-thumbnail","hentry","topics-islami-dhe-paqja","topics-xhihadi","faq_cat-pyetje-te-shpeshta-faq"],"acf":[],"yoast_head":"<!-- This site is optimized with the Yoast SEO Premium plugin v21.1 (Yoast SEO v27.4) - https:\/\/yoast.com\/product\/yoast-seo-premium-wordpress\/ -->\n<title>Cili \u00ebsht\u00eb q\u00ebndrimi i Islamit mbi terrorizmin?<\/title>\n<meta name=\"description\" content=\"Islami e kund\u00ebrshton dhe e d\u00ebnon terrorizmin n\u00eb t\u00eb gjitha format e tij, sepse vet\u00eb kuptimi i fjal\u00ebs &quot;Islam&quot; do t\u00eb thot\u00eb \u201cn\u00ebnshtrim\u201d dhe \u201cpaqe\u201d.\u00a0\" \/>\n<meta name=\"robots\" content=\"index, follow, max-snippet:-1, max-image-preview:large, max-video-preview:-1\" \/>\n<link rel=\"canonical\" href=\"https:\/\/www.ahmadiyya-islam.org\/al\/pyetje\/cili-eshte-qendrimi-i-islamit-mbi-terrorizmin\/\" \/>\n<meta property=\"og:locale\" content=\"sq_AL\" \/>\n<meta property=\"og:type\" content=\"article\" \/>\n<meta property=\"og:title\" content=\"Cili \u00ebsht\u00eb q\u00ebndrimi i Islamit mbi terrorizmin?\" \/>\n<meta property=\"og:description\" content=\"Islami e kund\u00ebrshton dhe e d\u00ebnon terrorizmin n\u00eb t\u00eb gjitha format e tij, sepse vet\u00eb kuptimi i fjal\u00ebs &quot;Islam&quot; do t\u00eb thot\u00eb \u201cn\u00ebnshtrim\u201d dhe \u201cpaqe\u201d.\u00a0\" \/>\n<meta property=\"og:url\" content=\"https:\/\/www.ahmadiyya-islam.org\/al\/pyetje\/cili-eshte-qendrimi-i-islamit-mbi-terrorizmin\/\" \/>\n<meta property=\"og:site_name\" content=\"Xhemati Musliman Ahmedia\" \/>\n<meta property=\"article:modified_time\" content=\"2019-01-31T18:15:17+00:00\" \/>\n<meta property=\"og:image\" content=\"https:\/\/www.ahmadiyya-islam.org\/al\/wp-content\/uploads\/sites\/3\/2015\/09\/Alilsam-banner.jpg\" \/>\n\t<meta property=\"og:image:width\" content=\"939\" \/>\n\t<meta property=\"og:image:height\" content=\"420\" \/>\n\t<meta property=\"og:image:type\" content=\"image\/jpeg\" \/>\n<meta name=\"twitter:card\" content=\"summary_large_image\" \/>\n<meta name=\"twitter:label1\" content=\"Est. reading time\" \/>\n\t<meta name=\"twitter:data1\" content=\"1 minute\" \/>\n<script type=\"application\/ld+json\" class=\"yoast-schema-graph\">{\"@context\":\"https:\\\/\\\/schema.org\",\"@graph\":[{\"@type\":\"WebPage\",\"@id\":\"https:\\\/\\\/www.ahmadiyya-islam.org\\\/al\\\/pyetje\\\/cili-eshte-qendrimi-i-islamit-mbi-terrorizmin\\\/\",\"url\":\"https:\\\/\\\/www.ahmadiyya-islam.org\\\/al\\\/pyetje\\\/cili-eshte-qendrimi-i-islamit-mbi-terrorizmin\\\/\",\"name\":\"Cili \u00ebsht\u00eb q\u00ebndrimi i Islamit mbi terrorizmin?\",\"isPartOf\":{\"@id\":\"https:\\\/\\\/www.ahmadiyya-islam.org\\\/al\\\/#website\"},\"primaryImageOfPage\":{\"@id\":\"https:\\\/\\\/www.ahmadiyya-islam.org\\\/al\\\/pyetje\\\/cili-eshte-qendrimi-i-islamit-mbi-terrorizmin\\\/#primaryimage\"},\"image\":{\"@id\":\"https:\\\/\\\/www.ahmadiyya-islam.org\\\/al\\\/pyetje\\\/cili-eshte-qendrimi-i-islamit-mbi-terrorizmin\\\/#primaryimage\"},\"thumbnailUrl\":\"https:\\\/\\\/www.ahmadiyya-islam.org\\\/al\\\/wp-content\\\/uploads\\\/sites\\\/3\\\/2015\\\/09\\\/Alilsam-banner.jpg\",\"datePublished\":\"2019-01-31T18:08:36+00:00\",\"dateModified\":\"2019-01-31T18:15:17+00:00\",\"description\":\"Islami e kund\u00ebrshton dhe e d\u00ebnon terrorizmin n\u00eb t\u00eb gjitha format e tij, sepse vet\u00eb kuptimi i fjal\u00ebs \\\"Islam\\\" do t\u00eb thot\u00eb \u201cn\u00ebnshtrim\u201d dhe \u201cpaqe\u201d.\u00a0\",\"breadcrumb\":{\"@id\":\"https:\\\/\\\/www.ahmadiyya-islam.org\\\/al\\\/pyetje\\\/cili-eshte-qendrimi-i-islamit-mbi-terrorizmin\\\/#breadcrumb\"},\"inLanguage\":\"sq-AL\",\"potentialAction\":[{\"@type\":\"ReadAction\",\"target\":[\"https:\\\/\\\/www.ahmadiyya-islam.org\\\/al\\\/pyetje\\\/cili-eshte-qendrimi-i-islamit-mbi-terrorizmin\\\/\"]}]},{\"@type\":\"ImageObject\",\"inLanguage\":\"sq-AL\",\"@id\":\"https:\\\/\\\/www.ahmadiyya-islam.org\\\/al\\\/pyetje\\\/cili-eshte-qendrimi-i-islamit-mbi-terrorizmin\\\/#primaryimage\",\"url\":\"https:\\\/\\\/www.ahmadiyya-islam.org\\\/al\\\/wp-content\\\/uploads\\\/sites\\\/3\\\/2015\\\/09\\\/Alilsam-banner.jpg\",\"contentUrl\":\"https:\\\/\\\/www.ahmadiyya-islam.org\\\/al\\\/wp-content\\\/uploads\\\/sites\\\/3\\\/2015\\\/09\\\/Alilsam-banner.jpg\",\"width\":939,\"height\":420,\"caption\":\"pyetje rreth Islamit\"},{\"@type\":\"BreadcrumbList\",\"@id\":\"https:\\\/\\\/www.ahmadiyya-islam.org\\\/al\\\/pyetje\\\/cili-eshte-qendrimi-i-islamit-mbi-terrorizmin\\\/#breadcrumb\",\"itemListElement\":[{\"@type\":\"ListItem\",\"position\":1,\"name\":\"Home\",\"item\":\"https:\\\/\\\/www.ahmadiyya-islam.org\\\/al\\\/\"},{\"@type\":\"ListItem\",\"position\":2,\"name\":\"Pyetje\",\"item\":\"https:\\\/\\\/www.ahmadiyya-islam.org\\\/al\\\/pyetje\\\/\"},{\"@type\":\"ListItem\",\"position\":3,\"name\":\"Cili \u00ebsht\u00eb q\u00ebndrimi i Islamit mbi terrorizmin?\"}]},{\"@type\":\"WebSite\",\"@id\":\"https:\\\/\\\/www.ahmadiyya-islam.org\\\/al\\\/#website\",\"url\":\"https:\\\/\\\/www.ahmadiyya-islam.org\\\/al\\\/\",\"name\":\"Xhemati Musliman Ahmedia\",\"description\":\"Albania\",\"potentialAction\":[{\"@type\":\"SearchAction\",\"target\":{\"@type\":\"EntryPoint\",\"urlTemplate\":\"https:\\\/\\\/www.ahmadiyya-islam.org\\\/al\\\/?s={search_term_string}\"},\"query-input\":{\"@type\":\"PropertyValueSpecification\",\"valueRequired\":true,\"valueName\":\"search_term_string\"}}],\"inLanguage\":\"sq-AL\"}]}<\/script>\n<!-- \/ Yoast SEO Premium plugin. -->","yoast_head_json":{"title":"Cili \u00ebsht\u00eb q\u00ebndrimi i Islamit mbi terrorizmin?","description":"Islami e kund\u00ebrshton dhe e d\u00ebnon terrorizmin n\u00eb t\u00eb gjitha format e tij, sepse vet\u00eb kuptimi i fjal\u00ebs \"Islam\" do t\u00eb thot\u00eb \u201cn\u00ebnshtrim\u201d dhe \u201cpaqe\u201d.\u00a0","robots":{"index":"index","follow":"follow","max-snippet":"max-snippet:-1","max-image-preview":"max-image-preview:large","max-video-preview":"max-video-preview:-1"},"canonical":"https:\/\/www.ahmadiyya-islam.org\/al\/pyetje\/cili-eshte-qendrimi-i-islamit-mbi-terrorizmin\/","og_locale":"sq_AL","og_type":"article","og_title":"Cili \u00ebsht\u00eb q\u00ebndrimi i Islamit mbi terrorizmin?","og_description":"Islami e kund\u00ebrshton dhe e d\u00ebnon terrorizmin n\u00eb t\u00eb gjitha format e tij, sepse vet\u00eb kuptimi i fjal\u00ebs \"Islam\" do t\u00eb thot\u00eb \u201cn\u00ebnshtrim\u201d dhe \u201cpaqe\u201d.\u00a0","og_url":"https:\/\/www.ahmadiyya-islam.org\/al\/pyetje\/cili-eshte-qendrimi-i-islamit-mbi-terrorizmin\/","og_site_name":"Xhemati Musliman Ahmedia","article_modified_time":"2019-01-31T18:15:17+00:00","og_image":[{"width":939,"height":420,"url":"https:\/\/www.ahmadiyya-islam.org\/al\/wp-content\/uploads\/sites\/3\/2015\/09\/Alilsam-banner.jpg","type":"image\/jpeg"}],"twitter_card":"summary_large_image","twitter_misc":{"Est. reading time":"1 minute"},"schema":{"@context":"https:\/\/schema.org","@graph":[{"@type":"WebPage","@id":"https:\/\/www.ahmadiyya-islam.org\/al\/pyetje\/cili-eshte-qendrimi-i-islamit-mbi-terrorizmin\/","url":"https:\/\/www.ahmadiyya-islam.org\/al\/pyetje\/cili-eshte-qendrimi-i-islamit-mbi-terrorizmin\/","name":"Cili \u00ebsht\u00eb q\u00ebndrimi i Islamit mbi terrorizmin?","isPartOf":{"@id":"https:\/\/www.ahmadiyya-islam.org\/al\/#website"},"primaryImageOfPage":{"@id":"https:\/\/www.ahmadiyya-islam.org\/al\/pyetje\/cili-eshte-qendrimi-i-islamit-mbi-terrorizmin\/#primaryimage"},"image":{"@id":"https:\/\/www.ahmadiyya-islam.org\/al\/pyetje\/cili-eshte-qendrimi-i-islamit-mbi-terrorizmin\/#primaryimage"},"thumbnailUrl":"https:\/\/www.ahmadiyya-islam.org\/al\/wp-content\/uploads\/sites\/3\/2015\/09\/Alilsam-banner.jpg","datePublished":"2019-01-31T18:08:36+00:00","dateModified":"2019-01-31T18:15:17+00:00","description":"Islami e kund\u00ebrshton dhe e d\u00ebnon terrorizmin n\u00eb t\u00eb gjitha format e tij, sepse vet\u00eb kuptimi i fjal\u00ebs \"Islam\" do t\u00eb thot\u00eb \u201cn\u00ebnshtrim\u201d dhe \u201cpaqe\u201d.\u00a0","breadcrumb":{"@id":"https:\/\/www.ahmadiyya-islam.org\/al\/pyetje\/cili-eshte-qendrimi-i-islamit-mbi-terrorizmin\/#breadcrumb"},"inLanguage":"sq-AL","potentialAction":[{"@type":"ReadAction","target":["https:\/\/www.ahmadiyya-islam.org\/al\/pyetje\/cili-eshte-qendrimi-i-islamit-mbi-terrorizmin\/"]}]},{"@type":"ImageObject","inLanguage":"sq-AL","@id":"https:\/\/www.ahmadiyya-islam.org\/al\/pyetje\/cili-eshte-qendrimi-i-islamit-mbi-terrorizmin\/#primaryimage","url":"https:\/\/www.ahmadiyya-islam.org\/al\/wp-content\/uploads\/sites\/3\/2015\/09\/Alilsam-banner.jpg","contentUrl":"https:\/\/www.ahmadiyya-islam.org\/al\/wp-content\/uploads\/sites\/3\/2015\/09\/Alilsam-banner.jpg","width":939,"height":420,"caption":"pyetje rreth Islamit"},{"@type":"BreadcrumbList","@id":"https:\/\/www.ahmadiyya-islam.org\/al\/pyetje\/cili-eshte-qendrimi-i-islamit-mbi-terrorizmin\/#breadcrumb","itemListElement":[{"@type":"ListItem","position":1,"name":"Home","item":"https:\/\/www.ahmadiyya-islam.org\/al\/"},{"@type":"ListItem","position":2,"name":"Pyetje","item":"https:\/\/www.ahmadiyya-islam.org\/al\/pyetje\/"},{"@type":"ListItem","position":3,"name":"Cili \u00ebsht\u00eb q\u00ebndrimi i Islamit mbi terrorizmin?"}]},{"@type":"WebSite","@id":"https:\/\/www.ahmadiyya-islam.org\/al\/#website","url":"https:\/\/www.ahmadiyya-islam.org\/al\/","name":"Xhemati Musliman Ahmedia","description":"Albania","potentialAction":[{"@type":"SearchAction","target":{"@type":"EntryPoint","urlTemplate":"https:\/\/www.ahmadiyya-islam.org\/al\/?s={search_term_string}"},"query-input":{"@type":"PropertyValueSpecification","valueRequired":true,"valueName":"search_term_string"}}],"inLanguage":"sq-AL"}]}},"_links":{"self":[{"href":"https:\/\/www.ahmadiyya-islam.org\/al\/wp-json\/wp\/v2\/faqs\/8360","targetHints":{"allow":["GET"]}}],"collection":[{"href":"https:\/\/www.ahmadiyya-islam.org\/al\/wp-json\/wp\/v2\/faqs"}],"about":[{"href":"https:\/\/www.ahmadiyya-islam.org\/al\/wp-json\/wp\/v2\/types\/faqs"}],"wp:featuredmedia":[{"embeddable":true,"href":"https:\/\/www.ahmadiyya-islam.org\/al\/wp-json\/wp\/v2\/media\/3206"}],"wp:attachment":[{"href":"https:\/\/www.ahmadiyya-islam.org\/al\/wp-json\/wp\/v2\/media?parent=8360"}],"wp:term":[{"taxonomy":"post_tag","embeddable":true,"href":"https:\/\/www.ahmadiyya-islam.org\/al\/wp-json\/wp\/v2\/tags?post=8360"},{"taxonomy":"faq_cat","embeddable":true,"href":"https:\/\/www.ahmadiyya-islam.org\/al\/wp-json\/wp\/v2\/faq_cat?post=8360"},{"taxonomy":"authors","embeddable":true,"href":"https:\/\/www.ahmadiyya-islam.org\/al\/wp-json\/wp\/v2\/authors?post=8360"},{"taxonomy":"content_source","embeddable":true,"href":"https:\/\/www.ahmadiyya-islam.org\/al\/wp-json\/wp\/v2\/content_source?post=8360"}],"curies":[{"name":"wp","href":"https:\/\/api.w.org\/{rel}","templated":true}]}}