{"id":11788,"date":"2021-04-14T13:22:54","date_gmt":"2021-04-14T13:22:54","guid":{"rendered":"https:\/\/www.ahmadiyya-islam.org\/al\/?post_type=faqs&#038;p=11788"},"modified":"2021-04-16T13:23:25","modified_gmt":"2021-04-16T13:23:25","slug":"a-prishet-agjerimi-nese-merr-vaksinen-e-covid-19-gjate-agjerimit","status":"publish","type":"faqs","link":"https:\/\/www.ahmadiyya-islam.org\/al\/pyetje\/a-prishet-agjerimi-nese-merr-vaksinen-e-covid-19-gjate-agjerimit\/","title":{"rendered":"A prishet agj\u00ebrimi n\u00ebse merr vaksin\u00ebn e Covid-19 gjat\u00eb agj\u00ebrimit?"},"content":{"rendered":"<p>Udh\u00ebheq\u00ebsi bot\u00ebror i Xhematit Musilman Ahmedia, Hazret Mirza Masrur Ahmedi (a.b.a.) n\u00eb lidhje me pyetjen n\u00ebse lejohet apo jo t\u00eb marr\u00ebsh vaksin\u00ebn Covid-19 gjat\u00eb agj\u00ebrimit, u p\u00ebrgjigj:<\/p>\n<blockquote><p>&#8220;\u00c7dolloj injeksioni, qoft\u00eb intramuskular, qoft\u00eb intravenous, e prish agj\u00ebrimin. N\u00ebse ndonj\u00eb nga an\u00ebtar\u00ebt e Xhematit ka p\u00ebr t\u00eb marr\u00eb vaksin\u00ebn gjat\u00eb muajit t\u00eb Ramazanit, ai le t\u00eb p\u00ebrfitoj\u00eb nga lejimi q\u00eb i jep feja Islame, duke mos agj\u00ebruar dit\u00ebn e vaksinimit. Dhe le ta plot\u00ebsoj\u00eb dit\u00ebn e paagj\u00ebruar, ndonj\u00eb dit\u00eb tjet\u00ebr pas Ramazanit.&#8221;<\/p><\/blockquote>\n<h2>LEXONI:<\/h2>\n<ul>\n<li><a href=\"https:\/\/www.ahmadiyya-islam.org\/al\/pyetje\/?topic%5B%5D=agjerimi\">Pyetje-p\u00ebrgjgije rreth agj\u00ebrimit<\/a><\/li>\n<li><a href=\"https:\/\/www.ahmadiyya-islam.org\/al\/artikuj\/si-perdoret-shafrani-i-indise-turmeriku-ne-ushqime\/\">Si p\u00ebrdoret turmeriku ose shafrani i Indis\u00eb n\u00eb ushqime?<\/a><\/li>\n<li><a href=\"https:\/\/www.ahmadiyya-islam.org\/al\/artikuj\/kater-qellime-te-lutjes\/\">Kat\u00ebr q\u00ebllime t\u00eb lutjes<\/a><\/li>\n<\/ul>\n","protected":false},"excerpt":{"rendered":"<p>\u00c7dolloj injeksioni, qoft\u00eb intramuskular, qoft\u00eb intravenous, e prish agj\u00ebrimin&#8230; ai le t\u00eb p\u00ebrfitoj\u00eb nga lejimi q\u00eb i jep feja Islame, duke mos agj\u00ebruar dit\u00ebn e vaksinimit. Dhe le ta plot\u00ebsoj\u00eb dit\u00ebn e paagj\u00ebruar, ndonj\u00eb dit\u00eb tjet\u00ebr pas Ramazanit.<\/p>\n","protected":false},"featured_media":11789,"parent":0,"template":"","tags":[],"faq_cat":[450,448],"authors":[458],"content_source":[543],"class_list":["post-11788","faqs","type-faqs","status-publish","has-post-thumbnail","hentry","topics-agjerimi","topics-fikhu-jurisprudenca","faq_cat-pyetje-rreth-fikhut","faq_cat-pyetje-te-shpeshta-faq","authors-hazret-mirza-masrur-ahmed","content_source-review-of-religions"],"acf":[],"yoast_head":"<!-- This site is optimized with the Yoast SEO Premium plugin v21.1 (Yoast SEO v27.4) - https:\/\/yoast.com\/product\/yoast-seo-premium-wordpress\/ -->\n<title>A prishet agj\u00ebrimi n\u00ebse merr vaksin\u00ebn e Covid-19 gjat\u00eb agj\u00ebrimit?<\/title>\n<meta name=\"description\" content=\"\u00c7dolloj injeksioni, qoft\u00eb intramuskular, qoft\u00eb intravenous, e prish agj\u00ebrimin... ai le t\u00eb p\u00ebrfitoj\u00eb nga lejimi q\u00eb i jep feja Islame, duke mos agj\u00ebruar dit\u00ebn e vaksinimit. Dhe le ta plot\u00ebsoj\u00eb dit\u00ebn e paagj\u00ebruar, ndonj\u00eb dit\u00eb tjet\u00ebr pas Ramazanit.\" \/>\n<meta name=\"robots\" content=\"index, follow, max-snippet:-1, max-image-preview:large, max-video-preview:-1\" \/>\n<link rel=\"canonical\" href=\"https:\/\/www.ahmadiyya-islam.org\/al\/pyetje\/a-prishet-agjerimi-nese-merr-vaksinen-e-covid-19-gjate-agjerimit\/\" \/>\n<meta property=\"og:locale\" content=\"sq_AL\" \/>\n<meta property=\"og:type\" content=\"article\" \/>\n<meta property=\"og:title\" content=\"A prishet agj\u00ebrimi n\u00ebse merr vaksin\u00ebn e Covid-19 gjat\u00eb agj\u00ebrimit?\" \/>\n<meta property=\"og:description\" content=\"\u00c7dolloj injeksioni, qoft\u00eb intramuskular, qoft\u00eb intravenous, e prish agj\u00ebrimin... ai le t\u00eb p\u00ebrfitoj\u00eb nga lejimi q\u00eb i jep feja Islame, duke mos agj\u00ebruar dit\u00ebn e vaksinimit. Dhe le ta plot\u00ebsoj\u00eb dit\u00ebn e paagj\u00ebruar, ndonj\u00eb dit\u00eb tjet\u00ebr pas Ramazanit.\" \/>\n<meta property=\"og:url\" content=\"https:\/\/www.ahmadiyya-islam.org\/al\/pyetje\/a-prishet-agjerimi-nese-merr-vaksinen-e-covid-19-gjate-agjerimit\/\" \/>\n<meta property=\"og:site_name\" content=\"Xhemati Musliman Ahmedia\" \/>\n<meta property=\"article:modified_time\" content=\"2021-04-16T13:23:25+00:00\" \/>\n<meta property=\"og:image\" content=\"https:\/\/www.ahmadiyya-islam.org\/al\/wp-content\/uploads\/sites\/3\/2021\/04\/vaksina-covid-19-gjate-agjerimit.jpg\" \/>\n\t<meta property=\"og:image:width\" content=\"1200\" \/>\n\t<meta property=\"og:image:height\" content=\"700\" \/>\n\t<meta property=\"og:image:type\" content=\"image\/jpeg\" \/>\n<meta name=\"twitter:card\" content=\"summary_large_image\" \/>\n<meta name=\"twitter:label1\" content=\"Est. reading time\" \/>\n\t<meta name=\"twitter:data1\" content=\"1 minute\" \/>\n<script type=\"application\/ld+json\" class=\"yoast-schema-graph\">{\"@context\":\"https:\\\/\\\/schema.org\",\"@graph\":[{\"@type\":\"WebPage\",\"@id\":\"https:\\\/\\\/www.ahmadiyya-islam.org\\\/al\\\/pyetje\\\/a-prishet-agjerimi-nese-merr-vaksinen-e-covid-19-gjate-agjerimit\\\/\",\"url\":\"https:\\\/\\\/www.ahmadiyya-islam.org\\\/al\\\/pyetje\\\/a-prishet-agjerimi-nese-merr-vaksinen-e-covid-19-gjate-agjerimit\\\/\",\"name\":\"A prishet agj\u00ebrimi n\u00ebse merr vaksin\u00ebn e Covid-19 gjat\u00eb agj\u00ebrimit?\",\"isPartOf\":{\"@id\":\"https:\\\/\\\/www.ahmadiyya-islam.org\\\/al\\\/#website\"},\"primaryImageOfPage\":{\"@id\":\"https:\\\/\\\/www.ahmadiyya-islam.org\\\/al\\\/pyetje\\\/a-prishet-agjerimi-nese-merr-vaksinen-e-covid-19-gjate-agjerimit\\\/#primaryimage\"},\"image\":{\"@id\":\"https:\\\/\\\/www.ahmadiyya-islam.org\\\/al\\\/pyetje\\\/a-prishet-agjerimi-nese-merr-vaksinen-e-covid-19-gjate-agjerimit\\\/#primaryimage\"},\"thumbnailUrl\":\"https:\\\/\\\/www.ahmadiyya-islam.org\\\/al\\\/wp-content\\\/uploads\\\/sites\\\/3\\\/2021\\\/04\\\/vaksina-covid-19-gjate-agjerimit.jpg\",\"datePublished\":\"2021-04-14T13:22:54+00:00\",\"dateModified\":\"2021-04-16T13:23:25+00:00\",\"description\":\"\u00c7dolloj injeksioni, qoft\u00eb intramuskular, qoft\u00eb intravenous, e prish agj\u00ebrimin... ai le t\u00eb p\u00ebrfitoj\u00eb nga lejimi q\u00eb i jep feja Islame, duke mos agj\u00ebruar dit\u00ebn e vaksinimit. Dhe le ta plot\u00ebsoj\u00eb dit\u00ebn e paagj\u00ebruar, ndonj\u00eb dit\u00eb tjet\u00ebr pas Ramazanit.\",\"breadcrumb\":{\"@id\":\"https:\\\/\\\/www.ahmadiyya-islam.org\\\/al\\\/pyetje\\\/a-prishet-agjerimi-nese-merr-vaksinen-e-covid-19-gjate-agjerimit\\\/#breadcrumb\"},\"inLanguage\":\"sq-AL\",\"potentialAction\":[{\"@type\":\"ReadAction\",\"target\":[\"https:\\\/\\\/www.ahmadiyya-islam.org\\\/al\\\/pyetje\\\/a-prishet-agjerimi-nese-merr-vaksinen-e-covid-19-gjate-agjerimit\\\/\"]}]},{\"@type\":\"ImageObject\",\"inLanguage\":\"sq-AL\",\"@id\":\"https:\\\/\\\/www.ahmadiyya-islam.org\\\/al\\\/pyetje\\\/a-prishet-agjerimi-nese-merr-vaksinen-e-covid-19-gjate-agjerimit\\\/#primaryimage\",\"url\":\"https:\\\/\\\/www.ahmadiyya-islam.org\\\/al\\\/wp-content\\\/uploads\\\/sites\\\/3\\\/2021\\\/04\\\/vaksina-covid-19-gjate-agjerimit.jpg\",\"contentUrl\":\"https:\\\/\\\/www.ahmadiyya-islam.org\\\/al\\\/wp-content\\\/uploads\\\/sites\\\/3\\\/2021\\\/04\\\/vaksina-covid-19-gjate-agjerimit.jpg\",\"width\":1200,\"height\":700,\"caption\":\"vaksina gjate agjerimit\"},{\"@type\":\"BreadcrumbList\",\"@id\":\"https:\\\/\\\/www.ahmadiyya-islam.org\\\/al\\\/pyetje\\\/a-prishet-agjerimi-nese-merr-vaksinen-e-covid-19-gjate-agjerimit\\\/#breadcrumb\",\"itemListElement\":[{\"@type\":\"ListItem\",\"position\":1,\"name\":\"Home\",\"item\":\"https:\\\/\\\/www.ahmadiyya-islam.org\\\/al\\\/\"},{\"@type\":\"ListItem\",\"position\":2,\"name\":\"Pyetje\",\"item\":\"https:\\\/\\\/www.ahmadiyya-islam.org\\\/al\\\/pyetje\\\/\"},{\"@type\":\"ListItem\",\"position\":3,\"name\":\"A prishet agj\u00ebrimi n\u00ebse merr vaksin\u00ebn e Covid-19 gjat\u00eb agj\u00ebrimit?\"}]},{\"@type\":\"WebSite\",\"@id\":\"https:\\\/\\\/www.ahmadiyya-islam.org\\\/al\\\/#website\",\"url\":\"https:\\\/\\\/www.ahmadiyya-islam.org\\\/al\\\/\",\"name\":\"Xhemati Musliman Ahmedia\",\"description\":\"Albania\",\"potentialAction\":[{\"@type\":\"SearchAction\",\"target\":{\"@type\":\"EntryPoint\",\"urlTemplate\":\"https:\\\/\\\/www.ahmadiyya-islam.org\\\/al\\\/?s={search_term_string}\"},\"query-input\":{\"@type\":\"PropertyValueSpecification\",\"valueRequired\":true,\"valueName\":\"search_term_string\"}}],\"inLanguage\":\"sq-AL\"}]}<\/script>\n<!-- \/ Yoast SEO Premium plugin. -->","yoast_head_json":{"title":"A prishet agj\u00ebrimi n\u00ebse merr vaksin\u00ebn e Covid-19 gjat\u00eb agj\u00ebrimit?","description":"\u00c7dolloj injeksioni, qoft\u00eb intramuskular, qoft\u00eb intravenous, e prish agj\u00ebrimin... ai le t\u00eb p\u00ebrfitoj\u00eb nga lejimi q\u00eb i jep feja Islame, duke mos agj\u00ebruar dit\u00ebn e vaksinimit. Dhe le ta plot\u00ebsoj\u00eb dit\u00ebn e paagj\u00ebruar, ndonj\u00eb dit\u00eb tjet\u00ebr pas Ramazanit.","robots":{"index":"index","follow":"follow","max-snippet":"max-snippet:-1","max-image-preview":"max-image-preview:large","max-video-preview":"max-video-preview:-1"},"canonical":"https:\/\/www.ahmadiyya-islam.org\/al\/pyetje\/a-prishet-agjerimi-nese-merr-vaksinen-e-covid-19-gjate-agjerimit\/","og_locale":"sq_AL","og_type":"article","og_title":"A prishet agj\u00ebrimi n\u00ebse merr vaksin\u00ebn e Covid-19 gjat\u00eb agj\u00ebrimit?","og_description":"\u00c7dolloj injeksioni, qoft\u00eb intramuskular, qoft\u00eb intravenous, e prish agj\u00ebrimin... ai le t\u00eb p\u00ebrfitoj\u00eb nga lejimi q\u00eb i jep feja Islame, duke mos agj\u00ebruar dit\u00ebn e vaksinimit. Dhe le ta plot\u00ebsoj\u00eb dit\u00ebn e paagj\u00ebruar, ndonj\u00eb dit\u00eb tjet\u00ebr pas Ramazanit.","og_url":"https:\/\/www.ahmadiyya-islam.org\/al\/pyetje\/a-prishet-agjerimi-nese-merr-vaksinen-e-covid-19-gjate-agjerimit\/","og_site_name":"Xhemati Musliman Ahmedia","article_modified_time":"2021-04-16T13:23:25+00:00","og_image":[{"width":1200,"height":700,"url":"https:\/\/www.ahmadiyya-islam.org\/al\/wp-content\/uploads\/sites\/3\/2021\/04\/vaksina-covid-19-gjate-agjerimit.jpg","type":"image\/jpeg"}],"twitter_card":"summary_large_image","twitter_misc":{"Est. reading time":"1 minute"},"schema":{"@context":"https:\/\/schema.org","@graph":[{"@type":"WebPage","@id":"https:\/\/www.ahmadiyya-islam.org\/al\/pyetje\/a-prishet-agjerimi-nese-merr-vaksinen-e-covid-19-gjate-agjerimit\/","url":"https:\/\/www.ahmadiyya-islam.org\/al\/pyetje\/a-prishet-agjerimi-nese-merr-vaksinen-e-covid-19-gjate-agjerimit\/","name":"A prishet agj\u00ebrimi n\u00ebse merr vaksin\u00ebn e Covid-19 gjat\u00eb agj\u00ebrimit?","isPartOf":{"@id":"https:\/\/www.ahmadiyya-islam.org\/al\/#website"},"primaryImageOfPage":{"@id":"https:\/\/www.ahmadiyya-islam.org\/al\/pyetje\/a-prishet-agjerimi-nese-merr-vaksinen-e-covid-19-gjate-agjerimit\/#primaryimage"},"image":{"@id":"https:\/\/www.ahmadiyya-islam.org\/al\/pyetje\/a-prishet-agjerimi-nese-merr-vaksinen-e-covid-19-gjate-agjerimit\/#primaryimage"},"thumbnailUrl":"https:\/\/www.ahmadiyya-islam.org\/al\/wp-content\/uploads\/sites\/3\/2021\/04\/vaksina-covid-19-gjate-agjerimit.jpg","datePublished":"2021-04-14T13:22:54+00:00","dateModified":"2021-04-16T13:23:25+00:00","description":"\u00c7dolloj injeksioni, qoft\u00eb intramuskular, qoft\u00eb intravenous, e prish agj\u00ebrimin... ai le t\u00eb p\u00ebrfitoj\u00eb nga lejimi q\u00eb i jep feja Islame, duke mos agj\u00ebruar dit\u00ebn e vaksinimit. Dhe le ta plot\u00ebsoj\u00eb dit\u00ebn e paagj\u00ebruar, ndonj\u00eb dit\u00eb tjet\u00ebr pas Ramazanit.","breadcrumb":{"@id":"https:\/\/www.ahmadiyya-islam.org\/al\/pyetje\/a-prishet-agjerimi-nese-merr-vaksinen-e-covid-19-gjate-agjerimit\/#breadcrumb"},"inLanguage":"sq-AL","potentialAction":[{"@type":"ReadAction","target":["https:\/\/www.ahmadiyya-islam.org\/al\/pyetje\/a-prishet-agjerimi-nese-merr-vaksinen-e-covid-19-gjate-agjerimit\/"]}]},{"@type":"ImageObject","inLanguage":"sq-AL","@id":"https:\/\/www.ahmadiyya-islam.org\/al\/pyetje\/a-prishet-agjerimi-nese-merr-vaksinen-e-covid-19-gjate-agjerimit\/#primaryimage","url":"https:\/\/www.ahmadiyya-islam.org\/al\/wp-content\/uploads\/sites\/3\/2021\/04\/vaksina-covid-19-gjate-agjerimit.jpg","contentUrl":"https:\/\/www.ahmadiyya-islam.org\/al\/wp-content\/uploads\/sites\/3\/2021\/04\/vaksina-covid-19-gjate-agjerimit.jpg","width":1200,"height":700,"caption":"vaksina gjate agjerimit"},{"@type":"BreadcrumbList","@id":"https:\/\/www.ahmadiyya-islam.org\/al\/pyetje\/a-prishet-agjerimi-nese-merr-vaksinen-e-covid-19-gjate-agjerimit\/#breadcrumb","itemListElement":[{"@type":"ListItem","position":1,"name":"Home","item":"https:\/\/www.ahmadiyya-islam.org\/al\/"},{"@type":"ListItem","position":2,"name":"Pyetje","item":"https:\/\/www.ahmadiyya-islam.org\/al\/pyetje\/"},{"@type":"ListItem","position":3,"name":"A prishet agj\u00ebrimi n\u00ebse merr vaksin\u00ebn e Covid-19 gjat\u00eb agj\u00ebrimit?"}]},{"@type":"WebSite","@id":"https:\/\/www.ahmadiyya-islam.org\/al\/#website","url":"https:\/\/www.ahmadiyya-islam.org\/al\/","name":"Xhemati Musliman Ahmedia","description":"Albania","potentialAction":[{"@type":"SearchAction","target":{"@type":"EntryPoint","urlTemplate":"https:\/\/www.ahmadiyya-islam.org\/al\/?s={search_term_string}"},"query-input":{"@type":"PropertyValueSpecification","valueRequired":true,"valueName":"search_term_string"}}],"inLanguage":"sq-AL"}]}},"_links":{"self":[{"href":"https:\/\/www.ahmadiyya-islam.org\/al\/wp-json\/wp\/v2\/faqs\/11788","targetHints":{"allow":["GET"]}}],"collection":[{"href":"https:\/\/www.ahmadiyya-islam.org\/al\/wp-json\/wp\/v2\/faqs"}],"about":[{"href":"https:\/\/www.ahmadiyya-islam.org\/al\/wp-json\/wp\/v2\/types\/faqs"}],"wp:featuredmedia":[{"embeddable":true,"href":"https:\/\/www.ahmadiyya-islam.org\/al\/wp-json\/wp\/v2\/media\/11789"}],"wp:attachment":[{"href":"https:\/\/www.ahmadiyya-islam.org\/al\/wp-json\/wp\/v2\/media?parent=11788"}],"wp:term":[{"taxonomy":"post_tag","embeddable":true,"href":"https:\/\/www.ahmadiyya-islam.org\/al\/wp-json\/wp\/v2\/tags?post=11788"},{"taxonomy":"faq_cat","embeddable":true,"href":"https:\/\/www.ahmadiyya-islam.org\/al\/wp-json\/wp\/v2\/faq_cat?post=11788"},{"taxonomy":"authors","embeddable":true,"href":"https:\/\/www.ahmadiyya-islam.org\/al\/wp-json\/wp\/v2\/authors?post=11788"},{"taxonomy":"content_source","embeddable":true,"href":"https:\/\/www.ahmadiyya-islam.org\/al\/wp-json\/wp\/v2\/content_source?post=11788"}],"curies":[{"name":"wp","href":"https:\/\/api.w.org\/{rel}","templated":true}]}}