{"id":10680,"date":"2020-04-05T15:49:18","date_gmt":"2020-04-05T15:49:18","guid":{"rendered":"https:\/\/www.ahmadiyya-islam.org\/al\/?post_type=faqs&#038;p=10680"},"modified":"2025-03-22T13:58:14","modified_gmt":"2025-03-22T13:58:14","slug":"deri-kur-mund-te-hash-syfyrin-cili-eshte-limiti-kohor-per-syfyrin","status":"publish","type":"faqs","link":"https:\/\/www.ahmadiyya-islam.org\/al\/pyetje\/deri-kur-mund-te-hash-syfyrin-cili-eshte-limiti-kohor-per-syfyrin\/","title":{"rendered":"Deri kur mund t\u00eb hash syfyrin? P\u00ebrgjigje e shkurt\u00ebr"},"content":{"rendered":"<p>1 or\u00eb e 30 minuta p\u00ebrpara lindjes s\u00eb diellit \u00ebsht\u00eb koh\u00eb e mjaftueshme p\u00ebr t\u2019u quajtur\u00a0sabahut i v\u00ebrtet\u00eb dhe p\u00ebr ta mbyllur syfyrin.<\/p>\n<p>Koha e mbarimit t\u00eb syfyrit quhet <strong>imsak<\/strong>. Sipas fjal\u00ebve t\u00eb Zotit t\u00eb Madh\u00ebrish\u00ebm n\u00eb Kuranin Fam\u00eblart\u00eb dhe (haditheve) th\u00ebnieve t\u00eb Profetit Muhammed s.a.v.s., \u00ebsht\u00eb e qart\u00eb q\u00eb syfyri duhet vonuar sa m\u00eb shum\u00eb. Andaj, mund t\u00eb llogaritni mbarimin e syfyrit <strong>1 or\u00eb e 30 minuta p\u00ebrpara lindjes s\u00eb diellit<\/strong>, pasi kjo koh\u00eb \u00ebsht\u00eb e mjaftueshme p\u00ebr t\u2019u quajtur\u00a0<strong>sabahut i v\u00ebrtet\u00eb<\/strong>.<\/p>\n<p>Syfyri \u00ebsht\u00eb ushqimi q\u00eb besimtari ha p\u00ebrpara se t\u00eb nis\u00eb\u00a0agj\u00ebrimin. Allahu i Madh\u00ebrish\u00ebm, n\u00eb Kuranin Fam\u00eblart\u00eb, thot\u00eb:<\/p>\n<blockquote><p><strong><img loading=\"lazy\" decoding=\"async\" class=\"aligncenter size-full wp-image-6578\" src=\"https:\/\/www.ahmadiyya-islam.org\/al\/wp-content\/uploads\/sites\/3\/2017\/05\/kur-mbyllet-syfyri-1.jpg\" alt=\"kur mbyllet syfyri\" width=\"394\" height=\"158\" srcset=\"https:\/\/www.ahmadiyya-islam.org\/al\/wp-content\/uploads\/sites\/3\/2017\/05\/kur-mbyllet-syfyri-1.jpg 394w, https:\/\/www.ahmadiyya-islam.org\/al\/wp-content\/uploads\/sites\/3\/2017\/05\/kur-mbyllet-syfyri-1-300x120.jpg 300w\" sizes=\"auto, (max-width: 394px) 100vw, 394px\" \/>\u201cHani e pini, derisa prej sabahut, t\u2019ju dallohet fija e bardh\u00eb (e agimit) nga fija e zez\u00eb (e nat\u00ebs).\u00a0 Pastaj, plot\u00ebsojeni agj\u00ebrimin deri n\u00eb mbr\u00ebmje\u201d.\u00a0<\/strong>(Kurani Fam\u00eblart\u00eb 2:188)<\/p><\/blockquote>\n<p><iframe loading=\"lazy\" title=\"Pse p\u00ebrulemi n\u00eb namaz?| Magjia e P\u00ebruljes (Ruku) n\u00eb namaz | Shpjegimi i namazit | Video 7\" width=\"900\" height=\"506\" src=\"https:\/\/www.youtube.com\/embed\/5Xmv1yIXh4c?feature=oembed\" frameborder=\"0\" allow=\"accelerometer; autoplay; clipboard-write; encrypted-media; gyroscope; picture-in-picture; web-share\" referrerpolicy=\"strict-origin-when-cross-origin\" allowfullscreen><\/iframe><\/p>\n<p>\u00cbsht\u00eb praktik\u00eb e Profetit Muhammed s.a.v.s. q\u00eb t\u00eb vononi syfyrin dhe t\u00eb nxitoheni p\u00ebr iftar menj\u00ebher\u00eb pas per\u00ebndimit t\u00eb diellit. K\u00ebshtu q\u00eb, n\u00eb librat autentik\u00eb t\u00eb haditheve si Buhariu dhe Muslimi gjejm\u00eb kapituj t\u00eb titulluar t\u00eb vonuarit n\u00eb syfyr dhe t\u00eb shpejtuarit n\u00eb iftar.<\/p>\n<p>Syfyri mbaron para namazit t\u00eb sabahut<\/p>\n<p>Duhet ditur q\u00eb koha e sabahut ndryshon n\u00eb var\u00ebsi t\u00eb koh\u00ebs s\u00eb lindjes s\u00eb diellit dhe jo me ndryshimin e muajve h\u00ebnor. Vihet re q\u00eb disa musliman\u00eb gjat\u00eb muajit t\u00eb Ramazanit e falin sabahun n\u00eb nj\u00eb koh\u00eb tjet\u00ebr, kurse n\u00eb muajt e tjer\u00eb n\u00eb nj\u00eb koh\u00eb tjet\u00ebr.<\/p>\n<p>S\u00eb dyti, n\u00eb shum\u00eb hadithe p\u00ebrmendet se sa pak koh\u00eb \u00ebsht\u00eb mes mbarimit t\u00eb syfyrit dhe namazit t\u00eb sabahut. Katadahu p\u00ebrmes Hazret Enes Ibni Malikut r.a. dhe ai p\u00ebrmes Zejd Ibni Thabitit r.a. transmeton se Zejd Ibi Thabiti tha:<\/p>\n<blockquote><p><strong><img loading=\"lazy\" decoding=\"async\" class=\"aligncenter size-full wp-image-6583\" src=\"https:\/\/www.ahmadiyya-islam.org\/al\/wp-content\/uploads\/sites\/3\/2017\/05\/kur-mbyllet-syfyri-3.jpg\" alt=\"kur mbyllet syfyri\" width=\"395\" height=\"155\" srcset=\"https:\/\/www.ahmadiyya-islam.org\/al\/wp-content\/uploads\/sites\/3\/2017\/05\/kur-mbyllet-syfyri-3.jpg 395w, https:\/\/www.ahmadiyya-islam.org\/al\/wp-content\/uploads\/sites\/3\/2017\/05\/kur-mbyllet-syfyri-3-300x118.jpg 300w\" sizes=\"auto, (max-width: 395px) 100vw, 395px\" \/>H\u00ebngr\u00ebm syfyr bashk\u00eb me Profetin s.a.v.s. e m\u00eb pas u \u00e7uam p\u00ebr namaz\u00a0<\/strong>(namazin e sabahut)<strong>. \u201cSa ka qen\u00eb koha midis syfyrit dhe ezanit?\u201d e pyeta. \u201cSa 50 ajete\u201d, tha ai.<\/strong>[3]<\/p><\/blockquote>\n<p style=\"text-align: right;\">(Buhariu, Kitabus-saum, bab kedr kam bejnes-suhuri ve salatil-faxhr; Muslimi, Kitabus-sijam, bab fadlis-suhuri ve ta\u2019kidi istihbabihi \u2026)<\/p>\n<blockquote><p><strong><img loading=\"lazy\" decoding=\"async\" class=\"aligncenter size-full wp-image-6581\" src=\"https:\/\/www.ahmadiyya-islam.org\/al\/wp-content\/uploads\/sites\/3\/2017\/05\/kur-mbyllet-syfyri-5.jpg\" alt=\"kur mbyllet syfyri\" width=\"395\" height=\"206\" srcset=\"https:\/\/www.ahmadiyya-islam.org\/al\/wp-content\/uploads\/sites\/3\/2017\/05\/kur-mbyllet-syfyri-5.jpg 395w, https:\/\/www.ahmadiyya-islam.org\/al\/wp-content\/uploads\/sites\/3\/2017\/05\/kur-mbyllet-syfyri-5-300x156.jpg 300w\" sizes=\"auto, (max-width: 395px) 100vw, 395px\" \/>Abdullahu rr\u00ebfen se I D\u00ebrguari i Allahut s.a.v.s. tha: Bilali e th\u00ebrret ezanin gjat\u00eb nat\u00ebs. Andaj, hani e pini derisa t\u00eb d\u00ebgjoni ezanin e Ibni Umi Maktumit.<\/strong><\/p><\/blockquote>\n<p style=\"text-align: right;\">(Muslimi, Kitabus-sijam, bab bajan enet-dukhul fis-saum jahsulu bituluil-faxhr \u2026)<\/p>\n<p>Hazret Ibni Umi Maktumi ishte i verb\u00ebr dhe n\u00eb librat e haditheve gjithashtu thuhet se ai nuk e th\u00ebrriste ezanin, derisa njer\u00ebzit i thoshin: \u201cU b\u00eb sabahu!\u201d \u201cU b\u00eb sabahu!\u201d<\/p>\n<p>N\u00ebse syfyrin do t\u00eb ham\u00eb parakohe, do t\u00eb humbasim koh\u00ebn m\u00eb t\u00eb shtrenjt\u00eb t\u00eb pranimit t\u00eb lutjes. I D\u00ebrguari i Allahut s.a.v.s. dhe sahab\u00ebt e tij k\u00ebt\u00eb koh\u00eb e kalonin duke falur namazin e tehexhudit. Vlera e madhe e namazit t\u00eb tehexhudit, q\u00eb ndryshe quhet edhe namaz i nat\u00ebs, p\u00ebrmendet edhe n\u00eb Kuranin Fam\u00eblart\u00eb, edhe n\u00eb hadithet e Profetit Muhammed s.a.v.s.. Me syfyrin parakohe, ne do t\u00eb mbetemi duke ngr\u00ebn\u00eb ushqimin fizik, pik\u00ebrisht n\u00eb koh\u00ebn kur mund t\u00eb begatohemi nga Zoti i Madh\u00ebrish\u00ebm me ushqimin shpirt\u00ebror.<\/p>\n<p>P\u00ebr k\u00ebto arsye, Xhemati Musliman Ahmedia e llogarit mbarimin e syfyrit 1 or\u00eb e 30 minuta p\u00ebrpara lindjes s\u00eb diellit, pasi kjo koh\u00eb \u00ebsht\u00eb e mjaftueshme p\u00ebr t\u2019u quajtur sabahut i v\u00ebrtet\u00eb.<\/p>\n<ul>\n<li><a href=\"https:\/\/www.ahmadiyya-islam.org\/al\/artikuj\/kur-mbyllet-syfyri-deri-kur-mund-te-hahet-syfyri\/\" target=\"_blank\" rel=\"noopener noreferrer\">Lexoni nj\u00eb studim m\u00eb t\u00eb detajuar p\u00ebr k\u00ebt\u00eb tem\u00eb.<\/a><\/li>\n<\/ul>\n","protected":false},"excerpt":{"rendered":"<p>1 or\u00eb e 30 minuta p\u00ebrpara lindjes s\u00eb diellit \u00ebsht\u00eb koh\u00eb e mjaftueshme p\u00ebr t\u2019u quajtur\u00a0sabahut i v\u00ebrtet\u00eb dhe p\u00ebr ta mbyllur syfyrin.<\/p>\n","protected":false},"featured_media":6585,"parent":0,"template":"","tags":[380],"faq_cat":[450,448],"authors":[],"content_source":[],"class_list":["post-10680","faqs","type-faqs","status-publish","has-post-thumbnail","hentry","tag-syfyri","topics-agjerimi","topics-ramazani","faq_cat-pyetje-rreth-fikhut","faq_cat-pyetje-te-shpeshta-faq"],"acf":[],"yoast_head":"<!-- This site is optimized with the Yoast SEO Premium plugin v21.1 (Yoast SEO v27.4) - https:\/\/yoast.com\/product\/yoast-seo-premium-wordpress\/ -->\n<title>Deri kur mund t\u00eb hash syfyrin? P\u00ebrgjigje e shkurt\u00ebr<\/title>\n<meta name=\"description\" content=\"1 or\u00eb e 30 minuta p\u00ebrpara lindjes s\u00eb diellit \u00ebsht\u00eb koh\u00eb e mjaftueshme p\u00ebr t\u2019u quajtur\u00a0sabahut i v\u00ebrtet\u00eb dhe p\u00ebr ta mbyllur syfyrin.\" \/>\n<meta name=\"robots\" content=\"index, follow, max-snippet:-1, max-image-preview:large, max-video-preview:-1\" \/>\n<link rel=\"canonical\" href=\"https:\/\/www.ahmadiyya-islam.org\/al\/pyetje\/deri-kur-mund-te-hash-syfyrin-cili-eshte-limiti-kohor-per-syfyrin\/\" \/>\n<meta property=\"og:locale\" content=\"sq_AL\" \/>\n<meta property=\"og:type\" content=\"article\" \/>\n<meta property=\"og:title\" content=\"Deri kur mund t\u00eb hash syfyrin? P\u00ebrgjigje e shkurt\u00ebr\" \/>\n<meta property=\"og:description\" content=\"1 or\u00eb e 30 minuta p\u00ebrpara lindjes s\u00eb diellit \u00ebsht\u00eb koh\u00eb e mjaftueshme p\u00ebr t\u2019u quajtur\u00a0sabahut i v\u00ebrtet\u00eb dhe p\u00ebr ta mbyllur syfyrin.\" \/>\n<meta property=\"og:url\" content=\"https:\/\/www.ahmadiyya-islam.org\/al\/pyetje\/deri-kur-mund-te-hash-syfyrin-cili-eshte-limiti-kohor-per-syfyrin\/\" \/>\n<meta property=\"og:site_name\" content=\"Xhemati Musliman Ahmedia\" \/>\n<meta property=\"article:modified_time\" content=\"2025-03-22T13:58:14+00:00\" \/>\n<meta property=\"og:image\" content=\"https:\/\/www.ahmadiyya-islam.org\/al\/wp-content\/uploads\/sites\/3\/2017\/05\/syfyri.jpg\" \/>\n\t<meta property=\"og:image:width\" content=\"1200\" \/>\n\t<meta property=\"og:image:height\" content=\"600\" \/>\n\t<meta property=\"og:image:type\" content=\"image\/jpeg\" \/>\n<meta name=\"twitter:card\" content=\"summary_large_image\" \/>\n<meta name=\"twitter:label1\" content=\"Est. reading time\" \/>\n\t<meta name=\"twitter:data1\" content=\"3 minutes\" \/>\n<script type=\"application\/ld+json\" class=\"yoast-schema-graph\">{\"@context\":\"https:\\\/\\\/schema.org\",\"@graph\":[{\"@type\":\"WebPage\",\"@id\":\"https:\\\/\\\/www.ahmadiyya-islam.org\\\/al\\\/pyetje\\\/deri-kur-mund-te-hash-syfyrin-cili-eshte-limiti-kohor-per-syfyrin\\\/\",\"url\":\"https:\\\/\\\/www.ahmadiyya-islam.org\\\/al\\\/pyetje\\\/deri-kur-mund-te-hash-syfyrin-cili-eshte-limiti-kohor-per-syfyrin\\\/\",\"name\":\"Deri kur mund t\u00eb hash syfyrin? P\u00ebrgjigje e shkurt\u00ebr\",\"isPartOf\":{\"@id\":\"https:\\\/\\\/www.ahmadiyya-islam.org\\\/al\\\/#website\"},\"primaryImageOfPage\":{\"@id\":\"https:\\\/\\\/www.ahmadiyya-islam.org\\\/al\\\/pyetje\\\/deri-kur-mund-te-hash-syfyrin-cili-eshte-limiti-kohor-per-syfyrin\\\/#primaryimage\"},\"image\":{\"@id\":\"https:\\\/\\\/www.ahmadiyya-islam.org\\\/al\\\/pyetje\\\/deri-kur-mund-te-hash-syfyrin-cili-eshte-limiti-kohor-per-syfyrin\\\/#primaryimage\"},\"thumbnailUrl\":\"https:\\\/\\\/www.ahmadiyya-islam.org\\\/al\\\/wp-content\\\/uploads\\\/sites\\\/3\\\/2017\\\/05\\\/syfyri.jpg\",\"datePublished\":\"2020-04-05T15:49:18+00:00\",\"dateModified\":\"2025-03-22T13:58:14+00:00\",\"description\":\"1 or\u00eb e 30 minuta p\u00ebrpara lindjes s\u00eb diellit \u00ebsht\u00eb koh\u00eb e mjaftueshme p\u00ebr t\u2019u quajtur\u00a0sabahut i v\u00ebrtet\u00eb dhe p\u00ebr ta mbyllur syfyrin.\",\"breadcrumb\":{\"@id\":\"https:\\\/\\\/www.ahmadiyya-islam.org\\\/al\\\/pyetje\\\/deri-kur-mund-te-hash-syfyrin-cili-eshte-limiti-kohor-per-syfyrin\\\/#breadcrumb\"},\"inLanguage\":\"sq-AL\",\"potentialAction\":[{\"@type\":\"ReadAction\",\"target\":[\"https:\\\/\\\/www.ahmadiyya-islam.org\\\/al\\\/pyetje\\\/deri-kur-mund-te-hash-syfyrin-cili-eshte-limiti-kohor-per-syfyrin\\\/\"]}]},{\"@type\":\"ImageObject\",\"inLanguage\":\"sq-AL\",\"@id\":\"https:\\\/\\\/www.ahmadiyya-islam.org\\\/al\\\/pyetje\\\/deri-kur-mund-te-hash-syfyrin-cili-eshte-limiti-kohor-per-syfyrin\\\/#primaryimage\",\"url\":\"https:\\\/\\\/www.ahmadiyya-islam.org\\\/al\\\/wp-content\\\/uploads\\\/sites\\\/3\\\/2017\\\/05\\\/syfyri.jpg\",\"contentUrl\":\"https:\\\/\\\/www.ahmadiyya-islam.org\\\/al\\\/wp-content\\\/uploads\\\/sites\\\/3\\\/2017\\\/05\\\/syfyri.jpg\",\"width\":1200,\"height\":600,\"caption\":\"syfyri\"},{\"@type\":\"BreadcrumbList\",\"@id\":\"https:\\\/\\\/www.ahmadiyya-islam.org\\\/al\\\/pyetje\\\/deri-kur-mund-te-hash-syfyrin-cili-eshte-limiti-kohor-per-syfyrin\\\/#breadcrumb\",\"itemListElement\":[{\"@type\":\"ListItem\",\"position\":1,\"name\":\"Home\",\"item\":\"https:\\\/\\\/www.ahmadiyya-islam.org\\\/al\\\/\"},{\"@type\":\"ListItem\",\"position\":2,\"name\":\"Pyetje\",\"item\":\"https:\\\/\\\/www.ahmadiyya-islam.org\\\/al\\\/pyetje\\\/\"},{\"@type\":\"ListItem\",\"position\":3,\"name\":\"Deri kur mund t\u00eb hash syfyrin? P\u00ebrgjigje e shkurt\u00ebr\"}]},{\"@type\":\"WebSite\",\"@id\":\"https:\\\/\\\/www.ahmadiyya-islam.org\\\/al\\\/#website\",\"url\":\"https:\\\/\\\/www.ahmadiyya-islam.org\\\/al\\\/\",\"name\":\"Xhemati Musliman Ahmedia\",\"description\":\"Albania\",\"potentialAction\":[{\"@type\":\"SearchAction\",\"target\":{\"@type\":\"EntryPoint\",\"urlTemplate\":\"https:\\\/\\\/www.ahmadiyya-islam.org\\\/al\\\/?s={search_term_string}\"},\"query-input\":{\"@type\":\"PropertyValueSpecification\",\"valueRequired\":true,\"valueName\":\"search_term_string\"}}],\"inLanguage\":\"sq-AL\"}]}<\/script>\n<!-- \/ Yoast SEO Premium plugin. -->","yoast_head_json":{"title":"Deri kur mund t\u00eb hash syfyrin? P\u00ebrgjigje e shkurt\u00ebr","description":"1 or\u00eb e 30 minuta p\u00ebrpara lindjes s\u00eb diellit \u00ebsht\u00eb koh\u00eb e mjaftueshme p\u00ebr t\u2019u quajtur\u00a0sabahut i v\u00ebrtet\u00eb dhe p\u00ebr ta mbyllur syfyrin.","robots":{"index":"index","follow":"follow","max-snippet":"max-snippet:-1","max-image-preview":"max-image-preview:large","max-video-preview":"max-video-preview:-1"},"canonical":"https:\/\/www.ahmadiyya-islam.org\/al\/pyetje\/deri-kur-mund-te-hash-syfyrin-cili-eshte-limiti-kohor-per-syfyrin\/","og_locale":"sq_AL","og_type":"article","og_title":"Deri kur mund t\u00eb hash syfyrin? P\u00ebrgjigje e shkurt\u00ebr","og_description":"1 or\u00eb e 30 minuta p\u00ebrpara lindjes s\u00eb diellit \u00ebsht\u00eb koh\u00eb e mjaftueshme p\u00ebr t\u2019u quajtur\u00a0sabahut i v\u00ebrtet\u00eb dhe p\u00ebr ta mbyllur syfyrin.","og_url":"https:\/\/www.ahmadiyya-islam.org\/al\/pyetje\/deri-kur-mund-te-hash-syfyrin-cili-eshte-limiti-kohor-per-syfyrin\/","og_site_name":"Xhemati Musliman Ahmedia","article_modified_time":"2025-03-22T13:58:14+00:00","og_image":[{"width":1200,"height":600,"url":"https:\/\/www.ahmadiyya-islam.org\/al\/wp-content\/uploads\/sites\/3\/2017\/05\/syfyri.jpg","type":"image\/jpeg"}],"twitter_card":"summary_large_image","twitter_misc":{"Est. reading time":"3 minutes"},"schema":{"@context":"https:\/\/schema.org","@graph":[{"@type":"WebPage","@id":"https:\/\/www.ahmadiyya-islam.org\/al\/pyetje\/deri-kur-mund-te-hash-syfyrin-cili-eshte-limiti-kohor-per-syfyrin\/","url":"https:\/\/www.ahmadiyya-islam.org\/al\/pyetje\/deri-kur-mund-te-hash-syfyrin-cili-eshte-limiti-kohor-per-syfyrin\/","name":"Deri kur mund t\u00eb hash syfyrin? P\u00ebrgjigje e shkurt\u00ebr","isPartOf":{"@id":"https:\/\/www.ahmadiyya-islam.org\/al\/#website"},"primaryImageOfPage":{"@id":"https:\/\/www.ahmadiyya-islam.org\/al\/pyetje\/deri-kur-mund-te-hash-syfyrin-cili-eshte-limiti-kohor-per-syfyrin\/#primaryimage"},"image":{"@id":"https:\/\/www.ahmadiyya-islam.org\/al\/pyetje\/deri-kur-mund-te-hash-syfyrin-cili-eshte-limiti-kohor-per-syfyrin\/#primaryimage"},"thumbnailUrl":"https:\/\/www.ahmadiyya-islam.org\/al\/wp-content\/uploads\/sites\/3\/2017\/05\/syfyri.jpg","datePublished":"2020-04-05T15:49:18+00:00","dateModified":"2025-03-22T13:58:14+00:00","description":"1 or\u00eb e 30 minuta p\u00ebrpara lindjes s\u00eb diellit \u00ebsht\u00eb koh\u00eb e mjaftueshme p\u00ebr t\u2019u quajtur\u00a0sabahut i v\u00ebrtet\u00eb dhe p\u00ebr ta mbyllur syfyrin.","breadcrumb":{"@id":"https:\/\/www.ahmadiyya-islam.org\/al\/pyetje\/deri-kur-mund-te-hash-syfyrin-cili-eshte-limiti-kohor-per-syfyrin\/#breadcrumb"},"inLanguage":"sq-AL","potentialAction":[{"@type":"ReadAction","target":["https:\/\/www.ahmadiyya-islam.org\/al\/pyetje\/deri-kur-mund-te-hash-syfyrin-cili-eshte-limiti-kohor-per-syfyrin\/"]}]},{"@type":"ImageObject","inLanguage":"sq-AL","@id":"https:\/\/www.ahmadiyya-islam.org\/al\/pyetje\/deri-kur-mund-te-hash-syfyrin-cili-eshte-limiti-kohor-per-syfyrin\/#primaryimage","url":"https:\/\/www.ahmadiyya-islam.org\/al\/wp-content\/uploads\/sites\/3\/2017\/05\/syfyri.jpg","contentUrl":"https:\/\/www.ahmadiyya-islam.org\/al\/wp-content\/uploads\/sites\/3\/2017\/05\/syfyri.jpg","width":1200,"height":600,"caption":"syfyri"},{"@type":"BreadcrumbList","@id":"https:\/\/www.ahmadiyya-islam.org\/al\/pyetje\/deri-kur-mund-te-hash-syfyrin-cili-eshte-limiti-kohor-per-syfyrin\/#breadcrumb","itemListElement":[{"@type":"ListItem","position":1,"name":"Home","item":"https:\/\/www.ahmadiyya-islam.org\/al\/"},{"@type":"ListItem","position":2,"name":"Pyetje","item":"https:\/\/www.ahmadiyya-islam.org\/al\/pyetje\/"},{"@type":"ListItem","position":3,"name":"Deri kur mund t\u00eb hash syfyrin? P\u00ebrgjigje e shkurt\u00ebr"}]},{"@type":"WebSite","@id":"https:\/\/www.ahmadiyya-islam.org\/al\/#website","url":"https:\/\/www.ahmadiyya-islam.org\/al\/","name":"Xhemati Musliman Ahmedia","description":"Albania","potentialAction":[{"@type":"SearchAction","target":{"@type":"EntryPoint","urlTemplate":"https:\/\/www.ahmadiyya-islam.org\/al\/?s={search_term_string}"},"query-input":{"@type":"PropertyValueSpecification","valueRequired":true,"valueName":"search_term_string"}}],"inLanguage":"sq-AL"}]}},"_links":{"self":[{"href":"https:\/\/www.ahmadiyya-islam.org\/al\/wp-json\/wp\/v2\/faqs\/10680","targetHints":{"allow":["GET"]}}],"collection":[{"href":"https:\/\/www.ahmadiyya-islam.org\/al\/wp-json\/wp\/v2\/faqs"}],"about":[{"href":"https:\/\/www.ahmadiyya-islam.org\/al\/wp-json\/wp\/v2\/types\/faqs"}],"wp:featuredmedia":[{"embeddable":true,"href":"https:\/\/www.ahmadiyya-islam.org\/al\/wp-json\/wp\/v2\/media\/6585"}],"wp:attachment":[{"href":"https:\/\/www.ahmadiyya-islam.org\/al\/wp-json\/wp\/v2\/media?parent=10680"}],"wp:term":[{"taxonomy":"post_tag","embeddable":true,"href":"https:\/\/www.ahmadiyya-islam.org\/al\/wp-json\/wp\/v2\/tags?post=10680"},{"taxonomy":"faq_cat","embeddable":true,"href":"https:\/\/www.ahmadiyya-islam.org\/al\/wp-json\/wp\/v2\/faq_cat?post=10680"},{"taxonomy":"authors","embeddable":true,"href":"https:\/\/www.ahmadiyya-islam.org\/al\/wp-json\/wp\/v2\/authors?post=10680"},{"taxonomy":"content_source","embeddable":true,"href":"https:\/\/www.ahmadiyya-islam.org\/al\/wp-json\/wp\/v2\/content_source?post=10680"}],"curies":[{"name":"wp","href":"https:\/\/api.w.org\/{rel}","templated":true}]}}