{"id":10592,"date":"2020-03-27T12:37:03","date_gmt":"2020-03-27T12:37:03","guid":{"rendered":"https:\/\/www.ahmadiyya-islam.org\/al\/?post_type=faqs&#038;p=10592"},"modified":"2020-03-27T13:54:24","modified_gmt":"2020-03-27T13:54:24","slug":"sa-veta-duhen-qe-te-falet-namazi-i-se-xhumase","status":"publish","type":"faqs","link":"https:\/\/www.ahmadiyya-islam.org\/al\/pyetje\/sa-veta-duhen-qe-te-falet-namazi-i-se-xhumase\/","title":{"rendered":"Sa veta duhen q\u00eb t\u00eb falet namazi i s\u00eb xhumas\u00eb? Si falet xhumaja gjat\u00eb Pandemis\u00eb Covid-19?"},"content":{"rendered":"<h2>Namazi i s\u00eb xhumas\u00eb a mund t\u00eb falet n\u00eb sht\u00ebpi? N\u00ebse po sa veta duhen q\u00eb t\u00eb b\u00ebhet xhumaja?<\/h2>\n<p>Nj\u00ebher\u00eb dikush pyeti Hazret Mesihun e Premtuar a.s. n\u00ebse n\u00eb nj\u00eb fshat ka vet\u00ebm dy besimtar\u00eb, ata a mund t\u00eb falin namazin e s\u00eb premtes?<\/p>\n<p>Hazret Mesihu i Premtuar a.s. iu drejtua t\u00eb nderuarit Meulvi Muhammed Ahsan dhe ai tha:<\/p>\n<blockquote><p>\u201cNgaq\u00eb me 2 veta b\u00ebhet namazi me xhemat, mund t\u00eb b\u00ebhet edhe xhumaja.\u201d<\/p><\/blockquote>\n<p>Hazret Mesihu i Premtuar a.s. tha:<\/p>\n<blockquote><p>\u201cDisa fikholog\u00eb thon\u00eb q\u00eb duhet t\u00eb jen\u00eb t\u00eb pakt\u00ebn 3 persona. Por n\u00ebse dikush \u00ebsht\u00eb i vet\u00ebm, le t\u00eb marr\u00eb gruan ose dik\u00eb tjet\u00ebr nga familja p\u00ebr ta plot\u00ebsuar numrin.\u201d<\/p><\/blockquote>\n<p>Duke treguar medh\u2019hebin e fikholog\u00ebve p\u00ebr \u00e7\u00ebshtjen n\u00eb fjal\u00eb, Autori i librit \u201cNejlul-Eut\u0101r\u201d shkruan:<\/p>\n<blockquote><p><img loading=\"lazy\" decoding=\"async\" class=\"aligncenter size-full wp-image-10593\" src=\"https:\/\/www.ahmadiyya-islam.org\/al\/wp-content\/uploads\/sites\/3\/2020\/03\/sa-veta-duhen-per-xhuma-a-falet-xhumaja-ne-shtepi.png\" alt=\"xhumaja a falet ne shtepi sa veta duhen\" width=\"391\" height=\"474\" srcset=\"https:\/\/www.ahmadiyya-islam.org\/al\/wp-content\/uploads\/sites\/3\/2020\/03\/sa-veta-duhen-per-xhuma-a-falet-xhumaja-ne-shtepi.png 391w, https:\/\/www.ahmadiyya-islam.org\/al\/wp-content\/uploads\/sites\/3\/2020\/03\/sa-veta-duhen-per-xhuma-a-falet-xhumaja-ne-shtepi-247x300.png 247w\" sizes=\"auto, (max-width: 391px) 100vw, 391px\" \/>Ai q\u00eb tha se me dy veta b\u00ebhet [namazi i s\u00eb xhumas\u00eb], argumentoi se ky \u00ebsht\u00eb numri i personave p\u00ebr t\u00eb pasur namaz me xhemat sipas hadithit dhe sipas ujdis\u00eb. Mendoj se nuk gjendet ndonj\u00eb num\u00ebr tjet\u00ebr dhe t\u00eb gjith\u00eb jan\u00eb dakort se n\u00eb t\u00eb gjitha namazet numri i domosdosh\u00ebm p\u00ebr t\u00eb b\u00ebr\u00eb xhematin jan\u00eb dy veta. Kurse p\u00ebr namazin e s\u00eb xhumas\u00eb nuk gjejm\u00eb ndonj\u00eb porosi specifike nga i D\u00ebrguari i Allahut s.a.v.s. duke th\u00ebn\u00eb se xhumaja nuk mund t\u00eb b\u00ebhet pa pasur kaq veta. Sipas meje ky q\u00ebndrim \u00ebsht\u00eb i sakt\u00eb.[1]<\/p><\/blockquote>\n<p style=\"text-align: right\">(Marr\u00eb nga <a href=\"https:\/\/www.alislam.org\/urdu\/book\/%D9%81%D9%82%DB%81-%D8%A7%D8%AD%D9%85%D8%AF%DB%8C%DB%81\/\" target=\"_blank\" rel=\"noopener noreferrer\">Fikha Ahmedia<\/a>, v\u00ebll. 1, f. 168)<\/p>\n<h2>Namazi i s\u00eb xhumas\u00eb gjat\u00eb pandemis\u00eb s\u00eb Coronavirus<\/h2>\n<p>N\u00eb mesazhin e dh\u00ebn\u00eb Live m\u00eb 27 mars 2020, duke folur p\u00ebr faljen e s\u00eb xhumas\u00eb gjat\u00eb pandemis\u00eb nga Coronavirusi, Hazret Kalifi i Pest\u00eb i Xhematit Musliman Ahmedia, Allahu e ndihmoft\u00eb fuqimisht, tha:<\/p>\n<blockquote><p><strong>\u201cN\u00eb k\u00ebt\u00eb situat\u00eb, an\u00ebtar\u00ebt e Xhematit duhet t\u00eb organizojn\u00eb namazin me xhemat n\u00eb sht\u00ebpi me an\u00ebtar\u00ebt e familjes. Gjithashtu, an\u00ebtar\u00ebt e sht\u00ebpis\u00eb t\u00eb falin edhe namazin e s\u00eb xhumas\u00eb n\u00eb sht\u00ebpi. Ata mund t\u00eb marrin ndonj\u00eb pjes\u00eb nga \u201cMalfuzat\u201d ose nga librat e tjer\u00eb t\u00eb Hazret Mesihut t\u00eb Premtuar a.s., ose nga librat e tjer\u00eb t\u00eb Xhematit, ose nga gazeta \u201cAl-Fazal\u201d ose nga gazeta Al-Hakam, ose nga ndonj\u00eb gazet\u00eb tjet\u00ebr p\u00ebr t\u00eb lexuar si hutbe. K\u00ebt\u00eb mund t\u00eb b\u00ebj\u00eb ndonj\u00eb mashkull i rritur nga an\u00ebtar\u00ebt e sht\u00ebpis\u00eb. Ai mund t\u00eb drejtoj\u00eb edhe namazin e s\u00eb xhumas\u00eb, edhe namazet e tjera. Sidoqoft\u00eb, xhumat\u00eb nuk mund t\u2019i l\u00ebm\u00eb pa i falur p\u00ebr nj\u00eb koh\u00eb t\u00eb gjat\u00eb.\u201d<\/strong><\/p><\/blockquote>\n<p>M\u00eb tej, Huzuri tha:<\/p>\n<blockquote><p><strong>\u201cN\u00eb k\u00ebt\u00eb situat\u00eb praktikoni namazin me xhemat n\u00eb sht\u00ebpi. Kjo do t\u00eb b\u00ebj\u00eb q\u00eb f\u00ebmij\u00ebt do t\u00eb kuptojn\u00eb r\u00ebnd\u00ebsin\u00eb e namazit, t\u00eb namazit me xhemat edhe gjat\u00eb k\u00ebtyre dit\u00ebve kur ne nuk mund t\u00eb shkojm\u00eb dot n\u00eb xhami. &#8230; Disa her\u00eb edhe Hazret Mesihu i Premtuar a.s pati raste t\u00eb tilla gjat\u00eb udh\u00ebtimeve, kur ai nuk e fali dot xhuman\u00eb.<\/strong><\/p>\n<p><strong>Ka shum\u00eb rr\u00ebfime n\u00eb fen\u00eb Islame q\u00eb tregojn\u00eb se gjat\u00eb epidemis\u00eb njer\u00ebzit nuk duhet t\u00eb mblidhen dhe t\u00eb jen\u00eb t\u00eb izoluar. Ne nuk e l\u00ebshojm\u00eb xhuman\u00eb p\u00ebrgjithmon\u00eb, madje po e z\u00ebvend\u00ebsojm\u00eb me faljen e s\u00eb xhumas\u00eb n\u00eb sht\u00ebpi. Edhe un\u00eb do t\u00eb b\u00ebj di\u00e7ka p\u00ebr t\u00eb falur xhuman\u00eb personalisht.\u201d<\/strong><\/p><\/blockquote>\n<ul>\n<li>\n<blockquote><p><a href=\"https:\/\/www.ahmadiyya-islam.org\/al\/pyetje\/si-drejtohet-falja-e-se-premtes-namazi-i-se-xhumase\/\" target=\"_blank\" rel=\"noopener noreferrer\"><strong>M\u00ebsoni si drejtohet namazi i s\u00eb xhumas\u00eb ose namazi i s\u00eb premtes? M\u00ebsoni n\u00eb arabisht dhe shqip<\/strong><\/a><\/p><\/blockquote>\n<\/li>\n<\/ul>\n<hr \/>\n<p>[1] Muhammed esh-Sheukani, &#8220;Nejlul-Eut\u0101r&#8221;, ebv\u0101b: &#8220;El-xhumuati&#8221;, b\u0101b: &#8220;In&#8217;ik\u0101dil-xhumu&#8217;ati bi-erba&#8217;\u012bne we uk\u0101metuh\u0101 fil-kur\u0101&#8221;, sht\u00ebpia botuese: &#8220;Bejtul-efkar ed-deulijje&#8221;, Liban 2004, fq. 613, hadithi nr. 1188.<\/p>\n","protected":false},"excerpt":{"rendered":"<p>Namazi i s\u00eb xhumas a mund t\u00eb falet n\u00eb sht\u00ebpi? Gjat\u00eb pandemis\u00eb s\u00eb Coronavirusi, si falet namazi i s\u00eb xhumas\u00eb? P\u00ebrgjigjen e gjeni k\u00ebtu. M\u00ebsoni edhe si falet namazi i s\u00eb premtes.<\/p>\n","protected":false},"featured_media":3064,"parent":0,"template":"","tags":[],"faq_cat":[450,448],"authors":[],"content_source":[581],"class_list":["post-10592","faqs","type-faqs","status-publish","has-post-thumbnail","hentry","topics-fikhu-jurisprudenca","topics-namazi","faq_cat-pyetje-rreth-fikhut","faq_cat-pyetje-te-shpeshta-faq","content_source-alislam"],"acf":[],"yoast_head":"<!-- This site is optimized with the Yoast SEO Premium plugin v21.1 (Yoast SEO v27.4) - https:\/\/yoast.com\/product\/yoast-seo-premium-wordpress\/ -->\n<title>Sa veta duhen q\u00eb t\u00eb falet namazi i s\u00eb xhumas\u00eb? Si falet xhumaja gjat\u00eb Pandemis\u00eb Covid-19?<\/title>\n<meta name=\"description\" content=\"Namazi i s\u00eb xhumas a mund t\u00eb falet n\u00eb sht\u00ebpi? Gjat\u00eb pandemis\u00eb s\u00eb Coronavirusi, si falet namazi i s\u00eb xhumas\u00eb? P\u00ebrgjigjen e gjeni k\u00ebtu. M\u00ebsoni edhe si falet namazi i s\u00eb premtes.\" \/>\n<meta name=\"robots\" content=\"index, follow, max-snippet:-1, max-image-preview:large, max-video-preview:-1\" \/>\n<link rel=\"canonical\" href=\"https:\/\/www.ahmadiyya-islam.org\/al\/pyetje\/sa-veta-duhen-qe-te-falet-namazi-i-se-xhumase\/\" \/>\n<meta property=\"og:locale\" content=\"sq_AL\" \/>\n<meta property=\"og:type\" content=\"article\" \/>\n<meta property=\"og:title\" content=\"Sa veta duhen q\u00eb t\u00eb falet namazi i s\u00eb xhumas\u00eb? Si falet xhumaja gjat\u00eb Pandemis\u00eb Covid-19?\" \/>\n<meta property=\"og:description\" content=\"Namazi i s\u00eb xhumas a mund t\u00eb falet n\u00eb sht\u00ebpi? Gjat\u00eb pandemis\u00eb s\u00eb Coronavirusi, si falet namazi i s\u00eb xhumas\u00eb? P\u00ebrgjigjen e gjeni k\u00ebtu. M\u00ebsoni edhe si falet namazi i s\u00eb premtes.\" \/>\n<meta property=\"og:url\" content=\"https:\/\/www.ahmadiyya-islam.org\/al\/pyetje\/sa-veta-duhen-qe-te-falet-namazi-i-se-xhumase\/\" \/>\n<meta property=\"og:site_name\" content=\"Xhemati Musliman Ahmedia\" \/>\n<meta property=\"article:modified_time\" content=\"2020-03-27T13:54:24+00:00\" \/>\n<meta property=\"og:image\" content=\"https:\/\/www.ahmadiyya-islam.org\/al\/wp-content\/uploads\/sites\/3\/2015\/07\/rendesia-e-faljes-se-xhumase-e1468078740252.jpg\" \/>\n\t<meta property=\"og:image:width\" content=\"1200\" \/>\n\t<meta property=\"og:image:height\" content=\"675\" \/>\n\t<meta property=\"og:image:type\" content=\"image\/jpeg\" \/>\n<meta name=\"twitter:card\" content=\"summary_large_image\" \/>\n<meta name=\"twitter:label1\" content=\"Est. reading time\" \/>\n\t<meta name=\"twitter:data1\" content=\"3 minutes\" \/>\n<script type=\"application\/ld+json\" class=\"yoast-schema-graph\">{\"@context\":\"https:\\\/\\\/schema.org\",\"@graph\":[{\"@type\":\"WebPage\",\"@id\":\"https:\\\/\\\/www.ahmadiyya-islam.org\\\/al\\\/pyetje\\\/sa-veta-duhen-qe-te-falet-namazi-i-se-xhumase\\\/\",\"url\":\"https:\\\/\\\/www.ahmadiyya-islam.org\\\/al\\\/pyetje\\\/sa-veta-duhen-qe-te-falet-namazi-i-se-xhumase\\\/\",\"name\":\"Sa veta duhen q\u00eb t\u00eb falet namazi i s\u00eb xhumas\u00eb? Si falet xhumaja gjat\u00eb Pandemis\u00eb Covid-19?\",\"isPartOf\":{\"@id\":\"https:\\\/\\\/www.ahmadiyya-islam.org\\\/al\\\/#website\"},\"primaryImageOfPage\":{\"@id\":\"https:\\\/\\\/www.ahmadiyya-islam.org\\\/al\\\/pyetje\\\/sa-veta-duhen-qe-te-falet-namazi-i-se-xhumase\\\/#primaryimage\"},\"image\":{\"@id\":\"https:\\\/\\\/www.ahmadiyya-islam.org\\\/al\\\/pyetje\\\/sa-veta-duhen-qe-te-falet-namazi-i-se-xhumase\\\/#primaryimage\"},\"thumbnailUrl\":\"https:\\\/\\\/www.ahmadiyya-islam.org\\\/al\\\/wp-content\\\/uploads\\\/sites\\\/3\\\/2015\\\/07\\\/rendesia-e-faljes-se-xhumase-e1468078740252.jpg\",\"datePublished\":\"2020-03-27T12:37:03+00:00\",\"dateModified\":\"2020-03-27T13:54:24+00:00\",\"description\":\"Namazi i s\u00eb xhumas a mund t\u00eb falet n\u00eb sht\u00ebpi? Gjat\u00eb pandemis\u00eb s\u00eb Coronavirusi, si falet namazi i s\u00eb xhumas\u00eb? P\u00ebrgjigjen e gjeni k\u00ebtu. M\u00ebsoni edhe si falet namazi i s\u00eb premtes.\",\"breadcrumb\":{\"@id\":\"https:\\\/\\\/www.ahmadiyya-islam.org\\\/al\\\/pyetje\\\/sa-veta-duhen-qe-te-falet-namazi-i-se-xhumase\\\/#breadcrumb\"},\"inLanguage\":\"sq-AL\",\"potentialAction\":[{\"@type\":\"ReadAction\",\"target\":[\"https:\\\/\\\/www.ahmadiyya-islam.org\\\/al\\\/pyetje\\\/sa-veta-duhen-qe-te-falet-namazi-i-se-xhumase\\\/\"]}]},{\"@type\":\"ImageObject\",\"inLanguage\":\"sq-AL\",\"@id\":\"https:\\\/\\\/www.ahmadiyya-islam.org\\\/al\\\/pyetje\\\/sa-veta-duhen-qe-te-falet-namazi-i-se-xhumase\\\/#primaryimage\",\"url\":\"https:\\\/\\\/www.ahmadiyya-islam.org\\\/al\\\/wp-content\\\/uploads\\\/sites\\\/3\\\/2015\\\/07\\\/rendesia-e-faljes-se-xhumase-e1468078740252.jpg\",\"contentUrl\":\"https:\\\/\\\/www.ahmadiyya-islam.org\\\/al\\\/wp-content\\\/uploads\\\/sites\\\/3\\\/2015\\\/07\\\/rendesia-e-faljes-se-xhumase-e1468078740252.jpg\",\"width\":1200,\"height\":675,\"caption\":\"xhumaja ne shtepi apo ne xhami\"},{\"@type\":\"BreadcrumbList\",\"@id\":\"https:\\\/\\\/www.ahmadiyya-islam.org\\\/al\\\/pyetje\\\/sa-veta-duhen-qe-te-falet-namazi-i-se-xhumase\\\/#breadcrumb\",\"itemListElement\":[{\"@type\":\"ListItem\",\"position\":1,\"name\":\"Home\",\"item\":\"https:\\\/\\\/www.ahmadiyya-islam.org\\\/al\\\/\"},{\"@type\":\"ListItem\",\"position\":2,\"name\":\"Pyetje\",\"item\":\"https:\\\/\\\/www.ahmadiyya-islam.org\\\/al\\\/pyetje\\\/\"},{\"@type\":\"ListItem\",\"position\":3,\"name\":\"Sa veta duhen q\u00eb t\u00eb falet namazi i s\u00eb xhumas\u00eb? Si falet xhumaja gjat\u00eb Pandemis\u00eb Covid-19?\"}]},{\"@type\":\"WebSite\",\"@id\":\"https:\\\/\\\/www.ahmadiyya-islam.org\\\/al\\\/#website\",\"url\":\"https:\\\/\\\/www.ahmadiyya-islam.org\\\/al\\\/\",\"name\":\"Xhemati Musliman Ahmedia\",\"description\":\"Albania\",\"potentialAction\":[{\"@type\":\"SearchAction\",\"target\":{\"@type\":\"EntryPoint\",\"urlTemplate\":\"https:\\\/\\\/www.ahmadiyya-islam.org\\\/al\\\/?s={search_term_string}\"},\"query-input\":{\"@type\":\"PropertyValueSpecification\",\"valueRequired\":true,\"valueName\":\"search_term_string\"}}],\"inLanguage\":\"sq-AL\"}]}<\/script>\n<!-- \/ Yoast SEO Premium plugin. -->","yoast_head_json":{"title":"Sa veta duhen q\u00eb t\u00eb falet namazi i s\u00eb xhumas\u00eb? Si falet xhumaja gjat\u00eb Pandemis\u00eb Covid-19?","description":"Namazi i s\u00eb xhumas a mund t\u00eb falet n\u00eb sht\u00ebpi? Gjat\u00eb pandemis\u00eb s\u00eb Coronavirusi, si falet namazi i s\u00eb xhumas\u00eb? P\u00ebrgjigjen e gjeni k\u00ebtu. M\u00ebsoni edhe si falet namazi i s\u00eb premtes.","robots":{"index":"index","follow":"follow","max-snippet":"max-snippet:-1","max-image-preview":"max-image-preview:large","max-video-preview":"max-video-preview:-1"},"canonical":"https:\/\/www.ahmadiyya-islam.org\/al\/pyetje\/sa-veta-duhen-qe-te-falet-namazi-i-se-xhumase\/","og_locale":"sq_AL","og_type":"article","og_title":"Sa veta duhen q\u00eb t\u00eb falet namazi i s\u00eb xhumas\u00eb? Si falet xhumaja gjat\u00eb Pandemis\u00eb Covid-19?","og_description":"Namazi i s\u00eb xhumas a mund t\u00eb falet n\u00eb sht\u00ebpi? Gjat\u00eb pandemis\u00eb s\u00eb Coronavirusi, si falet namazi i s\u00eb xhumas\u00eb? P\u00ebrgjigjen e gjeni k\u00ebtu. M\u00ebsoni edhe si falet namazi i s\u00eb premtes.","og_url":"https:\/\/www.ahmadiyya-islam.org\/al\/pyetje\/sa-veta-duhen-qe-te-falet-namazi-i-se-xhumase\/","og_site_name":"Xhemati Musliman Ahmedia","article_modified_time":"2020-03-27T13:54:24+00:00","og_image":[{"width":1200,"height":675,"url":"https:\/\/www.ahmadiyya-islam.org\/al\/wp-content\/uploads\/sites\/3\/2015\/07\/rendesia-e-faljes-se-xhumase-e1468078740252.jpg","type":"image\/jpeg"}],"twitter_card":"summary_large_image","twitter_misc":{"Est. reading time":"3 minutes"},"schema":{"@context":"https:\/\/schema.org","@graph":[{"@type":"WebPage","@id":"https:\/\/www.ahmadiyya-islam.org\/al\/pyetje\/sa-veta-duhen-qe-te-falet-namazi-i-se-xhumase\/","url":"https:\/\/www.ahmadiyya-islam.org\/al\/pyetje\/sa-veta-duhen-qe-te-falet-namazi-i-se-xhumase\/","name":"Sa veta duhen q\u00eb t\u00eb falet namazi i s\u00eb xhumas\u00eb? Si falet xhumaja gjat\u00eb Pandemis\u00eb Covid-19?","isPartOf":{"@id":"https:\/\/www.ahmadiyya-islam.org\/al\/#website"},"primaryImageOfPage":{"@id":"https:\/\/www.ahmadiyya-islam.org\/al\/pyetje\/sa-veta-duhen-qe-te-falet-namazi-i-se-xhumase\/#primaryimage"},"image":{"@id":"https:\/\/www.ahmadiyya-islam.org\/al\/pyetje\/sa-veta-duhen-qe-te-falet-namazi-i-se-xhumase\/#primaryimage"},"thumbnailUrl":"https:\/\/www.ahmadiyya-islam.org\/al\/wp-content\/uploads\/sites\/3\/2015\/07\/rendesia-e-faljes-se-xhumase-e1468078740252.jpg","datePublished":"2020-03-27T12:37:03+00:00","dateModified":"2020-03-27T13:54:24+00:00","description":"Namazi i s\u00eb xhumas a mund t\u00eb falet n\u00eb sht\u00ebpi? Gjat\u00eb pandemis\u00eb s\u00eb Coronavirusi, si falet namazi i s\u00eb xhumas\u00eb? P\u00ebrgjigjen e gjeni k\u00ebtu. M\u00ebsoni edhe si falet namazi i s\u00eb premtes.","breadcrumb":{"@id":"https:\/\/www.ahmadiyya-islam.org\/al\/pyetje\/sa-veta-duhen-qe-te-falet-namazi-i-se-xhumase\/#breadcrumb"},"inLanguage":"sq-AL","potentialAction":[{"@type":"ReadAction","target":["https:\/\/www.ahmadiyya-islam.org\/al\/pyetje\/sa-veta-duhen-qe-te-falet-namazi-i-se-xhumase\/"]}]},{"@type":"ImageObject","inLanguage":"sq-AL","@id":"https:\/\/www.ahmadiyya-islam.org\/al\/pyetje\/sa-veta-duhen-qe-te-falet-namazi-i-se-xhumase\/#primaryimage","url":"https:\/\/www.ahmadiyya-islam.org\/al\/wp-content\/uploads\/sites\/3\/2015\/07\/rendesia-e-faljes-se-xhumase-e1468078740252.jpg","contentUrl":"https:\/\/www.ahmadiyya-islam.org\/al\/wp-content\/uploads\/sites\/3\/2015\/07\/rendesia-e-faljes-se-xhumase-e1468078740252.jpg","width":1200,"height":675,"caption":"xhumaja ne shtepi apo ne xhami"},{"@type":"BreadcrumbList","@id":"https:\/\/www.ahmadiyya-islam.org\/al\/pyetje\/sa-veta-duhen-qe-te-falet-namazi-i-se-xhumase\/#breadcrumb","itemListElement":[{"@type":"ListItem","position":1,"name":"Home","item":"https:\/\/www.ahmadiyya-islam.org\/al\/"},{"@type":"ListItem","position":2,"name":"Pyetje","item":"https:\/\/www.ahmadiyya-islam.org\/al\/pyetje\/"},{"@type":"ListItem","position":3,"name":"Sa veta duhen q\u00eb t\u00eb falet namazi i s\u00eb xhumas\u00eb? Si falet xhumaja gjat\u00eb Pandemis\u00eb Covid-19?"}]},{"@type":"WebSite","@id":"https:\/\/www.ahmadiyya-islam.org\/al\/#website","url":"https:\/\/www.ahmadiyya-islam.org\/al\/","name":"Xhemati Musliman Ahmedia","description":"Albania","potentialAction":[{"@type":"SearchAction","target":{"@type":"EntryPoint","urlTemplate":"https:\/\/www.ahmadiyya-islam.org\/al\/?s={search_term_string}"},"query-input":{"@type":"PropertyValueSpecification","valueRequired":true,"valueName":"search_term_string"}}],"inLanguage":"sq-AL"}]}},"_links":{"self":[{"href":"https:\/\/www.ahmadiyya-islam.org\/al\/wp-json\/wp\/v2\/faqs\/10592","targetHints":{"allow":["GET"]}}],"collection":[{"href":"https:\/\/www.ahmadiyya-islam.org\/al\/wp-json\/wp\/v2\/faqs"}],"about":[{"href":"https:\/\/www.ahmadiyya-islam.org\/al\/wp-json\/wp\/v2\/types\/faqs"}],"wp:featuredmedia":[{"embeddable":true,"href":"https:\/\/www.ahmadiyya-islam.org\/al\/wp-json\/wp\/v2\/media\/3064"}],"wp:attachment":[{"href":"https:\/\/www.ahmadiyya-islam.org\/al\/wp-json\/wp\/v2\/media?parent=10592"}],"wp:term":[{"taxonomy":"post_tag","embeddable":true,"href":"https:\/\/www.ahmadiyya-islam.org\/al\/wp-json\/wp\/v2\/tags?post=10592"},{"taxonomy":"faq_cat","embeddable":true,"href":"https:\/\/www.ahmadiyya-islam.org\/al\/wp-json\/wp\/v2\/faq_cat?post=10592"},{"taxonomy":"authors","embeddable":true,"href":"https:\/\/www.ahmadiyya-islam.org\/al\/wp-json\/wp\/v2\/authors?post=10592"},{"taxonomy":"content_source","embeddable":true,"href":"https:\/\/www.ahmadiyya-islam.org\/al\/wp-json\/wp\/v2\/content_source?post=10592"}],"curies":[{"name":"wp","href":"https:\/\/api.w.org\/{rel}","templated":true}]}}