{"id":10094,"date":"2019-07-30T08:46:41","date_gmt":"2019-07-30T08:46:41","guid":{"rendered":"https:\/\/www.ahmadiyya-islam.org\/al\/?post_type=faqs&#038;p=10094"},"modified":"2019-07-30T08:46:41","modified_gmt":"2019-07-30T08:46:41","slug":"deri-kur-mund-te-falet-namazi-i-bajramit","status":"publish","type":"faqs","link":"https:\/\/www.ahmadiyya-islam.org\/al\/pyetje\/deri-kur-mund-te-falet-namazi-i-bajramit\/","title":{"rendered":"Deri kur mund t\u00eb falet namazi i Bajramit?"},"content":{"rendered":"<p>Koha e namazit t\u00eb Bajramit fillon kur dielli t\u00eb ket\u00eb lindur mjaftuesh\u00ebm dhe mbaron p\u00ebrpara se ai t\u00eb kaloj\u00eb zenitin. Hazret Imam Shafei r.a. thot\u00eb:<\/p>\n<blockquote><p>I D\u00ebrguari i Allahut s.a.v.s. i shkroi Hazret \u2018Amr bin Hazemit, i cili gjendej n\u00eb Nexhran, q\u00eb Kurban Bajramin ta falte her\u00ebt dhe ta vononte Fiter Bajramin dhe t\u2019u b\u00ebnte vaz njer\u00ebzve.[1]<\/p><\/blockquote>\n<p>Diejtar\u00ebt e fikhut jan\u00eb t\u00eb nj\u00eb mendimi se koha e namazit t\u00eb Bajramit fillon kur dielli t\u00eb ket\u00eb lindur mjaftuesh\u00ebm, sa nj\u00eb ose dy hanxhare, q\u00eb do t\u00eb thot\u00eb rreth gjysm\u00eb ore pas lindjes s\u00eb diellit dhe mbaron p\u00ebrpara se dielli t\u00eb kaloj\u00eb zenitin, e q\u00eb do t\u00eb thot\u00eb p\u00ebrpara se t\u00eb filloj\u00eb koha e namazit t\u00eb drek\u00ebs.<\/p>\n<hr \/>\n<p>[1] Es-Sunen El-Kebir lil-Bejheki, kitab Salatil-Idejn, bab el-ghuduvvi ilel-idejn.<\/p>\n","protected":false},"excerpt":{"rendered":"<p>Koha e namazit t\u00eb Bajramit fillon kur dielli t\u00eb ket\u00eb lindur mjaftuesh\u00ebm dhe mbaron p\u00ebrpara se ai t\u00eb kaloj\u00eb zenitin.<\/p>\n","protected":false},"featured_media":5526,"parent":0,"template":"","tags":[],"faq_cat":[450],"authors":[],"content_source":[],"class_list":["post-10094","faqs","type-faqs","status-publish","has-post-thumbnail","hentry","topics-bajrami","topics-fikhu-jurisprudenca","faq_cat-pyetje-rreth-fikhut"],"acf":[],"yoast_head":"<!-- This site is optimized with the Yoast SEO Premium plugin v21.1 (Yoast SEO v27.4) - https:\/\/yoast.com\/product\/yoast-seo-premium-wordpress\/ -->\n<title>Deri kur mund t\u00eb falet namazi i Bajramit?<\/title>\n<meta name=\"description\" content=\"Koha e namazit t\u00eb Bajramit fillon kur dielli t\u00eb ket\u00eb lindur mjaftuesh\u00ebm dhe mbaron p\u00ebrpara se ai t\u00eb kaloj\u00eb zenitin.\" \/>\n<meta name=\"robots\" content=\"index, follow, max-snippet:-1, max-image-preview:large, max-video-preview:-1\" \/>\n<link rel=\"canonical\" href=\"https:\/\/www.ahmadiyya-islam.org\/al\/pyetje\/deri-kur-mund-te-falet-namazi-i-bajramit\/\" \/>\n<meta property=\"og:locale\" content=\"sq_AL\" \/>\n<meta property=\"og:type\" content=\"article\" \/>\n<meta property=\"og:title\" content=\"Deri kur mund t\u00eb falet namazi i Bajramit?\" \/>\n<meta property=\"og:description\" content=\"Koha e namazit t\u00eb Bajramit fillon kur dielli t\u00eb ket\u00eb lindur mjaftuesh\u00ebm dhe mbaron p\u00ebrpara se ai t\u00eb kaloj\u00eb zenitin.\" \/>\n<meta property=\"og:url\" content=\"https:\/\/www.ahmadiyya-islam.org\/al\/pyetje\/deri-kur-mund-te-falet-namazi-i-bajramit\/\" \/>\n<meta property=\"og:site_name\" content=\"Xhemati Musliman Ahmedia\" \/>\n<meta property=\"og:image\" content=\"https:\/\/www.ahmadiyya-islam.org\/al\/wp-content\/uploads\/sites\/3\/2016\/07\/Bajrami.jpg\" \/>\n\t<meta property=\"og:image:width\" content=\"1200\" \/>\n\t<meta property=\"og:image:height\" content=\"572\" \/>\n\t<meta property=\"og:image:type\" content=\"image\/jpeg\" \/>\n<meta name=\"twitter:card\" content=\"summary_large_image\" \/>\n<meta name=\"twitter:label1\" content=\"Est. reading time\" \/>\n\t<meta name=\"twitter:data1\" content=\"1 minute\" \/>\n<script type=\"application\/ld+json\" class=\"yoast-schema-graph\">{\"@context\":\"https:\\\/\\\/schema.org\",\"@graph\":[{\"@type\":\"WebPage\",\"@id\":\"https:\\\/\\\/www.ahmadiyya-islam.org\\\/al\\\/pyetje\\\/deri-kur-mund-te-falet-namazi-i-bajramit\\\/\",\"url\":\"https:\\\/\\\/www.ahmadiyya-islam.org\\\/al\\\/pyetje\\\/deri-kur-mund-te-falet-namazi-i-bajramit\\\/\",\"name\":\"Deri kur mund t\u00eb falet namazi i Bajramit?\",\"isPartOf\":{\"@id\":\"https:\\\/\\\/www.ahmadiyya-islam.org\\\/al\\\/#website\"},\"primaryImageOfPage\":{\"@id\":\"https:\\\/\\\/www.ahmadiyya-islam.org\\\/al\\\/pyetje\\\/deri-kur-mund-te-falet-namazi-i-bajramit\\\/#primaryimage\"},\"image\":{\"@id\":\"https:\\\/\\\/www.ahmadiyya-islam.org\\\/al\\\/pyetje\\\/deri-kur-mund-te-falet-namazi-i-bajramit\\\/#primaryimage\"},\"thumbnailUrl\":\"https:\\\/\\\/www.ahmadiyya-islam.org\\\/al\\\/wp-content\\\/uploads\\\/sites\\\/3\\\/2016\\\/07\\\/Bajrami.jpg\",\"datePublished\":\"2019-07-30T08:46:41+00:00\",\"description\":\"Koha e namazit t\u00eb Bajramit fillon kur dielli t\u00eb ket\u00eb lindur mjaftuesh\u00ebm dhe mbaron p\u00ebrpara se ai t\u00eb kaloj\u00eb zenitin.\",\"breadcrumb\":{\"@id\":\"https:\\\/\\\/www.ahmadiyya-islam.org\\\/al\\\/pyetje\\\/deri-kur-mund-te-falet-namazi-i-bajramit\\\/#breadcrumb\"},\"inLanguage\":\"sq-AL\",\"potentialAction\":[{\"@type\":\"ReadAction\",\"target\":[\"https:\\\/\\\/www.ahmadiyya-islam.org\\\/al\\\/pyetje\\\/deri-kur-mund-te-falet-namazi-i-bajramit\\\/\"]}]},{\"@type\":\"ImageObject\",\"inLanguage\":\"sq-AL\",\"@id\":\"https:\\\/\\\/www.ahmadiyya-islam.org\\\/al\\\/pyetje\\\/deri-kur-mund-te-falet-namazi-i-bajramit\\\/#primaryimage\",\"url\":\"https:\\\/\\\/www.ahmadiyya-islam.org\\\/al\\\/wp-content\\\/uploads\\\/sites\\\/3\\\/2016\\\/07\\\/Bajrami.jpg\",\"contentUrl\":\"https:\\\/\\\/www.ahmadiyya-islam.org\\\/al\\\/wp-content\\\/uploads\\\/sites\\\/3\\\/2016\\\/07\\\/Bajrami.jpg\",\"width\":1200,\"height\":572,\"caption\":\"Bajrami festa e bajramit\"},{\"@type\":\"BreadcrumbList\",\"@id\":\"https:\\\/\\\/www.ahmadiyya-islam.org\\\/al\\\/pyetje\\\/deri-kur-mund-te-falet-namazi-i-bajramit\\\/#breadcrumb\",\"itemListElement\":[{\"@type\":\"ListItem\",\"position\":1,\"name\":\"Home\",\"item\":\"https:\\\/\\\/www.ahmadiyya-islam.org\\\/al\\\/\"},{\"@type\":\"ListItem\",\"position\":2,\"name\":\"Pyetje\",\"item\":\"https:\\\/\\\/www.ahmadiyya-islam.org\\\/al\\\/pyetje\\\/\"},{\"@type\":\"ListItem\",\"position\":3,\"name\":\"Deri kur mund t\u00eb falet namazi i Bajramit?\"}]},{\"@type\":\"WebSite\",\"@id\":\"https:\\\/\\\/www.ahmadiyya-islam.org\\\/al\\\/#website\",\"url\":\"https:\\\/\\\/www.ahmadiyya-islam.org\\\/al\\\/\",\"name\":\"Xhemati Musliman Ahmedia\",\"description\":\"Albania\",\"potentialAction\":[{\"@type\":\"SearchAction\",\"target\":{\"@type\":\"EntryPoint\",\"urlTemplate\":\"https:\\\/\\\/www.ahmadiyya-islam.org\\\/al\\\/?s={search_term_string}\"},\"query-input\":{\"@type\":\"PropertyValueSpecification\",\"valueRequired\":true,\"valueName\":\"search_term_string\"}}],\"inLanguage\":\"sq-AL\"}]}<\/script>\n<!-- \/ Yoast SEO Premium plugin. -->","yoast_head_json":{"title":"Deri kur mund t\u00eb falet namazi i Bajramit?","description":"Koha e namazit t\u00eb Bajramit fillon kur dielli t\u00eb ket\u00eb lindur mjaftuesh\u00ebm dhe mbaron p\u00ebrpara se ai t\u00eb kaloj\u00eb zenitin.","robots":{"index":"index","follow":"follow","max-snippet":"max-snippet:-1","max-image-preview":"max-image-preview:large","max-video-preview":"max-video-preview:-1"},"canonical":"https:\/\/www.ahmadiyya-islam.org\/al\/pyetje\/deri-kur-mund-te-falet-namazi-i-bajramit\/","og_locale":"sq_AL","og_type":"article","og_title":"Deri kur mund t\u00eb falet namazi i Bajramit?","og_description":"Koha e namazit t\u00eb Bajramit fillon kur dielli t\u00eb ket\u00eb lindur mjaftuesh\u00ebm dhe mbaron p\u00ebrpara se ai t\u00eb kaloj\u00eb zenitin.","og_url":"https:\/\/www.ahmadiyya-islam.org\/al\/pyetje\/deri-kur-mund-te-falet-namazi-i-bajramit\/","og_site_name":"Xhemati Musliman Ahmedia","og_image":[{"width":1200,"height":572,"url":"https:\/\/www.ahmadiyya-islam.org\/al\/wp-content\/uploads\/sites\/3\/2016\/07\/Bajrami.jpg","type":"image\/jpeg"}],"twitter_card":"summary_large_image","twitter_misc":{"Est. reading time":"1 minute"},"schema":{"@context":"https:\/\/schema.org","@graph":[{"@type":"WebPage","@id":"https:\/\/www.ahmadiyya-islam.org\/al\/pyetje\/deri-kur-mund-te-falet-namazi-i-bajramit\/","url":"https:\/\/www.ahmadiyya-islam.org\/al\/pyetje\/deri-kur-mund-te-falet-namazi-i-bajramit\/","name":"Deri kur mund t\u00eb falet namazi i Bajramit?","isPartOf":{"@id":"https:\/\/www.ahmadiyya-islam.org\/al\/#website"},"primaryImageOfPage":{"@id":"https:\/\/www.ahmadiyya-islam.org\/al\/pyetje\/deri-kur-mund-te-falet-namazi-i-bajramit\/#primaryimage"},"image":{"@id":"https:\/\/www.ahmadiyya-islam.org\/al\/pyetje\/deri-kur-mund-te-falet-namazi-i-bajramit\/#primaryimage"},"thumbnailUrl":"https:\/\/www.ahmadiyya-islam.org\/al\/wp-content\/uploads\/sites\/3\/2016\/07\/Bajrami.jpg","datePublished":"2019-07-30T08:46:41+00:00","description":"Koha e namazit t\u00eb Bajramit fillon kur dielli t\u00eb ket\u00eb lindur mjaftuesh\u00ebm dhe mbaron p\u00ebrpara se ai t\u00eb kaloj\u00eb zenitin.","breadcrumb":{"@id":"https:\/\/www.ahmadiyya-islam.org\/al\/pyetje\/deri-kur-mund-te-falet-namazi-i-bajramit\/#breadcrumb"},"inLanguage":"sq-AL","potentialAction":[{"@type":"ReadAction","target":["https:\/\/www.ahmadiyya-islam.org\/al\/pyetje\/deri-kur-mund-te-falet-namazi-i-bajramit\/"]}]},{"@type":"ImageObject","inLanguage":"sq-AL","@id":"https:\/\/www.ahmadiyya-islam.org\/al\/pyetje\/deri-kur-mund-te-falet-namazi-i-bajramit\/#primaryimage","url":"https:\/\/www.ahmadiyya-islam.org\/al\/wp-content\/uploads\/sites\/3\/2016\/07\/Bajrami.jpg","contentUrl":"https:\/\/www.ahmadiyya-islam.org\/al\/wp-content\/uploads\/sites\/3\/2016\/07\/Bajrami.jpg","width":1200,"height":572,"caption":"Bajrami festa e bajramit"},{"@type":"BreadcrumbList","@id":"https:\/\/www.ahmadiyya-islam.org\/al\/pyetje\/deri-kur-mund-te-falet-namazi-i-bajramit\/#breadcrumb","itemListElement":[{"@type":"ListItem","position":1,"name":"Home","item":"https:\/\/www.ahmadiyya-islam.org\/al\/"},{"@type":"ListItem","position":2,"name":"Pyetje","item":"https:\/\/www.ahmadiyya-islam.org\/al\/pyetje\/"},{"@type":"ListItem","position":3,"name":"Deri kur mund t\u00eb falet namazi i Bajramit?"}]},{"@type":"WebSite","@id":"https:\/\/www.ahmadiyya-islam.org\/al\/#website","url":"https:\/\/www.ahmadiyya-islam.org\/al\/","name":"Xhemati Musliman Ahmedia","description":"Albania","potentialAction":[{"@type":"SearchAction","target":{"@type":"EntryPoint","urlTemplate":"https:\/\/www.ahmadiyya-islam.org\/al\/?s={search_term_string}"},"query-input":{"@type":"PropertyValueSpecification","valueRequired":true,"valueName":"search_term_string"}}],"inLanguage":"sq-AL"}]}},"_links":{"self":[{"href":"https:\/\/www.ahmadiyya-islam.org\/al\/wp-json\/wp\/v2\/faqs\/10094","targetHints":{"allow":["GET"]}}],"collection":[{"href":"https:\/\/www.ahmadiyya-islam.org\/al\/wp-json\/wp\/v2\/faqs"}],"about":[{"href":"https:\/\/www.ahmadiyya-islam.org\/al\/wp-json\/wp\/v2\/types\/faqs"}],"wp:featuredmedia":[{"embeddable":true,"href":"https:\/\/www.ahmadiyya-islam.org\/al\/wp-json\/wp\/v2\/media\/5526"}],"wp:attachment":[{"href":"https:\/\/www.ahmadiyya-islam.org\/al\/wp-json\/wp\/v2\/media?parent=10094"}],"wp:term":[{"taxonomy":"post_tag","embeddable":true,"href":"https:\/\/www.ahmadiyya-islam.org\/al\/wp-json\/wp\/v2\/tags?post=10094"},{"taxonomy":"faq_cat","embeddable":true,"href":"https:\/\/www.ahmadiyya-islam.org\/al\/wp-json\/wp\/v2\/faq_cat?post=10094"},{"taxonomy":"authors","embeddable":true,"href":"https:\/\/www.ahmadiyya-islam.org\/al\/wp-json\/wp\/v2\/authors?post=10094"},{"taxonomy":"content_source","embeddable":true,"href":"https:\/\/www.ahmadiyya-islam.org\/al\/wp-json\/wp\/v2\/content_source?post=10094"}],"curies":[{"name":"wp","href":"https:\/\/api.w.org\/{rel}","templated":true}]}}