{"id":6075,"date":"2016-10-30T21:37:23","date_gmt":"2016-10-30T21:37:23","guid":{"rendered":"http:\/\/www.ahmadiyya-islam.org\/al\/?post_type=books&#038;p=6075"},"modified":"2019-02-17T21:24:35","modified_gmt":"2019-02-17T21:24:35","slug":"sheriati-feja-politika-islami","status":"publish","type":"books","link":"https:\/\/www.ahmadiyya-islam.org\/al\/librat\/sheriati-feja-politika-islami\/","title":{"rendered":"Sheriati &#8211; marr\u00ebdh\u00ebnie mes fes\u00eb dhe politik\u00ebs n\u00eb Islam"},"content":{"rendered":"<p>Ndjeshm\u00ebria rreth \u00e7\u00ebshtjes s\u00eb Sheriatit i ka polarizuar popujt. Sidoqoft\u00eb, fakti \u00ebsht\u00eb q\u00eb k\u00ebto ekstreme jan\u00eb ushqyer nga frika dhe keqkuptimi, p\u00ebr pjes\u00ebn m\u00eb t\u00eb madhe t\u00eb t\u00eb cilave p\u00ebrgjegj\u00ebs t\u00eb drejtp\u00ebrdrejt\u00eb jan\u00eb musliman\u00ebt. Autori analizon nga k\u00ebnde t\u00eb ndryshme kompleksitetin e implementimit t\u00eb ligjit t\u00eb Sheriatit. Cil\u00ebsimi i tij \u00ebsht\u00eb jasht\u00ebzakonisht i gjindsh\u00ebm p\u00ebr strukturat moderne t\u00eb qeverisjes n\u00eb shoq\u00ebrit\u00eb pluraliste. Megjithat\u00eb, n\u00eb t\u00eb gjitha p\u00ebrfundimet e tij, ai bazohet drejtp\u00ebrdrejt n\u00eb Kuranin Fam\u00eblart\u00eb, hadithet dhe praktik\u00ebn profetike.<\/p>\n<p>Ai gjithashtu nxjerr n\u00eb pah hipokrizin\u00eb e d\u00ebshmuar r\u00ebndom n\u00eb disa vende islamike. Ai me t\u00eb drejt\u00eb i k\u00ebshillon musliman\u00ebt q\u00eb, s\u00eb pari t\u00eb reformojn\u00eb vetveten, p\u00ebrpara se t\u00eb imponojn\u00eb n\u00eb m\u00ebnyr\u00eb tiranike mbi t\u00eb tjer\u00ebt interpretimin e tyre t\u00eb ligjit t\u00eb Sheriatit. Ai tregon se kombinimi i k\u00ebtyre faktor\u00ebve ka krijuar situata, t\u00eb cilat e b\u00ebjn\u00eb ligjin e Sheriatit jopraktik, madje, despotik dhe kund\u00ebr asaj fryme, p\u00ebr t\u00eb cil\u00ebn ai ishte hartuar.<\/p>\n","protected":false},"featured_media":6071,"parent":0,"template":"","tags":[],"authors":[457],"class_list":["post-6075","books","type-books","status-publish","has-post-thumbnail","hentry","topics-islami","topics-politika","topics-sheriati","book-types-libra","authors-hazret-mirza-tahir-ahmedi"],"acf":[],"yoast_head":"<!-- This site is optimized with the Yoast SEO Premium plugin v21.1 (Yoast SEO v27.4) - https:\/\/yoast.com\/product\/yoast-seo-premium-wordpress\/ -->\n<title>Sheriati - marr\u00ebdh\u00ebnie mes fes\u00eb dhe politik\u00ebs n\u00eb Islam<\/title>\n<meta name=\"description\" content=\"Sheriati - Ndjeshm\u00ebria rreth \u00e7\u00ebshtjes s\u00eb Sheriatit i ka polarizuar popujt. Sidoqoft\u00eb, fakti \u00ebsht\u00eb q\u00eb k\u00ebto ekstreme jan\u00eb ushqyer nga frika dhe keqkuptimi ...\" \/>\n<meta name=\"robots\" content=\"index, follow, max-snippet:-1, max-image-preview:large, max-video-preview:-1\" \/>\n<link rel=\"canonical\" href=\"https:\/\/www.ahmadiyya-islam.org\/al\/librat\/sheriati-feja-politika-islami\/\" \/>\n<meta property=\"og:locale\" content=\"sq_AL\" \/>\n<meta property=\"og:type\" content=\"article\" \/>\n<meta property=\"og:title\" content=\"Sheriati - marr\u00ebdh\u00ebnie mes fes\u00eb dhe politik\u00ebs n\u00eb Islam\" \/>\n<meta property=\"og:description\" content=\"Sheriati - Ndjeshm\u00ebria rreth \u00e7\u00ebshtjes s\u00eb Sheriatit i ka polarizuar popujt. Sidoqoft\u00eb, fakti \u00ebsht\u00eb q\u00eb k\u00ebto ekstreme jan\u00eb ushqyer nga frika dhe keqkuptimi ...\" \/>\n<meta property=\"og:url\" content=\"https:\/\/www.ahmadiyya-islam.org\/al\/librat\/sheriati-feja-politika-islami\/\" \/>\n<meta property=\"og:site_name\" content=\"Xhemati Musliman Ahmedia\" \/>\n<meta property=\"article:modified_time\" content=\"2019-02-17T21:24:35+00:00\" \/>\n<meta property=\"og:image\" content=\"https:\/\/www.ahmadiyya-islam.org\/al\/wp-content\/uploads\/sites\/3\/2016\/10\/sheriati-feja-politika-islami-cover.jpg\" \/>\n\t<meta property=\"og:image:width\" content=\"1200\" \/>\n\t<meta property=\"og:image:height\" content=\"572\" \/>\n\t<meta property=\"og:image:type\" content=\"image\/jpeg\" \/>\n<meta name=\"twitter:card\" content=\"summary_large_image\" \/>\n<meta name=\"twitter:label1\" content=\"Est. reading time\" \/>\n\t<meta name=\"twitter:data1\" content=\"1 minute\" \/>\n<script type=\"application\/ld+json\" class=\"yoast-schema-graph\">{\"@context\":\"https:\\\/\\\/schema.org\",\"@graph\":[{\"@type\":\"WebPage\",\"@id\":\"https:\\\/\\\/www.ahmadiyya-islam.org\\\/al\\\/librat\\\/sheriati-feja-politika-islami\\\/\",\"url\":\"https:\\\/\\\/www.ahmadiyya-islam.org\\\/al\\\/librat\\\/sheriati-feja-politika-islami\\\/\",\"name\":\"Sheriati - marr\u00ebdh\u00ebnie mes fes\u00eb dhe politik\u00ebs n\u00eb Islam\",\"isPartOf\":{\"@id\":\"https:\\\/\\\/www.ahmadiyya-islam.org\\\/al\\\/#website\"},\"primaryImageOfPage\":{\"@id\":\"https:\\\/\\\/www.ahmadiyya-islam.org\\\/al\\\/librat\\\/sheriati-feja-politika-islami\\\/#primaryimage\"},\"image\":{\"@id\":\"https:\\\/\\\/www.ahmadiyya-islam.org\\\/al\\\/librat\\\/sheriati-feja-politika-islami\\\/#primaryimage\"},\"thumbnailUrl\":\"https:\\\/\\\/www.ahmadiyya-islam.org\\\/al\\\/wp-content\\\/uploads\\\/sites\\\/3\\\/2016\\\/10\\\/sheriati-feja-politika-islami-cover.jpg\",\"datePublished\":\"2016-10-30T21:37:23+00:00\",\"dateModified\":\"2019-02-17T21:24:35+00:00\",\"description\":\"Sheriati - Ndjeshm\u00ebria rreth \u00e7\u00ebshtjes s\u00eb Sheriatit i ka polarizuar popujt. Sidoqoft\u00eb, fakti \u00ebsht\u00eb q\u00eb k\u00ebto ekstreme jan\u00eb ushqyer nga frika dhe keqkuptimi ...\",\"breadcrumb\":{\"@id\":\"https:\\\/\\\/www.ahmadiyya-islam.org\\\/al\\\/librat\\\/sheriati-feja-politika-islami\\\/#breadcrumb\"},\"inLanguage\":\"sq-AL\",\"potentialAction\":[{\"@type\":\"ReadAction\",\"target\":[\"https:\\\/\\\/www.ahmadiyya-islam.org\\\/al\\\/librat\\\/sheriati-feja-politika-islami\\\/\"]}]},{\"@type\":\"ImageObject\",\"inLanguage\":\"sq-AL\",\"@id\":\"https:\\\/\\\/www.ahmadiyya-islam.org\\\/al\\\/librat\\\/sheriati-feja-politika-islami\\\/#primaryimage\",\"url\":\"https:\\\/\\\/www.ahmadiyya-islam.org\\\/al\\\/wp-content\\\/uploads\\\/sites\\\/3\\\/2016\\\/10\\\/sheriati-feja-politika-islami-cover.jpg\",\"contentUrl\":\"https:\\\/\\\/www.ahmadiyya-islam.org\\\/al\\\/wp-content\\\/uploads\\\/sites\\\/3\\\/2016\\\/10\\\/sheriati-feja-politika-islami-cover.jpg\",\"width\":1200,\"height\":572,\"caption\":\"sheriati islami\"},{\"@type\":\"BreadcrumbList\",\"@id\":\"https:\\\/\\\/www.ahmadiyya-islam.org\\\/al\\\/librat\\\/sheriati-feja-politika-islami\\\/#breadcrumb\",\"itemListElement\":[{\"@type\":\"ListItem\",\"position\":1,\"name\":\"Home\",\"item\":\"https:\\\/\\\/www.ahmadiyya-islam.org\\\/al\\\/\"},{\"@type\":\"ListItem\",\"position\":2,\"name\":\"Librat\",\"item\":\"https:\\\/\\\/www.ahmadiyya-islam.org\\\/al\\\/librat\\\/\"},{\"@type\":\"ListItem\",\"position\":3,\"name\":\"Sheriati &#8211; marr\u00ebdh\u00ebnie mes fes\u00eb dhe politik\u00ebs n\u00eb Islam\"}]},{\"@type\":\"WebSite\",\"@id\":\"https:\\\/\\\/www.ahmadiyya-islam.org\\\/al\\\/#website\",\"url\":\"https:\\\/\\\/www.ahmadiyya-islam.org\\\/al\\\/\",\"name\":\"Xhemati Musliman Ahmedia\",\"description\":\"Albania\",\"potentialAction\":[{\"@type\":\"SearchAction\",\"target\":{\"@type\":\"EntryPoint\",\"urlTemplate\":\"https:\\\/\\\/www.ahmadiyya-islam.org\\\/al\\\/?s={search_term_string}\"},\"query-input\":{\"@type\":\"PropertyValueSpecification\",\"valueRequired\":true,\"valueName\":\"search_term_string\"}}],\"inLanguage\":\"sq-AL\"}]}<\/script>\n<!-- \/ Yoast SEO Premium plugin. -->","yoast_head_json":{"title":"Sheriati - marr\u00ebdh\u00ebnie mes fes\u00eb dhe politik\u00ebs n\u00eb Islam","description":"Sheriati - Ndjeshm\u00ebria rreth \u00e7\u00ebshtjes s\u00eb Sheriatit i ka polarizuar popujt. Sidoqoft\u00eb, fakti \u00ebsht\u00eb q\u00eb k\u00ebto ekstreme jan\u00eb ushqyer nga frika dhe keqkuptimi ...","robots":{"index":"index","follow":"follow","max-snippet":"max-snippet:-1","max-image-preview":"max-image-preview:large","max-video-preview":"max-video-preview:-1"},"canonical":"https:\/\/www.ahmadiyya-islam.org\/al\/librat\/sheriati-feja-politika-islami\/","og_locale":"sq_AL","og_type":"article","og_title":"Sheriati - marr\u00ebdh\u00ebnie mes fes\u00eb dhe politik\u00ebs n\u00eb Islam","og_description":"Sheriati - Ndjeshm\u00ebria rreth \u00e7\u00ebshtjes s\u00eb Sheriatit i ka polarizuar popujt. Sidoqoft\u00eb, fakti \u00ebsht\u00eb q\u00eb k\u00ebto ekstreme jan\u00eb ushqyer nga frika dhe keqkuptimi ...","og_url":"https:\/\/www.ahmadiyya-islam.org\/al\/librat\/sheriati-feja-politika-islami\/","og_site_name":"Xhemati Musliman Ahmedia","article_modified_time":"2019-02-17T21:24:35+00:00","og_image":[{"width":1200,"height":572,"url":"https:\/\/www.ahmadiyya-islam.org\/al\/wp-content\/uploads\/sites\/3\/2016\/10\/sheriati-feja-politika-islami-cover.jpg","type":"image\/jpeg"}],"twitter_card":"summary_large_image","twitter_misc":{"Est. reading time":"1 minute"},"schema":{"@context":"https:\/\/schema.org","@graph":[{"@type":"WebPage","@id":"https:\/\/www.ahmadiyya-islam.org\/al\/librat\/sheriati-feja-politika-islami\/","url":"https:\/\/www.ahmadiyya-islam.org\/al\/librat\/sheriati-feja-politika-islami\/","name":"Sheriati - marr\u00ebdh\u00ebnie mes fes\u00eb dhe politik\u00ebs n\u00eb Islam","isPartOf":{"@id":"https:\/\/www.ahmadiyya-islam.org\/al\/#website"},"primaryImageOfPage":{"@id":"https:\/\/www.ahmadiyya-islam.org\/al\/librat\/sheriati-feja-politika-islami\/#primaryimage"},"image":{"@id":"https:\/\/www.ahmadiyya-islam.org\/al\/librat\/sheriati-feja-politika-islami\/#primaryimage"},"thumbnailUrl":"https:\/\/www.ahmadiyya-islam.org\/al\/wp-content\/uploads\/sites\/3\/2016\/10\/sheriati-feja-politika-islami-cover.jpg","datePublished":"2016-10-30T21:37:23+00:00","dateModified":"2019-02-17T21:24:35+00:00","description":"Sheriati - Ndjeshm\u00ebria rreth \u00e7\u00ebshtjes s\u00eb Sheriatit i ka polarizuar popujt. Sidoqoft\u00eb, fakti \u00ebsht\u00eb q\u00eb k\u00ebto ekstreme jan\u00eb ushqyer nga frika dhe keqkuptimi ...","breadcrumb":{"@id":"https:\/\/www.ahmadiyya-islam.org\/al\/librat\/sheriati-feja-politika-islami\/#breadcrumb"},"inLanguage":"sq-AL","potentialAction":[{"@type":"ReadAction","target":["https:\/\/www.ahmadiyya-islam.org\/al\/librat\/sheriati-feja-politika-islami\/"]}]},{"@type":"ImageObject","inLanguage":"sq-AL","@id":"https:\/\/www.ahmadiyya-islam.org\/al\/librat\/sheriati-feja-politika-islami\/#primaryimage","url":"https:\/\/www.ahmadiyya-islam.org\/al\/wp-content\/uploads\/sites\/3\/2016\/10\/sheriati-feja-politika-islami-cover.jpg","contentUrl":"https:\/\/www.ahmadiyya-islam.org\/al\/wp-content\/uploads\/sites\/3\/2016\/10\/sheriati-feja-politika-islami-cover.jpg","width":1200,"height":572,"caption":"sheriati islami"},{"@type":"BreadcrumbList","@id":"https:\/\/www.ahmadiyya-islam.org\/al\/librat\/sheriati-feja-politika-islami\/#breadcrumb","itemListElement":[{"@type":"ListItem","position":1,"name":"Home","item":"https:\/\/www.ahmadiyya-islam.org\/al\/"},{"@type":"ListItem","position":2,"name":"Librat","item":"https:\/\/www.ahmadiyya-islam.org\/al\/librat\/"},{"@type":"ListItem","position":3,"name":"Sheriati &#8211; marr\u00ebdh\u00ebnie mes fes\u00eb dhe politik\u00ebs n\u00eb Islam"}]},{"@type":"WebSite","@id":"https:\/\/www.ahmadiyya-islam.org\/al\/#website","url":"https:\/\/www.ahmadiyya-islam.org\/al\/","name":"Xhemati Musliman Ahmedia","description":"Albania","potentialAction":[{"@type":"SearchAction","target":{"@type":"EntryPoint","urlTemplate":"https:\/\/www.ahmadiyya-islam.org\/al\/?s={search_term_string}"},"query-input":{"@type":"PropertyValueSpecification","valueRequired":true,"valueName":"search_term_string"}}],"inLanguage":"sq-AL"}]}},"_links":{"self":[{"href":"https:\/\/www.ahmadiyya-islam.org\/al\/wp-json\/wp\/v2\/books\/6075","targetHints":{"allow":["GET"]}}],"collection":[{"href":"https:\/\/www.ahmadiyya-islam.org\/al\/wp-json\/wp\/v2\/books"}],"about":[{"href":"https:\/\/www.ahmadiyya-islam.org\/al\/wp-json\/wp\/v2\/types\/books"}],"version-history":[{"count":0,"href":"https:\/\/www.ahmadiyya-islam.org\/al\/wp-json\/wp\/v2\/books\/6075\/revisions"}],"wp:featuredmedia":[{"embeddable":true,"href":"https:\/\/www.ahmadiyya-islam.org\/al\/wp-json\/wp\/v2\/media\/6071"}],"wp:attachment":[{"href":"https:\/\/www.ahmadiyya-islam.org\/al\/wp-json\/wp\/v2\/media?parent=6075"}],"wp:term":[{"taxonomy":"post_tag","embeddable":true,"href":"https:\/\/www.ahmadiyya-islam.org\/al\/wp-json\/wp\/v2\/tags?post=6075"},{"taxonomy":"authors","embeddable":true,"href":"https:\/\/www.ahmadiyya-islam.org\/al\/wp-json\/wp\/v2\/authors?post=6075"}],"curies":[{"name":"wp","href":"https:\/\/api.w.org\/{rel}","templated":true}]}}