{"id":447,"date":"2013-10-03T15:29:01","date_gmt":"2013-10-03T15:29:01","guid":{"rendered":"http:\/\/www.ahmadiyya-islam.org\/al\/?post_type=books&#038;p=447"},"modified":"2019-02-17T21:25:12","modified_gmt":"2019-02-17T21:25:12","slug":"jeta-e-muhammedit-sa","status":"publish","type":"books","link":"https:\/\/www.ahmadiyya-islam.org\/al\/librat\/jeta-e-muhammedit-sa\/","title":{"rendered":"Jeta e Muhammedit (sa)"},"content":{"rendered":"<p>Kush ishte Muhammedi s.a.? P\u00ebr shum\u00eb njer\u00ebz ai ishte personi m\u00eb i shenjt\u00eb q\u00eb kishte ekzistuar ndonj\u00ebher\u00eb, m\u00ebshir\u00eb p\u00ebr t\u00eb gjitha bot\u00ebt, profet i paqes dhe si i till\u00eb mbetet nj\u00eb sh\u00ebmb\u00eblltyr\u00eb morale e shpirt\u00ebrore p\u00ebr ta. Megjithat\u00eb, p\u00ebr shkak t\u00eb gjendjes dhe sjelljes mizore t\u00eb nj\u00eb pakice q\u00eb gjithashtu, pa asnj\u00eb t\u00eb drejt\u00eb, ia atribuojn\u00eb veten atij, disa njer\u00ebz i drejtohen edhe me kritika t\u00eb ashpra. Por ka edhe t\u00eb till\u00eb q\u00eb e vler\u00ebsojn\u00eb drejt, pasi e studiuan jet\u00ebn e tij. Profeti Muhammed s.a., Profeti i Islamit padyshim \u00ebsht\u00eb nj\u00eb nga personalitetet m\u00eb t\u00eb diskutuara t\u00eb historis\u00eb s\u00eb njer\u00ebzimit.<\/p>\n<p>N\u00eb k\u00ebt\u00eb biografi t\u00eb tij, gjurmohet gjall\u00ebrisht e natyrsh\u00ebm jeta e tij deri n\u00eb detaje. Lexuesi do t\u00eb arrij\u00eb nj\u00eb dep\u00ebrtim autentik n\u00eb historin\u00eb jet\u00ebsore t\u00eb nj\u00eb njeriu, i cili si askush m\u00eb par\u00eb e ndryshoi historin\u00eb e njer\u00ebzimit.<\/p>\n<p><strong>\u201cNdoshta p\u00ebrzgjedhja ime e Muhammedit p\u00ebr vendin e par\u00eb n\u00eb list\u00ebn e njer\u00ebzve m\u00eb me influenc\u00eb n\u00eb bot\u00eb, do t\u2019u ngjall\u00eb \u00e7udi disa lexuesve, madje disa mund t\u00eb ngren\u00eb pyetje rreth k\u00ebsaj, por, ai \u00ebsht\u00eb i vetmi njeri n\u00eb histori q\u00eb mbeti jasht\u00ebzakonisht i suksessh\u00ebm, jo vet\u00ebm n\u00eb aren\u00ebn fetare, por edhe at\u00eb laike\u201d<\/strong>, thot\u00eb shkrimtari Michael H. Hart. (\u201cThe 100: A Ranking of the Most Influential Persons in History\u201d, Carol Publishing Group, f. 8-9)<\/p>\n<h2>SH\u00cbNIM<\/h2>\n<p><strong>N\u00eb librin Online, p\u00ebr arsye t\u00eb ndarjes s\u00eb librit n\u00ebp\u00ebr kapituj, redaksia ka shtuar disa n\u00ebn tituj, pa prekur tekstin origjinal t\u00eb librit. Andaj, p\u00ebr referenc\u00eb, t\u00eb p\u00ebrdoret libri n\u00eb formatin PDF ose t\u00eb botuar.<\/strong><\/p>\n","protected":false},"featured_media":540,"parent":0,"template":"","tags":[51,52],"authors":[456],"class_list":["post-447","books","type-books","status-publish","has-post-thumbnail","hentry","tag-jeta-e-muhamedit","tag-jeteshkrimi","topics-historia-e-islamit","topics-jeta-e-profetit-muhammed-s-a","topics-profeti-muhammed-s-a","book-types-libra","authors-hazret-mirza-bashiruddin-mahmud-ahmedi"],"acf":[],"yoast_head":"<!-- This site is optimized with the Yoast SEO Premium plugin v21.1 (Yoast SEO v27.4) - https:\/\/yoast.com\/product\/yoast-seo-premium-wordpress\/ -->\n<title>Jeta e Muhammedit (sa)<\/title>\n<meta name=\"robots\" content=\"index, follow, max-snippet:-1, max-image-preview:large, max-video-preview:-1\" \/>\n<link rel=\"canonical\" href=\"https:\/\/www.ahmadiyya-islam.org\/al\/librat\/jeta-e-muhammedit-sa\/\" \/>\n<meta property=\"og:locale\" content=\"sq_AL\" \/>\n<meta property=\"og:type\" content=\"article\" \/>\n<meta property=\"og:title\" content=\"Jeta e Muhammedit (sa)\" \/>\n<meta property=\"og:description\" content=\"Kush ishte Muhammedi s.a.? P\u00ebr shum\u00eb njer\u00ebz ai ishte personi m\u00eb i shenjt\u00eb q\u00eb kishte ekzistuar ndonj\u00ebher\u00eb, m\u00ebshir\u00eb p\u00ebr t\u00eb gjitha bot\u00ebt, profet i paqes dhe si i till\u00eb mbetet nj\u00eb sh\u00ebmb\u00eblltyr\u00eb morale e shpirt\u00ebrore p\u00ebr ta. Megjithat\u00eb, p\u00ebr shkak t\u00eb gjendjes dhe sjelljes mizore t\u00eb nj\u00eb pakice q\u00eb gjithashtu, pa asnj\u00eb t\u00eb drejt\u00eb, ia\" \/>\n<meta property=\"og:url\" content=\"https:\/\/www.ahmadiyya-islam.org\/al\/librat\/jeta-e-muhammedit-sa\/\" \/>\n<meta property=\"og:site_name\" content=\"Xhemati Musliman Ahmedia\" \/>\n<meta property=\"article:modified_time\" content=\"2019-02-17T21:25:12+00:00\" \/>\n<meta property=\"og:image\" content=\"https:\/\/www.ahmadiyya-islam.org\/al\/wp-content\/uploads\/sites\/3\/2015\/04\/AL-Book-jeta-e-Muhammedit-Cover.jpg\" \/>\n\t<meta property=\"og:image:width\" content=\"1200\" \/>\n\t<meta property=\"og:image:height\" content=\"600\" \/>\n\t<meta property=\"og:image:type\" content=\"image\/jpeg\" \/>\n<meta name=\"twitter:card\" content=\"summary_large_image\" \/>\n<meta name=\"twitter:label1\" content=\"Est. reading time\" \/>\n\t<meta name=\"twitter:data1\" content=\"1 minute\" \/>\n<script type=\"application\/ld+json\" class=\"yoast-schema-graph\">{\"@context\":\"https:\\\/\\\/schema.org\",\"@graph\":[{\"@type\":\"WebPage\",\"@id\":\"https:\\\/\\\/www.ahmadiyya-islam.org\\\/al\\\/librat\\\/jeta-e-muhammedit-sa\\\/\",\"url\":\"https:\\\/\\\/www.ahmadiyya-islam.org\\\/al\\\/librat\\\/jeta-e-muhammedit-sa\\\/\",\"name\":\"Jeta e Muhammedit (sa)\",\"isPartOf\":{\"@id\":\"https:\\\/\\\/www.ahmadiyya-islam.org\\\/al\\\/#website\"},\"primaryImageOfPage\":{\"@id\":\"https:\\\/\\\/www.ahmadiyya-islam.org\\\/al\\\/librat\\\/jeta-e-muhammedit-sa\\\/#primaryimage\"},\"image\":{\"@id\":\"https:\\\/\\\/www.ahmadiyya-islam.org\\\/al\\\/librat\\\/jeta-e-muhammedit-sa\\\/#primaryimage\"},\"thumbnailUrl\":\"https:\\\/\\\/www.ahmadiyya-islam.org\\\/al\\\/wp-content\\\/uploads\\\/sites\\\/3\\\/2015\\\/04\\\/AL-Book-jeta-e-Muhammedit-Cover.jpg\",\"datePublished\":\"2013-10-03T15:29:01+00:00\",\"dateModified\":\"2019-02-17T21:25:12+00:00\",\"breadcrumb\":{\"@id\":\"https:\\\/\\\/www.ahmadiyya-islam.org\\\/al\\\/librat\\\/jeta-e-muhammedit-sa\\\/#breadcrumb\"},\"inLanguage\":\"sq-AL\",\"potentialAction\":[{\"@type\":\"ReadAction\",\"target\":[\"https:\\\/\\\/www.ahmadiyya-islam.org\\\/al\\\/librat\\\/jeta-e-muhammedit-sa\\\/\"]}]},{\"@type\":\"ImageObject\",\"inLanguage\":\"sq-AL\",\"@id\":\"https:\\\/\\\/www.ahmadiyya-islam.org\\\/al\\\/librat\\\/jeta-e-muhammedit-sa\\\/#primaryimage\",\"url\":\"https:\\\/\\\/www.ahmadiyya-islam.org\\\/al\\\/wp-content\\\/uploads\\\/sites\\\/3\\\/2015\\\/04\\\/AL-Book-jeta-e-Muhammedit-Cover.jpg\",\"contentUrl\":\"https:\\\/\\\/www.ahmadiyya-islam.org\\\/al\\\/wp-content\\\/uploads\\\/sites\\\/3\\\/2015\\\/04\\\/AL-Book-jeta-e-Muhammedit-Cover.jpg\",\"width\":1200,\"height\":600,\"caption\":\"Jeta\"},{\"@type\":\"BreadcrumbList\",\"@id\":\"https:\\\/\\\/www.ahmadiyya-islam.org\\\/al\\\/librat\\\/jeta-e-muhammedit-sa\\\/#breadcrumb\",\"itemListElement\":[{\"@type\":\"ListItem\",\"position\":1,\"name\":\"Home\",\"item\":\"https:\\\/\\\/www.ahmadiyya-islam.org\\\/al\\\/\"},{\"@type\":\"ListItem\",\"position\":2,\"name\":\"Librat\",\"item\":\"https:\\\/\\\/www.ahmadiyya-islam.org\\\/al\\\/librat\\\/\"},{\"@type\":\"ListItem\",\"position\":3,\"name\":\"Jeta e Muhammedit (sa)\"}]},{\"@type\":\"WebSite\",\"@id\":\"https:\\\/\\\/www.ahmadiyya-islam.org\\\/al\\\/#website\",\"url\":\"https:\\\/\\\/www.ahmadiyya-islam.org\\\/al\\\/\",\"name\":\"Xhemati Musliman Ahmedia\",\"description\":\"Albania\",\"potentialAction\":[{\"@type\":\"SearchAction\",\"target\":{\"@type\":\"EntryPoint\",\"urlTemplate\":\"https:\\\/\\\/www.ahmadiyya-islam.org\\\/al\\\/?s={search_term_string}\"},\"query-input\":{\"@type\":\"PropertyValueSpecification\",\"valueRequired\":true,\"valueName\":\"search_term_string\"}}],\"inLanguage\":\"sq-AL\"}]}<\/script>\n<!-- \/ Yoast SEO Premium plugin. -->","yoast_head_json":{"title":"Jeta e Muhammedit (sa)","robots":{"index":"index","follow":"follow","max-snippet":"max-snippet:-1","max-image-preview":"max-image-preview:large","max-video-preview":"max-video-preview:-1"},"canonical":"https:\/\/www.ahmadiyya-islam.org\/al\/librat\/jeta-e-muhammedit-sa\/","og_locale":"sq_AL","og_type":"article","og_title":"Jeta e Muhammedit (sa)","og_description":"Kush ishte Muhammedi s.a.? P\u00ebr shum\u00eb njer\u00ebz ai ishte personi m\u00eb i shenjt\u00eb q\u00eb kishte ekzistuar ndonj\u00ebher\u00eb, m\u00ebshir\u00eb p\u00ebr t\u00eb gjitha bot\u00ebt, profet i paqes dhe si i till\u00eb mbetet nj\u00eb sh\u00ebmb\u00eblltyr\u00eb morale e shpirt\u00ebrore p\u00ebr ta. Megjithat\u00eb, p\u00ebr shkak t\u00eb gjendjes dhe sjelljes mizore t\u00eb nj\u00eb pakice q\u00eb gjithashtu, pa asnj\u00eb t\u00eb drejt\u00eb, ia","og_url":"https:\/\/www.ahmadiyya-islam.org\/al\/librat\/jeta-e-muhammedit-sa\/","og_site_name":"Xhemati Musliman Ahmedia","article_modified_time":"2019-02-17T21:25:12+00:00","og_image":[{"width":1200,"height":600,"url":"https:\/\/www.ahmadiyya-islam.org\/al\/wp-content\/uploads\/sites\/3\/2015\/04\/AL-Book-jeta-e-Muhammedit-Cover.jpg","type":"image\/jpeg"}],"twitter_card":"summary_large_image","twitter_misc":{"Est. reading time":"1 minute"},"schema":{"@context":"https:\/\/schema.org","@graph":[{"@type":"WebPage","@id":"https:\/\/www.ahmadiyya-islam.org\/al\/librat\/jeta-e-muhammedit-sa\/","url":"https:\/\/www.ahmadiyya-islam.org\/al\/librat\/jeta-e-muhammedit-sa\/","name":"Jeta e Muhammedit (sa)","isPartOf":{"@id":"https:\/\/www.ahmadiyya-islam.org\/al\/#website"},"primaryImageOfPage":{"@id":"https:\/\/www.ahmadiyya-islam.org\/al\/librat\/jeta-e-muhammedit-sa\/#primaryimage"},"image":{"@id":"https:\/\/www.ahmadiyya-islam.org\/al\/librat\/jeta-e-muhammedit-sa\/#primaryimage"},"thumbnailUrl":"https:\/\/www.ahmadiyya-islam.org\/al\/wp-content\/uploads\/sites\/3\/2015\/04\/AL-Book-jeta-e-Muhammedit-Cover.jpg","datePublished":"2013-10-03T15:29:01+00:00","dateModified":"2019-02-17T21:25:12+00:00","breadcrumb":{"@id":"https:\/\/www.ahmadiyya-islam.org\/al\/librat\/jeta-e-muhammedit-sa\/#breadcrumb"},"inLanguage":"sq-AL","potentialAction":[{"@type":"ReadAction","target":["https:\/\/www.ahmadiyya-islam.org\/al\/librat\/jeta-e-muhammedit-sa\/"]}]},{"@type":"ImageObject","inLanguage":"sq-AL","@id":"https:\/\/www.ahmadiyya-islam.org\/al\/librat\/jeta-e-muhammedit-sa\/#primaryimage","url":"https:\/\/www.ahmadiyya-islam.org\/al\/wp-content\/uploads\/sites\/3\/2015\/04\/AL-Book-jeta-e-Muhammedit-Cover.jpg","contentUrl":"https:\/\/www.ahmadiyya-islam.org\/al\/wp-content\/uploads\/sites\/3\/2015\/04\/AL-Book-jeta-e-Muhammedit-Cover.jpg","width":1200,"height":600,"caption":"Jeta"},{"@type":"BreadcrumbList","@id":"https:\/\/www.ahmadiyya-islam.org\/al\/librat\/jeta-e-muhammedit-sa\/#breadcrumb","itemListElement":[{"@type":"ListItem","position":1,"name":"Home","item":"https:\/\/www.ahmadiyya-islam.org\/al\/"},{"@type":"ListItem","position":2,"name":"Librat","item":"https:\/\/www.ahmadiyya-islam.org\/al\/librat\/"},{"@type":"ListItem","position":3,"name":"Jeta e Muhammedit (sa)"}]},{"@type":"WebSite","@id":"https:\/\/www.ahmadiyya-islam.org\/al\/#website","url":"https:\/\/www.ahmadiyya-islam.org\/al\/","name":"Xhemati Musliman Ahmedia","description":"Albania","potentialAction":[{"@type":"SearchAction","target":{"@type":"EntryPoint","urlTemplate":"https:\/\/www.ahmadiyya-islam.org\/al\/?s={search_term_string}"},"query-input":{"@type":"PropertyValueSpecification","valueRequired":true,"valueName":"search_term_string"}}],"inLanguage":"sq-AL"}]}},"_links":{"self":[{"href":"https:\/\/www.ahmadiyya-islam.org\/al\/wp-json\/wp\/v2\/books\/447","targetHints":{"allow":["GET"]}}],"collection":[{"href":"https:\/\/www.ahmadiyya-islam.org\/al\/wp-json\/wp\/v2\/books"}],"about":[{"href":"https:\/\/www.ahmadiyya-islam.org\/al\/wp-json\/wp\/v2\/types\/books"}],"version-history":[{"count":0,"href":"https:\/\/www.ahmadiyya-islam.org\/al\/wp-json\/wp\/v2\/books\/447\/revisions"}],"wp:featuredmedia":[{"embeddable":true,"href":"https:\/\/www.ahmadiyya-islam.org\/al\/wp-json\/wp\/v2\/media\/540"}],"wp:attachment":[{"href":"https:\/\/www.ahmadiyya-islam.org\/al\/wp-json\/wp\/v2\/media?parent=447"}],"wp:term":[{"taxonomy":"post_tag","embeddable":true,"href":"https:\/\/www.ahmadiyya-islam.org\/al\/wp-json\/wp\/v2\/tags?post=447"},{"taxonomy":"authors","embeddable":true,"href":"https:\/\/www.ahmadiyya-islam.org\/al\/wp-json\/wp\/v2\/authors?post=447"}],"curies":[{"name":"wp","href":"https:\/\/api.w.org\/{rel}","templated":true}]}}