{"id":3103,"date":"2015-08-26T08:58:59","date_gmt":"2015-08-26T08:58:59","guid":{"rendered":"http:\/\/www.ahmadiyya-islam.org\/al\/?post_type=books&#038;p=3103"},"modified":"2018-01-06T09:39:29","modified_gmt":"2018-01-06T09:39:29","slug":"xhemati-musliman-ahmedia-nje-paraqitje-e-shkurter","status":"publish","type":"books","link":"https:\/\/www.ahmadiyya-islam.org\/al\/librat\/xhemati-musliman-ahmedia-nje-paraqitje-e-shkurter\/","title":{"rendered":"Xhemati Musliman Ahmedia &#8211; nj\u00eb paraqitje e shkurt\u00ebr"},"content":{"rendered":"<p align=\"LEFT\"><span style=\"font-family: AGaramondPro-Semibold;font-size: x-large\">\u00c7<\/span><span style=\"font-family: AGaramondPro-Regular\">do dit\u00eb q\u00eb agon e rrit m\u00eb shum\u00eb kureshtjen e njer\u00ebzve se \u00e7far\u00eb <\/span>\u00ebsht\u00eb Xhemati Musliman Ahmedia e p\u00ebrse ai po p\u00ebrhapet n\u00eb mbar\u00eb bot\u00ebn? Cil\u00ebt jan\u00eb k\u00ebta njer\u00ebz q\u00eb flasin p\u00ebr Allahun, t\u00eb D\u00ebrguarin e <span style=\"font-family: AGaramondPro-Regular\">Tij, Muhammedin<\/span><sup><span style=\"font-family: AGaramondPro-Regular;font-size: xx-small\"><span style=\"font-family: AGaramondPro-Regular;font-size: xx-small\">sas<\/span><\/span><\/sup><span style=\"font-family: AGaramondPro-Regular\">, p\u00ebr fen\u00eb islame dhe p\u00ebr Imam Mehdiun<\/span><sup><span style=\"font-family: AGaramondPro-Regular;font-size: xx-small\"><span style=\"font-family: AGaramondPro-Regular;font-size: xx-small\">as <\/span><\/span><\/sup><span style=\"font-family: AGaramondPro-Regular\">me <\/span>aq dashuri e pasion? Ata pohojn\u00eb se jan\u00eb musliman\u00eb t\u00eb v\u00ebrtet\u00eb dhe<\/p>\n<p align=\"LEFT\">d\u00ebshmojn\u00eb jo vet\u00ebm me fjal\u00eb se Islami \u00ebsht\u00eb feja e paqes, e dashuris\u00eb dhe e harmonis\u00eb nd\u00ebrfetare, por edhe me vepra mbres\u00ebl\u00ebn\u00ebse. Kudo q\u00eb jetojn\u00eb, ata shquhen p\u00ebr bamir\u00ebsin\u00eb, humanizmin dhe qytetarin\u00eb shembullore q\u00eb tregojn\u00eb.<\/p>\n<p align=\"LEFT\">Kush e drejton k\u00ebt\u00eb bashk\u00ebsi dhe si udh\u00ebhiqet ajo? Cilat jan\u00eb burimet e tyre financiare p\u00ebr t\u00eb realizuar plane madh\u00ebshtore p\u00ebr ta p\u00ebrhapur Islamin n\u00eb mbar\u00eb bot\u00ebn? Nj\u00eb s\u00ebr\u00eb k\u00ebsisoj dyshimesh dhe pyetjesh, q\u00eb njer\u00ebzit i drejtojn\u00eb k\u00ebtij Xhemati, k\u00ebrkojn\u00eb sqarim dhe informacion t\u00eb mir\u00ebfillt\u00eb rreth Xhematit Musliman Ahmedia. Ndaj, kjo broshur\u00eb, sado e vog\u00ebl, \u00ebsht\u00eb nj\u00eb p\u00ebrpjekje modeste p\u00ebr t\u2019iu p\u00ebrgjigjur shkurtazi k\u00ebtyre pyetjeve.<\/p>\n<p>&nbsp;<\/p>\n","protected":false},"featured_media":3106,"parent":0,"template":"","tags":[],"authors":[],"class_list":["post-3103","books","type-books","status-publish","has-post-thumbnail","hentry","topics-imam-mehdiu-a-s","topics-mesihu-i-premtuar-a-s","topics-xhemati-musliman-ahmedia","book-types-broshura"],"acf":[],"yoast_head":"<!-- This site is optimized with the Yoast SEO Premium plugin v21.1 (Yoast SEO v27.4) - https:\/\/yoast.com\/product\/yoast-seo-premium-wordpress\/ -->\n<title>Xhemati Musliman Ahmedia - nj\u00eb paraqitje e shkurt\u00ebr<\/title>\n<meta name=\"robots\" content=\"index, follow, max-snippet:-1, max-image-preview:large, max-video-preview:-1\" \/>\n<link rel=\"canonical\" href=\"https:\/\/www.ahmadiyya-islam.org\/al\/librat\/xhemati-musliman-ahmedia-nje-paraqitje-e-shkurter\/\" \/>\n<meta property=\"og:locale\" content=\"sq_AL\" \/>\n<meta property=\"og:type\" content=\"article\" \/>\n<meta property=\"og:title\" content=\"Xhemati Musliman Ahmedia - nj\u00eb paraqitje e shkurt\u00ebr\" \/>\n<meta property=\"og:description\" content=\"\u00c7do dit\u00eb q\u00eb agon e rrit m\u00eb shum\u00eb kureshtjen e njer\u00ebzve se \u00e7far\u00eb \u00ebsht\u00eb Xhemati Musliman Ahmedia e p\u00ebrse ai po p\u00ebrhapet n\u00eb mbar\u00eb bot\u00ebn? Cil\u00ebt jan\u00eb k\u00ebta njer\u00ebz q\u00eb flasin p\u00ebr Allahun, t\u00eb D\u00ebrguarin e Tij, Muhammedinsas, p\u00ebr fen\u00eb islame dhe p\u00ebr Imam Mehdiunas me aq dashuri e pasion? Ata pohojn\u00eb se jan\u00eb musliman\u00eb\" \/>\n<meta property=\"og:url\" content=\"https:\/\/www.ahmadiyya-islam.org\/al\/librat\/xhemati-musliman-ahmedia-nje-paraqitje-e-shkurter\/\" \/>\n<meta property=\"og:site_name\" content=\"Xhemati Musliman Ahmedia\" \/>\n<meta property=\"article:modified_time\" content=\"2018-01-06T09:39:29+00:00\" \/>\n<meta property=\"og:image\" content=\"https:\/\/www.ahmadiyya-islam.org\/al\/wp-content\/uploads\/sites\/3\/2015\/08\/Nj\u00ebParaqitje.jpg\" \/>\n\t<meta property=\"og:image:width\" content=\"1200\" \/>\n\t<meta property=\"og:image:height\" content=\"600\" \/>\n\t<meta property=\"og:image:type\" content=\"image\/jpeg\" \/>\n<meta name=\"twitter:card\" content=\"summary_large_image\" \/>\n<meta name=\"twitter:label1\" content=\"Est. reading time\" \/>\n\t<meta name=\"twitter:data1\" content=\"1 minute\" \/>\n<script type=\"application\/ld+json\" class=\"yoast-schema-graph\">{\"@context\":\"https:\\\/\\\/schema.org\",\"@graph\":[{\"@type\":\"WebPage\",\"@id\":\"https:\\\/\\\/www.ahmadiyya-islam.org\\\/al\\\/librat\\\/xhemati-musliman-ahmedia-nje-paraqitje-e-shkurter\\\/\",\"url\":\"https:\\\/\\\/www.ahmadiyya-islam.org\\\/al\\\/librat\\\/xhemati-musliman-ahmedia-nje-paraqitje-e-shkurter\\\/\",\"name\":\"Xhemati Musliman Ahmedia - nj\u00eb paraqitje e shkurt\u00ebr\",\"isPartOf\":{\"@id\":\"https:\\\/\\\/www.ahmadiyya-islam.org\\\/al\\\/#website\"},\"primaryImageOfPage\":{\"@id\":\"https:\\\/\\\/www.ahmadiyya-islam.org\\\/al\\\/librat\\\/xhemati-musliman-ahmedia-nje-paraqitje-e-shkurter\\\/#primaryimage\"},\"image\":{\"@id\":\"https:\\\/\\\/www.ahmadiyya-islam.org\\\/al\\\/librat\\\/xhemati-musliman-ahmedia-nje-paraqitje-e-shkurter\\\/#primaryimage\"},\"thumbnailUrl\":\"https:\\\/\\\/www.ahmadiyya-islam.org\\\/al\\\/wp-content\\\/uploads\\\/sites\\\/3\\\/2015\\\/08\\\/Nj\u00ebParaqitje.jpg\",\"datePublished\":\"2015-08-26T08:58:59+00:00\",\"dateModified\":\"2018-01-06T09:39:29+00:00\",\"breadcrumb\":{\"@id\":\"https:\\\/\\\/www.ahmadiyya-islam.org\\\/al\\\/librat\\\/xhemati-musliman-ahmedia-nje-paraqitje-e-shkurter\\\/#breadcrumb\"},\"inLanguage\":\"sq-AL\",\"potentialAction\":[{\"@type\":\"ReadAction\",\"target\":[\"https:\\\/\\\/www.ahmadiyya-islam.org\\\/al\\\/librat\\\/xhemati-musliman-ahmedia-nje-paraqitje-e-shkurter\\\/\"]}]},{\"@type\":\"ImageObject\",\"inLanguage\":\"sq-AL\",\"@id\":\"https:\\\/\\\/www.ahmadiyya-islam.org\\\/al\\\/librat\\\/xhemati-musliman-ahmedia-nje-paraqitje-e-shkurter\\\/#primaryimage\",\"url\":\"https:\\\/\\\/www.ahmadiyya-islam.org\\\/al\\\/wp-content\\\/uploads\\\/sites\\\/3\\\/2015\\\/08\\\/Nj\u00ebParaqitje.jpg\",\"contentUrl\":\"https:\\\/\\\/www.ahmadiyya-islam.org\\\/al\\\/wp-content\\\/uploads\\\/sites\\\/3\\\/2015\\\/08\\\/Nj\u00ebParaqitje.jpg\",\"width\":1200,\"height\":600},{\"@type\":\"BreadcrumbList\",\"@id\":\"https:\\\/\\\/www.ahmadiyya-islam.org\\\/al\\\/librat\\\/xhemati-musliman-ahmedia-nje-paraqitje-e-shkurter\\\/#breadcrumb\",\"itemListElement\":[{\"@type\":\"ListItem\",\"position\":1,\"name\":\"Home\",\"item\":\"https:\\\/\\\/www.ahmadiyya-islam.org\\\/al\\\/\"},{\"@type\":\"ListItem\",\"position\":2,\"name\":\"Librat\",\"item\":\"https:\\\/\\\/www.ahmadiyya-islam.org\\\/al\\\/librat\\\/\"},{\"@type\":\"ListItem\",\"position\":3,\"name\":\"Xhemati Musliman Ahmedia &#8211; nj\u00eb paraqitje e shkurt\u00ebr\"}]},{\"@type\":\"WebSite\",\"@id\":\"https:\\\/\\\/www.ahmadiyya-islam.org\\\/al\\\/#website\",\"url\":\"https:\\\/\\\/www.ahmadiyya-islam.org\\\/al\\\/\",\"name\":\"Xhemati Musliman Ahmedia\",\"description\":\"Albania\",\"potentialAction\":[{\"@type\":\"SearchAction\",\"target\":{\"@type\":\"EntryPoint\",\"urlTemplate\":\"https:\\\/\\\/www.ahmadiyya-islam.org\\\/al\\\/?s={search_term_string}\"},\"query-input\":{\"@type\":\"PropertyValueSpecification\",\"valueRequired\":true,\"valueName\":\"search_term_string\"}}],\"inLanguage\":\"sq-AL\"}]}<\/script>\n<!-- \/ Yoast SEO Premium plugin. -->","yoast_head_json":{"title":"Xhemati Musliman Ahmedia - nj\u00eb paraqitje e shkurt\u00ebr","robots":{"index":"index","follow":"follow","max-snippet":"max-snippet:-1","max-image-preview":"max-image-preview:large","max-video-preview":"max-video-preview:-1"},"canonical":"https:\/\/www.ahmadiyya-islam.org\/al\/librat\/xhemati-musliman-ahmedia-nje-paraqitje-e-shkurter\/","og_locale":"sq_AL","og_type":"article","og_title":"Xhemati Musliman Ahmedia - nj\u00eb paraqitje e shkurt\u00ebr","og_description":"\u00c7do dit\u00eb q\u00eb agon e rrit m\u00eb shum\u00eb kureshtjen e njer\u00ebzve se \u00e7far\u00eb \u00ebsht\u00eb Xhemati Musliman Ahmedia e p\u00ebrse ai po p\u00ebrhapet n\u00eb mbar\u00eb bot\u00ebn? Cil\u00ebt jan\u00eb k\u00ebta njer\u00ebz q\u00eb flasin p\u00ebr Allahun, t\u00eb D\u00ebrguarin e Tij, Muhammedinsas, p\u00ebr fen\u00eb islame dhe p\u00ebr Imam Mehdiunas me aq dashuri e pasion? Ata pohojn\u00eb se jan\u00eb musliman\u00eb","og_url":"https:\/\/www.ahmadiyya-islam.org\/al\/librat\/xhemati-musliman-ahmedia-nje-paraqitje-e-shkurter\/","og_site_name":"Xhemati Musliman Ahmedia","article_modified_time":"2018-01-06T09:39:29+00:00","og_image":[{"width":1200,"height":600,"url":"https:\/\/www.ahmadiyya-islam.org\/al\/wp-content\/uploads\/sites\/3\/2015\/08\/Nj\u00ebParaqitje.jpg","type":"image\/jpeg"}],"twitter_card":"summary_large_image","twitter_misc":{"Est. reading time":"1 minute"},"schema":{"@context":"https:\/\/schema.org","@graph":[{"@type":"WebPage","@id":"https:\/\/www.ahmadiyya-islam.org\/al\/librat\/xhemati-musliman-ahmedia-nje-paraqitje-e-shkurter\/","url":"https:\/\/www.ahmadiyya-islam.org\/al\/librat\/xhemati-musliman-ahmedia-nje-paraqitje-e-shkurter\/","name":"Xhemati Musliman Ahmedia - nj\u00eb paraqitje e shkurt\u00ebr","isPartOf":{"@id":"https:\/\/www.ahmadiyya-islam.org\/al\/#website"},"primaryImageOfPage":{"@id":"https:\/\/www.ahmadiyya-islam.org\/al\/librat\/xhemati-musliman-ahmedia-nje-paraqitje-e-shkurter\/#primaryimage"},"image":{"@id":"https:\/\/www.ahmadiyya-islam.org\/al\/librat\/xhemati-musliman-ahmedia-nje-paraqitje-e-shkurter\/#primaryimage"},"thumbnailUrl":"https:\/\/www.ahmadiyya-islam.org\/al\/wp-content\/uploads\/sites\/3\/2015\/08\/Nj\u00ebParaqitje.jpg","datePublished":"2015-08-26T08:58:59+00:00","dateModified":"2018-01-06T09:39:29+00:00","breadcrumb":{"@id":"https:\/\/www.ahmadiyya-islam.org\/al\/librat\/xhemati-musliman-ahmedia-nje-paraqitje-e-shkurter\/#breadcrumb"},"inLanguage":"sq-AL","potentialAction":[{"@type":"ReadAction","target":["https:\/\/www.ahmadiyya-islam.org\/al\/librat\/xhemati-musliman-ahmedia-nje-paraqitje-e-shkurter\/"]}]},{"@type":"ImageObject","inLanguage":"sq-AL","@id":"https:\/\/www.ahmadiyya-islam.org\/al\/librat\/xhemati-musliman-ahmedia-nje-paraqitje-e-shkurter\/#primaryimage","url":"https:\/\/www.ahmadiyya-islam.org\/al\/wp-content\/uploads\/sites\/3\/2015\/08\/Nj\u00ebParaqitje.jpg","contentUrl":"https:\/\/www.ahmadiyya-islam.org\/al\/wp-content\/uploads\/sites\/3\/2015\/08\/Nj\u00ebParaqitje.jpg","width":1200,"height":600},{"@type":"BreadcrumbList","@id":"https:\/\/www.ahmadiyya-islam.org\/al\/librat\/xhemati-musliman-ahmedia-nje-paraqitje-e-shkurter\/#breadcrumb","itemListElement":[{"@type":"ListItem","position":1,"name":"Home","item":"https:\/\/www.ahmadiyya-islam.org\/al\/"},{"@type":"ListItem","position":2,"name":"Librat","item":"https:\/\/www.ahmadiyya-islam.org\/al\/librat\/"},{"@type":"ListItem","position":3,"name":"Xhemati Musliman Ahmedia &#8211; nj\u00eb paraqitje e shkurt\u00ebr"}]},{"@type":"WebSite","@id":"https:\/\/www.ahmadiyya-islam.org\/al\/#website","url":"https:\/\/www.ahmadiyya-islam.org\/al\/","name":"Xhemati Musliman Ahmedia","description":"Albania","potentialAction":[{"@type":"SearchAction","target":{"@type":"EntryPoint","urlTemplate":"https:\/\/www.ahmadiyya-islam.org\/al\/?s={search_term_string}"},"query-input":{"@type":"PropertyValueSpecification","valueRequired":true,"valueName":"search_term_string"}}],"inLanguage":"sq-AL"}]}},"_links":{"self":[{"href":"https:\/\/www.ahmadiyya-islam.org\/al\/wp-json\/wp\/v2\/books\/3103","targetHints":{"allow":["GET"]}}],"collection":[{"href":"https:\/\/www.ahmadiyya-islam.org\/al\/wp-json\/wp\/v2\/books"}],"about":[{"href":"https:\/\/www.ahmadiyya-islam.org\/al\/wp-json\/wp\/v2\/types\/books"}],"version-history":[{"count":0,"href":"https:\/\/www.ahmadiyya-islam.org\/al\/wp-json\/wp\/v2\/books\/3103\/revisions"}],"wp:featuredmedia":[{"embeddable":true,"href":"https:\/\/www.ahmadiyya-islam.org\/al\/wp-json\/wp\/v2\/media\/3106"}],"wp:attachment":[{"href":"https:\/\/www.ahmadiyya-islam.org\/al\/wp-json\/wp\/v2\/media?parent=3103"}],"wp:term":[{"taxonomy":"post_tag","embeddable":true,"href":"https:\/\/www.ahmadiyya-islam.org\/al\/wp-json\/wp\/v2\/tags?post=3103"},{"taxonomy":"authors","embeddable":true,"href":"https:\/\/www.ahmadiyya-islam.org\/al\/wp-json\/wp\/v2\/authors?post=3103"}],"curies":[{"name":"wp","href":"https:\/\/api.w.org\/{rel}","templated":true}]}}